{"id":6944,"date":"2013-10-22T08:10:02","date_gmt":"2013-10-22T08:10:02","guid":{"rendered":"http:\/\/www.europa-prefabri.com\/portfolio-item\/construccion-2\/"},"modified":"2021-06-14T12:32:45","modified_gmt":"2021-06-14T10:32:45","slug":"construccion","status":"publish","type":"portfolio","link":"https:\/\/www.europa-prefabri.com\/fr\/portfolio-item\/construccion\/","title":{"rendered":"Construction"},"content":{"rendered":"<div  class='flex_column av-av_one_third-2a9015ff38129c418a3f2eafba3e9512 av_one_third  avia-builder-el-0  el_before_av_two_third  avia-builder-el-first  first flex_column_div  '     ><section  class='av_textblock_section av-av_textblock-2de302bf1aa3cf4c9157dbe6f50ac7eb '   itemscope=\"itemscope\" itemtype=\"https:\/\/schema.org\/CreativeWork\" ><div class='avia_textblock'  itemprop=\"text\" ><p><strong>Europa Prefabri<\/strong> est une entreprise leader dans le service aux entreprises du secteur de la construction depuis 20 ans et nous continuons d\u2019offrir nos services avec le plus grand professionnalisme.<\/p>\n<ul>\n<li>Vente de bureaux de chantier et ensembles modulaires pour une utilisation comme bureaux, vestiaires, toilettes, cantines, conteneur de stockage, dortoirs, etc.<\/li>\n<li>Autres produits compl\u00e9mentaires disponibles \u00e0 la vente comme des cl\u00f4tures, conteneur de stockage, gu\u00e9rites de s\u00e9curit\u00e9 et sanitaires mobiles.<\/li>\n<li>Service de transport et installation inclus.<\/li>\n<li>Fabrication de modules pr\u00e9fabriqu\u00e9s et constructions modulaires dessin\u00e9s sur mesure gr\u00e2ce \u00e0 diff\u00e9rents syst\u00e8mes industrialis\u00e9s.<\/li>\n<\/ul>\n<\/div><\/section><\/div>\n\n<style type=\"text\/css\" data-created_by=\"avia_inline_auto\" id=\"style-css-av-av_two_third-c8fc129dc35fd1ae2a1e410224d39ea8\">\n.flex_column.av-av_two_third-c8fc129dc35fd1ae2a1e410224d39ea8{\nborder-radius:0px 0px 0px 0px;\npadding:0px 0px 0px 0px;\n}\n<\/style>\n<div  class='flex_column av-av_two_third-c8fc129dc35fd1ae2a1e410224d39ea8 av_two_third  avia-builder-el-2  el_after_av_one_third  avia-builder-el-last  flex_column_div av-zero-column-padding  '     ><p><div id='av-masonry-1' class='av-masonry av-av_masonry_gallery-920d38defc2a6384596c5498ae7c3eb4 noHover av-fixed-size av-1px-gap av-hover-overlay-active av-masonry-animation-active av-masonry-col-5 av-caption-always av-caption-style- av-masonry-gallery ' data-post_id=\"6944\"><div class=\"av-masonry-container isotope av-js-disabled\"><div class='av-masonry-entry isotope-item av-masonry-item-no-image '><\/div><a href=\"https:\/\/www.europa-prefabri.com\/wp-content\/uploads\/112-1030x7722-1030x772.jpg\" data-srcset=\"https:\/\/www.europa-prefabri.com\/wp-content\/uploads\/112-1030x7722.jpg 1030w, https:\/\/www.europa-prefabri.com\/wp-content\/uploads\/112-1030x7722-300x225.jpg 300w, https:\/\/www.europa-prefabri.com\/wp-content\/uploads\/112-1030x7722-705x528.jpg 705w, https:\/\/www.europa-prefabri.com\/wp-content\/uploads\/112-1030x7722-450x337.jpg 450w\" data-sizes=\"(max-width: 1030px) 100vw, 1030px\"  aria-label=\"image 112-1030&#215;772\"  id='av-masonry-1-item-7276' data-av-masonry-item='7276' class='av-masonry-entry isotope-item post-7276 attachment type-attachment status-inherit hentry  av-masonry-item-with-image' title=\"112-1030&#215;772\" alt=\"\"    itemprop=\"thumbnailUrl\" ><div class='av-inner-masonry-sizer'><\/div><figure class='av-inner-masonry main_color'><div class=\"av-masonry-outerimage-container\"><div class='av-masonry-image-container' style=\"background-image: url(https:\/\/www.europa-prefabri.com\/wp-content\/uploads\/112-1030x7722-705x528.jpg);\"  title=\"112-1030&#215;772\" ><\/div><\/div><\/figure><\/a><!--end av-masonry entry--><a href=\"https:\/\/www.europa-prefabri.com\/wp-content\/uploads\/456_492224717515970_382625083_n2.jpg\" data-srcset=\"https:\/\/www.europa-prefabri.com\/wp-content\/uploads\/456_492224717515970_382625083_n2.jpg 800w, https:\/\/www.europa-prefabri.com\/wp-content\/uploads\/456_492224717515970_382625083_n2-300x225.jpg 300w, https:\/\/www.europa-prefabri.com\/wp-content\/uploads\/456_492224717515970_382625083_n2-705x529.jpg 705w, https:\/\/www.europa-prefabri.com\/wp-content\/uploads\/456_492224717515970_382625083_n2-450x338.jpg 450w\" data-sizes=\"(max-width: 800px) 100vw, 800px\"  aria-label=\"image 456_492224717515970_382625083_n\"  id='av-masonry-1-item-7279' data-av-masonry-item='7279' class='av-masonry-entry isotope-item post-7279 attachment type-attachment status-inherit hentry  av-masonry-item-with-image' title=\"456_492224717515970_382625083_n\" alt=\"\"    itemprop=\"thumbnailUrl\" ><div class='av-inner-masonry-sizer'><\/div><figure class='av-inner-masonry main_color'><div class=\"av-masonry-outerimage-container\"><div class='av-masonry-image-container' style=\"background-image: url(https:\/\/www.europa-prefabri.com\/wp-content\/uploads\/456_492224717515970_382625083_n2-705x529.jpg);\"  title=\"456_492224717515970_382625083_n\" ><\/div><\/div><\/figure><\/a><!--end av-masonry entry--><a href=\"https:\/\/www.europa-prefabri.com\/wp-content\/uploads\/120120091551_800x6002.jpg\" data-srcset=\"https:\/\/www.europa-prefabri.com\/wp-content\/uploads\/120120091551_800x6002.jpg 800w, https:\/\/www.europa-prefabri.com\/wp-content\/uploads\/120120091551_800x6002-300x225.jpg 300w, https:\/\/www.europa-prefabri.com\/wp-content\/uploads\/120120091551_800x6002-705x529.jpg 705w, https:\/\/www.europa-prefabri.com\/wp-content\/uploads\/120120091551_800x6002-450x338.jpg 450w\" data-sizes=\"(max-width: 800px) 100vw, 800px\"  aria-label=\"image 120120091551_800x600\"  id='av-masonry-1-item-7291' data-av-masonry-item='7291' class='av-masonry-entry isotope-item post-7291 attachment type-attachment status-inherit hentry  av-masonry-item-with-image' title=\"120120091551_800x600\" alt=\"\"    itemprop=\"thumbnailUrl\" ><div class='av-inner-masonry-sizer'><\/div><figure class='av-inner-masonry main_color'><div class=\"av-masonry-outerimage-container\"><div class='av-masonry-image-container' style=\"background-image: url(https:\/\/www.europa-prefabri.com\/wp-content\/uploads\/120120091551_800x6002-705x529.jpg);\"  title=\"120120091551_800x600\" ><\/div><\/div><\/figure><\/a><!--end av-masonry entry--><a href=\"https:\/\/www.europa-prefabri.com\/wp-content\/uploads\/120120091554_800x60012.jpg\" data-srcset=\"https:\/\/www.europa-prefabri.com\/wp-content\/uploads\/120120091554_800x60012.jpg 800w, https:\/\/www.europa-prefabri.com\/wp-content\/uploads\/120120091554_800x60012-300x225.jpg 300w, https:\/\/www.europa-prefabri.com\/wp-content\/uploads\/120120091554_800x60012-705x529.jpg 705w, https:\/\/www.europa-prefabri.com\/wp-content\/uploads\/120120091554_800x60012-450x338.jpg 450w\" data-sizes=\"(max-width: 800px) 100vw, 800px\"  aria-label=\"image 120120091554_800x6001\"  id='av-masonry-1-item-7294' data-av-masonry-item='7294' class='av-masonry-entry isotope-item post-7294 attachment type-attachment status-inherit hentry  av-masonry-item-with-image' title=\"120120091554_800x6001\" alt=\"\"    itemprop=\"thumbnailUrl\" ><div class='av-inner-masonry-sizer'><\/div><figure class='av-inner-masonry main_color'><div class=\"av-masonry-outerimage-container\"><div class='av-masonry-image-container' style=\"background-image: url(https:\/\/www.europa-prefabri.com\/wp-content\/uploads\/120120091554_800x60012-705x529.jpg);\"  title=\"120120091554_800x6001\" ><\/div><\/div><\/figure><\/a><!--end av-masonry entry--><a href=\"https:\/\/www.europa-prefabri.com\/wp-content\/uploads\/Caseta-prefabricada-evento2.jpg\" data-srcset=\"https:\/\/www.europa-prefabri.com\/wp-content\/uploads\/Caseta-prefabricada-evento2.jpg 1024w, https:\/\/www.europa-prefabri.com\/wp-content\/uploads\/Caseta-prefabricada-evento2-300x225.jpg 300w, https:\/\/www.europa-prefabri.com\/wp-content\/uploads\/Caseta-prefabricada-evento2-705x529.jpg 705w, https:\/\/www.europa-prefabri.com\/wp-content\/uploads\/Caseta-prefabricada-evento2-450x338.jpg 450w\" data-sizes=\"(max-width: 1024px) 100vw, 1024px\"  aria-label=\"image Caseta-prefabricada-evento\"  id='av-masonry-1-item-7297' data-av-masonry-item='7297' class='av-masonry-entry isotope-item post-7297 attachment type-attachment status-inherit hentry  av-masonry-item-with-image' title=\"Caseta-prefabricada-evento\" alt=\"\"    itemprop=\"thumbnailUrl\" ><div class='av-inner-masonry-sizer'><\/div><figure class='av-inner-masonry main_color'><div class=\"av-masonry-outerimage-container\"><div class='av-masonry-image-container' style=\"background-image: url(https:\/\/www.europa-prefabri.com\/wp-content\/uploads\/Caseta-prefabricada-evento2-705x529.jpg);\"  title=\"Caseta-prefabricada-evento\" ><\/div><\/div><\/figure><\/a><!--end av-masonry entry--><a href=\"https:\/\/www.europa-prefabri.com\/wp-content\/uploads\/oculta3.jpg\" data-srcset=\"https:\/\/www.europa-prefabri.com\/wp-content\/uploads\/oculta3.jpg 400w, https:\/\/www.europa-prefabri.com\/wp-content\/uploads\/oculta3-300x225.jpg 300w\" data-sizes=\"(max-width: 400px) 100vw, 400px\"  aria-label=\"image oculta\"  id='av-masonry-1-item-7312' data-av-masonry-item='7312' class='av-masonry-entry isotope-item post-7312 attachment type-attachment status-inherit hentry  av-masonry-item-with-image' title=\"oculta\" alt=\"\"    itemprop=\"thumbnailUrl\" ><div class='av-inner-masonry-sizer'><\/div><figure class='av-inner-masonry main_color'><div class=\"av-masonry-outerimage-container\"><div class='av-masonry-image-container' style=\"background-image: url(https:\/\/www.europa-prefabri.com\/wp-content\/uploads\/oculta3.jpg);\"  title=\"oculta\" ><\/div><\/div><\/figure><\/a><!--end av-masonry entry--><a href=\"https:\/\/www.europa-prefabri.com\/wp-content\/uploads\/prefabricated-bank2.jpg\" data-srcset=\"https:\/\/www.europa-prefabri.com\/wp-content\/uploads\/prefabricated-bank2.jpg 800w, https:\/\/www.europa-prefabri.com\/wp-content\/uploads\/prefabricated-bank2-300x225.jpg 300w, https:\/\/www.europa-prefabri.com\/wp-content\/uploads\/prefabricated-bank2-705x529.jpg 705w, https:\/\/www.europa-prefabri.com\/wp-content\/uploads\/prefabricated-bank2-450x338.jpg 450w\" data-sizes=\"(max-width: 800px) 100vw, 800px\"  aria-label=\"image OLYMPUS DIGITAL CAMERA\"  id='av-masonry-1-item-7315' data-av-masonry-item='7315' class='av-masonry-entry isotope-item post-7315 attachment type-attachment status-inherit hentry  av-masonry-item-with-image' title=\"OLYMPUS DIGITAL CAMERA\" alt=\"\"    itemprop=\"thumbnailUrl\" ><div class='av-inner-masonry-sizer'><\/div><figure class='av-inner-masonry main_color'><div class=\"av-masonry-outerimage-container\"><div class='av-masonry-image-container' style=\"background-image: url(https:\/\/www.europa-prefabri.com\/wp-content\/uploads\/prefabricated-bank2-705x529.jpg);\"  title=\"OLYMPUS DIGITAL CAMERA\" ><\/div><\/div><\/figure><\/a><!--end av-masonry entry--><a href=\"https:\/\/www.europa-prefabri.com\/wp-content\/uploads\/Portable-Toilets-1030x689.jpg\" data-srcset=\"https:\/\/www.europa-prefabri.com\/wp-content\/uploads\/Portable-Toilets.jpg 1030w, https:\/\/www.europa-prefabri.com\/wp-content\/uploads\/Portable-Toilets-300x201.jpg 300w, https:\/\/www.europa-prefabri.com\/wp-content\/uploads\/Portable-Toilets-705x472.jpg 705w, https:\/\/www.europa-prefabri.com\/wp-content\/uploads\/Portable-Toilets-450x301.jpg 450w\" data-sizes=\"(max-width: 1030px) 100vw, 1030px\"  aria-label=\"image Portable Toilets\"  id='av-masonry-1-item-7255' data-av-masonry-item='7255' class='av-masonry-entry isotope-item post-7255 attachment type-attachment status-inherit hentry  av-masonry-item-with-image' title=\"Portable Toilets\" alt=\"\"    itemprop=\"thumbnailUrl\" ><div class='av-inner-masonry-sizer'><\/div><figure class='av-inner-masonry main_color'><div class=\"av-masonry-outerimage-container\"><div class='av-masonry-image-container' style=\"background-image: url(https:\/\/www.europa-prefabri.com\/wp-content\/uploads\/Portable-Toilets-705x472.jpg);\"  title=\"Portable Toilets\" ><\/div><\/div><\/figure><\/a><!--end av-masonry entry--><a href=\"https:\/\/www.europa-prefabri.com\/wp-content\/uploads\/DSC_00680072_800x5362.jpg\" data-srcset=\"https:\/\/www.europa-prefabri.com\/wp-content\/uploads\/DSC_00680072_800x5362.jpg 800w, https:\/\/www.europa-prefabri.com\/wp-content\/uploads\/DSC_00680072_800x5362-300x201.jpg 300w, https:\/\/www.europa-prefabri.com\/wp-content\/uploads\/DSC_00680072_800x5362-705x472.jpg 705w, https:\/\/www.europa-prefabri.com\/wp-content\/uploads\/DSC_00680072_800x5362-450x302.jpg 450w\" data-sizes=\"(max-width: 800px) 100vw, 800px\"  aria-label=\"image DSC_00680072_800x536\"  id='av-masonry-1-item-7240' data-av-masonry-item='7240' class='av-masonry-entry isotope-item post-7240 attachment type-attachment status-inherit hentry  av-masonry-item-with-image' title=\"DSC_00680072_800x536\" alt=\"\"    itemprop=\"thumbnailUrl\" ><div class='av-inner-masonry-sizer'><\/div><figure class='av-inner-masonry main_color'><div class=\"av-masonry-outerimage-container\"><div class='av-masonry-image-container' style=\"background-image: url(https:\/\/www.europa-prefabri.com\/wp-content\/uploads\/DSC_00680072_800x5362-705x472.jpg);\"  title=\"DSC_00680072_800x536\" ><\/div><\/div><\/figure><\/a><!--end av-masonry entry--><a href=\"https:\/\/www.europa-prefabri.com\/wp-content\/uploads\/europa-prefabri-modulos-aislados-modulo-aislado-c5-con-aire-acondicionado-643786-FGR.jpg\" data-srcset=\"https:\/\/www.europa-prefabri.com\/wp-content\/uploads\/europa-prefabri-modulos-aislados-modulo-aislado-c5-con-aire-acondicionado-643786-FGR.jpg 533w, https:\/\/www.europa-prefabri.com\/wp-content\/uploads\/europa-prefabri-modulos-aislados-modulo-aislado-c5-con-aire-acondicionado-643786-FGR-300x225.jpg 300w, https:\/\/www.europa-prefabri.com\/wp-content\/uploads\/europa-prefabri-modulos-aislados-modulo-aislado-c5-con-aire-acondicionado-643786-FGR-450x338.jpg 450w\" data-sizes=\"(max-width: 533px) 100vw, 533px\"  aria-label=\"image europa-prefabri-modulos-aislados-modulo-aislado-c5-con-aire-acondicionado-643786-FGR\"  id='av-masonry-1-item-6963' data-av-masonry-item='6963' class='av-masonry-entry isotope-item post-6963 attachment type-attachment status-inherit hentry  av-masonry-item-with-image' title=\"europa-prefabri-modulos-aislados-modulo-aislado-c5-con-aire-acondicionado-643786-FGR\" alt=\"\"    itemprop=\"thumbnailUrl\" ><div class='av-inner-masonry-sizer'><\/div><figure class='av-inner-masonry main_color'><div class=\"av-masonry-outerimage-container\"><div class='av-masonry-image-container' style=\"background-image: url(https:\/\/www.europa-prefabri.com\/wp-content\/uploads\/europa-prefabri-modulos-aislados-modulo-aislado-c5-con-aire-acondicionado-643786-FGR.jpg);\"  title=\"europa-prefabri-modulos-aislados-modulo-aislado-c5-con-aire-acondicionado-643786-FGR\" ><\/div><\/div><\/figure><\/a><!--end av-masonry entry--><a href=\"https:\/\/www.europa-prefabri.com\/wp-content\/uploads\/Conjunto-Modular-Malaga-01.jpg\" data-srcset=\"https:\/\/www.europa-prefabri.com\/wp-content\/uploads\/Conjunto-Modular-Malaga-01.jpg 800w, https:\/\/www.europa-prefabri.com\/wp-content\/uploads\/Conjunto-Modular-Malaga-01-768x576.jpg 768w, https:\/\/www.europa-prefabri.com\/wp-content\/uploads\/Conjunto-Modular-Malaga-01-705x529.jpg 705w, https:\/\/www.europa-prefabri.com\/wp-content\/uploads\/Conjunto-Modular-Malaga-01-450x338.jpg 450w\" data-sizes=\"(max-width: 800px) 100vw, 800px\"  aria-label=\"image Conjunto-Modular-Malaga-01\"  id='av-masonry-1-item-29676' data-av-masonry-item='29676' class='av-masonry-entry isotope-item post-29676 attachment type-attachment status-inherit hentry  av-masonry-item-with-image' title=\"Conjunto-Modular-Malaga-01\" alt=\"conjunto-modular\"    itemprop=\"thumbnailUrl\" ><div class='av-inner-masonry-sizer'><\/div><figure class='av-inner-masonry main_color'><div class=\"av-masonry-outerimage-container\"><div class='av-masonry-image-container' style=\"background-image: url(https:\/\/www.europa-prefabri.com\/wp-content\/uploads\/Conjunto-Modular-Malaga-01-705x529.jpg);\"  title=\"Conjunto-Modular-Malaga-01\" ><\/div><\/div><\/figure><\/a><!--end av-masonry entry--><a href=\"https:\/\/www.europa-prefabri.com\/wp-content\/uploads\/conjunto-modular-Angulema-Francia-01.jpg\" data-srcset=\"https:\/\/www.europa-prefabri.com\/wp-content\/uploads\/conjunto-modular-Angulema-Francia-01.jpg 640w, https:\/\/www.europa-prefabri.com\/wp-content\/uploads\/conjunto-modular-Angulema-Francia-01-300x198.jpg 300w, https:\/\/www.europa-prefabri.com\/wp-content\/uploads\/conjunto-modular-Angulema-Francia-01-450x297.jpg 450w\" data-sizes=\"(max-width: 640px) 100vw, 640px\"  aria-label=\"image conjunto-modular-Angulema-Francia-01\"  id='av-masonry-1-item-25055' data-av-masonry-item='25055' class='av-masonry-entry isotope-item post-25055 attachment type-attachment status-inherit hentry  av-masonry-item-with-image' title=\"conjunto-modular-Angulema-Francia-01\" alt=\"bureaux de chantier modulaire\"    itemprop=\"thumbnailUrl\" ><div class='av-inner-masonry-sizer'><\/div><figure class='av-inner-masonry main_color'><div class=\"av-masonry-outerimage-container\"><div class='av-masonry-image-container' style=\"background-image: url(https:\/\/www.europa-prefabri.com\/wp-content\/uploads\/conjunto-modular-Angulema-Francia-01.jpg);\"  title=\"conjunto-modular-Angulema-Francia-01\" ><\/div><\/div><\/figure><\/a><!--end av-masonry entry--><a href=\"https:\/\/www.europa-prefabri.com\/wp-content\/uploads\/construccion-modular-francia-1-1030x600.jpg\" data-srcset=\"https:\/\/www.europa-prefabri.com\/wp-content\/uploads\/construccion-modular-francia-1-1030x600.jpg 1030w, https:\/\/www.europa-prefabri.com\/wp-content\/uploads\/construccion-modular-francia-1-300x175.jpg 300w, https:\/\/www.europa-prefabri.com\/wp-content\/uploads\/construccion-modular-francia-1-768x448.jpg 768w, https:\/\/www.europa-prefabri.com\/wp-content\/uploads\/construccion-modular-francia-1-705x411.jpg 705w, https:\/\/www.europa-prefabri.com\/wp-content\/uploads\/construccion-modular-francia-1-450x262.jpg 450w, https:\/\/www.europa-prefabri.com\/wp-content\/uploads\/construccion-modular-francia-1.jpg 1100w\" data-sizes=\"(max-width: 1030px) 100vw, 1030px\"  aria-label=\"image construccion-modular-francia\"  id='av-masonry-1-item-25013' data-av-masonry-item='25013' class='av-masonry-entry isotope-item post-25013 attachment type-attachment status-inherit hentry  av-masonry-item-with-image' title=\"construccion-modular-francia\" alt=\"espace de vente modulaire\"    itemprop=\"thumbnailUrl\" ><div class='av-inner-masonry-sizer'><\/div><figure class='av-inner-masonry main_color'><div class=\"av-masonry-outerimage-container\"><div class='av-masonry-image-container' style=\"background-image: url(https:\/\/www.europa-prefabri.com\/wp-content\/uploads\/construccion-modular-francia-1-705x411.jpg);\"  title=\"construccion-modular-francia\" ><\/div><\/div><\/figure><\/a><!--end av-masonry entry--><a href=\"https:\/\/www.europa-prefabri.com\/wp-content\/uploads\/modulos-prefabricados-de-la-central-nuclear-de-cofrentes-05.jpg\" data-srcset=\"https:\/\/www.europa-prefabri.com\/wp-content\/uploads\/modulos-prefabricados-de-la-central-nuclear-de-cofrentes-05.jpg 800w, https:\/\/www.europa-prefabri.com\/wp-content\/uploads\/modulos-prefabricados-de-la-central-nuclear-de-cofrentes-05-300x225.jpg 300w, https:\/\/www.europa-prefabri.com\/wp-content\/uploads\/modulos-prefabricados-de-la-central-nuclear-de-cofrentes-05-768x576.jpg 768w, https:\/\/www.europa-prefabri.com\/wp-content\/uploads\/modulos-prefabricados-de-la-central-nuclear-de-cofrentes-05-705x529.jpg 705w, https:\/\/www.europa-prefabri.com\/wp-content\/uploads\/modulos-prefabricados-de-la-central-nuclear-de-cofrentes-05-450x338.jpg 450w\" data-sizes=\"(max-width: 800px) 100vw, 800px\"  aria-label=\"image modulos prefabricados de la central nuclear de cofrentes 05\"  id='av-masonry-1-item-19604' data-av-masonry-item='19604' class='av-masonry-entry isotope-item post-19604 attachment type-attachment status-inherit hentry  av-masonry-item-with-image' title=\"modulos prefabricados de la central nuclear de cofrentes 05\" alt=\"\"    itemprop=\"thumbnailUrl\" ><div class='av-inner-masonry-sizer'><\/div><figure class='av-inner-masonry main_color'><div class=\"av-masonry-outerimage-container\"><div class='av-masonry-image-container' style=\"background-image: url(https:\/\/www.europa-prefabri.com\/wp-content\/uploads\/modulos-prefabricados-de-la-central-nuclear-de-cofrentes-05-705x529.jpg);\"  title=\"modulos prefabricados de la central nuclear de cofrentes 05\" ><\/div><\/div><\/figure><\/a><!--end av-masonry entry--><a href=\"https:\/\/www.europa-prefabri.com\/wp-content\/uploads\/modulos-prefabricados-de-la-central-nuclear-de-cofrentes-04.jpg\" data-srcset=\"https:\/\/www.europa-prefabri.com\/wp-content\/uploads\/modulos-prefabricados-de-la-central-nuclear-de-cofrentes-04.jpg 800w, https:\/\/www.europa-prefabri.com\/wp-content\/uploads\/modulos-prefabricados-de-la-central-nuclear-de-cofrentes-04-300x225.jpg 300w, https:\/\/www.europa-prefabri.com\/wp-content\/uploads\/modulos-prefabricados-de-la-central-nuclear-de-cofrentes-04-768x576.jpg 768w, https:\/\/www.europa-prefabri.com\/wp-content\/uploads\/modulos-prefabricados-de-la-central-nuclear-de-cofrentes-04-705x529.jpg 705w, https:\/\/www.europa-prefabri.com\/wp-content\/uploads\/modulos-prefabricados-de-la-central-nuclear-de-cofrentes-04-450x338.jpg 450w\" data-sizes=\"(max-width: 800px) 100vw, 800px\"  aria-label=\"image modulos prefabricados de la central nuclear de cofrentes 04\"  id='av-masonry-1-item-19600' data-av-masonry-item='19600' class='av-masonry-entry isotope-item post-19600 attachment type-attachment status-inherit hentry  av-masonry-item-with-image' title=\"modulos prefabricados de la central nuclear de cofrentes 04\" alt=\"\"    itemprop=\"thumbnailUrl\" ><div class='av-inner-masonry-sizer'><\/div><figure class='av-inner-masonry main_color'><div class=\"av-masonry-outerimage-container\"><div class='av-masonry-image-container' style=\"background-image: url(https:\/\/www.europa-prefabri.com\/wp-content\/uploads\/modulos-prefabricados-de-la-central-nuclear-de-cofrentes-04-705x529.jpg);\"  title=\"modulos prefabricados de la central nuclear de cofrentes 04\" ><\/div><\/div><\/figure><\/a><!--end av-masonry entry--><a href=\"https:\/\/www.europa-prefabri.com\/wp-content\/uploads\/conjunto-modular-1030x773.jpg\" data-srcset=\"https:\/\/www.europa-prefabri.com\/wp-content\/uploads\/conjunto-modular-1030x773.jpg 1030w, https:\/\/www.europa-prefabri.com\/wp-content\/uploads\/conjunto-modular-300x225.jpg 300w, https:\/\/www.europa-prefabri.com\/wp-content\/uploads\/conjunto-modular-1500x1125.jpg 1500w, https:\/\/www.europa-prefabri.com\/wp-content\/uploads\/conjunto-modular-705x529.jpg 705w, https:\/\/www.europa-prefabri.com\/wp-content\/uploads\/conjunto-modular-450x338.jpg 450w, https:\/\/www.europa-prefabri.com\/wp-content\/uploads\/conjunto-modular.jpg 2048w\" data-sizes=\"(max-width: 1030px) 100vw, 1030px\"  aria-label=\"image conjunto modular\"  id='av-masonry-1-item-6852' data-av-masonry-item='6852' class='av-masonry-entry isotope-item post-6852 attachment type-attachment status-inherit hentry  av-masonry-item-with-image' title=\"conjunto modular\" alt=\"\"    itemprop=\"thumbnailUrl\" ><div class='av-inner-masonry-sizer'><\/div><figure class='av-inner-masonry main_color'><div class=\"av-masonry-outerimage-container\"><div class='av-masonry-image-container' style=\"background-image: url(https:\/\/www.europa-prefabri.com\/wp-content\/uploads\/conjunto-modular-705x529.jpg);\"  title=\"conjunto modular\" ><\/div><\/div><\/figure><\/a><!--end av-masonry entry--><a href=\"https:\/\/www.europa-prefabri.com\/wp-content\/uploads\/20140828_122101_800x600.jpg\" data-srcset=\"https:\/\/www.europa-prefabri.com\/wp-content\/uploads\/20140828_122101_800x600.jpg 800w, https:\/\/www.europa-prefabri.com\/wp-content\/uploads\/20140828_122101_800x600-300x225.jpg 300w, https:\/\/www.europa-prefabri.com\/wp-content\/uploads\/20140828_122101_800x600-450x337.jpg 450w\" data-sizes=\"(max-width: 800px) 100vw, 800px\"  aria-label=\"image Construcciones modulares prefabricadas\"  id='av-masonry-1-item-8717' data-av-masonry-item='8717' class='av-masonry-entry isotope-item post-8717 attachment type-attachment status-inherit hentry  av-masonry-item-with-image' title=\"Construcciones modulares prefabricadas\" alt=\"\"    itemprop=\"thumbnailUrl\" ><div class='av-inner-masonry-sizer'><\/div><figure class='av-inner-masonry main_color'><div class=\"av-masonry-outerimage-container\"><div class='av-masonry-image-container' style=\"background-image: url(https:\/\/www.europa-prefabri.com\/wp-content\/uploads\/20140828_122101_800x600.jpg);\"  title=\"Construcciones modulares prefabricadas\" ><\/div><\/div><\/figure><\/a><!--end av-masonry entry--><a href=\"https:\/\/www.europa-prefabri.com\/wp-content\/uploads\/Oficinas-modulares-6_800x479.jpg\" data-srcset=\"https:\/\/www.europa-prefabri.com\/wp-content\/uploads\/Oficinas-modulares-6_800x479.jpg 800w, https:\/\/www.europa-prefabri.com\/wp-content\/uploads\/Oficinas-modulares-6_800x479-300x179.jpg 300w, https:\/\/www.europa-prefabri.com\/wp-content\/uploads\/Oficinas-modulares-6_800x479-450x269.jpg 450w\" data-sizes=\"(max-width: 800px) 100vw, 800px\"  aria-label=\"image oficinas modulares prefabricadas\"  id='av-masonry-1-item-23246' data-av-masonry-item='23246' class='av-masonry-entry isotope-item post-23246 attachment type-attachment status-inherit hentry  av-masonry-item-with-image' title=\"oficinas modulares prefabricadas\" alt=\"\"    itemprop=\"thumbnailUrl\" ><div class='av-inner-masonry-sizer'><\/div><figure class='av-inner-masonry main_color'><div class=\"av-masonry-outerimage-container\"><div class='av-masonry-image-container' style=\"background-image: url(https:\/\/www.europa-prefabri.com\/wp-content\/uploads\/Oficinas-modulares-6_800x479.jpg);\"  title=\"oficinas modulares prefabricadas\" ><\/div><\/div><\/figure><\/a><!--end av-masonry entry--><a href=\"https:\/\/www.europa-prefabri.com\/wp-content\/uploads\/1-campamento-modular-1030x773.jpg\" data-srcset=\"https:\/\/www.europa-prefabri.com\/wp-content\/uploads\/1-campamento-modular-1030x773.jpg 1030w, https:\/\/www.europa-prefabri.com\/wp-content\/uploads\/1-campamento-modular-300x225.jpg 300w, https:\/\/www.europa-prefabri.com\/wp-content\/uploads\/1-campamento-modular-768x576.jpg 768w, https:\/\/www.europa-prefabri.com\/wp-content\/uploads\/1-campamento-modular-1500x1125.jpg 1500w, https:\/\/www.europa-prefabri.com\/wp-content\/uploads\/1-campamento-modular-705x529.jpg 705w, https:\/\/www.europa-prefabri.com\/wp-content\/uploads\/1-campamento-modular-450x338.jpg 450w, https:\/\/www.europa-prefabri.com\/wp-content\/uploads\/1-campamento-modular.jpg 2048w\" data-sizes=\"(max-width: 1030px) 100vw, 1030px\"  aria-label=\"image 1-campamento-modular\"  id='av-masonry-1-item-12397' data-av-masonry-item='12397' class='av-masonry-entry isotope-item post-12397 attachment type-attachment status-inherit hentry  av-masonry-item-with-image' title=\"1-campamento-modular\" alt=\"\"    itemprop=\"thumbnailUrl\" ><div class='av-inner-masonry-sizer'><\/div><figure class='av-inner-masonry main_color'><div class=\"av-masonry-outerimage-container\"><div class='av-masonry-image-container' style=\"background-image: url(https:\/\/www.europa-prefabri.com\/wp-content\/uploads\/1-campamento-modular-705x529.jpg);\"  title=\"1-campamento-modular\" ><\/div><\/div><\/figure><\/a><!--end av-masonry entry--><\/div><\/div><br \/>\n\n<style type=\"text\/css\" data-created_by=\"avia_inline_auto\" id=\"style-css-av-av_hr-4474f20d2389e2e5ecf918a02da5132e\">\n#top .hr.hr-invisible.av-av_hr-4474f20d2389e2e5ecf918a02da5132e{\nheight:50px;\n}\n<\/style>\n<div  class='hr av-av_hr-4474f20d2389e2e5ecf918a02da5132e hr-invisible  avia-builder-el-4  el_after_av_masonry_gallery  el_before_av_button  avia-builder-el-first '><span class='hr-inner '><span class=\"hr-inner-style\"><\/span><\/span><\/div><br \/>\n<div  class='avia-button-wrap av-av_button-caaa761be1e4247647f240e5cc98f302-wrap avia-button-center  avia-builder-el-5  el_after_av_hr  avia-builder-el-last '><a href='https:\/\/www.europa-prefabri.com\/fr\/produits\/'  class='avia-button av-av_button-caaa761be1e4247647f240e5cc98f302 av-link-btn avia-icon_select-no avia-size-medium avia-position-center avia-color-theme-color'  target=\"_blank\"  rel=\"noopener noreferrer\"  aria-label=\"Voir produits\"><span class='avia_iconbox_title' >Voir produits<\/span><\/a><\/div><\/p><\/div>\n","protected":false},"excerpt":{"rendered":"","protected":false},"author":4,"featured_media":6780,"comment_status":"closed","ping_status":"closed","template":"","meta":{"footnotes":""},"tags":[],"portfolio_entries":[100],"class_list":["post-6944","portfolio","type-portfolio","status-publish","has-post-thumbnail","hentry","portfolio_entries-secteurs-fr"],"yoast_head":"<!-- This site is optimized with the Yoast SEO plugin v27.5 - https:\/\/yoast.com\/product\/yoast-seo-wordpress\/ -->\n<title>Location et vente de constructions modulaires pr\u00e9fabriqu\u00e9es pour divers usages<\/title>\n<meta name=\"description\" content=\"EUROPA PREFABRI est une entreprise leader en t ermes de fournisseur de solutuions modulaires pour le secteur de la construction.\" \/>\n<meta name=\"robots\" content=\"index, follow, max-snippet:-1, max-image-preview:large, max-video-preview:-1\" \/>\n<link rel=\"canonical\" href=\"https:\/\/www.europa-prefabri.com\/fr\/portfolio-item\/construccion\/\" \/>\n<meta property=\"og:locale\" content=\"fr_FR\" \/>\n<meta property=\"og:type\" content=\"article\" \/>\n<meta property=\"og:title\" content=\"Location et vente de constructions modulaires pr\u00e9fabriqu\u00e9es pour divers usages\" \/>\n<meta property=\"og:description\" content=\"EUROPA PREFABRI est une entreprise leader en t ermes de fournisseur de solutuions modulaires pour le secteur de la construction.\" \/>\n<meta property=\"og:url\" content=\"https:\/\/www.europa-prefabri.com\/fr\/portfolio-item\/construccion\/\" \/>\n<meta property=\"og:site_name\" content=\"Europa Prefabri | Alquiler y venta de construcciones modulares\" \/>\n<meta property=\"article:publisher\" content=\"https:\/\/www.facebook.com\/Europa-Prefabri-258328977572213\/\" \/>\n<meta property=\"article:modified_time\" content=\"2021-06-14T10:32:45+00:00\" \/>\n<meta property=\"og:image\" content=\"https:\/\/www.europa-prefabri.com\/wp-content\/uploads\/4-modulos-prefabricados.jpg\" \/>\n\t<meta property=\"og:image:width\" content=\"710\" \/>\n\t<meta property=\"og:image:height\" content=\"575\" \/>\n\t<meta property=\"og:image:type\" content=\"image\/jpeg\" \/>\n<meta name=\"twitter:card\" content=\"summary_large_image\" \/>\n<meta name=\"twitter:site\" content=\"@EuropaPrefabri\" \/>\n<meta name=\"twitter:label1\" content=\"Est. reading time\" \/>\n\t<meta name=\"twitter:data1\" content=\"1 minute\" \/>\n<script type=\"application\/ld+json\" class=\"yoast-schema-graph\">{\"@context\":\"https:\\\/\\\/schema.org\",\"@graph\":[{\"@type\":\"WebPage\",\"@id\":\"https:\\\/\\\/www.europa-prefabri.com\\\/fr\\\/portfolio-item\\\/construccion\\\/\",\"url\":\"https:\\\/\\\/www.europa-prefabri.com\\\/fr\\\/portfolio-item\\\/construccion\\\/\",\"name\":\"Location et vente de constructions modulaires pr\u00e9fabriqu\u00e9es pour divers usages\",\"isPartOf\":{\"@id\":\"https:\\\/\\\/www.europa-prefabri.com\\\/#website\"},\"primaryImageOfPage\":{\"@id\":\"https:\\\/\\\/www.europa-prefabri.com\\\/fr\\\/portfolio-item\\\/construccion\\\/#primaryimage\"},\"image\":{\"@id\":\"https:\\\/\\\/www.europa-prefabri.com\\\/fr\\\/portfolio-item\\\/construccion\\\/#primaryimage\"},\"thumbnailUrl\":\"https:\\\/\\\/www.europa-prefabri.com\\\/wp-content\\\/uploads\\\/4-modulos-prefabricados.jpg\",\"datePublished\":\"2013-10-22T08:10:02+00:00\",\"dateModified\":\"2021-06-14T10:32:45+00:00\",\"description\":\"EUROPA PREFABRI est une entreprise leader en t ermes de fournisseur de solutuions modulaires pour le secteur de la construction.\",\"breadcrumb\":{\"@id\":\"https:\\\/\\\/www.europa-prefabri.com\\\/fr\\\/portfolio-item\\\/construccion\\\/#breadcrumb\"},\"inLanguage\":\"fr-FR\",\"potentialAction\":[{\"@type\":\"ReadAction\",\"target\":[\"https:\\\/\\\/www.europa-prefabri.com\\\/fr\\\/portfolio-item\\\/construccion\\\/\"]}]},{\"@type\":\"ImageObject\",\"inLanguage\":\"fr-FR\",\"@id\":\"https:\\\/\\\/www.europa-prefabri.com\\\/fr\\\/portfolio-item\\\/construccion\\\/#primaryimage\",\"url\":\"https:\\\/\\\/www.europa-prefabri.com\\\/wp-content\\\/uploads\\\/4-modulos-prefabricados.jpg\",\"contentUrl\":\"https:\\\/\\\/www.europa-prefabri.com\\\/wp-content\\\/uploads\\\/4-modulos-prefabricados.jpg\",\"width\":710,\"height\":575},{\"@type\":\"BreadcrumbList\",\"@id\":\"https:\\\/\\\/www.europa-prefabri.com\\\/fr\\\/portfolio-item\\\/construccion\\\/#breadcrumb\",\"itemListElement\":[{\"@type\":\"ListItem\",\"position\":1,\"name\":\"Portada\",\"item\":\"https:\\\/\\\/www.europa-prefabri.com\\\/fr\\\/\"},{\"@type\":\"ListItem\",\"position\":2,\"name\":\"Construction\"}]},{\"@type\":\"WebSite\",\"@id\":\"https:\\\/\\\/www.europa-prefabri.com\\\/#website\",\"url\":\"https:\\\/\\\/www.europa-prefabri.com\\\/\",\"name\":\"Europa Prefabri | Alquiler y venta de construcciones modulares\",\"description\":\"Alquiler y venta de construcciones modulares, casetas de obra, marquesinas de aparcamiento y vallas y cerramientos.\",\"publisher\":{\"@id\":\"https:\\\/\\\/www.europa-prefabri.com\\\/#organization\"},\"potentialAction\":[{\"@type\":\"SearchAction\",\"target\":{\"@type\":\"EntryPoint\",\"urlTemplate\":\"https:\\\/\\\/www.europa-prefabri.com\\\/?s={search_term_string}\"},\"query-input\":{\"@type\":\"PropertyValueSpecification\",\"valueRequired\":true,\"valueName\":\"search_term_string\"}}],\"inLanguage\":\"fr-FR\"},{\"@type\":\"Organization\",\"@id\":\"https:\\\/\\\/www.europa-prefabri.com\\\/#organization\",\"name\":\"Prefabri S.L.\",\"url\":\"https:\\\/\\\/www.europa-prefabri.com\\\/\",\"logo\":{\"@type\":\"ImageObject\",\"inLanguage\":\"fr-FR\",\"@id\":\"https:\\\/\\\/www.europa-prefabri.com\\\/#\\\/schema\\\/logo\\\/image\\\/\",\"url\":\"https:\\\/\\\/www.europa-prefabri.com\\\/wp-content\\\/uploads\\\/EuropaPrefabri-Logo.jpg\",\"contentUrl\":\"https:\\\/\\\/www.europa-prefabri.com\\\/wp-content\\\/uploads\\\/EuropaPrefabri-Logo.jpg\",\"width\":752,\"height\":348,\"caption\":\"Prefabri S.L.\"},\"image\":{\"@id\":\"https:\\\/\\\/www.europa-prefabri.com\\\/#\\\/schema\\\/logo\\\/image\\\/\"},\"sameAs\":[\"https:\\\/\\\/www.facebook.com\\\/Europa-Prefabri-258328977572213\\\/\",\"https:\\\/\\\/x.com\\\/EuropaPrefabri\",\"https:\\\/\\\/www.instagram.com\\\/europaprefabri\\\/\",\"https:\\\/\\\/es.linkedin.com\\\/company\\\/europa-prefabri\",\"https:\\\/\\\/es.pinterest.com\\\/europaprefabri\\\/\",\"https:\\\/\\\/www.youtube.com\\\/user\\\/PrefabriSL\"]}]}<\/script>\n<!-- \/ Yoast SEO plugin. -->","yoast_head_json":{"title":"Location et vente de constructions modulaires pr\u00e9fabriqu\u00e9es pour divers usages","description":"EUROPA PREFABRI est une entreprise leader en t ermes de fournisseur de solutuions modulaires pour le secteur de la construction.","robots":{"index":"index","follow":"follow","max-snippet":"max-snippet:-1","max-image-preview":"max-image-preview:large","max-video-preview":"max-video-preview:-1"},"canonical":"https:\/\/www.europa-prefabri.com\/fr\/portfolio-item\/construccion\/","og_locale":"fr_FR","og_type":"article","og_title":"Location et vente de constructions modulaires pr\u00e9fabriqu\u00e9es pour divers usages","og_description":"EUROPA PREFABRI est une entreprise leader en t ermes de fournisseur de solutuions modulaires pour le secteur de la construction.","og_url":"https:\/\/www.europa-prefabri.com\/fr\/portfolio-item\/construccion\/","og_site_name":"Europa Prefabri | Alquiler y venta de construcciones modulares","article_publisher":"https:\/\/www.facebook.com\/Europa-Prefabri-258328977572213\/","article_modified_time":"2021-06-14T10:32:45+00:00","og_image":[{"width":710,"height":575,"url":"https:\/\/www.europa-prefabri.com\/wp-content\/uploads\/4-modulos-prefabricados.jpg","type":"image\/jpeg"}],"twitter_card":"summary_large_image","twitter_site":"@EuropaPrefabri","twitter_misc":{"Est. reading time":"1 minute"},"schema":{"@context":"https:\/\/schema.org","@graph":[{"@type":"WebPage","@id":"https:\/\/www.europa-prefabri.com\/fr\/portfolio-item\/construccion\/","url":"https:\/\/www.europa-prefabri.com\/fr\/portfolio-item\/construccion\/","name":"Location et vente de constructions modulaires pr\u00e9fabriqu\u00e9es pour divers usages","isPartOf":{"@id":"https:\/\/www.europa-prefabri.com\/#website"},"primaryImageOfPage":{"@id":"https:\/\/www.europa-prefabri.com\/fr\/portfolio-item\/construccion\/#primaryimage"},"image":{"@id":"https:\/\/www.europa-prefabri.com\/fr\/portfolio-item\/construccion\/#primaryimage"},"thumbnailUrl":"https:\/\/www.europa-prefabri.com\/wp-content\/uploads\/4-modulos-prefabricados.jpg","datePublished":"2013-10-22T08:10:02+00:00","dateModified":"2021-06-14T10:32:45+00:00","description":"EUROPA PREFABRI est une entreprise leader en t ermes de fournisseur de solutuions modulaires pour le secteur de la construction.","breadcrumb":{"@id":"https:\/\/www.europa-prefabri.com\/fr\/portfolio-item\/construccion\/#breadcrumb"},"inLanguage":"fr-FR","potentialAction":[{"@type":"ReadAction","target":["https:\/\/www.europa-prefabri.com\/fr\/portfolio-item\/construccion\/"]}]},{"@type":"ImageObject","inLanguage":"fr-FR","@id":"https:\/\/www.europa-prefabri.com\/fr\/portfolio-item\/construccion\/#primaryimage","url":"https:\/\/www.europa-prefabri.com\/wp-content\/uploads\/4-modulos-prefabricados.jpg","contentUrl":"https:\/\/www.europa-prefabri.com\/wp-content\/uploads\/4-modulos-prefabricados.jpg","width":710,"height":575},{"@type":"BreadcrumbList","@id":"https:\/\/www.europa-prefabri.com\/fr\/portfolio-item\/construccion\/#breadcrumb","itemListElement":[{"@type":"ListItem","position":1,"name":"Portada","item":"https:\/\/www.europa-prefabri.com\/fr\/"},{"@type":"ListItem","position":2,"name":"Construction"}]},{"@type":"WebSite","@id":"https:\/\/www.europa-prefabri.com\/#website","url":"https:\/\/www.europa-prefabri.com\/","name":"Europa Prefabri | Alquiler y venta de construcciones modulares","description":"Alquiler y venta de construcciones modulares, casetas de obra, marquesinas de aparcamiento y vallas y cerramientos.","publisher":{"@id":"https:\/\/www.europa-prefabri.com\/#organization"},"potentialAction":[{"@type":"SearchAction","target":{"@type":"EntryPoint","urlTemplate":"https:\/\/www.europa-prefabri.com\/?s={search_term_string}"},"query-input":{"@type":"PropertyValueSpecification","valueRequired":true,"valueName":"search_term_string"}}],"inLanguage":"fr-FR"},{"@type":"Organization","@id":"https:\/\/www.europa-prefabri.com\/#organization","name":"Prefabri S.L.","url":"https:\/\/www.europa-prefabri.com\/","logo":{"@type":"ImageObject","inLanguage":"fr-FR","@id":"https:\/\/www.europa-prefabri.com\/#\/schema\/logo\/image\/","url":"https:\/\/www.europa-prefabri.com\/wp-content\/uploads\/EuropaPrefabri-Logo.jpg","contentUrl":"https:\/\/www.europa-prefabri.com\/wp-content\/uploads\/EuropaPrefabri-Logo.jpg","width":752,"height":348,"caption":"Prefabri S.L."},"image":{"@id":"https:\/\/www.europa-prefabri.com\/#\/schema\/logo\/image\/"},"sameAs":["https:\/\/www.facebook.com\/Europa-Prefabri-258328977572213\/","https:\/\/x.com\/EuropaPrefabri","https:\/\/www.instagram.com\/europaprefabri\/","https:\/\/es.linkedin.com\/company\/europa-prefabri","https:\/\/es.pinterest.com\/europaprefabri\/","https:\/\/www.youtube.com\/user\/PrefabriSL"]}]}},"_links":{"self":[{"href":"https:\/\/www.europa-prefabri.com\/fr\/wp-json\/wp\/v2\/portfolio\/6944","targetHints":{"allow":["GET"]}}],"collection":[{"href":"https:\/\/www.europa-prefabri.com\/fr\/wp-json\/wp\/v2\/portfolio"}],"about":[{"href":"https:\/\/www.europa-prefabri.com\/fr\/wp-json\/wp\/v2\/types\/portfolio"}],"author":[{"embeddable":true,"href":"https:\/\/www.europa-prefabri.com\/fr\/wp-json\/wp\/v2\/users\/4"}],"replies":[{"embeddable":true,"href":"https:\/\/www.europa-prefabri.com\/fr\/wp-json\/wp\/v2\/comments?post=6944"}],"version-history":[{"count":0,"href":"https:\/\/www.europa-prefabri.com\/fr\/wp-json\/wp\/v2\/portfolio\/6944\/revisions"}],"wp:featuredmedia":[{"embeddable":true,"href":"https:\/\/www.europa-prefabri.com\/fr\/wp-json\/wp\/v2\/media\/6780"}],"wp:attachment":[{"href":"https:\/\/www.europa-prefabri.com\/fr\/wp-json\/wp\/v2\/media?parent=6944"}],"wp:term":[{"taxonomy":"post_tag","embeddable":true,"href":"https:\/\/www.europa-prefabri.com\/fr\/wp-json\/wp\/v2\/tags?post=6944"},{"taxonomy":"portfolio_entries","embeddable":true,"href":"https:\/\/www.europa-prefabri.com\/fr\/wp-json\/wp\/v2\/portfolio_entries?post=6944"}],"curies":[{"name":"wp","href":"https:\/\/api.w.org\/{rel}","templated":true}]}}