{"id":6771,"date":"2012-02-11T18:00:53","date_gmt":"2012-02-11T18:00:53","guid":{"rendered":"http:\/\/www.europa-prefabri.com\/portfolio-item\/aparcamientos-2\/"},"modified":"2021-06-15T12:45:53","modified_gmt":"2021-06-15T10:45:53","slug":"abris-de-voiture","status":"publish","type":"portfolio","link":"https:\/\/www.europa-prefabri.com\/fr\/portfolio-item\/abris-de-voiture\/","title":{"rendered":"Abris de voiture"},"content":{"rendered":"<div  class='flex_column av-av_one_third-2a9015ff38129c418a3f2eafba3e9512 av_one_third  avia-builder-el-0  el_before_av_two_third  avia-builder-el-first  first flex_column_div  '     ><section  class='av_textblock_section av-av_textblock-2de302bf1aa3cf4c9157dbe6f50ac7eb '   itemscope=\"itemscope\" itemtype=\"https:\/\/schema.org\/CreativeWork\" ><div class='avia_textblock'  itemprop=\"text\" ><p><strong>Europa Prefabri<\/strong> est l\u2019entreprise d\u2019abris voitures leader en Espagne.<\/p>\n<p>Durant ces trente derni\u00e8res ann\u00e9es, nous avons install\u00e9 plus de 200.000m2 d\u2019abris voiture sur tout le territoire espagnol.<\/p>\n<p>Nous avons fourni tout type de clients, des petites entreprises, des particuliers ou bien des PME et \u00e9galement de grands projets de parkings pour a\u00e9roports, gares, centres commerciaux, grandes entreprises et administrations publiques.<\/p>\n<ul style=\"text-align: justify;\">\n<li>Fabrication et montage<\/li>\n<li>Divers mod\u00e8les de <a href=\"https:\/\/www.europa-prefabri.com\/fr\/portfolio-item\/carports-metalliques\/\">carports m\u00e9talliques<\/a> et <a href=\"https:\/\/www.europa-prefabri.com\/fr\/portfolio-item\/carports-toiles\/\">carports toiles<\/a>.<\/li>\n<li>Mod\u00e8les sp\u00e9ciaux dessin\u00e9s sur mesure.<\/li>\n<\/ul>\n<p style=\"text-align: justify;\">Service int\u00e9gral pour parking moyennant la fourniture et l\u2019installation de produits compl\u00e9mentaires comme des gu\u00e9rites de s\u00e9curit\u00e9, barri\u00e8res automatiques, plots de stationnement, cl\u00f4ture, signalisation, marquage routier, g\u00e9nie civile, etc.<\/p>\n<\/div><\/section><\/div>\n\n<style type=\"text\/css\" data-created_by=\"avia_inline_auto\" id=\"style-css-av-av_two_third-0aa7055fe62c3622faec82866afbaeb2\">\n.flex_column.av-av_two_third-0aa7055fe62c3622faec82866afbaeb2{\nborder-radius:0px 0px 0px 0px;\npadding:0px 0px 0px 0px;\n}\n<\/style>\n<div  class='flex_column av-av_two_third-0aa7055fe62c3622faec82866afbaeb2 av_two_third  avia-builder-el-2  el_after_av_one_third  el_before_av_one_full  flex_column_div av-zero-column-padding  '     ><p><div id='av-masonry-1' class='av-masonry av-av_masonry_gallery-63febf0d8fafc1f6258addbfc7e68a36 noHover av-fixed-size av-1px-gap av-hover-overlay-active av-masonry-animation-active av-masonry-col-5 av-caption-always av-caption-style- av-masonry-gallery ' data-post_id=\"6771\"><div class=\"av-masonry-container isotope av-js-disabled\"><div class='av-masonry-entry isotope-item av-masonry-item-no-image '><\/div><a href=\"https:\/\/www.europa-prefabri.com\/wp-content\/uploads\/marquesinas-de-aparcamiento-para-destileria-en-zaragoza-01.jpg\" data-srcset=\"https:\/\/www.europa-prefabri.com\/wp-content\/uploads\/marquesinas-de-aparcamiento-para-destileria-en-zaragoza-01.jpg 800w, https:\/\/www.europa-prefabri.com\/wp-content\/uploads\/marquesinas-de-aparcamiento-para-destileria-en-zaragoza-01-300x225.jpg 300w, https:\/\/www.europa-prefabri.com\/wp-content\/uploads\/marquesinas-de-aparcamiento-para-destileria-en-zaragoza-01-768x576.jpg 768w, https:\/\/www.europa-prefabri.com\/wp-content\/uploads\/marquesinas-de-aparcamiento-para-destileria-en-zaragoza-01-705x529.jpg 705w, https:\/\/www.europa-prefabri.com\/wp-content\/uploads\/marquesinas-de-aparcamiento-para-destileria-en-zaragoza-01-450x338.jpg 450w\" data-sizes=\"(max-width: 800px) 100vw, 800px\"  aria-label=\"image marquesinas-de-aparcamiento-para-destileria-en-zaragoza-01\"  id='av-masonry-1-item-22158' data-av-masonry-item='22158' class='av-masonry-entry isotope-item post-22158 attachment type-attachment status-inherit hentry  av-masonry-item-with-image' title=\"marquesinas-de-aparcamiento-para-destileria-en-zaragoza-01\" alt=\"\"    itemprop=\"thumbnailUrl\" ><div class='av-inner-masonry-sizer'><\/div><figure class='av-inner-masonry main_color'><div class=\"av-masonry-outerimage-container\"><div class='av-masonry-image-container' style=\"background-image: url(https:\/\/www.europa-prefabri.com\/wp-content\/uploads\/marquesinas-de-aparcamiento-para-destileria-en-zaragoza-01-705x529.jpg);\"  title=\"marquesinas-de-aparcamiento-para-destileria-en-zaragoza-01\" ><\/div><\/div><\/figure><\/a><!--end av-masonry entry--><a href=\"https:\/\/www.europa-prefabri.com\/wp-content\/uploads\/Marquesinas-parking-1030x773.jpg\" data-srcset=\"https:\/\/www.europa-prefabri.com\/wp-content\/uploads\/Marquesinas-parking-1030x773.jpg 1030w, https:\/\/www.europa-prefabri.com\/wp-content\/uploads\/Marquesinas-parking-300x225.jpg 300w, https:\/\/www.europa-prefabri.com\/wp-content\/uploads\/Marquesinas-parking-768x576.jpg 768w, https:\/\/www.europa-prefabri.com\/wp-content\/uploads\/Marquesinas-parking-1500x1125.jpg 1500w, https:\/\/www.europa-prefabri.com\/wp-content\/uploads\/Marquesinas-parking-705x529.jpg 705w, https:\/\/www.europa-prefabri.com\/wp-content\/uploads\/Marquesinas-parking-450x338.jpg 450w\" data-sizes=\"(max-width: 1030px) 100vw, 1030px\"  aria-label=\"image Marquesinas-parking\"  id='av-masonry-1-item-22178' data-av-masonry-item='22178' class='av-masonry-entry isotope-item post-22178 attachment type-attachment status-inherit hentry  av-masonry-item-with-image' title=\"Marquesinas-parking\" alt=\"\"    itemprop=\"thumbnailUrl\" ><div class='av-inner-masonry-sizer'><\/div><figure class='av-inner-masonry main_color'><div class=\"av-masonry-outerimage-container\"><div class='av-masonry-image-container' style=\"background-image: url(https:\/\/www.europa-prefabri.com\/wp-content\/uploads\/Marquesinas-parking-705x529.jpg);\"  title=\"Marquesinas-parking\" ><\/div><\/div><\/figure><\/a><!--end av-masonry entry--><a href=\"https:\/\/www.europa-prefabri.com\/wp-content\/uploads\/Marquesinas-con-Alucobond-2.jpg\" data-srcset=\"https:\/\/www.europa-prefabri.com\/wp-content\/uploads\/Marquesinas-con-Alucobond-2.jpg 800w, https:\/\/www.europa-prefabri.com\/wp-content\/uploads\/Marquesinas-con-Alucobond-2-300x225.jpg 300w, https:\/\/www.europa-prefabri.com\/wp-content\/uploads\/Marquesinas-con-Alucobond-2-768x576.jpg 768w, https:\/\/www.europa-prefabri.com\/wp-content\/uploads\/Marquesinas-con-Alucobond-2-705x529.jpg 705w, https:\/\/www.europa-prefabri.com\/wp-content\/uploads\/Marquesinas-con-Alucobond-2-450x338.jpg 450w\" data-sizes=\"(max-width: 800px) 100vw, 800px\"  aria-label=\"image Marquesinas- con Alucobond 2\"  id='av-masonry-1-item-22138' data-av-masonry-item='22138' class='av-masonry-entry isotope-item post-22138 attachment type-attachment status-inherit hentry  av-masonry-item-with-image' title=\"Marquesinas- con Alucobond 2\" alt=\"marquesina parking\"    itemprop=\"thumbnailUrl\" ><div class='av-inner-masonry-sizer'><\/div><figure class='av-inner-masonry main_color'><div class=\"av-masonry-outerimage-container\"><div class='av-masonry-image-container' style=\"background-image: url(https:\/\/www.europa-prefabri.com\/wp-content\/uploads\/Marquesinas-con-Alucobond-2-705x529.jpg);\"  title=\"Marquesinas- con Alucobond 2\" ><\/div><\/div><\/figure><\/a><!--end av-masonry entry--><a href=\"https:\/\/www.europa-prefabri.com\/wp-content\/uploads\/6-Marquesina-parking-IPE.jpg\" data-srcset=\"https:\/\/www.europa-prefabri.com\/wp-content\/uploads\/6-Marquesina-parking-IPE.jpg 710w, https:\/\/www.europa-prefabri.com\/wp-content\/uploads\/6-Marquesina-parking-IPE-300x242.jpg 300w, https:\/\/www.europa-prefabri.com\/wp-content\/uploads\/6-Marquesina-parking-IPE-495x400.jpg 495w, https:\/\/www.europa-prefabri.com\/wp-content\/uploads\/6-Marquesina-parking-IPE-450x364.jpg 450w\" data-sizes=\"(max-width: 710px) 100vw, 710px\"  aria-label=\"image 6-Marquesina-parking-IPE\"  id='av-masonry-1-item-6773' data-av-masonry-item='6773' class='av-masonry-entry isotope-item post-6773 attachment type-attachment status-inherit hentry  av-masonry-item-with-image' title=\"6-Marquesina-parking-IPE\" alt=\"Abris de voiture\"    itemprop=\"thumbnailUrl\" ><div class='av-inner-masonry-sizer'><\/div><figure class='av-inner-masonry main_color'><div class=\"av-masonry-outerimage-container\"><div class='av-masonry-image-container' style=\"background-image: url(https:\/\/www.europa-prefabri.com\/wp-content\/uploads\/6-Marquesina-parking-IPE.jpg);\"  title=\"6-Marquesina-parking-IPE\" ><\/div><\/div><\/figure><\/a><!--end av-masonry entry--><a href=\"https:\/\/www.europa-prefabri.com\/wp-content\/uploads\/IMG_4070-min-1-1030x796.jpg\" data-srcset=\"https:\/\/www.europa-prefabri.com\/wp-content\/uploads\/IMG_4070-min-1-1030x796.jpg 1030w, https:\/\/www.europa-prefabri.com\/wp-content\/uploads\/IMG_4070-min-1-300x232.jpg 300w, https:\/\/www.europa-prefabri.com\/wp-content\/uploads\/IMG_4070-min-1-768x594.jpg 768w, https:\/\/www.europa-prefabri.com\/wp-content\/uploads\/IMG_4070-min-1-1500x1160.jpg 1500w, https:\/\/www.europa-prefabri.com\/wp-content\/uploads\/IMG_4070-min-1-705x545.jpg 705w, https:\/\/www.europa-prefabri.com\/wp-content\/uploads\/IMG_4070-min-1-450x348.jpg 450w\" data-sizes=\"(max-width: 1030px) 100vw, 1030px\"  aria-label=\"image marquesina-aparcamiento-celos\u00eda-radial\"  id='av-masonry-1-item-28560' data-av-masonry-item='28560' class='av-masonry-entry isotope-item post-28560 attachment type-attachment status-inherit hentry  av-masonry-item-with-image' title=\"marquesina-aparcamiento-celos\u00eda-radial\" alt=\"\"    itemprop=\"thumbnailUrl\" ><div class='av-inner-masonry-sizer'><\/div><figure class='av-inner-masonry main_color'><div class=\"av-masonry-outerimage-container\"><div class='av-masonry-image-container' style=\"background-image: url(https:\/\/www.europa-prefabri.com\/wp-content\/uploads\/IMG_4070-min-1-705x545.jpg);\"  title=\"marquesina-aparcamiento-celos\u00eda-radial\" ><\/div><\/div><\/figure><\/a><!--end av-masonry entry--><a href=\"https:\/\/www.europa-prefabri.com\/wp-content\/uploads\/Marquesina-Panel-Tejado-03.jpg\" data-srcset=\"https:\/\/www.europa-prefabri.com\/wp-content\/uploads\/Marquesina-Panel-Tejado-03.jpg 625w, https:\/\/www.europa-prefabri.com\/wp-content\/uploads\/Marquesina-Panel-Tejado-03-450x304.jpg 450w\" data-sizes=\"(max-width: 625px) 100vw, 625px\"  aria-label=\"image Marquesina-Panel-Tejado-03\"  id='av-masonry-1-item-29603' data-av-masonry-item='29603' class='av-masonry-entry isotope-item post-29603 attachment type-attachment status-inherit hentry  av-masonry-item-with-image' title=\"Marquesina-Panel-Tejado-03\" alt=\"marquesinas-y-cubiertas\"    itemprop=\"thumbnailUrl\" ><div class='av-inner-masonry-sizer'><\/div><figure class='av-inner-masonry main_color'><div class=\"av-masonry-outerimage-container\"><div class='av-masonry-image-container' style=\"background-image: url(https:\/\/www.europa-prefabri.com\/wp-content\/uploads\/Marquesina-Panel-Tejado-03.jpg);\"  title=\"Marquesina-Panel-Tejado-03\" ><\/div><\/div><\/figure><\/a><!--end av-masonry entry--><a href=\"https:\/\/www.europa-prefabri.com\/wp-content\/uploads\/parking-solar-bodegas-matarromera-01.jpg\" data-srcset=\"https:\/\/www.europa-prefabri.com\/wp-content\/uploads\/parking-solar-bodegas-matarromera-01.jpg 570w, https:\/\/www.europa-prefabri.com\/wp-content\/uploads\/parking-solar-bodegas-matarromera-01-450x303.jpg 450w\" data-sizes=\"(max-width: 570px) 100vw, 570px\"  aria-label=\"image parking-solar-bodegas-matarromera-01\"  id='av-masonry-1-item-28263' data-av-masonry-item='28263' class='av-masonry-entry isotope-item post-28263 attachment type-attachment status-inherit hentry  av-masonry-item-with-image' title=\"parking-solar-bodegas-matarromera-01\" alt=\"\"    itemprop=\"thumbnailUrl\" ><div class='av-inner-masonry-sizer'><\/div><figure class='av-inner-masonry main_color'><div class=\"av-masonry-outerimage-container\"><div class='av-masonry-image-container' style=\"background-image: url(https:\/\/www.europa-prefabri.com\/wp-content\/uploads\/parking-solar-bodegas-matarromera-01.jpg);\"  title=\"parking-solar-bodegas-matarromera-01\" ><\/div><\/div><\/figure><\/a><!--end av-masonry entry--><a href=\"https:\/\/www.europa-prefabri.com\/wp-content\/uploads\/Marquesina-solar-aparcamiento-Haricaman-07.jpg\" data-srcset=\"https:\/\/www.europa-prefabri.com\/wp-content\/uploads\/Marquesina-solar-aparcamiento-Haricaman-07.jpg 806w, https:\/\/www.europa-prefabri.com\/wp-content\/uploads\/Marquesina-solar-aparcamiento-Haricaman-07-768x576.jpg 768w, https:\/\/www.europa-prefabri.com\/wp-content\/uploads\/Marquesina-solar-aparcamiento-Haricaman-07-705x529.jpg 705w, https:\/\/www.europa-prefabri.com\/wp-content\/uploads\/Marquesina-solar-aparcamiento-Haricaman-07-450x338.jpg 450w\" data-sizes=\"(max-width: 806px) 100vw, 806px\"  aria-label=\"image Marquesina-solar-aparcamiento-Haricaman-07\"  id='av-masonry-1-item-29764' data-av-masonry-item='29764' class='av-masonry-entry isotope-item post-29764 attachment type-attachment status-inherit hentry  av-masonry-item-with-image' title=\"Marquesina-solar-aparcamiento-Haricaman-07\" alt=\"marquesina-solar\"    itemprop=\"thumbnailUrl\" ><div class='av-inner-masonry-sizer'><\/div><figure class='av-inner-masonry main_color'><div class=\"av-masonry-outerimage-container\"><div class='av-masonry-image-container' style=\"background-image: url(https:\/\/www.europa-prefabri.com\/wp-content\/uploads\/Marquesina-solar-aparcamiento-Haricaman-07-705x529.jpg);\"  title=\"Marquesina-solar-aparcamiento-Haricaman-07\" ><\/div><\/div><\/figure><\/a><!--end av-masonry entry--><a href=\"https:\/\/www.europa-prefabri.com\/wp-content\/uploads\/IMG_3599_800x600-e14171764027592.jpg\" data-srcset=\"https:\/\/www.europa-prefabri.com\/wp-content\/uploads\/IMG_3599_800x600-e14171764027592.jpg 600w, https:\/\/www.europa-prefabri.com\/wp-content\/uploads\/IMG_3599_800x600-e14171764027592-225x300.jpg 225w, https:\/\/www.europa-prefabri.com\/wp-content\/uploads\/IMG_3599_800x600-e14171764027592-529x705.jpg 529w, https:\/\/www.europa-prefabri.com\/wp-content\/uploads\/IMG_3599_800x600-e14171764027592-450x600.jpg 450w\" data-sizes=\"(max-width: 600px) 100vw, 600px\"  aria-label=\"image IMG_3599_800x600-e1417176402759\"  id='av-masonry-1-item-7309' data-av-masonry-item='7309' class='av-masonry-entry isotope-item post-7309 attachment type-attachment status-inherit hentry  av-masonry-item-with-image' title=\"IMG_3599_800x600-e1417176402759\" alt=\"\"    itemprop=\"thumbnailUrl\" ><div class='av-inner-masonry-sizer'><\/div><figure class='av-inner-masonry main_color'><div class=\"av-masonry-outerimage-container\"><div class='av-masonry-image-container' style=\"background-image: url(https:\/\/www.europa-prefabri.com\/wp-content\/uploads\/IMG_3599_800x600-e14171764027592-529x705.jpg);\"  title=\"IMG_3599_800x600-e1417176402759\" ><\/div><\/div><\/figure><\/a><!--end av-masonry entry--><a href=\"https:\/\/www.europa-prefabri.com\/wp-content\/uploads\/cubierta-textil-1.jpg\" data-srcset=\"https:\/\/www.europa-prefabri.com\/wp-content\/uploads\/cubierta-textil-1.jpg 800w, https:\/\/www.europa-prefabri.com\/wp-content\/uploads\/cubierta-textil-1-300x225.jpg 300w, https:\/\/www.europa-prefabri.com\/wp-content\/uploads\/cubierta-textil-1-768x576.jpg 768w, https:\/\/www.europa-prefabri.com\/wp-content\/uploads\/cubierta-textil-1-705x529.jpg 705w, https:\/\/www.europa-prefabri.com\/wp-content\/uploads\/cubierta-textil-1-450x338.jpg 450w\" data-sizes=\"(max-width: 800px) 100vw, 800px\"  aria-label=\"image cubierta-textil\"  id='av-masonry-1-item-22274' data-av-masonry-item='22274' class='av-masonry-entry isotope-item post-22274 attachment type-attachment status-inherit hentry  av-masonry-item-with-image' title=\"cubierta-textil\" alt=\"\"    itemprop=\"thumbnailUrl\" ><div class='av-inner-masonry-sizer'><\/div><figure class='av-inner-masonry main_color'><div class=\"av-masonry-outerimage-container\"><div class='av-masonry-image-container' style=\"background-image: url(https:\/\/www.europa-prefabri.com\/wp-content\/uploads\/cubierta-textil-1-705x529.jpg);\"  title=\"cubierta-textil\" ><\/div><\/div><\/figure><\/a><!--end av-masonry entry--><a href=\"https:\/\/www.europa-prefabri.com\/wp-content\/uploads\/marquesina-aparcamiento-3-1030x773.jpg\" data-srcset=\"https:\/\/www.europa-prefabri.com\/wp-content\/uploads\/marquesina-aparcamiento-3-1030x773.jpg 1030w, https:\/\/www.europa-prefabri.com\/wp-content\/uploads\/marquesina-aparcamiento-3-300x225.jpg 300w, https:\/\/www.europa-prefabri.com\/wp-content\/uploads\/marquesina-aparcamiento-3-768x576.jpg 768w, https:\/\/www.europa-prefabri.com\/wp-content\/uploads\/marquesina-aparcamiento-3-1500x1125.jpg 1500w, https:\/\/www.europa-prefabri.com\/wp-content\/uploads\/marquesina-aparcamiento-3-705x529.jpg 705w, https:\/\/www.europa-prefabri.com\/wp-content\/uploads\/marquesina-aparcamiento-3-450x338.jpg 450w\" data-sizes=\"(max-width: 1030px) 100vw, 1030px\"  aria-label=\"image marquesina-aparcamiento\"  id='av-masonry-1-item-21684' data-av-masonry-item='21684' class='av-masonry-entry isotope-item post-21684 attachment type-attachment status-inherit hentry  av-masonry-item-with-image' title=\"marquesina-aparcamiento\" alt=\"abris\u00a0en toile\"    itemprop=\"thumbnailUrl\" ><div class='av-inner-masonry-sizer'><\/div><figure class='av-inner-masonry main_color'><div class=\"av-masonry-outerimage-container\"><div class='av-masonry-image-container' style=\"background-image: url(https:\/\/www.europa-prefabri.com\/wp-content\/uploads\/marquesina-aparcamiento-3-705x529.jpg);\"  title=\"marquesina-aparcamiento\" ><\/div><\/div><\/figure><\/a><!--end av-masonry entry--><a href=\"https:\/\/www.europa-prefabri.com\/wp-content\/uploads\/20141112_110341_800x4802.jpg\" data-srcset=\"https:\/\/www.europa-prefabri.com\/wp-content\/uploads\/20141112_110341_800x4802.jpg 800w, https:\/\/www.europa-prefabri.com\/wp-content\/uploads\/20141112_110341_800x4802-300x180.jpg 300w, https:\/\/www.europa-prefabri.com\/wp-content\/uploads\/20141112_110341_800x4802-705x423.jpg 705w, https:\/\/www.europa-prefabri.com\/wp-content\/uploads\/20141112_110341_800x4802-450x270.jpg 450w\" data-sizes=\"(max-width: 800px) 100vw, 800px\"  aria-label=\"image 20141112_110341_800x480\"  id='av-masonry-1-item-7285' data-av-masonry-item='7285' class='av-masonry-entry isotope-item post-7285 attachment type-attachment status-inherit hentry  av-masonry-item-with-image' title=\"20141112_110341_800x480\" alt=\"\"    itemprop=\"thumbnailUrl\" ><div class='av-inner-masonry-sizer'><\/div><figure class='av-inner-masonry main_color'><div class=\"av-masonry-outerimage-container\"><div class='av-masonry-image-container' style=\"background-image: url(https:\/\/www.europa-prefabri.com\/wp-content\/uploads\/20141112_110341_800x4802-705x423.jpg);\"  title=\"20141112_110341_800x480\" ><\/div><\/div><\/figure><\/a><!--end av-masonry entry--><a href=\"https:\/\/www.europa-prefabri.com\/wp-content\/uploads\/aeropuerto-de-malaga.png\" data-srcset=\"https:\/\/www.europa-prefabri.com\/wp-content\/uploads\/aeropuerto-de-malaga.png 800w, https:\/\/www.europa-prefabri.com\/wp-content\/uploads\/aeropuerto-de-malaga-300x225.png 300w, https:\/\/www.europa-prefabri.com\/wp-content\/uploads\/aeropuerto-de-malaga-768x576.png 768w, https:\/\/www.europa-prefabri.com\/wp-content\/uploads\/aeropuerto-de-malaga-705x529.png 705w, https:\/\/www.europa-prefabri.com\/wp-content\/uploads\/aeropuerto-de-malaga-450x338.png 450w\" data-sizes=\"(max-width: 800px) 100vw, 800px\"  aria-label=\"image aeropuerto de malaga\"  id='av-masonry-1-item-22130' data-av-masonry-item='22130' class='av-masonry-entry isotope-item post-22130 attachment type-attachment status-inherit hentry  av-masonry-item-with-image' title=\"aeropuerto de malaga\" alt=\"\"    itemprop=\"thumbnailUrl\" ><div class='av-inner-masonry-sizer'><\/div><figure class='av-inner-masonry main_color'><div class=\"av-masonry-outerimage-container\"><div class='av-masonry-image-container' style=\"background-image: url(https:\/\/www.europa-prefabri.com\/wp-content\/uploads\/aeropuerto-de-malaga-705x529.png);\"  title=\"aeropuerto de malaga\" ><\/div><\/div><\/figure><\/a><!--end av-masonry entry--><a href=\"https:\/\/www.europa-prefabri.com\/wp-content\/uploads\/celosia-curva-doble-1030x773.jpg\" data-srcset=\"https:\/\/www.europa-prefabri.com\/wp-content\/uploads\/celosia-curva-doble-1030x773.jpg 1030w, https:\/\/www.europa-prefabri.com\/wp-content\/uploads\/celosia-curva-doble-300x225.jpg 300w, https:\/\/www.europa-prefabri.com\/wp-content\/uploads\/celosia-curva-doble-768x576.jpg 768w, https:\/\/www.europa-prefabri.com\/wp-content\/uploads\/celosia-curva-doble-1500x1125.jpg 1500w, https:\/\/www.europa-prefabri.com\/wp-content\/uploads\/celosia-curva-doble-705x529.jpg 705w, https:\/\/www.europa-prefabri.com\/wp-content\/uploads\/celosia-curva-doble-450x338.jpg 450w\" data-sizes=\"(max-width: 1030px) 100vw, 1030px\"  aria-label=\"image celosia-curva-doble\"  id='av-masonry-1-item-22485' data-av-masonry-item='22485' class='av-masonry-entry isotope-item post-22485 attachment type-attachment status-inherit hentry  av-masonry-item-with-image' title=\"celosia-curva-doble\" alt=\"modelo celos\u00eda\"    itemprop=\"thumbnailUrl\" ><div class='av-inner-masonry-sizer'><\/div><figure class='av-inner-masonry main_color'><div class=\"av-masonry-outerimage-container\"><div class='av-masonry-image-container' style=\"background-image: url(https:\/\/www.europa-prefabri.com\/wp-content\/uploads\/celosia-curva-doble-705x529.jpg);\"  title=\"celosia-curva-doble\" ><\/div><\/div><\/figure><\/a><!--end av-masonry entry--><a href=\"https:\/\/www.europa-prefabri.com\/wp-content\/uploads\/Imagen-022_800x6002.jpg\" data-srcset=\"https:\/\/www.europa-prefabri.com\/wp-content\/uploads\/Imagen-022_800x6002.jpg 800w, https:\/\/www.europa-prefabri.com\/wp-content\/uploads\/Imagen-022_800x6002-300x225.jpg 300w, https:\/\/www.europa-prefabri.com\/wp-content\/uploads\/Imagen-022_800x6002-705x529.jpg 705w, https:\/\/www.europa-prefabri.com\/wp-content\/uploads\/Imagen-022_800x6002-450x338.jpg 450w\" data-sizes=\"(max-width: 800px) 100vw, 800px\"  aria-label=\"image Imagen-022_800x600\"  id='av-masonry-1-item-7113' data-av-masonry-item='7113' class='av-masonry-entry isotope-item post-7113 attachment type-attachment status-inherit hentry  av-masonry-item-with-image' title=\"Imagen-022_800x600\" alt=\"\"    itemprop=\"thumbnailUrl\" ><div class='av-inner-masonry-sizer'><\/div><figure class='av-inner-masonry main_color'><div class=\"av-masonry-outerimage-container\"><div class='av-masonry-image-container' style=\"background-image: url(https:\/\/www.europa-prefabri.com\/wp-content\/uploads\/Imagen-022_800x6002-705x529.jpg);\"  title=\"Imagen-022_800x600\" ><\/div><\/div><\/figure><\/a><!--end av-masonry entry--><a href=\"https:\/\/www.europa-prefabri.com\/wp-content\/uploads\/IMG_3966-Copy.jpg\" data-srcset=\"https:\/\/www.europa-prefabri.com\/wp-content\/uploads\/IMG_3966-Copy.jpg 450w, https:\/\/www.europa-prefabri.com\/wp-content\/uploads\/IMG_3966-Copy-225x300.jpg 225w\" data-sizes=\"(max-width: 450px) 100vw, 450px\"  aria-label=\"image abris voiture m\u00e9talliques avec une couverture en t\u00f4le galvanis\u00e9e pour l&#8217;a\u00e9roport de Madrid\"  id='av-masonry-1-item-10560' data-av-masonry-item='10560' class='av-masonry-entry isotope-item post-10560 attachment type-attachment status-inherit hentry  av-masonry-item-with-image' title=\"abris voiture m\u00e9talliques avec une couverture en t\u00f4le galvanis\u00e9e pour l&#8217;a\u00e9roport de Madrid\" alt=\"abris voiture m\u00e9talliques avec une couverture en t\u00f4le galvanis\u00e9e pour l&#039;a\u00e9roport de Madrid\"    itemprop=\"thumbnailUrl\" ><div class='av-inner-masonry-sizer'><\/div><figure class='av-inner-masonry main_color'><div class=\"av-masonry-outerimage-container\"><div class='av-masonry-image-container' style=\"background-image: url(https:\/\/www.europa-prefabri.com\/wp-content\/uploads\/IMG_3966-Copy.jpg);\"  title=\"abris voiture m\u00e9talliques avec une couverture en t\u00f4le galvanis\u00e9e pour l&#8217;a\u00e9roport de Madrid\" ><\/div><\/div><\/figure><\/a><!--end av-masonry entry--><a href=\"https:\/\/www.europa-prefabri.com\/wp-content\/uploads\/PICT0551_800x6001.jpg\" data-srcset=\"https:\/\/www.europa-prefabri.com\/wp-content\/uploads\/PICT0551_800x6001.jpg 800w, https:\/\/www.europa-prefabri.com\/wp-content\/uploads\/PICT0551_800x6001-300x225.jpg 300w, https:\/\/www.europa-prefabri.com\/wp-content\/uploads\/PICT0551_800x6001-705x529.jpg 705w, https:\/\/www.europa-prefabri.com\/wp-content\/uploads\/PICT0551_800x6001-450x338.jpg 450w\" data-sizes=\"(max-width: 800px) 100vw, 800px\"  aria-label=\"image DIGITAL CAMERA\"  id='av-masonry-1-item-7119' data-av-masonry-item='7119' class='av-masonry-entry isotope-item post-7119 attachment type-attachment status-inherit hentry  av-masonry-item-with-image' title=\"DIGITAL CAMERA\" alt=\"\"    itemprop=\"thumbnailUrl\" ><div class='av-inner-masonry-sizer'><\/div><figure class='av-inner-masonry main_color'><div class=\"av-masonry-outerimage-container\"><div class='av-masonry-image-container' style=\"background-image: url(https:\/\/www.europa-prefabri.com\/wp-content\/uploads\/PICT0551_800x6001-705x529.jpg);\"  title=\"DIGITAL CAMERA\" ><\/div><\/div><\/figure><\/a><!--end av-masonry entry--><a href=\"https:\/\/www.europa-prefabri.com\/wp-content\/uploads\/20141112_110703_800x4801.jpg\" data-srcset=\"https:\/\/www.europa-prefabri.com\/wp-content\/uploads\/20141112_110703_800x4801.jpg 800w, https:\/\/www.europa-prefabri.com\/wp-content\/uploads\/20141112_110703_800x4801-300x180.jpg 300w, https:\/\/www.europa-prefabri.com\/wp-content\/uploads\/20141112_110703_800x4801-705x423.jpg 705w, https:\/\/www.europa-prefabri.com\/wp-content\/uploads\/20141112_110703_800x4801-450x270.jpg 450w\" data-sizes=\"(max-width: 800px) 100vw, 800px\"  aria-label=\"image 20141112_110703_800x480\"  id='av-masonry-1-item-7101' data-av-masonry-item='7101' class='av-masonry-entry isotope-item post-7101 attachment type-attachment status-inherit hentry  av-masonry-item-with-image' title=\"20141112_110703_800x480\" alt=\"\"    itemprop=\"thumbnailUrl\" ><div class='av-inner-masonry-sizer'><\/div><figure class='av-inner-masonry main_color'><div class=\"av-masonry-outerimage-container\"><div class='av-masonry-image-container' style=\"background-image: url(https:\/\/www.europa-prefabri.com\/wp-content\/uploads\/20141112_110703_800x4801-705x423.jpg);\"  title=\"20141112_110703_800x480\" ><\/div><\/div><\/figure><\/a><!--end av-masonry entry--><a href=\"https:\/\/www.europa-prefabri.com\/wp-content\/uploads\/122.jpg\" data-srcset=\"https:\/\/www.europa-prefabri.com\/wp-content\/uploads\/122.jpg 710w, https:\/\/www.europa-prefabri.com\/wp-content\/uploads\/122-300x243.jpg 300w, https:\/\/www.europa-prefabri.com\/wp-content\/uploads\/122-495x400.jpg 495w, https:\/\/www.europa-prefabri.com\/wp-content\/uploads\/122-705x571.jpg 705w, https:\/\/www.europa-prefabri.com\/wp-content\/uploads\/122-450x364.jpg 450w\" data-sizes=\"(max-width: 710px) 100vw, 710px\"  aria-label=\"image 12\"  id='av-masonry-1-item-7092' data-av-masonry-item='7092' class='av-masonry-entry isotope-item post-7092 attachment type-attachment status-inherit hentry  av-masonry-item-with-image' title=\"12\" alt=\"\"    itemprop=\"thumbnailUrl\" ><div class='av-inner-masonry-sizer'><\/div><figure class='av-inner-masonry main_color'><div class=\"av-masonry-outerimage-container\"><div class='av-masonry-image-container' style=\"background-image: url(https:\/\/www.europa-prefabri.com\/wp-content\/uploads\/122-705x571.jpg);\"  title=\"12\" ><\/div><\/div><\/figure><\/a><!--end av-masonry entry--><a href=\"https:\/\/www.europa-prefabri.com\/wp-content\/uploads\/3-Marquesina-parking-EUROPA-tipo-B1.jpg\" data-srcset=\"https:\/\/www.europa-prefabri.com\/wp-content\/uploads\/3-Marquesina-parking-EUROPA-tipo-B1.jpg 710w, https:\/\/www.europa-prefabri.com\/wp-content\/uploads\/3-Marquesina-parking-EUROPA-tipo-B1-300x243.jpg 300w, https:\/\/www.europa-prefabri.com\/wp-content\/uploads\/3-Marquesina-parking-EUROPA-tipo-B1-495x400.jpg 495w, https:\/\/www.europa-prefabri.com\/wp-content\/uploads\/3-Marquesina-parking-EUROPA-tipo-B1-705x571.jpg 705w, https:\/\/www.europa-prefabri.com\/wp-content\/uploads\/3-Marquesina-parking-EUROPA-tipo-B1-450x364.jpg 450w\" data-sizes=\"(max-width: 710px) 100vw, 710px\"  aria-label=\"image 3-Marquesina-parking-EUROPA-tipo-B\"  id='av-masonry-1-item-7077' data-av-masonry-item='7077' class='av-masonry-entry isotope-item post-7077 attachment type-attachment status-inherit hentry  av-masonry-item-with-image' title=\"3-Marquesina-parking-EUROPA-tipo-B\" alt=\"\"    itemprop=\"thumbnailUrl\" ><div class='av-inner-masonry-sizer'><\/div><figure class='av-inner-masonry main_color'><div class=\"av-masonry-outerimage-container\"><div class='av-masonry-image-container' style=\"background-image: url(https:\/\/www.europa-prefabri.com\/wp-content\/uploads\/3-Marquesina-parking-EUROPA-tipo-B1-705x571.jpg);\"  title=\"3-Marquesina-parking-EUROPA-tipo-B\" ><\/div><\/div><\/figure><\/a><!--end av-masonry entry--><a href=\"https:\/\/www.europa-prefabri.com\/wp-content\/uploads\/marquesinas-de-aparcamiento-para-la-fabrica-de-san-miguel-en-malaga-04.jpg\" data-srcset=\"https:\/\/www.europa-prefabri.com\/wp-content\/uploads\/marquesinas-de-aparcamiento-para-la-fabrica-de-san-miguel-en-malaga-04.jpg 800w, https:\/\/www.europa-prefabri.com\/wp-content\/uploads\/marquesinas-de-aparcamiento-para-la-fabrica-de-san-miguel-en-malaga-04-300x225.jpg 300w, https:\/\/www.europa-prefabri.com\/wp-content\/uploads\/marquesinas-de-aparcamiento-para-la-fabrica-de-san-miguel-en-malaga-04-768x576.jpg 768w, https:\/\/www.europa-prefabri.com\/wp-content\/uploads\/marquesinas-de-aparcamiento-para-la-fabrica-de-san-miguel-en-malaga-04-705x529.jpg 705w, https:\/\/www.europa-prefabri.com\/wp-content\/uploads\/marquesinas-de-aparcamiento-para-la-fabrica-de-san-miguel-en-malaga-04-450x338.jpg 450w\" data-sizes=\"(max-width: 800px) 100vw, 800px\"  aria-label=\"image marquesinas de aparcamiento para la fabrica de san miguel en malaga 04\"  id='av-masonry-1-item-16652' data-av-masonry-item='16652' class='av-masonry-entry isotope-item post-16652 attachment type-attachment status-inherit hentry  av-masonry-item-with-image' title=\"marquesinas de aparcamiento para la fabrica de san miguel en malaga 04\" alt=\"\"    itemprop=\"thumbnailUrl\" ><div class='av-inner-masonry-sizer'><\/div><figure class='av-inner-masonry main_color'><div class=\"av-masonry-outerimage-container\"><div class='av-masonry-image-container' style=\"background-image: url(https:\/\/www.europa-prefabri.com\/wp-content\/uploads\/marquesinas-de-aparcamiento-para-la-fabrica-de-san-miguel-en-malaga-04-705x529.jpg);\"  title=\"marquesinas de aparcamiento para la fabrica de san miguel en malaga 04\" ><\/div><\/div><\/figure><\/a><!--end av-masonry entry--><a href=\"https:\/\/www.europa-prefabri.com\/wp-content\/uploads\/marquesina-aprcamiento-1030x763.jpg\" data-srcset=\"https:\/\/www.europa-prefabri.com\/wp-content\/uploads\/marquesina-aprcamiento-1030x763.jpg 1030w, https:\/\/www.europa-prefabri.com\/wp-content\/uploads\/marquesina-aprcamiento-300x222.jpg 300w, https:\/\/www.europa-prefabri.com\/wp-content\/uploads\/marquesina-aprcamiento-768x569.jpg 768w, https:\/\/www.europa-prefabri.com\/wp-content\/uploads\/marquesina-aprcamiento-1500x1112.jpg 1500w, https:\/\/www.europa-prefabri.com\/wp-content\/uploads\/marquesina-aprcamiento-705x523.jpg 705w, https:\/\/www.europa-prefabri.com\/wp-content\/uploads\/marquesina-aprcamiento-450x334.jpg 450w, https:\/\/www.europa-prefabri.com\/wp-content\/uploads\/marquesina-aprcamiento.jpg 1600w\" data-sizes=\"(max-width: 1030px) 100vw, 1030px\"  aria-label=\"image marquesina-aprcamiento\"  id='av-masonry-1-item-23268' data-av-masonry-item='23268' class='av-masonry-entry isotope-item post-23268 attachment type-attachment status-inherit hentry  av-masonry-item-with-image' title=\"marquesina-aprcamiento\" alt=\"marquesina aparcamiento\"    itemprop=\"thumbnailUrl\" ><div class='av-inner-masonry-sizer'><\/div><figure class='av-inner-masonry main_color'><div class=\"av-masonry-outerimage-container\"><div class='av-masonry-image-container' style=\"background-image: url(https:\/\/www.europa-prefabri.com\/wp-content\/uploads\/marquesina-aprcamiento-705x523.jpg);\"  title=\"marquesina-aprcamiento\" ><\/div><\/div><\/figure><\/a><!--end av-masonry entry--><a href=\"https:\/\/www.europa-prefabri.com\/wp-content\/uploads\/marquesina-parking-modelo-ipe.jpg\" data-srcset=\"https:\/\/www.europa-prefabri.com\/wp-content\/uploads\/marquesina-parking-modelo-ipe.jpg 800w, https:\/\/www.europa-prefabri.com\/wp-content\/uploads\/marquesina-parking-modelo-ipe-300x225.jpg 300w, https:\/\/www.europa-prefabri.com\/wp-content\/uploads\/marquesina-parking-modelo-ipe-768x576.jpg 768w, https:\/\/www.europa-prefabri.com\/wp-content\/uploads\/marquesina-parking-modelo-ipe-705x529.jpg 705w, https:\/\/www.europa-prefabri.com\/wp-content\/uploads\/marquesina-parking-modelo-ipe-450x338.jpg 450w\" data-sizes=\"(max-width: 800px) 100vw, 800px\"  aria-label=\"image marquesina-parking-modelo-ipe\"  id='av-masonry-1-item-22921' data-av-masonry-item='22921' class='av-masonry-entry isotope-item post-22921 attachment type-attachment status-inherit hentry  av-masonry-item-with-image' title=\"marquesina-parking-modelo-ipe\" alt=\"marquesina aparcamiento\"    itemprop=\"thumbnailUrl\" ><div class='av-inner-masonry-sizer'><\/div><figure class='av-inner-masonry main_color'><div class=\"av-masonry-outerimage-container\"><div class='av-masonry-image-container' style=\"background-image: url(https:\/\/www.europa-prefabri.com\/wp-content\/uploads\/marquesina-parking-modelo-ipe-705x529.jpg);\"  title=\"marquesina-parking-modelo-ipe\" ><\/div><\/div><\/figure><\/a><!--end av-masonry entry--><\/div><\/div><br \/>\n\n<style type=\"text\/css\" data-created_by=\"avia_inline_auto\" id=\"style-css-av-av_hr-4474f20d2389e2e5ecf918a02da5132e\">\n#top .hr.hr-invisible.av-av_hr-4474f20d2389e2e5ecf918a02da5132e{\nheight:50px;\n}\n<\/style>\n<div  class='hr av-av_hr-4474f20d2389e2e5ecf918a02da5132e hr-invisible  avia-builder-el-4  el_after_av_masonry_gallery  el_before_av_button  avia-builder-el-first '><span class='hr-inner '><span class=\"hr-inner-style\"><\/span><\/span><\/div><br \/>\n<div  class='avia-button-wrap av-av_button-b6a3a9db048b0dade84dcc6609903b89-wrap avia-button-center  avia-builder-el-5  el_after_av_hr  avia-builder-el-last '><a href='https:\/\/www.europa-prefabri.com\/fr\/produits\/carports\/'  class='avia-button av-av_button-b6a3a9db048b0dade84dcc6609903b89 av-link-btn avia-icon_select-no avia-size-medium avia-position-center avia-color-theme-color'  target=\"_blank\"  rel=\"noopener noreferrer\"  aria-label=\"Voir produits\"><span class='avia_iconbox_title' >Voir produits<\/span><\/a><\/div><\/p><\/div>\n<div  class='flex_column av-av_one_full-2a9015ff38129c418a3f2eafba3e9512 av_one_full  avia-builder-el-6  el_after_av_two_third  avia-builder-el-last  first flex_column_div  column-top-margin'     ><div  class='avia-logo-element-container av-av_partner-2ad347bf0e68fd9f51c63789115ddef4 av-border-deactivate avia-logo-slider avia-content-slider avia-smallarrow-slider avia-content-slider-active noHover avia-content-slider-even  avia-builder-el-7  avia-builder-el-no-sibling  av-slideshow-ui av-control-default av-nav-arrows-visible av-nav-dots-visible av-no-slider-navigation av-slideshow-manual av-loop-once av-loop-manual-endless avia-content-slider1' data-slideshow-options=\"{&quot;animation&quot;:&quot;slide&quot;,&quot;autoplay&quot;:false,&quot;loop_autoplay&quot;:&quot;once&quot;,&quot;interval&quot;:5,&quot;loop_manual&quot;:&quot;manual-endless&quot;,&quot;autoplay_stopper&quot;:false,&quot;noNavigation&quot;:false,&quot;bg_slider&quot;:false,&quot;keep_padding&quot;:&quot;&quot;,&quot;hoverpause&quot;:false,&quot;show_slide_delay&quot;:0}\"><div class='avia-smallarrow-slider-heading  no-logo-slider-heading '><div class='new-special-heading'>&nbsp;<\/div><\/div><div class=\"avia-content-slider-inner\"><div class=\"slide-entry-wrap\"><div  class='slide-entry av-av_partner_logo-9bb17f6e0bfa92b58596ebd98fce2a51 flex_column no_margin av_one_eighth real-thumbnail post-entry slide-entry-overview slide-loop-1 slide-parity-odd  first'><span class='av-partner-fake-img' style='padding-bottom:46.753246753247%; background-image:url(https:\/\/www.europa-prefabri.com\/wp-content\/uploads\/ahorramas-logo.jpg);'><\/span><\/div><div  class='slide-entry av-av_partner_logo-eadbb510399e0b97c5a5ec7faa358eec flex_column no_margin av_one_eighth real-thumbnail post-entry slide-entry-overview slide-loop-2 slide-parity-even  '><span class='av-partner-fake-img' style='padding-bottom:46.753246753247%; background-image:url(https:\/\/www.europa-prefabri.com\/wp-content\/uploads\/lidl-logo.jpg);'><\/span><\/div><div  class='slide-entry av-av_partner_logo-d896fea1381cb29f2f85821219179360 flex_column no_margin av_one_eighth real-thumbnail post-entry slide-entry-overview slide-loop-3 slide-parity-odd  '><span class='av-partner-fake-img' style='padding-bottom:46.753246753247%; background-image:url(https:\/\/www.europa-prefabri.com\/wp-content\/uploads\/aena-logo.jpg);'><\/span><\/div><div  class='slide-entry av-av_partner_logo-17d8172515343e4baadd07b83763f755 flex_column no_margin av_one_eighth real-thumbnail post-entry slide-entry-overview slide-loop-4 slide-parity-even  '><span class='av-partner-fake-img' style='padding-bottom:46.753246753247%; background-image:url(https:\/\/www.europa-prefabri.com\/wp-content\/uploads\/el-sorte-ingles.jpg);'><\/span><\/div><div  class='slide-entry av-av_partner_logo-ef753382c37a955713ac53510c827f2c flex_column no_margin av_one_eighth real-thumbnail post-entry slide-entry-overview slide-loop-5 slide-parity-odd  '><span class='av-partner-fake-img' style='padding-bottom:46.753246753247%; background-image:url(https:\/\/www.europa-prefabri.com\/wp-content\/uploads\/logo-hiperusera_320x113.jpg);'><\/span><\/div><div  class='slide-entry av-av_partner_logo-e7d525d6ff151584312c928b5c489b8d flex_column no_margin av_one_eighth real-thumbnail post-entry slide-entry-overview slide-loop-6 slide-parity-even post-entry-last '><span class='av-partner-fake-img' style='padding-bottom:46.753246753247%; background-image:url(https:\/\/www.europa-prefabri.com\/wp-content\/uploads\/logo_320x110.jpg);'><\/span><\/div><\/div><\/div><\/div><\/div>\n","protected":false},"excerpt":{"rendered":"","protected":false},"author":4,"featured_media":22158,"comment_status":"closed","ping_status":"closed","template":"","meta":{"footnotes":""},"tags":[],"portfolio_entries":[100],"class_list":["post-6771","portfolio","type-portfolio","status-publish","has-post-thumbnail","hentry","portfolio_entries-secteurs-fr"],"yoast_head":"<!-- This site is optimized with the Yoast SEO plugin v27.5 - https:\/\/yoast.com\/product\/yoast-seo-wordpress\/ -->\n<title>Abris de voiture: Europa Prefabri est leader dans la fabrication et montage de carports et parkings<\/title>\n<meta name=\"description\" content=\"Nous fabriquons des abris de voiture. Nous travaillons en toute la France et l&#039;Afrique. Nous d\u00e9veloppons des projets carports sur mesure.\" \/>\n<meta name=\"robots\" content=\"index, follow, max-snippet:-1, max-image-preview:large, max-video-preview:-1\" \/>\n<link rel=\"canonical\" href=\"https:\/\/www.europa-prefabri.com\/fr\/portfolio-item\/abris-de-voiture\/\" \/>\n<meta property=\"og:locale\" content=\"fr_FR\" \/>\n<meta property=\"og:type\" content=\"article\" \/>\n<meta property=\"og:title\" content=\"Abris de voiture: Europa Prefabri est leader dans la fabrication et montage de carports et parkings\" \/>\n<meta property=\"og:description\" content=\"Nous fabriquons des abris de voiture. Nous travaillons en toute la France et l&#039;Afrique. Nous d\u00e9veloppons des projets carports sur mesure.\" \/>\n<meta property=\"og:url\" content=\"https:\/\/www.europa-prefabri.com\/fr\/portfolio-item\/abris-de-voiture\/\" \/>\n<meta property=\"og:site_name\" content=\"Europa Prefabri | Alquiler y venta de construcciones modulares\" \/>\n<meta property=\"article:publisher\" content=\"https:\/\/www.facebook.com\/Europa-Prefabri-258328977572213\/\" \/>\n<meta property=\"article:modified_time\" content=\"2021-06-15T10:45:53+00:00\" \/>\n<meta property=\"og:image\" content=\"https:\/\/www.europa-prefabri.com\/wp-content\/uploads\/marquesinas-de-aparcamiento-para-destileria-en-zaragoza-01.jpg\" \/>\n\t<meta property=\"og:image:width\" content=\"800\" \/>\n\t<meta property=\"og:image:height\" content=\"600\" \/>\n\t<meta property=\"og:image:type\" content=\"image\/jpeg\" \/>\n<meta name=\"twitter:card\" content=\"summary_large_image\" \/>\n<meta name=\"twitter:site\" content=\"@EuropaPrefabri\" \/>\n<meta name=\"twitter:label1\" content=\"Est. reading time\" \/>\n\t<meta name=\"twitter:data1\" content=\"2 minutes\" \/>\n<script type=\"application\/ld+json\" class=\"yoast-schema-graph\">{\"@context\":\"https:\\\/\\\/schema.org\",\"@graph\":[{\"@type\":\"WebPage\",\"@id\":\"https:\\\/\\\/www.europa-prefabri.com\\\/fr\\\/portfolio-item\\\/abris-de-voiture\\\/\",\"url\":\"https:\\\/\\\/www.europa-prefabri.com\\\/fr\\\/portfolio-item\\\/abris-de-voiture\\\/\",\"name\":\"Abris de voiture: Europa Prefabri est leader dans la fabrication et montage de carports et parkings\",\"isPartOf\":{\"@id\":\"https:\\\/\\\/www.europa-prefabri.com\\\/#website\"},\"primaryImageOfPage\":{\"@id\":\"https:\\\/\\\/www.europa-prefabri.com\\\/fr\\\/portfolio-item\\\/abris-de-voiture\\\/#primaryimage\"},\"image\":{\"@id\":\"https:\\\/\\\/www.europa-prefabri.com\\\/fr\\\/portfolio-item\\\/abris-de-voiture\\\/#primaryimage\"},\"thumbnailUrl\":\"https:\\\/\\\/www.europa-prefabri.com\\\/wp-content\\\/uploads\\\/marquesinas-de-aparcamiento-para-destileria-en-zaragoza-01.jpg\",\"datePublished\":\"2012-02-11T18:00:53+00:00\",\"dateModified\":\"2021-06-15T10:45:53+00:00\",\"description\":\"Nous fabriquons des abris de voiture. Nous travaillons en toute la France et l'Afrique. Nous d\u00e9veloppons des projets carports sur mesure.\",\"breadcrumb\":{\"@id\":\"https:\\\/\\\/www.europa-prefabri.com\\\/fr\\\/portfolio-item\\\/abris-de-voiture\\\/#breadcrumb\"},\"inLanguage\":\"fr-FR\",\"potentialAction\":[{\"@type\":\"ReadAction\",\"target\":[\"https:\\\/\\\/www.europa-prefabri.com\\\/fr\\\/portfolio-item\\\/abris-de-voiture\\\/\"]}]},{\"@type\":\"ImageObject\",\"inLanguage\":\"fr-FR\",\"@id\":\"https:\\\/\\\/www.europa-prefabri.com\\\/fr\\\/portfolio-item\\\/abris-de-voiture\\\/#primaryimage\",\"url\":\"https:\\\/\\\/www.europa-prefabri.com\\\/wp-content\\\/uploads\\\/marquesinas-de-aparcamiento-para-destileria-en-zaragoza-01.jpg\",\"contentUrl\":\"https:\\\/\\\/www.europa-prefabri.com\\\/wp-content\\\/uploads\\\/marquesinas-de-aparcamiento-para-destileria-en-zaragoza-01.jpg\",\"width\":800,\"height\":600},{\"@type\":\"BreadcrumbList\",\"@id\":\"https:\\\/\\\/www.europa-prefabri.com\\\/fr\\\/portfolio-item\\\/abris-de-voiture\\\/#breadcrumb\",\"itemListElement\":[{\"@type\":\"ListItem\",\"position\":1,\"name\":\"Portada\",\"item\":\"https:\\\/\\\/www.europa-prefabri.com\\\/fr\\\/\"},{\"@type\":\"ListItem\",\"position\":2,\"name\":\"Abris de voiture\"}]},{\"@type\":\"WebSite\",\"@id\":\"https:\\\/\\\/www.europa-prefabri.com\\\/#website\",\"url\":\"https:\\\/\\\/www.europa-prefabri.com\\\/\",\"name\":\"Europa Prefabri | Alquiler y venta de construcciones modulares\",\"description\":\"Alquiler y venta de construcciones modulares, casetas de obra, marquesinas de aparcamiento y vallas y cerramientos.\",\"publisher\":{\"@id\":\"https:\\\/\\\/www.europa-prefabri.com\\\/#organization\"},\"potentialAction\":[{\"@type\":\"SearchAction\",\"target\":{\"@type\":\"EntryPoint\",\"urlTemplate\":\"https:\\\/\\\/www.europa-prefabri.com\\\/?s={search_term_string}\"},\"query-input\":{\"@type\":\"PropertyValueSpecification\",\"valueRequired\":true,\"valueName\":\"search_term_string\"}}],\"inLanguage\":\"fr-FR\"},{\"@type\":\"Organization\",\"@id\":\"https:\\\/\\\/www.europa-prefabri.com\\\/#organization\",\"name\":\"Prefabri S.L.\",\"url\":\"https:\\\/\\\/www.europa-prefabri.com\\\/\",\"logo\":{\"@type\":\"ImageObject\",\"inLanguage\":\"fr-FR\",\"@id\":\"https:\\\/\\\/www.europa-prefabri.com\\\/#\\\/schema\\\/logo\\\/image\\\/\",\"url\":\"https:\\\/\\\/www.europa-prefabri.com\\\/wp-content\\\/uploads\\\/EuropaPrefabri-Logo.jpg\",\"contentUrl\":\"https:\\\/\\\/www.europa-prefabri.com\\\/wp-content\\\/uploads\\\/EuropaPrefabri-Logo.jpg\",\"width\":752,\"height\":348,\"caption\":\"Prefabri S.L.\"},\"image\":{\"@id\":\"https:\\\/\\\/www.europa-prefabri.com\\\/#\\\/schema\\\/logo\\\/image\\\/\"},\"sameAs\":[\"https:\\\/\\\/www.facebook.com\\\/Europa-Prefabri-258328977572213\\\/\",\"https:\\\/\\\/x.com\\\/EuropaPrefabri\",\"https:\\\/\\\/www.instagram.com\\\/europaprefabri\\\/\",\"https:\\\/\\\/es.linkedin.com\\\/company\\\/europa-prefabri\",\"https:\\\/\\\/es.pinterest.com\\\/europaprefabri\\\/\",\"https:\\\/\\\/www.youtube.com\\\/user\\\/PrefabriSL\"]}]}<\/script>\n<!-- \/ Yoast SEO plugin. -->","yoast_head_json":{"title":"Abris de voiture: Europa Prefabri est leader dans la fabrication et montage de carports et parkings","description":"Nous fabriquons des abris de voiture. Nous travaillons en toute la France et l'Afrique. Nous d\u00e9veloppons des projets carports sur mesure.","robots":{"index":"index","follow":"follow","max-snippet":"max-snippet:-1","max-image-preview":"max-image-preview:large","max-video-preview":"max-video-preview:-1"},"canonical":"https:\/\/www.europa-prefabri.com\/fr\/portfolio-item\/abris-de-voiture\/","og_locale":"fr_FR","og_type":"article","og_title":"Abris de voiture: Europa Prefabri est leader dans la fabrication et montage de carports et parkings","og_description":"Nous fabriquons des abris de voiture. Nous travaillons en toute la France et l'Afrique. Nous d\u00e9veloppons des projets carports sur mesure.","og_url":"https:\/\/www.europa-prefabri.com\/fr\/portfolio-item\/abris-de-voiture\/","og_site_name":"Europa Prefabri | Alquiler y venta de construcciones modulares","article_publisher":"https:\/\/www.facebook.com\/Europa-Prefabri-258328977572213\/","article_modified_time":"2021-06-15T10:45:53+00:00","og_image":[{"width":800,"height":600,"url":"https:\/\/www.europa-prefabri.com\/wp-content\/uploads\/marquesinas-de-aparcamiento-para-destileria-en-zaragoza-01.jpg","type":"image\/jpeg"}],"twitter_card":"summary_large_image","twitter_site":"@EuropaPrefabri","twitter_misc":{"Est. reading time":"2 minutes"},"schema":{"@context":"https:\/\/schema.org","@graph":[{"@type":"WebPage","@id":"https:\/\/www.europa-prefabri.com\/fr\/portfolio-item\/abris-de-voiture\/","url":"https:\/\/www.europa-prefabri.com\/fr\/portfolio-item\/abris-de-voiture\/","name":"Abris de voiture: Europa Prefabri est leader dans la fabrication et montage de carports et parkings","isPartOf":{"@id":"https:\/\/www.europa-prefabri.com\/#website"},"primaryImageOfPage":{"@id":"https:\/\/www.europa-prefabri.com\/fr\/portfolio-item\/abris-de-voiture\/#primaryimage"},"image":{"@id":"https:\/\/www.europa-prefabri.com\/fr\/portfolio-item\/abris-de-voiture\/#primaryimage"},"thumbnailUrl":"https:\/\/www.europa-prefabri.com\/wp-content\/uploads\/marquesinas-de-aparcamiento-para-destileria-en-zaragoza-01.jpg","datePublished":"2012-02-11T18:00:53+00:00","dateModified":"2021-06-15T10:45:53+00:00","description":"Nous fabriquons des abris de voiture. Nous travaillons en toute la France et l'Afrique. Nous d\u00e9veloppons des projets carports sur mesure.","breadcrumb":{"@id":"https:\/\/www.europa-prefabri.com\/fr\/portfolio-item\/abris-de-voiture\/#breadcrumb"},"inLanguage":"fr-FR","potentialAction":[{"@type":"ReadAction","target":["https:\/\/www.europa-prefabri.com\/fr\/portfolio-item\/abris-de-voiture\/"]}]},{"@type":"ImageObject","inLanguage":"fr-FR","@id":"https:\/\/www.europa-prefabri.com\/fr\/portfolio-item\/abris-de-voiture\/#primaryimage","url":"https:\/\/www.europa-prefabri.com\/wp-content\/uploads\/marquesinas-de-aparcamiento-para-destileria-en-zaragoza-01.jpg","contentUrl":"https:\/\/www.europa-prefabri.com\/wp-content\/uploads\/marquesinas-de-aparcamiento-para-destileria-en-zaragoza-01.jpg","width":800,"height":600},{"@type":"BreadcrumbList","@id":"https:\/\/www.europa-prefabri.com\/fr\/portfolio-item\/abris-de-voiture\/#breadcrumb","itemListElement":[{"@type":"ListItem","position":1,"name":"Portada","item":"https:\/\/www.europa-prefabri.com\/fr\/"},{"@type":"ListItem","position":2,"name":"Abris de voiture"}]},{"@type":"WebSite","@id":"https:\/\/www.europa-prefabri.com\/#website","url":"https:\/\/www.europa-prefabri.com\/","name":"Europa Prefabri | Alquiler y venta de construcciones modulares","description":"Alquiler y venta de construcciones modulares, casetas de obra, marquesinas de aparcamiento y vallas y cerramientos.","publisher":{"@id":"https:\/\/www.europa-prefabri.com\/#organization"},"potentialAction":[{"@type":"SearchAction","target":{"@type":"EntryPoint","urlTemplate":"https:\/\/www.europa-prefabri.com\/?s={search_term_string}"},"query-input":{"@type":"PropertyValueSpecification","valueRequired":true,"valueName":"search_term_string"}}],"inLanguage":"fr-FR"},{"@type":"Organization","@id":"https:\/\/www.europa-prefabri.com\/#organization","name":"Prefabri S.L.","url":"https:\/\/www.europa-prefabri.com\/","logo":{"@type":"ImageObject","inLanguage":"fr-FR","@id":"https:\/\/www.europa-prefabri.com\/#\/schema\/logo\/image\/","url":"https:\/\/www.europa-prefabri.com\/wp-content\/uploads\/EuropaPrefabri-Logo.jpg","contentUrl":"https:\/\/www.europa-prefabri.com\/wp-content\/uploads\/EuropaPrefabri-Logo.jpg","width":752,"height":348,"caption":"Prefabri S.L."},"image":{"@id":"https:\/\/www.europa-prefabri.com\/#\/schema\/logo\/image\/"},"sameAs":["https:\/\/www.facebook.com\/Europa-Prefabri-258328977572213\/","https:\/\/x.com\/EuropaPrefabri","https:\/\/www.instagram.com\/europaprefabri\/","https:\/\/es.linkedin.com\/company\/europa-prefabri","https:\/\/es.pinterest.com\/europaprefabri\/","https:\/\/www.youtube.com\/user\/PrefabriSL"]}]}},"_links":{"self":[{"href":"https:\/\/www.europa-prefabri.com\/fr\/wp-json\/wp\/v2\/portfolio\/6771","targetHints":{"allow":["GET"]}}],"collection":[{"href":"https:\/\/www.europa-prefabri.com\/fr\/wp-json\/wp\/v2\/portfolio"}],"about":[{"href":"https:\/\/www.europa-prefabri.com\/fr\/wp-json\/wp\/v2\/types\/portfolio"}],"author":[{"embeddable":true,"href":"https:\/\/www.europa-prefabri.com\/fr\/wp-json\/wp\/v2\/users\/4"}],"replies":[{"embeddable":true,"href":"https:\/\/www.europa-prefabri.com\/fr\/wp-json\/wp\/v2\/comments?post=6771"}],"version-history":[{"count":0,"href":"https:\/\/www.europa-prefabri.com\/fr\/wp-json\/wp\/v2\/portfolio\/6771\/revisions"}],"wp:featuredmedia":[{"embeddable":true,"href":"https:\/\/www.europa-prefabri.com\/fr\/wp-json\/wp\/v2\/media\/22158"}],"wp:attachment":[{"href":"https:\/\/www.europa-prefabri.com\/fr\/wp-json\/wp\/v2\/media?parent=6771"}],"wp:term":[{"taxonomy":"post_tag","embeddable":true,"href":"https:\/\/www.europa-prefabri.com\/fr\/wp-json\/wp\/v2\/tags?post=6771"},{"taxonomy":"portfolio_entries","embeddable":true,"href":"https:\/\/www.europa-prefabri.com\/fr\/wp-json\/wp\/v2\/portfolio_entries?post=6771"}],"curies":[{"name":"wp","href":"https:\/\/api.w.org\/{rel}","templated":true}]}}