{"id":6740,"date":"2012-02-14T10:38:59","date_gmt":"2012-02-14T10:38:59","guid":{"rendered":"http:\/\/www.europa-prefabri.com\/portfolio-item\/servicios-sociales-2\/"},"modified":"2021-06-15T12:46:43","modified_gmt":"2021-06-15T10:46:43","slug":"servicios-publicos","status":"publish","type":"portfolio","link":"https:\/\/www.europa-prefabri.com\/fr\/portfolio-item\/servicios-publicos\/","title":{"rendered":"Sant\u00e9, \u00e9ducation, services sociaux"},"content":{"rendered":"<div  class='flex_column av-av_one_third-2a9015ff38129c418a3f2eafba3e9512 av_one_third  avia-builder-el-0  el_before_av_two_third  avia-builder-el-first  first flex_column_div  '     ><section  class='av_textblock_section av-av_textblock-2de302bf1aa3cf4c9157dbe6f50ac7eb '   itemscope=\"itemscope\" itemtype=\"https:\/\/schema.org\/CreativeWork\" ><div class='avia_textblock'  itemprop=\"text\" ><p><strong>Europa Prefabri<\/strong> propose \u00e0 la vente des constructions modulaires pour toute entit\u00e9 publique et priv\u00e9e, qui fournissent diff\u00e9rents services aux citoyens : sant\u00e9, \u00e9ducation, police, pompiers, sports, services sociaux.<\/p>\n<p>Ces vingt derni\u00e8res ann\u00e9es, nous avons r\u00e9alis\u00e9 divers projets comme des \u00e9coles modulaires, salles de classe pr\u00e9fabriqu\u00e9es, cr\u00e8ches, centres m\u00e9dicaux, ambulatoires, salles de soins, pharmacies, bureaux de police, postes de contr\u00f4le, protection civile, campements militaires ou encore des \u00e9glises et mosqu\u00e9es.<\/p>\n<p>Nos clients profitent de cette fa\u00e7on de tous les avantages qu\u2019offre la construction modulaire : rapidit\u00e9, \u00e9conomie, replacement, etc.<\/p>\n<\/div><\/section><\/div>\n<style type=\"text\/css\" data-created_by=\"avia_inline_auto\" id=\"style-css-av-av_two_third-c8fc129dc35fd1ae2a1e410224d39ea8\">\n.flex_column.av-av_two_third-c8fc129dc35fd1ae2a1e410224d39ea8{\nborder-radius:0px 0px 0px 0px;\npadding:0px 0px 0px 0px;\n}\n<\/style>\n<div  class='flex_column av-av_two_third-c8fc129dc35fd1ae2a1e410224d39ea8 av_two_third  avia-builder-el-2  el_after_av_one_third  el_before_av_one_full  flex_column_div av-zero-column-padding  '     ><p><div id='av-masonry-1' class='av-masonry av-av_masonry_gallery-94274970ab6ff211c599761dd421b356 noHover av-fixed-size av-1px-gap av-hover-overlay-active av-masonry-animation-active av-masonry-col-5 av-caption-always av-caption-style- av-masonry-gallery ' data-post_id=\"6740\"><div class=\"av-masonry-container isotope av-js-disabled\"><div class='av-masonry-entry isotope-item av-masonry-item-no-image '><\/div><a href=\"https:\/\/www.europa-prefabri.com\/wp-content\/uploads\/guarderia-construccion-modular.jpg\" data-srcset=\"https:\/\/www.europa-prefabri.com\/wp-content\/uploads\/guarderia-construccion-modular.jpg 640w, https:\/\/www.europa-prefabri.com\/wp-content\/uploads\/guarderia-construccion-modular-300x198.jpg 300w, https:\/\/www.europa-prefabri.com\/wp-content\/uploads\/guarderia-construccion-modular-450x297.jpg 450w\" data-sizes=\"(max-width: 640px) 100vw, 640px\"  aria-label=\"image guarderia-construccion-modular\"  id='av-masonry-1-item-23219' data-av-masonry-item='23219' class='av-masonry-entry isotope-item post-23219 attachment type-attachment status-inherit hentry  av-masonry-item-with-image' title=\"guarderia-construccion-modular\" alt=\"aulas prefabricadas\"    itemprop=\"thumbnailUrl\" ><div class='av-inner-masonry-sizer'><\/div><figure class='av-inner-masonry main_color'><div class=\"av-masonry-outerimage-container\"><div class='av-masonry-image-container' style=\"background-image: url(https:\/\/www.europa-prefabri.com\/wp-content\/uploads\/guarderia-construccion-modular.jpg);\"  title=\"guarderia-construccion-modular\" ><\/div><\/div><\/figure><\/a><!--end av-masonry entry--><a href=\"https:\/\/www.europa-prefabri.com\/wp-content\/uploads\/DSC03244_800x600.jpg\" data-srcset=\"https:\/\/www.europa-prefabri.com\/wp-content\/uploads\/DSC03244_800x600.jpg 800w, https:\/\/www.europa-prefabri.com\/wp-content\/uploads\/DSC03244_800x600-300x225.jpg 300w, https:\/\/www.europa-prefabri.com\/wp-content\/uploads\/DSC03244_800x600-450x337.jpg 450w\" data-sizes=\"(max-width: 800px) 100vw, 800px\"  aria-label=\"image guarder\u00eda\"  id='av-masonry-1-item-6745' data-av-masonry-item='6745' class='av-masonry-entry isotope-item post-6745 attachment type-attachment status-inherit hentry  av-masonry-item-with-image' title=\"guarder\u00eda\" alt=\"\"    itemprop=\"thumbnailUrl\" ><div class='av-inner-masonry-sizer'><\/div><figure class='av-inner-masonry main_color'><div class=\"av-masonry-outerimage-container\"><div class='av-masonry-image-container' style=\"background-image: url(https:\/\/www.europa-prefabri.com\/wp-content\/uploads\/DSC03244_800x600.jpg);\"  title=\"guarder\u00eda\" ><\/div><\/div><\/figure><\/a><!--end av-masonry entry--><a href=\"https:\/\/www.europa-prefabri.com\/wp-content\/uploads\/Marques-interior-4_800x600.jpg\" data-srcset=\"https:\/\/www.europa-prefabri.com\/wp-content\/uploads\/Marques-interior-4_800x600.jpg 800w, https:\/\/www.europa-prefabri.com\/wp-content\/uploads\/Marques-interior-4_800x600-300x225.jpg 300w, https:\/\/www.europa-prefabri.com\/wp-content\/uploads\/Marques-interior-4_800x600-450x337.jpg 450w\" data-sizes=\"(max-width: 800px) 100vw, 800px\"  aria-label=\"image colegio prefabricado\"  id='av-masonry-1-item-6742' data-av-masonry-item='6742' class='av-masonry-entry isotope-item post-6742 attachment type-attachment status-inherit hentry  av-masonry-item-with-image' title=\"colegio prefabricado\" alt=\"\"    itemprop=\"thumbnailUrl\" ><div class='av-inner-masonry-sizer'><\/div><figure class='av-inner-masonry main_color'><div class=\"av-masonry-outerimage-container\"><div class='av-masonry-image-container' style=\"background-image: url(https:\/\/www.europa-prefabri.com\/wp-content\/uploads\/Marques-interior-4_800x600.jpg);\"  title=\"colegio prefabricado\" ><\/div><\/div><\/figure><\/a><!--end av-masonry entry--><a href=\"https:\/\/www.europa-prefabri.com\/wp-content\/uploads\/EPSN0004_800x600.jpg\" data-srcset=\"https:\/\/www.europa-prefabri.com\/wp-content\/uploads\/EPSN0004_800x600.jpg 800w, https:\/\/www.europa-prefabri.com\/wp-content\/uploads\/EPSN0004_800x600-300x225.jpg 300w, https:\/\/www.europa-prefabri.com\/wp-content\/uploads\/EPSN0004_800x600-450x337.jpg 450w\" data-sizes=\"(max-width: 800px) 100vw, 800px\"  aria-label=\"image centro de salud\"  id='av-masonry-1-item-6749' data-av-masonry-item='6749' class='av-masonry-entry isotope-item post-6749 attachment type-attachment status-inherit hentry  av-masonry-item-with-image' title=\"centro de salud\" alt=\"\"    itemprop=\"thumbnailUrl\" ><div class='av-inner-masonry-sizer'><\/div><figure class='av-inner-masonry main_color'><div class=\"av-masonry-outerimage-container\"><div class='av-masonry-image-container' style=\"background-image: url(https:\/\/www.europa-prefabri.com\/wp-content\/uploads\/EPSN0004_800x600.jpg);\"  title=\"centro de salud\" ><\/div><\/div><\/figure><\/a><!--end av-masonry entry--><a href=\"https:\/\/www.europa-prefabri.com\/wp-content\/uploads\/PARKING-REUS-061_800x600.jpg\" data-srcset=\"https:\/\/www.europa-prefabri.com\/wp-content\/uploads\/PARKING-REUS-061_800x600.jpg 800w, https:\/\/www.europa-prefabri.com\/wp-content\/uploads\/PARKING-REUS-061_800x600-300x225.jpg 300w, https:\/\/www.europa-prefabri.com\/wp-content\/uploads\/PARKING-REUS-061_800x600-450x337.jpg 450w\" data-sizes=\"(max-width: 800px) 100vw, 800px\"  aria-label=\"image comisar\u00eda polic\u00eda\"  id='av-masonry-1-item-6752' data-av-masonry-item='6752' class='av-masonry-entry isotope-item post-6752 attachment type-attachment status-inherit hentry  av-masonry-item-with-image' title=\"comisar\u00eda polic\u00eda\" alt=\"\"    itemprop=\"thumbnailUrl\" ><div class='av-inner-masonry-sizer'><\/div><figure class='av-inner-masonry main_color'><div class=\"av-masonry-outerimage-container\"><div class='av-masonry-image-container' style=\"background-image: url(https:\/\/www.europa-prefabri.com\/wp-content\/uploads\/PARKING-REUS-061_800x600.jpg);\"  title=\"comisar\u00eda polic\u00eda\" ><\/div><\/div><\/figure><\/a><!--end av-masonry entry--><a href=\"https:\/\/www.europa-prefabri.com\/wp-content\/uploads\/DSC_3540_800x600.jpg\" data-srcset=\"https:\/\/www.europa-prefabri.com\/wp-content\/uploads\/DSC_3540_800x600.jpg 800w, https:\/\/www.europa-prefabri.com\/wp-content\/uploads\/DSC_3540_800x600-300x225.jpg 300w, https:\/\/www.europa-prefabri.com\/wp-content\/uploads\/DSC_3540_800x600-450x337.jpg 450w\" data-sizes=\"(max-width: 800px) 100vw, 800px\"  aria-label=\"image interior colegio prefabricado\"  id='av-masonry-1-item-6741' data-av-masonry-item='6741' class='av-masonry-entry isotope-item post-6741 attachment type-attachment status-inherit hentry  av-masonry-item-with-image' title=\"interior colegio prefabricado\" alt=\"\"    itemprop=\"thumbnailUrl\" ><div class='av-inner-masonry-sizer'><\/div><figure class='av-inner-masonry main_color'><div class=\"av-masonry-outerimage-container\"><div class='av-masonry-image-container' style=\"background-image: url(https:\/\/www.europa-prefabri.com\/wp-content\/uploads\/DSC_3540_800x600.jpg);\"  title=\"interior colegio prefabricado\" ><\/div><\/div><\/figure><\/a><!--end av-masonry entry--><a href=\"https:\/\/www.europa-prefabri.com\/wp-content\/uploads\/campamento-minero-modular-alquimodul.jpg\" data-srcset=\"https:\/\/www.europa-prefabri.com\/wp-content\/uploads\/campamento-minero-modular-alquimodul.jpg 974w, https:\/\/www.europa-prefabri.com\/wp-content\/uploads\/campamento-minero-modular-alquimodul-300x196.jpg 300w, https:\/\/www.europa-prefabri.com\/wp-content\/uploads\/campamento-minero-modular-alquimodul-768x501.jpg 768w, https:\/\/www.europa-prefabri.com\/wp-content\/uploads\/campamento-minero-modular-alquimodul-705x460.jpg 705w, https:\/\/www.europa-prefabri.com\/wp-content\/uploads\/campamento-minero-modular-alquimodul-450x293.jpg 450w\" data-sizes=\"(max-width: 974px) 100vw, 974px\"  aria-label=\"image campamento-minero-modular-alquimodul\"  id='av-masonry-1-item-24564' data-av-masonry-item='24564' class='av-masonry-entry isotope-item post-24564 attachment type-attachment status-inherit hentry  av-masonry-item-with-image' title=\"campamento-minero-modular-alquimodul\" alt=\"base vie\"    itemprop=\"thumbnailUrl\" ><div class='av-inner-masonry-sizer'><\/div><figure class='av-inner-masonry main_color'><div class=\"av-masonry-outerimage-container\"><div class='av-masonry-image-container' style=\"background-image: url(https:\/\/www.europa-prefabri.com\/wp-content\/uploads\/campamento-minero-modular-alquimodul-705x460.jpg);\"  title=\"campamento-minero-modular-alquimodul\" ><\/div><\/div><\/figure><\/a><!--end av-masonry entry--><a href=\"https:\/\/www.europa-prefabri.com\/wp-content\/uploads\/colegio-modular.jpg\" data-srcset=\"https:\/\/www.europa-prefabri.com\/wp-content\/uploads\/colegio-modular.jpg 600w, https:\/\/www.europa-prefabri.com\/wp-content\/uploads\/colegio-modular-300x169.jpg 300w, https:\/\/www.europa-prefabri.com\/wp-content\/uploads\/colegio-modular-450x254.jpg 450w\" data-sizes=\"(max-width: 600px) 100vw, 600px\"  aria-label=\"image colegio-modular\"  id='av-masonry-1-item-23211' data-av-masonry-item='23211' class='av-masonry-entry isotope-item post-23211 attachment type-attachment status-inherit hentry  av-masonry-item-with-image' title=\"colegio-modular\" alt=\"aulas prefabricadas\"    itemprop=\"thumbnailUrl\" ><div class='av-inner-masonry-sizer'><\/div><figure class='av-inner-masonry main_color'><div class=\"av-masonry-outerimage-container\"><div class='av-masonry-image-container' style=\"background-image: url(https:\/\/www.europa-prefabri.com\/wp-content\/uploads\/colegio-modular.jpg);\"  title=\"colegio-modular\" ><\/div><\/div><\/figure><\/a><!--end av-masonry entry--><a href=\"https:\/\/www.europa-prefabri.com\/wp-content\/uploads\/albergue-modular-prefabricado-1030x753.jpg\" data-srcset=\"https:\/\/www.europa-prefabri.com\/wp-content\/uploads\/albergue-modular-prefabricado-1030x753.jpg 1030w, https:\/\/www.europa-prefabri.com\/wp-content\/uploads\/albergue-modular-prefabricado-300x219.jpg 300w, https:\/\/www.europa-prefabri.com\/wp-content\/uploads\/albergue-modular-prefabricado-768x562.jpg 768w, https:\/\/www.europa-prefabri.com\/wp-content\/uploads\/albergue-modular-prefabricado-1500x1097.jpg 1500w, https:\/\/www.europa-prefabri.com\/wp-content\/uploads\/albergue-modular-prefabricado-705x516.jpg 705w, https:\/\/www.europa-prefabri.com\/wp-content\/uploads\/albergue-modular-prefabricado-450x329.jpg 450w, https:\/\/www.europa-prefabri.com\/wp-content\/uploads\/albergue-modular-prefabricado.jpg 1552w\" data-sizes=\"(max-width: 1030px) 100vw, 1030px\"  aria-label=\"image albergue-modular-prefabricado\"  id='av-masonry-1-item-23958' data-av-masonry-item='23958' class='av-masonry-entry isotope-item post-23958 attachment type-attachment status-inherit hentry  av-masonry-item-with-image' title=\"albergue-modular-prefabricado\" alt=\"construction modulaire pour Administrations Publiques\"    itemprop=\"thumbnailUrl\" ><div class='av-inner-masonry-sizer'><\/div><figure class='av-inner-masonry main_color'><div class=\"av-masonry-outerimage-container\"><div class='av-masonry-image-container' style=\"background-image: url(https:\/\/www.europa-prefabri.com\/wp-content\/uploads\/albergue-modular-prefabricado-705x516.jpg);\"  title=\"albergue-modular-prefabricado\" ><\/div><\/div><\/figure><\/a><!--end av-masonry entry--><a href=\"https:\/\/www.europa-prefabri.com\/wp-content\/uploads\/Aulas-prefabricadas-3_800x600-1.jpg\" data-srcset=\"https:\/\/www.europa-prefabri.com\/wp-content\/uploads\/Aulas-prefabricadas-3_800x600-1.jpg 800w, https:\/\/www.europa-prefabri.com\/wp-content\/uploads\/Aulas-prefabricadas-3_800x600-1-300x225.jpg 300w, https:\/\/www.europa-prefabri.com\/wp-content\/uploads\/Aulas-prefabricadas-3_800x600-1-768x576.jpg 768w, https:\/\/www.europa-prefabri.com\/wp-content\/uploads\/Aulas-prefabricadas-3_800x600-1-705x529.jpg 705w, https:\/\/www.europa-prefabri.com\/wp-content\/uploads\/Aulas-prefabricadas-3_800x600-1-450x338.jpg 450w\" data-sizes=\"(max-width: 800px) 100vw, 800px\"  aria-label=\"image Aulas-prefabricadas-3_800x600\"  id='av-masonry-1-item-17525' data-av-masonry-item='17525' class='av-masonry-entry isotope-item post-17525 attachment type-attachment status-inherit hentry  av-masonry-item-with-image' title=\"Aulas-prefabricadas-3_800x600\" alt=\"\"    itemprop=\"thumbnailUrl\" ><div class='av-inner-masonry-sizer'><\/div><figure class='av-inner-masonry main_color'><div class=\"av-masonry-outerimage-container\"><div class='av-masonry-image-container' style=\"background-image: url(https:\/\/www.europa-prefabri.com\/wp-content\/uploads\/Aulas-prefabricadas-3_800x600-1-705x529.jpg);\"  title=\"Aulas-prefabricadas-3_800x600\" ><\/div><\/div><\/figure><\/a><!--end av-masonry entry--><a href=\"https:\/\/www.europa-prefabri.com\/wp-content\/uploads\/Montaje-edificio-en-Toulose-09.png\" data-srcset=\"https:\/\/www.europa-prefabri.com\/wp-content\/uploads\/Montaje-edificio-en-Toulose-09.png 800w, https:\/\/www.europa-prefabri.com\/wp-content\/uploads\/Montaje-edificio-en-Toulose-09-300x225.png 300w, https:\/\/www.europa-prefabri.com\/wp-content\/uploads\/Montaje-edificio-en-Toulose-09-768x576.png 768w, https:\/\/www.europa-prefabri.com\/wp-content\/uploads\/Montaje-edificio-en-Toulose-09-705x529.png 705w, https:\/\/www.europa-prefabri.com\/wp-content\/uploads\/Montaje-edificio-en-Toulose-09-450x338.png 450w\" data-sizes=\"(max-width: 800px) 100vw, 800px\"  aria-label=\"image B\u00e2timent pr\u00e9fabriqu\u00e9 de bureaux modulaires\"  id='av-masonry-1-item-13044' data-av-masonry-item='13044' class='av-masonry-entry isotope-item post-13044 attachment type-attachment status-inherit hentry  av-masonry-item-with-image' title=\"B\u00e2timent pr\u00e9fabriqu\u00e9 de bureaux modulaires\" alt=\"B\u00e2timent pr\u00e9fabriqu\u00e9 de bureaux modulaires\"    itemprop=\"thumbnailUrl\" ><div class='av-inner-masonry-sizer'><\/div><figure class='av-inner-masonry main_color'><div class=\"av-masonry-outerimage-container\"><div class='av-masonry-image-container' style=\"background-image: url(https:\/\/www.europa-prefabri.com\/wp-content\/uploads\/Montaje-edificio-en-Toulose-09-705x529.png);\"  title=\"B\u00e2timent pr\u00e9fabriqu\u00e9 de bureaux modulaires\" ><\/div><\/div><\/figure><\/a><!--end av-masonry entry--><a href=\"https:\/\/www.europa-prefabri.com\/wp-content\/uploads\/20150603_125637-Copy1.jpg\" data-srcset=\"https:\/\/www.europa-prefabri.com\/wp-content\/uploads\/20150603_125637-Copy1.jpg 800w, https:\/\/www.europa-prefabri.com\/wp-content\/uploads\/20150603_125637-Copy1-300x169.jpg 300w, https:\/\/www.europa-prefabri.com\/wp-content\/uploads\/20150603_125637-Copy1-705x397.jpg 705w, https:\/\/www.europa-prefabri.com\/wp-content\/uploads\/20150603_125637-Copy1-450x253.jpg 450w\" data-sizes=\"(max-width: 800px) 100vw, 800px\"  aria-label=\"image 20150603_125637 (Copy)\"  id='av-masonry-1-item-8919' data-av-masonry-item='8919' class='av-masonry-entry isotope-item post-8919 attachment type-attachment status-inherit hentry  av-masonry-item-with-image' title=\"20150603_125637 (Copy)\" alt=\"\"    itemprop=\"thumbnailUrl\" ><div class='av-inner-masonry-sizer'><\/div><figure class='av-inner-masonry main_color'><div class=\"av-masonry-outerimage-container\"><div class='av-masonry-image-container' style=\"background-image: url(https:\/\/www.europa-prefabri.com\/wp-content\/uploads\/20150603_125637-Copy1-705x397.jpg);\"  title=\"20150603_125637 (Copy)\" ><\/div><\/div><\/figure><\/a><!--end av-masonry entry--><a href=\"https:\/\/www.europa-prefabri.com\/wp-content\/uploads\/1-campamento-modular-Copy.jpg\" data-srcset=\"https:\/\/www.europa-prefabri.com\/wp-content\/uploads\/1-campamento-modular-Copy.jpg 800w, https:\/\/www.europa-prefabri.com\/wp-content\/uploads\/1-campamento-modular-Copy-300x225.jpg 300w, https:\/\/www.europa-prefabri.com\/wp-content\/uploads\/1-campamento-modular-Copy-705x529.jpg 705w, https:\/\/www.europa-prefabri.com\/wp-content\/uploads\/1-campamento-modular-Copy-450x338.jpg 450w\" data-sizes=\"(max-width: 800px) 100vw, 800px\"  aria-label=\"image EUROPA PREFABRI &#8211; Prefab work camps\"  id='av-masonry-1-item-8666' data-av-masonry-item='8666' class='av-masonry-entry isotope-item post-8666 attachment type-attachment status-inherit hentry  av-masonry-item-with-image' title=\"EUROPA PREFABRI &#8211; Prefab work camps\" alt=\"EUROPA PREFABRI - Prefab work camps\"    itemprop=\"thumbnailUrl\" ><div class='av-inner-masonry-sizer'><\/div><figure class='av-inner-masonry main_color'><div class=\"av-masonry-outerimage-container\"><div class='av-masonry-image-container' style=\"background-image: url(https:\/\/www.europa-prefabri.com\/wp-content\/uploads\/1-campamento-modular-Copy-705x529.jpg);\"  title=\"EUROPA PREFABRI &#8211; Prefab work camps\" ><\/div><\/div><\/figure><\/a><!--end av-masonry entry--><a href=\"https:\/\/www.europa-prefabri.com\/wp-content\/uploads\/iphone4-131_800x600.jpg\" data-srcset=\"https:\/\/www.europa-prefabri.com\/wp-content\/uploads\/iphone4-131_800x600.jpg 800w, https:\/\/www.europa-prefabri.com\/wp-content\/uploads\/iphone4-131_800x600-300x225.jpg 300w, https:\/\/www.europa-prefabri.com\/wp-content\/uploads\/iphone4-131_800x600-705x529.jpg 705w, https:\/\/www.europa-prefabri.com\/wp-content\/uploads\/iphone4-131_800x600-450x338.jpg 450w\" data-sizes=\"(max-width: 800px) 100vw, 800px\"  aria-label=\"image iphone4 131_800x600\"  id='av-masonry-1-item-7542' data-av-masonry-item='7542' class='av-masonry-entry isotope-item post-7542 attachment type-attachment status-inherit hentry  av-masonry-item-with-image' title=\"iphone4 131_800x600\" alt=\"\"    itemprop=\"thumbnailUrl\" ><div class='av-inner-masonry-sizer'><\/div><figure class='av-inner-masonry main_color'><div class=\"av-masonry-outerimage-container\"><div class='av-masonry-image-container' style=\"background-image: url(https:\/\/www.europa-prefabri.com\/wp-content\/uploads\/iphone4-131_800x600-705x529.jpg);\"  title=\"iphone4 131_800x600\" ><\/div><\/div><\/figure><\/a><!--end av-masonry entry--><a href=\"https:\/\/www.europa-prefabri.com\/wp-content\/uploads\/oculta3.jpg\" data-srcset=\"https:\/\/www.europa-prefabri.com\/wp-content\/uploads\/oculta3.jpg 400w, https:\/\/www.europa-prefabri.com\/wp-content\/uploads\/oculta3-300x225.jpg 300w\" data-sizes=\"(max-width: 400px) 100vw, 400px\"  aria-label=\"image oculta\"  id='av-masonry-1-item-7312' data-av-masonry-item='7312' class='av-masonry-entry isotope-item post-7312 attachment type-attachment status-inherit hentry  av-masonry-item-with-image' title=\"oculta\" alt=\"\"    itemprop=\"thumbnailUrl\" ><div class='av-inner-masonry-sizer'><\/div><figure class='av-inner-masonry main_color'><div class=\"av-masonry-outerimage-container\"><div class='av-masonry-image-container' style=\"background-image: url(https:\/\/www.europa-prefabri.com\/wp-content\/uploads\/oculta3.jpg);\"  title=\"oculta\" ><\/div><\/div><\/figure><\/a><!--end av-masonry entry--><\/div><\/div><br \/>\n\n<style type=\"text\/css\" data-created_by=\"avia_inline_auto\" id=\"style-css-av-av_hr-4474f20d2389e2e5ecf918a02da5132e\">\n#top .hr.hr-invisible.av-av_hr-4474f20d2389e2e5ecf918a02da5132e{\nheight:50px;\n}\n<\/style>\n<div  class='hr av-av_hr-4474f20d2389e2e5ecf918a02da5132e hr-invisible  avia-builder-el-4  el_after_av_masonry_gallery  el_before_av_button  avia-builder-el-first '><span class='hr-inner '><span class=\"hr-inner-style\"><\/span><\/span><\/div><br \/>\n<div  class='avia-button-wrap av-av_button-acc20018224b73f4e5a776bd0710426c-wrap avia-button-center  avia-builder-el-5  el_after_av_hr  avia-builder-el-last '><a href='https:\/\/www.europa-prefabri.com\/fr\/produits\/'  class='avia-button av-av_button-acc20018224b73f4e5a776bd0710426c av-link-btn avia-icon_select-no avia-size-medium avia-position-center avia-color-theme-color'  target=\"_blank\"  rel=\"noopener noreferrer\"  aria-label=\"Voir produits\"><span class='avia_iconbox_title' >Voir produits<\/span><\/a><\/div><\/p><\/div><\/p>\n<div  class='flex_column av-av_one_full-2a9015ff38129c418a3f2eafba3e9512 av_one_full  avia-builder-el-6  el_after_av_two_third  avia-builder-el-last  first flex_column_div  column-top-margin'     ><style type=\"text\/css\" data-created_by=\"avia_inline_auto\" id=\"style-css-av-av_partner-5228c15e89bf7904e9b1a53358535836\">\n.avia-logo-element-container.av-av_partner-5228c15e89bf7904e9b1a53358535836 .av-partner-fake-img{\nbackground-size:cover;\n}\n<\/style>\n<div  class='avia-logo-element-container av-av_partner-5228c15e89bf7904e9b1a53358535836 avia-logo-slider avia-content-slider avia-smallarrow-slider avia-content-slider-active noHover avia-content-slider-even  avia-builder-el-7  avia-builder-el-no-sibling  av-slideshow-ui av-control-default av-nav-arrows-visible av-nav-dots-visible av-no-slider-navigation av-slideshow-manual av-loop-once av-loop-manual-endless avia-content-slider1' data-slideshow-options=\"{&quot;animation&quot;:&quot;slide&quot;,&quot;autoplay&quot;:false,&quot;loop_autoplay&quot;:&quot;once&quot;,&quot;interval&quot;:5,&quot;loop_manual&quot;:&quot;manual-endless&quot;,&quot;autoplay_stopper&quot;:false,&quot;noNavigation&quot;:false,&quot;bg_slider&quot;:false,&quot;keep_padding&quot;:&quot;&quot;,&quot;hoverpause&quot;:false,&quot;show_slide_delay&quot;:0}\"><div class='avia-smallarrow-slider-heading  no-logo-slider-heading '><div class='new-special-heading'>&nbsp;<\/div><\/div><div class=\"avia-content-slider-inner\"><div class=\"slide-entry-wrap\"><div  class='slide-entry av-av_partner_logo-63c30309caa8bf117eca1cd163f1ab13 flex_column no_margin av_one_eighth real-thumbnail post-entry slide-entry-overview slide-loop-1 slide-parity-odd  first'><span class='av-partner-fake-img' style='padding-bottom:76.335877862595%; background-image:url(https:\/\/www.europa-prefabri.com\/wp-content\/uploads\/JUNTA-DE-ANDALUCIA_262x200.jpg);'><\/span><\/div><div  class='slide-entry av-av_partner_logo-6ef282dab6ae9402bed86d8789e1a42a flex_column no_margin av_one_eighth real-thumbnail post-entry slide-entry-overview slide-loop-2 slide-parity-even post-entry-last '><span class='av-partner-fake-img' style='padding-bottom:76.335877862595%; background-image:url(https:\/\/www.europa-prefabri.com\/wp-content\/uploads\/Guardia-Civil_320x167.jpg);'><\/span><\/div><\/div><\/div><\/div><\/div>\n","protected":false},"excerpt":{"rendered":"","protected":false},"author":4,"featured_media":23958,"comment_status":"closed","ping_status":"closed","template":"","meta":{"footnotes":""},"tags":[],"portfolio_entries":[100],"class_list":["post-6740","portfolio","type-portfolio","status-publish","has-post-thumbnail","hentry","portfolio_entries-secteurs-fr"],"yoast_head":"<!-- This site is optimized with the Yoast SEO plugin v27.5 - https:\/\/yoast.com\/product\/yoast-seo-wordpress\/ -->\n<title>EUROPA PREFABRI offre des solutions modulaires pour \u00e9coles, centres medicaux et services sociaux.<\/title>\n<meta name=\"description\" content=\"Ces derniers ann\u00e9es nous avons r\u00e9alis\u00e9 plusieurs projets comme des salles de classe pr\u00e9fabriqu\u00e9es, \u00e9coles, centres m\u00e9dicaux ambulatoires et plus encore, Nos clients profitent ainsi de tous les avantages de la construction modulaire.\" \/>\n<meta name=\"robots\" content=\"index, follow, max-snippet:-1, max-image-preview:large, max-video-preview:-1\" \/>\n<link rel=\"canonical\" href=\"https:\/\/www.europa-prefabri.com\/fr\/portfolio-item\/servicios-publicos\/\" \/>\n<meta property=\"og:locale\" content=\"fr_FR\" \/>\n<meta property=\"og:type\" content=\"article\" \/>\n<meta property=\"og:title\" content=\"EUROPA PREFABRI offre des solutions modulaires pour \u00e9coles, centres medicaux et services sociaux.\" \/>\n<meta property=\"og:description\" content=\"Ces derniers ann\u00e9es nous avons r\u00e9alis\u00e9 plusieurs projets comme des salles de classe pr\u00e9fabriqu\u00e9es, \u00e9coles, centres m\u00e9dicaux ambulatoires et plus encore, Nos clients profitent ainsi de tous les avantages de la construction modulaire.\" \/>\n<meta property=\"og:url\" content=\"https:\/\/www.europa-prefabri.com\/fr\/portfolio-item\/servicios-publicos\/\" \/>\n<meta property=\"og:site_name\" content=\"Europa Prefabri | Alquiler y venta de construcciones modulares\" \/>\n<meta property=\"article:publisher\" content=\"https:\/\/www.facebook.com\/Europa-Prefabri-258328977572213\/\" \/>\n<meta property=\"article:modified_time\" content=\"2021-06-15T10:46:43+00:00\" \/>\n<meta property=\"og:image\" content=\"https:\/\/www.europa-prefabri.com\/wp-content\/uploads\/albergue-modular-prefabricado.jpg\" \/>\n\t<meta property=\"og:image:width\" content=\"1552\" \/>\n\t<meta property=\"og:image:height\" content=\"1135\" \/>\n\t<meta property=\"og:image:type\" content=\"image\/jpeg\" \/>\n<meta name=\"twitter:card\" content=\"summary_large_image\" \/>\n<meta name=\"twitter:site\" content=\"@EuropaPrefabri\" \/>\n<meta name=\"twitter:label1\" content=\"Est. reading time\" \/>\n\t<meta name=\"twitter:data1\" content=\"1 minute\" \/>\n<script type=\"application\/ld+json\" class=\"yoast-schema-graph\">{\"@context\":\"https:\\\/\\\/schema.org\",\"@graph\":[{\"@type\":\"WebPage\",\"@id\":\"https:\\\/\\\/www.europa-prefabri.com\\\/fr\\\/portfolio-item\\\/servicios-publicos\\\/\",\"url\":\"https:\\\/\\\/www.europa-prefabri.com\\\/fr\\\/portfolio-item\\\/servicios-publicos\\\/\",\"name\":\"EUROPA PREFABRI offre des solutions modulaires pour \u00e9coles, centres medicaux et services sociaux.\",\"isPartOf\":{\"@id\":\"https:\\\/\\\/www.europa-prefabri.com\\\/#website\"},\"primaryImageOfPage\":{\"@id\":\"https:\\\/\\\/www.europa-prefabri.com\\\/fr\\\/portfolio-item\\\/servicios-publicos\\\/#primaryimage\"},\"image\":{\"@id\":\"https:\\\/\\\/www.europa-prefabri.com\\\/fr\\\/portfolio-item\\\/servicios-publicos\\\/#primaryimage\"},\"thumbnailUrl\":\"https:\\\/\\\/www.europa-prefabri.com\\\/wp-content\\\/uploads\\\/albergue-modular-prefabricado.jpg\",\"datePublished\":\"2012-02-14T10:38:59+00:00\",\"dateModified\":\"2021-06-15T10:46:43+00:00\",\"description\":\"Ces derniers ann\u00e9es nous avons r\u00e9alis\u00e9 plusieurs projets comme des salles de classe pr\u00e9fabriqu\u00e9es, \u00e9coles, centres m\u00e9dicaux ambulatoires et plus encore, Nos clients profitent ainsi de tous les avantages de la construction modulaire.\",\"breadcrumb\":{\"@id\":\"https:\\\/\\\/www.europa-prefabri.com\\\/fr\\\/portfolio-item\\\/servicios-publicos\\\/#breadcrumb\"},\"inLanguage\":\"fr-FR\",\"potentialAction\":[{\"@type\":\"ReadAction\",\"target\":[\"https:\\\/\\\/www.europa-prefabri.com\\\/fr\\\/portfolio-item\\\/servicios-publicos\\\/\"]}]},{\"@type\":\"ImageObject\",\"inLanguage\":\"fr-FR\",\"@id\":\"https:\\\/\\\/www.europa-prefabri.com\\\/fr\\\/portfolio-item\\\/servicios-publicos\\\/#primaryimage\",\"url\":\"https:\\\/\\\/www.europa-prefabri.com\\\/wp-content\\\/uploads\\\/albergue-modular-prefabricado.jpg\",\"contentUrl\":\"https:\\\/\\\/www.europa-prefabri.com\\\/wp-content\\\/uploads\\\/albergue-modular-prefabricado.jpg\",\"width\":1552,\"height\":1135,\"caption\":\"construction modulaire pour Administrations Publiques\"},{\"@type\":\"BreadcrumbList\",\"@id\":\"https:\\\/\\\/www.europa-prefabri.com\\\/fr\\\/portfolio-item\\\/servicios-publicos\\\/#breadcrumb\",\"itemListElement\":[{\"@type\":\"ListItem\",\"position\":1,\"name\":\"Portada\",\"item\":\"https:\\\/\\\/www.europa-prefabri.com\\\/fr\\\/\"},{\"@type\":\"ListItem\",\"position\":2,\"name\":\"Sant\u00e9, \u00e9ducation, services sociaux\"}]},{\"@type\":\"WebSite\",\"@id\":\"https:\\\/\\\/www.europa-prefabri.com\\\/#website\",\"url\":\"https:\\\/\\\/www.europa-prefabri.com\\\/\",\"name\":\"Europa Prefabri | Alquiler y venta de construcciones modulares\",\"description\":\"Alquiler y venta de construcciones modulares, casetas de obra, marquesinas de aparcamiento y vallas y cerramientos.\",\"publisher\":{\"@id\":\"https:\\\/\\\/www.europa-prefabri.com\\\/#organization\"},\"potentialAction\":[{\"@type\":\"SearchAction\",\"target\":{\"@type\":\"EntryPoint\",\"urlTemplate\":\"https:\\\/\\\/www.europa-prefabri.com\\\/?s={search_term_string}\"},\"query-input\":{\"@type\":\"PropertyValueSpecification\",\"valueRequired\":true,\"valueName\":\"search_term_string\"}}],\"inLanguage\":\"fr-FR\"},{\"@type\":\"Organization\",\"@id\":\"https:\\\/\\\/www.europa-prefabri.com\\\/#organization\",\"name\":\"Prefabri S.L.\",\"url\":\"https:\\\/\\\/www.europa-prefabri.com\\\/\",\"logo\":{\"@type\":\"ImageObject\",\"inLanguage\":\"fr-FR\",\"@id\":\"https:\\\/\\\/www.europa-prefabri.com\\\/#\\\/schema\\\/logo\\\/image\\\/\",\"url\":\"https:\\\/\\\/www.europa-prefabri.com\\\/wp-content\\\/uploads\\\/EuropaPrefabri-Logo.jpg\",\"contentUrl\":\"https:\\\/\\\/www.europa-prefabri.com\\\/wp-content\\\/uploads\\\/EuropaPrefabri-Logo.jpg\",\"width\":752,\"height\":348,\"caption\":\"Prefabri S.L.\"},\"image\":{\"@id\":\"https:\\\/\\\/www.europa-prefabri.com\\\/#\\\/schema\\\/logo\\\/image\\\/\"},\"sameAs\":[\"https:\\\/\\\/www.facebook.com\\\/Europa-Prefabri-258328977572213\\\/\",\"https:\\\/\\\/x.com\\\/EuropaPrefabri\",\"https:\\\/\\\/www.instagram.com\\\/europaprefabri\\\/\",\"https:\\\/\\\/es.linkedin.com\\\/company\\\/europa-prefabri\",\"https:\\\/\\\/es.pinterest.com\\\/europaprefabri\\\/\",\"https:\\\/\\\/www.youtube.com\\\/user\\\/PrefabriSL\"]}]}<\/script>\n<!-- \/ Yoast SEO plugin. -->","yoast_head_json":{"title":"EUROPA PREFABRI offre des solutions modulaires pour \u00e9coles, centres medicaux et services sociaux.","description":"Ces derniers ann\u00e9es nous avons r\u00e9alis\u00e9 plusieurs projets comme des salles de classe pr\u00e9fabriqu\u00e9es, \u00e9coles, centres m\u00e9dicaux ambulatoires et plus encore, Nos clients profitent ainsi de tous les avantages de la construction modulaire.","robots":{"index":"index","follow":"follow","max-snippet":"max-snippet:-1","max-image-preview":"max-image-preview:large","max-video-preview":"max-video-preview:-1"},"canonical":"https:\/\/www.europa-prefabri.com\/fr\/portfolio-item\/servicios-publicos\/","og_locale":"fr_FR","og_type":"article","og_title":"EUROPA PREFABRI offre des solutions modulaires pour \u00e9coles, centres medicaux et services sociaux.","og_description":"Ces derniers ann\u00e9es nous avons r\u00e9alis\u00e9 plusieurs projets comme des salles de classe pr\u00e9fabriqu\u00e9es, \u00e9coles, centres m\u00e9dicaux ambulatoires et plus encore, Nos clients profitent ainsi de tous les avantages de la construction modulaire.","og_url":"https:\/\/www.europa-prefabri.com\/fr\/portfolio-item\/servicios-publicos\/","og_site_name":"Europa Prefabri | Alquiler y venta de construcciones modulares","article_publisher":"https:\/\/www.facebook.com\/Europa-Prefabri-258328977572213\/","article_modified_time":"2021-06-15T10:46:43+00:00","og_image":[{"width":1552,"height":1135,"url":"https:\/\/www.europa-prefabri.com\/wp-content\/uploads\/albergue-modular-prefabricado.jpg","type":"image\/jpeg"}],"twitter_card":"summary_large_image","twitter_site":"@EuropaPrefabri","twitter_misc":{"Est. reading time":"1 minute"},"schema":{"@context":"https:\/\/schema.org","@graph":[{"@type":"WebPage","@id":"https:\/\/www.europa-prefabri.com\/fr\/portfolio-item\/servicios-publicos\/","url":"https:\/\/www.europa-prefabri.com\/fr\/portfolio-item\/servicios-publicos\/","name":"EUROPA PREFABRI offre des solutions modulaires pour \u00e9coles, centres medicaux et services sociaux.","isPartOf":{"@id":"https:\/\/www.europa-prefabri.com\/#website"},"primaryImageOfPage":{"@id":"https:\/\/www.europa-prefabri.com\/fr\/portfolio-item\/servicios-publicos\/#primaryimage"},"image":{"@id":"https:\/\/www.europa-prefabri.com\/fr\/portfolio-item\/servicios-publicos\/#primaryimage"},"thumbnailUrl":"https:\/\/www.europa-prefabri.com\/wp-content\/uploads\/albergue-modular-prefabricado.jpg","datePublished":"2012-02-14T10:38:59+00:00","dateModified":"2021-06-15T10:46:43+00:00","description":"Ces derniers ann\u00e9es nous avons r\u00e9alis\u00e9 plusieurs projets comme des salles de classe pr\u00e9fabriqu\u00e9es, \u00e9coles, centres m\u00e9dicaux ambulatoires et plus encore, Nos clients profitent ainsi de tous les avantages de la construction modulaire.","breadcrumb":{"@id":"https:\/\/www.europa-prefabri.com\/fr\/portfolio-item\/servicios-publicos\/#breadcrumb"},"inLanguage":"fr-FR","potentialAction":[{"@type":"ReadAction","target":["https:\/\/www.europa-prefabri.com\/fr\/portfolio-item\/servicios-publicos\/"]}]},{"@type":"ImageObject","inLanguage":"fr-FR","@id":"https:\/\/www.europa-prefabri.com\/fr\/portfolio-item\/servicios-publicos\/#primaryimage","url":"https:\/\/www.europa-prefabri.com\/wp-content\/uploads\/albergue-modular-prefabricado.jpg","contentUrl":"https:\/\/www.europa-prefabri.com\/wp-content\/uploads\/albergue-modular-prefabricado.jpg","width":1552,"height":1135,"caption":"construction modulaire pour Administrations Publiques"},{"@type":"BreadcrumbList","@id":"https:\/\/www.europa-prefabri.com\/fr\/portfolio-item\/servicios-publicos\/#breadcrumb","itemListElement":[{"@type":"ListItem","position":1,"name":"Portada","item":"https:\/\/www.europa-prefabri.com\/fr\/"},{"@type":"ListItem","position":2,"name":"Sant\u00e9, \u00e9ducation, services sociaux"}]},{"@type":"WebSite","@id":"https:\/\/www.europa-prefabri.com\/#website","url":"https:\/\/www.europa-prefabri.com\/","name":"Europa Prefabri | Alquiler y venta de construcciones modulares","description":"Alquiler y venta de construcciones modulares, casetas de obra, marquesinas de aparcamiento y vallas y cerramientos.","publisher":{"@id":"https:\/\/www.europa-prefabri.com\/#organization"},"potentialAction":[{"@type":"SearchAction","target":{"@type":"EntryPoint","urlTemplate":"https:\/\/www.europa-prefabri.com\/?s={search_term_string}"},"query-input":{"@type":"PropertyValueSpecification","valueRequired":true,"valueName":"search_term_string"}}],"inLanguage":"fr-FR"},{"@type":"Organization","@id":"https:\/\/www.europa-prefabri.com\/#organization","name":"Prefabri S.L.","url":"https:\/\/www.europa-prefabri.com\/","logo":{"@type":"ImageObject","inLanguage":"fr-FR","@id":"https:\/\/www.europa-prefabri.com\/#\/schema\/logo\/image\/","url":"https:\/\/www.europa-prefabri.com\/wp-content\/uploads\/EuropaPrefabri-Logo.jpg","contentUrl":"https:\/\/www.europa-prefabri.com\/wp-content\/uploads\/EuropaPrefabri-Logo.jpg","width":752,"height":348,"caption":"Prefabri S.L."},"image":{"@id":"https:\/\/www.europa-prefabri.com\/#\/schema\/logo\/image\/"},"sameAs":["https:\/\/www.facebook.com\/Europa-Prefabri-258328977572213\/","https:\/\/x.com\/EuropaPrefabri","https:\/\/www.instagram.com\/europaprefabri\/","https:\/\/es.linkedin.com\/company\/europa-prefabri","https:\/\/es.pinterest.com\/europaprefabri\/","https:\/\/www.youtube.com\/user\/PrefabriSL"]}]}},"_links":{"self":[{"href":"https:\/\/www.europa-prefabri.com\/fr\/wp-json\/wp\/v2\/portfolio\/6740","targetHints":{"allow":["GET"]}}],"collection":[{"href":"https:\/\/www.europa-prefabri.com\/fr\/wp-json\/wp\/v2\/portfolio"}],"about":[{"href":"https:\/\/www.europa-prefabri.com\/fr\/wp-json\/wp\/v2\/types\/portfolio"}],"author":[{"embeddable":true,"href":"https:\/\/www.europa-prefabri.com\/fr\/wp-json\/wp\/v2\/users\/4"}],"replies":[{"embeddable":true,"href":"https:\/\/www.europa-prefabri.com\/fr\/wp-json\/wp\/v2\/comments?post=6740"}],"version-history":[{"count":0,"href":"https:\/\/www.europa-prefabri.com\/fr\/wp-json\/wp\/v2\/portfolio\/6740\/revisions"}],"wp:featuredmedia":[{"embeddable":true,"href":"https:\/\/www.europa-prefabri.com\/fr\/wp-json\/wp\/v2\/media\/23958"}],"wp:attachment":[{"href":"https:\/\/www.europa-prefabri.com\/fr\/wp-json\/wp\/v2\/media?parent=6740"}],"wp:term":[{"taxonomy":"post_tag","embeddable":true,"href":"https:\/\/www.europa-prefabri.com\/fr\/wp-json\/wp\/v2\/tags?post=6740"},{"taxonomy":"portfolio_entries","embeddable":true,"href":"https:\/\/www.europa-prefabri.com\/fr\/wp-json\/wp\/v2\/portfolio_entries?post=6740"}],"curies":[{"name":"wp","href":"https:\/\/api.w.org\/{rel}","templated":true}]}}