{"id":6731,"date":"2012-02-16T12:13:29","date_gmt":"2012-02-16T12:13:29","guid":{"rendered":"http:\/\/www.europa-prefabri.com\/portfolio-item\/comercios-2\/"},"modified":"2021-06-15T12:14:42","modified_gmt":"2021-06-15T10:14:42","slug":"comercios","status":"publish","type":"portfolio","link":"https:\/\/www.europa-prefabri.com\/fr\/portfolio-item\/comercios\/","title":{"rendered":"Magasins"},"content":{"rendered":"<div  class='flex_column av-av_one_third-2a9015ff38129c418a3f2eafba3e9512 av_one_third  avia-builder-el-0  el_before_av_two_third  avia-builder-el-first  first flex_column_div  '     ><section  class='av_textblock_section av-av_textblock-2de302bf1aa3cf4c9157dbe6f50ac7eb '   itemscope=\"itemscope\" itemtype=\"https:\/\/schema.org\/CreativeWork\" ><div class='avia_textblock'  itemprop=\"text\" ><p><strong>Europa Prefabri<\/strong> propose des produits sp\u00e9cialement con\u00e7us pour l\u2019activit\u00e9 commerciale :<\/p>\n<ul>\n<li>Conception et fabrication de solutions modulaires temporaires ou d\u00e9finitives pour magasins et commerces en tout genre, en nous basant sur nos constructions modulaires avec des caract\u00e9ristiques diff\u00e9rentes : mat\u00e9riaux, finitions, rev\u00eatements, panneaux frontaux vitr\u00e9s, etc.<\/li>\n<li>Location de gu\u00e9rites et conteneurs de stockage pour magasins n\u00e9cessitant le stockage de produits \u00e0 certains moments ponctuels.<\/li>\n<li>Fabrication et installation d\u2019abris de parking pour le plus grand confort des clients.<\/li>\n<\/ul>\n<\/div><\/section><\/div>\n\n<style type=\"text\/css\" data-created_by=\"avia_inline_auto\" id=\"style-css-av-av_two_third-c8fc129dc35fd1ae2a1e410224d39ea8\">\n.flex_column.av-av_two_third-c8fc129dc35fd1ae2a1e410224d39ea8{\nborder-radius:0px 0px 0px 0px;\npadding:0px 0px 0px 0px;\n}\n<\/style>\n<div  class='flex_column av-av_two_third-c8fc129dc35fd1ae2a1e410224d39ea8 av_two_third  avia-builder-el-2  el_after_av_one_third  el_before_av_one_full  flex_column_div av-zero-column-padding  '     ><p><div id='av-masonry-1' class='av-masonry av-av_masonry_gallery-4877b733d7e237ffca3f298cdbe5252b noHover av-fixed-size av-1px-gap av-hover-overlay-active av-masonry-animation-active av-masonry-col-5 av-caption-always av-caption-style- av-masonry-gallery ' data-post_id=\"6731\"><div class=\"av-masonry-container isotope av-js-disabled\"><div class='av-masonry-entry isotope-item av-masonry-item-no-image '><\/div><a href=\"https:\/\/www.europa-prefabri.com\/wp-content\/uploads\/Foto-sanap-12_800x4792.jpg\" data-srcset=\"https:\/\/www.europa-prefabri.com\/wp-content\/uploads\/Foto-sanap-12_800x4792.jpg 800w, https:\/\/www.europa-prefabri.com\/wp-content\/uploads\/Foto-sanap-12_800x4792-300x180.jpg 300w, https:\/\/www.europa-prefabri.com\/wp-content\/uploads\/Foto-sanap-12_800x4792-705x422.jpg 705w, https:\/\/www.europa-prefabri.com\/wp-content\/uploads\/Foto-sanap-12_800x4792-450x269.jpg 450w\" data-sizes=\"(max-width: 800px) 100vw, 800px\"  aria-label=\"image Foto-sanap-12_800x479\"  id='av-masonry-1-item-7249' data-av-masonry-item='7249' class='av-masonry-entry isotope-item post-7249 attachment type-attachment status-inherit hentry  av-masonry-item-with-image' title=\"Foto-sanap-12_800x479\" alt=\"\"    itemprop=\"thumbnailUrl\" ><div class='av-inner-masonry-sizer'><\/div><figure class='av-inner-masonry main_color'><div class=\"av-masonry-outerimage-container\"><div class='av-masonry-image-container' style=\"background-image: url(https:\/\/www.europa-prefabri.com\/wp-content\/uploads\/Foto-sanap-12_800x4792-705x422.jpg);\"  title=\"Foto-sanap-12_800x479\" ><\/div><\/div><\/figure><\/a><!--end av-masonry entry--><a href=\"https:\/\/www.europa-prefabri.com\/wp-content\/uploads\/Stands-prefabricados-1_800x5982.jpg\" data-srcset=\"https:\/\/www.europa-prefabri.com\/wp-content\/uploads\/Stands-prefabricados-1_800x5982.jpg 800w, https:\/\/www.europa-prefabri.com\/wp-content\/uploads\/Stands-prefabricados-1_800x5982-300x224.jpg 300w, https:\/\/www.europa-prefabri.com\/wp-content\/uploads\/Stands-prefabricados-1_800x5982-705x527.jpg 705w, https:\/\/www.europa-prefabri.com\/wp-content\/uploads\/Stands-prefabricados-1_800x5982-450x336.jpg 450w\" data-sizes=\"(max-width: 800px) 100vw, 800px\"  aria-label=\"image Stands-prefabricados-1_800x598\"  id='av-masonry-1-item-7258' data-av-masonry-item='7258' class='av-masonry-entry isotope-item post-7258 attachment type-attachment status-inherit hentry  av-masonry-item-with-image' title=\"Stands-prefabricados-1_800x598\" alt=\"\"    itemprop=\"thumbnailUrl\" ><div class='av-inner-masonry-sizer'><\/div><figure class='av-inner-masonry main_color'><div class=\"av-masonry-outerimage-container\"><div class='av-masonry-image-container' style=\"background-image: url(https:\/\/www.europa-prefabri.com\/wp-content\/uploads\/Stands-prefabricados-1_800x5982-705x527.jpg);\"  title=\"Stands-prefabricados-1_800x598\" ><\/div><\/div><\/figure><\/a><!--end av-masonry entry--><a href=\"https:\/\/www.europa-prefabri.com\/wp-content\/uploads\/456_492224717515970_382625083_n2.jpg\" data-srcset=\"https:\/\/www.europa-prefabri.com\/wp-content\/uploads\/456_492224717515970_382625083_n2.jpg 800w, https:\/\/www.europa-prefabri.com\/wp-content\/uploads\/456_492224717515970_382625083_n2-300x225.jpg 300w, https:\/\/www.europa-prefabri.com\/wp-content\/uploads\/456_492224717515970_382625083_n2-705x529.jpg 705w, https:\/\/www.europa-prefabri.com\/wp-content\/uploads\/456_492224717515970_382625083_n2-450x338.jpg 450w\" data-sizes=\"(max-width: 800px) 100vw, 800px\"  aria-label=\"image 456_492224717515970_382625083_n\"  id='av-masonry-1-item-7279' data-av-masonry-item='7279' class='av-masonry-entry isotope-item post-7279 attachment type-attachment status-inherit hentry  av-masonry-item-with-image' title=\"456_492224717515970_382625083_n\" alt=\"\"    itemprop=\"thumbnailUrl\" ><div class='av-inner-masonry-sizer'><\/div><figure class='av-inner-masonry main_color'><div class=\"av-masonry-outerimage-container\"><div class='av-masonry-image-container' style=\"background-image: url(https:\/\/www.europa-prefabri.com\/wp-content\/uploads\/456_492224717515970_382625083_n2-705x529.jpg);\"  title=\"456_492224717515970_382625083_n\" ><\/div><\/div><\/figure><\/a><!--end av-masonry entry--><a href=\"https:\/\/www.europa-prefabri.com\/wp-content\/uploads\/120120091554_800x60012.jpg\" data-srcset=\"https:\/\/www.europa-prefabri.com\/wp-content\/uploads\/120120091554_800x60012.jpg 800w, https:\/\/www.europa-prefabri.com\/wp-content\/uploads\/120120091554_800x60012-300x225.jpg 300w, https:\/\/www.europa-prefabri.com\/wp-content\/uploads\/120120091554_800x60012-705x529.jpg 705w, https:\/\/www.europa-prefabri.com\/wp-content\/uploads\/120120091554_800x60012-450x338.jpg 450w\" data-sizes=\"(max-width: 800px) 100vw, 800px\"  aria-label=\"image 120120091554_800x6001\"  id='av-masonry-1-item-7294' data-av-masonry-item='7294' class='av-masonry-entry isotope-item post-7294 attachment type-attachment status-inherit hentry  av-masonry-item-with-image' title=\"120120091554_800x6001\" alt=\"\"    itemprop=\"thumbnailUrl\" ><div class='av-inner-masonry-sizer'><\/div><figure class='av-inner-masonry main_color'><div class=\"av-masonry-outerimage-container\"><div class='av-masonry-image-container' style=\"background-image: url(https:\/\/www.europa-prefabri.com\/wp-content\/uploads\/120120091554_800x60012-705x529.jpg);\"  title=\"120120091554_800x6001\" ><\/div><\/div><\/figure><\/a><!--end av-masonry entry--><a href=\"https:\/\/www.europa-prefabri.com\/wp-content\/uploads\/prefabricated-bank2.jpg\" data-srcset=\"https:\/\/www.europa-prefabri.com\/wp-content\/uploads\/prefabricated-bank2.jpg 800w, https:\/\/www.europa-prefabri.com\/wp-content\/uploads\/prefabricated-bank2-300x225.jpg 300w, https:\/\/www.europa-prefabri.com\/wp-content\/uploads\/prefabricated-bank2-705x529.jpg 705w, https:\/\/www.europa-prefabri.com\/wp-content\/uploads\/prefabricated-bank2-450x338.jpg 450w\" data-sizes=\"(max-width: 800px) 100vw, 800px\"  aria-label=\"image OLYMPUS DIGITAL CAMERA\"  id='av-masonry-1-item-7315' data-av-masonry-item='7315' class='av-masonry-entry isotope-item post-7315 attachment type-attachment status-inherit hentry  av-masonry-item-with-image' title=\"OLYMPUS DIGITAL CAMERA\" alt=\"\"    itemprop=\"thumbnailUrl\" ><div class='av-inner-masonry-sizer'><\/div><figure class='av-inner-masonry main_color'><div class=\"av-masonry-outerimage-container\"><div class='av-masonry-image-container' style=\"background-image: url(https:\/\/www.europa-prefabri.com\/wp-content\/uploads\/prefabricated-bank2-705x529.jpg);\"  title=\"OLYMPUS DIGITAL CAMERA\" ><\/div><\/div><\/figure><\/a><!--end av-masonry entry--><a href=\"https:\/\/www.europa-prefabri.com\/wp-content\/uploads\/plano-grupo-gae-053_800x6002.jpg\" data-srcset=\"https:\/\/www.europa-prefabri.com\/wp-content\/uploads\/plano-grupo-gae-053_800x6002.jpg 800w, https:\/\/www.europa-prefabri.com\/wp-content\/uploads\/plano-grupo-gae-053_800x6002-300x225.jpg 300w, https:\/\/www.europa-prefabri.com\/wp-content\/uploads\/plano-grupo-gae-053_800x6002-705x529.jpg 705w, https:\/\/www.europa-prefabri.com\/wp-content\/uploads\/plano-grupo-gae-053_800x6002-450x338.jpg 450w\" data-sizes=\"(max-width: 800px) 100vw, 800px\"  aria-label=\"image plano-grupo-gae-053_800x600\"  id='av-masonry-1-item-7218' data-av-masonry-item='7218' class='av-masonry-entry isotope-item post-7218 attachment type-attachment status-inherit hentry  av-masonry-item-with-image' title=\"plano-grupo-gae-053_800x600\" alt=\"\"    itemprop=\"thumbnailUrl\" ><div class='av-inner-masonry-sizer'><\/div><figure class='av-inner-masonry main_color'><div class=\"av-masonry-outerimage-container\"><div class='av-masonry-image-container' style=\"background-image: url(https:\/\/www.europa-prefabri.com\/wp-content\/uploads\/plano-grupo-gae-053_800x6002-705x529.jpg);\"  title=\"plano-grupo-gae-053_800x600\" ><\/div><\/div><\/figure><\/a><!--end av-masonry entry--><a href=\"https:\/\/www.europa-prefabri.com\/wp-content\/uploads\/1-Oficina-prefabricada-atenci\u00f3n-p\u00fablico2.jpg\" data-srcset=\"https:\/\/www.europa-prefabri.com\/wp-content\/uploads\/1-Oficina-prefabricada-atenci\u00f3n-p\u00fablico2.jpg 710w, https:\/\/www.europa-prefabri.com\/wp-content\/uploads\/1-Oficina-prefabricada-atenci\u00f3n-p\u00fablico2-300x243.jpg 300w, https:\/\/www.europa-prefabri.com\/wp-content\/uploads\/1-Oficina-prefabricada-atenci\u00f3n-p\u00fablico2-495x400.jpg 495w, https:\/\/www.europa-prefabri.com\/wp-content\/uploads\/1-Oficina-prefabricada-atenci\u00f3n-p\u00fablico2-705x571.jpg 705w, https:\/\/www.europa-prefabri.com\/wp-content\/uploads\/1-Oficina-prefabricada-atenci\u00f3n-p\u00fablico2-450x364.jpg 450w\" data-sizes=\"(max-width: 710px) 100vw, 710px\"  aria-label=\"image 1-Oficina-prefabricada-atenci\u00f3n-p\u00fablico\"  id='av-masonry-1-item-7179' data-av-masonry-item='7179' class='av-masonry-entry isotope-item post-7179 attachment type-attachment status-inherit hentry  av-masonry-item-with-image' title=\"1-Oficina-prefabricada-atenci\u00f3n-p\u00fablico\" alt=\"\"    itemprop=\"thumbnailUrl\" ><div class='av-inner-masonry-sizer'><\/div><figure class='av-inner-masonry main_color'><div class=\"av-masonry-outerimage-container\"><div class='av-masonry-image-container' style=\"background-image: url(https:\/\/www.europa-prefabri.com\/wp-content\/uploads\/1-Oficina-prefabricada-atenci\u00f3n-p\u00fablico2-705x571.jpg);\"  title=\"1-Oficina-prefabricada-atenci\u00f3n-p\u00fablico\" ><\/div><\/div><\/figure><\/a><!--end av-masonry entry--><a href=\"https:\/\/www.europa-prefabri.com\/wp-content\/uploads\/1-kiosco-prefabricado_800x5941.jpg\" data-srcset=\"https:\/\/www.europa-prefabri.com\/wp-content\/uploads\/1-kiosco-prefabricado_800x5941.jpg 800w, https:\/\/www.europa-prefabri.com\/wp-content\/uploads\/1-kiosco-prefabricado_800x5941-300x223.jpg 300w, https:\/\/www.europa-prefabri.com\/wp-content\/uploads\/1-kiosco-prefabricado_800x5941-705x523.jpg 705w, https:\/\/www.europa-prefabri.com\/wp-content\/uploads\/1-kiosco-prefabricado_800x5941-450x334.jpg 450w\" data-sizes=\"(max-width: 800px) 100vw, 800px\"  aria-label=\"image 1-kiosco-prefabricado_800x594\"  id='av-masonry-1-item-7029' data-av-masonry-item='7029' class='av-masonry-entry isotope-item post-7029 attachment type-attachment status-inherit hentry  av-masonry-item-with-image' title=\"1-kiosco-prefabricado_800x594\" alt=\"\"    itemprop=\"thumbnailUrl\" ><div class='av-inner-masonry-sizer'><\/div><figure class='av-inner-masonry main_color'><div class=\"av-masonry-outerimage-container\"><div class='av-masonry-image-container' style=\"background-image: url(https:\/\/www.europa-prefabri.com\/wp-content\/uploads\/1-kiosco-prefabricado_800x5941-705x523.jpg);\"  title=\"1-kiosco-prefabricado_800x594\" ><\/div><\/div><\/figure><\/a><!--end av-masonry entry--><a href=\"https:\/\/www.europa-prefabri.com\/wp-content\/uploads\/Stand-prefabricado-tienda-1030x773.jpg\" data-srcset=\"https:\/\/www.europa-prefabri.com\/wp-content\/uploads\/Stand-prefabricado-tienda-1030x773.jpg 1030w, https:\/\/www.europa-prefabri.com\/wp-content\/uploads\/Stand-prefabricado-tienda-300x225.jpg 300w, https:\/\/www.europa-prefabri.com\/wp-content\/uploads\/Stand-prefabricado-tienda-1500x1125.jpg 1500w, https:\/\/www.europa-prefabri.com\/wp-content\/uploads\/Stand-prefabricado-tienda-705x529.jpg 705w, https:\/\/www.europa-prefabri.com\/wp-content\/uploads\/Stand-prefabricado-tienda-450x338.jpg 450w\" data-sizes=\"(max-width: 1030px) 100vw, 1030px\"  aria-label=\"image Stand prefabricado tienda\"  id='av-masonry-1-item-6823' data-av-masonry-item='6823' class='av-masonry-entry isotope-item post-6823 attachment type-attachment status-inherit hentry  av-masonry-item-with-image' title=\"Stand prefabricado tienda\" alt=\"\"    itemprop=\"thumbnailUrl\" ><div class='av-inner-masonry-sizer'><\/div><figure class='av-inner-masonry main_color'><div class=\"av-masonry-outerimage-container\"><div class='av-masonry-image-container' style=\"background-image: url(https:\/\/www.europa-prefabri.com\/wp-content\/uploads\/Stand-prefabricado-tienda-705x529.jpg);\"  title=\"Stand prefabricado tienda\" ><\/div><\/div><\/figure><\/a><!--end av-masonry entry--><\/div><\/div><br \/>\n\n<style type=\"text\/css\" data-created_by=\"avia_inline_auto\" id=\"style-css-av-av_hr-4474f20d2389e2e5ecf918a02da5132e\">\n#top .hr.hr-invisible.av-av_hr-4474f20d2389e2e5ecf918a02da5132e{\nheight:50px;\n}\n<\/style>\n<div  class='hr av-av_hr-4474f20d2389e2e5ecf918a02da5132e hr-invisible  avia-builder-el-4  el_after_av_masonry_gallery  el_before_av_button  avia-builder-el-first '><span class='hr-inner '><span class=\"hr-inner-style\"><\/span><\/span><\/div><br \/>\n<div  class='avia-button-wrap av-av_button-caaa761be1e4247647f240e5cc98f302-wrap avia-button-center  avia-builder-el-5  el_after_av_hr  avia-builder-el-last '><a href='https:\/\/www.europa-prefabri.com\/fr\/produits\/'  class='avia-button av-av_button-caaa761be1e4247647f240e5cc98f302 av-link-btn avia-icon_select-no avia-size-medium avia-position-center avia-color-theme-color'  target=\"_blank\"  rel=\"noopener noreferrer\"  aria-label=\"Voir produits\"><span class='avia_iconbox_title' >Voir produits<\/span><\/a><\/div><\/p><\/div>\n<div  class='flex_column av-av_one_full-2a9015ff38129c418a3f2eafba3e9512 av_one_full  avia-builder-el-6  el_after_av_two_third  avia-builder-el-last  first flex_column_div  column-top-margin'     ><style type=\"text\/css\" data-created_by=\"avia_inline_auto\" id=\"style-css-av-av_partner-5228c15e89bf7904e9b1a53358535836\">\n.avia-logo-element-container.av-av_partner-5228c15e89bf7904e9b1a53358535836 .av-partner-fake-img{\nbackground-size:cover;\n}\n<\/style>\n<div  class='avia-logo-element-container av-av_partner-5228c15e89bf7904e9b1a53358535836 avia-logo-slider avia-content-slider avia-smallarrow-slider avia-content-slider-active noHover avia-content-slider-even  avia-builder-el-7  avia-builder-el-no-sibling  av-slideshow-ui av-control-default av-nav-arrows-visible av-nav-dots-visible av-no-slider-navigation av-slideshow-manual av-loop-once av-loop-manual-endless avia-content-slider1' data-slideshow-options=\"{&quot;animation&quot;:&quot;slide&quot;,&quot;autoplay&quot;:false,&quot;loop_autoplay&quot;:&quot;once&quot;,&quot;interval&quot;:5,&quot;loop_manual&quot;:&quot;manual-endless&quot;,&quot;autoplay_stopper&quot;:false,&quot;noNavigation&quot;:false,&quot;bg_slider&quot;:false,&quot;keep_padding&quot;:&quot;&quot;,&quot;hoverpause&quot;:false,&quot;show_slide_delay&quot;:0}\"><div class='avia-smallarrow-slider-heading  no-logo-slider-heading '><div class='new-special-heading'>&nbsp;<\/div><\/div><div class=\"avia-content-slider-inner\"><div class=\"slide-entry-wrap\"><div  class='slide-entry av-av_partner_logo-fe246daa005207bf558ec152164fbde3 flex_column no_margin av_one_eighth real-thumbnail post-entry slide-entry-overview slide-loop-1 slide-parity-odd  first'><span class='av-partner-fake-img' style='padding-bottom:100%; background-image:url(https:\/\/www.europa-prefabri.com\/wp-content\/uploads\/michael_kors.png);'><\/span><\/div><div  class='slide-entry av-av_partner_logo-b7d8bb07b8aff345542f148ed50ab2cf flex_column no_margin av_one_eighth real-thumbnail post-entry slide-entry-overview slide-loop-2 slide-parity-even  '><span class='av-partner-fake-img' style='padding-bottom:100%; background-image:url(https:\/\/www.europa-prefabri.com\/wp-content\/uploads\/hugoboss_logo12.png);'><\/span><\/div><div  class='slide-entry av-av_partner_logo-504486ca90ac1a89b2e1d6da0395ae47 flex_column no_margin av_one_eighth real-thumbnail post-entry slide-entry-overview slide-loop-3 slide-parity-odd  '><span class='av-partner-fake-img' style='padding-bottom:100%; background-image:url(https:\/\/www.europa-prefabri.com\/wp-content\/uploads\/descarga.png);'><\/span><\/div><div  class='slide-entry av-av_partner_logo-6cc38a441ef2dd1f0efe56fecd56a84c flex_column no_margin av_one_eighth real-thumbnail post-entry slide-entry-overview slide-loop-4 slide-parity-even  '><\/div><div  class='slide-entry av-av_partner_logo-dac49bf630527269220530cb4021371f flex_column no_margin av_one_eighth real-thumbnail post-entry slide-entry-overview slide-loop-5 slide-parity-odd  '><span class='av-partner-fake-img' style='padding-bottom:100%; background-image:url(https:\/\/www.europa-prefabri.com\/wp-content\/uploads\/Hackett-London.jpg);'><\/span><\/div><div  class='slide-entry av-av_partner_logo-70cd42a37eee55a473b4ee2d790388bc flex_column no_margin av_one_eighth real-thumbnail post-entry slide-entry-overview slide-loop-6 slide-parity-even post-entry-last '><span class='av-partner-fake-img' style='padding-bottom:100%; background-image:url(https:\/\/www.europa-prefabri.com\/wp-content\/uploads\/164_395.jpg);'><\/span><\/div><\/div><\/div><\/div><\/div>\n","protected":false},"excerpt":{"rendered":"","protected":false},"author":4,"featured_media":6735,"comment_status":"closed","ping_status":"closed","template":"","meta":{"footnotes":""},"tags":[],"portfolio_entries":[100],"class_list":["post-6731","portfolio","type-portfolio","status-publish","has-post-thumbnail","hentry","portfolio_entries-secteurs-fr"],"yoast_head":"<!-- This site is optimized with the Yoast SEO plugin v27.5 - https:\/\/yoast.com\/product\/yoast-seo-wordpress\/ -->\n<title>Europa Prefabri offre des solutions nmodulaires pour magasins et commerces.<\/title>\n<meta name=\"description\" content=\"Sp\u00e9cialistes dans l&#039;installation de constructions modulaires pour magasins et commerces, nous proposons aussi la location de conteneurs de stockage.\" \/>\n<meta name=\"robots\" content=\"index, follow, max-snippet:-1, max-image-preview:large, max-video-preview:-1\" \/>\n<link rel=\"canonical\" href=\"https:\/\/www.europa-prefabri.com\/fr\/portfolio-item\/comercios\/\" \/>\n<meta property=\"og:locale\" content=\"fr_FR\" \/>\n<meta property=\"og:type\" content=\"article\" \/>\n<meta property=\"og:title\" content=\"Europa Prefabri offre des solutions nmodulaires pour magasins et commerces.\" \/>\n<meta property=\"og:description\" content=\"Sp\u00e9cialistes dans l&#039;installation de constructions modulaires pour magasins et commerces, nous proposons aussi la location de conteneurs de stockage.\" \/>\n<meta property=\"og:url\" content=\"https:\/\/www.europa-prefabri.com\/fr\/portfolio-item\/comercios\/\" \/>\n<meta property=\"og:site_name\" content=\"Europa Prefabri | Alquiler y venta de construcciones modulares\" \/>\n<meta property=\"article:publisher\" content=\"https:\/\/www.facebook.com\/Europa-Prefabri-258328977572213\/\" \/>\n<meta property=\"article:modified_time\" content=\"2021-06-15T10:14:42+00:00\" \/>\n<meta property=\"og:image\" content=\"https:\/\/www.europa-prefabri.com\/wp-content\/uploads\/Oficinas-modulares-4_800x600.jpg\" \/>\n\t<meta property=\"og:image:width\" content=\"800\" \/>\n\t<meta property=\"og:image:height\" content=\"600\" \/>\n\t<meta property=\"og:image:type\" content=\"image\/jpeg\" \/>\n<meta name=\"twitter:card\" content=\"summary_large_image\" \/>\n<meta name=\"twitter:site\" content=\"@EuropaPrefabri\" \/>\n<meta name=\"twitter:label1\" content=\"Est. reading time\" \/>\n\t<meta name=\"twitter:data1\" content=\"1 minute\" \/>\n<script type=\"application\/ld+json\" class=\"yoast-schema-graph\">{\"@context\":\"https:\\\/\\\/schema.org\",\"@graph\":[{\"@type\":\"WebPage\",\"@id\":\"https:\\\/\\\/www.europa-prefabri.com\\\/fr\\\/portfolio-item\\\/comercios\\\/\",\"url\":\"https:\\\/\\\/www.europa-prefabri.com\\\/fr\\\/portfolio-item\\\/comercios\\\/\",\"name\":\"Europa Prefabri offre des solutions nmodulaires pour magasins et commerces.\",\"isPartOf\":{\"@id\":\"https:\\\/\\\/www.europa-prefabri.com\\\/#website\"},\"primaryImageOfPage\":{\"@id\":\"https:\\\/\\\/www.europa-prefabri.com\\\/fr\\\/portfolio-item\\\/comercios\\\/#primaryimage\"},\"image\":{\"@id\":\"https:\\\/\\\/www.europa-prefabri.com\\\/fr\\\/portfolio-item\\\/comercios\\\/#primaryimage\"},\"thumbnailUrl\":\"https:\\\/\\\/www.europa-prefabri.com\\\/wp-content\\\/uploads\\\/Oficinas-modulares-4_800x600.jpg\",\"datePublished\":\"2012-02-16T12:13:29+00:00\",\"dateModified\":\"2021-06-15T10:14:42+00:00\",\"description\":\"Sp\u00e9cialistes dans l'installation de constructions modulaires pour magasins et commerces, nous proposons aussi la location de conteneurs de stockage.\",\"breadcrumb\":{\"@id\":\"https:\\\/\\\/www.europa-prefabri.com\\\/fr\\\/portfolio-item\\\/comercios\\\/#breadcrumb\"},\"inLanguage\":\"fr-FR\",\"potentialAction\":[{\"@type\":\"ReadAction\",\"target\":[\"https:\\\/\\\/www.europa-prefabri.com\\\/fr\\\/portfolio-item\\\/comercios\\\/\"]}]},{\"@type\":\"ImageObject\",\"inLanguage\":\"fr-FR\",\"@id\":\"https:\\\/\\\/www.europa-prefabri.com\\\/fr\\\/portfolio-item\\\/comercios\\\/#primaryimage\",\"url\":\"https:\\\/\\\/www.europa-prefabri.com\\\/wp-content\\\/uploads\\\/Oficinas-modulares-4_800x600.jpg\",\"contentUrl\":\"https:\\\/\\\/www.europa-prefabri.com\\\/wp-content\\\/uploads\\\/Oficinas-modulares-4_800x600.jpg\",\"width\":800,\"height\":600},{\"@type\":\"BreadcrumbList\",\"@id\":\"https:\\\/\\\/www.europa-prefabri.com\\\/fr\\\/portfolio-item\\\/comercios\\\/#breadcrumb\",\"itemListElement\":[{\"@type\":\"ListItem\",\"position\":1,\"name\":\"Portada\",\"item\":\"https:\\\/\\\/www.europa-prefabri.com\\\/fr\\\/\"},{\"@type\":\"ListItem\",\"position\":2,\"name\":\"Magasins\"}]},{\"@type\":\"WebSite\",\"@id\":\"https:\\\/\\\/www.europa-prefabri.com\\\/#website\",\"url\":\"https:\\\/\\\/www.europa-prefabri.com\\\/\",\"name\":\"Europa Prefabri | Alquiler y venta de construcciones modulares\",\"description\":\"Alquiler y venta de construcciones modulares, casetas de obra, marquesinas de aparcamiento y vallas y cerramientos.\",\"publisher\":{\"@id\":\"https:\\\/\\\/www.europa-prefabri.com\\\/#organization\"},\"potentialAction\":[{\"@type\":\"SearchAction\",\"target\":{\"@type\":\"EntryPoint\",\"urlTemplate\":\"https:\\\/\\\/www.europa-prefabri.com\\\/?s={search_term_string}\"},\"query-input\":{\"@type\":\"PropertyValueSpecification\",\"valueRequired\":true,\"valueName\":\"search_term_string\"}}],\"inLanguage\":\"fr-FR\"},{\"@type\":\"Organization\",\"@id\":\"https:\\\/\\\/www.europa-prefabri.com\\\/#organization\",\"name\":\"Prefabri S.L.\",\"url\":\"https:\\\/\\\/www.europa-prefabri.com\\\/\",\"logo\":{\"@type\":\"ImageObject\",\"inLanguage\":\"fr-FR\",\"@id\":\"https:\\\/\\\/www.europa-prefabri.com\\\/#\\\/schema\\\/logo\\\/image\\\/\",\"url\":\"https:\\\/\\\/www.europa-prefabri.com\\\/wp-content\\\/uploads\\\/EuropaPrefabri-Logo.jpg\",\"contentUrl\":\"https:\\\/\\\/www.europa-prefabri.com\\\/wp-content\\\/uploads\\\/EuropaPrefabri-Logo.jpg\",\"width\":752,\"height\":348,\"caption\":\"Prefabri S.L.\"},\"image\":{\"@id\":\"https:\\\/\\\/www.europa-prefabri.com\\\/#\\\/schema\\\/logo\\\/image\\\/\"},\"sameAs\":[\"https:\\\/\\\/www.facebook.com\\\/Europa-Prefabri-258328977572213\\\/\",\"https:\\\/\\\/x.com\\\/EuropaPrefabri\",\"https:\\\/\\\/www.instagram.com\\\/europaprefabri\\\/\",\"https:\\\/\\\/es.linkedin.com\\\/company\\\/europa-prefabri\",\"https:\\\/\\\/es.pinterest.com\\\/europaprefabri\\\/\",\"https:\\\/\\\/www.youtube.com\\\/user\\\/PrefabriSL\"]}]}<\/script>\n<!-- \/ Yoast SEO plugin. -->","yoast_head_json":{"title":"Europa Prefabri offre des solutions nmodulaires pour magasins et commerces.","description":"Sp\u00e9cialistes dans l'installation de constructions modulaires pour magasins et commerces, nous proposons aussi la location de conteneurs de stockage.","robots":{"index":"index","follow":"follow","max-snippet":"max-snippet:-1","max-image-preview":"max-image-preview:large","max-video-preview":"max-video-preview:-1"},"canonical":"https:\/\/www.europa-prefabri.com\/fr\/portfolio-item\/comercios\/","og_locale":"fr_FR","og_type":"article","og_title":"Europa Prefabri offre des solutions nmodulaires pour magasins et commerces.","og_description":"Sp\u00e9cialistes dans l'installation de constructions modulaires pour magasins et commerces, nous proposons aussi la location de conteneurs de stockage.","og_url":"https:\/\/www.europa-prefabri.com\/fr\/portfolio-item\/comercios\/","og_site_name":"Europa Prefabri | Alquiler y venta de construcciones modulares","article_publisher":"https:\/\/www.facebook.com\/Europa-Prefabri-258328977572213\/","article_modified_time":"2021-06-15T10:14:42+00:00","og_image":[{"width":800,"height":600,"url":"https:\/\/www.europa-prefabri.com\/wp-content\/uploads\/Oficinas-modulares-4_800x600.jpg","type":"image\/jpeg"}],"twitter_card":"summary_large_image","twitter_site":"@EuropaPrefabri","twitter_misc":{"Est. reading time":"1 minute"},"schema":{"@context":"https:\/\/schema.org","@graph":[{"@type":"WebPage","@id":"https:\/\/www.europa-prefabri.com\/fr\/portfolio-item\/comercios\/","url":"https:\/\/www.europa-prefabri.com\/fr\/portfolio-item\/comercios\/","name":"Europa Prefabri offre des solutions nmodulaires pour magasins et commerces.","isPartOf":{"@id":"https:\/\/www.europa-prefabri.com\/#website"},"primaryImageOfPage":{"@id":"https:\/\/www.europa-prefabri.com\/fr\/portfolio-item\/comercios\/#primaryimage"},"image":{"@id":"https:\/\/www.europa-prefabri.com\/fr\/portfolio-item\/comercios\/#primaryimage"},"thumbnailUrl":"https:\/\/www.europa-prefabri.com\/wp-content\/uploads\/Oficinas-modulares-4_800x600.jpg","datePublished":"2012-02-16T12:13:29+00:00","dateModified":"2021-06-15T10:14:42+00:00","description":"Sp\u00e9cialistes dans l'installation de constructions modulaires pour magasins et commerces, nous proposons aussi la location de conteneurs de stockage.","breadcrumb":{"@id":"https:\/\/www.europa-prefabri.com\/fr\/portfolio-item\/comercios\/#breadcrumb"},"inLanguage":"fr-FR","potentialAction":[{"@type":"ReadAction","target":["https:\/\/www.europa-prefabri.com\/fr\/portfolio-item\/comercios\/"]}]},{"@type":"ImageObject","inLanguage":"fr-FR","@id":"https:\/\/www.europa-prefabri.com\/fr\/portfolio-item\/comercios\/#primaryimage","url":"https:\/\/www.europa-prefabri.com\/wp-content\/uploads\/Oficinas-modulares-4_800x600.jpg","contentUrl":"https:\/\/www.europa-prefabri.com\/wp-content\/uploads\/Oficinas-modulares-4_800x600.jpg","width":800,"height":600},{"@type":"BreadcrumbList","@id":"https:\/\/www.europa-prefabri.com\/fr\/portfolio-item\/comercios\/#breadcrumb","itemListElement":[{"@type":"ListItem","position":1,"name":"Portada","item":"https:\/\/www.europa-prefabri.com\/fr\/"},{"@type":"ListItem","position":2,"name":"Magasins"}]},{"@type":"WebSite","@id":"https:\/\/www.europa-prefabri.com\/#website","url":"https:\/\/www.europa-prefabri.com\/","name":"Europa Prefabri | Alquiler y venta de construcciones modulares","description":"Alquiler y venta de construcciones modulares, casetas de obra, marquesinas de aparcamiento y vallas y cerramientos.","publisher":{"@id":"https:\/\/www.europa-prefabri.com\/#organization"},"potentialAction":[{"@type":"SearchAction","target":{"@type":"EntryPoint","urlTemplate":"https:\/\/www.europa-prefabri.com\/?s={search_term_string}"},"query-input":{"@type":"PropertyValueSpecification","valueRequired":true,"valueName":"search_term_string"}}],"inLanguage":"fr-FR"},{"@type":"Organization","@id":"https:\/\/www.europa-prefabri.com\/#organization","name":"Prefabri S.L.","url":"https:\/\/www.europa-prefabri.com\/","logo":{"@type":"ImageObject","inLanguage":"fr-FR","@id":"https:\/\/www.europa-prefabri.com\/#\/schema\/logo\/image\/","url":"https:\/\/www.europa-prefabri.com\/wp-content\/uploads\/EuropaPrefabri-Logo.jpg","contentUrl":"https:\/\/www.europa-prefabri.com\/wp-content\/uploads\/EuropaPrefabri-Logo.jpg","width":752,"height":348,"caption":"Prefabri S.L."},"image":{"@id":"https:\/\/www.europa-prefabri.com\/#\/schema\/logo\/image\/"},"sameAs":["https:\/\/www.facebook.com\/Europa-Prefabri-258328977572213\/","https:\/\/x.com\/EuropaPrefabri","https:\/\/www.instagram.com\/europaprefabri\/","https:\/\/es.linkedin.com\/company\/europa-prefabri","https:\/\/es.pinterest.com\/europaprefabri\/","https:\/\/www.youtube.com\/user\/PrefabriSL"]}]}},"_links":{"self":[{"href":"https:\/\/www.europa-prefabri.com\/fr\/wp-json\/wp\/v2\/portfolio\/6731","targetHints":{"allow":["GET"]}}],"collection":[{"href":"https:\/\/www.europa-prefabri.com\/fr\/wp-json\/wp\/v2\/portfolio"}],"about":[{"href":"https:\/\/www.europa-prefabri.com\/fr\/wp-json\/wp\/v2\/types\/portfolio"}],"author":[{"embeddable":true,"href":"https:\/\/www.europa-prefabri.com\/fr\/wp-json\/wp\/v2\/users\/4"}],"replies":[{"embeddable":true,"href":"https:\/\/www.europa-prefabri.com\/fr\/wp-json\/wp\/v2\/comments?post=6731"}],"version-history":[{"count":0,"href":"https:\/\/www.europa-prefabri.com\/fr\/wp-json\/wp\/v2\/portfolio\/6731\/revisions"}],"wp:featuredmedia":[{"embeddable":true,"href":"https:\/\/www.europa-prefabri.com\/fr\/wp-json\/wp\/v2\/media\/6735"}],"wp:attachment":[{"href":"https:\/\/www.europa-prefabri.com\/fr\/wp-json\/wp\/v2\/media?parent=6731"}],"wp:term":[{"taxonomy":"post_tag","embeddable":true,"href":"https:\/\/www.europa-prefabri.com\/fr\/wp-json\/wp\/v2\/tags?post=6731"},{"taxonomy":"portfolio_entries","embeddable":true,"href":"https:\/\/www.europa-prefabri.com\/fr\/wp-json\/wp\/v2\/portfolio_entries?post=6731"}],"curies":[{"name":"wp","href":"https:\/\/api.w.org\/{rel}","templated":true}]}}