{"id":4044,"date":"2014-07-08T16:08:42","date_gmt":"2014-07-08T16:08:42","guid":{"rendered":"http:\/\/www.europa-prefabri.com\/?post_type=portfolio&#038;p=4044"},"modified":"2020-11-11T13:03:49","modified_gmt":"2020-11-11T12:03:49","slug":"carports-toiles","status":"publish","type":"portfolio","link":"https:\/\/www.europa-prefabri.com\/fr\/portfolio-item\/carports-toiles\/","title":{"rendered":"Carports toiles"},"content":{"rendered":"<div  class='flex_column av-av_two_third-2a9015ff38129c418a3f2eafba3e9512 av_two_third  avia-builder-el-0  el_before_av_one_third  avia-builder-el-first  first flex_column_div  '     ><style type=\"text\/css\" data-created_by=\"avia_inline_auto\" id=\"style-css-av-av_gallery-c5a8ac04c7e77d0563c0e4a584591c8e\">\n#top .avia-gallery.av-av_gallery-c5a8ac04c7e77d0563c0e4a584591c8e .avia-gallery-thumb a{\nwidth:8.3333%;\n}\n<\/style>\n<div  class='avia-gallery av-av_gallery-c5a8ac04c7e77d0563c0e4a584591c8e avia_animate_when_visible  avia-builder-el-1  avia-builder-el-no-sibling  avia_lazyload av-slideshow-ui av-loop-manual-endless av-control-hidden av-navigate-arrows av-navigate-dots hover-effect av-control-hidden avia-gallery-animate avia-gallery-1'  itemprop=\"image\" itemscope=\"itemscope\" itemtype=\"https:\/\/schema.org\/ImageObject\" ><meta itemprop=\"contentURL\" content=\"https:\/\/www.europa-prefabri.com\/fr\/portfolio-item\/carports-toiles\/\"><div class='avia-gallery-big-wrapper'><a class='avia-gallery-big fakeLightbox lightbox avia-gallery-big-crop-thumb ' href=\"https:\/\/www.europa-prefabri.com\/wp-content\/uploads\/1-Cubiertas-textiles-parking-Mercedes-Benz.jpg\" data-srcset=\"https:\/\/www.europa-prefabri.com\/wp-content\/uploads\/1-Cubiertas-textiles-parking-Mercedes-Benz.jpg 710w, https:\/\/www.europa-prefabri.com\/wp-content\/uploads\/1-Cubiertas-textiles-parking-Mercedes-Benz-300x243.jpg 300w, https:\/\/www.europa-prefabri.com\/wp-content\/uploads\/1-Cubiertas-textiles-parking-Mercedes-Benz-495x400.jpg 495w, https:\/\/www.europa-prefabri.com\/wp-content\/uploads\/1-Cubiertas-textiles-parking-Mercedes-Benz-705x571.jpg 705w, https:\/\/www.europa-prefabri.com\/wp-content\/uploads\/1-Cubiertas-textiles-parking-Mercedes-Benz-450x364.jpg 450w\" data-sizes=\"(max-width: 710px) 100vw, 710px\"  data-onclick='1' title='cubiertas textiles parking' ><span class='avia-gallery-big-inner'  itemprop=\"thumbnailUrl\" ><img decoding=\"async\" fetchpriority=\"high\" class=\"wp-image-12009 avia-img-lazy-loading-not-12009\"  width=\"710\" height=\"575\" src=\"https:\/\/www.europa-prefabri.com\/wp-content\/uploads\/1-Cubiertas-textiles-parking-Mercedes-Benz.jpg\" title='cubiertas textiles parking' alt='' srcset=\"https:\/\/www.europa-prefabri.com\/wp-content\/uploads\/1-Cubiertas-textiles-parking-Mercedes-Benz.jpg 710w, https:\/\/www.europa-prefabri.com\/wp-content\/uploads\/1-Cubiertas-textiles-parking-Mercedes-Benz-300x243.jpg 300w, https:\/\/www.europa-prefabri.com\/wp-content\/uploads\/1-Cubiertas-textiles-parking-Mercedes-Benz-495x400.jpg 495w, https:\/\/www.europa-prefabri.com\/wp-content\/uploads\/1-Cubiertas-textiles-parking-Mercedes-Benz-705x571.jpg 705w, https:\/\/www.europa-prefabri.com\/wp-content\/uploads\/1-Cubiertas-textiles-parking-Mercedes-Benz-450x364.jpg 450w\" sizes=\"(max-width: 710px) 100vw, 710px\" \/><\/span><\/a><\/div><div class='avia-gallery-thumb'><a href=\"https:\/\/www.europa-prefabri.com\/wp-content\/uploads\/1-Cubiertas-textiles-parking-Mercedes-Benz.jpg\" data-srcset=\"https:\/\/www.europa-prefabri.com\/wp-content\/uploads\/1-Cubiertas-textiles-parking-Mercedes-Benz.jpg 710w, https:\/\/www.europa-prefabri.com\/wp-content\/uploads\/1-Cubiertas-textiles-parking-Mercedes-Benz-300x243.jpg 300w, https:\/\/www.europa-prefabri.com\/wp-content\/uploads\/1-Cubiertas-textiles-parking-Mercedes-Benz-495x400.jpg 495w, https:\/\/www.europa-prefabri.com\/wp-content\/uploads\/1-Cubiertas-textiles-parking-Mercedes-Benz-705x571.jpg 705w, https:\/\/www.europa-prefabri.com\/wp-content\/uploads\/1-Cubiertas-textiles-parking-Mercedes-Benz-450x364.jpg 450w\" data-sizes=\"(max-width: 710px) 100vw, 710px\" data-rel='gallery-1' data-prev-img='https:\/\/www.europa-prefabri.com\/wp-content\/uploads\/1-Cubiertas-textiles-parking-Mercedes-Benz.jpg' class='first_thumb lightbox ' data-onclick='1' title='cubiertas textiles parking'  itemprop=\"thumbnailUrl\"  ><img decoding=\"async\" fetchpriority=\"high\" class=\"wp-image-12009 avia-img-lazy-loading-not-12009\"   src=\"https:\/\/www.europa-prefabri.com\/wp-content\/uploads\/1-Cubiertas-textiles-parking-Mercedes-Benz-495x400.jpg\" width=\"495\" height=\"400\"  title='cubiertas textiles parking' alt='' srcset=\"https:\/\/www.europa-prefabri.com\/wp-content\/uploads\/1-Cubiertas-textiles-parking-Mercedes-Benz-495x400.jpg 495w, https:\/\/www.europa-prefabri.com\/wp-content\/uploads\/1-Cubiertas-textiles-parking-Mercedes-Benz-300x243.jpg 300w, https:\/\/www.europa-prefabri.com\/wp-content\/uploads\/1-Cubiertas-textiles-parking-Mercedes-Benz-705x571.jpg 705w, https:\/\/www.europa-prefabri.com\/wp-content\/uploads\/1-Cubiertas-textiles-parking-Mercedes-Benz-450x364.jpg 450w, https:\/\/www.europa-prefabri.com\/wp-content\/uploads\/1-Cubiertas-textiles-parking-Mercedes-Benz.jpg 710w\" sizes=\"(max-width: 495px) 100vw, 495px\" \/><div class='big-prev-fake'><img decoding=\"async\" loading=\"lazy\" class=\"wp-image-12009 avia-img-lazy-loading-12009\"  width=\"710\" height=\"575\" src=\"https:\/\/www.europa-prefabri.com\/wp-content\/uploads\/1-Cubiertas-textiles-parking-Mercedes-Benz.jpg\" title='cubiertas textiles parking' alt='' srcset=\"https:\/\/www.europa-prefabri.com\/wp-content\/uploads\/1-Cubiertas-textiles-parking-Mercedes-Benz.jpg 710w, https:\/\/www.europa-prefabri.com\/wp-content\/uploads\/1-Cubiertas-textiles-parking-Mercedes-Benz-300x243.jpg 300w, https:\/\/www.europa-prefabri.com\/wp-content\/uploads\/1-Cubiertas-textiles-parking-Mercedes-Benz-495x400.jpg 495w, https:\/\/www.europa-prefabri.com\/wp-content\/uploads\/1-Cubiertas-textiles-parking-Mercedes-Benz-705x571.jpg 705w, https:\/\/www.europa-prefabri.com\/wp-content\/uploads\/1-Cubiertas-textiles-parking-Mercedes-Benz-450x364.jpg 450w\" sizes=\"auto, (max-width: 710px) 100vw, 710px\" \/><\/div><\/a><a href=\"https:\/\/www.europa-prefabri.com\/wp-content\/uploads\/2-Cubiertas-textiles-aspiradores.jpg\" data-srcset=\"https:\/\/www.europa-prefabri.com\/wp-content\/uploads\/2-Cubiertas-textiles-aspiradores.jpg 710w, https:\/\/www.europa-prefabri.com\/wp-content\/uploads\/2-Cubiertas-textiles-aspiradores-300x243.jpg 300w, https:\/\/www.europa-prefabri.com\/wp-content\/uploads\/2-Cubiertas-textiles-aspiradores-495x400.jpg 495w, https:\/\/www.europa-prefabri.com\/wp-content\/uploads\/2-Cubiertas-textiles-aspiradores-705x571.jpg 705w, https:\/\/www.europa-prefabri.com\/wp-content\/uploads\/2-Cubiertas-textiles-aspiradores-450x364.jpg 450w\" data-sizes=\"(max-width: 710px) 100vw, 710px\" data-rel='gallery-1' data-prev-img='https:\/\/www.europa-prefabri.com\/wp-content\/uploads\/2-Cubiertas-textiles-aspiradores.jpg' class='lightbox ' data-onclick='2' title='2-Cubiertas-textiles---aspiradores'  itemprop=\"thumbnailUrl\"  ><img decoding=\"async\" fetchpriority=\"high\" class=\"wp-image-12010 avia-img-lazy-loading-not-12010\"   src=\"https:\/\/www.europa-prefabri.com\/wp-content\/uploads\/2-Cubiertas-textiles-aspiradores-495x400.jpg\" width=\"495\" height=\"400\"  title='2-Cubiertas-textiles---aspiradores' alt='' srcset=\"https:\/\/www.europa-prefabri.com\/wp-content\/uploads\/2-Cubiertas-textiles-aspiradores-495x400.jpg 495w, https:\/\/www.europa-prefabri.com\/wp-content\/uploads\/2-Cubiertas-textiles-aspiradores-300x243.jpg 300w, https:\/\/www.europa-prefabri.com\/wp-content\/uploads\/2-Cubiertas-textiles-aspiradores-705x571.jpg 705w, https:\/\/www.europa-prefabri.com\/wp-content\/uploads\/2-Cubiertas-textiles-aspiradores-450x364.jpg 450w, https:\/\/www.europa-prefabri.com\/wp-content\/uploads\/2-Cubiertas-textiles-aspiradores.jpg 710w\" sizes=\"(max-width: 495px) 100vw, 495px\" \/><div class='big-prev-fake'><img decoding=\"async\" loading=\"lazy\" class=\"wp-image-12010 avia-img-lazy-loading-12010\"  width=\"710\" height=\"575\" src=\"https:\/\/www.europa-prefabri.com\/wp-content\/uploads\/2-Cubiertas-textiles-aspiradores.jpg\" title='2-Cubiertas-textiles---aspiradores' alt='' srcset=\"https:\/\/www.europa-prefabri.com\/wp-content\/uploads\/2-Cubiertas-textiles-aspiradores.jpg 710w, https:\/\/www.europa-prefabri.com\/wp-content\/uploads\/2-Cubiertas-textiles-aspiradores-300x243.jpg 300w, https:\/\/www.europa-prefabri.com\/wp-content\/uploads\/2-Cubiertas-textiles-aspiradores-495x400.jpg 495w, https:\/\/www.europa-prefabri.com\/wp-content\/uploads\/2-Cubiertas-textiles-aspiradores-705x571.jpg 705w, https:\/\/www.europa-prefabri.com\/wp-content\/uploads\/2-Cubiertas-textiles-aspiradores-450x364.jpg 450w\" sizes=\"auto, (max-width: 710px) 100vw, 710px\" \/><\/div><\/a><a href=\"https:\/\/www.europa-prefabri.com\/wp-content\/uploads\/3-Cubiertas-textiles-terraza-bar.jpg\" data-srcset=\"https:\/\/www.europa-prefabri.com\/wp-content\/uploads\/3-Cubiertas-textiles-terraza-bar.jpg 710w, https:\/\/www.europa-prefabri.com\/wp-content\/uploads\/3-Cubiertas-textiles-terraza-bar-300x243.jpg 300w, https:\/\/www.europa-prefabri.com\/wp-content\/uploads\/3-Cubiertas-textiles-terraza-bar-495x400.jpg 495w, https:\/\/www.europa-prefabri.com\/wp-content\/uploads\/3-Cubiertas-textiles-terraza-bar-705x571.jpg 705w, https:\/\/www.europa-prefabri.com\/wp-content\/uploads\/3-Cubiertas-textiles-terraza-bar-450x364.jpg 450w\" data-sizes=\"(max-width: 710px) 100vw, 710px\" data-rel='gallery-1' data-prev-img='https:\/\/www.europa-prefabri.com\/wp-content\/uploads\/3-Cubiertas-textiles-terraza-bar.jpg' class='lightbox ' data-onclick='3' title='3-Cubiertas-textiles---terraza-bar'  itemprop=\"thumbnailUrl\"  ><img decoding=\"async\" fetchpriority=\"high\" class=\"wp-image-12011 avia-img-lazy-loading-not-12011\"   src=\"https:\/\/www.europa-prefabri.com\/wp-content\/uploads\/3-Cubiertas-textiles-terraza-bar-495x400.jpg\" width=\"495\" height=\"400\"  title='3-Cubiertas-textiles---terraza-bar' alt='' srcset=\"https:\/\/www.europa-prefabri.com\/wp-content\/uploads\/3-Cubiertas-textiles-terraza-bar-495x400.jpg 495w, https:\/\/www.europa-prefabri.com\/wp-content\/uploads\/3-Cubiertas-textiles-terraza-bar-300x243.jpg 300w, https:\/\/www.europa-prefabri.com\/wp-content\/uploads\/3-Cubiertas-textiles-terraza-bar-705x571.jpg 705w, https:\/\/www.europa-prefabri.com\/wp-content\/uploads\/3-Cubiertas-textiles-terraza-bar-450x364.jpg 450w, https:\/\/www.europa-prefabri.com\/wp-content\/uploads\/3-Cubiertas-textiles-terraza-bar.jpg 710w\" sizes=\"(max-width: 495px) 100vw, 495px\" \/><div class='big-prev-fake'><img decoding=\"async\" loading=\"lazy\" class=\"wp-image-12011 avia-img-lazy-loading-12011\"  width=\"710\" height=\"575\" src=\"https:\/\/www.europa-prefabri.com\/wp-content\/uploads\/3-Cubiertas-textiles-terraza-bar.jpg\" title='3-Cubiertas-textiles---terraza-bar' alt='' srcset=\"https:\/\/www.europa-prefabri.com\/wp-content\/uploads\/3-Cubiertas-textiles-terraza-bar.jpg 710w, https:\/\/www.europa-prefabri.com\/wp-content\/uploads\/3-Cubiertas-textiles-terraza-bar-300x243.jpg 300w, https:\/\/www.europa-prefabri.com\/wp-content\/uploads\/3-Cubiertas-textiles-terraza-bar-495x400.jpg 495w, https:\/\/www.europa-prefabri.com\/wp-content\/uploads\/3-Cubiertas-textiles-terraza-bar-705x571.jpg 705w, https:\/\/www.europa-prefabri.com\/wp-content\/uploads\/3-Cubiertas-textiles-terraza-bar-450x364.jpg 450w\" sizes=\"auto, (max-width: 710px) 100vw, 710px\" \/><\/div><\/a><a href=\"https:\/\/www.europa-prefabri.com\/wp-content\/uploads\/5-Cubiertas-textiles-aspiradores.jpg\" data-srcset=\"https:\/\/www.europa-prefabri.com\/wp-content\/uploads\/5-Cubiertas-textiles-aspiradores.jpg 710w, https:\/\/www.europa-prefabri.com\/wp-content\/uploads\/5-Cubiertas-textiles-aspiradores-300x243.jpg 300w, https:\/\/www.europa-prefabri.com\/wp-content\/uploads\/5-Cubiertas-textiles-aspiradores-495x400.jpg 495w, https:\/\/www.europa-prefabri.com\/wp-content\/uploads\/5-Cubiertas-textiles-aspiradores-705x571.jpg 705w, https:\/\/www.europa-prefabri.com\/wp-content\/uploads\/5-Cubiertas-textiles-aspiradores-450x364.jpg 450w\" data-sizes=\"(max-width: 710px) 100vw, 710px\" data-rel='gallery-1' data-prev-img='https:\/\/www.europa-prefabri.com\/wp-content\/uploads\/5-Cubiertas-textiles-aspiradores.jpg' class='lightbox ' data-onclick='4' title='5-Cubiertas-textiles-aspiradores'  itemprop=\"thumbnailUrl\"  ><img decoding=\"async\" fetchpriority=\"high\" class=\"wp-image-12013 avia-img-lazy-loading-not-12013\"   src=\"https:\/\/www.europa-prefabri.com\/wp-content\/uploads\/5-Cubiertas-textiles-aspiradores-495x400.jpg\" width=\"495\" height=\"400\"  title='5-Cubiertas-textiles-aspiradores' alt='' srcset=\"https:\/\/www.europa-prefabri.com\/wp-content\/uploads\/5-Cubiertas-textiles-aspiradores-495x400.jpg 495w, https:\/\/www.europa-prefabri.com\/wp-content\/uploads\/5-Cubiertas-textiles-aspiradores-300x243.jpg 300w, https:\/\/www.europa-prefabri.com\/wp-content\/uploads\/5-Cubiertas-textiles-aspiradores-705x571.jpg 705w, https:\/\/www.europa-prefabri.com\/wp-content\/uploads\/5-Cubiertas-textiles-aspiradores-450x364.jpg 450w, https:\/\/www.europa-prefabri.com\/wp-content\/uploads\/5-Cubiertas-textiles-aspiradores.jpg 710w\" sizes=\"(max-width: 495px) 100vw, 495px\" \/><div class='big-prev-fake'><img decoding=\"async\" loading=\"lazy\" class=\"wp-image-12013 avia-img-lazy-loading-12013\"  width=\"710\" height=\"575\" src=\"https:\/\/www.europa-prefabri.com\/wp-content\/uploads\/5-Cubiertas-textiles-aspiradores.jpg\" title='5-Cubiertas-textiles-aspiradores' alt='' srcset=\"https:\/\/www.europa-prefabri.com\/wp-content\/uploads\/5-Cubiertas-textiles-aspiradores.jpg 710w, https:\/\/www.europa-prefabri.com\/wp-content\/uploads\/5-Cubiertas-textiles-aspiradores-300x243.jpg 300w, https:\/\/www.europa-prefabri.com\/wp-content\/uploads\/5-Cubiertas-textiles-aspiradores-495x400.jpg 495w, https:\/\/www.europa-prefabri.com\/wp-content\/uploads\/5-Cubiertas-textiles-aspiradores-705x571.jpg 705w, https:\/\/www.europa-prefabri.com\/wp-content\/uploads\/5-Cubiertas-textiles-aspiradores-450x364.jpg 450w\" sizes=\"auto, (max-width: 710px) 100vw, 710px\" \/><\/div><\/a><a href=\"https:\/\/www.europa-prefabri.com\/wp-content\/uploads\/6-Cubiertas-textiles-parking.jpg\" data-srcset=\"https:\/\/www.europa-prefabri.com\/wp-content\/uploads\/6-Cubiertas-textiles-parking.jpg 710w, https:\/\/www.europa-prefabri.com\/wp-content\/uploads\/6-Cubiertas-textiles-parking-300x243.jpg 300w, https:\/\/www.europa-prefabri.com\/wp-content\/uploads\/6-Cubiertas-textiles-parking-495x400.jpg 495w, https:\/\/www.europa-prefabri.com\/wp-content\/uploads\/6-Cubiertas-textiles-parking-705x571.jpg 705w, https:\/\/www.europa-prefabri.com\/wp-content\/uploads\/6-Cubiertas-textiles-parking-450x364.jpg 450w\" data-sizes=\"(max-width: 710px) 100vw, 710px\" data-rel='gallery-1' data-prev-img='https:\/\/www.europa-prefabri.com\/wp-content\/uploads\/6-Cubiertas-textiles-parking.jpg' class='lightbox ' data-onclick='5' title='6-Cubiertas-textiles-parking'  itemprop=\"thumbnailUrl\"  ><img decoding=\"async\" fetchpriority=\"high\" class=\"wp-image-12014 avia-img-lazy-loading-not-12014\"   src=\"https:\/\/www.europa-prefabri.com\/wp-content\/uploads\/6-Cubiertas-textiles-parking-495x400.jpg\" width=\"495\" height=\"400\"  title='6-Cubiertas-textiles-parking' alt='' srcset=\"https:\/\/www.europa-prefabri.com\/wp-content\/uploads\/6-Cubiertas-textiles-parking-495x400.jpg 495w, https:\/\/www.europa-prefabri.com\/wp-content\/uploads\/6-Cubiertas-textiles-parking-300x243.jpg 300w, https:\/\/www.europa-prefabri.com\/wp-content\/uploads\/6-Cubiertas-textiles-parking-705x571.jpg 705w, https:\/\/www.europa-prefabri.com\/wp-content\/uploads\/6-Cubiertas-textiles-parking-450x364.jpg 450w, https:\/\/www.europa-prefabri.com\/wp-content\/uploads\/6-Cubiertas-textiles-parking.jpg 710w\" sizes=\"(max-width: 495px) 100vw, 495px\" \/><div class='big-prev-fake'><img decoding=\"async\" loading=\"lazy\" class=\"wp-image-12014 avia-img-lazy-loading-12014\"  width=\"710\" height=\"575\" src=\"https:\/\/www.europa-prefabri.com\/wp-content\/uploads\/6-Cubiertas-textiles-parking.jpg\" title='6-Cubiertas-textiles-parking' alt='' srcset=\"https:\/\/www.europa-prefabri.com\/wp-content\/uploads\/6-Cubiertas-textiles-parking.jpg 710w, https:\/\/www.europa-prefabri.com\/wp-content\/uploads\/6-Cubiertas-textiles-parking-300x243.jpg 300w, https:\/\/www.europa-prefabri.com\/wp-content\/uploads\/6-Cubiertas-textiles-parking-495x400.jpg 495w, https:\/\/www.europa-prefabri.com\/wp-content\/uploads\/6-Cubiertas-textiles-parking-705x571.jpg 705w, https:\/\/www.europa-prefabri.com\/wp-content\/uploads\/6-Cubiertas-textiles-parking-450x364.jpg 450w\" sizes=\"auto, (max-width: 710px) 100vw, 710px\" \/><\/div><\/a><a href=\"https:\/\/www.europa-prefabri.com\/wp-content\/uploads\/9.jpg\" data-srcset=\"https:\/\/www.europa-prefabri.com\/wp-content\/uploads\/9.jpg 710w, https:\/\/www.europa-prefabri.com\/wp-content\/uploads\/9-300x243.jpg 300w, https:\/\/www.europa-prefabri.com\/wp-content\/uploads\/9-495x400.jpg 495w, https:\/\/www.europa-prefabri.com\/wp-content\/uploads\/9-705x571.jpg 705w, https:\/\/www.europa-prefabri.com\/wp-content\/uploads\/9-450x364.jpg 450w\" data-sizes=\"(max-width: 710px) 100vw, 710px\" data-rel='gallery-1' data-prev-img='https:\/\/www.europa-prefabri.com\/wp-content\/uploads\/9.jpg' class='lightbox ' data-onclick='6' title='cubiertas textiles parking'  itemprop=\"thumbnailUrl\"  ><img decoding=\"async\" fetchpriority=\"high\" class=\"wp-image-12017 avia-img-lazy-loading-not-12017\"   src=\"https:\/\/www.europa-prefabri.com\/wp-content\/uploads\/9-495x400.jpg\" width=\"495\" height=\"400\"  title='cubiertas textiles parking' alt='' srcset=\"https:\/\/www.europa-prefabri.com\/wp-content\/uploads\/9-495x400.jpg 495w, https:\/\/www.europa-prefabri.com\/wp-content\/uploads\/9-300x243.jpg 300w, https:\/\/www.europa-prefabri.com\/wp-content\/uploads\/9-705x571.jpg 705w, https:\/\/www.europa-prefabri.com\/wp-content\/uploads\/9-450x364.jpg 450w, https:\/\/www.europa-prefabri.com\/wp-content\/uploads\/9.jpg 710w\" sizes=\"(max-width: 495px) 100vw, 495px\" \/><div class='big-prev-fake'><img decoding=\"async\" loading=\"lazy\" class=\"wp-image-12017 avia-img-lazy-loading-12017\"  width=\"710\" height=\"575\" src=\"https:\/\/www.europa-prefabri.com\/wp-content\/uploads\/9.jpg\" title='cubiertas textiles parking' alt='' srcset=\"https:\/\/www.europa-prefabri.com\/wp-content\/uploads\/9.jpg 710w, https:\/\/www.europa-prefabri.com\/wp-content\/uploads\/9-300x243.jpg 300w, https:\/\/www.europa-prefabri.com\/wp-content\/uploads\/9-495x400.jpg 495w, https:\/\/www.europa-prefabri.com\/wp-content\/uploads\/9-705x571.jpg 705w, https:\/\/www.europa-prefabri.com\/wp-content\/uploads\/9-450x364.jpg 450w\" sizes=\"auto, (max-width: 710px) 100vw, 710px\" \/><\/div><\/a><a href=\"https:\/\/www.europa-prefabri.com\/wp-content\/uploads\/19032009532_800x600.jpg\" data-srcset=\"https:\/\/www.europa-prefabri.com\/wp-content\/uploads\/19032009532_800x600.jpg 800w, https:\/\/www.europa-prefabri.com\/wp-content\/uploads\/19032009532_800x600-300x225.jpg 300w, https:\/\/www.europa-prefabri.com\/wp-content\/uploads\/19032009532_800x600-768x576.jpg 768w, https:\/\/www.europa-prefabri.com\/wp-content\/uploads\/19032009532_800x600-705x529.jpg 705w, https:\/\/www.europa-prefabri.com\/wp-content\/uploads\/19032009532_800x600-450x338.jpg 450w\" data-sizes=\"(max-width: 800px) 100vw, 800px\" data-rel='gallery-1' data-prev-img='https:\/\/www.europa-prefabri.com\/wp-content\/uploads\/19032009532_800x600.jpg' class='lightbox ' data-onclick='7' title='Cubierta textil Aspiradores'  itemprop=\"thumbnailUrl\"  ><img decoding=\"async\" fetchpriority=\"high\" class=\"wp-image-12019 avia-img-lazy-loading-not-12019\"   src=\"https:\/\/www.europa-prefabri.com\/wp-content\/uploads\/19032009532_800x600-495x400.jpg\" width=\"495\" height=\"400\"  title='Cubierta textil Aspiradores' alt='' \/><div class='big-prev-fake'><img decoding=\"async\" loading=\"lazy\" class=\"wp-image-12019 avia-img-lazy-loading-12019\"  width=\"800\" height=\"600\" src=\"https:\/\/www.europa-prefabri.com\/wp-content\/uploads\/19032009532_800x600.jpg\" title='Cubierta textil Aspiradores' alt='' srcset=\"https:\/\/www.europa-prefabri.com\/wp-content\/uploads\/19032009532_800x600.jpg 800w, https:\/\/www.europa-prefabri.com\/wp-content\/uploads\/19032009532_800x600-300x225.jpg 300w, https:\/\/www.europa-prefabri.com\/wp-content\/uploads\/19032009532_800x600-768x576.jpg 768w, https:\/\/www.europa-prefabri.com\/wp-content\/uploads\/19032009532_800x600-705x529.jpg 705w, https:\/\/www.europa-prefabri.com\/wp-content\/uploads\/19032009532_800x600-450x338.jpg 450w\" sizes=\"auto, (max-width: 800px) 100vw, 800px\" \/><\/div><\/a><a href=\"https:\/\/www.europa-prefabri.com\/wp-content\/uploads\/24042009676_800x600.jpg\" data-srcset=\"https:\/\/www.europa-prefabri.com\/wp-content\/uploads\/24042009676_800x600.jpg 800w, https:\/\/www.europa-prefabri.com\/wp-content\/uploads\/24042009676_800x600-300x225.jpg 300w, https:\/\/www.europa-prefabri.com\/wp-content\/uploads\/24042009676_800x600-768x576.jpg 768w, https:\/\/www.europa-prefabri.com\/wp-content\/uploads\/24042009676_800x600-705x529.jpg 705w, https:\/\/www.europa-prefabri.com\/wp-content\/uploads\/24042009676_800x600-450x338.jpg 450w\" data-sizes=\"(max-width: 800px) 100vw, 800px\" data-rel='gallery-1' data-prev-img='https:\/\/www.europa-prefabri.com\/wp-content\/uploads\/24042009676_800x600.jpg' class='lightbox ' data-onclick='8' title='Cubierta Textil'  itemprop=\"thumbnailUrl\"  ><img decoding=\"async\" fetchpriority=\"high\" class=\"wp-image-12020 avia-img-lazy-loading-not-12020\"   src=\"https:\/\/www.europa-prefabri.com\/wp-content\/uploads\/24042009676_800x600-495x400.jpg\" width=\"495\" height=\"400\"  title='Cubierta Textil' alt='' \/><div class='big-prev-fake'><img decoding=\"async\" loading=\"lazy\" class=\"wp-image-12020 avia-img-lazy-loading-12020\"  width=\"800\" height=\"600\" src=\"https:\/\/www.europa-prefabri.com\/wp-content\/uploads\/24042009676_800x600.jpg\" title='Cubierta Textil' alt='' srcset=\"https:\/\/www.europa-prefabri.com\/wp-content\/uploads\/24042009676_800x600.jpg 800w, https:\/\/www.europa-prefabri.com\/wp-content\/uploads\/24042009676_800x600-300x225.jpg 300w, https:\/\/www.europa-prefabri.com\/wp-content\/uploads\/24042009676_800x600-768x576.jpg 768w, https:\/\/www.europa-prefabri.com\/wp-content\/uploads\/24042009676_800x600-705x529.jpg 705w, https:\/\/www.europa-prefabri.com\/wp-content\/uploads\/24042009676_800x600-450x338.jpg 450w\" sizes=\"auto, (max-width: 800px) 100vw, 800px\" \/><\/div><\/a><a href=\"https:\/\/www.europa-prefabri.com\/wp-content\/uploads\/DSC01198_800x600.jpg\" data-srcset=\"https:\/\/www.europa-prefabri.com\/wp-content\/uploads\/DSC01198_800x600.jpg 800w, https:\/\/www.europa-prefabri.com\/wp-content\/uploads\/DSC01198_800x600-300x225.jpg 300w, https:\/\/www.europa-prefabri.com\/wp-content\/uploads\/DSC01198_800x600-768x576.jpg 768w, https:\/\/www.europa-prefabri.com\/wp-content\/uploads\/DSC01198_800x600-705x529.jpg 705w, https:\/\/www.europa-prefabri.com\/wp-content\/uploads\/DSC01198_800x600-450x338.jpg 450w\" data-sizes=\"(max-width: 800px) 100vw, 800px\" data-rel='gallery-1' data-prev-img='https:\/\/www.europa-prefabri.com\/wp-content\/uploads\/DSC01198_800x600.jpg' class='lightbox ' data-onclick='9' title='Cubierta Textil Discoteca'  itemprop=\"thumbnailUrl\"  ><img decoding=\"async\" fetchpriority=\"high\" class=\"wp-image-12023 avia-img-lazy-loading-not-12023\"   src=\"https:\/\/www.europa-prefabri.com\/wp-content\/uploads\/DSC01198_800x600-495x400.jpg\" width=\"495\" height=\"400\"  title='Cubierta Textil Discoteca' alt='' \/><div class='big-prev-fake'><img decoding=\"async\" loading=\"lazy\" class=\"wp-image-12023 avia-img-lazy-loading-12023\"  width=\"800\" height=\"600\" src=\"https:\/\/www.europa-prefabri.com\/wp-content\/uploads\/DSC01198_800x600.jpg\" title='Cubierta Textil Discoteca' alt='' srcset=\"https:\/\/www.europa-prefabri.com\/wp-content\/uploads\/DSC01198_800x600.jpg 800w, https:\/\/www.europa-prefabri.com\/wp-content\/uploads\/DSC01198_800x600-300x225.jpg 300w, https:\/\/www.europa-prefabri.com\/wp-content\/uploads\/DSC01198_800x600-768x576.jpg 768w, https:\/\/www.europa-prefabri.com\/wp-content\/uploads\/DSC01198_800x600-705x529.jpg 705w, https:\/\/www.europa-prefabri.com\/wp-content\/uploads\/DSC01198_800x600-450x338.jpg 450w\" sizes=\"auto, (max-width: 800px) 100vw, 800px\" \/><\/div><\/a><a href=\"https:\/\/www.europa-prefabri.com\/wp-content\/uploads\/FOTO-MODELO-DOBLE-1_800x600.jpg\" data-srcset=\"https:\/\/www.europa-prefabri.com\/wp-content\/uploads\/FOTO-MODELO-DOBLE-1_800x600.jpg 800w, https:\/\/www.europa-prefabri.com\/wp-content\/uploads\/FOTO-MODELO-DOBLE-1_800x600-300x225.jpg 300w, https:\/\/www.europa-prefabri.com\/wp-content\/uploads\/FOTO-MODELO-DOBLE-1_800x600-768x576.jpg 768w, https:\/\/www.europa-prefabri.com\/wp-content\/uploads\/FOTO-MODELO-DOBLE-1_800x600-705x529.jpg 705w, https:\/\/www.europa-prefabri.com\/wp-content\/uploads\/FOTO-MODELO-DOBLE-1_800x600-450x338.jpg 450w\" data-sizes=\"(max-width: 800px) 100vw, 800px\" data-rel='gallery-1' data-prev-img='https:\/\/www.europa-prefabri.com\/wp-content\/uploads\/FOTO-MODELO-DOBLE-1_800x600.jpg' class='lightbox ' data-onclick='10' title='Cubierta Textil Doble'  itemprop=\"thumbnailUrl\"  ><img decoding=\"async\" fetchpriority=\"high\" class=\"wp-image-12024 avia-img-lazy-loading-not-12024\"   src=\"https:\/\/www.europa-prefabri.com\/wp-content\/uploads\/FOTO-MODELO-DOBLE-1_800x600-495x400.jpg\" width=\"495\" height=\"400\"  title='Cubierta Textil Doble' alt='' \/><div class='big-prev-fake'><img decoding=\"async\" loading=\"lazy\" class=\"wp-image-12024 avia-img-lazy-loading-12024\"  width=\"800\" height=\"600\" src=\"https:\/\/www.europa-prefabri.com\/wp-content\/uploads\/FOTO-MODELO-DOBLE-1_800x600.jpg\" title='Cubierta Textil Doble' alt='' srcset=\"https:\/\/www.europa-prefabri.com\/wp-content\/uploads\/FOTO-MODELO-DOBLE-1_800x600.jpg 800w, https:\/\/www.europa-prefabri.com\/wp-content\/uploads\/FOTO-MODELO-DOBLE-1_800x600-300x225.jpg 300w, https:\/\/www.europa-prefabri.com\/wp-content\/uploads\/FOTO-MODELO-DOBLE-1_800x600-768x576.jpg 768w, https:\/\/www.europa-prefabri.com\/wp-content\/uploads\/FOTO-MODELO-DOBLE-1_800x600-705x529.jpg 705w, https:\/\/www.europa-prefabri.com\/wp-content\/uploads\/FOTO-MODELO-DOBLE-1_800x600-450x338.jpg 450w\" sizes=\"auto, (max-width: 800px) 100vw, 800px\" \/><\/div><\/a><a href=\"https:\/\/www.europa-prefabri.com\/wp-content\/uploads\/FOTO-MODELO-SENCILLO-1_800x600.jpg\" data-srcset=\"https:\/\/www.europa-prefabri.com\/wp-content\/uploads\/FOTO-MODELO-SENCILLO-1_800x600.jpg 800w, https:\/\/www.europa-prefabri.com\/wp-content\/uploads\/FOTO-MODELO-SENCILLO-1_800x600-300x225.jpg 300w, https:\/\/www.europa-prefabri.com\/wp-content\/uploads\/FOTO-MODELO-SENCILLO-1_800x600-768x576.jpg 768w, https:\/\/www.europa-prefabri.com\/wp-content\/uploads\/FOTO-MODELO-SENCILLO-1_800x600-705x529.jpg 705w, https:\/\/www.europa-prefabri.com\/wp-content\/uploads\/FOTO-MODELO-SENCILLO-1_800x600-450x338.jpg 450w\" data-sizes=\"(max-width: 800px) 100vw, 800px\" data-rel='gallery-1' data-prev-img='https:\/\/www.europa-prefabri.com\/wp-content\/uploads\/FOTO-MODELO-SENCILLO-1_800x600.jpg' class='lightbox ' data-onclick='11' title='Parking Cubierta Textil Estandar'  itemprop=\"thumbnailUrl\"  ><img decoding=\"async\" fetchpriority=\"high\" class=\"wp-image-12025 avia-img-lazy-loading-not-12025\"   src=\"https:\/\/www.europa-prefabri.com\/wp-content\/uploads\/FOTO-MODELO-SENCILLO-1_800x600-495x400.jpg\" width=\"495\" height=\"400\"  title='Parking Cubierta Textil Estandar' alt='' \/><div class='big-prev-fake'><img decoding=\"async\" loading=\"lazy\" class=\"wp-image-12025 avia-img-lazy-loading-12025\"  width=\"800\" height=\"600\" src=\"https:\/\/www.europa-prefabri.com\/wp-content\/uploads\/FOTO-MODELO-SENCILLO-1_800x600.jpg\" title='Parking Cubierta Textil Estandar' alt='' srcset=\"https:\/\/www.europa-prefabri.com\/wp-content\/uploads\/FOTO-MODELO-SENCILLO-1_800x600.jpg 800w, https:\/\/www.europa-prefabri.com\/wp-content\/uploads\/FOTO-MODELO-SENCILLO-1_800x600-300x225.jpg 300w, https:\/\/www.europa-prefabri.com\/wp-content\/uploads\/FOTO-MODELO-SENCILLO-1_800x600-768x576.jpg 768w, https:\/\/www.europa-prefabri.com\/wp-content\/uploads\/FOTO-MODELO-SENCILLO-1_800x600-705x529.jpg 705w, https:\/\/www.europa-prefabri.com\/wp-content\/uploads\/FOTO-MODELO-SENCILLO-1_800x600-450x338.jpg 450w\" sizes=\"auto, (max-width: 800px) 100vw, 800px\" \/><\/div><\/a><a href=\"https:\/\/www.europa-prefabri.com\/wp-content\/uploads\/FOTO-MODELO-SENCILLO-2_800x600.jpg\" data-srcset=\"https:\/\/www.europa-prefabri.com\/wp-content\/uploads\/FOTO-MODELO-SENCILLO-2_800x600.jpg 800w, https:\/\/www.europa-prefabri.com\/wp-content\/uploads\/FOTO-MODELO-SENCILLO-2_800x600-300x225.jpg 300w, https:\/\/www.europa-prefabri.com\/wp-content\/uploads\/FOTO-MODELO-SENCILLO-2_800x600-768x576.jpg 768w, https:\/\/www.europa-prefabri.com\/wp-content\/uploads\/FOTO-MODELO-SENCILLO-2_800x600-705x529.jpg 705w, https:\/\/www.europa-prefabri.com\/wp-content\/uploads\/FOTO-MODELO-SENCILLO-2_800x600-450x338.jpg 450w\" data-sizes=\"(max-width: 800px) 100vw, 800px\" data-rel='gallery-1' data-prev-img='https:\/\/www.europa-prefabri.com\/wp-content\/uploads\/FOTO-MODELO-SENCILLO-2_800x600.jpg' class='lightbox ' data-onclick='12' title='Cubierta textil aparcamiento'  itemprop=\"thumbnailUrl\"  ><img decoding=\"async\" fetchpriority=\"high\" class=\"wp-image-12026 avia-img-lazy-loading-not-12026\"   src=\"https:\/\/www.europa-prefabri.com\/wp-content\/uploads\/FOTO-MODELO-SENCILLO-2_800x600-495x400.jpg\" width=\"495\" height=\"400\"  title='Cubierta textil aparcamiento' alt='' \/><div class='big-prev-fake'><img decoding=\"async\" loading=\"lazy\" class=\"wp-image-12026 avia-img-lazy-loading-12026\"  width=\"800\" height=\"600\" src=\"https:\/\/www.europa-prefabri.com\/wp-content\/uploads\/FOTO-MODELO-SENCILLO-2_800x600.jpg\" title='Cubierta textil aparcamiento' alt='' srcset=\"https:\/\/www.europa-prefabri.com\/wp-content\/uploads\/FOTO-MODELO-SENCILLO-2_800x600.jpg 800w, https:\/\/www.europa-prefabri.com\/wp-content\/uploads\/FOTO-MODELO-SENCILLO-2_800x600-300x225.jpg 300w, https:\/\/www.europa-prefabri.com\/wp-content\/uploads\/FOTO-MODELO-SENCILLO-2_800x600-768x576.jpg 768w, https:\/\/www.europa-prefabri.com\/wp-content\/uploads\/FOTO-MODELO-SENCILLO-2_800x600-705x529.jpg 705w, https:\/\/www.europa-prefabri.com\/wp-content\/uploads\/FOTO-MODELO-SENCILLO-2_800x600-450x338.jpg 450w\" sizes=\"auto, (max-width: 800px) 100vw, 800px\" \/><\/div><\/a><a href=\"https:\/\/www.europa-prefabri.com\/wp-content\/uploads\/RIMG0017_800x600.jpg\" data-srcset=\"https:\/\/www.europa-prefabri.com\/wp-content\/uploads\/RIMG0017_800x600.jpg 800w, https:\/\/www.europa-prefabri.com\/wp-content\/uploads\/RIMG0017_800x600-300x225.jpg 300w, https:\/\/www.europa-prefabri.com\/wp-content\/uploads\/RIMG0017_800x600-768x576.jpg 768w, https:\/\/www.europa-prefabri.com\/wp-content\/uploads\/RIMG0017_800x600-705x529.jpg 705w, https:\/\/www.europa-prefabri.com\/wp-content\/uploads\/RIMG0017_800x600-450x338.jpg 450w\" data-sizes=\"(max-width: 800px) 100vw, 800px\" data-rel='gallery-1' data-prev-img='https:\/\/www.europa-prefabri.com\/wp-content\/uploads\/RIMG0017_800x600.jpg' class='first_thumb lightbox ' data-onclick='13' title='Cubiertas textiles estacion de servicio'  itemprop=\"thumbnailUrl\"  ><img decoding=\"async\" fetchpriority=\"high\" class=\"wp-image-12027 avia-img-lazy-loading-not-12027\"   src=\"https:\/\/www.europa-prefabri.com\/wp-content\/uploads\/RIMG0017_800x600-495x400.jpg\" width=\"495\" height=\"400\"  title='Cubiertas textiles estacion de servicio' alt='' \/><div class='big-prev-fake'><img decoding=\"async\" loading=\"lazy\" class=\"wp-image-12027 avia-img-lazy-loading-12027\"  width=\"800\" height=\"600\" src=\"https:\/\/www.europa-prefabri.com\/wp-content\/uploads\/RIMG0017_800x600.jpg\" title='Cubiertas textiles estacion de servicio' alt='' srcset=\"https:\/\/www.europa-prefabri.com\/wp-content\/uploads\/RIMG0017_800x600.jpg 800w, https:\/\/www.europa-prefabri.com\/wp-content\/uploads\/RIMG0017_800x600-300x225.jpg 300w, https:\/\/www.europa-prefabri.com\/wp-content\/uploads\/RIMG0017_800x600-768x576.jpg 768w, https:\/\/www.europa-prefabri.com\/wp-content\/uploads\/RIMG0017_800x600-705x529.jpg 705w, https:\/\/www.europa-prefabri.com\/wp-content\/uploads\/RIMG0017_800x600-450x338.jpg 450w\" sizes=\"auto, (max-width: 800px) 100vw, 800px\" \/><\/div><\/a><a href=\"https:\/\/www.europa-prefabri.com\/wp-content\/uploads\/rockinrio-042_800x600.jpg\" data-srcset=\"https:\/\/www.europa-prefabri.com\/wp-content\/uploads\/rockinrio-042_800x600.jpg 800w, https:\/\/www.europa-prefabri.com\/wp-content\/uploads\/rockinrio-042_800x600-300x225.jpg 300w, https:\/\/www.europa-prefabri.com\/wp-content\/uploads\/rockinrio-042_800x600-768x576.jpg 768w, https:\/\/www.europa-prefabri.com\/wp-content\/uploads\/rockinrio-042_800x600-705x529.jpg 705w, https:\/\/www.europa-prefabri.com\/wp-content\/uploads\/rockinrio-042_800x600-450x338.jpg 450w\" data-sizes=\"(max-width: 800px) 100vw, 800px\" data-rel='gallery-1' data-prev-img='https:\/\/www.europa-prefabri.com\/wp-content\/uploads\/rockinrio-042_800x600.jpg' class='lightbox ' data-onclick='14' title='Cubierta Textil Aparcamiento'  itemprop=\"thumbnailUrl\"  ><img decoding=\"async\" fetchpriority=\"high\" class=\"wp-image-12029 avia-img-lazy-loading-not-12029\"   src=\"https:\/\/www.europa-prefabri.com\/wp-content\/uploads\/rockinrio-042_800x600-495x400.jpg\" width=\"495\" height=\"400\"  title='Cubierta Textil Aparcamiento' alt='' \/><div class='big-prev-fake'><img decoding=\"async\" loading=\"lazy\" class=\"wp-image-12029 avia-img-lazy-loading-12029\"  width=\"800\" height=\"600\" src=\"https:\/\/www.europa-prefabri.com\/wp-content\/uploads\/rockinrio-042_800x600.jpg\" title='Cubierta Textil Aparcamiento' alt='' srcset=\"https:\/\/www.europa-prefabri.com\/wp-content\/uploads\/rockinrio-042_800x600.jpg 800w, https:\/\/www.europa-prefabri.com\/wp-content\/uploads\/rockinrio-042_800x600-300x225.jpg 300w, https:\/\/www.europa-prefabri.com\/wp-content\/uploads\/rockinrio-042_800x600-768x576.jpg 768w, https:\/\/www.europa-prefabri.com\/wp-content\/uploads\/rockinrio-042_800x600-705x529.jpg 705w, https:\/\/www.europa-prefabri.com\/wp-content\/uploads\/rockinrio-042_800x600-450x338.jpg 450w\" sizes=\"auto, (max-width: 800px) 100vw, 800px\" \/><\/div><\/a><a href=\"https:\/\/www.europa-prefabri.com\/wp-content\/uploads\/DSC00104_800x600.jpg\" data-srcset=\"https:\/\/www.europa-prefabri.com\/wp-content\/uploads\/DSC00104_800x600.jpg 800w, https:\/\/www.europa-prefabri.com\/wp-content\/uploads\/DSC00104_800x600-300x225.jpg 300w, https:\/\/www.europa-prefabri.com\/wp-content\/uploads\/DSC00104_800x600-768x576.jpg 768w, https:\/\/www.europa-prefabri.com\/wp-content\/uploads\/DSC00104_800x600-705x529.jpg 705w, https:\/\/www.europa-prefabri.com\/wp-content\/uploads\/DSC00104_800x600-450x338.jpg 450w\" data-sizes=\"(max-width: 800px) 100vw, 800px\" data-rel='gallery-1' data-prev-img='https:\/\/www.europa-prefabri.com\/wp-content\/uploads\/DSC00104_800x600.jpg' class='lightbox ' data-onclick='15' title='Europa Prefabri - Cubiertas Textiles'  itemprop=\"thumbnailUrl\"  ><img decoding=\"async\" fetchpriority=\"high\" class=\"wp-image-12030 avia-img-lazy-loading-not-12030\"   src=\"https:\/\/www.europa-prefabri.com\/wp-content\/uploads\/DSC00104_800x600-495x400.jpg\" width=\"495\" height=\"400\"  title='Europa Prefabri - Cubiertas Textiles' alt='' \/><div class='big-prev-fake'><img decoding=\"async\" loading=\"lazy\" class=\"wp-image-12030 avia-img-lazy-loading-12030\"  width=\"800\" height=\"600\" src=\"https:\/\/www.europa-prefabri.com\/wp-content\/uploads\/DSC00104_800x600.jpg\" title='Europa Prefabri - Cubiertas Textiles' alt='' srcset=\"https:\/\/www.europa-prefabri.com\/wp-content\/uploads\/DSC00104_800x600.jpg 800w, https:\/\/www.europa-prefabri.com\/wp-content\/uploads\/DSC00104_800x600-300x225.jpg 300w, https:\/\/www.europa-prefabri.com\/wp-content\/uploads\/DSC00104_800x600-768x576.jpg 768w, https:\/\/www.europa-prefabri.com\/wp-content\/uploads\/DSC00104_800x600-705x529.jpg 705w, https:\/\/www.europa-prefabri.com\/wp-content\/uploads\/DSC00104_800x600-450x338.jpg 450w\" sizes=\"auto, (max-width: 800px) 100vw, 800px\" \/><\/div><\/a><a href=\"https:\/\/www.europa-prefabri.com\/wp-content\/uploads\/DSC00660_800x600.jpg\" data-srcset=\"https:\/\/www.europa-prefabri.com\/wp-content\/uploads\/DSC00660_800x600.jpg 800w, https:\/\/www.europa-prefabri.com\/wp-content\/uploads\/DSC00660_800x600-300x225.jpg 300w, https:\/\/www.europa-prefabri.com\/wp-content\/uploads\/DSC00660_800x600-768x576.jpg 768w, https:\/\/www.europa-prefabri.com\/wp-content\/uploads\/DSC00660_800x600-705x529.jpg 705w, https:\/\/www.europa-prefabri.com\/wp-content\/uploads\/DSC00660_800x600-450x338.jpg 450w\" data-sizes=\"(max-width: 800px) 100vw, 800px\" data-rel='gallery-1' data-prev-img='https:\/\/www.europa-prefabri.com\/wp-content\/uploads\/DSC00660_800x600.jpg' class='lightbox ' data-onclick='16' title='Cubierta Textil Ambulancias'  itemprop=\"thumbnailUrl\"  ><img decoding=\"async\" fetchpriority=\"high\" class=\"wp-image-12031 avia-img-lazy-loading-not-12031\"   src=\"https:\/\/www.europa-prefabri.com\/wp-content\/uploads\/DSC00660_800x600-495x400.jpg\" width=\"495\" height=\"400\"  title='Cubierta Textil Ambulancias' alt='' \/><div class='big-prev-fake'><img decoding=\"async\" loading=\"lazy\" class=\"wp-image-12031 avia-img-lazy-loading-12031\"  width=\"800\" height=\"600\" src=\"https:\/\/www.europa-prefabri.com\/wp-content\/uploads\/DSC00660_800x600.jpg\" title='Cubierta Textil Ambulancias' alt='' srcset=\"https:\/\/www.europa-prefabri.com\/wp-content\/uploads\/DSC00660_800x600.jpg 800w, https:\/\/www.europa-prefabri.com\/wp-content\/uploads\/DSC00660_800x600-300x225.jpg 300w, https:\/\/www.europa-prefabri.com\/wp-content\/uploads\/DSC00660_800x600-768x576.jpg 768w, https:\/\/www.europa-prefabri.com\/wp-content\/uploads\/DSC00660_800x600-705x529.jpg 705w, https:\/\/www.europa-prefabri.com\/wp-content\/uploads\/DSC00660_800x600-450x338.jpg 450w\" sizes=\"auto, (max-width: 800px) 100vw, 800px\" \/><\/div><\/a><\/div><\/div><\/div>\n\n<style type=\"text\/css\" data-created_by=\"avia_inline_auto\" id=\"style-css-av-av_one_third-0aa7055fe62c3622faec82866afbaeb2\">\n.flex_column.av-av_one_third-0aa7055fe62c3622faec82866afbaeb2{\nborder-radius:0px 0px 0px 0px;\npadding:0px 0px 0px 0px;\n}\n<\/style>\n<div  class='flex_column av-av_one_third-0aa7055fe62c3622faec82866afbaeb2 av_one_third  avia-builder-el-2  el_after_av_two_third  el_before_av_hr  flex_column_div av-zero-column-padding  '     ><section  class='av_textblock_section av-av_textblock-2de302bf1aa3cf4c9157dbe6f50ac7eb '   itemscope=\"itemscope\" itemtype=\"https:\/\/schema.org\/CreativeWork\" ><div class='avia_textblock'  itemprop=\"text\" ><h2>Carports toiles<\/h2>\n<p>Carports toiles qui garantissent une parfaite harmonie sans oublier la s\u00e9curit\u00e9 et qualit\u00e9 des mat\u00e9riaux.<\/p>\n<p>Architecture textile innovatrice pour divers usages avec un design moderne.<\/p>\n<p>Nous sommes fabricants de structures m\u00e9talliques et abris depuis plus de 30 ans avec plus de 200.000 m2 de couvertures install\u00e9es.<\/p>\n<p>Les nouvelles couvertures textiles sont des structures modulaires adaptables \u00e0 la g\u00e9om\u00e9trie de l\u2019emplacement.<\/p>\n<p>Utilisation au-del\u00e0 des typiques abris de parking de voitures comme stations de service, zone de repos, caf\u00e9t\u00e9rias, etc.<\/p>\n<\/div><\/section><br \/>\n<div  class='togglecontainer av-av_toggle_container-3db3bf9baa9aa7fee59103dfaf5a6e4b  avia-builder-el-4  el_after_av_textblock  avia-builder-el-last  toggle_close_all' >\n<section class='av_toggle_section av-av_toggle-1c686724f094c67bf6baba6477ab40fc'  itemscope=\"itemscope\" itemtype=\"https:\/\/schema.org\/CreativeWork\" ><div role=\"tablist\" class=\"single_toggle\" data-tags=\"{Tout} \"  ><p id='toggle-toggle-id-1' data-fake-id='#toggle-id-1' class='toggler  av-title-above '  itemprop=\"headline\"  role='tab' tabindex='0' aria-controls='toggle-id-1' data-slide-speed=\"200\" data-title=\"Caract\u00e9ristiques techniques \" data-title-open=\"\" data-aria_collapsed=\"Cliquez pour \u00e9tendre : Caract\u00e9ristiques techniques \" data-aria_expanded=\"Cliquez pour r\u00e9duire : Caract\u00e9ristiques techniques \">Caract\u00e9ristiques techniques <span class=\"toggle_icon\"><span class=\"vert_icon\"><\/span><span class=\"hor_icon\"><\/span><\/span><\/p><div id='toggle-id-1' aria-labelledby='toggle-toggle-id-1' role='region' class='toggle_wrap  av-title-above'  ><div class='toggle_content invers-color '  itemprop=\"text\" ><ul>\n<li>Esth\u00e9tique et utile<\/li>\n<li>Protection solaire<\/li>\n<li>Structure textile modulaire<\/li>\n<li>Conception et fabrication sur mesure<\/li>\n<li>Couleur au choix<\/li>\n<li>Possibilit\u00e9 d\u2019ajouter un logo<\/li>\n<li>Toiture en textile de PVC imperm\u00e9able<\/li>\n<\/ul>\n<\/div><\/div><\/div><\/section>\n<section class='av_toggle_section av-av_toggle-a4dafbce47d1c14d45fe2e915201f4ee'  itemscope=\"itemscope\" itemtype=\"https:\/\/schema.org\/CreativeWork\" ><div role=\"tablist\" class=\"single_toggle\" data-tags=\"{Tout} \"  ><p id='toggle-toggle-id-2' data-fake-id='#toggle-id-2' class='toggler  av-title-above '  itemprop=\"headline\"  role='tab' tabindex='0' aria-controls='toggle-id-2' data-slide-speed=\"200\" data-title=\"Utilisation \" data-title-open=\"\" data-aria_collapsed=\"Cliquez pour \u00e9tendre : Utilisation \" data-aria_expanded=\"Cliquez pour r\u00e9duire : Utilisation \">Utilisation <span class=\"toggle_icon\"><span class=\"vert_icon\"><\/span><span class=\"hor_icon\"><\/span><\/span><\/p><div id='toggle-id-2' aria-labelledby='toggle-toggle-id-2' role='region' class='toggle_wrap  av-title-above'  ><div class='toggle_content invers-color '  itemprop=\"text\" ><ul>\n<li>Parking pour voiture<\/li>\n<li>Terrasses<\/li>\n<li>Bars et restaurants<\/li>\n<li>Aires de jeux<\/li>\n<li>Stations-service<\/li>\n<li>Mobilier urbain<\/li>\n<\/ul>\n<\/div><\/div><\/div><\/section>\n<\/div><\/p><\/div>\n\n<style type=\"text\/css\" data-created_by=\"avia_inline_auto\" id=\"style-css-av-av_hr-4474f20d2389e2e5ecf918a02da5132e\">\n#top .hr.hr-invisible.av-av_hr-4474f20d2389e2e5ecf918a02da5132e{\nheight:50px;\n}\n<\/style>\n<div  class='hr av-av_hr-4474f20d2389e2e5ecf918a02da5132e hr-invisible  avia-builder-el-5  el_after_av_one_third  el_before_av_one_full '><span class='hr-inner '><span class=\"hr-inner-style\"><\/span><\/span><\/div>\n\n<style type=\"text\/css\" data-created_by=\"avia_inline_auto\" id=\"style-css-av-av_one_full-15d750bd1b332b34c6e70b077ebbccdf\">\n.flex_column.av-av_one_full-15d750bd1b332b34c6e70b077ebbccdf{\nborder-radius:0px 0px 0px 0px;\npadding:0px 0px 0px 0px;\n}\n<\/style>\n<div  class='flex_column av-av_one_full-15d750bd1b332b34c6e70b077ebbccdf av_one_full  avia-builder-el-6  el_after_av_hr  avia-builder-el-last  first flex_column_div av-zero-column-padding  '     ><p>\n<style type=\"text\/css\" data-created_by=\"avia_inline_auto\" id=\"style-css-av-av_heading-4b577bdbe6fe5718299094d872d1dd88\">\n#top .av-special-heading.av-av_heading-4b577bdbe6fe5718299094d872d1dd88{\npadding-bottom:10px;\n}\nbody .av-special-heading.av-av_heading-4b577bdbe6fe5718299094d872d1dd88 .av-special-heading-tag .heading-char{\nfont-size:25px;\n}\n.av-special-heading.av-av_heading-4b577bdbe6fe5718299094d872d1dd88 .av-subheading{\nfont-size:10px;\n}\n<\/style>\n<div  class='av-special-heading av-av_heading-4b577bdbe6fe5718299094d872d1dd88 av-special-heading-h3  avia-builder-el-7  el_before_av_hr  avia-builder-el-first '><h3 class='av-special-heading-tag '  itemprop=\"headline\"  >Produits similaires<\/h3><div class=\"special-heading-border\"><div class=\"special-heading-inner-border\"><\/div><\/div><\/div><br \/>\n\n<style type=\"text\/css\" data-created_by=\"avia_inline_auto\" id=\"style-css-av-av_hr-4474f20d2389e2e5ecf918a02da5132e\">\n#top .hr.hr-invisible.av-av_hr-4474f20d2389e2e5ecf918a02da5132e{\nheight:50px;\n}\n<\/style>\n<div  class='hr av-av_hr-4474f20d2389e2e5ecf918a02da5132e hr-invisible  avia-builder-el-8  el_after_av_heading  el_before_av_portfolio  avia-builder-el-last '><span class='hr-inner '><span class=\"hr-inner-style\"><\/span><\/span><\/div><br \/>\n<div  id=\"av-sc-portfolio-1\"  class=' grid-sort-container isotope   no_margin-container with-title-container grid-total-odd grid-col-5 grid-links-' data-portfolio-id='1'><div data-ajax-id='28552' class=' grid-entry flex_column isotope-item all_sort no_margin post-entry post-entry-28552 grid-entry-overview grid-loop-1 grid-parity-odd   av_one_fifth first default_av_fullwidth '><article class='main_color inner-entry'  itemscope=\"itemscope\" itemtype=\"https:\/\/schema.org\/CreativeWork\" ><a href=\"https:\/\/www.europa-prefabri.com\/fr\/portfolio-item\/campements-modulaires\/\" title='Campements modulaires'  data-rel='grid-1' class='grid-image avia-hover-fx'> <img decoding=\"async\" fetchpriority=\"high\" width=\"260\" height=\"185\" src=\"https:\/\/www.europa-prefabri.com\/wp-content\/uploads\/IMAG1585_800x452-260x185.jpg\" class=\"wp-image-7810 avia-img-lazy-loading-not-7810 attachment-portfolio_small size-portfolio_small wp-post-image\" alt=\"campamento modular de oficinas en lagos nigeria\" \/><\/a><div class='grid-content'><div class='avia-arrow'><\/div><header class=\"entry-content-header\" aria-label=\"Portfolio : Campements modulaires\"><h3 class='grid-entry-title entry-title '  itemprop=\"headline\" ><a href='https:\/\/www.europa-prefabri.com\/fr\/portfolio-item\/campements-modulaires\/' title='Campements modulaires'>Campements modulaires<\/a><\/h3><\/header><\/div><footer class=\"entry-footer\"><\/footer><\/article><\/div><div data-ajax-id='28550' class=' grid-entry flex_column isotope-item all_sort no_margin post-entry post-entry-28550 grid-entry-overview grid-loop-2 grid-parity-even  construction-modulaire_sort  av_one_fifth  default_av_fullwidth '><article class='main_color inner-entry'  itemscope=\"itemscope\" itemtype=\"https:\/\/schema.org\/CreativeWork\" ><a href=\"https:\/\/www.europa-prefabri.com\/fr\/portfolio-item\/conteneurs-de-stockage\/\" title='Conteneurs de stockage'  data-rel='grid-1' class='grid-image avia-hover-fx'> <img decoding=\"async\" fetchpriority=\"high\" width=\"260\" height=\"185\" src=\"https:\/\/www.europa-prefabri.com\/wp-content\/uploads\/contenedor-europa-prefabri-260x185.png\" class=\"wp-image-12750 avia-img-lazy-loading-not-12750 attachment-portfolio_small size-portfolio_small wp-post-image\" alt=\"\" \/><\/a><div class='grid-content'><div class='avia-arrow'><\/div><header class=\"entry-content-header\" aria-label=\"Portfolio : Conteneurs de stockage\"><h3 class='grid-entry-title entry-title '  itemprop=\"headline\" ><a href='https:\/\/www.europa-prefabri.com\/fr\/portfolio-item\/conteneurs-de-stockage\/' title='Conteneurs de stockage'>Conteneurs de stockage<\/a><\/h3><\/header><\/div><footer class=\"entry-footer\"><\/footer><\/article><\/div><div data-ajax-id='28548' class=' grid-entry flex_column isotope-item all_sort no_margin post-entry post-entry-28548 grid-entry-overview grid-loop-3 grid-parity-odd  construction-modulaire_sort  av_one_fifth  default_av_fullwidth '><article class='main_color inner-entry'  itemscope=\"itemscope\" itemtype=\"https:\/\/schema.org\/CreativeWork\" ><a href=\"https:\/\/www.europa-prefabri.com\/fr\/portfolio-item\/batiments-prefabriques\/\" title='B\u00e2timents pr\u00e9fabriqu\u00e9s'  data-rel='grid-1' class='grid-image avia-hover-fx'> <img decoding=\"async\" fetchpriority=\"high\" width=\"260\" height=\"185\" src=\"https:\/\/www.europa-prefabri.com\/wp-content\/uploads\/edificio-prefabricado-europa-prefabri-260x185.png\" class=\"wp-image-12762 avia-img-lazy-loading-not-12762 attachment-portfolio_small size-portfolio_small wp-post-image\" alt=\"\" \/><\/a><div class='grid-content'><div class='avia-arrow'><\/div><header class=\"entry-content-header\" aria-label=\"Portfolio : B\u00e2timents pr\u00e9fabriqu\u00e9s\"><h3 class='grid-entry-title entry-title '  itemprop=\"headline\" ><a href='https:\/\/www.europa-prefabri.com\/fr\/portfolio-item\/batiments-prefabriques\/' title='B\u00e2timents pr\u00e9fabriqu\u00e9s'>B\u00e2timents pr\u00e9fabriqu\u00e9s<\/a><\/h3><\/header><\/div><footer class=\"entry-footer\"><\/footer><\/article><\/div><div data-ajax-id='8573' class=' grid-entry flex_column isotope-item all_sort no_margin post-entry post-entry-8573 grid-entry-overview grid-loop-4 grid-parity-even   av_one_fifth  default_av_fullwidth '><article class='main_color inner-entry'  itemscope=\"itemscope\" itemtype=\"https:\/\/schema.org\/CreativeWork\" ><a href=\"https:\/\/www.europa-prefabri.com\/fr\/portfolio-item\/portacabins-eco-series\/\" title='BUNGALOW DU CHANTIER &#8211; ECO SERIES'  data-rel='grid-1' class='grid-image avia-hover-fx'> <img decoding=\"async\" fetchpriority=\"high\" width=\"260\" height=\"185\" src=\"https:\/\/www.europa-prefabri.com\/wp-content\/uploads\/Modulo-SERIE-ECO-_800x600-260x185.jpg\" class=\"wp-image-7688 avia-img-lazy-loading-not-7688 attachment-portfolio_small size-portfolio_small wp-post-image\" alt=\"\" \/><\/a><div class='grid-content'><div class='avia-arrow'><\/div><header class=\"entry-content-header\" aria-label=\"Portfolio : BUNGALOW DU CHANTIER &#8211; ECO SERIES\"><h3 class='grid-entry-title entry-title '  itemprop=\"headline\" ><a href='https:\/\/www.europa-prefabri.com\/fr\/portfolio-item\/portacabins-eco-series\/' title='BUNGALOW DU CHANTIER &#8211; ECO SERIES'>BUNGALOW DU CHANTIER &#8211; ECO SERIES<\/a><\/h3><\/header><\/div><footer class=\"entry-footer\"><\/footer><\/article><\/div><div data-ajax-id='4043' class=' grid-entry flex_column isotope-item all_sort no_margin post-entry post-entry-4043 grid-entry-overview grid-loop-5 grid-parity-odd  post-entry-last  abris-de-parkings_sort  av_one_fifth  default_av_fullwidth '><article class='main_color inner-entry'  itemscope=\"itemscope\" itemtype=\"https:\/\/schema.org\/CreativeWork\" ><a href=\"https:\/\/www.europa-prefabri.com\/fr\/portfolio-item\/carports-metalliques\/\" title='Carports m\u00e9talliques'  data-rel='grid-1' class='grid-image avia-hover-fx'> <img decoding=\"async\" fetchpriority=\"high\" width=\"260\" height=\"185\" src=\"https:\/\/www.europa-prefabri.com\/wp-content\/uploads\/marquesina-de-aparcamiento-modelo-a-europa-prefabri-260x185.png\" class=\"wp-image-12734 avia-img-lazy-loading-not-12734 attachment-portfolio_small size-portfolio_small wp-post-image\" alt=\"\" \/><\/a><div class='grid-content'><div class='avia-arrow'><\/div><header class=\"entry-content-header\" aria-label=\"Portfolio : Carports m\u00e9talliques\"><h3 class='grid-entry-title entry-title '  itemprop=\"headline\" ><a href='https:\/\/www.europa-prefabri.com\/fr\/portfolio-item\/carports-metalliques\/' title='Carports m\u00e9talliques'>Carports m\u00e9talliques<\/a><\/h3><\/header><\/div><footer class=\"entry-footer\"><\/footer><\/article><\/div><\/div><\/p><\/div>\n","protected":false},"excerpt":{"rendered":"","protected":false},"author":4,"featured_media":12754,"comment_status":"closed","ping_status":"closed","template":"","meta":{"footnotes":""},"tags":[],"portfolio_entries":[94],"class_list":["post-4044","portfolio","type-portfolio","status-publish","has-post-thumbnail","hentry","portfolio_entries-abris-de-parkings"],"yoast_head":"<!-- This site is optimized with the Yoast SEO plugin v27.5 - https:\/\/yoast.com\/product\/yoast-seo-wordpress\/ -->\n<title>Carports toiles: Europa Prefabri fabrique des couvertures textiles pour divers usages.<\/title>\n<meta name=\"description\" content=\"Europa Prefabri offre une solution innovatrice pour la couverture de parkings et pour tout autre usage. Les carports toiles sont tr\u00e8s modulables.\" \/>\n<meta name=\"robots\" content=\"index, follow, max-snippet:-1, max-image-preview:large, max-video-preview:-1\" \/>\n<link rel=\"canonical\" href=\"https:\/\/www.europa-prefabri.com\/fr\/portfolio-item\/carports-toiles\/\" \/>\n<meta property=\"og:locale\" content=\"fr_FR\" \/>\n<meta property=\"og:type\" content=\"article\" \/>\n<meta property=\"og:title\" content=\"Carports toiles: Europa Prefabri fabrique des couvertures textiles pour divers usages.\" \/>\n<meta property=\"og:description\" content=\"Europa Prefabri offre une solution innovatrice pour la couverture de parkings et pour tout autre usage. Les carports toiles sont tr\u00e8s modulables.\" \/>\n<meta property=\"og:url\" content=\"https:\/\/www.europa-prefabri.com\/fr\/portfolio-item\/carports-toiles\/\" \/>\n<meta property=\"og:site_name\" content=\"Europa Prefabri | Alquiler y venta de construcciones modulares\" \/>\n<meta property=\"article:publisher\" content=\"https:\/\/www.facebook.com\/Europa-Prefabri-258328977572213\/\" \/>\n<meta property=\"article:modified_time\" content=\"2020-11-11T12:03:49+00:00\" \/>\n<meta property=\"og:image\" content=\"https:\/\/www.europa-prefabri.com\/wp-content\/uploads\/cubierta-textil-europa-prefabri.png\" \/>\n\t<meta property=\"og:image:width\" content=\"800\" \/>\n\t<meta property=\"og:image:height\" content=\"600\" \/>\n\t<meta property=\"og:image:type\" content=\"image\/png\" \/>\n<meta name=\"twitter:card\" content=\"summary_large_image\" \/>\n<meta name=\"twitter:site\" content=\"@EuropaPrefabri\" \/>\n<meta name=\"twitter:label1\" content=\"Est. reading time\" \/>\n\t<meta name=\"twitter:data1\" content=\"3 minutes\" \/>\n<script type=\"application\/ld+json\" class=\"yoast-schema-graph\">{\"@context\":\"https:\\\/\\\/schema.org\",\"@graph\":[{\"@type\":\"WebPage\",\"@id\":\"https:\\\/\\\/www.europa-prefabri.com\\\/fr\\\/portfolio-item\\\/carports-toiles\\\/\",\"url\":\"https:\\\/\\\/www.europa-prefabri.com\\\/fr\\\/portfolio-item\\\/carports-toiles\\\/\",\"name\":\"Carports toiles: Europa Prefabri fabrique des couvertures textiles pour divers usages.\",\"isPartOf\":{\"@id\":\"https:\\\/\\\/www.europa-prefabri.com\\\/#website\"},\"primaryImageOfPage\":{\"@id\":\"https:\\\/\\\/www.europa-prefabri.com\\\/fr\\\/portfolio-item\\\/carports-toiles\\\/#primaryimage\"},\"image\":{\"@id\":\"https:\\\/\\\/www.europa-prefabri.com\\\/fr\\\/portfolio-item\\\/carports-toiles\\\/#primaryimage\"},\"thumbnailUrl\":\"https:\\\/\\\/www.europa-prefabri.com\\\/wp-content\\\/uploads\\\/cubierta-textil-europa-prefabri.png\",\"datePublished\":\"2014-07-08T16:08:42+00:00\",\"dateModified\":\"2020-11-11T12:03:49+00:00\",\"description\":\"Europa Prefabri offre une solution innovatrice pour la couverture de parkings et pour tout autre usage. Les carports toiles sont tr\u00e8s modulables.\",\"breadcrumb\":{\"@id\":\"https:\\\/\\\/www.europa-prefabri.com\\\/fr\\\/portfolio-item\\\/carports-toiles\\\/#breadcrumb\"},\"inLanguage\":\"fr-FR\",\"potentialAction\":[{\"@type\":\"ReadAction\",\"target\":[\"https:\\\/\\\/www.europa-prefabri.com\\\/fr\\\/portfolio-item\\\/carports-toiles\\\/\"]}]},{\"@type\":\"ImageObject\",\"inLanguage\":\"fr-FR\",\"@id\":\"https:\\\/\\\/www.europa-prefabri.com\\\/fr\\\/portfolio-item\\\/carports-toiles\\\/#primaryimage\",\"url\":\"https:\\\/\\\/www.europa-prefabri.com\\\/wp-content\\\/uploads\\\/cubierta-textil-europa-prefabri.png\",\"contentUrl\":\"https:\\\/\\\/www.europa-prefabri.com\\\/wp-content\\\/uploads\\\/cubierta-textil-europa-prefabri.png\",\"width\":800,\"height\":600},{\"@type\":\"BreadcrumbList\",\"@id\":\"https:\\\/\\\/www.europa-prefabri.com\\\/fr\\\/portfolio-item\\\/carports-toiles\\\/#breadcrumb\",\"itemListElement\":[{\"@type\":\"ListItem\",\"position\":1,\"name\":\"Portada\",\"item\":\"https:\\\/\\\/www.europa-prefabri.com\\\/fr\\\/\"},{\"@type\":\"ListItem\",\"position\":2,\"name\":\"Carports toiles\"}]},{\"@type\":\"WebSite\",\"@id\":\"https:\\\/\\\/www.europa-prefabri.com\\\/#website\",\"url\":\"https:\\\/\\\/www.europa-prefabri.com\\\/\",\"name\":\"Europa Prefabri | Alquiler y venta de construcciones modulares\",\"description\":\"Alquiler y venta de construcciones modulares, casetas de obra, marquesinas de aparcamiento y vallas y cerramientos.\",\"publisher\":{\"@id\":\"https:\\\/\\\/www.europa-prefabri.com\\\/#organization\"},\"potentialAction\":[{\"@type\":\"SearchAction\",\"target\":{\"@type\":\"EntryPoint\",\"urlTemplate\":\"https:\\\/\\\/www.europa-prefabri.com\\\/?s={search_term_string}\"},\"query-input\":{\"@type\":\"PropertyValueSpecification\",\"valueRequired\":true,\"valueName\":\"search_term_string\"}}],\"inLanguage\":\"fr-FR\"},{\"@type\":\"Organization\",\"@id\":\"https:\\\/\\\/www.europa-prefabri.com\\\/#organization\",\"name\":\"Prefabri S.L.\",\"url\":\"https:\\\/\\\/www.europa-prefabri.com\\\/\",\"logo\":{\"@type\":\"ImageObject\",\"inLanguage\":\"fr-FR\",\"@id\":\"https:\\\/\\\/www.europa-prefabri.com\\\/#\\\/schema\\\/logo\\\/image\\\/\",\"url\":\"https:\\\/\\\/www.europa-prefabri.com\\\/wp-content\\\/uploads\\\/EuropaPrefabri-Logo.jpg\",\"contentUrl\":\"https:\\\/\\\/www.europa-prefabri.com\\\/wp-content\\\/uploads\\\/EuropaPrefabri-Logo.jpg\",\"width\":752,\"height\":348,\"caption\":\"Prefabri S.L.\"},\"image\":{\"@id\":\"https:\\\/\\\/www.europa-prefabri.com\\\/#\\\/schema\\\/logo\\\/image\\\/\"},\"sameAs\":[\"https:\\\/\\\/www.facebook.com\\\/Europa-Prefabri-258328977572213\\\/\",\"https:\\\/\\\/x.com\\\/EuropaPrefabri\",\"https:\\\/\\\/www.instagram.com\\\/europaprefabri\\\/\",\"https:\\\/\\\/es.linkedin.com\\\/company\\\/europa-prefabri\",\"https:\\\/\\\/es.pinterest.com\\\/europaprefabri\\\/\",\"https:\\\/\\\/www.youtube.com\\\/user\\\/PrefabriSL\"]}]}<\/script>\n<!-- \/ Yoast SEO plugin. -->","yoast_head_json":{"title":"Carports toiles: Europa Prefabri fabrique des couvertures textiles pour divers usages.","description":"Europa Prefabri offre une solution innovatrice pour la couverture de parkings et pour tout autre usage. Les carports toiles sont tr\u00e8s modulables.","robots":{"index":"index","follow":"follow","max-snippet":"max-snippet:-1","max-image-preview":"max-image-preview:large","max-video-preview":"max-video-preview:-1"},"canonical":"https:\/\/www.europa-prefabri.com\/fr\/portfolio-item\/carports-toiles\/","og_locale":"fr_FR","og_type":"article","og_title":"Carports toiles: Europa Prefabri fabrique des couvertures textiles pour divers usages.","og_description":"Europa Prefabri offre une solution innovatrice pour la couverture de parkings et pour tout autre usage. Les carports toiles sont tr\u00e8s modulables.","og_url":"https:\/\/www.europa-prefabri.com\/fr\/portfolio-item\/carports-toiles\/","og_site_name":"Europa Prefabri | Alquiler y venta de construcciones modulares","article_publisher":"https:\/\/www.facebook.com\/Europa-Prefabri-258328977572213\/","article_modified_time":"2020-11-11T12:03:49+00:00","og_image":[{"width":800,"height":600,"url":"https:\/\/www.europa-prefabri.com\/wp-content\/uploads\/cubierta-textil-europa-prefabri.png","type":"image\/png"}],"twitter_card":"summary_large_image","twitter_site":"@EuropaPrefabri","twitter_misc":{"Est. reading time":"3 minutes"},"schema":{"@context":"https:\/\/schema.org","@graph":[{"@type":"WebPage","@id":"https:\/\/www.europa-prefabri.com\/fr\/portfolio-item\/carports-toiles\/","url":"https:\/\/www.europa-prefabri.com\/fr\/portfolio-item\/carports-toiles\/","name":"Carports toiles: Europa Prefabri fabrique des couvertures textiles pour divers usages.","isPartOf":{"@id":"https:\/\/www.europa-prefabri.com\/#website"},"primaryImageOfPage":{"@id":"https:\/\/www.europa-prefabri.com\/fr\/portfolio-item\/carports-toiles\/#primaryimage"},"image":{"@id":"https:\/\/www.europa-prefabri.com\/fr\/portfolio-item\/carports-toiles\/#primaryimage"},"thumbnailUrl":"https:\/\/www.europa-prefabri.com\/wp-content\/uploads\/cubierta-textil-europa-prefabri.png","datePublished":"2014-07-08T16:08:42+00:00","dateModified":"2020-11-11T12:03:49+00:00","description":"Europa Prefabri offre une solution innovatrice pour la couverture de parkings et pour tout autre usage. Les carports toiles sont tr\u00e8s modulables.","breadcrumb":{"@id":"https:\/\/www.europa-prefabri.com\/fr\/portfolio-item\/carports-toiles\/#breadcrumb"},"inLanguage":"fr-FR","potentialAction":[{"@type":"ReadAction","target":["https:\/\/www.europa-prefabri.com\/fr\/portfolio-item\/carports-toiles\/"]}]},{"@type":"ImageObject","inLanguage":"fr-FR","@id":"https:\/\/www.europa-prefabri.com\/fr\/portfolio-item\/carports-toiles\/#primaryimage","url":"https:\/\/www.europa-prefabri.com\/wp-content\/uploads\/cubierta-textil-europa-prefabri.png","contentUrl":"https:\/\/www.europa-prefabri.com\/wp-content\/uploads\/cubierta-textil-europa-prefabri.png","width":800,"height":600},{"@type":"BreadcrumbList","@id":"https:\/\/www.europa-prefabri.com\/fr\/portfolio-item\/carports-toiles\/#breadcrumb","itemListElement":[{"@type":"ListItem","position":1,"name":"Portada","item":"https:\/\/www.europa-prefabri.com\/fr\/"},{"@type":"ListItem","position":2,"name":"Carports toiles"}]},{"@type":"WebSite","@id":"https:\/\/www.europa-prefabri.com\/#website","url":"https:\/\/www.europa-prefabri.com\/","name":"Europa Prefabri | Alquiler y venta de construcciones modulares","description":"Alquiler y venta de construcciones modulares, casetas de obra, marquesinas de aparcamiento y vallas y cerramientos.","publisher":{"@id":"https:\/\/www.europa-prefabri.com\/#organization"},"potentialAction":[{"@type":"SearchAction","target":{"@type":"EntryPoint","urlTemplate":"https:\/\/www.europa-prefabri.com\/?s={search_term_string}"},"query-input":{"@type":"PropertyValueSpecification","valueRequired":true,"valueName":"search_term_string"}}],"inLanguage":"fr-FR"},{"@type":"Organization","@id":"https:\/\/www.europa-prefabri.com\/#organization","name":"Prefabri S.L.","url":"https:\/\/www.europa-prefabri.com\/","logo":{"@type":"ImageObject","inLanguage":"fr-FR","@id":"https:\/\/www.europa-prefabri.com\/#\/schema\/logo\/image\/","url":"https:\/\/www.europa-prefabri.com\/wp-content\/uploads\/EuropaPrefabri-Logo.jpg","contentUrl":"https:\/\/www.europa-prefabri.com\/wp-content\/uploads\/EuropaPrefabri-Logo.jpg","width":752,"height":348,"caption":"Prefabri S.L."},"image":{"@id":"https:\/\/www.europa-prefabri.com\/#\/schema\/logo\/image\/"},"sameAs":["https:\/\/www.facebook.com\/Europa-Prefabri-258328977572213\/","https:\/\/x.com\/EuropaPrefabri","https:\/\/www.instagram.com\/europaprefabri\/","https:\/\/es.linkedin.com\/company\/europa-prefabri","https:\/\/es.pinterest.com\/europaprefabri\/","https:\/\/www.youtube.com\/user\/PrefabriSL"]}]}},"_links":{"self":[{"href":"https:\/\/www.europa-prefabri.com\/fr\/wp-json\/wp\/v2\/portfolio\/4044","targetHints":{"allow":["GET"]}}],"collection":[{"href":"https:\/\/www.europa-prefabri.com\/fr\/wp-json\/wp\/v2\/portfolio"}],"about":[{"href":"https:\/\/www.europa-prefabri.com\/fr\/wp-json\/wp\/v2\/types\/portfolio"}],"author":[{"embeddable":true,"href":"https:\/\/www.europa-prefabri.com\/fr\/wp-json\/wp\/v2\/users\/4"}],"replies":[{"embeddable":true,"href":"https:\/\/www.europa-prefabri.com\/fr\/wp-json\/wp\/v2\/comments?post=4044"}],"version-history":[{"count":0,"href":"https:\/\/www.europa-prefabri.com\/fr\/wp-json\/wp\/v2\/portfolio\/4044\/revisions"}],"wp:featuredmedia":[{"embeddable":true,"href":"https:\/\/www.europa-prefabri.com\/fr\/wp-json\/wp\/v2\/media\/12754"}],"wp:attachment":[{"href":"https:\/\/www.europa-prefabri.com\/fr\/wp-json\/wp\/v2\/media?parent=4044"}],"wp:term":[{"taxonomy":"post_tag","embeddable":true,"href":"https:\/\/www.europa-prefabri.com\/fr\/wp-json\/wp\/v2\/tags?post=4044"},{"taxonomy":"portfolio_entries","embeddable":true,"href":"https:\/\/www.europa-prefabri.com\/fr\/wp-json\/wp\/v2\/portfolio_entries?post=4044"}],"curies":[{"name":"wp","href":"https:\/\/api.w.org\/{rel}","templated":true}]}}