{"id":4043,"date":"2014-07-09T16:05:43","date_gmt":"2014-07-09T16:05:43","guid":{"rendered":"http:\/\/www.europa-prefabri.com\/?post_type=portfolio&#038;p=4043"},"modified":"2020-11-11T13:04:29","modified_gmt":"2020-11-11T12:04:29","slug":"carports-metalliques","status":"publish","type":"portfolio","link":"https:\/\/www.europa-prefabri.com\/fr\/portfolio-item\/carports-metalliques\/","title":{"rendered":"Carports m\u00e9talliques"},"content":{"rendered":"<div  class='flex_column av-av_two_third-2a9015ff38129c418a3f2eafba3e9512 av_two_third  avia-builder-el-0  el_before_av_one_third  avia-builder-el-first  first flex_column_div  '     ><style type=\"text\/css\" data-created_by=\"avia_inline_auto\" id=\"style-css-av-av_gallery-9b64e7a3085d0fd4ddb4fa90a0aa53fd\">\n#top .avia-gallery.av-av_gallery-9b64e7a3085d0fd4ddb4fa90a0aa53fd .avia-gallery-thumb a{\nwidth:8.3333%;\n}\n<\/style>\n<div  class='avia-gallery av-av_gallery-9b64e7a3085d0fd4ddb4fa90a0aa53fd avia_animate_when_visible  avia-builder-el-1  avia-builder-el-no-sibling  avia_lazyload av-slideshow-ui av-loop-manual-endless av-control-hidden av-navigate-arrows av-navigate-dots hover-effect av-control-hidden avia-gallery-animate avia-gallery-1'  itemprop=\"image\" itemscope=\"itemscope\" itemtype=\"https:\/\/schema.org\/ImageObject\" ><meta itemprop=\"contentURL\" content=\"https:\/\/www.europa-prefabri.com\/fr\/portfolio-item\/carports-metalliques\/\"><div class='avia-gallery-big-wrapper'><a class='avia-gallery-big fakeLightbox lightbox avia-gallery-big-crop-thumb ' href=\"https:\/\/www.europa-prefabri.com\/wp-content\/uploads\/1-Marquesina-parking-EUROPA-tipo-A.jpg\" data-srcset=\"https:\/\/www.europa-prefabri.com\/wp-content\/uploads\/1-Marquesina-parking-EUROPA-tipo-A.jpg 710w, https:\/\/www.europa-prefabri.com\/wp-content\/uploads\/1-Marquesina-parking-EUROPA-tipo-A-300x243.jpg 300w, https:\/\/www.europa-prefabri.com\/wp-content\/uploads\/1-Marquesina-parking-EUROPA-tipo-A-495x400.jpg 495w, https:\/\/www.europa-prefabri.com\/wp-content\/uploads\/1-Marquesina-parking-EUROPA-tipo-A-705x571.jpg 705w, https:\/\/www.europa-prefabri.com\/wp-content\/uploads\/1-Marquesina-parking-EUROPA-tipo-A-450x364.jpg 450w\" data-sizes=\"(max-width: 710px) 100vw, 710px\"  data-onclick='1' title='1-Marquesina-parking-EUROPA-tipo-A' ><span class='avia-gallery-big-inner'  itemprop=\"thumbnailUrl\" ><img decoding=\"async\" fetchpriority=\"high\" class=\"wp-image-11942 avia-img-lazy-loading-not-11942\"  width=\"710\" height=\"575\" src=\"https:\/\/www.europa-prefabri.com\/wp-content\/uploads\/1-Marquesina-parking-EUROPA-tipo-A.jpg\" title='1-Marquesina-parking-EUROPA-tipo-A' alt='' srcset=\"https:\/\/www.europa-prefabri.com\/wp-content\/uploads\/1-Marquesina-parking-EUROPA-tipo-A.jpg 710w, https:\/\/www.europa-prefabri.com\/wp-content\/uploads\/1-Marquesina-parking-EUROPA-tipo-A-300x243.jpg 300w, https:\/\/www.europa-prefabri.com\/wp-content\/uploads\/1-Marquesina-parking-EUROPA-tipo-A-495x400.jpg 495w, https:\/\/www.europa-prefabri.com\/wp-content\/uploads\/1-Marquesina-parking-EUROPA-tipo-A-705x571.jpg 705w, https:\/\/www.europa-prefabri.com\/wp-content\/uploads\/1-Marquesina-parking-EUROPA-tipo-A-450x364.jpg 450w\" sizes=\"(max-width: 710px) 100vw, 710px\" \/><\/span><\/a><\/div><div class='avia-gallery-thumb'><a href=\"https:\/\/www.europa-prefabri.com\/wp-content\/uploads\/1-Marquesina-parking-EUROPA-tipo-A.jpg\" data-srcset=\"https:\/\/www.europa-prefabri.com\/wp-content\/uploads\/1-Marquesina-parking-EUROPA-tipo-A.jpg 710w, https:\/\/www.europa-prefabri.com\/wp-content\/uploads\/1-Marquesina-parking-EUROPA-tipo-A-300x243.jpg 300w, https:\/\/www.europa-prefabri.com\/wp-content\/uploads\/1-Marquesina-parking-EUROPA-tipo-A-495x400.jpg 495w, https:\/\/www.europa-prefabri.com\/wp-content\/uploads\/1-Marquesina-parking-EUROPA-tipo-A-705x571.jpg 705w, https:\/\/www.europa-prefabri.com\/wp-content\/uploads\/1-Marquesina-parking-EUROPA-tipo-A-450x364.jpg 450w\" data-sizes=\"(max-width: 710px) 100vw, 710px\" data-rel='gallery-1' data-prev-img='https:\/\/www.europa-prefabri.com\/wp-content\/uploads\/1-Marquesina-parking-EUROPA-tipo-A.jpg' class='first_thumb lightbox ' data-onclick='1' title='1-Marquesina-parking-EUROPA-tipo-A'  itemprop=\"thumbnailUrl\"  ><img decoding=\"async\" fetchpriority=\"high\" class=\"wp-image-11942 avia-img-lazy-loading-not-11942\"   src=\"https:\/\/www.europa-prefabri.com\/wp-content\/uploads\/1-Marquesina-parking-EUROPA-tipo-A-495x400.jpg\" width=\"495\" height=\"400\"  title='1-Marquesina-parking-EUROPA-tipo-A' alt='' srcset=\"https:\/\/www.europa-prefabri.com\/wp-content\/uploads\/1-Marquesina-parking-EUROPA-tipo-A-495x400.jpg 495w, https:\/\/www.europa-prefabri.com\/wp-content\/uploads\/1-Marquesina-parking-EUROPA-tipo-A-300x243.jpg 300w, https:\/\/www.europa-prefabri.com\/wp-content\/uploads\/1-Marquesina-parking-EUROPA-tipo-A-705x571.jpg 705w, https:\/\/www.europa-prefabri.com\/wp-content\/uploads\/1-Marquesina-parking-EUROPA-tipo-A-450x364.jpg 450w, https:\/\/www.europa-prefabri.com\/wp-content\/uploads\/1-Marquesina-parking-EUROPA-tipo-A.jpg 710w\" sizes=\"(max-width: 495px) 100vw, 495px\" \/><div class='big-prev-fake'><img decoding=\"async\" loading=\"lazy\" class=\"wp-image-11942 avia-img-lazy-loading-11942\"  width=\"710\" height=\"575\" src=\"https:\/\/www.europa-prefabri.com\/wp-content\/uploads\/1-Marquesina-parking-EUROPA-tipo-A.jpg\" title='1-Marquesina-parking-EUROPA-tipo-A' alt='' srcset=\"https:\/\/www.europa-prefabri.com\/wp-content\/uploads\/1-Marquesina-parking-EUROPA-tipo-A.jpg 710w, https:\/\/www.europa-prefabri.com\/wp-content\/uploads\/1-Marquesina-parking-EUROPA-tipo-A-300x243.jpg 300w, https:\/\/www.europa-prefabri.com\/wp-content\/uploads\/1-Marquesina-parking-EUROPA-tipo-A-495x400.jpg 495w, https:\/\/www.europa-prefabri.com\/wp-content\/uploads\/1-Marquesina-parking-EUROPA-tipo-A-705x571.jpg 705w, https:\/\/www.europa-prefabri.com\/wp-content\/uploads\/1-Marquesina-parking-EUROPA-tipo-A-450x364.jpg 450w\" sizes=\"auto, (max-width: 710px) 100vw, 710px\" \/><\/div><\/a><a href=\"https:\/\/www.europa-prefabri.com\/wp-content\/uploads\/2-Marquesina-parking-EUROPA-tipo-Y.jpg\" data-srcset=\"https:\/\/www.europa-prefabri.com\/wp-content\/uploads\/2-Marquesina-parking-EUROPA-tipo-Y.jpg 710w, https:\/\/www.europa-prefabri.com\/wp-content\/uploads\/2-Marquesina-parking-EUROPA-tipo-Y-300x243.jpg 300w, https:\/\/www.europa-prefabri.com\/wp-content\/uploads\/2-Marquesina-parking-EUROPA-tipo-Y-495x400.jpg 495w, https:\/\/www.europa-prefabri.com\/wp-content\/uploads\/2-Marquesina-parking-EUROPA-tipo-Y-705x571.jpg 705w, https:\/\/www.europa-prefabri.com\/wp-content\/uploads\/2-Marquesina-parking-EUROPA-tipo-Y-450x364.jpg 450w\" data-sizes=\"(max-width: 710px) 100vw, 710px\" data-rel='gallery-1' data-prev-img='https:\/\/www.europa-prefabri.com\/wp-content\/uploads\/2-Marquesina-parking-EUROPA-tipo-Y.jpg' class='lightbox ' data-onclick='2' title='2-Marquesina-parking-EUROPA-tipo-Y'  itemprop=\"thumbnailUrl\"  ><img decoding=\"async\" fetchpriority=\"high\" class=\"wp-image-11943 avia-img-lazy-loading-not-11943\"   src=\"https:\/\/www.europa-prefabri.com\/wp-content\/uploads\/2-Marquesina-parking-EUROPA-tipo-Y-495x400.jpg\" width=\"495\" height=\"400\"  title='2-Marquesina-parking-EUROPA-tipo-Y' alt='' srcset=\"https:\/\/www.europa-prefabri.com\/wp-content\/uploads\/2-Marquesina-parking-EUROPA-tipo-Y-495x400.jpg 495w, https:\/\/www.europa-prefabri.com\/wp-content\/uploads\/2-Marquesina-parking-EUROPA-tipo-Y-300x243.jpg 300w, https:\/\/www.europa-prefabri.com\/wp-content\/uploads\/2-Marquesina-parking-EUROPA-tipo-Y-705x571.jpg 705w, https:\/\/www.europa-prefabri.com\/wp-content\/uploads\/2-Marquesina-parking-EUROPA-tipo-Y-450x364.jpg 450w, https:\/\/www.europa-prefabri.com\/wp-content\/uploads\/2-Marquesina-parking-EUROPA-tipo-Y.jpg 710w\" sizes=\"(max-width: 495px) 100vw, 495px\" \/><div class='big-prev-fake'><img decoding=\"async\" loading=\"lazy\" class=\"wp-image-11943 avia-img-lazy-loading-11943\"  width=\"710\" height=\"575\" src=\"https:\/\/www.europa-prefabri.com\/wp-content\/uploads\/2-Marquesina-parking-EUROPA-tipo-Y.jpg\" title='2-Marquesina-parking-EUROPA-tipo-Y' alt='' srcset=\"https:\/\/www.europa-prefabri.com\/wp-content\/uploads\/2-Marquesina-parking-EUROPA-tipo-Y.jpg 710w, https:\/\/www.europa-prefabri.com\/wp-content\/uploads\/2-Marquesina-parking-EUROPA-tipo-Y-300x243.jpg 300w, https:\/\/www.europa-prefabri.com\/wp-content\/uploads\/2-Marquesina-parking-EUROPA-tipo-Y-495x400.jpg 495w, https:\/\/www.europa-prefabri.com\/wp-content\/uploads\/2-Marquesina-parking-EUROPA-tipo-Y-705x571.jpg 705w, https:\/\/www.europa-prefabri.com\/wp-content\/uploads\/2-Marquesina-parking-EUROPA-tipo-Y-450x364.jpg 450w\" sizes=\"auto, (max-width: 710px) 100vw, 710px\" \/><\/div><\/a><a href=\"https:\/\/www.europa-prefabri.com\/wp-content\/uploads\/3-Marquesina-parking-EUROPA-tipo-B.jpg\" data-srcset=\"https:\/\/www.europa-prefabri.com\/wp-content\/uploads\/3-Marquesina-parking-EUROPA-tipo-B.jpg 710w, https:\/\/www.europa-prefabri.com\/wp-content\/uploads\/3-Marquesina-parking-EUROPA-tipo-B-300x243.jpg 300w, https:\/\/www.europa-prefabri.com\/wp-content\/uploads\/3-Marquesina-parking-EUROPA-tipo-B-495x400.jpg 495w, https:\/\/www.europa-prefabri.com\/wp-content\/uploads\/3-Marquesina-parking-EUROPA-tipo-B-705x571.jpg 705w, https:\/\/www.europa-prefabri.com\/wp-content\/uploads\/3-Marquesina-parking-EUROPA-tipo-B-450x364.jpg 450w\" data-sizes=\"(max-width: 710px) 100vw, 710px\" data-rel='gallery-1' data-prev-img='https:\/\/www.europa-prefabri.com\/wp-content\/uploads\/3-Marquesina-parking-EUROPA-tipo-B.jpg' class='lightbox ' data-onclick='3' title='Marquesina-parking-EUROPA-tipo-B'  itemprop=\"thumbnailUrl\"  ><img decoding=\"async\" fetchpriority=\"high\" class=\"wp-image-11807 avia-img-lazy-loading-not-11807\"   src=\"https:\/\/www.europa-prefabri.com\/wp-content\/uploads\/3-Marquesina-parking-EUROPA-tipo-B-495x400.jpg\" width=\"495\" height=\"400\"  title='Marquesina-parking-EUROPA-tipo-B' alt='' srcset=\"https:\/\/www.europa-prefabri.com\/wp-content\/uploads\/3-Marquesina-parking-EUROPA-tipo-B-495x400.jpg 495w, https:\/\/www.europa-prefabri.com\/wp-content\/uploads\/3-Marquesina-parking-EUROPA-tipo-B-300x243.jpg 300w, https:\/\/www.europa-prefabri.com\/wp-content\/uploads\/3-Marquesina-parking-EUROPA-tipo-B-705x571.jpg 705w, https:\/\/www.europa-prefabri.com\/wp-content\/uploads\/3-Marquesina-parking-EUROPA-tipo-B-450x364.jpg 450w, https:\/\/www.europa-prefabri.com\/wp-content\/uploads\/3-Marquesina-parking-EUROPA-tipo-B.jpg 710w\" sizes=\"(max-width: 495px) 100vw, 495px\" \/><div class='big-prev-fake'><img decoding=\"async\" loading=\"lazy\" class=\"wp-image-11807 avia-img-lazy-loading-11807\"  width=\"710\" height=\"575\" src=\"https:\/\/www.europa-prefabri.com\/wp-content\/uploads\/3-Marquesina-parking-EUROPA-tipo-B.jpg\" title='Marquesina-parking-EUROPA-tipo-B' alt='' srcset=\"https:\/\/www.europa-prefabri.com\/wp-content\/uploads\/3-Marquesina-parking-EUROPA-tipo-B.jpg 710w, https:\/\/www.europa-prefabri.com\/wp-content\/uploads\/3-Marquesina-parking-EUROPA-tipo-B-300x243.jpg 300w, https:\/\/www.europa-prefabri.com\/wp-content\/uploads\/3-Marquesina-parking-EUROPA-tipo-B-495x400.jpg 495w, https:\/\/www.europa-prefabri.com\/wp-content\/uploads\/3-Marquesina-parking-EUROPA-tipo-B-705x571.jpg 705w, https:\/\/www.europa-prefabri.com\/wp-content\/uploads\/3-Marquesina-parking-EUROPA-tipo-B-450x364.jpg 450w\" sizes=\"auto, (max-width: 710px) 100vw, 710px\" \/><\/div><\/a><a href=\"https:\/\/www.europa-prefabri.com\/wp-content\/uploads\/4-Marquesina-parking-Atirantado.jpg\" data-srcset=\"https:\/\/www.europa-prefabri.com\/wp-content\/uploads\/4-Marquesina-parking-Atirantado.jpg 710w, https:\/\/www.europa-prefabri.com\/wp-content\/uploads\/4-Marquesina-parking-Atirantado-300x243.jpg 300w, https:\/\/www.europa-prefabri.com\/wp-content\/uploads\/4-Marquesina-parking-Atirantado-495x400.jpg 495w, https:\/\/www.europa-prefabri.com\/wp-content\/uploads\/4-Marquesina-parking-Atirantado-705x571.jpg 705w, https:\/\/www.europa-prefabri.com\/wp-content\/uploads\/4-Marquesina-parking-Atirantado-450x364.jpg 450w\" data-sizes=\"(max-width: 710px) 100vw, 710px\" data-rel='gallery-1' data-prev-img='https:\/\/www.europa-prefabri.com\/wp-content\/uploads\/4-Marquesina-parking-Atirantado.jpg' class='lightbox ' data-onclick='4' title='Marquesina-parking-Atirantado'  itemprop=\"thumbnailUrl\"  ><img decoding=\"async\" fetchpriority=\"high\" class=\"wp-image-11810 avia-img-lazy-loading-not-11810\"   src=\"https:\/\/www.europa-prefabri.com\/wp-content\/uploads\/4-Marquesina-parking-Atirantado-495x400.jpg\" width=\"495\" height=\"400\"  title='Marquesina-parking-Atirantado' alt='' srcset=\"https:\/\/www.europa-prefabri.com\/wp-content\/uploads\/4-Marquesina-parking-Atirantado-495x400.jpg 495w, https:\/\/www.europa-prefabri.com\/wp-content\/uploads\/4-Marquesina-parking-Atirantado-300x243.jpg 300w, https:\/\/www.europa-prefabri.com\/wp-content\/uploads\/4-Marquesina-parking-Atirantado-705x571.jpg 705w, https:\/\/www.europa-prefabri.com\/wp-content\/uploads\/4-Marquesina-parking-Atirantado-450x364.jpg 450w, https:\/\/www.europa-prefabri.com\/wp-content\/uploads\/4-Marquesina-parking-Atirantado.jpg 710w\" sizes=\"(max-width: 495px) 100vw, 495px\" \/><div class='big-prev-fake'><img decoding=\"async\" loading=\"lazy\" class=\"wp-image-11810 avia-img-lazy-loading-11810\"  width=\"710\" height=\"575\" src=\"https:\/\/www.europa-prefabri.com\/wp-content\/uploads\/4-Marquesina-parking-Atirantado.jpg\" title='Marquesina-parking-Atirantado' alt='' srcset=\"https:\/\/www.europa-prefabri.com\/wp-content\/uploads\/4-Marquesina-parking-Atirantado.jpg 710w, https:\/\/www.europa-prefabri.com\/wp-content\/uploads\/4-Marquesina-parking-Atirantado-300x243.jpg 300w, https:\/\/www.europa-prefabri.com\/wp-content\/uploads\/4-Marquesina-parking-Atirantado-495x400.jpg 495w, https:\/\/www.europa-prefabri.com\/wp-content\/uploads\/4-Marquesina-parking-Atirantado-705x571.jpg 705w, https:\/\/www.europa-prefabri.com\/wp-content\/uploads\/4-Marquesina-parking-Atirantado-450x364.jpg 450w\" sizes=\"auto, (max-width: 710px) 100vw, 710px\" \/><\/div><\/a><a href=\"https:\/\/www.europa-prefabri.com\/wp-content\/uploads\/5-Marquesina-parking-Murcia.jpg\" data-srcset=\"https:\/\/www.europa-prefabri.com\/wp-content\/uploads\/5-Marquesina-parking-Murcia.jpg 710w, https:\/\/www.europa-prefabri.com\/wp-content\/uploads\/5-Marquesina-parking-Murcia-300x243.jpg 300w, https:\/\/www.europa-prefabri.com\/wp-content\/uploads\/5-Marquesina-parking-Murcia-495x400.jpg 495w, https:\/\/www.europa-prefabri.com\/wp-content\/uploads\/5-Marquesina-parking-Murcia-705x571.jpg 705w, https:\/\/www.europa-prefabri.com\/wp-content\/uploads\/5-Marquesina-parking-Murcia-450x364.jpg 450w\" data-sizes=\"(max-width: 710px) 100vw, 710px\" data-rel='gallery-1' data-prev-img='https:\/\/www.europa-prefabri.com\/wp-content\/uploads\/5-Marquesina-parking-Murcia.jpg' class='lightbox ' data-onclick='5' title='Marquesina de parking-Murcia'  itemprop=\"thumbnailUrl\"  ><img decoding=\"async\" fetchpriority=\"high\" class=\"wp-image-11801 avia-img-lazy-loading-not-11801\"   src=\"https:\/\/www.europa-prefabri.com\/wp-content\/uploads\/5-Marquesina-parking-Murcia-495x400.jpg\" width=\"495\" height=\"400\"  title='Marquesina de parking-Murcia' alt='' srcset=\"https:\/\/www.europa-prefabri.com\/wp-content\/uploads\/5-Marquesina-parking-Murcia-495x400.jpg 495w, https:\/\/www.europa-prefabri.com\/wp-content\/uploads\/5-Marquesina-parking-Murcia-300x243.jpg 300w, https:\/\/www.europa-prefabri.com\/wp-content\/uploads\/5-Marquesina-parking-Murcia-705x571.jpg 705w, https:\/\/www.europa-prefabri.com\/wp-content\/uploads\/5-Marquesina-parking-Murcia-450x364.jpg 450w, https:\/\/www.europa-prefabri.com\/wp-content\/uploads\/5-Marquesina-parking-Murcia.jpg 710w\" sizes=\"(max-width: 495px) 100vw, 495px\" \/><div class='big-prev-fake'><img decoding=\"async\" loading=\"lazy\" class=\"wp-image-11801 avia-img-lazy-loading-11801\"  width=\"710\" height=\"575\" src=\"https:\/\/www.europa-prefabri.com\/wp-content\/uploads\/5-Marquesina-parking-Murcia.jpg\" title='Marquesina de parking-Murcia' alt='' srcset=\"https:\/\/www.europa-prefabri.com\/wp-content\/uploads\/5-Marquesina-parking-Murcia.jpg 710w, https:\/\/www.europa-prefabri.com\/wp-content\/uploads\/5-Marquesina-parking-Murcia-300x243.jpg 300w, https:\/\/www.europa-prefabri.com\/wp-content\/uploads\/5-Marquesina-parking-Murcia-495x400.jpg 495w, https:\/\/www.europa-prefabri.com\/wp-content\/uploads\/5-Marquesina-parking-Murcia-705x571.jpg 705w, https:\/\/www.europa-prefabri.com\/wp-content\/uploads\/5-Marquesina-parking-Murcia-450x364.jpg 450w\" sizes=\"auto, (max-width: 710px) 100vw, 710px\" \/><\/div><\/a><a href=\"https:\/\/www.europa-prefabri.com\/wp-content\/uploads\/6-Marquesina-parking-IPE.jpg\" data-srcset=\"https:\/\/www.europa-prefabri.com\/wp-content\/uploads\/6-Marquesina-parking-IPE.jpg 710w, https:\/\/www.europa-prefabri.com\/wp-content\/uploads\/6-Marquesina-parking-IPE-300x242.jpg 300w, https:\/\/www.europa-prefabri.com\/wp-content\/uploads\/6-Marquesina-parking-IPE-495x400.jpg 495w, https:\/\/www.europa-prefabri.com\/wp-content\/uploads\/6-Marquesina-parking-IPE-450x364.jpg 450w\" data-sizes=\"(max-width: 710px) 100vw, 710px\" data-rel='gallery-1' data-prev-img='https:\/\/www.europa-prefabri.com\/wp-content\/uploads\/6-Marquesina-parking-IPE.jpg' class='lightbox ' data-onclick='6' title='6-Marquesina-parking-IPE'  itemprop=\"thumbnailUrl\"  ><img decoding=\"async\" fetchpriority=\"high\" class=\"wp-image-6773 avia-img-lazy-loading-not-6773\"   src=\"https:\/\/www.europa-prefabri.com\/wp-content\/uploads\/6-Marquesina-parking-IPE-495x400.jpg\" width=\"495\" height=\"400\"  title='6-Marquesina-parking-IPE' alt='Abris de voiture' srcset=\"https:\/\/www.europa-prefabri.com\/wp-content\/uploads\/6-Marquesina-parking-IPE-495x400.jpg 495w, https:\/\/www.europa-prefabri.com\/wp-content\/uploads\/6-Marquesina-parking-IPE-300x242.jpg 300w, https:\/\/www.europa-prefabri.com\/wp-content\/uploads\/6-Marquesina-parking-IPE-450x364.jpg 450w, https:\/\/www.europa-prefabri.com\/wp-content\/uploads\/6-Marquesina-parking-IPE.jpg 710w\" sizes=\"(max-width: 495px) 100vw, 495px\" \/><div class='big-prev-fake'><img decoding=\"async\" loading=\"lazy\" class=\"wp-image-6773 avia-img-lazy-loading-6773\"  width=\"710\" height=\"575\" src=\"https:\/\/www.europa-prefabri.com\/wp-content\/uploads\/6-Marquesina-parking-IPE.jpg\" title='6-Marquesina-parking-IPE' alt='Abris de voiture' srcset=\"https:\/\/www.europa-prefabri.com\/wp-content\/uploads\/6-Marquesina-parking-IPE.jpg 710w, https:\/\/www.europa-prefabri.com\/wp-content\/uploads\/6-Marquesina-parking-IPE-300x242.jpg 300w, https:\/\/www.europa-prefabri.com\/wp-content\/uploads\/6-Marquesina-parking-IPE-495x400.jpg 495w, https:\/\/www.europa-prefabri.com\/wp-content\/uploads\/6-Marquesina-parking-IPE-450x364.jpg 450w\" sizes=\"auto, (max-width: 710px) 100vw, 710px\" \/><\/div><\/a><a href=\"https:\/\/www.europa-prefabri.com\/wp-content\/uploads\/7-Marquesina-parking-fotovoltaico.jpg\" data-srcset=\"https:\/\/www.europa-prefabri.com\/wp-content\/uploads\/7-Marquesina-parking-fotovoltaico.jpg 710w, https:\/\/www.europa-prefabri.com\/wp-content\/uploads\/7-Marquesina-parking-fotovoltaico-300x243.jpg 300w, https:\/\/www.europa-prefabri.com\/wp-content\/uploads\/7-Marquesina-parking-fotovoltaico-495x400.jpg 495w, https:\/\/www.europa-prefabri.com\/wp-content\/uploads\/7-Marquesina-parking-fotovoltaico-705x571.jpg 705w, https:\/\/www.europa-prefabri.com\/wp-content\/uploads\/7-Marquesina-parking-fotovoltaico-450x364.jpg 450w\" data-sizes=\"(max-width: 710px) 100vw, 710px\" data-rel='gallery-1' data-prev-img='https:\/\/www.europa-prefabri.com\/wp-content\/uploads\/7-Marquesina-parking-fotovoltaico.jpg' class='lightbox ' data-onclick='7' title='7-Marquesina-parking-fotovoltaico'  itemprop=\"thumbnailUrl\"  ><img decoding=\"async\" fetchpriority=\"high\" class=\"wp-image-11944 avia-img-lazy-loading-not-11944\"   src=\"https:\/\/www.europa-prefabri.com\/wp-content\/uploads\/7-Marquesina-parking-fotovoltaico-495x400.jpg\" width=\"495\" height=\"400\"  title='7-Marquesina-parking-fotovoltaico' alt='' srcset=\"https:\/\/www.europa-prefabri.com\/wp-content\/uploads\/7-Marquesina-parking-fotovoltaico-495x400.jpg 495w, https:\/\/www.europa-prefabri.com\/wp-content\/uploads\/7-Marquesina-parking-fotovoltaico-300x243.jpg 300w, https:\/\/www.europa-prefabri.com\/wp-content\/uploads\/7-Marquesina-parking-fotovoltaico-705x571.jpg 705w, https:\/\/www.europa-prefabri.com\/wp-content\/uploads\/7-Marquesina-parking-fotovoltaico-450x364.jpg 450w, https:\/\/www.europa-prefabri.com\/wp-content\/uploads\/7-Marquesina-parking-fotovoltaico.jpg 710w\" sizes=\"(max-width: 495px) 100vw, 495px\" \/><div class='big-prev-fake'><img decoding=\"async\" loading=\"lazy\" class=\"wp-image-11944 avia-img-lazy-loading-11944\"  width=\"710\" height=\"575\" src=\"https:\/\/www.europa-prefabri.com\/wp-content\/uploads\/7-Marquesina-parking-fotovoltaico.jpg\" title='7-Marquesina-parking-fotovoltaico' alt='' srcset=\"https:\/\/www.europa-prefabri.com\/wp-content\/uploads\/7-Marquesina-parking-fotovoltaico.jpg 710w, https:\/\/www.europa-prefabri.com\/wp-content\/uploads\/7-Marquesina-parking-fotovoltaico-300x243.jpg 300w, https:\/\/www.europa-prefabri.com\/wp-content\/uploads\/7-Marquesina-parking-fotovoltaico-495x400.jpg 495w, https:\/\/www.europa-prefabri.com\/wp-content\/uploads\/7-Marquesina-parking-fotovoltaico-705x571.jpg 705w, https:\/\/www.europa-prefabri.com\/wp-content\/uploads\/7-Marquesina-parking-fotovoltaico-450x364.jpg 450w\" sizes=\"auto, (max-width: 710px) 100vw, 710px\" \/><\/div><\/a><a href=\"https:\/\/www.europa-prefabri.com\/wp-content\/uploads\/81.jpg\" data-srcset=\"https:\/\/www.europa-prefabri.com\/wp-content\/uploads\/81.jpg 710w, https:\/\/www.europa-prefabri.com\/wp-content\/uploads\/81-300x243.jpg 300w, https:\/\/www.europa-prefabri.com\/wp-content\/uploads\/81-495x400.jpg 495w, https:\/\/www.europa-prefabri.com\/wp-content\/uploads\/81-705x571.jpg 705w, https:\/\/www.europa-prefabri.com\/wp-content\/uploads\/81-450x364.jpg 450w\" data-sizes=\"(max-width: 710px) 100vw, 710px\" data-rel='gallery-1' data-prev-img='https:\/\/www.europa-prefabri.com\/wp-content\/uploads\/81.jpg' class='lightbox ' data-onclick='8' title='8'  itemprop=\"thumbnailUrl\"  ><img decoding=\"async\" fetchpriority=\"high\" class=\"wp-image-11945 avia-img-lazy-loading-not-11945\"   src=\"https:\/\/www.europa-prefabri.com\/wp-content\/uploads\/81-495x400.jpg\" width=\"495\" height=\"400\"  title='8' alt='' srcset=\"https:\/\/www.europa-prefabri.com\/wp-content\/uploads\/81-495x400.jpg 495w, https:\/\/www.europa-prefabri.com\/wp-content\/uploads\/81-300x243.jpg 300w, https:\/\/www.europa-prefabri.com\/wp-content\/uploads\/81-705x571.jpg 705w, https:\/\/www.europa-prefabri.com\/wp-content\/uploads\/81-450x364.jpg 450w, https:\/\/www.europa-prefabri.com\/wp-content\/uploads\/81.jpg 710w\" sizes=\"(max-width: 495px) 100vw, 495px\" \/><div class='big-prev-fake'><img decoding=\"async\" loading=\"lazy\" class=\"wp-image-11945 avia-img-lazy-loading-11945\"  width=\"710\" height=\"575\" src=\"https:\/\/www.europa-prefabri.com\/wp-content\/uploads\/81.jpg\" title='8' alt='' srcset=\"https:\/\/www.europa-prefabri.com\/wp-content\/uploads\/81.jpg 710w, https:\/\/www.europa-prefabri.com\/wp-content\/uploads\/81-300x243.jpg 300w, https:\/\/www.europa-prefabri.com\/wp-content\/uploads\/81-495x400.jpg 495w, https:\/\/www.europa-prefabri.com\/wp-content\/uploads\/81-705x571.jpg 705w, https:\/\/www.europa-prefabri.com\/wp-content\/uploads\/81-450x364.jpg 450w\" sizes=\"auto, (max-width: 710px) 100vw, 710px\" \/><\/div><\/a><a href=\"https:\/\/www.europa-prefabri.com\/wp-content\/uploads\/91.jpg\" data-srcset=\"https:\/\/www.europa-prefabri.com\/wp-content\/uploads\/91.jpg 710w, https:\/\/www.europa-prefabri.com\/wp-content\/uploads\/91-300x243.jpg 300w, https:\/\/www.europa-prefabri.com\/wp-content\/uploads\/91-495x400.jpg 495w, https:\/\/www.europa-prefabri.com\/wp-content\/uploads\/91-705x571.jpg 705w, https:\/\/www.europa-prefabri.com\/wp-content\/uploads\/91-450x364.jpg 450w\" data-sizes=\"(max-width: 710px) 100vw, 710px\" data-rel='gallery-1' data-prev-img='https:\/\/www.europa-prefabri.com\/wp-content\/uploads\/91.jpg' class='lightbox ' data-onclick='9' title='marquesina parking'  itemprop=\"thumbnailUrl\"  ><img decoding=\"async\" fetchpriority=\"high\" class=\"wp-image-11946 avia-img-lazy-loading-not-11946\"   src=\"https:\/\/www.europa-prefabri.com\/wp-content\/uploads\/91-495x400.jpg\" width=\"495\" height=\"400\"  title='marquesina parking' alt='' srcset=\"https:\/\/www.europa-prefabri.com\/wp-content\/uploads\/91-495x400.jpg 495w, https:\/\/www.europa-prefabri.com\/wp-content\/uploads\/91-300x243.jpg 300w, https:\/\/www.europa-prefabri.com\/wp-content\/uploads\/91-705x571.jpg 705w, https:\/\/www.europa-prefabri.com\/wp-content\/uploads\/91-450x364.jpg 450w, https:\/\/www.europa-prefabri.com\/wp-content\/uploads\/91.jpg 710w\" sizes=\"(max-width: 495px) 100vw, 495px\" \/><div class='big-prev-fake'><img decoding=\"async\" loading=\"lazy\" class=\"wp-image-11946 avia-img-lazy-loading-11946\"  width=\"710\" height=\"575\" src=\"https:\/\/www.europa-prefabri.com\/wp-content\/uploads\/91.jpg\" title='marquesina parking' alt='' srcset=\"https:\/\/www.europa-prefabri.com\/wp-content\/uploads\/91.jpg 710w, https:\/\/www.europa-prefabri.com\/wp-content\/uploads\/91-300x243.jpg 300w, https:\/\/www.europa-prefabri.com\/wp-content\/uploads\/91-495x400.jpg 495w, https:\/\/www.europa-prefabri.com\/wp-content\/uploads\/91-705x571.jpg 705w, https:\/\/www.europa-prefabri.com\/wp-content\/uploads\/91-450x364.jpg 450w\" sizes=\"auto, (max-width: 710px) 100vw, 710px\" \/><\/div><\/a><a href=\"https:\/\/www.europa-prefabri.com\/wp-content\/uploads\/10.jpg\" data-srcset=\"https:\/\/www.europa-prefabri.com\/wp-content\/uploads\/10.jpg 710w, https:\/\/www.europa-prefabri.com\/wp-content\/uploads\/10-300x243.jpg 300w, https:\/\/www.europa-prefabri.com\/wp-content\/uploads\/10-495x400.jpg 495w, https:\/\/www.europa-prefabri.com\/wp-content\/uploads\/10-705x571.jpg 705w, https:\/\/www.europa-prefabri.com\/wp-content\/uploads\/10-450x364.jpg 450w\" data-sizes=\"(max-width: 710px) 100vw, 710px\" data-rel='gallery-1' data-prev-img='https:\/\/www.europa-prefabri.com\/wp-content\/uploads\/10.jpg' class='lightbox ' data-onclick='10' title='10'  itemprop=\"thumbnailUrl\"  ><img decoding=\"async\" fetchpriority=\"high\" class=\"wp-image-11947 avia-img-lazy-loading-not-11947\"   src=\"https:\/\/www.europa-prefabri.com\/wp-content\/uploads\/10-495x400.jpg\" width=\"495\" height=\"400\"  title='10' alt='' srcset=\"https:\/\/www.europa-prefabri.com\/wp-content\/uploads\/10-495x400.jpg 495w, https:\/\/www.europa-prefabri.com\/wp-content\/uploads\/10-300x243.jpg 300w, https:\/\/www.europa-prefabri.com\/wp-content\/uploads\/10-705x571.jpg 705w, https:\/\/www.europa-prefabri.com\/wp-content\/uploads\/10-450x364.jpg 450w, https:\/\/www.europa-prefabri.com\/wp-content\/uploads\/10.jpg 710w\" sizes=\"(max-width: 495px) 100vw, 495px\" \/><div class='big-prev-fake'><img decoding=\"async\" loading=\"lazy\" class=\"wp-image-11947 avia-img-lazy-loading-11947\"  width=\"710\" height=\"575\" src=\"https:\/\/www.europa-prefabri.com\/wp-content\/uploads\/10.jpg\" title='10' alt='' srcset=\"https:\/\/www.europa-prefabri.com\/wp-content\/uploads\/10.jpg 710w, https:\/\/www.europa-prefabri.com\/wp-content\/uploads\/10-300x243.jpg 300w, https:\/\/www.europa-prefabri.com\/wp-content\/uploads\/10-495x400.jpg 495w, https:\/\/www.europa-prefabri.com\/wp-content\/uploads\/10-705x571.jpg 705w, https:\/\/www.europa-prefabri.com\/wp-content\/uploads\/10-450x364.jpg 450w\" sizes=\"auto, (max-width: 710px) 100vw, 710px\" \/><\/div><\/a><a href=\"https:\/\/www.europa-prefabri.com\/wp-content\/uploads\/11.jpg\" data-srcset=\"https:\/\/www.europa-prefabri.com\/wp-content\/uploads\/11.jpg 710w, https:\/\/www.europa-prefabri.com\/wp-content\/uploads\/11-300x243.jpg 300w, https:\/\/www.europa-prefabri.com\/wp-content\/uploads\/11-495x400.jpg 495w, https:\/\/www.europa-prefabri.com\/wp-content\/uploads\/11-705x571.jpg 705w, https:\/\/www.europa-prefabri.com\/wp-content\/uploads\/11-450x364.jpg 450w\" data-sizes=\"(max-width: 710px) 100vw, 710px\" data-rel='gallery-1' data-prev-img='https:\/\/www.europa-prefabri.com\/wp-content\/uploads\/11.jpg' class='lightbox ' data-onclick='11' title='11'  itemprop=\"thumbnailUrl\"  ><img decoding=\"async\" fetchpriority=\"high\" class=\"wp-image-11948 avia-img-lazy-loading-not-11948\"   src=\"https:\/\/www.europa-prefabri.com\/wp-content\/uploads\/11-495x400.jpg\" width=\"495\" height=\"400\"  title='11' alt='' srcset=\"https:\/\/www.europa-prefabri.com\/wp-content\/uploads\/11-495x400.jpg 495w, https:\/\/www.europa-prefabri.com\/wp-content\/uploads\/11-300x243.jpg 300w, https:\/\/www.europa-prefabri.com\/wp-content\/uploads\/11-705x571.jpg 705w, https:\/\/www.europa-prefabri.com\/wp-content\/uploads\/11-450x364.jpg 450w, https:\/\/www.europa-prefabri.com\/wp-content\/uploads\/11.jpg 710w\" sizes=\"(max-width: 495px) 100vw, 495px\" \/><div class='big-prev-fake'><img decoding=\"async\" loading=\"lazy\" class=\"wp-image-11948 avia-img-lazy-loading-11948\"  width=\"710\" height=\"575\" src=\"https:\/\/www.europa-prefabri.com\/wp-content\/uploads\/11.jpg\" title='11' alt='' srcset=\"https:\/\/www.europa-prefabri.com\/wp-content\/uploads\/11.jpg 710w, https:\/\/www.europa-prefabri.com\/wp-content\/uploads\/11-300x243.jpg 300w, https:\/\/www.europa-prefabri.com\/wp-content\/uploads\/11-495x400.jpg 495w, https:\/\/www.europa-prefabri.com\/wp-content\/uploads\/11-705x571.jpg 705w, https:\/\/www.europa-prefabri.com\/wp-content\/uploads\/11-450x364.jpg 450w\" sizes=\"auto, (max-width: 710px) 100vw, 710px\" \/><\/div><\/a><a href=\"https:\/\/www.europa-prefabri.com\/wp-content\/uploads\/20140225_172933_800x480.jpg\" data-srcset=\"https:\/\/www.europa-prefabri.com\/wp-content\/uploads\/20140225_172933_800x480.jpg 800w, https:\/\/www.europa-prefabri.com\/wp-content\/uploads\/20140225_172933_800x480-300x180.jpg 300w, https:\/\/www.europa-prefabri.com\/wp-content\/uploads\/20140225_172933_800x480-768x461.jpg 768w, https:\/\/www.europa-prefabri.com\/wp-content\/uploads\/20140225_172933_800x480-705x423.jpg 705w, https:\/\/www.europa-prefabri.com\/wp-content\/uploads\/20140225_172933_800x480-450x270.jpg 450w\" data-sizes=\"(max-width: 800px) 100vw, 800px\" data-rel='gallery-1' data-prev-img='https:\/\/www.europa-prefabri.com\/wp-content\/uploads\/20140225_172933_800x480.jpg' class='lightbox ' data-onclick='12' title='Modelo Europa - Parking supermercado'  itemprop=\"thumbnailUrl\"  ><img decoding=\"async\" fetchpriority=\"high\" class=\"wp-image-11911 avia-img-lazy-loading-not-11911\"   src=\"https:\/\/www.europa-prefabri.com\/wp-content\/uploads\/20140225_172933_800x480-495x400.jpg\" width=\"495\" height=\"400\"  title='Modelo Europa - Parking supermercado' alt='' \/><div class='big-prev-fake'><img decoding=\"async\" loading=\"lazy\" class=\"wp-image-11911 avia-img-lazy-loading-11911\"  width=\"800\" height=\"480\" src=\"https:\/\/www.europa-prefabri.com\/wp-content\/uploads\/20140225_172933_800x480.jpg\" title='Modelo Europa - Parking supermercado' alt='' srcset=\"https:\/\/www.europa-prefabri.com\/wp-content\/uploads\/20140225_172933_800x480.jpg 800w, https:\/\/www.europa-prefabri.com\/wp-content\/uploads\/20140225_172933_800x480-300x180.jpg 300w, https:\/\/www.europa-prefabri.com\/wp-content\/uploads\/20140225_172933_800x480-768x461.jpg 768w, https:\/\/www.europa-prefabri.com\/wp-content\/uploads\/20140225_172933_800x480-705x423.jpg 705w, https:\/\/www.europa-prefabri.com\/wp-content\/uploads\/20140225_172933_800x480-450x270.jpg 450w\" sizes=\"auto, (max-width: 800px) 100vw, 800px\" \/><\/div><\/a><a href=\"https:\/\/www.europa-prefabri.com\/wp-content\/uploads\/12.jpg\" data-srcset=\"https:\/\/www.europa-prefabri.com\/wp-content\/uploads\/12.jpg 710w, https:\/\/www.europa-prefabri.com\/wp-content\/uploads\/12-300x243.jpg 300w, https:\/\/www.europa-prefabri.com\/wp-content\/uploads\/12-495x400.jpg 495w, https:\/\/www.europa-prefabri.com\/wp-content\/uploads\/12-705x571.jpg 705w, https:\/\/www.europa-prefabri.com\/wp-content\/uploads\/12-450x364.jpg 450w\" data-sizes=\"(max-width: 710px) 100vw, 710px\" data-rel='gallery-1' data-prev-img='https:\/\/www.europa-prefabri.com\/wp-content\/uploads\/12.jpg' class='first_thumb lightbox ' data-onclick='13' title='12'  itemprop=\"thumbnailUrl\"  ><img decoding=\"async\" fetchpriority=\"high\" class=\"wp-image-11798 avia-img-lazy-loading-not-11798\"   src=\"https:\/\/www.europa-prefabri.com\/wp-content\/uploads\/12-495x400.jpg\" width=\"495\" height=\"400\"  title='12' alt='' srcset=\"https:\/\/www.europa-prefabri.com\/wp-content\/uploads\/12-495x400.jpg 495w, https:\/\/www.europa-prefabri.com\/wp-content\/uploads\/12-300x243.jpg 300w, https:\/\/www.europa-prefabri.com\/wp-content\/uploads\/12-705x571.jpg 705w, https:\/\/www.europa-prefabri.com\/wp-content\/uploads\/12-450x364.jpg 450w, https:\/\/www.europa-prefabri.com\/wp-content\/uploads\/12.jpg 710w\" sizes=\"(max-width: 495px) 100vw, 495px\" \/><div class='big-prev-fake'><img decoding=\"async\" loading=\"lazy\" class=\"wp-image-11798 avia-img-lazy-loading-11798\"  width=\"710\" height=\"575\" src=\"https:\/\/www.europa-prefabri.com\/wp-content\/uploads\/12.jpg\" title='12' alt='' srcset=\"https:\/\/www.europa-prefabri.com\/wp-content\/uploads\/12.jpg 710w, https:\/\/www.europa-prefabri.com\/wp-content\/uploads\/12-300x243.jpg 300w, https:\/\/www.europa-prefabri.com\/wp-content\/uploads\/12-495x400.jpg 495w, https:\/\/www.europa-prefabri.com\/wp-content\/uploads\/12-705x571.jpg 705w, https:\/\/www.europa-prefabri.com\/wp-content\/uploads\/12-450x364.jpg 450w\" sizes=\"auto, (max-width: 710px) 100vw, 710px\" \/><\/div><\/a><a href=\"https:\/\/www.europa-prefabri.com\/wp-content\/uploads\/1_800x598.jpg\" data-srcset=\"https:\/\/www.europa-prefabri.com\/wp-content\/uploads\/1_800x598.jpg 800w, https:\/\/www.europa-prefabri.com\/wp-content\/uploads\/1_800x598-300x224.jpg 300w, https:\/\/www.europa-prefabri.com\/wp-content\/uploads\/1_800x598-768x574.jpg 768w, https:\/\/www.europa-prefabri.com\/wp-content\/uploads\/1_800x598-705x527.jpg 705w, https:\/\/www.europa-prefabri.com\/wp-content\/uploads\/1_800x598-450x336.jpg 450w\" data-sizes=\"(max-width: 800px) 100vw, 800px\" data-rel='gallery-1' data-prev-img='https:\/\/www.europa-prefabri.com\/wp-content\/uploads\/1_800x598.jpg' class='lightbox ' data-onclick='14' title='Modelo Europa beige'  itemprop=\"thumbnailUrl\"  ><img decoding=\"async\" fetchpriority=\"high\" class=\"wp-image-11949 avia-img-lazy-loading-not-11949\"   src=\"https:\/\/www.europa-prefabri.com\/wp-content\/uploads\/1_800x598-495x400.jpg\" width=\"495\" height=\"400\"  title='Modelo Europa beige' alt='' \/><div class='big-prev-fake'><img decoding=\"async\" loading=\"lazy\" class=\"wp-image-11949 avia-img-lazy-loading-11949\"  width=\"800\" height=\"598\" src=\"https:\/\/www.europa-prefabri.com\/wp-content\/uploads\/1_800x598.jpg\" title='Modelo Europa beige' alt='' srcset=\"https:\/\/www.europa-prefabri.com\/wp-content\/uploads\/1_800x598.jpg 800w, https:\/\/www.europa-prefabri.com\/wp-content\/uploads\/1_800x598-300x224.jpg 300w, https:\/\/www.europa-prefabri.com\/wp-content\/uploads\/1_800x598-768x574.jpg 768w, https:\/\/www.europa-prefabri.com\/wp-content\/uploads\/1_800x598-705x527.jpg 705w, https:\/\/www.europa-prefabri.com\/wp-content\/uploads\/1_800x598-450x336.jpg 450w\" sizes=\"auto, (max-width: 800px) 100vw, 800px\" \/><\/div><\/a><a href=\"https:\/\/www.europa-prefabri.com\/wp-content\/uploads\/Foto0547_800x600.jpg\" data-srcset=\"https:\/\/www.europa-prefabri.com\/wp-content\/uploads\/Foto0547_800x600.jpg 800w, https:\/\/www.europa-prefabri.com\/wp-content\/uploads\/Foto0547_800x600-300x225.jpg 300w, https:\/\/www.europa-prefabri.com\/wp-content\/uploads\/Foto0547_800x600-768x576.jpg 768w, https:\/\/www.europa-prefabri.com\/wp-content\/uploads\/Foto0547_800x600-705x529.jpg 705w, https:\/\/www.europa-prefabri.com\/wp-content\/uploads\/Foto0547_800x600-450x338.jpg 450w\" data-sizes=\"(max-width: 800px) 100vw, 800px\" data-rel='gallery-1' data-prev-img='https:\/\/www.europa-prefabri.com\/wp-content\/uploads\/Foto0547_800x600.jpg' class='lightbox ' data-onclick='15' title='Especial cubierta de panel aislante'  itemprop=\"thumbnailUrl\"  ><img decoding=\"async\" fetchpriority=\"high\" class=\"wp-image-11950 avia-img-lazy-loading-not-11950\"   src=\"https:\/\/www.europa-prefabri.com\/wp-content\/uploads\/Foto0547_800x600-495x400.jpg\" width=\"495\" height=\"400\"  title='Especial cubierta de panel aislante' alt='' \/><div class='big-prev-fake'><img decoding=\"async\" loading=\"lazy\" class=\"wp-image-11950 avia-img-lazy-loading-11950\"  width=\"800\" height=\"600\" src=\"https:\/\/www.europa-prefabri.com\/wp-content\/uploads\/Foto0547_800x600.jpg\" title='Especial cubierta de panel aislante' alt='' srcset=\"https:\/\/www.europa-prefabri.com\/wp-content\/uploads\/Foto0547_800x600.jpg 800w, https:\/\/www.europa-prefabri.com\/wp-content\/uploads\/Foto0547_800x600-300x225.jpg 300w, https:\/\/www.europa-prefabri.com\/wp-content\/uploads\/Foto0547_800x600-768x576.jpg 768w, https:\/\/www.europa-prefabri.com\/wp-content\/uploads\/Foto0547_800x600-705x529.jpg 705w, https:\/\/www.europa-prefabri.com\/wp-content\/uploads\/Foto0547_800x600-450x338.jpg 450w\" sizes=\"auto, (max-width: 800px) 100vw, 800px\" \/><\/div><\/a><a href=\"https:\/\/www.europa-prefabri.com\/wp-content\/uploads\/FOTOS-CHAPA-DE-TEJA-007_800x600.jpg\" data-srcset=\"https:\/\/www.europa-prefabri.com\/wp-content\/uploads\/FOTOS-CHAPA-DE-TEJA-007_800x600.jpg 800w, https:\/\/www.europa-prefabri.com\/wp-content\/uploads\/FOTOS-CHAPA-DE-TEJA-007_800x600-300x225.jpg 300w, https:\/\/www.europa-prefabri.com\/wp-content\/uploads\/FOTOS-CHAPA-DE-TEJA-007_800x600-768x576.jpg 768w, https:\/\/www.europa-prefabri.com\/wp-content\/uploads\/FOTOS-CHAPA-DE-TEJA-007_800x600-705x529.jpg 705w, https:\/\/www.europa-prefabri.com\/wp-content\/uploads\/FOTOS-CHAPA-DE-TEJA-007_800x600-450x338.jpg 450w\" data-sizes=\"(max-width: 800px) 100vw, 800px\" data-rel='gallery-1' data-prev-img='https:\/\/www.europa-prefabri.com\/wp-content\/uploads\/FOTOS-CHAPA-DE-TEJA-007_800x600.jpg' class='lightbox ' data-onclick='16' title='Especial Modelo Europa Chapa Teja'  itemprop=\"thumbnailUrl\"  ><img decoding=\"async\" fetchpriority=\"high\" class=\"wp-image-11951 avia-img-lazy-loading-not-11951\"   src=\"https:\/\/www.europa-prefabri.com\/wp-content\/uploads\/FOTOS-CHAPA-DE-TEJA-007_800x600-495x400.jpg\" width=\"495\" height=\"400\"  title='Especial Modelo Europa Chapa Teja' alt='' \/><div class='big-prev-fake'><img decoding=\"async\" loading=\"lazy\" class=\"wp-image-11951 avia-img-lazy-loading-11951\"  width=\"800\" height=\"600\" src=\"https:\/\/www.europa-prefabri.com\/wp-content\/uploads\/FOTOS-CHAPA-DE-TEJA-007_800x600.jpg\" title='Especial Modelo Europa Chapa Teja' alt='' srcset=\"https:\/\/www.europa-prefabri.com\/wp-content\/uploads\/FOTOS-CHAPA-DE-TEJA-007_800x600.jpg 800w, https:\/\/www.europa-prefabri.com\/wp-content\/uploads\/FOTOS-CHAPA-DE-TEJA-007_800x600-300x225.jpg 300w, https:\/\/www.europa-prefabri.com\/wp-content\/uploads\/FOTOS-CHAPA-DE-TEJA-007_800x600-768x576.jpg 768w, https:\/\/www.europa-prefabri.com\/wp-content\/uploads\/FOTOS-CHAPA-DE-TEJA-007_800x600-705x529.jpg 705w, https:\/\/www.europa-prefabri.com\/wp-content\/uploads\/FOTOS-CHAPA-DE-TEJA-007_800x600-450x338.jpg 450w\" sizes=\"auto, (max-width: 800px) 100vw, 800px\" \/><\/div><\/a><a href=\"https:\/\/www.europa-prefabri.com\/wp-content\/uploads\/Imagen-015_800x6001.jpg\" data-srcset=\"https:\/\/www.europa-prefabri.com\/wp-content\/uploads\/Imagen-015_800x6001.jpg 800w, https:\/\/www.europa-prefabri.com\/wp-content\/uploads\/Imagen-015_800x6001-300x225.jpg 300w, https:\/\/www.europa-prefabri.com\/wp-content\/uploads\/Imagen-015_800x6001-768x576.jpg 768w, https:\/\/www.europa-prefabri.com\/wp-content\/uploads\/Imagen-015_800x6001-705x529.jpg 705w, https:\/\/www.europa-prefabri.com\/wp-content\/uploads\/Imagen-015_800x6001-450x338.jpg 450w\" data-sizes=\"(max-width: 800px) 100vw, 800px\" data-rel='gallery-1' data-prev-img='https:\/\/www.europa-prefabri.com\/wp-content\/uploads\/Imagen-015_800x6001.jpg' class='lightbox ' data-onclick='17' title='Modelo Europa - Cubierta curva verde'  itemprop=\"thumbnailUrl\"  ><img decoding=\"async\" fetchpriority=\"high\" class=\"wp-image-11952 avia-img-lazy-loading-not-11952\"   src=\"https:\/\/www.europa-prefabri.com\/wp-content\/uploads\/Imagen-015_800x6001-495x400.jpg\" width=\"495\" height=\"400\"  title='Modelo Europa - Cubierta curva verde' alt='' \/><div class='big-prev-fake'><img decoding=\"async\" loading=\"lazy\" class=\"wp-image-11952 avia-img-lazy-loading-11952\"  width=\"800\" height=\"600\" src=\"https:\/\/www.europa-prefabri.com\/wp-content\/uploads\/Imagen-015_800x6001.jpg\" title='Modelo Europa - Cubierta curva verde' alt='' srcset=\"https:\/\/www.europa-prefabri.com\/wp-content\/uploads\/Imagen-015_800x6001.jpg 800w, https:\/\/www.europa-prefabri.com\/wp-content\/uploads\/Imagen-015_800x6001-300x225.jpg 300w, https:\/\/www.europa-prefabri.com\/wp-content\/uploads\/Imagen-015_800x6001-768x576.jpg 768w, https:\/\/www.europa-prefabri.com\/wp-content\/uploads\/Imagen-015_800x6001-705x529.jpg 705w, https:\/\/www.europa-prefabri.com\/wp-content\/uploads\/Imagen-015_800x6001-450x338.jpg 450w\" sizes=\"auto, (max-width: 800px) 100vw, 800px\" \/><\/div><\/a><a href=\"https:\/\/www.europa-prefabri.com\/wp-content\/uploads\/IMG-20140131-WA0001_800x600.jpg\" data-srcset=\"https:\/\/www.europa-prefabri.com\/wp-content\/uploads\/IMG-20140131-WA0001_800x600.jpg 800w, https:\/\/www.europa-prefabri.com\/wp-content\/uploads\/IMG-20140131-WA0001_800x600-300x225.jpg 300w, https:\/\/www.europa-prefabri.com\/wp-content\/uploads\/IMG-20140131-WA0001_800x600-768x576.jpg 768w, https:\/\/www.europa-prefabri.com\/wp-content\/uploads\/IMG-20140131-WA0001_800x600-705x529.jpg 705w, https:\/\/www.europa-prefabri.com\/wp-content\/uploads\/IMG-20140131-WA0001_800x600-450x338.jpg 450w\" data-sizes=\"(max-width: 800px) 100vw, 800px\" data-rel='gallery-1' data-prev-img='https:\/\/www.europa-prefabri.com\/wp-content\/uploads\/IMG-20140131-WA0001_800x600.jpg' class='lightbox ' data-onclick='18' title='Modelo Especial IPE'  itemprop=\"thumbnailUrl\"  ><img decoding=\"async\" fetchpriority=\"high\" class=\"wp-image-11953 avia-img-lazy-loading-not-11953\"   src=\"https:\/\/www.europa-prefabri.com\/wp-content\/uploads\/IMG-20140131-WA0001_800x600-495x400.jpg\" width=\"495\" height=\"400\"  title='Modelo Especial IPE' alt='' \/><div class='big-prev-fake'><img decoding=\"async\" loading=\"lazy\" class=\"wp-image-11953 avia-img-lazy-loading-11953\"  width=\"800\" height=\"600\" src=\"https:\/\/www.europa-prefabri.com\/wp-content\/uploads\/IMG-20140131-WA0001_800x600.jpg\" title='Modelo Especial IPE' alt='' srcset=\"https:\/\/www.europa-prefabri.com\/wp-content\/uploads\/IMG-20140131-WA0001_800x600.jpg 800w, https:\/\/www.europa-prefabri.com\/wp-content\/uploads\/IMG-20140131-WA0001_800x600-300x225.jpg 300w, https:\/\/www.europa-prefabri.com\/wp-content\/uploads\/IMG-20140131-WA0001_800x600-768x576.jpg 768w, https:\/\/www.europa-prefabri.com\/wp-content\/uploads\/IMG-20140131-WA0001_800x600-705x529.jpg 705w, https:\/\/www.europa-prefabri.com\/wp-content\/uploads\/IMG-20140131-WA0001_800x600-450x338.jpg 450w\" sizes=\"auto, (max-width: 800px) 100vw, 800px\" \/><\/div><\/a><a href=\"https:\/\/www.europa-prefabri.com\/wp-content\/uploads\/IMGP2173_800x600.jpg\" data-srcset=\"https:\/\/www.europa-prefabri.com\/wp-content\/uploads\/IMGP2173_800x600.jpg 800w, https:\/\/www.europa-prefabri.com\/wp-content\/uploads\/IMGP2173_800x600-300x225.jpg 300w, https:\/\/www.europa-prefabri.com\/wp-content\/uploads\/IMGP2173_800x600-768x576.jpg 768w, https:\/\/www.europa-prefabri.com\/wp-content\/uploads\/IMGP2173_800x600-705x529.jpg 705w, https:\/\/www.europa-prefabri.com\/wp-content\/uploads\/IMGP2173_800x600-450x338.jpg 450w\" data-sizes=\"(max-width: 800px) 100vw, 800px\" data-rel='gallery-1' data-prev-img='https:\/\/www.europa-prefabri.com\/wp-content\/uploads\/IMGP2173_800x600.jpg' class='lightbox ' data-onclick='19' title='Modelo Europa azul'  itemprop=\"thumbnailUrl\"  ><img decoding=\"async\" fetchpriority=\"high\" class=\"wp-image-11954 avia-img-lazy-loading-not-11954\"   src=\"https:\/\/www.europa-prefabri.com\/wp-content\/uploads\/IMGP2173_800x600-495x400.jpg\" width=\"495\" height=\"400\"  title='Modelo Europa azul' alt='' \/><div class='big-prev-fake'><img decoding=\"async\" loading=\"lazy\" class=\"wp-image-11954 avia-img-lazy-loading-11954\"  width=\"800\" height=\"600\" src=\"https:\/\/www.europa-prefabri.com\/wp-content\/uploads\/IMGP2173_800x600.jpg\" title='Modelo Europa azul' alt='' srcset=\"https:\/\/www.europa-prefabri.com\/wp-content\/uploads\/IMGP2173_800x600.jpg 800w, https:\/\/www.europa-prefabri.com\/wp-content\/uploads\/IMGP2173_800x600-300x225.jpg 300w, https:\/\/www.europa-prefabri.com\/wp-content\/uploads\/IMGP2173_800x600-768x576.jpg 768w, https:\/\/www.europa-prefabri.com\/wp-content\/uploads\/IMGP2173_800x600-705x529.jpg 705w, https:\/\/www.europa-prefabri.com\/wp-content\/uploads\/IMGP2173_800x600-450x338.jpg 450w\" sizes=\"auto, (max-width: 800px) 100vw, 800px\" \/><\/div><\/a><a href=\"https:\/\/www.europa-prefabri.com\/wp-content\/uploads\/IMGP5029_800x6001.jpg\" data-srcset=\"https:\/\/www.europa-prefabri.com\/wp-content\/uploads\/IMGP5029_800x6001.jpg 800w, https:\/\/www.europa-prefabri.com\/wp-content\/uploads\/IMGP5029_800x6001-300x225.jpg 300w, https:\/\/www.europa-prefabri.com\/wp-content\/uploads\/IMGP5029_800x6001-768x576.jpg 768w, https:\/\/www.europa-prefabri.com\/wp-content\/uploads\/IMGP5029_800x6001-705x529.jpg 705w, https:\/\/www.europa-prefabri.com\/wp-content\/uploads\/IMGP5029_800x6001-450x338.jpg 450w\" data-sizes=\"(max-width: 800px) 100vw, 800px\" data-rel='gallery-1' data-prev-img='https:\/\/www.europa-prefabri.com\/wp-content\/uploads\/IMGP5029_800x6001.jpg' class='lightbox ' data-onclick='20' title='Cubierta Curva - San Javier'  itemprop=\"thumbnailUrl\"  ><img decoding=\"async\" fetchpriority=\"high\" class=\"wp-image-11955 avia-img-lazy-loading-not-11955\"   src=\"https:\/\/www.europa-prefabri.com\/wp-content\/uploads\/IMGP5029_800x6001-495x400.jpg\" width=\"495\" height=\"400\"  title='Cubierta Curva - San Javier' alt='' \/><div class='big-prev-fake'><img decoding=\"async\" loading=\"lazy\" class=\"wp-image-11955 avia-img-lazy-loading-11955\"  width=\"800\" height=\"600\" src=\"https:\/\/www.europa-prefabri.com\/wp-content\/uploads\/IMGP5029_800x6001.jpg\" title='Cubierta Curva - San Javier' alt='' srcset=\"https:\/\/www.europa-prefabri.com\/wp-content\/uploads\/IMGP5029_800x6001.jpg 800w, https:\/\/www.europa-prefabri.com\/wp-content\/uploads\/IMGP5029_800x6001-300x225.jpg 300w, https:\/\/www.europa-prefabri.com\/wp-content\/uploads\/IMGP5029_800x6001-768x576.jpg 768w, https:\/\/www.europa-prefabri.com\/wp-content\/uploads\/IMGP5029_800x6001-705x529.jpg 705w, https:\/\/www.europa-prefabri.com\/wp-content\/uploads\/IMGP5029_800x6001-450x338.jpg 450w\" sizes=\"auto, (max-width: 800px) 100vw, 800px\" \/><\/div><\/a><a href=\"https:\/\/www.europa-prefabri.com\/wp-content\/uploads\/la-foto_800x4801.jpg\" data-srcset=\"https:\/\/www.europa-prefabri.com\/wp-content\/uploads\/la-foto_800x4801.jpg 800w, https:\/\/www.europa-prefabri.com\/wp-content\/uploads\/la-foto_800x4801-300x180.jpg 300w, https:\/\/www.europa-prefabri.com\/wp-content\/uploads\/la-foto_800x4801-768x461.jpg 768w, https:\/\/www.europa-prefabri.com\/wp-content\/uploads\/la-foto_800x4801-705x423.jpg 705w, https:\/\/www.europa-prefabri.com\/wp-content\/uploads\/la-foto_800x4801-450x270.jpg 450w\" data-sizes=\"(max-width: 800px) 100vw, 800px\" data-rel='gallery-1' data-prev-img='https:\/\/www.europa-prefabri.com\/wp-content\/uploads\/la-foto_800x4801.jpg' class='lightbox ' data-onclick='21' title='Modelo Europa - Cubierta azul'  itemprop=\"thumbnailUrl\"  ><img decoding=\"async\" fetchpriority=\"high\" class=\"wp-image-11956 avia-img-lazy-loading-not-11956\"   src=\"https:\/\/www.europa-prefabri.com\/wp-content\/uploads\/la-foto_800x4801-495x400.jpg\" width=\"495\" height=\"400\"  title='Modelo Europa - Cubierta azul' alt='' \/><div class='big-prev-fake'><img decoding=\"async\" loading=\"lazy\" class=\"wp-image-11956 avia-img-lazy-loading-11956\"  width=\"800\" height=\"480\" src=\"https:\/\/www.europa-prefabri.com\/wp-content\/uploads\/la-foto_800x4801.jpg\" title='Modelo Europa - Cubierta azul' alt='' srcset=\"https:\/\/www.europa-prefabri.com\/wp-content\/uploads\/la-foto_800x4801.jpg 800w, https:\/\/www.europa-prefabri.com\/wp-content\/uploads\/la-foto_800x4801-300x180.jpg 300w, https:\/\/www.europa-prefabri.com\/wp-content\/uploads\/la-foto_800x4801-768x461.jpg 768w, https:\/\/www.europa-prefabri.com\/wp-content\/uploads\/la-foto_800x4801-705x423.jpg 705w, https:\/\/www.europa-prefabri.com\/wp-content\/uploads\/la-foto_800x4801-450x270.jpg 450w\" sizes=\"auto, (max-width: 800px) 100vw, 800px\" \/><\/div><\/a><a href=\"https:\/\/www.europa-prefabri.com\/wp-content\/uploads\/Marquesina-campo-de-golf-5_800x479.jpg\" data-srcset=\"https:\/\/www.europa-prefabri.com\/wp-content\/uploads\/Marquesina-campo-de-golf-5_800x479.jpg 800w, https:\/\/www.europa-prefabri.com\/wp-content\/uploads\/Marquesina-campo-de-golf-5_800x479-300x180.jpg 300w, https:\/\/www.europa-prefabri.com\/wp-content\/uploads\/Marquesina-campo-de-golf-5_800x479-768x460.jpg 768w, https:\/\/www.europa-prefabri.com\/wp-content\/uploads\/Marquesina-campo-de-golf-5_800x479-705x422.jpg 705w, https:\/\/www.europa-prefabri.com\/wp-content\/uploads\/Marquesina-campo-de-golf-5_800x479-450x269.jpg 450w\" data-sizes=\"(max-width: 800px) 100vw, 800px\" data-rel='gallery-1' data-prev-img='https:\/\/www.europa-prefabri.com\/wp-content\/uploads\/Marquesina-campo-de-golf-5_800x479.jpg' class='lightbox ' data-onclick='22' title='Marquesina campo de golf'  itemprop=\"thumbnailUrl\"  ><img decoding=\"async\" fetchpriority=\"high\" class=\"wp-image-11959 avia-img-lazy-loading-not-11959\"   src=\"https:\/\/www.europa-prefabri.com\/wp-content\/uploads\/Marquesina-campo-de-golf-5_800x479-495x400.jpg\" width=\"495\" height=\"400\"  title='Marquesina campo de golf' alt='' \/><div class='big-prev-fake'><img decoding=\"async\" loading=\"lazy\" class=\"wp-image-11959 avia-img-lazy-loading-11959\"  width=\"800\" height=\"479\" src=\"https:\/\/www.europa-prefabri.com\/wp-content\/uploads\/Marquesina-campo-de-golf-5_800x479.jpg\" title='Marquesina campo de golf' alt='' srcset=\"https:\/\/www.europa-prefabri.com\/wp-content\/uploads\/Marquesina-campo-de-golf-5_800x479.jpg 800w, https:\/\/www.europa-prefabri.com\/wp-content\/uploads\/Marquesina-campo-de-golf-5_800x479-300x180.jpg 300w, https:\/\/www.europa-prefabri.com\/wp-content\/uploads\/Marquesina-campo-de-golf-5_800x479-768x460.jpg 768w, https:\/\/www.europa-prefabri.com\/wp-content\/uploads\/Marquesina-campo-de-golf-5_800x479-705x422.jpg 705w, https:\/\/www.europa-prefabri.com\/wp-content\/uploads\/Marquesina-campo-de-golf-5_800x479-450x269.jpg 450w\" sizes=\"auto, (max-width: 800px) 100vw, 800px\" \/><\/div><\/a><a href=\"https:\/\/www.europa-prefabri.com\/wp-content\/uploads\/la-foto_800x5981.jpg\" data-srcset=\"https:\/\/www.europa-prefabri.com\/wp-content\/uploads\/la-foto_800x5981.jpg 800w, https:\/\/www.europa-prefabri.com\/wp-content\/uploads\/la-foto_800x5981-300x224.jpg 300w, https:\/\/www.europa-prefabri.com\/wp-content\/uploads\/la-foto_800x5981-768x574.jpg 768w, https:\/\/www.europa-prefabri.com\/wp-content\/uploads\/la-foto_800x5981-705x527.jpg 705w, https:\/\/www.europa-prefabri.com\/wp-content\/uploads\/la-foto_800x5981-450x336.jpg 450w\" data-sizes=\"(max-width: 800px) 100vw, 800px\" data-rel='gallery-1' data-prev-img='https:\/\/www.europa-prefabri.com\/wp-content\/uploads\/la-foto_800x5981.jpg' class='lightbox ' data-onclick='23' title='la foto_800x598'  itemprop=\"thumbnailUrl\"  ><img decoding=\"async\" fetchpriority=\"high\" class=\"wp-image-11957 avia-img-lazy-loading-not-11957\"   src=\"https:\/\/www.europa-prefabri.com\/wp-content\/uploads\/la-foto_800x5981-495x400.jpg\" width=\"495\" height=\"400\"  title='la foto_800x598' alt='' \/><div class='big-prev-fake'><img decoding=\"async\" loading=\"lazy\" class=\"wp-image-11957 avia-img-lazy-loading-11957\"  width=\"800\" height=\"598\" src=\"https:\/\/www.europa-prefabri.com\/wp-content\/uploads\/la-foto_800x5981.jpg\" title='la foto_800x598' alt='' srcset=\"https:\/\/www.europa-prefabri.com\/wp-content\/uploads\/la-foto_800x5981.jpg 800w, https:\/\/www.europa-prefabri.com\/wp-content\/uploads\/la-foto_800x5981-300x224.jpg 300w, https:\/\/www.europa-prefabri.com\/wp-content\/uploads\/la-foto_800x5981-768x574.jpg 768w, https:\/\/www.europa-prefabri.com\/wp-content\/uploads\/la-foto_800x5981-705x527.jpg 705w, https:\/\/www.europa-prefabri.com\/wp-content\/uploads\/la-foto_800x5981-450x336.jpg 450w\" sizes=\"auto, (max-width: 800px) 100vw, 800px\" \/><\/div><\/a><\/div><\/div><\/div>\n\n<style type=\"text\/css\" data-created_by=\"avia_inline_auto\" id=\"style-css-av-av_one_third-0aa7055fe62c3622faec82866afbaeb2\">\n.flex_column.av-av_one_third-0aa7055fe62c3622faec82866afbaeb2{\nborder-radius:0px 0px 0px 0px;\npadding:0px 0px 0px 0px;\n}\n<\/style>\n<div  class='flex_column av-av_one_third-0aa7055fe62c3622faec82866afbaeb2 av_one_third  avia-builder-el-2  el_after_av_two_third  el_before_av_hr  flex_column_div av-zero-column-padding  '     ><section  class='av_textblock_section av-av_textblock-2de302bf1aa3cf4c9157dbe6f50ac7eb '   itemscope=\"itemscope\" itemtype=\"https:\/\/schema.org\/CreativeWork\" ><div class='avia_textblock'  itemprop=\"text\" ><h2>Carports m\u00e9talliques<\/h2>\n<p>Sp\u00e9cialistes dans la conception, fabrication et installation de marquises m\u00e9talliques pour carports met\u00e1lliques.<\/p>\n<p>Fabricants de carports de parking depuis plus de 30 ans avec plus de 200.000 m2 d\u2019abris pour voitures install\u00e9s.<\/p>\n<p>Garantie de l\u2019entreprise leader du secteur.<\/p>\n<p>Consultez nos mod\u00e8les disponibles ou pr\u00e9sentez-nous votre dessin et nous vous le fabriquons.<\/p>\n<\/div><\/section><br \/>\n<div  class='togglecontainer av-av_toggle_container-3db3bf9baa9aa7fee59103dfaf5a6e4b  avia-builder-el-4  el_after_av_textblock  avia-builder-el-last  toggle_close_all' >\n<section class='av_toggle_section av-av_toggle-1f8ae772f9978148d65364da9aaf4e9c'  itemscope=\"itemscope\" itemtype=\"https:\/\/schema.org\/CreativeWork\" ><div role=\"tablist\" class=\"single_toggle\" data-tags=\"{Tout} \"  ><p id='toggle-toggle-id-1' data-fake-id='#toggle-id-1' class='toggler  av-title-above '  itemprop=\"headline\"  role='tab' tabindex='0' aria-controls='toggle-id-1' data-slide-speed=\"200\" data-title=\"Clients\" data-title-open=\"\" data-aria_collapsed=\"Cliquez pour \u00e9tendre : Clients\" data-aria_expanded=\"Cliquez pour r\u00e9duire : Clients\">Clients<span class=\"toggle_icon\"><span class=\"vert_icon\"><\/span><span class=\"hor_icon\"><\/span><\/span><\/p><div id='toggle-id-1' aria-labelledby='toggle-toggle-id-1' role='region' class='toggle_wrap  av-title-above'  ><div class='toggle_content invers-color '  itemprop=\"text\" ><ul>\n<li>Particuliers<\/li>\n<li>Entreprises<\/li>\n<li>Administration publique<\/li>\n<li>Copropri\u00e9t\u00e9s<\/li>\n<li>A\u00e9roports et gares<\/li>\n<li>Centres commerciaux<\/li>\n<\/ul>\n<\/div><\/div><\/div><\/section>\n<section class='av_toggle_section av-av_toggle-1c686724f094c67bf6baba6477ab40fc'  itemscope=\"itemscope\" itemtype=\"https:\/\/schema.org\/CreativeWork\" ><div role=\"tablist\" class=\"single_toggle\" data-tags=\"{Tout} \"  ><p id='toggle-toggle-id-2' data-fake-id='#toggle-id-2' class='toggler  av-title-above '  itemprop=\"headline\"  role='tab' tabindex='0' aria-controls='toggle-id-2' data-slide-speed=\"200\" data-title=\"Caract\u00e9ristiques techniques \" data-title-open=\"\" data-aria_collapsed=\"Cliquez pour \u00e9tendre : Caract\u00e9ristiques techniques \" data-aria_expanded=\"Cliquez pour r\u00e9duire : Caract\u00e9ristiques techniques \">Caract\u00e9ristiques techniques <span class=\"toggle_icon\"><span class=\"vert_icon\"><\/span><span class=\"hor_icon\"><\/span><\/span><\/p><div id='toggle-id-2' aria-labelledby='toggle-toggle-id-2' role='region' class='toggle_wrap  av-title-above'  ><div class='toggle_content invers-color '  itemprop=\"text\" ><ul>\n<li>S\u00e9curit\u00e9 : Conforme au Code d\u2019Edification Technique espagnol<\/li>\n<li>Structure galvanis\u00e9e \u00e0 chaud<\/li>\n<li>Diff\u00e9rents types de poutres et toiture<\/li>\n<li>Conception et fabrication sur mesure<\/li>\n<li>Couleur au choix<\/li>\n<li>Calcules structurels<\/li>\n<\/ul>\n<\/div><\/div><\/div><\/section>\n<section class='av_toggle_section av-av_toggle-a4dafbce47d1c14d45fe2e915201f4ee'  itemscope=\"itemscope\" itemtype=\"https:\/\/schema.org\/CreativeWork\" ><div role=\"tablist\" class=\"single_toggle\" data-tags=\"{Tout} \"  ><p id='toggle-toggle-id-3' data-fake-id='#toggle-id-3' class='toggler  av-title-above '  itemprop=\"headline\"  role='tab' tabindex='0' aria-controls='toggle-id-3' data-slide-speed=\"200\" data-title=\"Utilisation \" data-title-open=\"\" data-aria_collapsed=\"Cliquez pour \u00e9tendre : Utilisation \" data-aria_expanded=\"Cliquez pour r\u00e9duire : Utilisation \">Utilisation <span class=\"toggle_icon\"><span class=\"vert_icon\"><\/span><span class=\"hor_icon\"><\/span><\/span><\/p><div id='toggle-id-3' aria-labelledby='toggle-toggle-id-3' role='region' class='toggle_wrap  av-title-above'  ><div class='toggle_content invers-color '  itemprop=\"text\" ><ul>\n<li>Auvent pour voiture<\/li>\n<li>Pergola m\u00e9canique<\/li>\n<li>Auvent pour parking<\/li>\n<li>Toit de stationnement<\/li>\n<\/ul>\n<\/div><\/div><\/div><\/section>\n<\/div><\/p><\/div>\n\n<style type=\"text\/css\" data-created_by=\"avia_inline_auto\" id=\"style-css-av-av_hr-4474f20d2389e2e5ecf918a02da5132e\">\n#top .hr.hr-invisible.av-av_hr-4474f20d2389e2e5ecf918a02da5132e{\nheight:50px;\n}\n<\/style>\n<div  class='hr av-av_hr-4474f20d2389e2e5ecf918a02da5132e hr-invisible  avia-builder-el-5  el_after_av_one_third  el_before_av_one_full '><span class='hr-inner '><span class=\"hr-inner-style\"><\/span><\/span><\/div>\n\n<style type=\"text\/css\" data-created_by=\"avia_inline_auto\" id=\"style-css-av-av_one_full-15d750bd1b332b34c6e70b077ebbccdf\">\n.flex_column.av-av_one_full-15d750bd1b332b34c6e70b077ebbccdf{\nborder-radius:0px 0px 0px 0px;\npadding:0px 0px 0px 0px;\n}\n<\/style>\n<div  class='flex_column av-av_one_full-15d750bd1b332b34c6e70b077ebbccdf av_one_full  avia-builder-el-6  el_after_av_hr  avia-builder-el-last  first flex_column_div av-zero-column-padding  '     ><p>\n<style type=\"text\/css\" data-created_by=\"avia_inline_auto\" id=\"style-css-av-av_heading-4b577bdbe6fe5718299094d872d1dd88\">\n#top .av-special-heading.av-av_heading-4b577bdbe6fe5718299094d872d1dd88{\npadding-bottom:10px;\n}\nbody .av-special-heading.av-av_heading-4b577bdbe6fe5718299094d872d1dd88 .av-special-heading-tag .heading-char{\nfont-size:25px;\n}\n.av-special-heading.av-av_heading-4b577bdbe6fe5718299094d872d1dd88 .av-subheading{\nfont-size:10px;\n}\n<\/style>\n<div  class='av-special-heading av-av_heading-4b577bdbe6fe5718299094d872d1dd88 av-special-heading-h3  avia-builder-el-7  el_before_av_portfolio  avia-builder-el-no-sibling '><h3 class='av-special-heading-tag '  itemprop=\"headline\"  >Produits similaires<\/h3><div class=\"special-heading-border\"><div class=\"special-heading-inner-border\"><\/div><\/div><\/div><br \/>\n<div  id=\"av-sc-portfolio-1\"  class=\"av-portfolio-grid-sorting-container\"><div class='sort_width_container  av-sort-yes' data-portfolio-id='1' ><div id='js_sort_items' ><div class='sort_by_cat hidden'><a href=\"#\" data-filter=\"all_sort\" class=\"all_sort_button active_sort\"><span class=\"inner_sort_button\"><span>Tout<\/span><small class=\"av-cat-count\"> 5 <\/small><\/span><\/a><span class=\"text-sep construction-modulaire_sort_sep\">\/<\/span><a href=\"#\" data-filter=\"construction-modulaire_sort\" class=\"construction-modulaire_sort_button\" ><span class=\"inner_sort_button\"><span>Construction Modulaire<\/span><small class=\"av-cat-count\"> 5 <\/small><\/span><\/a><\/div><\/div><\/div><div  class=' grid-sort-container isotope   no_margin-container with-title-container grid-total-odd grid-col-5 grid-links-' data-portfolio-id='1'><div data-ajax-id='28550' class=' grid-entry flex_column isotope-item all_sort no_margin post-entry post-entry-28550 grid-entry-overview grid-loop-1 grid-parity-odd  construction-modulaire_sort  av_one_fifth first default_av_fullwidth '><article class='main_color inner-entry'  itemscope=\"itemscope\" itemtype=\"https:\/\/schema.org\/CreativeWork\" ><a href=\"https:\/\/www.europa-prefabri.com\/fr\/portfolio-item\/conteneurs-de-stockage\/\" title='Conteneurs de stockage'  data-rel='grid-1' class='grid-image avia-hover-fx'> <img decoding=\"async\" fetchpriority=\"high\" width=\"260\" height=\"185\" src=\"https:\/\/www.europa-prefabri.com\/wp-content\/uploads\/contenedor-europa-prefabri-260x185.png\" class=\"wp-image-12750 avia-img-lazy-loading-not-12750 attachment-portfolio_small size-portfolio_small wp-post-image\" alt=\"\" \/><\/a><div class='grid-content'><div class='avia-arrow'><\/div><header class=\"entry-content-header\" aria-label=\"Portfolio : Conteneurs de stockage\"><h3 class='grid-entry-title entry-title '  itemprop=\"headline\" ><a href='https:\/\/www.europa-prefabri.com\/fr\/portfolio-item\/conteneurs-de-stockage\/' title='Conteneurs de stockage'>Conteneurs de stockage<\/a><\/h3><\/header><\/div><footer class=\"entry-footer\"><\/footer><\/article><\/div><div data-ajax-id='28548' class=' grid-entry flex_column isotope-item all_sort no_margin post-entry post-entry-28548 grid-entry-overview grid-loop-2 grid-parity-even  construction-modulaire_sort  av_one_fifth  default_av_fullwidth '><article class='main_color inner-entry'  itemscope=\"itemscope\" itemtype=\"https:\/\/schema.org\/CreativeWork\" ><a href=\"https:\/\/www.europa-prefabri.com\/fr\/portfolio-item\/batiments-prefabriques\/\" title='B\u00e2timents pr\u00e9fabriqu\u00e9s'  data-rel='grid-1' class='grid-image avia-hover-fx'> <img decoding=\"async\" fetchpriority=\"high\" width=\"260\" height=\"185\" src=\"https:\/\/www.europa-prefabri.com\/wp-content\/uploads\/edificio-prefabricado-europa-prefabri-260x185.png\" class=\"wp-image-12762 avia-img-lazy-loading-not-12762 attachment-portfolio_small size-portfolio_small wp-post-image\" alt=\"\" \/><\/a><div class='grid-content'><div class='avia-arrow'><\/div><header class=\"entry-content-header\" aria-label=\"Portfolio : B\u00e2timents pr\u00e9fabriqu\u00e9s\"><h3 class='grid-entry-title entry-title '  itemprop=\"headline\" ><a href='https:\/\/www.europa-prefabri.com\/fr\/portfolio-item\/batiments-prefabriques\/' title='B\u00e2timents pr\u00e9fabriqu\u00e9s'>B\u00e2timents pr\u00e9fabriqu\u00e9s<\/a><\/h3><\/header><\/div><footer class=\"entry-footer\"><\/footer><\/article><\/div><div data-ajax-id='3117' class=' grid-entry flex_column isotope-item all_sort no_margin post-entry post-entry-3117 grid-entry-overview grid-loop-3 grid-parity-odd  construccion-modular_sort construction-modulaire_sort  av_one_fifth  default_av_fullwidth '><article class='main_color inner-entry'  itemscope=\"itemscope\" itemtype=\"https:\/\/schema.org\/CreativeWork\" ><a href=\"https:\/\/www.europa-prefabri.com\/fr\/portfolio-item\/bungalows-de-chantier\/\" title='Bungalows de chantier'  data-rel='grid-1' class='grid-image avia-hover-fx'> <img decoding=\"async\" fetchpriority=\"high\" width=\"260\" height=\"185\" src=\"https:\/\/www.europa-prefabri.com\/wp-content\/uploads\/caseta-de-obra-europa-prefabri-260x185.png\" class=\"wp-image-12746 avia-img-lazy-loading-not-12746 attachment-portfolio_small size-portfolio_small wp-post-image\" alt=\"Bungalows de chantier\" \/><\/a><div class='grid-content'><div class='avia-arrow'><\/div><header class=\"entry-content-header\" aria-label=\"Portfolio : Bungalows de chantier\"><h3 class='grid-entry-title entry-title '  itemprop=\"headline\" ><a href='https:\/\/www.europa-prefabri.com\/fr\/portfolio-item\/bungalows-de-chantier\/' title='Bungalows de chantier'>Bungalows de chantier<\/a><\/h3><\/header><\/div><footer class=\"entry-footer\"><\/footer><\/article><\/div><div data-ajax-id='3271' class=' grid-entry flex_column isotope-item all_sort no_margin post-entry post-entry-3271 grid-entry-overview grid-loop-4 grid-parity-even  construction-modulaire_sort  av_one_fifth  default_av_fullwidth '><article class='main_color inner-entry'  itemscope=\"itemscope\" itemtype=\"https:\/\/schema.org\/CreativeWork\" ><a href=\"https:\/\/www.europa-prefabri.com\/fr\/portfolio-item\/bases-de-vie\/\" title='Bases de vie'  data-rel='grid-1' class='grid-image avia-hover-fx'> <img decoding=\"async\" fetchpriority=\"high\" width=\"260\" height=\"185\" src=\"https:\/\/www.europa-prefabri.com\/wp-content\/uploads\/IMAG1585_800x452-260x185.jpg\" class=\"wp-image-7810 avia-img-lazy-loading-not-7810 attachment-portfolio_small size-portfolio_small wp-post-image\" alt=\"campamento modular de oficinas en lagos nigeria\" \/><\/a><div class='grid-content'><div class='avia-arrow'><\/div><header class=\"entry-content-header\" aria-label=\"Portfolio : Bases de vie\"><h3 class='grid-entry-title entry-title '  itemprop=\"headline\" ><a href='https:\/\/www.europa-prefabri.com\/fr\/portfolio-item\/bases-de-vie\/' title='Bases de vie'>Bases de vie<\/a><\/h3><\/header><\/div><footer class=\"entry-footer\"><\/footer><\/article><\/div><div data-ajax-id='3268' class=' grid-entry flex_column isotope-item all_sort no_margin post-entry post-entry-3268 grid-entry-overview grid-loop-5 grid-parity-odd  post-entry-last  construction-modulaire_sort  av_one_fifth  default_av_fullwidth '><article class='main_color inner-entry'  itemscope=\"itemscope\" itemtype=\"https:\/\/schema.org\/CreativeWork\" ><a href=\"https:\/\/www.europa-prefabri.com\/fr\/portfolio-item\/modules-en-kit\/\" title='Boungalows en KIT'  data-rel='grid-1' class='grid-image avia-hover-fx'> <img decoding=\"async\" fetchpriority=\"high\" width=\"260\" height=\"185\" src=\"https:\/\/www.europa-prefabri.com\/wp-content\/uploads\/modulos-en-kit-europa-prefabri-260x185.png\" class=\"wp-image-12778 avia-img-lazy-loading-not-12778 attachment-portfolio_small size-portfolio_small wp-post-image\" alt=\"\" \/><\/a><div class='grid-content'><div class='avia-arrow'><\/div><header class=\"entry-content-header\" aria-label=\"Portfolio : Boungalows en KIT\"><h3 class='grid-entry-title entry-title '  itemprop=\"headline\" ><a href='https:\/\/www.europa-prefabri.com\/fr\/portfolio-item\/modules-en-kit\/' title='Boungalows en KIT'>Boungalows en KIT<\/a><\/h3><\/header><\/div><footer class=\"entry-footer\"><\/footer><\/article><\/div><\/div><\/div>   <!--   class=\"av-portfolio-grid-sorting-container\"  --><\/p><\/div>\n","protected":false},"excerpt":{"rendered":"","protected":false},"author":4,"featured_media":12734,"comment_status":"closed","ping_status":"closed","template":"","meta":{"footnotes":""},"tags":[],"portfolio_entries":[94],"class_list":["post-4043","portfolio","type-portfolio","status-publish","has-post-thumbnail","hentry","portfolio_entries-abris-de-parkings"],"yoast_head":"<!-- This site is optimized with the Yoast SEO plugin v27.5 - https:\/\/yoast.com\/product\/yoast-seo-wordpress\/ -->\n<title>Carports m\u00e9talliques: Europa Prefabri offre des solutions pr\u00e9fabriqu\u00e9es comme l&#039;usage de carpots<\/title>\n<meta name=\"description\" content=\"Europa Prefabri : entreprise internationale de constructions modulaires, pr\u00e9fabriqu\u00e9es bases de vie et carports m\u00e9talliques dans plusieurs dizaines de pays.\" \/>\n<meta name=\"robots\" content=\"index, follow, max-snippet:-1, max-image-preview:large, max-video-preview:-1\" \/>\n<link rel=\"canonical\" href=\"https:\/\/www.europa-prefabri.com\/fr\/portfolio-item\/carports-metalliques\/\" \/>\n<meta property=\"og:locale\" content=\"fr_FR\" \/>\n<meta property=\"og:type\" content=\"article\" \/>\n<meta property=\"og:title\" content=\"Carports m\u00e9talliques: Europa Prefabri offre des solutions pr\u00e9fabriqu\u00e9es comme l&#039;usage de carpots\" \/>\n<meta property=\"og:description\" content=\"Europa Prefabri : entreprise internationale de constructions modulaires, pr\u00e9fabriqu\u00e9es bases de vie et carports m\u00e9talliques dans plusieurs dizaines de pays.\" \/>\n<meta property=\"og:url\" content=\"https:\/\/www.europa-prefabri.com\/fr\/portfolio-item\/carports-metalliques\/\" \/>\n<meta property=\"og:site_name\" content=\"Europa Prefabri | Alquiler y venta de construcciones modulares\" \/>\n<meta property=\"article:publisher\" content=\"https:\/\/www.facebook.com\/Europa-Prefabri-258328977572213\/\" \/>\n<meta property=\"article:modified_time\" content=\"2020-11-11T12:04:29+00:00\" \/>\n<meta property=\"og:image\" content=\"https:\/\/www.europa-prefabri.com\/wp-content\/uploads\/marquesina-de-aparcamiento-modelo-a-europa-prefabri.png\" \/>\n\t<meta property=\"og:image:width\" content=\"800\" \/>\n\t<meta property=\"og:image:height\" content=\"600\" \/>\n\t<meta property=\"og:image:type\" content=\"image\/png\" \/>\n<meta name=\"twitter:card\" content=\"summary_large_image\" \/>\n<meta name=\"twitter:site\" content=\"@EuropaPrefabri\" \/>\n<meta name=\"twitter:label1\" content=\"Est. reading time\" \/>\n\t<meta name=\"twitter:data1\" content=\"2 minutes\" \/>\n<script type=\"application\/ld+json\" class=\"yoast-schema-graph\">{\"@context\":\"https:\\\/\\\/schema.org\",\"@graph\":[{\"@type\":\"WebPage\",\"@id\":\"https:\\\/\\\/www.europa-prefabri.com\\\/fr\\\/portfolio-item\\\/carports-metalliques\\\/\",\"url\":\"https:\\\/\\\/www.europa-prefabri.com\\\/fr\\\/portfolio-item\\\/carports-metalliques\\\/\",\"name\":\"Carports m\u00e9talliques: Europa Prefabri offre des solutions pr\u00e9fabriqu\u00e9es comme l'usage de carpots\",\"isPartOf\":{\"@id\":\"https:\\\/\\\/www.europa-prefabri.com\\\/#website\"},\"primaryImageOfPage\":{\"@id\":\"https:\\\/\\\/www.europa-prefabri.com\\\/fr\\\/portfolio-item\\\/carports-metalliques\\\/#primaryimage\"},\"image\":{\"@id\":\"https:\\\/\\\/www.europa-prefabri.com\\\/fr\\\/portfolio-item\\\/carports-metalliques\\\/#primaryimage\"},\"thumbnailUrl\":\"https:\\\/\\\/www.europa-prefabri.com\\\/wp-content\\\/uploads\\\/marquesina-de-aparcamiento-modelo-a-europa-prefabri.png\",\"datePublished\":\"2014-07-09T16:05:43+00:00\",\"dateModified\":\"2020-11-11T12:04:29+00:00\",\"description\":\"Europa Prefabri : entreprise internationale de constructions modulaires, pr\u00e9fabriqu\u00e9es bases de vie et carports m\u00e9talliques dans plusieurs dizaines de pays.\",\"breadcrumb\":{\"@id\":\"https:\\\/\\\/www.europa-prefabri.com\\\/fr\\\/portfolio-item\\\/carports-metalliques\\\/#breadcrumb\"},\"inLanguage\":\"fr-FR\",\"potentialAction\":[{\"@type\":\"ReadAction\",\"target\":[\"https:\\\/\\\/www.europa-prefabri.com\\\/fr\\\/portfolio-item\\\/carports-metalliques\\\/\"]}]},{\"@type\":\"ImageObject\",\"inLanguage\":\"fr-FR\",\"@id\":\"https:\\\/\\\/www.europa-prefabri.com\\\/fr\\\/portfolio-item\\\/carports-metalliques\\\/#primaryimage\",\"url\":\"https:\\\/\\\/www.europa-prefabri.com\\\/wp-content\\\/uploads\\\/marquesina-de-aparcamiento-modelo-a-europa-prefabri.png\",\"contentUrl\":\"https:\\\/\\\/www.europa-prefabri.com\\\/wp-content\\\/uploads\\\/marquesina-de-aparcamiento-modelo-a-europa-prefabri.png\",\"width\":800,\"height\":600},{\"@type\":\"BreadcrumbList\",\"@id\":\"https:\\\/\\\/www.europa-prefabri.com\\\/fr\\\/portfolio-item\\\/carports-metalliques\\\/#breadcrumb\",\"itemListElement\":[{\"@type\":\"ListItem\",\"position\":1,\"name\":\"Portada\",\"item\":\"https:\\\/\\\/www.europa-prefabri.com\\\/fr\\\/\"},{\"@type\":\"ListItem\",\"position\":2,\"name\":\"Carports m\u00e9talliques\"}]},{\"@type\":\"WebSite\",\"@id\":\"https:\\\/\\\/www.europa-prefabri.com\\\/#website\",\"url\":\"https:\\\/\\\/www.europa-prefabri.com\\\/\",\"name\":\"Europa Prefabri | Alquiler y venta de construcciones modulares\",\"description\":\"Alquiler y venta de construcciones modulares, casetas de obra, marquesinas de aparcamiento y vallas y cerramientos.\",\"publisher\":{\"@id\":\"https:\\\/\\\/www.europa-prefabri.com\\\/#organization\"},\"potentialAction\":[{\"@type\":\"SearchAction\",\"target\":{\"@type\":\"EntryPoint\",\"urlTemplate\":\"https:\\\/\\\/www.europa-prefabri.com\\\/?s={search_term_string}\"},\"query-input\":{\"@type\":\"PropertyValueSpecification\",\"valueRequired\":true,\"valueName\":\"search_term_string\"}}],\"inLanguage\":\"fr-FR\"},{\"@type\":\"Organization\",\"@id\":\"https:\\\/\\\/www.europa-prefabri.com\\\/#organization\",\"name\":\"Prefabri S.L.\",\"url\":\"https:\\\/\\\/www.europa-prefabri.com\\\/\",\"logo\":{\"@type\":\"ImageObject\",\"inLanguage\":\"fr-FR\",\"@id\":\"https:\\\/\\\/www.europa-prefabri.com\\\/#\\\/schema\\\/logo\\\/image\\\/\",\"url\":\"https:\\\/\\\/www.europa-prefabri.com\\\/wp-content\\\/uploads\\\/EuropaPrefabri-Logo.jpg\",\"contentUrl\":\"https:\\\/\\\/www.europa-prefabri.com\\\/wp-content\\\/uploads\\\/EuropaPrefabri-Logo.jpg\",\"width\":752,\"height\":348,\"caption\":\"Prefabri S.L.\"},\"image\":{\"@id\":\"https:\\\/\\\/www.europa-prefabri.com\\\/#\\\/schema\\\/logo\\\/image\\\/\"},\"sameAs\":[\"https:\\\/\\\/www.facebook.com\\\/Europa-Prefabri-258328977572213\\\/\",\"https:\\\/\\\/x.com\\\/EuropaPrefabri\",\"https:\\\/\\\/www.instagram.com\\\/europaprefabri\\\/\",\"https:\\\/\\\/es.linkedin.com\\\/company\\\/europa-prefabri\",\"https:\\\/\\\/es.pinterest.com\\\/europaprefabri\\\/\",\"https:\\\/\\\/www.youtube.com\\\/user\\\/PrefabriSL\"]}]}<\/script>\n<!-- \/ Yoast SEO plugin. -->","yoast_head_json":{"title":"Carports m\u00e9talliques: Europa Prefabri offre des solutions pr\u00e9fabriqu\u00e9es comme l'usage de carpots","description":"Europa Prefabri : entreprise internationale de constructions modulaires, pr\u00e9fabriqu\u00e9es bases de vie et carports m\u00e9talliques dans plusieurs dizaines de pays.","robots":{"index":"index","follow":"follow","max-snippet":"max-snippet:-1","max-image-preview":"max-image-preview:large","max-video-preview":"max-video-preview:-1"},"canonical":"https:\/\/www.europa-prefabri.com\/fr\/portfolio-item\/carports-metalliques\/","og_locale":"fr_FR","og_type":"article","og_title":"Carports m\u00e9talliques: Europa Prefabri offre des solutions pr\u00e9fabriqu\u00e9es comme l'usage de carpots","og_description":"Europa Prefabri : entreprise internationale de constructions modulaires, pr\u00e9fabriqu\u00e9es bases de vie et carports m\u00e9talliques dans plusieurs dizaines de pays.","og_url":"https:\/\/www.europa-prefabri.com\/fr\/portfolio-item\/carports-metalliques\/","og_site_name":"Europa Prefabri | Alquiler y venta de construcciones modulares","article_publisher":"https:\/\/www.facebook.com\/Europa-Prefabri-258328977572213\/","article_modified_time":"2020-11-11T12:04:29+00:00","og_image":[{"width":800,"height":600,"url":"https:\/\/www.europa-prefabri.com\/wp-content\/uploads\/marquesina-de-aparcamiento-modelo-a-europa-prefabri.png","type":"image\/png"}],"twitter_card":"summary_large_image","twitter_site":"@EuropaPrefabri","twitter_misc":{"Est. reading time":"2 minutes"},"schema":{"@context":"https:\/\/schema.org","@graph":[{"@type":"WebPage","@id":"https:\/\/www.europa-prefabri.com\/fr\/portfolio-item\/carports-metalliques\/","url":"https:\/\/www.europa-prefabri.com\/fr\/portfolio-item\/carports-metalliques\/","name":"Carports m\u00e9talliques: Europa Prefabri offre des solutions pr\u00e9fabriqu\u00e9es comme l'usage de carpots","isPartOf":{"@id":"https:\/\/www.europa-prefabri.com\/#website"},"primaryImageOfPage":{"@id":"https:\/\/www.europa-prefabri.com\/fr\/portfolio-item\/carports-metalliques\/#primaryimage"},"image":{"@id":"https:\/\/www.europa-prefabri.com\/fr\/portfolio-item\/carports-metalliques\/#primaryimage"},"thumbnailUrl":"https:\/\/www.europa-prefabri.com\/wp-content\/uploads\/marquesina-de-aparcamiento-modelo-a-europa-prefabri.png","datePublished":"2014-07-09T16:05:43+00:00","dateModified":"2020-11-11T12:04:29+00:00","description":"Europa Prefabri : entreprise internationale de constructions modulaires, pr\u00e9fabriqu\u00e9es bases de vie et carports m\u00e9talliques dans plusieurs dizaines de pays.","breadcrumb":{"@id":"https:\/\/www.europa-prefabri.com\/fr\/portfolio-item\/carports-metalliques\/#breadcrumb"},"inLanguage":"fr-FR","potentialAction":[{"@type":"ReadAction","target":["https:\/\/www.europa-prefabri.com\/fr\/portfolio-item\/carports-metalliques\/"]}]},{"@type":"ImageObject","inLanguage":"fr-FR","@id":"https:\/\/www.europa-prefabri.com\/fr\/portfolio-item\/carports-metalliques\/#primaryimage","url":"https:\/\/www.europa-prefabri.com\/wp-content\/uploads\/marquesina-de-aparcamiento-modelo-a-europa-prefabri.png","contentUrl":"https:\/\/www.europa-prefabri.com\/wp-content\/uploads\/marquesina-de-aparcamiento-modelo-a-europa-prefabri.png","width":800,"height":600},{"@type":"BreadcrumbList","@id":"https:\/\/www.europa-prefabri.com\/fr\/portfolio-item\/carports-metalliques\/#breadcrumb","itemListElement":[{"@type":"ListItem","position":1,"name":"Portada","item":"https:\/\/www.europa-prefabri.com\/fr\/"},{"@type":"ListItem","position":2,"name":"Carports m\u00e9talliques"}]},{"@type":"WebSite","@id":"https:\/\/www.europa-prefabri.com\/#website","url":"https:\/\/www.europa-prefabri.com\/","name":"Europa Prefabri | Alquiler y venta de construcciones modulares","description":"Alquiler y venta de construcciones modulares, casetas de obra, marquesinas de aparcamiento y vallas y cerramientos.","publisher":{"@id":"https:\/\/www.europa-prefabri.com\/#organization"},"potentialAction":[{"@type":"SearchAction","target":{"@type":"EntryPoint","urlTemplate":"https:\/\/www.europa-prefabri.com\/?s={search_term_string}"},"query-input":{"@type":"PropertyValueSpecification","valueRequired":true,"valueName":"search_term_string"}}],"inLanguage":"fr-FR"},{"@type":"Organization","@id":"https:\/\/www.europa-prefabri.com\/#organization","name":"Prefabri S.L.","url":"https:\/\/www.europa-prefabri.com\/","logo":{"@type":"ImageObject","inLanguage":"fr-FR","@id":"https:\/\/www.europa-prefabri.com\/#\/schema\/logo\/image\/","url":"https:\/\/www.europa-prefabri.com\/wp-content\/uploads\/EuropaPrefabri-Logo.jpg","contentUrl":"https:\/\/www.europa-prefabri.com\/wp-content\/uploads\/EuropaPrefabri-Logo.jpg","width":752,"height":348,"caption":"Prefabri S.L."},"image":{"@id":"https:\/\/www.europa-prefabri.com\/#\/schema\/logo\/image\/"},"sameAs":["https:\/\/www.facebook.com\/Europa-Prefabri-258328977572213\/","https:\/\/x.com\/EuropaPrefabri","https:\/\/www.instagram.com\/europaprefabri\/","https:\/\/es.linkedin.com\/company\/europa-prefabri","https:\/\/es.pinterest.com\/europaprefabri\/","https:\/\/www.youtube.com\/user\/PrefabriSL"]}]}},"_links":{"self":[{"href":"https:\/\/www.europa-prefabri.com\/fr\/wp-json\/wp\/v2\/portfolio\/4043","targetHints":{"allow":["GET"]}}],"collection":[{"href":"https:\/\/www.europa-prefabri.com\/fr\/wp-json\/wp\/v2\/portfolio"}],"about":[{"href":"https:\/\/www.europa-prefabri.com\/fr\/wp-json\/wp\/v2\/types\/portfolio"}],"author":[{"embeddable":true,"href":"https:\/\/www.europa-prefabri.com\/fr\/wp-json\/wp\/v2\/users\/4"}],"replies":[{"embeddable":true,"href":"https:\/\/www.europa-prefabri.com\/fr\/wp-json\/wp\/v2\/comments?post=4043"}],"version-history":[{"count":0,"href":"https:\/\/www.europa-prefabri.com\/fr\/wp-json\/wp\/v2\/portfolio\/4043\/revisions"}],"wp:featuredmedia":[{"embeddable":true,"href":"https:\/\/www.europa-prefabri.com\/fr\/wp-json\/wp\/v2\/media\/12734"}],"wp:attachment":[{"href":"https:\/\/www.europa-prefabri.com\/fr\/wp-json\/wp\/v2\/media?parent=4043"}],"wp:term":[{"taxonomy":"post_tag","embeddable":true,"href":"https:\/\/www.europa-prefabri.com\/fr\/wp-json\/wp\/v2\/tags?post=4043"},{"taxonomy":"portfolio_entries","embeddable":true,"href":"https:\/\/www.europa-prefabri.com\/fr\/wp-json\/wp\/v2\/portfolio_entries?post=4043"}],"curies":[{"name":"wp","href":"https:\/\/api.w.org\/{rel}","templated":true}]}}