{"id":3411,"date":"2013-11-23T10:37:58","date_gmt":"2013-11-23T10:37:58","guid":{"rendered":"http:\/\/www.europa-prefabri.com\/?post_type=portfolio&#038;p=3411"},"modified":"2021-04-26T11:19:16","modified_gmt":"2021-04-26T09:19:16","slug":"guerites","status":"publish","type":"portfolio","link":"https:\/\/www.europa-prefabri.com\/fr\/portfolio-item\/guerites\/","title":{"rendered":"Gu\u00e9rites"},"content":{"rendered":"<div  class='flex_column av-av_two_third-2a9015ff38129c418a3f2eafba3e9512 av_two_third  avia-builder-el-0  el_before_av_one_third  avia-builder-el-first  first flex_column_div  '     ><style type=\"text\/css\" data-created_by=\"avia_inline_auto\" id=\"style-css-av-av_gallery-9a5ea38b7b109a7eb6ead00ad8199bb0\">\n#top .avia-gallery.av-av_gallery-9a5ea38b7b109a7eb6ead00ad8199bb0 .avia-gallery-thumb a{\nwidth:11.1111%;\n}\n<\/style>\n<div  class='avia-gallery av-av_gallery-9a5ea38b7b109a7eb6ead00ad8199bb0 avia_animate_when_visible  avia-builder-el-1  avia-builder-el-no-sibling  avia_lazyload av-slideshow-ui av-loop-manual-endless av-control-hidden av-navigate-arrows av-navigate-dots hover-effect av-control-hidden avia-gallery-animate avia-gallery-1'  itemprop=\"image\" itemscope=\"itemscope\" itemtype=\"https:\/\/schema.org\/ImageObject\" ><meta itemprop=\"contentURL\" content=\"https:\/\/www.europa-prefabri.com\/fr\/portfolio-item\/guerites\/\"><div class='avia-gallery-big-wrapper'><a class='avia-gallery-big fakeLightbox avianolink noLightbox avia-gallery-big-crop-thumb ' href=\"https:\/\/www.europa-prefabri.com\/wp-content\/uploads\/1-cabina-vigilancia-prefabricada.jpg\" data-srcset=\"https:\/\/www.europa-prefabri.com\/wp-content\/uploads\/1-cabina-vigilancia-prefabricada.jpg 485w, https:\/\/www.europa-prefabri.com\/wp-content\/uploads\/1-cabina-vigilancia-prefabricada-300x243.jpg 300w, https:\/\/www.europa-prefabri.com\/wp-content\/uploads\/1-cabina-vigilancia-prefabricada-450x364.jpg 450w\" data-sizes=\"(max-width: 485px) 100vw, 485px\"  data-onclick='1' title='cabina de vigilancia especial' ><span class='avia-gallery-big-inner'  itemprop=\"thumbnailUrl\" ><img decoding=\"async\" fetchpriority=\"high\" class=\"wp-image-11043 avia-img-lazy-loading-not-11043\"  width=\"485\" height=\"393\" src=\"https:\/\/www.europa-prefabri.com\/wp-content\/uploads\/1-cabina-vigilancia-prefabricada.jpg\" title='cabina de vigilancia especial' alt='' srcset=\"https:\/\/www.europa-prefabri.com\/wp-content\/uploads\/1-cabina-vigilancia-prefabricada.jpg 485w, https:\/\/www.europa-prefabri.com\/wp-content\/uploads\/1-cabina-vigilancia-prefabricada-300x243.jpg 300w, https:\/\/www.europa-prefabri.com\/wp-content\/uploads\/1-cabina-vigilancia-prefabricada-450x364.jpg 450w\" sizes=\"(max-width: 485px) 100vw, 485px\" \/><\/span><\/a><\/div><div class='avia-gallery-thumb'><a href=\"https:\/\/www.europa-prefabri.com\/wp-content\/uploads\/1-cabina-vigilancia-prefabricada.jpg\" data-srcset=\"https:\/\/www.europa-prefabri.com\/wp-content\/uploads\/1-cabina-vigilancia-prefabricada.jpg 485w, https:\/\/www.europa-prefabri.com\/wp-content\/uploads\/1-cabina-vigilancia-prefabricada-300x243.jpg 300w, https:\/\/www.europa-prefabri.com\/wp-content\/uploads\/1-cabina-vigilancia-prefabricada-450x364.jpg 450w\" data-sizes=\"(max-width: 485px) 100vw, 485px\" data-rel='gallery-1' data-prev-img='https:\/\/www.europa-prefabri.com\/wp-content\/uploads\/1-cabina-vigilancia-prefabricada.jpg' class='first_thumb avianolink noLightbox ' data-onclick='1' title='cabina de vigilancia especial'  itemprop=\"thumbnailUrl\"  ><img decoding=\"async\" fetchpriority=\"high\" class=\"wp-image-11043 avia-img-lazy-loading-not-11043\"   src=\"https:\/\/www.europa-prefabri.com\/wp-content\/uploads\/1-cabina-vigilancia-prefabricada.jpg\" width=\"485\" height=\"393\"  title='cabina de vigilancia especial' alt='' srcset=\"https:\/\/www.europa-prefabri.com\/wp-content\/uploads\/1-cabina-vigilancia-prefabricada.jpg 485w, https:\/\/www.europa-prefabri.com\/wp-content\/uploads\/1-cabina-vigilancia-prefabricada-300x243.jpg 300w, https:\/\/www.europa-prefabri.com\/wp-content\/uploads\/1-cabina-vigilancia-prefabricada-450x364.jpg 450w\" sizes=\"(max-width: 485px) 100vw, 485px\" \/><div class='big-prev-fake'><img decoding=\"async\" loading=\"lazy\" class=\"wp-image-11043 avia-img-lazy-loading-11043\"  width=\"485\" height=\"393\" src=\"https:\/\/www.europa-prefabri.com\/wp-content\/uploads\/1-cabina-vigilancia-prefabricada.jpg\" title='cabina de vigilancia especial' alt='' srcset=\"https:\/\/www.europa-prefabri.com\/wp-content\/uploads\/1-cabina-vigilancia-prefabricada.jpg 485w, https:\/\/www.europa-prefabri.com\/wp-content\/uploads\/1-cabina-vigilancia-prefabricada-300x243.jpg 300w, https:\/\/www.europa-prefabri.com\/wp-content\/uploads\/1-cabina-vigilancia-prefabricada-450x364.jpg 450w\" sizes=\"auto, (max-width: 485px) 100vw, 485px\" \/><\/div><\/a><a href=\"https:\/\/www.europa-prefabri.com\/wp-content\/uploads\/5-caseta-vigilancia-modular.jpg\" data-srcset=\"https:\/\/www.europa-prefabri.com\/wp-content\/uploads\/5-caseta-vigilancia-modular.jpg 710w, https:\/\/www.europa-prefabri.com\/wp-content\/uploads\/5-caseta-vigilancia-modular-300x242.jpg 300w, https:\/\/www.europa-prefabri.com\/wp-content\/uploads\/5-caseta-vigilancia-modular-495x400.jpg 495w, https:\/\/www.europa-prefabri.com\/wp-content\/uploads\/5-caseta-vigilancia-modular-450x364.jpg 450w\" data-sizes=\"(max-width: 710px) 100vw, 710px\" data-rel='gallery-1' data-prev-img='https:\/\/www.europa-prefabri.com\/wp-content\/uploads\/5-caseta-vigilancia-modular.jpg' class='avianolink noLightbox ' data-onclick='2' title='caseta control de accesos'  itemprop=\"thumbnailUrl\"  ><img decoding=\"async\" fetchpriority=\"high\" class=\"wp-image-11067 avia-img-lazy-loading-not-11067\"   src=\"https:\/\/www.europa-prefabri.com\/wp-content\/uploads\/5-caseta-vigilancia-modular-495x400.jpg\" width=\"495\" height=\"400\"  title='caseta control de accesos' alt='' srcset=\"https:\/\/www.europa-prefabri.com\/wp-content\/uploads\/5-caseta-vigilancia-modular-495x400.jpg 495w, https:\/\/www.europa-prefabri.com\/wp-content\/uploads\/5-caseta-vigilancia-modular-300x242.jpg 300w, https:\/\/www.europa-prefabri.com\/wp-content\/uploads\/5-caseta-vigilancia-modular-450x364.jpg 450w, https:\/\/www.europa-prefabri.com\/wp-content\/uploads\/5-caseta-vigilancia-modular.jpg 710w\" sizes=\"(max-width: 495px) 100vw, 495px\" \/><div class='big-prev-fake'><img decoding=\"async\" loading=\"lazy\" class=\"wp-image-11067 avia-img-lazy-loading-11067\"  width=\"710\" height=\"575\" src=\"https:\/\/www.europa-prefabri.com\/wp-content\/uploads\/5-caseta-vigilancia-modular.jpg\" title='caseta control de accesos' alt='' srcset=\"https:\/\/www.europa-prefabri.com\/wp-content\/uploads\/5-caseta-vigilancia-modular.jpg 710w, https:\/\/www.europa-prefabri.com\/wp-content\/uploads\/5-caseta-vigilancia-modular-300x242.jpg 300w, https:\/\/www.europa-prefabri.com\/wp-content\/uploads\/5-caseta-vigilancia-modular-495x400.jpg 495w, https:\/\/www.europa-prefabri.com\/wp-content\/uploads\/5-caseta-vigilancia-modular-450x364.jpg 450w\" sizes=\"auto, (max-width: 710px) 100vw, 710px\" \/><\/div><\/a><a href=\"https:\/\/www.europa-prefabri.com\/wp-content\/uploads\/20131014_142244.jpg\" data-srcset=\"https:\/\/www.europa-prefabri.com\/wp-content\/uploads\/20131014_142244.jpg 600w, https:\/\/www.europa-prefabri.com\/wp-content\/uploads\/20131014_142244-225x300.jpg 225w, https:\/\/www.europa-prefabri.com\/wp-content\/uploads\/20131014_142244-450x600.jpg 450w\" data-sizes=\"(max-width: 600px) 100vw, 600px\" data-rel='gallery-1' data-prev-img='https:\/\/www.europa-prefabri.com\/wp-content\/uploads\/20131014_142244-600x575.jpg' class='avianolink noLightbox ' data-onclick='3' title='caseta de seguridad'  itemprop=\"thumbnailUrl\"  ><img decoding=\"async\" fetchpriority=\"high\" class=\"wp-image-11073 avia-img-lazy-loading-not-11073\"   src=\"https:\/\/www.europa-prefabri.com\/wp-content\/uploads\/20131014_142244-495x400.jpg\" width=\"495\" height=\"400\"  title='caseta de seguridad' alt='' \/><div class='big-prev-fake'><img decoding=\"async\" loading=\"lazy\" class=\"wp-image-11073 avia-img-lazy-loading-11073\"  width=\"600\" height=\"575\" src=\"https:\/\/www.europa-prefabri.com\/wp-content\/uploads\/20131014_142244-600x575.jpg\" title='caseta de seguridad' alt='' srcset=\"https:\/\/www.europa-prefabri.com\/wp-content\/uploads\/20131014_142244-600x575.jpg 600w, https:\/\/www.europa-prefabri.com\/wp-content\/uploads\/20131014_142244-36x36.jpg 36w\" sizes=\"auto, (max-width: 600px) 100vw, 600px\" \/><\/div><\/a><a href=\"https:\/\/www.europa-prefabri.com\/wp-content\/uploads\/DSC_0135.jpg\" data-srcset=\"https:\/\/www.europa-prefabri.com\/wp-content\/uploads\/DSC_0135.jpg 600w, https:\/\/www.europa-prefabri.com\/wp-content\/uploads\/DSC_0135-225x300.jpg 225w, https:\/\/www.europa-prefabri.com\/wp-content\/uploads\/DSC_0135-450x600.jpg 450w\" data-sizes=\"(max-width: 600px) 100vw, 600px\" data-rel='gallery-1' data-prev-img='https:\/\/www.europa-prefabri.com\/wp-content\/uploads\/DSC_0135-600x575.jpg' class='avianolink noLightbox ' data-onclick='4' title='caseta de vigilancia'  itemprop=\"thumbnailUrl\"  ><img decoding=\"async\" fetchpriority=\"high\" class=\"wp-image-11071 avia-img-lazy-loading-not-11071\"   src=\"https:\/\/www.europa-prefabri.com\/wp-content\/uploads\/DSC_0135-495x400.jpg\" width=\"495\" height=\"400\"  title='caseta de vigilancia' alt='' \/><div class='big-prev-fake'><img decoding=\"async\" loading=\"lazy\" class=\"wp-image-11071 avia-img-lazy-loading-11071\"  width=\"600\" height=\"575\" src=\"https:\/\/www.europa-prefabri.com\/wp-content\/uploads\/DSC_0135-600x575.jpg\" title='caseta de vigilancia' alt='' srcset=\"https:\/\/www.europa-prefabri.com\/wp-content\/uploads\/DSC_0135-600x575.jpg 600w, https:\/\/www.europa-prefabri.com\/wp-content\/uploads\/DSC_0135-36x36.jpg 36w\" sizes=\"auto, (max-width: 600px) 100vw, 600px\" \/><\/div><\/a><a href=\"https:\/\/www.europa-prefabri.com\/wp-content\/uploads\/PICT0361.jpg\" data-srcset=\"https:\/\/www.europa-prefabri.com\/wp-content\/uploads\/PICT0361.jpg 800w, https:\/\/www.europa-prefabri.com\/wp-content\/uploads\/PICT0361-300x225.jpg 300w, https:\/\/www.europa-prefabri.com\/wp-content\/uploads\/PICT0361-450x337.jpg 450w\" data-sizes=\"(max-width: 800px) 100vw, 800px\" data-rel='gallery-1' data-prev-img='https:\/\/www.europa-prefabri.com\/wp-content\/uploads\/PICT0361-710x575.jpg' class='avianolink noLightbox ' data-onclick='5' title='caseta de seguridad'  itemprop=\"thumbnailUrl\"  ><img decoding=\"async\" fetchpriority=\"high\" class=\"wp-image-11072 avia-img-lazy-loading-not-11072\"   src=\"https:\/\/www.europa-prefabri.com\/wp-content\/uploads\/PICT0361-495x400.jpg\" width=\"495\" height=\"400\"  title='caseta de seguridad' alt='' srcset=\"https:\/\/www.europa-prefabri.com\/wp-content\/uploads\/PICT0361-495x400.jpg 495w, https:\/\/www.europa-prefabri.com\/wp-content\/uploads\/PICT0361-710x575.jpg 710w\" sizes=\"(max-width: 495px) 100vw, 495px\" \/><div class='big-prev-fake'><img decoding=\"async\" loading=\"lazy\" class=\"wp-image-11072 avia-img-lazy-loading-11072\"  width=\"710\" height=\"575\" src=\"https:\/\/www.europa-prefabri.com\/wp-content\/uploads\/PICT0361-710x575.jpg\" title='caseta de seguridad' alt='' srcset=\"https:\/\/www.europa-prefabri.com\/wp-content\/uploads\/PICT0361-710x575.jpg 710w, https:\/\/www.europa-prefabri.com\/wp-content\/uploads\/PICT0361-495x400.jpg 495w\" sizes=\"auto, (max-width: 710px) 100vw, 710px\" \/><\/div><\/a><a href=\"https:\/\/www.europa-prefabri.com\/wp-content\/uploads\/4-Cabina-vigilancia-modular.jpg\" data-srcset=\"https:\/\/www.europa-prefabri.com\/wp-content\/uploads\/4-Cabina-vigilancia-modular.jpg 710w, https:\/\/www.europa-prefabri.com\/wp-content\/uploads\/4-Cabina-vigilancia-modular-300x242.jpg 300w, https:\/\/www.europa-prefabri.com\/wp-content\/uploads\/4-Cabina-vigilancia-modular-495x400.jpg 495w, https:\/\/www.europa-prefabri.com\/wp-content\/uploads\/4-Cabina-vigilancia-modular-450x364.jpg 450w\" data-sizes=\"(max-width: 710px) 100vw, 710px\" data-rel='gallery-1' data-prev-img='https:\/\/www.europa-prefabri.com\/wp-content\/uploads\/4-Cabina-vigilancia-modular.jpg' class='avianolink noLightbox ' data-onclick='6' title='caseta de vigilancia'  itemprop=\"thumbnailUrl\"  ><img decoding=\"async\" fetchpriority=\"high\" class=\"wp-image-11066 avia-img-lazy-loading-not-11066\"   src=\"https:\/\/www.europa-prefabri.com\/wp-content\/uploads\/4-Cabina-vigilancia-modular-495x400.jpg\" width=\"495\" height=\"400\"  title='caseta de vigilancia' alt='' srcset=\"https:\/\/www.europa-prefabri.com\/wp-content\/uploads\/4-Cabina-vigilancia-modular-495x400.jpg 495w, https:\/\/www.europa-prefabri.com\/wp-content\/uploads\/4-Cabina-vigilancia-modular-300x242.jpg 300w, https:\/\/www.europa-prefabri.com\/wp-content\/uploads\/4-Cabina-vigilancia-modular-450x364.jpg 450w, https:\/\/www.europa-prefabri.com\/wp-content\/uploads\/4-Cabina-vigilancia-modular.jpg 710w\" sizes=\"(max-width: 495px) 100vw, 495px\" \/><div class='big-prev-fake'><img decoding=\"async\" loading=\"lazy\" class=\"wp-image-11066 avia-img-lazy-loading-11066\"  width=\"710\" height=\"575\" src=\"https:\/\/www.europa-prefabri.com\/wp-content\/uploads\/4-Cabina-vigilancia-modular.jpg\" title='caseta de vigilancia' alt='' srcset=\"https:\/\/www.europa-prefabri.com\/wp-content\/uploads\/4-Cabina-vigilancia-modular.jpg 710w, https:\/\/www.europa-prefabri.com\/wp-content\/uploads\/4-Cabina-vigilancia-modular-300x242.jpg 300w, https:\/\/www.europa-prefabri.com\/wp-content\/uploads\/4-Cabina-vigilancia-modular-495x400.jpg 495w, https:\/\/www.europa-prefabri.com\/wp-content\/uploads\/4-Cabina-vigilancia-modular-450x364.jpg 450w\" sizes=\"auto, (max-width: 710px) 100vw, 710px\" \/><\/div><\/a><a href=\"https:\/\/www.europa-prefabri.com\/wp-content\/uploads\/7-Cabina-vigilancia-poliester.jpg\" data-srcset=\"https:\/\/www.europa-prefabri.com\/wp-content\/uploads\/7-Cabina-vigilancia-poliester.jpg 710w, https:\/\/www.europa-prefabri.com\/wp-content\/uploads\/7-Cabina-vigilancia-poliester-300x242.jpg 300w, https:\/\/www.europa-prefabri.com\/wp-content\/uploads\/7-Cabina-vigilancia-poliester-495x400.jpg 495w, https:\/\/www.europa-prefabri.com\/wp-content\/uploads\/7-Cabina-vigilancia-poliester-450x364.jpg 450w\" data-sizes=\"(max-width: 710px) 100vw, 710px\" data-rel='gallery-1' data-prev-img='https:\/\/www.europa-prefabri.com\/wp-content\/uploads\/7-Cabina-vigilancia-poliester.jpg' class='avianolink noLightbox ' data-onclick='7' title='cabina vigilancia poli\u00e9ster'  itemprop=\"thumbnailUrl\"  ><img decoding=\"async\" fetchpriority=\"high\" class=\"wp-image-11069 avia-img-lazy-loading-not-11069\"   src=\"https:\/\/www.europa-prefabri.com\/wp-content\/uploads\/7-Cabina-vigilancia-poliester-495x400.jpg\" width=\"495\" height=\"400\"  title='cabina vigilancia poli\u00e9ster' alt='' srcset=\"https:\/\/www.europa-prefabri.com\/wp-content\/uploads\/7-Cabina-vigilancia-poliester-495x400.jpg 495w, https:\/\/www.europa-prefabri.com\/wp-content\/uploads\/7-Cabina-vigilancia-poliester-300x242.jpg 300w, https:\/\/www.europa-prefabri.com\/wp-content\/uploads\/7-Cabina-vigilancia-poliester-450x364.jpg 450w, https:\/\/www.europa-prefabri.com\/wp-content\/uploads\/7-Cabina-vigilancia-poliester.jpg 710w\" sizes=\"(max-width: 495px) 100vw, 495px\" \/><div class='big-prev-fake'><img decoding=\"async\" loading=\"lazy\" class=\"wp-image-11069 avia-img-lazy-loading-11069\"  width=\"710\" height=\"575\" src=\"https:\/\/www.europa-prefabri.com\/wp-content\/uploads\/7-Cabina-vigilancia-poliester.jpg\" title='cabina vigilancia poli\u00e9ster' alt='' srcset=\"https:\/\/www.europa-prefabri.com\/wp-content\/uploads\/7-Cabina-vigilancia-poliester.jpg 710w, https:\/\/www.europa-prefabri.com\/wp-content\/uploads\/7-Cabina-vigilancia-poliester-300x242.jpg 300w, https:\/\/www.europa-prefabri.com\/wp-content\/uploads\/7-Cabina-vigilancia-poliester-495x400.jpg 495w, https:\/\/www.europa-prefabri.com\/wp-content\/uploads\/7-Cabina-vigilancia-poliester-450x364.jpg 450w\" sizes=\"auto, (max-width: 710px) 100vw, 710px\" \/><\/div><\/a><\/div><\/div><\/div>\n\n<style type=\"text\/css\" data-created_by=\"avia_inline_auto\" id=\"style-css-av-av_one_third-c8fc129dc35fd1ae2a1e410224d39ea8\">\n.flex_column.av-av_one_third-c8fc129dc35fd1ae2a1e410224d39ea8{\nborder-radius:0px 0px 0px 0px;\npadding:0px 0px 0px 0px;\n}\n<\/style>\n<div  class='flex_column av-av_one_third-c8fc129dc35fd1ae2a1e410224d39ea8 av_one_third  avia-builder-el-2  el_after_av_two_third  el_before_av_one_full  flex_column_div av-zero-column-padding  '     ><section  class='av_textblock_section av-av_textblock-2de302bf1aa3cf4c9157dbe6f50ac7eb '   itemscope=\"itemscope\" itemtype=\"https:\/\/schema.org\/CreativeWork\" ><div class='avia_textblock'  itemprop=\"text\" ><h2>Gu\u00e9rites<\/h2>\n<p>Vente de gu\u00e9rites compl\u00e8tement personnalisables et d\u00e9montables r\u00e9alis\u00e9es avec des modules pr\u00e9fabriqu\u00e9s.<\/p>\n<\/div><\/section><br \/>\n<div  class='togglecontainer av-av_toggle_container-3db3bf9baa9aa7fee59103dfaf5a6e4b  avia-builder-el-4  el_after_av_textblock  avia-builder-el-last  toggle_close_all' >\n<section class='av_toggle_section av-av_toggle-ca70a56270efb5b1e301b680ec9f0bc6'  itemscope=\"itemscope\" itemtype=\"https:\/\/schema.org\/CreativeWork\" ><div role=\"tablist\" class=\"single_toggle\" data-tags=\"{Tout} \"  ><p id='toggle-toggle-id-1' data-fake-id='#toggle-id-1' class='toggler  av-title-above '  itemprop=\"headline\"  role='tab' tabindex='0' aria-controls='toggle-id-1' data-slide-speed=\"200\" data-title=\"Applications\" data-title-open=\"\" data-aria_collapsed=\"Cliquez pour \u00e9tendre : Applications\" data-aria_expanded=\"Cliquez pour r\u00e9duire : Applications\">Applications<span class=\"toggle_icon\"><span class=\"vert_icon\"><\/span><span class=\"hor_icon\"><\/span><\/span><\/p><div id='toggle-id-1' aria-labelledby='toggle-toggle-id-1' role='region' class='toggle_wrap  av-title-above'  ><div class='toggle_content invers-color '  itemprop=\"text\" ><ul>\n<li>Cabine de surveillance<\/li>\n<li>Contr\u00f4le d&#8217;acc\u00e8s<\/li>\n<li>R\u00e9ception<\/li>\n<li>Cabine d\u2019information<\/li>\n<\/ul>\n<\/div><\/div><\/div><\/section>\n<section class='av_toggle_section av-av_toggle-8fa5eda31736236140f1d934ec4df292'  itemscope=\"itemscope\" itemtype=\"https:\/\/schema.org\/CreativeWork\" ><div role=\"tablist\" class=\"single_toggle\" data-tags=\"{Tout} \"  ><p id='toggle-toggle-id-2' data-fake-id='#toggle-id-2' class='toggler  av-title-above '  itemprop=\"headline\"  role='tab' tabindex='0' aria-controls='toggle-id-2' data-slide-speed=\"200\" data-title=\"Personalisables\" data-title-open=\"\" data-aria_collapsed=\"Cliquez pour \u00e9tendre : Personalisables\" data-aria_expanded=\"Cliquez pour r\u00e9duire : Personalisables\">Personalisables<span class=\"toggle_icon\"><span class=\"vert_icon\"><\/span><span class=\"hor_icon\"><\/span><\/span><\/p><div id='toggle-id-2' aria-labelledby='toggle-toggle-id-2' role='region' class='toggle_wrap  av-title-above'  ><div class='toggle_content invers-color '  itemprop=\"text\" ><ul>\n<li>Fen\u00eatres et vitrages sp\u00e9ciaux<\/li>\n<li>Couleurs de la structure et panneaux<\/li>\n<li>Design int\u00e9rieur<\/li>\n<li>Installation de barri\u00e8res et d&#8217;autres \u00e9l\u00e9ments compl\u00e9mentaires<\/li>\n<\/ul>\n<\/div><\/div><\/div><\/section>\n<\/div><\/p><\/div>\n<style type=\"text\/css\" data-created_by=\"avia_inline_auto\" id=\"style-css-av-av_one_full-15d750bd1b332b34c6e70b077ebbccdf\">\n.flex_column.av-av_one_full-15d750bd1b332b34c6e70b077ebbccdf{\nborder-radius:0px 0px 0px 0px;\npadding:0px 0px 0px 0px;\n}\n<\/style>\n<div  class='flex_column av-av_one_full-15d750bd1b332b34c6e70b077ebbccdf av_one_full  avia-builder-el-5  el_after_av_one_third  avia-builder-el-last  first flex_column_div av-zero-column-padding  column-top-margin'     ><p>\n<style type=\"text\/css\" data-created_by=\"avia_inline_auto\" id=\"style-css-av-av_heading-661dd117e86789ef6be68e5033660724\">\n#top .av-special-heading.av-av_heading-661dd117e86789ef6be68e5033660724{\npadding-bottom:10px;\n}\nbody .av-special-heading.av-av_heading-661dd117e86789ef6be68e5033660724 .av-special-heading-tag .heading-char{\nfont-size:25px;\n}\n.av-special-heading.av-av_heading-661dd117e86789ef6be68e5033660724 .av-subheading{\nfont-size:15px;\n}\n<\/style>\n<div  class='av-special-heading av-av_heading-661dd117e86789ef6be68e5033660724 av-special-heading-h3  avia-builder-el-6  el_before_av_portfolio  avia-builder-el-no-sibling '><h3 class='av-special-heading-tag '  itemprop=\"headline\"  >Produits similaires<\/h3><div class=\"special-heading-border\"><div class=\"special-heading-inner-border\"><\/div><\/div><\/div><br \/>\n<div  id=\"av-sc-portfolio-1\"  class=\"av-portfolio-grid-sorting-container\"><div class='sort_width_container  av-sort-yes' data-portfolio-id='1' ><div id='js_sort_items' ><div class='sort_by_cat hidden'><a href=\"#\" data-filter=\"all_sort\" class=\"all_sort_button active_sort\"><span class=\"inner_sort_button\"><span>Tout<\/span><small class=\"av-cat-count\"> 4 <\/small><\/span><\/a><span class=\"text-sep construction-modulaire_sort_sep\">\/<\/span><a href=\"#\" data-filter=\"construction-modulaire_sort\" class=\"construction-modulaire_sort_button\" ><span class=\"inner_sort_button\"><span>Construction Modulaire<\/span><small class=\"av-cat-count\"> 4 <\/small><\/span><\/a><\/div><\/div><\/div><div  class=' grid-sort-container isotope   no_margin-container with-title-container grid-total-even grid-col-4 grid-links-' data-portfolio-id='1'><div data-ajax-id='28550' class=' grid-entry flex_column isotope-item all_sort no_margin post-entry post-entry-28550 grid-entry-overview grid-loop-1 grid-parity-odd  construction-modulaire_sort  av_one_fourth first default_av_fullwidth '><article class='main_color inner-entry'  itemscope=\"itemscope\" itemtype=\"https:\/\/schema.org\/CreativeWork\" ><a href=\"https:\/\/www.europa-prefabri.com\/fr\/portfolio-item\/conteneurs-de-stockage\/\" title='Conteneurs de stockage'  data-rel='grid-1' class='grid-image avia-hover-fx'> <img decoding=\"async\" fetchpriority=\"high\" width=\"260\" height=\"185\" src=\"https:\/\/www.europa-prefabri.com\/wp-content\/uploads\/contenedor-europa-prefabri-260x185.png\" class=\"wp-image-12750 avia-img-lazy-loading-not-12750 attachment-portfolio_small size-portfolio_small wp-post-image\" alt=\"\" \/><\/a><div class='grid-content'><div class='avia-arrow'><\/div><header class=\"entry-content-header\" aria-label=\"Portfolio : Conteneurs de stockage\"><h3 class='grid-entry-title entry-title '  itemprop=\"headline\" ><a href='https:\/\/www.europa-prefabri.com\/fr\/portfolio-item\/conteneurs-de-stockage\/' title='Conteneurs de stockage'>Conteneurs de stockage<\/a><\/h3><\/header><\/div><footer class=\"entry-footer\"><\/footer><\/article><\/div><div data-ajax-id='28548' class=' grid-entry flex_column isotope-item all_sort no_margin post-entry post-entry-28548 grid-entry-overview grid-loop-2 grid-parity-even  construction-modulaire_sort  av_one_fourth  default_av_fullwidth '><article class='main_color inner-entry'  itemscope=\"itemscope\" itemtype=\"https:\/\/schema.org\/CreativeWork\" ><a href=\"https:\/\/www.europa-prefabri.com\/fr\/portfolio-item\/batiments-prefabriques\/\" title='B\u00e2timents pr\u00e9fabriqu\u00e9s'  data-rel='grid-1' class='grid-image avia-hover-fx'> <img decoding=\"async\" fetchpriority=\"high\" width=\"260\" height=\"185\" src=\"https:\/\/www.europa-prefabri.com\/wp-content\/uploads\/edificio-prefabricado-europa-prefabri-260x185.png\" class=\"wp-image-12762 avia-img-lazy-loading-not-12762 attachment-portfolio_small size-portfolio_small wp-post-image\" alt=\"\" \/><\/a><div class='grid-content'><div class='avia-arrow'><\/div><header class=\"entry-content-header\" aria-label=\"Portfolio : B\u00e2timents pr\u00e9fabriqu\u00e9s\"><h3 class='grid-entry-title entry-title '  itemprop=\"headline\" ><a href='https:\/\/www.europa-prefabri.com\/fr\/portfolio-item\/batiments-prefabriques\/' title='B\u00e2timents pr\u00e9fabriqu\u00e9s'>B\u00e2timents pr\u00e9fabriqu\u00e9s<\/a><\/h3><\/header><\/div><footer class=\"entry-footer\"><\/footer><\/article><\/div><div data-ajax-id='3117' class=' grid-entry flex_column isotope-item all_sort no_margin post-entry post-entry-3117 grid-entry-overview grid-loop-3 grid-parity-odd  construccion-modular_sort construction-modulaire_sort  av_one_fourth  default_av_fullwidth '><article class='main_color inner-entry'  itemscope=\"itemscope\" itemtype=\"https:\/\/schema.org\/CreativeWork\" ><a href=\"https:\/\/www.europa-prefabri.com\/fr\/portfolio-item\/bungalows-de-chantier\/\" title='Bungalows de chantier'  data-rel='grid-1' class='grid-image avia-hover-fx'> <img decoding=\"async\" fetchpriority=\"high\" width=\"260\" height=\"185\" src=\"https:\/\/www.europa-prefabri.com\/wp-content\/uploads\/caseta-de-obra-europa-prefabri-260x185.png\" class=\"wp-image-12746 avia-img-lazy-loading-not-12746 attachment-portfolio_small size-portfolio_small wp-post-image\" alt=\"Bungalows de chantier\" \/><\/a><div class='grid-content'><div class='avia-arrow'><\/div><header class=\"entry-content-header\" aria-label=\"Portfolio : Bungalows de chantier\"><h3 class='grid-entry-title entry-title '  itemprop=\"headline\" ><a href='https:\/\/www.europa-prefabri.com\/fr\/portfolio-item\/bungalows-de-chantier\/' title='Bungalows de chantier'>Bungalows de chantier<\/a><\/h3><\/header><\/div><footer class=\"entry-footer\"><\/footer><\/article><\/div><div data-ajax-id='3271' class=' grid-entry flex_column isotope-item all_sort no_margin post-entry post-entry-3271 grid-entry-overview grid-loop-4 grid-parity-even  post-entry-last  construction-modulaire_sort  av_one_fourth  default_av_fullwidth '><article class='main_color inner-entry'  itemscope=\"itemscope\" itemtype=\"https:\/\/schema.org\/CreativeWork\" ><a href=\"https:\/\/www.europa-prefabri.com\/fr\/portfolio-item\/bases-de-vie\/\" title='Bases de vie'  data-rel='grid-1' class='grid-image avia-hover-fx'> <img decoding=\"async\" fetchpriority=\"high\" width=\"260\" height=\"185\" src=\"https:\/\/www.europa-prefabri.com\/wp-content\/uploads\/IMAG1585_800x452-260x185.jpg\" class=\"wp-image-7810 avia-img-lazy-loading-not-7810 attachment-portfolio_small size-portfolio_small wp-post-image\" alt=\"campamento modular de oficinas en lagos nigeria\" \/><\/a><div class='grid-content'><div class='avia-arrow'><\/div><header class=\"entry-content-header\" aria-label=\"Portfolio : Bases de vie\"><h3 class='grid-entry-title entry-title '  itemprop=\"headline\" ><a href='https:\/\/www.europa-prefabri.com\/fr\/portfolio-item\/bases-de-vie\/' title='Bases de vie'>Bases de vie<\/a><\/h3><\/header><\/div><footer class=\"entry-footer\"><\/footer><\/article><\/div><\/div><\/div>   <!--   class=\"av-portfolio-grid-sorting-container\"  --><div class='pagination-wrap  '><nav class='pagination'><span class='pagination-meta'>Page 1 sur 2<\/span><span class='current'>1<\/span><a href='https:\/\/www.europa-prefabri.com\/fr\/wp-json\/wp\/v2\/portfolio\/3411\/?avia-element-paging=2' class='inactive next_page' >2<\/a><\/nav>\n<\/div><\/p><\/div><\/p>\n","protected":false},"excerpt":{"rendered":"","protected":false},"author":4,"featured_media":12738,"comment_status":"closed","ping_status":"closed","template":"","meta":{"footnotes":""},"tags":[],"portfolio_entries":[93],"class_list":["post-3411","portfolio","type-portfolio","status-publish","has-post-thumbnail","hentry","portfolio_entries-construction-modulaire"],"yoast_head":"<!-- This site is optimized with the Yoast SEO plugin v27.5 - https:\/\/yoast.com\/product\/yoast-seo-wordpress\/ -->\n<title>EUROPA PREFABRI offre des solutions modulaires comme l&#039;usage de gu\u00e9rites de s\u00e9curit\u00e9.<\/title>\n<meta name=\"description\" content=\"EUROPA PREFABRI gr\u00e2ce \u00e0 la versatilit\u00e9 de ses produits dessine et fabrique des gu\u00e9rites de s\u00e9curit\u00e9 et techniques avec des caract\u00e9ristiques sp\u00e9ciales pour le logement des \u00e9quipes de t\u00e9l\u00e9communication.\" \/>\n<meta name=\"robots\" content=\"index, follow, max-snippet:-1, max-image-preview:large, max-video-preview:-1\" \/>\n<link rel=\"canonical\" href=\"https:\/\/www.europa-prefabri.com\/fr\/portfolio-item\/guerites\/\" \/>\n<meta property=\"og:locale\" content=\"fr_FR\" \/>\n<meta property=\"og:type\" content=\"article\" \/>\n<meta property=\"og:title\" content=\"EUROPA PREFABRI offre des solutions modulaires comme l&#039;usage de gu\u00e9rites de s\u00e9curit\u00e9.\" \/>\n<meta property=\"og:description\" content=\"EUROPA PREFABRI gr\u00e2ce \u00e0 la versatilit\u00e9 de ses produits dessine et fabrique des gu\u00e9rites de s\u00e9curit\u00e9 et techniques avec des caract\u00e9ristiques sp\u00e9ciales pour le logement des \u00e9quipes de t\u00e9l\u00e9communication.\" \/>\n<meta property=\"og:url\" content=\"https:\/\/www.europa-prefabri.com\/fr\/portfolio-item\/guerites\/\" \/>\n<meta property=\"og:site_name\" content=\"Europa Prefabri | Alquiler y venta de construcciones modulares\" \/>\n<meta property=\"article:publisher\" content=\"https:\/\/www.facebook.com\/Europa-Prefabri-258328977572213\/\" \/>\n<meta property=\"article:modified_time\" content=\"2021-04-26T09:19:16+00:00\" \/>\n<meta property=\"og:image\" content=\"https:\/\/www.europa-prefabri.com\/wp-content\/uploads\/cabina-de-vigilancia-europa-prefabri.png\" \/>\n\t<meta property=\"og:image:width\" content=\"800\" \/>\n\t<meta property=\"og:image:height\" content=\"600\" \/>\n\t<meta property=\"og:image:type\" content=\"image\/png\" \/>\n<meta name=\"twitter:card\" content=\"summary_large_image\" \/>\n<meta name=\"twitter:site\" content=\"@EuropaPrefabri\" \/>\n<meta name=\"twitter:label1\" content=\"Est. reading time\" \/>\n\t<meta name=\"twitter:data1\" content=\"1 minute\" \/>\n<script type=\"application\/ld+json\" class=\"yoast-schema-graph\">{\"@context\":\"https:\\\/\\\/schema.org\",\"@graph\":[{\"@type\":\"WebPage\",\"@id\":\"https:\\\/\\\/www.europa-prefabri.com\\\/fr\\\/portfolio-item\\\/guerites\\\/\",\"url\":\"https:\\\/\\\/www.europa-prefabri.com\\\/fr\\\/portfolio-item\\\/guerites\\\/\",\"name\":\"EUROPA PREFABRI offre des solutions modulaires comme l'usage de gu\u00e9rites de s\u00e9curit\u00e9.\",\"isPartOf\":{\"@id\":\"https:\\\/\\\/www.europa-prefabri.com\\\/#website\"},\"primaryImageOfPage\":{\"@id\":\"https:\\\/\\\/www.europa-prefabri.com\\\/fr\\\/portfolio-item\\\/guerites\\\/#primaryimage\"},\"image\":{\"@id\":\"https:\\\/\\\/www.europa-prefabri.com\\\/fr\\\/portfolio-item\\\/guerites\\\/#primaryimage\"},\"thumbnailUrl\":\"https:\\\/\\\/www.europa-prefabri.com\\\/wp-content\\\/uploads\\\/cabina-de-vigilancia-europa-prefabri.png\",\"datePublished\":\"2013-11-23T10:37:58+00:00\",\"dateModified\":\"2021-04-26T09:19:16+00:00\",\"description\":\"EUROPA PREFABRI gr\u00e2ce \u00e0 la versatilit\u00e9 de ses produits dessine et fabrique des gu\u00e9rites de s\u00e9curit\u00e9 et techniques avec des caract\u00e9ristiques sp\u00e9ciales pour le logement des \u00e9quipes de t\u00e9l\u00e9communication.\",\"breadcrumb\":{\"@id\":\"https:\\\/\\\/www.europa-prefabri.com\\\/fr\\\/portfolio-item\\\/guerites\\\/#breadcrumb\"},\"inLanguage\":\"fr-FR\",\"potentialAction\":[{\"@type\":\"ReadAction\",\"target\":[\"https:\\\/\\\/www.europa-prefabri.com\\\/fr\\\/portfolio-item\\\/guerites\\\/\"]}]},{\"@type\":\"ImageObject\",\"inLanguage\":\"fr-FR\",\"@id\":\"https:\\\/\\\/www.europa-prefabri.com\\\/fr\\\/portfolio-item\\\/guerites\\\/#primaryimage\",\"url\":\"https:\\\/\\\/www.europa-prefabri.com\\\/wp-content\\\/uploads\\\/cabina-de-vigilancia-europa-prefabri.png\",\"contentUrl\":\"https:\\\/\\\/www.europa-prefabri.com\\\/wp-content\\\/uploads\\\/cabina-de-vigilancia-europa-prefabri.png\",\"width\":800,\"height\":600},{\"@type\":\"BreadcrumbList\",\"@id\":\"https:\\\/\\\/www.europa-prefabri.com\\\/fr\\\/portfolio-item\\\/guerites\\\/#breadcrumb\",\"itemListElement\":[{\"@type\":\"ListItem\",\"position\":1,\"name\":\"Portada\",\"item\":\"https:\\\/\\\/www.europa-prefabri.com\\\/fr\\\/\"},{\"@type\":\"ListItem\",\"position\":2,\"name\":\"Gu\u00e9rites\"}]},{\"@type\":\"WebSite\",\"@id\":\"https:\\\/\\\/www.europa-prefabri.com\\\/#website\",\"url\":\"https:\\\/\\\/www.europa-prefabri.com\\\/\",\"name\":\"Europa Prefabri | Alquiler y venta de construcciones modulares\",\"description\":\"Alquiler y venta de construcciones modulares, casetas de obra, marquesinas de aparcamiento y vallas y cerramientos.\",\"publisher\":{\"@id\":\"https:\\\/\\\/www.europa-prefabri.com\\\/#organization\"},\"potentialAction\":[{\"@type\":\"SearchAction\",\"target\":{\"@type\":\"EntryPoint\",\"urlTemplate\":\"https:\\\/\\\/www.europa-prefabri.com\\\/?s={search_term_string}\"},\"query-input\":{\"@type\":\"PropertyValueSpecification\",\"valueRequired\":true,\"valueName\":\"search_term_string\"}}],\"inLanguage\":\"fr-FR\"},{\"@type\":\"Organization\",\"@id\":\"https:\\\/\\\/www.europa-prefabri.com\\\/#organization\",\"name\":\"Prefabri S.L.\",\"url\":\"https:\\\/\\\/www.europa-prefabri.com\\\/\",\"logo\":{\"@type\":\"ImageObject\",\"inLanguage\":\"fr-FR\",\"@id\":\"https:\\\/\\\/www.europa-prefabri.com\\\/#\\\/schema\\\/logo\\\/image\\\/\",\"url\":\"https:\\\/\\\/www.europa-prefabri.com\\\/wp-content\\\/uploads\\\/EuropaPrefabri-Logo.jpg\",\"contentUrl\":\"https:\\\/\\\/www.europa-prefabri.com\\\/wp-content\\\/uploads\\\/EuropaPrefabri-Logo.jpg\",\"width\":752,\"height\":348,\"caption\":\"Prefabri S.L.\"},\"image\":{\"@id\":\"https:\\\/\\\/www.europa-prefabri.com\\\/#\\\/schema\\\/logo\\\/image\\\/\"},\"sameAs\":[\"https:\\\/\\\/www.facebook.com\\\/Europa-Prefabri-258328977572213\\\/\",\"https:\\\/\\\/x.com\\\/EuropaPrefabri\",\"https:\\\/\\\/www.instagram.com\\\/europaprefabri\\\/\",\"https:\\\/\\\/es.linkedin.com\\\/company\\\/europa-prefabri\",\"https:\\\/\\\/es.pinterest.com\\\/europaprefabri\\\/\",\"https:\\\/\\\/www.youtube.com\\\/user\\\/PrefabriSL\"]}]}<\/script>\n<!-- \/ Yoast SEO plugin. -->","yoast_head_json":{"title":"EUROPA PREFABRI offre des solutions modulaires comme l'usage de gu\u00e9rites de s\u00e9curit\u00e9.","description":"EUROPA PREFABRI gr\u00e2ce \u00e0 la versatilit\u00e9 de ses produits dessine et fabrique des gu\u00e9rites de s\u00e9curit\u00e9 et techniques avec des caract\u00e9ristiques sp\u00e9ciales pour le logement des \u00e9quipes de t\u00e9l\u00e9communication.","robots":{"index":"index","follow":"follow","max-snippet":"max-snippet:-1","max-image-preview":"max-image-preview:large","max-video-preview":"max-video-preview:-1"},"canonical":"https:\/\/www.europa-prefabri.com\/fr\/portfolio-item\/guerites\/","og_locale":"fr_FR","og_type":"article","og_title":"EUROPA PREFABRI offre des solutions modulaires comme l'usage de gu\u00e9rites de s\u00e9curit\u00e9.","og_description":"EUROPA PREFABRI gr\u00e2ce \u00e0 la versatilit\u00e9 de ses produits dessine et fabrique des gu\u00e9rites de s\u00e9curit\u00e9 et techniques avec des caract\u00e9ristiques sp\u00e9ciales pour le logement des \u00e9quipes de t\u00e9l\u00e9communication.","og_url":"https:\/\/www.europa-prefabri.com\/fr\/portfolio-item\/guerites\/","og_site_name":"Europa Prefabri | Alquiler y venta de construcciones modulares","article_publisher":"https:\/\/www.facebook.com\/Europa-Prefabri-258328977572213\/","article_modified_time":"2021-04-26T09:19:16+00:00","og_image":[{"width":800,"height":600,"url":"https:\/\/www.europa-prefabri.com\/wp-content\/uploads\/cabina-de-vigilancia-europa-prefabri.png","type":"image\/png"}],"twitter_card":"summary_large_image","twitter_site":"@EuropaPrefabri","twitter_misc":{"Est. reading time":"1 minute"},"schema":{"@context":"https:\/\/schema.org","@graph":[{"@type":"WebPage","@id":"https:\/\/www.europa-prefabri.com\/fr\/portfolio-item\/guerites\/","url":"https:\/\/www.europa-prefabri.com\/fr\/portfolio-item\/guerites\/","name":"EUROPA PREFABRI offre des solutions modulaires comme l'usage de gu\u00e9rites de s\u00e9curit\u00e9.","isPartOf":{"@id":"https:\/\/www.europa-prefabri.com\/#website"},"primaryImageOfPage":{"@id":"https:\/\/www.europa-prefabri.com\/fr\/portfolio-item\/guerites\/#primaryimage"},"image":{"@id":"https:\/\/www.europa-prefabri.com\/fr\/portfolio-item\/guerites\/#primaryimage"},"thumbnailUrl":"https:\/\/www.europa-prefabri.com\/wp-content\/uploads\/cabina-de-vigilancia-europa-prefabri.png","datePublished":"2013-11-23T10:37:58+00:00","dateModified":"2021-04-26T09:19:16+00:00","description":"EUROPA PREFABRI gr\u00e2ce \u00e0 la versatilit\u00e9 de ses produits dessine et fabrique des gu\u00e9rites de s\u00e9curit\u00e9 et techniques avec des caract\u00e9ristiques sp\u00e9ciales pour le logement des \u00e9quipes de t\u00e9l\u00e9communication.","breadcrumb":{"@id":"https:\/\/www.europa-prefabri.com\/fr\/portfolio-item\/guerites\/#breadcrumb"},"inLanguage":"fr-FR","potentialAction":[{"@type":"ReadAction","target":["https:\/\/www.europa-prefabri.com\/fr\/portfolio-item\/guerites\/"]}]},{"@type":"ImageObject","inLanguage":"fr-FR","@id":"https:\/\/www.europa-prefabri.com\/fr\/portfolio-item\/guerites\/#primaryimage","url":"https:\/\/www.europa-prefabri.com\/wp-content\/uploads\/cabina-de-vigilancia-europa-prefabri.png","contentUrl":"https:\/\/www.europa-prefabri.com\/wp-content\/uploads\/cabina-de-vigilancia-europa-prefabri.png","width":800,"height":600},{"@type":"BreadcrumbList","@id":"https:\/\/www.europa-prefabri.com\/fr\/portfolio-item\/guerites\/#breadcrumb","itemListElement":[{"@type":"ListItem","position":1,"name":"Portada","item":"https:\/\/www.europa-prefabri.com\/fr\/"},{"@type":"ListItem","position":2,"name":"Gu\u00e9rites"}]},{"@type":"WebSite","@id":"https:\/\/www.europa-prefabri.com\/#website","url":"https:\/\/www.europa-prefabri.com\/","name":"Europa Prefabri | Alquiler y venta de construcciones modulares","description":"Alquiler y venta de construcciones modulares, casetas de obra, marquesinas de aparcamiento y vallas y cerramientos.","publisher":{"@id":"https:\/\/www.europa-prefabri.com\/#organization"},"potentialAction":[{"@type":"SearchAction","target":{"@type":"EntryPoint","urlTemplate":"https:\/\/www.europa-prefabri.com\/?s={search_term_string}"},"query-input":{"@type":"PropertyValueSpecification","valueRequired":true,"valueName":"search_term_string"}}],"inLanguage":"fr-FR"},{"@type":"Organization","@id":"https:\/\/www.europa-prefabri.com\/#organization","name":"Prefabri S.L.","url":"https:\/\/www.europa-prefabri.com\/","logo":{"@type":"ImageObject","inLanguage":"fr-FR","@id":"https:\/\/www.europa-prefabri.com\/#\/schema\/logo\/image\/","url":"https:\/\/www.europa-prefabri.com\/wp-content\/uploads\/EuropaPrefabri-Logo.jpg","contentUrl":"https:\/\/www.europa-prefabri.com\/wp-content\/uploads\/EuropaPrefabri-Logo.jpg","width":752,"height":348,"caption":"Prefabri S.L."},"image":{"@id":"https:\/\/www.europa-prefabri.com\/#\/schema\/logo\/image\/"},"sameAs":["https:\/\/www.facebook.com\/Europa-Prefabri-258328977572213\/","https:\/\/x.com\/EuropaPrefabri","https:\/\/www.instagram.com\/europaprefabri\/","https:\/\/es.linkedin.com\/company\/europa-prefabri","https:\/\/es.pinterest.com\/europaprefabri\/","https:\/\/www.youtube.com\/user\/PrefabriSL"]}]}},"_links":{"self":[{"href":"https:\/\/www.europa-prefabri.com\/fr\/wp-json\/wp\/v2\/portfolio\/3411","targetHints":{"allow":["GET"]}}],"collection":[{"href":"https:\/\/www.europa-prefabri.com\/fr\/wp-json\/wp\/v2\/portfolio"}],"about":[{"href":"https:\/\/www.europa-prefabri.com\/fr\/wp-json\/wp\/v2\/types\/portfolio"}],"author":[{"embeddable":true,"href":"https:\/\/www.europa-prefabri.com\/fr\/wp-json\/wp\/v2\/users\/4"}],"replies":[{"embeddable":true,"href":"https:\/\/www.europa-prefabri.com\/fr\/wp-json\/wp\/v2\/comments?post=3411"}],"version-history":[{"count":0,"href":"https:\/\/www.europa-prefabri.com\/fr\/wp-json\/wp\/v2\/portfolio\/3411\/revisions"}],"wp:featuredmedia":[{"embeddable":true,"href":"https:\/\/www.europa-prefabri.com\/fr\/wp-json\/wp\/v2\/media\/12738"}],"wp:attachment":[{"href":"https:\/\/www.europa-prefabri.com\/fr\/wp-json\/wp\/v2\/media?parent=3411"}],"wp:term":[{"taxonomy":"post_tag","embeddable":true,"href":"https:\/\/www.europa-prefabri.com\/fr\/wp-json\/wp\/v2\/tags?post=3411"},{"taxonomy":"portfolio_entries","embeddable":true,"href":"https:\/\/www.europa-prefabri.com\/fr\/wp-json\/wp\/v2\/portfolio_entries?post=3411"}],"curies":[{"name":"wp","href":"https:\/\/api.w.org\/{rel}","templated":true}]}}