{"id":3300,"date":"2013-11-29T16:00:29","date_gmt":"2013-11-29T16:00:29","guid":{"rendered":"http:\/\/www.europa-prefabri.com\/?post_type=portfolio&#038;p=3300"},"modified":"2021-06-14T12:08:24","modified_gmt":"2021-06-14T10:08:24","slug":"industrie","status":"publish","type":"portfolio","link":"https:\/\/www.europa-prefabri.com\/fr\/portfolio-item\/industrie\/","title":{"rendered":"Entreprises \/ Industrie"},"content":{"rendered":"<div  class='flex_column av-av_one_third-2a9015ff38129c418a3f2eafba3e9512 av_one_third  avia-builder-el-0  el_before_av_two_third  avia-builder-el-first  first flex_column_div  '     ><section  class='av_textblock_section av-av_textblock-2de302bf1aa3cf4c9157dbe6f50ac7eb '   itemscope=\"itemscope\" itemtype=\"https:\/\/schema.org\/CreativeWork\" ><div class='avia_textblock'  itemprop=\"text\" ><p><strong>Europa Prefabri<\/strong> offre une grande vari\u00e9t\u00e9 de produits et services destin\u00e9s \u00e0 tout type d\u2019entreprise ou industrie.<\/p>\n<ul>\n<li>Fabrication et installation de centres de travail provisoires ou d\u00e9finitifs gr\u00e2ce \u00e0 des constructions pr\u00e9fabriqu\u00e9es totalement adaptables \u00e0 chaque projet et qui pr\u00e9sentent pour les entreprises de nombreux avantages : rapidit\u00e9 de fabrication et de montage, possibilit\u00e9 d\u2019agrandissement ou de r\u00e9duction selon les besoins de l\u2019entreprise, possibilit\u00e9 de le r\u00e9installer dans un autre emplacement, etc.<\/li>\n<li>Vente de modules pr\u00e9fabriqu\u00e9s, de cl\u00f4tures, de conteneurs de stockage, de gu\u00e9rites de s\u00e9curit\u00e9 et de sanitaires portables.<\/li>\n<li>Fabrication et montage d\u2019abris de parking : les classiques m\u00e9talliques mais \u00e9galement les nouvelles toitures textiles.<\/li>\n<li>Fabrication et installation de structures m\u00e9talliques, d\u2019hangars pr\u00e9fabriqu\u00e9s et d\u2019abris sp\u00e9cialement dessin\u00e9s sur mesure en fonction des diff\u00e9rents besoins de chaque entreprise.<\/li>\n<\/ul>\n<\/div><\/section><\/div>\n\n<style type=\"text\/css\" data-created_by=\"avia_inline_auto\" id=\"style-css-av-av_two_third-c8fc129dc35fd1ae2a1e410224d39ea8\">\n.flex_column.av-av_two_third-c8fc129dc35fd1ae2a1e410224d39ea8{\nborder-radius:0px 0px 0px 0px;\npadding:0px 0px 0px 0px;\n}\n<\/style>\n<div  class='flex_column av-av_two_third-c8fc129dc35fd1ae2a1e410224d39ea8 av_two_third  avia-builder-el-2  el_after_av_one_third  el_before_av_hr  flex_column_div av-zero-column-padding  '     ><p><div id='av-masonry-1' class='av-masonry av-av_masonry_gallery-eeea34fe88863140131e56f3820026ed noHover av-fixed-size av-1px-gap av-hover-overlay-active av-masonry-animation-active av-masonry-col-5 av-caption-always av-caption-style- av-masonry-gallery ' data-post_id=\"3300\"><div class=\"av-masonry-container isotope av-js-disabled\"><div class='av-masonry-entry isotope-item av-masonry-item-no-image '><\/div><a href=\"https:\/\/www.europa-prefabri.com\/wp-content\/uploads\/prefabricated-bank2.jpg\" data-srcset=\"https:\/\/www.europa-prefabri.com\/wp-content\/uploads\/prefabricated-bank2.jpg 800w, https:\/\/www.europa-prefabri.com\/wp-content\/uploads\/prefabricated-bank2-300x225.jpg 300w, https:\/\/www.europa-prefabri.com\/wp-content\/uploads\/prefabricated-bank2-705x529.jpg 705w, https:\/\/www.europa-prefabri.com\/wp-content\/uploads\/prefabricated-bank2-450x338.jpg 450w\" data-sizes=\"(max-width: 800px) 100vw, 800px\"  aria-label=\"image OLYMPUS DIGITAL CAMERA\"  id='av-masonry-1-item-7315' data-av-masonry-item='7315' class='av-masonry-entry isotope-item post-7315 attachment type-attachment status-inherit hentry  av-masonry-item-with-image' title=\"OLYMPUS DIGITAL CAMERA\" alt=\"\"    itemprop=\"thumbnailUrl\" ><div class='av-inner-masonry-sizer'><\/div><figure class='av-inner-masonry main_color'><div class=\"av-masonry-outerimage-container\"><div class='av-masonry-image-container' style=\"background-image: url(https:\/\/www.europa-prefabri.com\/wp-content\/uploads\/prefabricated-bank2-705x529.jpg);\"  title=\"OLYMPUS DIGITAL CAMERA\" ><\/div><\/div><\/figure><\/a><!--end av-masonry entry--><a href=\"https:\/\/www.europa-prefabri.com\/wp-content\/uploads\/oculta3.jpg\" data-srcset=\"https:\/\/www.europa-prefabri.com\/wp-content\/uploads\/oculta3.jpg 400w, https:\/\/www.europa-prefabri.com\/wp-content\/uploads\/oculta3-300x225.jpg 300w\" data-sizes=\"(max-width: 400px) 100vw, 400px\"  aria-label=\"image oculta\"  id='av-masonry-1-item-7312' data-av-masonry-item='7312' class='av-masonry-entry isotope-item post-7312 attachment type-attachment status-inherit hentry  av-masonry-item-with-image' title=\"oculta\" alt=\"\"    itemprop=\"thumbnailUrl\" ><div class='av-inner-masonry-sizer'><\/div><figure class='av-inner-masonry main_color'><div class=\"av-masonry-outerimage-container\"><div class='av-masonry-image-container' style=\"background-image: url(https:\/\/www.europa-prefabri.com\/wp-content\/uploads\/oculta3.jpg);\"  title=\"oculta\" ><\/div><\/div><\/figure><\/a><!--end av-masonry entry--><a href=\"https:\/\/www.europa-prefabri.com\/wp-content\/uploads\/120120091554_800x60012.jpg\" data-srcset=\"https:\/\/www.europa-prefabri.com\/wp-content\/uploads\/120120091554_800x60012.jpg 800w, https:\/\/www.europa-prefabri.com\/wp-content\/uploads\/120120091554_800x60012-300x225.jpg 300w, https:\/\/www.europa-prefabri.com\/wp-content\/uploads\/120120091554_800x60012-705x529.jpg 705w, https:\/\/www.europa-prefabri.com\/wp-content\/uploads\/120120091554_800x60012-450x338.jpg 450w\" data-sizes=\"(max-width: 800px) 100vw, 800px\"  aria-label=\"image 120120091554_800x6001\"  id='av-masonry-1-item-7294' data-av-masonry-item='7294' class='av-masonry-entry isotope-item post-7294 attachment type-attachment status-inherit hentry  av-masonry-item-with-image' title=\"120120091554_800x6001\" alt=\"\"    itemprop=\"thumbnailUrl\" ><div class='av-inner-masonry-sizer'><\/div><figure class='av-inner-masonry main_color'><div class=\"av-masonry-outerimage-container\"><div class='av-masonry-image-container' style=\"background-image: url(https:\/\/www.europa-prefabri.com\/wp-content\/uploads\/120120091554_800x60012-705x529.jpg);\"  title=\"120120091554_800x6001\" ><\/div><\/div><\/figure><\/a><!--end av-masonry entry--><a href=\"https:\/\/www.europa-prefabri.com\/wp-content\/uploads\/456_492224717515970_382625083_n2.jpg\" data-srcset=\"https:\/\/www.europa-prefabri.com\/wp-content\/uploads\/456_492224717515970_382625083_n2.jpg 800w, https:\/\/www.europa-prefabri.com\/wp-content\/uploads\/456_492224717515970_382625083_n2-300x225.jpg 300w, https:\/\/www.europa-prefabri.com\/wp-content\/uploads\/456_492224717515970_382625083_n2-705x529.jpg 705w, https:\/\/www.europa-prefabri.com\/wp-content\/uploads\/456_492224717515970_382625083_n2-450x338.jpg 450w\" data-sizes=\"(max-width: 800px) 100vw, 800px\"  aria-label=\"image 456_492224717515970_382625083_n\"  id='av-masonry-1-item-7279' data-av-masonry-item='7279' class='av-masonry-entry isotope-item post-7279 attachment type-attachment status-inherit hentry  av-masonry-item-with-image' title=\"456_492224717515970_382625083_n\" alt=\"\"    itemprop=\"thumbnailUrl\" ><div class='av-inner-masonry-sizer'><\/div><figure class='av-inner-masonry main_color'><div class=\"av-masonry-outerimage-container\"><div class='av-masonry-image-container' style=\"background-image: url(https:\/\/www.europa-prefabri.com\/wp-content\/uploads\/456_492224717515970_382625083_n2-705x529.jpg);\"  title=\"456_492224717515970_382625083_n\" ><\/div><\/div><\/figure><\/a><!--end av-masonry entry--><a href=\"https:\/\/www.europa-prefabri.com\/wp-content\/uploads\/112-1030x7722-1030x772.jpg\" data-srcset=\"https:\/\/www.europa-prefabri.com\/wp-content\/uploads\/112-1030x7722.jpg 1030w, https:\/\/www.europa-prefabri.com\/wp-content\/uploads\/112-1030x7722-300x225.jpg 300w, https:\/\/www.europa-prefabri.com\/wp-content\/uploads\/112-1030x7722-705x528.jpg 705w, https:\/\/www.europa-prefabri.com\/wp-content\/uploads\/112-1030x7722-450x337.jpg 450w\" data-sizes=\"(max-width: 1030px) 100vw, 1030px\"  aria-label=\"image 112-1030&#215;772\"  id='av-masonry-1-item-7276' data-av-masonry-item='7276' class='av-masonry-entry isotope-item post-7276 attachment type-attachment status-inherit hentry  av-masonry-item-with-image' title=\"112-1030&#215;772\" alt=\"\"    itemprop=\"thumbnailUrl\" ><div class='av-inner-masonry-sizer'><\/div><figure class='av-inner-masonry main_color'><div class=\"av-masonry-outerimage-container\"><div class='av-masonry-image-container' style=\"background-image: url(https:\/\/www.europa-prefabri.com\/wp-content\/uploads\/112-1030x7722-705x528.jpg);\"  title=\"112-1030&#215;772\" ><\/div><\/div><\/figure><\/a><!--end av-masonry entry--><a href=\"https:\/\/www.europa-prefabri.com\/wp-content\/uploads\/Stands-prefabricados-6_800x6002.jpg\" data-srcset=\"https:\/\/www.europa-prefabri.com\/wp-content\/uploads\/Stands-prefabricados-6_800x6002.jpg 800w, https:\/\/www.europa-prefabri.com\/wp-content\/uploads\/Stands-prefabricados-6_800x6002-300x225.jpg 300w, https:\/\/www.europa-prefabri.com\/wp-content\/uploads\/Stands-prefabricados-6_800x6002-705x529.jpg 705w, https:\/\/www.europa-prefabri.com\/wp-content\/uploads\/Stands-prefabricados-6_800x6002-450x338.jpg 450w\" data-sizes=\"(max-width: 800px) 100vw, 800px\"  aria-label=\"image Stands-prefabricados-6_800x600\"  id='av-masonry-1-item-7267' data-av-masonry-item='7267' class='av-masonry-entry isotope-item post-7267 attachment type-attachment status-inherit hentry  av-masonry-item-with-image' title=\"Stands-prefabricados-6_800x600\" alt=\"\"    itemprop=\"thumbnailUrl\" ><div class='av-inner-masonry-sizer'><\/div><figure class='av-inner-masonry main_color'><div class=\"av-masonry-outerimage-container\"><div class='av-masonry-image-container' style=\"background-image: url(https:\/\/www.europa-prefabri.com\/wp-content\/uploads\/Stands-prefabricados-6_800x6002-705x529.jpg);\"  title=\"Stands-prefabricados-6_800x600\" ><\/div><\/div><\/figure><\/a><!--end av-masonry entry--><a href=\"https:\/\/www.europa-prefabri.com\/wp-content\/uploads\/Stands-prefabricados-5_800x5362.jpg\" data-srcset=\"https:\/\/www.europa-prefabri.com\/wp-content\/uploads\/Stands-prefabricados-5_800x5362.jpg 800w, https:\/\/www.europa-prefabri.com\/wp-content\/uploads\/Stands-prefabricados-5_800x5362-300x201.jpg 300w, https:\/\/www.europa-prefabri.com\/wp-content\/uploads\/Stands-prefabricados-5_800x5362-705x472.jpg 705w, https:\/\/www.europa-prefabri.com\/wp-content\/uploads\/Stands-prefabricados-5_800x5362-450x302.jpg 450w\" data-sizes=\"(max-width: 800px) 100vw, 800px\"  aria-label=\"image Stands-prefabricados-5_800x536\"  id='av-masonry-1-item-7264' data-av-masonry-item='7264' class='av-masonry-entry isotope-item post-7264 attachment type-attachment status-inherit hentry  av-masonry-item-with-image' title=\"Stands-prefabricados-5_800x536\" alt=\"\"    itemprop=\"thumbnailUrl\" ><div class='av-inner-masonry-sizer'><\/div><figure class='av-inner-masonry main_color'><div class=\"av-masonry-outerimage-container\"><div class='av-masonry-image-container' style=\"background-image: url(https:\/\/www.europa-prefabri.com\/wp-content\/uploads\/Stands-prefabricados-5_800x5362-705x472.jpg);\"  title=\"Stands-prefabricados-5_800x536\" ><\/div><\/div><\/figure><\/a><!--end av-masonry entry--><a href=\"https:\/\/www.europa-prefabri.com\/wp-content\/uploads\/Stands-prefabricados-1_800x5982.jpg\" data-srcset=\"https:\/\/www.europa-prefabri.com\/wp-content\/uploads\/Stands-prefabricados-1_800x5982.jpg 800w, https:\/\/www.europa-prefabri.com\/wp-content\/uploads\/Stands-prefabricados-1_800x5982-300x224.jpg 300w, https:\/\/www.europa-prefabri.com\/wp-content\/uploads\/Stands-prefabricados-1_800x5982-705x527.jpg 705w, https:\/\/www.europa-prefabri.com\/wp-content\/uploads\/Stands-prefabricados-1_800x5982-450x336.jpg 450w\" data-sizes=\"(max-width: 800px) 100vw, 800px\"  aria-label=\"image Stands-prefabricados-1_800x598\"  id='av-masonry-1-item-7258' data-av-masonry-item='7258' class='av-masonry-entry isotope-item post-7258 attachment type-attachment status-inherit hentry  av-masonry-item-with-image' title=\"Stands-prefabricados-1_800x598\" alt=\"\"    itemprop=\"thumbnailUrl\" ><div class='av-inner-masonry-sizer'><\/div><figure class='av-inner-masonry main_color'><div class=\"av-masonry-outerimage-container\"><div class='av-masonry-image-container' style=\"background-image: url(https:\/\/www.europa-prefabri.com\/wp-content\/uploads\/Stands-prefabricados-1_800x5982-705x527.jpg);\"  title=\"Stands-prefabricados-1_800x598\" ><\/div><\/div><\/figure><\/a><!--end av-masonry entry--><a href=\"https:\/\/www.europa-prefabri.com\/wp-content\/uploads\/Stands-prefabricados-3_800x5982.jpg\" data-srcset=\"https:\/\/www.europa-prefabri.com\/wp-content\/uploads\/Stands-prefabricados-3_800x5982.jpg 800w, https:\/\/www.europa-prefabri.com\/wp-content\/uploads\/Stands-prefabricados-3_800x5982-300x224.jpg 300w, https:\/\/www.europa-prefabri.com\/wp-content\/uploads\/Stands-prefabricados-3_800x5982-705x527.jpg 705w, https:\/\/www.europa-prefabri.com\/wp-content\/uploads\/Stands-prefabricados-3_800x5982-450x336.jpg 450w\" data-sizes=\"(max-width: 800px) 100vw, 800px\"  aria-label=\"image Stands-prefabricados-3_800x598\"  id='av-masonry-1-item-7261' data-av-masonry-item='7261' class='av-masonry-entry isotope-item post-7261 attachment type-attachment status-inherit hentry  av-masonry-item-with-image' title=\"Stands-prefabricados-3_800x598\" alt=\"\"    itemprop=\"thumbnailUrl\" ><div class='av-inner-masonry-sizer'><\/div><figure class='av-inner-masonry main_color'><div class=\"av-masonry-outerimage-container\"><div class='av-masonry-image-container' style=\"background-image: url(https:\/\/www.europa-prefabri.com\/wp-content\/uploads\/Stands-prefabricados-3_800x5982-705x527.jpg);\"  title=\"Stands-prefabricados-3_800x598\" ><\/div><\/div><\/figure><\/a><!--end av-masonry entry--><a href=\"https:\/\/www.europa-prefabri.com\/wp-content\/uploads\/Portable-Toilets-1030x689.jpg\" data-srcset=\"https:\/\/www.europa-prefabri.com\/wp-content\/uploads\/Portable-Toilets.jpg 1030w, https:\/\/www.europa-prefabri.com\/wp-content\/uploads\/Portable-Toilets-300x201.jpg 300w, https:\/\/www.europa-prefabri.com\/wp-content\/uploads\/Portable-Toilets-705x472.jpg 705w, https:\/\/www.europa-prefabri.com\/wp-content\/uploads\/Portable-Toilets-450x301.jpg 450w\" data-sizes=\"(max-width: 1030px) 100vw, 1030px\"  aria-label=\"image Portable Toilets\"  id='av-masonry-1-item-7255' data-av-masonry-item='7255' class='av-masonry-entry isotope-item post-7255 attachment type-attachment status-inherit hentry  av-masonry-item-with-image' title=\"Portable Toilets\" alt=\"\"    itemprop=\"thumbnailUrl\" ><div class='av-inner-masonry-sizer'><\/div><figure class='av-inner-masonry main_color'><div class=\"av-masonry-outerimage-container\"><div class='av-masonry-image-container' style=\"background-image: url(https:\/\/www.europa-prefabri.com\/wp-content\/uploads\/Portable-Toilets-705x472.jpg);\"  title=\"Portable Toilets\" ><\/div><\/div><\/figure><\/a><!--end av-masonry entry--><a href=\"https:\/\/www.europa-prefabri.com\/wp-content\/uploads\/Foto-sanap-12_800x4792.jpg\" data-srcset=\"https:\/\/www.europa-prefabri.com\/wp-content\/uploads\/Foto-sanap-12_800x4792.jpg 800w, https:\/\/www.europa-prefabri.com\/wp-content\/uploads\/Foto-sanap-12_800x4792-300x180.jpg 300w, https:\/\/www.europa-prefabri.com\/wp-content\/uploads\/Foto-sanap-12_800x4792-705x422.jpg 705w, https:\/\/www.europa-prefabri.com\/wp-content\/uploads\/Foto-sanap-12_800x4792-450x269.jpg 450w\" data-sizes=\"(max-width: 800px) 100vw, 800px\"  aria-label=\"image Foto-sanap-12_800x479\"  id='av-masonry-1-item-7249' data-av-masonry-item='7249' class='av-masonry-entry isotope-item post-7249 attachment type-attachment status-inherit hentry  av-masonry-item-with-image' title=\"Foto-sanap-12_800x479\" alt=\"\"    itemprop=\"thumbnailUrl\" ><div class='av-inner-masonry-sizer'><\/div><figure class='av-inner-masonry main_color'><div class=\"av-masonry-outerimage-container\"><div class='av-masonry-image-container' style=\"background-image: url(https:\/\/www.europa-prefabri.com\/wp-content\/uploads\/Foto-sanap-12_800x4792-705x422.jpg);\"  title=\"Foto-sanap-12_800x479\" ><\/div><\/div><\/figure><\/a><!--end av-masonry entry--><a href=\"https:\/\/www.europa-prefabri.com\/wp-content\/uploads\/albergue-modular-prefabricado-1030x753.jpg\" data-srcset=\"https:\/\/www.europa-prefabri.com\/wp-content\/uploads\/albergue-modular-prefabricado-1030x753.jpg 1030w, https:\/\/www.europa-prefabri.com\/wp-content\/uploads\/albergue-modular-prefabricado-300x219.jpg 300w, https:\/\/www.europa-prefabri.com\/wp-content\/uploads\/albergue-modular-prefabricado-768x562.jpg 768w, https:\/\/www.europa-prefabri.com\/wp-content\/uploads\/albergue-modular-prefabricado-1500x1097.jpg 1500w, https:\/\/www.europa-prefabri.com\/wp-content\/uploads\/albergue-modular-prefabricado-705x516.jpg 705w, https:\/\/www.europa-prefabri.com\/wp-content\/uploads\/albergue-modular-prefabricado-450x329.jpg 450w, https:\/\/www.europa-prefabri.com\/wp-content\/uploads\/albergue-modular-prefabricado.jpg 1552w\" data-sizes=\"(max-width: 1030px) 100vw, 1030px\"  aria-label=\"image albergue-modular-prefabricado\"  id='av-masonry-1-item-23958' data-av-masonry-item='23958' class='av-masonry-entry isotope-item post-23958 attachment type-attachment status-inherit hentry  av-masonry-item-with-image' title=\"albergue-modular-prefabricado\" alt=\"construction modulaire pour Administrations Publiques\"    itemprop=\"thumbnailUrl\" ><div class='av-inner-masonry-sizer'><\/div><figure class='av-inner-masonry main_color'><div class=\"av-masonry-outerimage-container\"><div class='av-masonry-image-container' style=\"background-image: url(https:\/\/www.europa-prefabri.com\/wp-content\/uploads\/albergue-modular-prefabricado-705x516.jpg);\"  title=\"albergue-modular-prefabricado\" ><\/div><\/div><\/figure><\/a><!--end av-masonry entry--><a href=\"https:\/\/www.europa-prefabri.com\/wp-content\/uploads\/5-min.jpg\" data-srcset=\"https:\/\/www.europa-prefabri.com\/wp-content\/uploads\/5-min.jpg 481w, https:\/\/www.europa-prefabri.com\/wp-content\/uploads\/5-min-300x226.jpg 300w, https:\/\/www.europa-prefabri.com\/wp-content\/uploads\/5-min-450x339.jpg 450w\" data-sizes=\"(max-width: 481px) 100vw, 481px\"  aria-label=\"image marquesina-aparcamiento-alcampo\"  id='av-masonry-1-item-23026' data-av-masonry-item='23026' class='av-masonry-entry isotope-item post-23026 attachment type-attachment status-inherit hentry  av-masonry-item-with-image' title=\"marquesina-aparcamiento-alcampo\" alt=\"\"    itemprop=\"thumbnailUrl\" ><div class='av-inner-masonry-sizer'><\/div><figure class='av-inner-masonry main_color'><div class=\"av-masonry-outerimage-container\"><div class='av-masonry-image-container' style=\"background-image: url(https:\/\/www.europa-prefabri.com\/wp-content\/uploads\/5-min.jpg);\"  title=\"marquesina-aparcamiento-alcampo\" ><\/div><\/div><\/figure><\/a><!--end av-masonry entry--><a href=\"https:\/\/www.europa-prefabri.com\/wp-content\/uploads\/4-min.jpg\" data-srcset=\"https:\/\/www.europa-prefabri.com\/wp-content\/uploads\/4-min.jpg 459w, https:\/\/www.europa-prefabri.com\/wp-content\/uploads\/4-min-300x181.jpg 300w, https:\/\/www.europa-prefabri.com\/wp-content\/uploads\/4-min-450x272.jpg 450w\" data-sizes=\"(max-width: 459px) 100vw, 459px\"  aria-label=\"image marquesina-aparcamiento-carrefour\"  id='av-masonry-1-item-23023' data-av-masonry-item='23023' class='av-masonry-entry isotope-item post-23023 attachment type-attachment status-inherit hentry  av-masonry-item-with-image' title=\"marquesina-aparcamiento-carrefour\" alt=\"\"    itemprop=\"thumbnailUrl\" ><div class='av-inner-masonry-sizer'><\/div><figure class='av-inner-masonry main_color'><div class=\"av-masonry-outerimage-container\"><div class='av-masonry-image-container' style=\"background-image: url(https:\/\/www.europa-prefabri.com\/wp-content\/uploads\/4-min.jpg);\"  title=\"marquesina-aparcamiento-carrefour\" ><\/div><\/div><\/figure><\/a><!--end av-masonry entry--><a href=\"https:\/\/www.europa-prefabri.com\/wp-content\/uploads\/3-min.jpg\" data-srcset=\"https:\/\/www.europa-prefabri.com\/wp-content\/uploads\/3-min.jpg 466w, https:\/\/www.europa-prefabri.com\/wp-content\/uploads\/3-min-300x223.jpg 300w, https:\/\/www.europa-prefabri.com\/wp-content\/uploads\/3-min-450x334.jpg 450w\" data-sizes=\"(max-width: 466px) 100vw, 466px\"  aria-label=\"image marquesinas-aparcamiento-supermercado\"  id='av-masonry-1-item-23020' data-av-masonry-item='23020' class='av-masonry-entry isotope-item post-23020 attachment type-attachment status-inherit hentry  av-masonry-item-with-image' title=\"marquesinas-aparcamiento-supermercado\" alt=\"marquesina-parking\"    itemprop=\"thumbnailUrl\" ><div class='av-inner-masonry-sizer'><\/div><figure class='av-inner-masonry main_color'><div class=\"av-masonry-outerimage-container\"><div class='av-masonry-image-container' style=\"background-image: url(https:\/\/www.europa-prefabri.com\/wp-content\/uploads\/3-min.jpg);\"  title=\"marquesinas-aparcamiento-supermercado\" ><\/div><\/div><\/figure><\/a><!--end av-masonry entry--><a href=\"https:\/\/www.europa-prefabri.com\/wp-content\/uploads\/modulos-prefabricados-en-la-central-nuclear-de-cofrentes-e1523964013890.jpg\"  aria-label=\"image modulos prefabricados en la central nuclear de cofrentes\"  id='av-masonry-1-item-18881' data-av-masonry-item='18881' class='av-masonry-entry isotope-item post-18881 attachment type-attachment status-inherit hentry  av-masonry-item-with-image' title=\"modulos prefabricados en la central nuclear de cofrentes\" alt=\"bureaux prefabriques cofrentes\"    itemprop=\"thumbnailUrl\" ><div class='av-inner-masonry-sizer'><\/div><figure class='av-inner-masonry main_color'><div class=\"av-masonry-outerimage-container\"><div class='av-masonry-image-container' style=\"background-image: url(https:\/\/www.europa-prefabri.com\/wp-content\/uploads\/modulos-prefabricados-en-la-central-nuclear-de-cofrentes-705x475.jpg);\"  title=\"modulos prefabricados en la central nuclear de cofrentes\" ><\/div><\/div><\/figure><\/a><!--end av-masonry entry--><a href=\"https:\/\/www.europa-prefabri.com\/wp-content\/uploads\/IMG-20160617-WA0008-Copy.jpg\" data-srcset=\"https:\/\/www.europa-prefabri.com\/wp-content\/uploads\/IMG-20160617-WA0008-Copy.jpg 640w, https:\/\/www.europa-prefabri.com\/wp-content\/uploads\/IMG-20160617-WA0008-Copy-300x225.jpg 300w, https:\/\/www.europa-prefabri.com\/wp-content\/uploads\/IMG-20160617-WA0008-Copy-450x338.jpg 450w\" data-sizes=\"(max-width: 640px) 100vw, 640px\"  aria-label=\"image Ensemble modulaire de vestiaires pour la base navale \u00e0 Kota Kinabalu\"  id='av-masonry-1-item-10831' data-av-masonry-item='10831' class='av-masonry-entry isotope-item post-10831 attachment type-attachment status-inherit hentry  av-masonry-item-with-image' title=\"Ensemble modulaire de vestiaires pour la base navale \u00e0 Kota Kinabalu\" alt=\"ensemble modulaire de vestiaires pour la base navale\"    itemprop=\"thumbnailUrl\" ><div class='av-inner-masonry-sizer'><\/div><figure class='av-inner-masonry main_color'><div class=\"av-masonry-outerimage-container\"><div class='av-masonry-image-container' style=\"background-image: url(https:\/\/www.europa-prefabri.com\/wp-content\/uploads\/IMG-20160617-WA0008-Copy.jpg);\"  title=\"Ensemble modulaire de vestiaires pour la base navale \u00e0 Kota Kinabalu\" ><\/div><\/div><\/figure><\/a><!--end av-masonry entry--><a href=\"https:\/\/www.europa-prefabri.com\/wp-content\/uploads\/IMG-20150807-WA0016-Copy.jpg\" data-srcset=\"https:\/\/www.europa-prefabri.com\/wp-content\/uploads\/IMG-20150807-WA0016-Copy.jpg 800w, https:\/\/www.europa-prefabri.com\/wp-content\/uploads\/IMG-20150807-WA0016-Copy-300x169.jpg 300w, https:\/\/www.europa-prefabri.com\/wp-content\/uploads\/IMG-20150807-WA0016-Copy-705x397.jpg 705w, https:\/\/www.europa-prefabri.com\/wp-content\/uploads\/IMG-20150807-WA0016-Copy-450x253.jpg 450w\" data-sizes=\"(max-width: 800px) 100vw, 800px\"  aria-label=\"image IMG-20150807-WA0016 (Copy)\"  id='av-masonry-1-item-9150' data-av-masonry-item='9150' class='av-masonry-entry isotope-item post-9150 attachment type-attachment status-inherit hentry  av-masonry-item-with-image' title=\"IMG-20150807-WA0016 (Copy)\" alt=\"\"    itemprop=\"thumbnailUrl\" ><div class='av-inner-masonry-sizer'><\/div><figure class='av-inner-masonry main_color'><div class=\"av-masonry-outerimage-container\"><div class='av-masonry-image-container' style=\"background-image: url(https:\/\/www.europa-prefabri.com\/wp-content\/uploads\/IMG-20150807-WA0016-Copy-705x397.jpg);\"  title=\"IMG-20150807-WA0016 (Copy)\" ><\/div><\/div><\/figure><\/a><!--end av-masonry entry--><a href=\"https:\/\/www.europa-prefabri.com\/wp-content\/uploads\/20150603_125637-Copy.jpg\" data-srcset=\"https:\/\/www.europa-prefabri.com\/wp-content\/uploads\/20150603_125637-Copy.jpg 800w, https:\/\/www.europa-prefabri.com\/wp-content\/uploads\/20150603_125637-Copy-300x169.jpg 300w, https:\/\/www.europa-prefabri.com\/wp-content\/uploads\/20150603_125637-Copy-705x397.jpg 705w, https:\/\/www.europa-prefabri.com\/wp-content\/uploads\/20150603_125637-Copy-450x253.jpg 450w\" data-sizes=\"(max-width: 800px) 100vw, 800px\"  aria-label=\"image 20150603_125637 (Copy)\"  id='av-masonry-1-item-8905' data-av-masonry-item='8905' class='av-masonry-entry isotope-item post-8905 attachment type-attachment status-inherit hentry  av-masonry-item-with-image' title=\"20150603_125637 (Copy)\" alt=\"\"    itemprop=\"thumbnailUrl\" ><div class='av-inner-masonry-sizer'><\/div><figure class='av-inner-masonry main_color'><div class=\"av-masonry-outerimage-container\"><div class='av-masonry-image-container' style=\"background-image: url(https:\/\/www.europa-prefabri.com\/wp-content\/uploads\/20150603_125637-Copy-705x397.jpg);\"  title=\"20150603_125637 (Copy)\" ><\/div><\/div><\/figure><\/a><!--end av-masonry entry--><a href=\"https:\/\/www.europa-prefabri.com\/wp-content\/uploads\/IMAG1585_800x452.jpg\" data-srcset=\"https:\/\/www.europa-prefabri.com\/wp-content\/uploads\/IMAG1585_800x452.jpg 800w, https:\/\/www.europa-prefabri.com\/wp-content\/uploads\/IMAG1585_800x452-300x170.jpg 300w, https:\/\/www.europa-prefabri.com\/wp-content\/uploads\/IMAG1585_800x452-705x398.jpg 705w, https:\/\/www.europa-prefabri.com\/wp-content\/uploads\/IMAG1585_800x452-450x254.jpg 450w\" data-sizes=\"(max-width: 800px) 100vw, 800px\"  aria-label=\"image Campamento modular de oficinas en Lagos, Nigeria | Prefabri\"  id='av-masonry-1-item-7810' data-av-masonry-item='7810' class='av-masonry-entry isotope-item post-7810 attachment type-attachment status-inherit hentry  av-masonry-item-with-image' title=\"Campamento modular de oficinas en Lagos, Nigeria | Prefabri\" alt=\"campamento modular de oficinas en lagos nigeria\"    itemprop=\"thumbnailUrl\" ><div class='av-inner-masonry-sizer'><\/div><figure class='av-inner-masonry main_color'><div class=\"av-masonry-outerimage-container\"><div class='av-masonry-image-container' style=\"background-image: url(https:\/\/www.europa-prefabri.com\/wp-content\/uploads\/IMAG1585_800x452-705x398.jpg);\"  title=\"Campamento modular de oficinas en Lagos, Nigeria | Prefabri\" ><\/div><\/div><\/figure><\/a><!--end av-masonry entry--><a href=\"https:\/\/www.europa-prefabri.com\/wp-content\/uploads\/iphone4-185_800x600.jpg\" data-srcset=\"https:\/\/www.europa-prefabri.com\/wp-content\/uploads\/iphone4-185_800x600.jpg 800w, https:\/\/www.europa-prefabri.com\/wp-content\/uploads\/iphone4-185_800x600-300x225.jpg 300w, https:\/\/www.europa-prefabri.com\/wp-content\/uploads\/iphone4-185_800x600-705x529.jpg 705w, https:\/\/www.europa-prefabri.com\/wp-content\/uploads\/iphone4-185_800x600-450x338.jpg 450w\" data-sizes=\"(max-width: 800px) 100vw, 800px\"  aria-label=\"image iphone4 185_800x600\"  id='av-masonry-1-item-7575' data-av-masonry-item='7575' class='av-masonry-entry isotope-item post-7575 attachment type-attachment status-inherit hentry  av-masonry-item-with-image' title=\"iphone4 185_800x600\" alt=\"\"    itemprop=\"thumbnailUrl\" ><div class='av-inner-masonry-sizer'><\/div><figure class='av-inner-masonry main_color'><div class=\"av-masonry-outerimage-container\"><div class='av-masonry-image-container' style=\"background-image: url(https:\/\/www.europa-prefabri.com\/wp-content\/uploads\/iphone4-185_800x600-705x529.jpg);\"  title=\"iphone4 185_800x600\" ><\/div><\/div><\/figure><\/a><!--end av-masonry entry--><a href=\"https:\/\/www.europa-prefabri.com\/wp-content\/uploads\/EPSN0004_800x600.jpg\" data-srcset=\"https:\/\/www.europa-prefabri.com\/wp-content\/uploads\/EPSN0004_800x600.jpg 800w, https:\/\/www.europa-prefabri.com\/wp-content\/uploads\/EPSN0004_800x600-300x225.jpg 300w, https:\/\/www.europa-prefabri.com\/wp-content\/uploads\/EPSN0004_800x600-450x337.jpg 450w\" data-sizes=\"(max-width: 800px) 100vw, 800px\"  aria-label=\"image centro de salud\"  id='av-masonry-1-item-6749' data-av-masonry-item='6749' class='av-masonry-entry isotope-item post-6749 attachment type-attachment status-inherit hentry  av-masonry-item-with-image' title=\"centro de salud\" alt=\"\"    itemprop=\"thumbnailUrl\" ><div class='av-inner-masonry-sizer'><\/div><figure class='av-inner-masonry main_color'><div class=\"av-masonry-outerimage-container\"><div class='av-masonry-image-container' style=\"background-image: url(https:\/\/www.europa-prefabri.com\/wp-content\/uploads\/EPSN0004_800x600.jpg);\"  title=\"centro de salud\" ><\/div><\/div><\/figure><\/a><!--end av-masonry entry--><a href=\"https:\/\/www.europa-prefabri.com\/wp-content\/uploads\/Salas-de-venta-prefabricadas-5_800x600.jpg\" data-srcset=\"https:\/\/www.europa-prefabri.com\/wp-content\/uploads\/Salas-de-venta-prefabricadas-5_800x600.jpg 800w, https:\/\/www.europa-prefabri.com\/wp-content\/uploads\/Salas-de-venta-prefabricadas-5_800x600-300x225.jpg 300w, https:\/\/www.europa-prefabri.com\/wp-content\/uploads\/Salas-de-venta-prefabricadas-5_800x600-450x337.jpg 450w\" data-sizes=\"(max-width: 800px) 100vw, 800px\"  aria-label=\"image Salas de venta prefabricadas 5_800x600\"  id='av-masonry-1-item-12911' data-av-masonry-item='12911' class='av-masonry-entry isotope-item post-12911 attachment type-attachment status-inherit hentry  av-masonry-item-with-image' title=\"Salas de venta prefabricadas 5_800x600\" alt=\"\"    itemprop=\"thumbnailUrl\" ><div class='av-inner-masonry-sizer'><\/div><figure class='av-inner-masonry main_color'><div class=\"av-masonry-outerimage-container\"><div class='av-masonry-image-container' style=\"background-image: url(https:\/\/www.europa-prefabri.com\/wp-content\/uploads\/Salas-de-venta-prefabricadas-5_800x600.jpg);\"  title=\"Salas de venta prefabricadas 5_800x600\" ><\/div><\/div><\/figure><\/a><!--end av-masonry entry--><a href=\"https:\/\/www.europa-prefabri.com\/wp-content\/uploads\/untitled_800x600.jpg\" data-srcset=\"https:\/\/www.europa-prefabri.com\/wp-content\/uploads\/untitled_800x600.jpg 800w, https:\/\/www.europa-prefabri.com\/wp-content\/uploads\/untitled_800x600-300x225.jpg 300w, https:\/\/www.europa-prefabri.com\/wp-content\/uploads\/untitled_800x600-450x337.jpg 450w\" data-sizes=\"(max-width: 800px) 100vw, 800px\"  aria-label=\"image sala de ventas\"  id='av-masonry-1-item-12912' data-av-masonry-item='12912' class='av-masonry-entry isotope-item post-12912 attachment type-attachment status-inherit hentry  av-masonry-item-with-image' title=\"sala de ventas\" alt=\"\"    itemprop=\"thumbnailUrl\" ><div class='av-inner-masonry-sizer'><\/div><figure class='av-inner-masonry main_color'><div class=\"av-masonry-outerimage-container\"><div class='av-masonry-image-container' style=\"background-image: url(https:\/\/www.europa-prefabri.com\/wp-content\/uploads\/untitled_800x600.jpg);\"  title=\"sala de ventas\" ><\/div><\/div><\/figure><\/a><!--end av-masonry entry--><a href=\"https:\/\/www.europa-prefabri.com\/wp-content\/uploads\/Salas-de-venta-prefabricadas-4_800x600.jpeg\" data-srcset=\"https:\/\/www.europa-prefabri.com\/wp-content\/uploads\/Salas-de-venta-prefabricadas-4_800x600.jpeg 800w, https:\/\/www.europa-prefabri.com\/wp-content\/uploads\/Salas-de-venta-prefabricadas-4_800x600-300x225.jpeg 300w, https:\/\/www.europa-prefabri.com\/wp-content\/uploads\/Salas-de-venta-prefabricadas-4_800x600-450x337.jpeg 450w\" data-sizes=\"(max-width: 800px) 100vw, 800px\"  aria-label=\"image sala de ventas prefabricada\"  id='av-masonry-1-item-12910' data-av-masonry-item='12910' class='av-masonry-entry isotope-item post-12910 attachment type-attachment status-inherit hentry  av-masonry-item-with-image' title=\"sala de ventas prefabricada\" alt=\"\"    itemprop=\"thumbnailUrl\" ><div class='av-inner-masonry-sizer'><\/div><figure class='av-inner-masonry main_color'><div class=\"av-masonry-outerimage-container\"><div class='av-masonry-image-container' style=\"background-image: url(https:\/\/www.europa-prefabri.com\/wp-content\/uploads\/Salas-de-venta-prefabricadas-4_800x600.jpeg);\"  title=\"sala de ventas prefabricada\" ><\/div><\/div><\/figure><\/a><!--end av-masonry entry--><\/div><\/div><br \/>\n\n<style type=\"text\/css\" data-created_by=\"avia_inline_auto\" id=\"style-css-av-av_hr-4474f20d2389e2e5ecf918a02da5132e\">\n#top .hr.hr-invisible.av-av_hr-4474f20d2389e2e5ecf918a02da5132e{\nheight:50px;\n}\n<\/style>\n<div  class='hr av-av_hr-4474f20d2389e2e5ecf918a02da5132e hr-invisible  avia-builder-el-4  el_after_av_masonry_gallery  el_before_av_button  avia-builder-el-first '><span class='hr-inner '><span class=\"hr-inner-style\"><\/span><\/span><\/div><br \/>\n<div  class='avia-button-wrap av-av_button-caaa761be1e4247647f240e5cc98f302-wrap avia-button-center  avia-builder-el-5  el_after_av_hr  avia-builder-el-last '><a href='https:\/\/www.europa-prefabri.com\/fr\/produits\/'  class='avia-button av-av_button-caaa761be1e4247647f240e5cc98f302 av-link-btn avia-icon_select-no avia-size-medium avia-position-center avia-color-theme-color'  target=\"_blank\"  rel=\"noopener noreferrer\"  aria-label=\"Voir produits\"><span class='avia_iconbox_title' >Voir produits<\/span><\/a><\/div><\/p><\/div>\n<style type=\"text\/css\" data-created_by=\"avia_inline_auto\" id=\"style-css-av-av_hr-4474f20d2389e2e5ecf918a02da5132e\">\n#top .hr.hr-invisible.av-av_hr-4474f20d2389e2e5ecf918a02da5132e{\nheight:50px;\n}\n<\/style>\n<div  class='hr av-av_hr-4474f20d2389e2e5ecf918a02da5132e hr-invisible  avia-builder-el-6  el_after_av_two_third  el_before_av_partner '><span class='hr-inner '><span class=\"hr-inner-style\"><\/span><\/span><\/div><\/p>\n\n<style type=\"text\/css\" data-created_by=\"avia_inline_auto\" id=\"style-css-av-av_partner-5228c15e89bf7904e9b1a53358535836\">\n.avia-logo-element-container.av-av_partner-5228c15e89bf7904e9b1a53358535836 .av-partner-fake-img{\nbackground-size:cover;\n}\n<\/style>\n<div  class='avia-logo-element-container av-av_partner-5228c15e89bf7904e9b1a53358535836 avia-logo-slider avia-content-slider avia-smallarrow-slider avia-content-slider-active noHover avia-content-slider-even  avia-builder-el-7  el_after_av_hr  avia-builder-el-last  av-slideshow-ui av-control-default av-nav-arrows-visible av-nav-dots-visible av-no-slider-navigation av-slideshow-manual av-loop-once av-loop-manual-endless avia-content-slider1' data-slideshow-options=\"{&quot;animation&quot;:&quot;slide&quot;,&quot;autoplay&quot;:false,&quot;loop_autoplay&quot;:&quot;once&quot;,&quot;interval&quot;:5,&quot;loop_manual&quot;:&quot;manual-endless&quot;,&quot;autoplay_stopper&quot;:false,&quot;noNavigation&quot;:false,&quot;bg_slider&quot;:false,&quot;keep_padding&quot;:&quot;&quot;,&quot;hoverpause&quot;:false,&quot;show_slide_delay&quot;:0}\"><div class='avia-smallarrow-slider-heading  no-logo-slider-heading '><div class='new-special-heading'>&nbsp;<\/div><div class='avia-slideshow-arrows avia-slideshow-controls' ><a href='#prev' class='prev-slide  avia-svg-icon avia-font-svg_entypo-fontello' data-av_svg_icon='left-open-big' data-av_iconset='svg_entypo-fontello' tabindex='-1' title=\"Pr\u00e9c\u00e9dent\"><svg version=\"1.1\" xmlns=\"http:\/\/www.w3.org\/2000\/svg\" width=\"15\" height=\"32\" viewBox=\"0 0 15 32\" preserveAspectRatio=\"xMidYMid meet\" aria-labelledby='av-svg-title-1' aria-describedby='av-svg-desc-1' role=\"graphics-symbol\" aria-hidden=\"true\">\n<title id='av-svg-title-1'>Pr\u00e9c\u00e9dent<\/title>\n<desc id='av-svg-desc-1'>Pr\u00e9c\u00e9dent<\/desc>\n<path d=\"M14.464 27.84q0.832 0.832 0 1.536-0.832 0.832-1.536 0l-12.544-12.608q-0.768-0.768 0-1.6l12.544-12.608q0.704-0.832 1.536 0 0.832 0.704 0 1.536l-11.456 11.904z\"><\/path>\n<\/svg><span class='avia_hidden_link_text'>Pr\u00e9c\u00e9dent<\/span><\/a><a href='#next' class='next-slide  avia-svg-icon avia-font-svg_entypo-fontello' data-av_svg_icon='right-open-big' data-av_iconset='svg_entypo-fontello' tabindex='-1' title=\"Suivant\"><svg version=\"1.1\" xmlns=\"http:\/\/www.w3.org\/2000\/svg\" width=\"15\" height=\"32\" viewBox=\"0 0 15 32\" preserveAspectRatio=\"xMidYMid meet\" aria-labelledby='av-svg-title-2' aria-describedby='av-svg-desc-2' role=\"graphics-symbol\" aria-hidden=\"true\">\n<title id='av-svg-title-2'>Suivant<\/title>\n<desc id='av-svg-desc-2'>Suivant<\/desc>\n<path d=\"M0.416 27.84l11.456-11.84-11.456-11.904q-0.832-0.832 0-1.536 0.832-0.832 1.536 0l12.544 12.608q0.768 0.832 0 1.6l-12.544 12.608q-0.704 0.832-1.536 0-0.832-0.704 0-1.536z\"><\/path>\n<\/svg><span class='avia_hidden_link_text'>Suivant<\/span><\/a><\/div><\/div><div class=\"avia-content-slider-inner\"><div class=\"slide-entry-wrap\"><div  class='slide-entry av-av_partner_logo-e3f0f07a24593095d35e64b656da4ca6 flex_column no_margin av_one_eighth real-thumbnail post-entry slide-entry-overview slide-loop-1 slide-parity-odd  first'><span class='av-partner-fake-img' style='padding-bottom:100%; background-image:url(https:\/\/www.europa-prefabri.com\/wp-content\/uploads\/amazon-logo.jpg);'><\/span><\/div><div  class='slide-entry av-av_partner_logo-beebbaa96db7a0a50896017820ccc463 flex_column no_margin av_one_eighth real-thumbnail post-entry slide-entry-overview slide-loop-2 slide-parity-even  '><span class='av-partner-fake-img' style='padding-bottom:100%; background-image:url(https:\/\/www.europa-prefabri.com\/wp-content\/uploads\/24-repsol.jpg);'><\/span><\/div><div  class='slide-entry av-av_partner_logo-5d42d248d073496e355ccc4d076ae609 flex_column no_margin av_one_eighth real-thumbnail post-entry slide-entry-overview slide-loop-3 slide-parity-odd  '><span class='av-partner-fake-img' style='padding-bottom:100%; background-image:url(https:\/\/www.europa-prefabri.com\/wp-content\/uploads\/18-ikea.jpg);'><\/span><\/div><div  class='slide-entry av-av_partner_logo-6893e8230a707504449e861eebe34e04 flex_column no_margin av_one_eighth real-thumbnail post-entry slide-entry-overview slide-loop-4 slide-parity-even  '><span class='av-partner-fake-img' style='padding-bottom:100%; background-image:url(https:\/\/www.europa-prefabri.com\/wp-content\/uploads\/16-airbus.jpg);'><\/span><\/div><div  class='slide-entry av-av_partner_logo-b624b6dcf7e388aaecb5eae389fd5c58 flex_column no_margin av_one_eighth real-thumbnail post-entry slide-entry-overview slide-loop-5 slide-parity-odd  '><span class='av-partner-fake-img' style='padding-bottom:100%; background-image:url(https:\/\/www.europa-prefabri.com\/wp-content\/uploads\/10-lafarge.jpg);'><\/span><\/div><div  class='slide-entry av-av_partner_logo-058a49067b0ef5608609cd9ecc786f2d flex_column no_margin av_one_eighth real-thumbnail post-entry slide-entry-overview slide-loop-6 slide-parity-even  '><span class='av-partner-fake-img' style='padding-bottom:100%; background-image:url(https:\/\/www.europa-prefabri.com\/wp-content\/uploads\/20-adif.jpg);'><\/span><\/div><div  class='slide-entry av-av_partner_logo-2e543fffd9eff3f8684cbf91fa0846b1 flex_column no_margin av_one_eighth real-thumbnail post-entry slide-entry-overview slide-loop-7 slide-parity-odd  '><span class='av-partner-fake-img' style='padding-bottom:100%; background-image:url(https:\/\/www.europa-prefabri.com\/wp-content\/uploads\/3-fcc.png);'><\/span><\/div><div  class='slide-entry av-av_partner_logo-eadbb510399e0b97c5a5ec7faa358eec flex_column no_margin av_one_eighth real-thumbnail post-entry slide-entry-overview slide-loop-8 slide-parity-even  '><span class='av-partner-fake-img' style='padding-bottom:100%; background-image:url(https:\/\/www.europa-prefabri.com\/wp-content\/uploads\/lidl-logo.jpg);'><\/span><\/div><\/div><div class=\"slide-entry-wrap\"><div  class='slide-entry av-av_partner_logo-b04ffbd4071fc2a7e78392874d9b0d30 flex_column no_margin av_one_eighth real-thumbnail post-entry slide-entry-overview slide-loop-9 slide-parity-odd post-entry-last first'><span class='av-partner-fake-img' style='padding-bottom:100%; background-image:url(https:\/\/www.europa-prefabri.com\/wp-content\/uploads\/5-eiffage.jpg);'><\/span><\/div><\/div><\/div><\/div>\n","protected":false},"excerpt":{"rendered":"","protected":false},"author":4,"featured_media":3163,"comment_status":"closed","ping_status":"closed","template":"","meta":{"footnotes":""},"tags":[],"portfolio_entries":[100],"class_list":["post-3300","portfolio","type-portfolio","status-publish","has-post-thumbnail","hentry","portfolio_entries-secteurs-fr"],"yoast_head":"<!-- This site is optimized with the Yoast SEO plugin v27.5 - https:\/\/yoast.com\/product\/yoast-seo-wordpress\/ -->\n<title>EUROPA PREFABRI offre des solutions pour tout type d&#039;entreprises en fabriquant des modules \u00e0 divers usages.<\/title>\n<meta name=\"description\" content=\"EUROPA PREFABRI, selon les besoins de chaque client, dessine et fabrique tout type de modules tels que des bureaux de chantier, sanitaires portables, gu\u00e9rites, vestiares, etc.\" \/>\n<meta name=\"robots\" content=\"index, follow, max-snippet:-1, max-image-preview:large, max-video-preview:-1\" \/>\n<link rel=\"canonical\" href=\"https:\/\/www.europa-prefabri.com\/fr\/portfolio-item\/industrie\/\" \/>\n<meta property=\"og:locale\" content=\"fr_FR\" \/>\n<meta property=\"og:type\" content=\"article\" \/>\n<meta property=\"og:title\" content=\"EUROPA PREFABRI offre des solutions pour tout type d&#039;entreprises en fabriquant des modules \u00e0 divers usages.\" \/>\n<meta property=\"og:description\" content=\"EUROPA PREFABRI, selon les besoins de chaque client, dessine et fabrique tout type de modules tels que des bureaux de chantier, sanitaires portables, gu\u00e9rites, vestiares, etc.\" \/>\n<meta property=\"og:url\" content=\"https:\/\/www.europa-prefabri.com\/fr\/portfolio-item\/industrie\/\" \/>\n<meta property=\"og:site_name\" content=\"Europa Prefabri | Alquiler y venta de construcciones modulares\" \/>\n<meta property=\"article:publisher\" content=\"https:\/\/www.facebook.com\/Europa-Prefabri-258328977572213\/\" \/>\n<meta property=\"article:modified_time\" content=\"2021-06-14T10:08:24+00:00\" \/>\n<meta property=\"og:image\" content=\"https:\/\/www.europa-prefabri.com\/wp-content\/uploads\/Oficinas-modulares-6_800x479.jpg\" \/>\n\t<meta property=\"og:image:width\" content=\"800\" \/>\n\t<meta property=\"og:image:height\" content=\"479\" \/>\n\t<meta property=\"og:image:type\" content=\"image\/jpeg\" \/>\n<meta name=\"twitter:card\" content=\"summary_large_image\" \/>\n<meta name=\"twitter:site\" content=\"@EuropaPrefabri\" \/>\n<meta name=\"twitter:label1\" content=\"Est. reading time\" \/>\n\t<meta name=\"twitter:data1\" content=\"2 minutes\" \/>\n<script type=\"application\/ld+json\" class=\"yoast-schema-graph\">{\"@context\":\"https:\\\/\\\/schema.org\",\"@graph\":[{\"@type\":\"WebPage\",\"@id\":\"https:\\\/\\\/www.europa-prefabri.com\\\/fr\\\/portfolio-item\\\/industrie\\\/\",\"url\":\"https:\\\/\\\/www.europa-prefabri.com\\\/fr\\\/portfolio-item\\\/industrie\\\/\",\"name\":\"EUROPA PREFABRI offre des solutions pour tout type d'entreprises en fabriquant des modules \u00e0 divers usages.\",\"isPartOf\":{\"@id\":\"https:\\\/\\\/www.europa-prefabri.com\\\/#website\"},\"primaryImageOfPage\":{\"@id\":\"https:\\\/\\\/www.europa-prefabri.com\\\/fr\\\/portfolio-item\\\/industrie\\\/#primaryimage\"},\"image\":{\"@id\":\"https:\\\/\\\/www.europa-prefabri.com\\\/fr\\\/portfolio-item\\\/industrie\\\/#primaryimage\"},\"thumbnailUrl\":\"https:\\\/\\\/www.europa-prefabri.com\\\/wp-content\\\/uploads\\\/Oficinas-modulares-6_800x479.jpg\",\"datePublished\":\"2013-11-29T16:00:29+00:00\",\"dateModified\":\"2021-06-14T10:08:24+00:00\",\"description\":\"EUROPA PREFABRI, selon les besoins de chaque client, dessine et fabrique tout type de modules tels que des bureaux de chantier, sanitaires portables, gu\u00e9rites, vestiares, etc.\",\"breadcrumb\":{\"@id\":\"https:\\\/\\\/www.europa-prefabri.com\\\/fr\\\/portfolio-item\\\/industrie\\\/#breadcrumb\"},\"inLanguage\":\"fr-FR\",\"potentialAction\":[{\"@type\":\"ReadAction\",\"target\":[\"https:\\\/\\\/www.europa-prefabri.com\\\/fr\\\/portfolio-item\\\/industrie\\\/\"]}]},{\"@type\":\"ImageObject\",\"inLanguage\":\"fr-FR\",\"@id\":\"https:\\\/\\\/www.europa-prefabri.com\\\/fr\\\/portfolio-item\\\/industrie\\\/#primaryimage\",\"url\":\"https:\\\/\\\/www.europa-prefabri.com\\\/wp-content\\\/uploads\\\/Oficinas-modulares-6_800x479.jpg\",\"contentUrl\":\"https:\\\/\\\/www.europa-prefabri.com\\\/wp-content\\\/uploads\\\/Oficinas-modulares-6_800x479.jpg\",\"width\":800,\"height\":479},{\"@type\":\"BreadcrumbList\",\"@id\":\"https:\\\/\\\/www.europa-prefabri.com\\\/fr\\\/portfolio-item\\\/industrie\\\/#breadcrumb\",\"itemListElement\":[{\"@type\":\"ListItem\",\"position\":1,\"name\":\"Portada\",\"item\":\"https:\\\/\\\/www.europa-prefabri.com\\\/fr\\\/\"},{\"@type\":\"ListItem\",\"position\":2,\"name\":\"Entreprises \\\/ Industrie\"}]},{\"@type\":\"WebSite\",\"@id\":\"https:\\\/\\\/www.europa-prefabri.com\\\/#website\",\"url\":\"https:\\\/\\\/www.europa-prefabri.com\\\/\",\"name\":\"Europa Prefabri | Alquiler y venta de construcciones modulares\",\"description\":\"Alquiler y venta de construcciones modulares, casetas de obra, marquesinas de aparcamiento y vallas y cerramientos.\",\"publisher\":{\"@id\":\"https:\\\/\\\/www.europa-prefabri.com\\\/#organization\"},\"potentialAction\":[{\"@type\":\"SearchAction\",\"target\":{\"@type\":\"EntryPoint\",\"urlTemplate\":\"https:\\\/\\\/www.europa-prefabri.com\\\/?s={search_term_string}\"},\"query-input\":{\"@type\":\"PropertyValueSpecification\",\"valueRequired\":true,\"valueName\":\"search_term_string\"}}],\"inLanguage\":\"fr-FR\"},{\"@type\":\"Organization\",\"@id\":\"https:\\\/\\\/www.europa-prefabri.com\\\/#organization\",\"name\":\"Prefabri S.L.\",\"url\":\"https:\\\/\\\/www.europa-prefabri.com\\\/\",\"logo\":{\"@type\":\"ImageObject\",\"inLanguage\":\"fr-FR\",\"@id\":\"https:\\\/\\\/www.europa-prefabri.com\\\/#\\\/schema\\\/logo\\\/image\\\/\",\"url\":\"https:\\\/\\\/www.europa-prefabri.com\\\/wp-content\\\/uploads\\\/EuropaPrefabri-Logo.jpg\",\"contentUrl\":\"https:\\\/\\\/www.europa-prefabri.com\\\/wp-content\\\/uploads\\\/EuropaPrefabri-Logo.jpg\",\"width\":752,\"height\":348,\"caption\":\"Prefabri S.L.\"},\"image\":{\"@id\":\"https:\\\/\\\/www.europa-prefabri.com\\\/#\\\/schema\\\/logo\\\/image\\\/\"},\"sameAs\":[\"https:\\\/\\\/www.facebook.com\\\/Europa-Prefabri-258328977572213\\\/\",\"https:\\\/\\\/x.com\\\/EuropaPrefabri\",\"https:\\\/\\\/www.instagram.com\\\/europaprefabri\\\/\",\"https:\\\/\\\/es.linkedin.com\\\/company\\\/europa-prefabri\",\"https:\\\/\\\/es.pinterest.com\\\/europaprefabri\\\/\",\"https:\\\/\\\/www.youtube.com\\\/user\\\/PrefabriSL\"]}]}<\/script>\n<!-- \/ Yoast SEO plugin. -->","yoast_head_json":{"title":"EUROPA PREFABRI offre des solutions pour tout type d'entreprises en fabriquant des modules \u00e0 divers usages.","description":"EUROPA PREFABRI, selon les besoins de chaque client, dessine et fabrique tout type de modules tels que des bureaux de chantier, sanitaires portables, gu\u00e9rites, vestiares, etc.","robots":{"index":"index","follow":"follow","max-snippet":"max-snippet:-1","max-image-preview":"max-image-preview:large","max-video-preview":"max-video-preview:-1"},"canonical":"https:\/\/www.europa-prefabri.com\/fr\/portfolio-item\/industrie\/","og_locale":"fr_FR","og_type":"article","og_title":"EUROPA PREFABRI offre des solutions pour tout type d'entreprises en fabriquant des modules \u00e0 divers usages.","og_description":"EUROPA PREFABRI, selon les besoins de chaque client, dessine et fabrique tout type de modules tels que des bureaux de chantier, sanitaires portables, gu\u00e9rites, vestiares, etc.","og_url":"https:\/\/www.europa-prefabri.com\/fr\/portfolio-item\/industrie\/","og_site_name":"Europa Prefabri | Alquiler y venta de construcciones modulares","article_publisher":"https:\/\/www.facebook.com\/Europa-Prefabri-258328977572213\/","article_modified_time":"2021-06-14T10:08:24+00:00","og_image":[{"width":800,"height":479,"url":"https:\/\/www.europa-prefabri.com\/wp-content\/uploads\/Oficinas-modulares-6_800x479.jpg","type":"image\/jpeg"}],"twitter_card":"summary_large_image","twitter_site":"@EuropaPrefabri","twitter_misc":{"Est. reading time":"2 minutes"},"schema":{"@context":"https:\/\/schema.org","@graph":[{"@type":"WebPage","@id":"https:\/\/www.europa-prefabri.com\/fr\/portfolio-item\/industrie\/","url":"https:\/\/www.europa-prefabri.com\/fr\/portfolio-item\/industrie\/","name":"EUROPA PREFABRI offre des solutions pour tout type d'entreprises en fabriquant des modules \u00e0 divers usages.","isPartOf":{"@id":"https:\/\/www.europa-prefabri.com\/#website"},"primaryImageOfPage":{"@id":"https:\/\/www.europa-prefabri.com\/fr\/portfolio-item\/industrie\/#primaryimage"},"image":{"@id":"https:\/\/www.europa-prefabri.com\/fr\/portfolio-item\/industrie\/#primaryimage"},"thumbnailUrl":"https:\/\/www.europa-prefabri.com\/wp-content\/uploads\/Oficinas-modulares-6_800x479.jpg","datePublished":"2013-11-29T16:00:29+00:00","dateModified":"2021-06-14T10:08:24+00:00","description":"EUROPA PREFABRI, selon les besoins de chaque client, dessine et fabrique tout type de modules tels que des bureaux de chantier, sanitaires portables, gu\u00e9rites, vestiares, etc.","breadcrumb":{"@id":"https:\/\/www.europa-prefabri.com\/fr\/portfolio-item\/industrie\/#breadcrumb"},"inLanguage":"fr-FR","potentialAction":[{"@type":"ReadAction","target":["https:\/\/www.europa-prefabri.com\/fr\/portfolio-item\/industrie\/"]}]},{"@type":"ImageObject","inLanguage":"fr-FR","@id":"https:\/\/www.europa-prefabri.com\/fr\/portfolio-item\/industrie\/#primaryimage","url":"https:\/\/www.europa-prefabri.com\/wp-content\/uploads\/Oficinas-modulares-6_800x479.jpg","contentUrl":"https:\/\/www.europa-prefabri.com\/wp-content\/uploads\/Oficinas-modulares-6_800x479.jpg","width":800,"height":479},{"@type":"BreadcrumbList","@id":"https:\/\/www.europa-prefabri.com\/fr\/portfolio-item\/industrie\/#breadcrumb","itemListElement":[{"@type":"ListItem","position":1,"name":"Portada","item":"https:\/\/www.europa-prefabri.com\/fr\/"},{"@type":"ListItem","position":2,"name":"Entreprises \/ Industrie"}]},{"@type":"WebSite","@id":"https:\/\/www.europa-prefabri.com\/#website","url":"https:\/\/www.europa-prefabri.com\/","name":"Europa Prefabri | Alquiler y venta de construcciones modulares","description":"Alquiler y venta de construcciones modulares, casetas de obra, marquesinas de aparcamiento y vallas y cerramientos.","publisher":{"@id":"https:\/\/www.europa-prefabri.com\/#organization"},"potentialAction":[{"@type":"SearchAction","target":{"@type":"EntryPoint","urlTemplate":"https:\/\/www.europa-prefabri.com\/?s={search_term_string}"},"query-input":{"@type":"PropertyValueSpecification","valueRequired":true,"valueName":"search_term_string"}}],"inLanguage":"fr-FR"},{"@type":"Organization","@id":"https:\/\/www.europa-prefabri.com\/#organization","name":"Prefabri S.L.","url":"https:\/\/www.europa-prefabri.com\/","logo":{"@type":"ImageObject","inLanguage":"fr-FR","@id":"https:\/\/www.europa-prefabri.com\/#\/schema\/logo\/image\/","url":"https:\/\/www.europa-prefabri.com\/wp-content\/uploads\/EuropaPrefabri-Logo.jpg","contentUrl":"https:\/\/www.europa-prefabri.com\/wp-content\/uploads\/EuropaPrefabri-Logo.jpg","width":752,"height":348,"caption":"Prefabri S.L."},"image":{"@id":"https:\/\/www.europa-prefabri.com\/#\/schema\/logo\/image\/"},"sameAs":["https:\/\/www.facebook.com\/Europa-Prefabri-258328977572213\/","https:\/\/x.com\/EuropaPrefabri","https:\/\/www.instagram.com\/europaprefabri\/","https:\/\/es.linkedin.com\/company\/europa-prefabri","https:\/\/es.pinterest.com\/europaprefabri\/","https:\/\/www.youtube.com\/user\/PrefabriSL"]}]}},"_links":{"self":[{"href":"https:\/\/www.europa-prefabri.com\/fr\/wp-json\/wp\/v2\/portfolio\/3300","targetHints":{"allow":["GET"]}}],"collection":[{"href":"https:\/\/www.europa-prefabri.com\/fr\/wp-json\/wp\/v2\/portfolio"}],"about":[{"href":"https:\/\/www.europa-prefabri.com\/fr\/wp-json\/wp\/v2\/types\/portfolio"}],"author":[{"embeddable":true,"href":"https:\/\/www.europa-prefabri.com\/fr\/wp-json\/wp\/v2\/users\/4"}],"replies":[{"embeddable":true,"href":"https:\/\/www.europa-prefabri.com\/fr\/wp-json\/wp\/v2\/comments?post=3300"}],"version-history":[{"count":0,"href":"https:\/\/www.europa-prefabri.com\/fr\/wp-json\/wp\/v2\/portfolio\/3300\/revisions"}],"wp:featuredmedia":[{"embeddable":true,"href":"https:\/\/www.europa-prefabri.com\/fr\/wp-json\/wp\/v2\/media\/3163"}],"wp:attachment":[{"href":"https:\/\/www.europa-prefabri.com\/fr\/wp-json\/wp\/v2\/media?parent=3300"}],"wp:term":[{"taxonomy":"post_tag","embeddable":true,"href":"https:\/\/www.europa-prefabri.com\/fr\/wp-json\/wp\/v2\/tags?post=3300"},{"taxonomy":"portfolio_entries","embeddable":true,"href":"https:\/\/www.europa-prefabri.com\/fr\/wp-json\/wp\/v2\/portfolio_entries?post=3300"}],"curies":[{"name":"wp","href":"https:\/\/api.w.org\/{rel}","templated":true}]}}