{"id":3271,"date":"2013-11-28T13:52:07","date_gmt":"2013-11-28T13:52:07","guid":{"rendered":"http:\/\/www.europa-prefabri.com\/?post_type=portfolio&#038;p=3271"},"modified":"2021-04-23T13:24:34","modified_gmt":"2021-04-23T11:24:34","slug":"bases-de-vie","status":"publish","type":"portfolio","link":"https:\/\/www.europa-prefabri.com\/fr\/portfolio-item\/bases-de-vie\/","title":{"rendered":"Bases de vie"},"content":{"rendered":"<div  class='flex_column av-av_two_third-2a9015ff38129c418a3f2eafba3e9512 av_two_third  avia-builder-el-0  el_before_av_one_third  avia-builder-el-first  first flex_column_div  '     ><style type=\"text\/css\" data-created_by=\"avia_inline_auto\" id=\"style-css-av-av_gallery-a2a1f786a7d4683f936468f2e3d36b33\">\n#top .avia-gallery.av-av_gallery-a2a1f786a7d4683f936468f2e3d36b33 .avia-gallery-thumb a{\nwidth:8.3333%;\n}\n<\/style>\n<div  class='avia-gallery av-av_gallery-a2a1f786a7d4683f936468f2e3d36b33 avia_animate_when_visible  avia-builder-el-1  avia-builder-el-no-sibling  avia_lazyload av-slideshow-ui av-loop-manual-endless av-control-hidden av-navigate-arrows av-navigate-dots hover-effect av-control-hidden avia-gallery-animate avia-gallery-1'  itemprop=\"image\" itemscope=\"itemscope\" itemtype=\"https:\/\/schema.org\/ImageObject\" ><meta itemprop=\"contentURL\" content=\"https:\/\/www.europa-prefabri.com\/fr\/portfolio-item\/bases-de-vie\/\"><div class='avia-gallery-big-wrapper'><a class='avia-gallery-big fakeLightbox lightbox avia-gallery-big-crop-thumb ' href=\"https:\/\/www.europa-prefabri.com\/wp-content\/uploads\/IMAG1585_800x452.jpg\" data-srcset=\"https:\/\/www.europa-prefabri.com\/wp-content\/uploads\/IMAG1585_800x452.jpg 800w, https:\/\/www.europa-prefabri.com\/wp-content\/uploads\/IMAG1585_800x452-300x170.jpg 300w, https:\/\/www.europa-prefabri.com\/wp-content\/uploads\/IMAG1585_800x452-705x398.jpg 705w, https:\/\/www.europa-prefabri.com\/wp-content\/uploads\/IMAG1585_800x452-450x254.jpg 450w\" data-sizes=\"(max-width: 800px) 100vw, 800px\"  data-onclick='1' title='Campamento modular de oficinas en Lagos, Nigeria | Prefabri' ><span class='avia-gallery-big-inner'  itemprop=\"thumbnailUrl\" ><img decoding=\"async\" fetchpriority=\"high\" class=\"wp-image-7810 avia-img-lazy-loading-not-7810\"  width=\"800\" height=\"452\" src=\"https:\/\/www.europa-prefabri.com\/wp-content\/uploads\/IMAG1585_800x452.jpg\" title='Campamento modular de oficinas en Lagos, Nigeria | Prefabri' alt='campamento modular de oficinas en lagos nigeria' srcset=\"https:\/\/www.europa-prefabri.com\/wp-content\/uploads\/IMAG1585_800x452.jpg 800w, https:\/\/www.europa-prefabri.com\/wp-content\/uploads\/IMAG1585_800x452-300x170.jpg 300w, https:\/\/www.europa-prefabri.com\/wp-content\/uploads\/IMAG1585_800x452-705x398.jpg 705w, https:\/\/www.europa-prefabri.com\/wp-content\/uploads\/IMAG1585_800x452-450x254.jpg 450w\" sizes=\"(max-width: 800px) 100vw, 800px\" \/><\/span><\/a><\/div><div class='avia-gallery-thumb'><a href=\"https:\/\/www.europa-prefabri.com\/wp-content\/uploads\/IMAG1585_800x452.jpg\" data-srcset=\"https:\/\/www.europa-prefabri.com\/wp-content\/uploads\/IMAG1585_800x452.jpg 800w, https:\/\/www.europa-prefabri.com\/wp-content\/uploads\/IMAG1585_800x452-300x170.jpg 300w, https:\/\/www.europa-prefabri.com\/wp-content\/uploads\/IMAG1585_800x452-705x398.jpg 705w, https:\/\/www.europa-prefabri.com\/wp-content\/uploads\/IMAG1585_800x452-450x254.jpg 450w\" data-sizes=\"(max-width: 800px) 100vw, 800px\" data-rel='gallery-1' data-prev-img='https:\/\/www.europa-prefabri.com\/wp-content\/uploads\/IMAG1585_800x452.jpg' class='first_thumb lightbox ' data-onclick='1' title='Campamento modular de oficinas en Lagos, Nigeria | Prefabri'  itemprop=\"thumbnailUrl\"  ><img decoding=\"async\" fetchpriority=\"high\" class=\"wp-image-7810 avia-img-lazy-loading-not-7810\"   src=\"https:\/\/www.europa-prefabri.com\/wp-content\/uploads\/IMAG1585_800x452-495x400.jpg\" width=\"495\" height=\"400\"  title='Campamento modular de oficinas en Lagos, Nigeria | Prefabri' alt='campamento modular de oficinas en lagos nigeria' \/><div class='big-prev-fake'><img decoding=\"async\" loading=\"lazy\" class=\"wp-image-7810 avia-img-lazy-loading-7810\"  width=\"800\" height=\"452\" src=\"https:\/\/www.europa-prefabri.com\/wp-content\/uploads\/IMAG1585_800x452.jpg\" title='Campamento modular de oficinas en Lagos, Nigeria | Prefabri' alt='campamento modular de oficinas en lagos nigeria' srcset=\"https:\/\/www.europa-prefabri.com\/wp-content\/uploads\/IMAG1585_800x452.jpg 800w, https:\/\/www.europa-prefabri.com\/wp-content\/uploads\/IMAG1585_800x452-300x170.jpg 300w, https:\/\/www.europa-prefabri.com\/wp-content\/uploads\/IMAG1585_800x452-705x398.jpg 705w, https:\/\/www.europa-prefabri.com\/wp-content\/uploads\/IMAG1585_800x452-450x254.jpg 450w\" sizes=\"auto, (max-width: 800px) 100vw, 800px\" \/><\/div><\/a><a href=\"https:\/\/www.europa-prefabri.com\/wp-content\/uploads\/5-campamento-modular-Copy.jpg\" data-srcset=\"https:\/\/www.europa-prefabri.com\/wp-content\/uploads\/5-campamento-modular-Copy.jpg 800w, https:\/\/www.europa-prefabri.com\/wp-content\/uploads\/5-campamento-modular-Copy-300x225.jpg 300w, https:\/\/www.europa-prefabri.com\/wp-content\/uploads\/5-campamento-modular-Copy-705x529.jpg 705w, https:\/\/www.europa-prefabri.com\/wp-content\/uploads\/5-campamento-modular-Copy-450x338.jpg 450w\" data-sizes=\"(max-width: 800px) 100vw, 800px\" data-rel='gallery-1' data-prev-img='https:\/\/www.europa-prefabri.com\/wp-content\/uploads\/5-campamento-modular-Copy.jpg' class='lightbox ' data-onclick='2' title='EUROPA PREFABRI - Prefab work camps'  itemprop=\"thumbnailUrl\"  ><img decoding=\"async\" fetchpriority=\"high\" class=\"wp-image-8672 avia-img-lazy-loading-not-8672\"   src=\"https:\/\/www.europa-prefabri.com\/wp-content\/uploads\/5-campamento-modular-Copy-495x400.jpg\" width=\"495\" height=\"400\"  title='EUROPA PREFABRI - Prefab work camps' alt='EUROPA PREFABRI - Prefab work camps' \/><div class='big-prev-fake'><img decoding=\"async\" loading=\"lazy\" class=\"wp-image-8672 avia-img-lazy-loading-8672\"  width=\"800\" height=\"600\" src=\"https:\/\/www.europa-prefabri.com\/wp-content\/uploads\/5-campamento-modular-Copy.jpg\" title='EUROPA PREFABRI - Prefab work camps' alt='EUROPA PREFABRI - Prefab work camps' srcset=\"https:\/\/www.europa-prefabri.com\/wp-content\/uploads\/5-campamento-modular-Copy.jpg 800w, https:\/\/www.europa-prefabri.com\/wp-content\/uploads\/5-campamento-modular-Copy-300x225.jpg 300w, https:\/\/www.europa-prefabri.com\/wp-content\/uploads\/5-campamento-modular-Copy-705x529.jpg 705w, https:\/\/www.europa-prefabri.com\/wp-content\/uploads\/5-campamento-modular-Copy-450x338.jpg 450w\" sizes=\"auto, (max-width: 800px) 100vw, 800px\" \/><\/div><\/a><a href=\"https:\/\/www.europa-prefabri.com\/wp-content\/uploads\/4-interior-sanitarios-Copy.jpg\" data-srcset=\"https:\/\/www.europa-prefabri.com\/wp-content\/uploads\/4-interior-sanitarios-Copy.jpg 800w, https:\/\/www.europa-prefabri.com\/wp-content\/uploads\/4-interior-sanitarios-Copy-300x225.jpg 300w, https:\/\/www.europa-prefabri.com\/wp-content\/uploads\/4-interior-sanitarios-Copy-705x529.jpg 705w, https:\/\/www.europa-prefabri.com\/wp-content\/uploads\/4-interior-sanitarios-Copy-450x338.jpg 450w\" data-sizes=\"(max-width: 800px) 100vw, 800px\" data-rel='gallery-1' data-prev-img='https:\/\/www.europa-prefabri.com\/wp-content\/uploads\/4-interior-sanitarios-Copy.jpg' class='lightbox ' data-onclick='3' title='EUROPA PREFABRI - Prefab work camps'  itemprop=\"thumbnailUrl\"  ><img decoding=\"async\" fetchpriority=\"high\" class=\"wp-image-8669 avia-img-lazy-loading-not-8669\"   src=\"https:\/\/www.europa-prefabri.com\/wp-content\/uploads\/4-interior-sanitarios-Copy-495x400.jpg\" width=\"495\" height=\"400\"  title='EUROPA PREFABRI - Prefab work camps' alt='EUROPA PREFABRI - Prefab work camps' \/><div class='big-prev-fake'><img decoding=\"async\" loading=\"lazy\" class=\"wp-image-8669 avia-img-lazy-loading-8669\"  width=\"800\" height=\"600\" src=\"https:\/\/www.europa-prefabri.com\/wp-content\/uploads\/4-interior-sanitarios-Copy.jpg\" title='EUROPA PREFABRI - Prefab work camps' alt='EUROPA PREFABRI - Prefab work camps' srcset=\"https:\/\/www.europa-prefabri.com\/wp-content\/uploads\/4-interior-sanitarios-Copy.jpg 800w, https:\/\/www.europa-prefabri.com\/wp-content\/uploads\/4-interior-sanitarios-Copy-300x225.jpg 300w, https:\/\/www.europa-prefabri.com\/wp-content\/uploads\/4-interior-sanitarios-Copy-705x529.jpg 705w, https:\/\/www.europa-prefabri.com\/wp-content\/uploads\/4-interior-sanitarios-Copy-450x338.jpg 450w\" sizes=\"auto, (max-width: 800px) 100vw, 800px\" \/><\/div><\/a><a href=\"https:\/\/www.europa-prefabri.com\/wp-content\/uploads\/1-campamento-modular-Copy.jpg\" data-srcset=\"https:\/\/www.europa-prefabri.com\/wp-content\/uploads\/1-campamento-modular-Copy.jpg 800w, https:\/\/www.europa-prefabri.com\/wp-content\/uploads\/1-campamento-modular-Copy-300x225.jpg 300w, https:\/\/www.europa-prefabri.com\/wp-content\/uploads\/1-campamento-modular-Copy-705x529.jpg 705w, https:\/\/www.europa-prefabri.com\/wp-content\/uploads\/1-campamento-modular-Copy-450x338.jpg 450w\" data-sizes=\"(max-width: 800px) 100vw, 800px\" data-rel='gallery-1' data-prev-img='https:\/\/www.europa-prefabri.com\/wp-content\/uploads\/1-campamento-modular-Copy.jpg' class='lightbox ' data-onclick='4' title='EUROPA PREFABRI - Prefab work camps'  itemprop=\"thumbnailUrl\"  ><img decoding=\"async\" fetchpriority=\"high\" class=\"wp-image-8666 avia-img-lazy-loading-not-8666\"   src=\"https:\/\/www.europa-prefabri.com\/wp-content\/uploads\/1-campamento-modular-Copy-495x400.jpg\" width=\"495\" height=\"400\"  title='EUROPA PREFABRI - Prefab work camps' alt='EUROPA PREFABRI - Prefab work camps' \/><div class='big-prev-fake'><img decoding=\"async\" loading=\"lazy\" class=\"wp-image-8666 avia-img-lazy-loading-8666\"  width=\"800\" height=\"600\" src=\"https:\/\/www.europa-prefabri.com\/wp-content\/uploads\/1-campamento-modular-Copy.jpg\" title='EUROPA PREFABRI - Prefab work camps' alt='EUROPA PREFABRI - Prefab work camps' srcset=\"https:\/\/www.europa-prefabri.com\/wp-content\/uploads\/1-campamento-modular-Copy.jpg 800w, https:\/\/www.europa-prefabri.com\/wp-content\/uploads\/1-campamento-modular-Copy-300x225.jpg 300w, https:\/\/www.europa-prefabri.com\/wp-content\/uploads\/1-campamento-modular-Copy-705x529.jpg 705w, https:\/\/www.europa-prefabri.com\/wp-content\/uploads\/1-campamento-modular-Copy-450x338.jpg 450w\" sizes=\"auto, (max-width: 800px) 100vw, 800px\" \/><\/div><\/a><a href=\"https:\/\/www.europa-prefabri.com\/wp-content\/uploads\/IMAG1522_452x800.jpg\" data-srcset=\"https:\/\/www.europa-prefabri.com\/wp-content\/uploads\/IMAG1522_452x800.jpg 452w, https:\/\/www.europa-prefabri.com\/wp-content\/uploads\/IMAG1522_452x800-170x300.jpg 170w, https:\/\/www.europa-prefabri.com\/wp-content\/uploads\/IMAG1522_452x800-398x705.jpg 398w, https:\/\/www.europa-prefabri.com\/wp-content\/uploads\/IMAG1522_452x800-450x796.jpg 450w\" data-sizes=\"(max-width: 452px) 100vw, 452px\" data-rel='gallery-1' data-prev-img='https:\/\/www.europa-prefabri.com\/wp-content\/uploads\/IMAG1522_452x800-452x684.jpg' class='lightbox ' data-onclick='5' title='IMAG1522_452x800'  itemprop=\"thumbnailUrl\"  ><img decoding=\"async\" fetchpriority=\"high\" class=\"wp-image-7780 avia-img-lazy-loading-not-7780\"   src=\"https:\/\/www.europa-prefabri.com\/wp-content\/uploads\/IMAG1522_452x800-452x400.jpg\" width=\"452\" height=\"400\"  title='IMAG1522_452x800' alt='' \/><div class='big-prev-fake'><img decoding=\"async\" loading=\"lazy\" class=\"wp-image-7780 avia-img-lazy-loading-7780\"  width=\"452\" height=\"684\" src=\"https:\/\/www.europa-prefabri.com\/wp-content\/uploads\/IMAG1522_452x800-452x684.jpg\" title='IMAG1522_452x800' alt='' \/><\/div><\/a><a href=\"https:\/\/www.europa-prefabri.com\/wp-content\/uploads\/conjunto-modular1.jpg\" data-srcset=\"https:\/\/www.europa-prefabri.com\/wp-content\/uploads\/conjunto-modular1.jpg 640w, https:\/\/www.europa-prefabri.com\/wp-content\/uploads\/conjunto-modular1-300x225.jpg 300w, https:\/\/www.europa-prefabri.com\/wp-content\/uploads\/conjunto-modular1-450x338.jpg 450w\" data-sizes=\"(max-width: 640px) 100vw, 640px\" data-rel='gallery-1' data-prev-img='https:\/\/www.europa-prefabri.com\/wp-content\/uploads\/conjunto-modular1.jpg' class='lightbox ' data-onclick='6' title='conjunto modular1'  itemprop=\"thumbnailUrl\"  ><img decoding=\"async\" fetchpriority=\"high\" class=\"wp-image-6860 avia-img-lazy-loading-not-6860\"   src=\"https:\/\/www.europa-prefabri.com\/wp-content\/uploads\/conjunto-modular1-495x400.jpg\" width=\"495\" height=\"400\"  title='conjunto modular1' alt='bases de vie' \/><div class='big-prev-fake'><img decoding=\"async\" loading=\"lazy\" class=\"wp-image-6860 avia-img-lazy-loading-6860\"  width=\"640\" height=\"480\" src=\"https:\/\/www.europa-prefabri.com\/wp-content\/uploads\/conjunto-modular1.jpg\" title='conjunto modular1' alt='bases de vie' srcset=\"https:\/\/www.europa-prefabri.com\/wp-content\/uploads\/conjunto-modular1.jpg 640w, https:\/\/www.europa-prefabri.com\/wp-content\/uploads\/conjunto-modular1-300x225.jpg 300w, https:\/\/www.europa-prefabri.com\/wp-content\/uploads\/conjunto-modular1-450x338.jpg 450w\" sizes=\"auto, (max-width: 640px) 100vw, 640px\" \/><\/div><\/a><a href=\"https:\/\/www.europa-prefabri.com\/wp-content\/uploads\/campamento-modular-minero-alquimodul-peru-1030x773.jpg\" data-srcset=\"https:\/\/www.europa-prefabri.com\/wp-content\/uploads\/campamento-modular-minero-alquimodul-peru-1030x773.jpg 1030w, https:\/\/www.europa-prefabri.com\/wp-content\/uploads\/campamento-modular-minero-alquimodul-peru-300x225.jpg 300w, https:\/\/www.europa-prefabri.com\/wp-content\/uploads\/campamento-modular-minero-alquimodul-peru-768x576.jpg 768w, https:\/\/www.europa-prefabri.com\/wp-content\/uploads\/campamento-modular-minero-alquimodul-peru-1500x1125.jpg 1500w, https:\/\/www.europa-prefabri.com\/wp-content\/uploads\/campamento-modular-minero-alquimodul-peru-705x529.jpg 705w, https:\/\/www.europa-prefabri.com\/wp-content\/uploads\/campamento-modular-minero-alquimodul-peru-450x338.jpg 450w\" data-sizes=\"(max-width: 1030px) 100vw, 1030px\" data-rel='gallery-1' data-prev-img='https:\/\/www.europa-prefabri.com\/wp-content\/uploads\/campamento-modular-minero-alquimodul-peru-845x684.jpg' class='lightbox ' data-onclick='7' title='campamento-modular-minero-alquimodul-peru'  itemprop=\"thumbnailUrl\"  ><img decoding=\"async\" fetchpriority=\"high\" class=\"wp-image-24576 avia-img-lazy-loading-not-24576\"   src=\"https:\/\/www.europa-prefabri.com\/wp-content\/uploads\/campamento-modular-minero-alquimodul-peru-495x400.jpg\" width=\"495\" height=\"400\"  title='campamento-modular-minero-alquimodul-peru' alt='base vie' srcset=\"https:\/\/www.europa-prefabri.com\/wp-content\/uploads\/campamento-modular-minero-alquimodul-peru-495x400.jpg 495w, https:\/\/www.europa-prefabri.com\/wp-content\/uploads\/campamento-modular-minero-alquimodul-peru-845x684.jpg 845w\" sizes=\"(max-width: 495px) 100vw, 495px\" \/><div class='big-prev-fake'><img decoding=\"async\" loading=\"lazy\" class=\"wp-image-24576 avia-img-lazy-loading-24576\"  width=\"845\" height=\"684\" src=\"https:\/\/www.europa-prefabri.com\/wp-content\/uploads\/campamento-modular-minero-alquimodul-peru-845x684.jpg\" title='campamento-modular-minero-alquimodul-peru' alt='base vie' srcset=\"https:\/\/www.europa-prefabri.com\/wp-content\/uploads\/campamento-modular-minero-alquimodul-peru-845x684.jpg 845w, https:\/\/www.europa-prefabri.com\/wp-content\/uploads\/campamento-modular-minero-alquimodul-peru-495x400.jpg 495w\" sizes=\"auto, (max-width: 845px) 100vw, 845px\" \/><\/div><\/a><a href=\"https:\/\/www.europa-prefabri.com\/wp-content\/uploads\/interior-campamento-minero.jpg\" data-srcset=\"https:\/\/www.europa-prefabri.com\/wp-content\/uploads\/interior-campamento-minero.jpg 1024w, https:\/\/www.europa-prefabri.com\/wp-content\/uploads\/interior-campamento-minero-300x225.jpg 300w, https:\/\/www.europa-prefabri.com\/wp-content\/uploads\/interior-campamento-minero-768x576.jpg 768w, https:\/\/www.europa-prefabri.com\/wp-content\/uploads\/interior-campamento-minero-705x529.jpg 705w, https:\/\/www.europa-prefabri.com\/wp-content\/uploads\/interior-campamento-minero-450x338.jpg 450w\" data-sizes=\"(max-width: 1024px) 100vw, 1024px\" data-rel='gallery-1' data-prev-img='https:\/\/www.europa-prefabri.com\/wp-content\/uploads\/interior-campamento-minero-845x684.jpg' class='lightbox ' data-onclick='8' title='interior-campamento-minero'  itemprop=\"thumbnailUrl\"  ><img decoding=\"async\" fetchpriority=\"high\" class=\"wp-image-24580 avia-img-lazy-loading-not-24580\"   src=\"https:\/\/www.europa-prefabri.com\/wp-content\/uploads\/interior-campamento-minero-495x400.jpg\" width=\"495\" height=\"400\"  title='interior-campamento-minero' alt='base vie' srcset=\"https:\/\/www.europa-prefabri.com\/wp-content\/uploads\/interior-campamento-minero-495x400.jpg 495w, https:\/\/www.europa-prefabri.com\/wp-content\/uploads\/interior-campamento-minero-845x684.jpg 845w\" sizes=\"(max-width: 495px) 100vw, 495px\" \/><div class='big-prev-fake'><img decoding=\"async\" loading=\"lazy\" class=\"wp-image-24580 avia-img-lazy-loading-24580\"  width=\"845\" height=\"684\" src=\"https:\/\/www.europa-prefabri.com\/wp-content\/uploads\/interior-campamento-minero-845x684.jpg\" title='interior-campamento-minero' alt='base vie' srcset=\"https:\/\/www.europa-prefabri.com\/wp-content\/uploads\/interior-campamento-minero-845x684.jpg 845w, https:\/\/www.europa-prefabri.com\/wp-content\/uploads\/interior-campamento-minero-495x400.jpg 495w\" sizes=\"auto, (max-width: 845px) 100vw, 845px\" \/><\/div><\/a><a href=\"https:\/\/www.europa-prefabri.com\/wp-content\/uploads\/campamento-modular-minero-alquimodul-773x1030.jpg\" data-srcset=\"https:\/\/www.europa-prefabri.com\/wp-content\/uploads\/campamento-modular-minero-alquimodul-773x1030.jpg 773w, https:\/\/www.europa-prefabri.com\/wp-content\/uploads\/campamento-modular-minero-alquimodul-225x300.jpg 225w, https:\/\/www.europa-prefabri.com\/wp-content\/uploads\/campamento-modular-minero-alquimodul-768x1024.jpg 768w, https:\/\/www.europa-prefabri.com\/wp-content\/uploads\/campamento-modular-minero-alquimodul-1125x1500.jpg 1125w, https:\/\/www.europa-prefabri.com\/wp-content\/uploads\/campamento-modular-minero-alquimodul-529x705.jpg 529w, https:\/\/www.europa-prefabri.com\/wp-content\/uploads\/campamento-modular-minero-alquimodul-450x600.jpg 450w\" data-sizes=\"(max-width: 773px) 100vw, 773px\" data-rel='gallery-1' data-prev-img='https:\/\/www.europa-prefabri.com\/wp-content\/uploads\/campamento-modular-minero-alquimodul-845x684.jpg' class='lightbox ' data-onclick='9' title='campamento-modular-minero-alquimodul'  itemprop=\"thumbnailUrl\"  ><img decoding=\"async\" fetchpriority=\"high\" class=\"wp-image-24572 avia-img-lazy-loading-not-24572\"   src=\"https:\/\/www.europa-prefabri.com\/wp-content\/uploads\/campamento-modular-minero-alquimodul-495x400.jpg\" width=\"495\" height=\"400\"  title='campamento-modular-minero-alquimodul' alt='base vie' srcset=\"https:\/\/www.europa-prefabri.com\/wp-content\/uploads\/campamento-modular-minero-alquimodul-495x400.jpg 495w, https:\/\/www.europa-prefabri.com\/wp-content\/uploads\/campamento-modular-minero-alquimodul-845x684.jpg 845w\" sizes=\"(max-width: 495px) 100vw, 495px\" \/><div class='big-prev-fake'><img decoding=\"async\" loading=\"lazy\" class=\"wp-image-24572 avia-img-lazy-loading-24572\"  width=\"845\" height=\"684\" src=\"https:\/\/www.europa-prefabri.com\/wp-content\/uploads\/campamento-modular-minero-alquimodul-845x684.jpg\" title='campamento-modular-minero-alquimodul' alt='base vie' srcset=\"https:\/\/www.europa-prefabri.com\/wp-content\/uploads\/campamento-modular-minero-alquimodul-845x684.jpg 845w, https:\/\/www.europa-prefabri.com\/wp-content\/uploads\/campamento-modular-minero-alquimodul-495x400.jpg 495w\" sizes=\"auto, (max-width: 845px) 100vw, 845px\" \/><\/div><\/a><a href=\"https:\/\/www.europa-prefabri.com\/wp-content\/uploads\/campamento-minero-modular-alquimodul.jpg\" data-srcset=\"https:\/\/www.europa-prefabri.com\/wp-content\/uploads\/campamento-minero-modular-alquimodul.jpg 974w, https:\/\/www.europa-prefabri.com\/wp-content\/uploads\/campamento-minero-modular-alquimodul-300x196.jpg 300w, https:\/\/www.europa-prefabri.com\/wp-content\/uploads\/campamento-minero-modular-alquimodul-768x501.jpg 768w, https:\/\/www.europa-prefabri.com\/wp-content\/uploads\/campamento-minero-modular-alquimodul-705x460.jpg 705w, https:\/\/www.europa-prefabri.com\/wp-content\/uploads\/campamento-minero-modular-alquimodul-450x293.jpg 450w\" data-sizes=\"(max-width: 974px) 100vw, 974px\" data-rel='gallery-1' data-prev-img='https:\/\/www.europa-prefabri.com\/wp-content\/uploads\/campamento-minero-modular-alquimodul-845x635.jpg' class='lightbox ' data-onclick='10' title='campamento-minero-modular-alquimodul'  itemprop=\"thumbnailUrl\"  ><img decoding=\"async\" fetchpriority=\"high\" class=\"wp-image-24564 avia-img-lazy-loading-not-24564\"   src=\"https:\/\/www.europa-prefabri.com\/wp-content\/uploads\/campamento-minero-modular-alquimodul-495x400.jpg\" width=\"495\" height=\"400\"  title='campamento-minero-modular-alquimodul' alt='base vie' \/><div class='big-prev-fake'><img decoding=\"async\" loading=\"lazy\" class=\"wp-image-24564 avia-img-lazy-loading-24564\"  width=\"845\" height=\"635\" src=\"https:\/\/www.europa-prefabri.com\/wp-content\/uploads\/campamento-minero-modular-alquimodul-845x635.jpg\" title='campamento-minero-modular-alquimodul' alt='base vie' \/><\/div><\/a><a href=\"https:\/\/www.europa-prefabri.com\/wp-content\/uploads\/campamento-minero-construccion-modular-1030x773.jpg\" data-srcset=\"https:\/\/www.europa-prefabri.com\/wp-content\/uploads\/campamento-minero-construccion-modular-1030x773.jpg 1030w, https:\/\/www.europa-prefabri.com\/wp-content\/uploads\/campamento-minero-construccion-modular-300x225.jpg 300w, https:\/\/www.europa-prefabri.com\/wp-content\/uploads\/campamento-minero-construccion-modular-768x576.jpg 768w, https:\/\/www.europa-prefabri.com\/wp-content\/uploads\/campamento-minero-construccion-modular-1500x1125.jpg 1500w, https:\/\/www.europa-prefabri.com\/wp-content\/uploads\/campamento-minero-construccion-modular-705x529.jpg 705w, https:\/\/www.europa-prefabri.com\/wp-content\/uploads\/campamento-minero-construccion-modular-450x338.jpg 450w\" data-sizes=\"(max-width: 1030px) 100vw, 1030px\" data-rel='gallery-1' data-prev-img='https:\/\/www.europa-prefabri.com\/wp-content\/uploads\/campamento-minero-construccion-modular-845x684.jpg' class='lightbox ' data-onclick='11' title='campamento-minero-construccion-modular'  itemprop=\"thumbnailUrl\"  ><img decoding=\"async\" fetchpriority=\"high\" class=\"wp-image-24556 avia-img-lazy-loading-not-24556\"   src=\"https:\/\/www.europa-prefabri.com\/wp-content\/uploads\/campamento-minero-construccion-modular-495x400.jpg\" width=\"495\" height=\"400\"  title='campamento-minero-construccion-modular' alt='base vie' srcset=\"https:\/\/www.europa-prefabri.com\/wp-content\/uploads\/campamento-minero-construccion-modular-495x400.jpg 495w, https:\/\/www.europa-prefabri.com\/wp-content\/uploads\/campamento-minero-construccion-modular-845x684.jpg 845w\" sizes=\"(max-width: 495px) 100vw, 495px\" \/><div class='big-prev-fake'><img decoding=\"async\" loading=\"lazy\" class=\"wp-image-24556 avia-img-lazy-loading-24556\"  width=\"845\" height=\"684\" src=\"https:\/\/www.europa-prefabri.com\/wp-content\/uploads\/campamento-minero-construccion-modular-845x684.jpg\" title='campamento-minero-construccion-modular' alt='base vie' srcset=\"https:\/\/www.europa-prefabri.com\/wp-content\/uploads\/campamento-minero-construccion-modular-845x684.jpg 845w, https:\/\/www.europa-prefabri.com\/wp-content\/uploads\/campamento-minero-construccion-modular-495x400.jpg 495w\" sizes=\"auto, (max-width: 845px) 100vw, 845px\" \/><\/div><\/a><a href=\"https:\/\/www.europa-prefabri.com\/wp-content\/uploads\/campamento-minero-alquimodul.jpg\" data-srcset=\"https:\/\/www.europa-prefabri.com\/wp-content\/uploads\/campamento-minero-alquimodul.jpg 1019w, https:\/\/www.europa-prefabri.com\/wp-content\/uploads\/campamento-minero-alquimodul-300x199.jpg 300w, https:\/\/www.europa-prefabri.com\/wp-content\/uploads\/campamento-minero-alquimodul-768x510.jpg 768w, https:\/\/www.europa-prefabri.com\/wp-content\/uploads\/campamento-minero-alquimodul-705x468.jpg 705w, https:\/\/www.europa-prefabri.com\/wp-content\/uploads\/campamento-minero-alquimodul-450x299.jpg 450w\" data-sizes=\"(max-width: 1019px) 100vw, 1019px\" data-rel='gallery-1' data-prev-img='https:\/\/www.europa-prefabri.com\/wp-content\/uploads\/campamento-minero-alquimodul-845x677.jpg' class='lightbox ' data-onclick='12' title='campamento-minero-alquimodul'  itemprop=\"thumbnailUrl\"  ><img decoding=\"async\" fetchpriority=\"high\" class=\"wp-image-24552 avia-img-lazy-loading-not-24552\"   src=\"https:\/\/www.europa-prefabri.com\/wp-content\/uploads\/campamento-minero-alquimodul-495x400.jpg\" width=\"495\" height=\"400\"  title='campamento-minero-alquimodul' alt='base vie' \/><div class='big-prev-fake'><img decoding=\"async\" loading=\"lazy\" class=\"wp-image-24552 avia-img-lazy-loading-24552\"  width=\"845\" height=\"677\" src=\"https:\/\/www.europa-prefabri.com\/wp-content\/uploads\/campamento-minero-alquimodul-845x677.jpg\" title='campamento-minero-alquimodul' alt='base vie' \/><\/div><\/a><\/div><\/div><\/div>\n<style type=\"text\/css\" data-created_by=\"avia_inline_auto\" id=\"style-css-av-av_one_third-0aa7055fe62c3622faec82866afbaeb2\">\n.flex_column.av-av_one_third-0aa7055fe62c3622faec82866afbaeb2{\nborder-radius:0px 0px 0px 0px;\npadding:0px 0px 0px 0px;\n}\n<\/style>\n<div  class='flex_column av-av_one_third-0aa7055fe62c3622faec82866afbaeb2 av_one_third  avia-builder-el-2  el_after_av_two_third  el_before_av_one_full  flex_column_div av-zero-column-padding  '     ><section  class='av_textblock_section av-av_textblock-2de302bf1aa3cf4c9157dbe6f50ac7eb '   itemscope=\"itemscope\" itemtype=\"https:\/\/schema.org\/CreativeWork\" ><div class='avia_textblock'  itemprop=\"text\" ><h2>Bases de vie<\/h2>\n<p>Nous sommes sp\u00e9cialis\u00e9s dans la fabrication et l\u2019installation de campements pour ouvriers, \u00e0 partir de modules individuels, constructions modulaires et entrep\u00f4ts pr\u00e9fabriqu\u00e9s.<\/p>\n<p>Destin\u00e9s \u00e0 diff\u00e9rents secteurs : constructions et secteur TP, extraction mini\u00e8re, services p\u00e9troliers, construction d\u2019urgence et campements militaires.<\/p>\n<\/div><\/section><br \/>\n<div  class='togglecontainer av-av_toggle_container-3db3bf9baa9aa7fee59103dfaf5a6e4b  avia-builder-el-4  el_after_av_textblock  avia-builder-el-last  toggle_close_all' >\n<section class='av_toggle_section av-av_toggle-ba0e5a451bce594e68380fe74b48cbac'  itemscope=\"itemscope\" itemtype=\"https:\/\/schema.org\/CreativeWork\" ><div role=\"tablist\" class=\"single_toggle\" data-tags=\"{Tout} \"  ><p id='toggle-toggle-id-1' data-fake-id='#toggle-id-1' class='toggler  av-title-above '  itemprop=\"headline\"  role='tab' tabindex='0' aria-controls='toggle-id-1' data-slide-speed=\"200\" data-title=\"Utilisations\" data-title-open=\"\" data-aria_collapsed=\"Cliquez pour \u00e9tendre : Utilisations\" data-aria_expanded=\"Cliquez pour r\u00e9duire : Utilisations\">Utilisations<span class=\"toggle_icon\"><span class=\"vert_icon\"><\/span><span class=\"hor_icon\"><\/span><\/span><\/p><div id='toggle-id-1' aria-labelledby='toggle-toggle-id-1' role='region' class='toggle_wrap  av-title-above'  ><div class='toggle_content invers-color '  itemprop=\"text\" ><ul>\n<li>Dortoirs<\/li>\n<li>Bureaux<\/li>\n<li>Vestiaires<\/li>\n<li>Sanitaires<\/li>\n<li>Restaurants collectifs<\/li>\n<li>Entrep\u00f4ts<\/li>\n<li>Laboratoires<\/li>\n<li>Gu\u00e9rites<\/li>\n<li>Salles de classe<\/li>\n<li>Salles de loisirs<\/li>\n<\/ul>\n<\/div><\/div><\/div><\/section>\n<section class='av_toggle_section av-av_toggle-500d0fc45236f62915d5a0e8bb1f8b34'  itemscope=\"itemscope\" itemtype=\"https:\/\/schema.org\/CreativeWork\" ><div role=\"tablist\" class=\"single_toggle\" data-tags=\"{Tout} \"  ><p id='toggle-toggle-id-2' data-fake-id='#toggle-id-2' class='toggler  av-title-above '  itemprop=\"headline\"  role='tab' tabindex='0' aria-controls='toggle-id-2' data-slide-speed=\"200\" data-title=\"Transport et Installation\" data-title-open=\"\" data-aria_collapsed=\"Cliquez pour \u00e9tendre : Transport et Installation\" data-aria_expanded=\"Cliquez pour r\u00e9duire : Transport et Installation\">Transport et Installation<span class=\"toggle_icon\"><span class=\"vert_icon\"><\/span><span class=\"hor_icon\"><\/span><\/span><\/p><div id='toggle-id-2' aria-labelledby='toggle-toggle-id-2' role='region' class='toggle_wrap  av-title-above'  ><div class='toggle_content invers-color '  itemprop=\"text\" ><p>Nous g\u00e9rons le transport de nos construction modulaires d\u00e9mont\u00e9es, ou en syst\u00e8me KIT\u00a0\u00e0 travers le monde.<\/p>\n<p>Nous nous occupons du montage sur place avec nos propres techniciens ou avec la collaboration d\u2019entreprises locales.<\/p>\n<\/div><\/div><\/div><\/section>\n<section class='av_toggle_section av-av_toggle-53a11e1d818cfee449851e0839d584d3'  itemscope=\"itemscope\" itemtype=\"https:\/\/schema.org\/CreativeWork\" ><div role=\"tablist\" class=\"single_toggle\" data-tags=\"{Tout} \"  ><p id='toggle-toggle-id-3' data-fake-id='#toggle-id-3' class='toggler  av-title-above '  itemprop=\"headline\"  role='tab' tabindex='0' aria-controls='toggle-id-3' data-slide-speed=\"200\" data-title=\"Equipements\" data-title-open=\"\" data-aria_collapsed=\"Cliquez pour \u00e9tendre : Equipements\" data-aria_expanded=\"Cliquez pour r\u00e9duire : Equipements\">Equipements<span class=\"toggle_icon\"><span class=\"vert_icon\"><\/span><span class=\"hor_icon\"><\/span><\/span><\/p><div id='toggle-id-3' aria-labelledby='toggle-toggle-id-3' role='region' class='toggle_wrap  av-title-above'  ><div class='toggle_content invers-color '  itemprop=\"text\" ><ul>\n<li>G\u00e9n\u00e9rateurs<\/li>\n<li>Meubles et appareils \u00e9lectrom\u00e9nagers<\/li>\n<li>Mat\u00e9riel de climatisation et de r\u00e9frig\u00e9ration<\/li>\n<li>Cl\u00f4tures<\/li>\n<\/ul>\n<\/div><\/div><\/div><\/section>\n<section class='av_toggle_section av-av_toggle-01a6cab459036864a14604ba52d88d31'  itemscope=\"itemscope\" itemtype=\"https:\/\/schema.org\/CreativeWork\" ><div role=\"tablist\" class=\"single_toggle\" data-tags=\"{Tout} \"  ><p id='toggle-toggle-id-4' data-fake-id='#toggle-id-4' class='toggler  av-title-above '  itemprop=\"headline\"  role='tab' tabindex='0' aria-controls='toggle-id-4' data-slide-speed=\"200\" data-title=\"Secteurs\" data-title-open=\"\" data-aria_collapsed=\"Cliquez pour \u00e9tendre : Secteurs\" data-aria_expanded=\"Cliquez pour r\u00e9duire : Secteurs\">Secteurs<span class=\"toggle_icon\"><span class=\"vert_icon\"><\/span><span class=\"hor_icon\"><\/span><\/span><\/p><div id='toggle-id-4' aria-labelledby='toggle-toggle-id-4' role='region' class='toggle_wrap  av-title-above'  ><div class='toggle_content invers-color '  itemprop=\"text\" ><ul style=\"list-style-type: circle;\">\n<li>Construction<\/li>\n<li>Exploitation mini\u00e8re<\/li>\n<li>P\u00e9trole et gaz<\/li>\n<li>Industrie<\/li>\n<li>Urgences<\/li>\n<\/ul>\n<\/div><\/div><\/div><\/section>\n<section class='av_toggle_section av-av_toggle-cc5a31d6b19acc9825ae2c2220e76193'  itemscope=\"itemscope\" itemtype=\"https:\/\/schema.org\/CreativeWork\" ><div role=\"tablist\" class=\"single_toggle\" data-tags=\"{Tout} \"  ><p id='toggle-toggle-id-5' data-fake-id='#toggle-id-5' class='toggler  av-title-above '  itemprop=\"headline\"  role='tab' tabindex='0' aria-controls='toggle-id-5' data-slide-speed=\"200\" data-title=\"Exploitation et maintenance\" data-title-open=\"\" data-aria_collapsed=\"Cliquez pour \u00e9tendre : Exploitation et maintenance\" data-aria_expanded=\"Cliquez pour r\u00e9duire : Exploitation et maintenance\">Exploitation et maintenance<span class=\"toggle_icon\"><span class=\"vert_icon\"><\/span><span class=\"hor_icon\"><\/span><\/span><\/p><div id='toggle-id-5' aria-labelledby='toggle-toggle-id-5' role='region' class='toggle_wrap  av-title-above'  ><div class='toggle_content invers-color '  itemprop=\"text\" ><p style=\"text-align: justify;\">De plus que l\u2019approvisionnement et assemblage de la base de vie, nous collaborons avec entreprises sp\u00e9cialis\u00e9es dans la prestation de services pour l\u2019exploitation et maintenance de la base de vie, tels que restauration, nettoyage, surveillance, etc.<\/p>\n<\/div><\/div><\/div><\/section>\n<\/div><\/p><\/div><\/p>\n<div  class='flex_column av-av_one_full-2a9015ff38129c418a3f2eafba3e9512 av_one_full  avia-builder-el-5  el_after_av_one_third  avia-builder-el-last  first flex_column_div  column-top-margin'     ><p>\n<style type=\"text\/css\" data-created_by=\"avia_inline_auto\" id=\"style-css-av-av_heading-57a926e6dd8f76115aedd133529a7f8b\">\n#top .av-special-heading.av-av_heading-57a926e6dd8f76115aedd133529a7f8b{\npadding-bottom:10px;\n}\nbody .av-special-heading.av-av_heading-57a926e6dd8f76115aedd133529a7f8b .av-special-heading-tag .heading-char{\nfont-size:25px;\n}\n.av-special-heading.av-av_heading-57a926e6dd8f76115aedd133529a7f8b .av-subheading{\nfont-size:15px;\n}\n<\/style>\n<div  class='av-special-heading av-av_heading-57a926e6dd8f76115aedd133529a7f8b av-special-heading-h3  avia-builder-el-6  el_before_av_portfolio  avia-builder-el-no-sibling '><h3 class='av-special-heading-tag '  itemprop=\"headline\"  >Produits similaires<\/h3><div class=\"special-heading-border\"><div class=\"special-heading-inner-border\"><\/div><\/div><\/div><br \/>\n<div  id=\"av-sc-portfolio-1\"  class=\"av-portfolio-grid-sorting-container\"><div class='sort_width_container  av-sort-yes' data-portfolio-id='1' ><div id='js_sort_items' ><div class='sort_by_cat hidden'><a href=\"#\" data-filter=\"all_sort\" class=\"all_sort_button active_sort\"><span class=\"inner_sort_button\"><span>Tout<\/span><small class=\"av-cat-count\"> 4 <\/small><\/span><\/a><span class=\"text-sep construction-modulaire_sort_sep\">\/<\/span><a href=\"#\" data-filter=\"construction-modulaire_sort\" class=\"construction-modulaire_sort_button\" ><span class=\"inner_sort_button\"><span>Construction Modulaire<\/span><small class=\"av-cat-count\"> 4 <\/small><\/span><\/a><\/div><\/div><\/div><div  class=' grid-sort-container isotope   no_margin-container with-title-container grid-total-even grid-col-4 grid-links-' data-portfolio-id='1'><div data-ajax-id='28550' class=' grid-entry flex_column isotope-item all_sort no_margin post-entry post-entry-28550 grid-entry-overview grid-loop-1 grid-parity-odd  construction-modulaire_sort  av_one_fourth first default_av_fullwidth '><article class='main_color inner-entry'  itemscope=\"itemscope\" itemtype=\"https:\/\/schema.org\/CreativeWork\" ><a href=\"https:\/\/www.europa-prefabri.com\/fr\/portfolio-item\/conteneurs-de-stockage\/\" title='Conteneurs de stockage'  data-rel='grid-1' class='grid-image avia-hover-fx'> <img decoding=\"async\" fetchpriority=\"high\" width=\"260\" height=\"185\" src=\"https:\/\/www.europa-prefabri.com\/wp-content\/uploads\/contenedor-europa-prefabri-260x185.png\" class=\"wp-image-12750 avia-img-lazy-loading-not-12750 attachment-portfolio_small size-portfolio_small wp-post-image\" alt=\"\" \/><\/a><div class='grid-content'><div class='avia-arrow'><\/div><header class=\"entry-content-header\" aria-label=\"Portfolio : Conteneurs de stockage\"><h3 class='grid-entry-title entry-title '  itemprop=\"headline\" ><a href='https:\/\/www.europa-prefabri.com\/fr\/portfolio-item\/conteneurs-de-stockage\/' title='Conteneurs de stockage'>Conteneurs de stockage<\/a><\/h3><\/header><\/div><footer class=\"entry-footer\"><\/footer><\/article><\/div><div data-ajax-id='28548' class=' grid-entry flex_column isotope-item all_sort no_margin post-entry post-entry-28548 grid-entry-overview grid-loop-2 grid-parity-even  construction-modulaire_sort  av_one_fourth  default_av_fullwidth '><article class='main_color inner-entry'  itemscope=\"itemscope\" itemtype=\"https:\/\/schema.org\/CreativeWork\" ><a href=\"https:\/\/www.europa-prefabri.com\/fr\/portfolio-item\/batiments-prefabriques\/\" title='B\u00e2timents pr\u00e9fabriqu\u00e9s'  data-rel='grid-1' class='grid-image avia-hover-fx'> <img decoding=\"async\" fetchpriority=\"high\" width=\"260\" height=\"185\" src=\"https:\/\/www.europa-prefabri.com\/wp-content\/uploads\/edificio-prefabricado-europa-prefabri-260x185.png\" class=\"wp-image-12762 avia-img-lazy-loading-not-12762 attachment-portfolio_small size-portfolio_small wp-post-image\" alt=\"\" \/><\/a><div class='grid-content'><div class='avia-arrow'><\/div><header class=\"entry-content-header\" aria-label=\"Portfolio : B\u00e2timents pr\u00e9fabriqu\u00e9s\"><h3 class='grid-entry-title entry-title '  itemprop=\"headline\" ><a href='https:\/\/www.europa-prefabri.com\/fr\/portfolio-item\/batiments-prefabriques\/' title='B\u00e2timents pr\u00e9fabriqu\u00e9s'>B\u00e2timents pr\u00e9fabriqu\u00e9s<\/a><\/h3><\/header><\/div><footer class=\"entry-footer\"><\/footer><\/article><\/div><div data-ajax-id='3117' class=' grid-entry flex_column isotope-item all_sort no_margin post-entry post-entry-3117 grid-entry-overview grid-loop-3 grid-parity-odd  construccion-modular_sort construction-modulaire_sort  av_one_fourth  default_av_fullwidth '><article class='main_color inner-entry'  itemscope=\"itemscope\" itemtype=\"https:\/\/schema.org\/CreativeWork\" ><a href=\"https:\/\/www.europa-prefabri.com\/fr\/portfolio-item\/bungalows-de-chantier\/\" title='Bungalows de chantier'  data-rel='grid-1' class='grid-image avia-hover-fx'> <img decoding=\"async\" fetchpriority=\"high\" width=\"260\" height=\"185\" src=\"https:\/\/www.europa-prefabri.com\/wp-content\/uploads\/caseta-de-obra-europa-prefabri-260x185.png\" class=\"wp-image-12746 avia-img-lazy-loading-not-12746 attachment-portfolio_small size-portfolio_small wp-post-image\" alt=\"Bungalows de chantier\" \/><\/a><div class='grid-content'><div class='avia-arrow'><\/div><header class=\"entry-content-header\" aria-label=\"Portfolio : Bungalows de chantier\"><h3 class='grid-entry-title entry-title '  itemprop=\"headline\" ><a href='https:\/\/www.europa-prefabri.com\/fr\/portfolio-item\/bungalows-de-chantier\/' title='Bungalows de chantier'>Bungalows de chantier<\/a><\/h3><\/header><\/div><footer class=\"entry-footer\"><\/footer><\/article><\/div><div data-ajax-id='3271' class=' grid-entry flex_column isotope-item all_sort no_margin post-entry post-entry-3271 grid-entry-overview grid-loop-4 grid-parity-even  post-entry-last  construction-modulaire_sort  av_one_fourth  default_av_fullwidth '><article class='main_color inner-entry'  itemscope=\"itemscope\" itemtype=\"https:\/\/schema.org\/CreativeWork\" ><a href=\"https:\/\/www.europa-prefabri.com\/fr\/portfolio-item\/bases-de-vie\/\" title='Bases de vie'  data-rel='grid-1' class='grid-image avia-hover-fx'> <img decoding=\"async\" fetchpriority=\"high\" width=\"260\" height=\"185\" src=\"https:\/\/www.europa-prefabri.com\/wp-content\/uploads\/IMAG1585_800x452-260x185.jpg\" class=\"wp-image-7810 avia-img-lazy-loading-not-7810 attachment-portfolio_small size-portfolio_small wp-post-image\" alt=\"campamento modular de oficinas en lagos nigeria\" \/><\/a><div class='grid-content'><div class='avia-arrow'><\/div><header class=\"entry-content-header\" aria-label=\"Portfolio : Bases de vie\"><h3 class='grid-entry-title entry-title '  itemprop=\"headline\" ><a href='https:\/\/www.europa-prefabri.com\/fr\/portfolio-item\/bases-de-vie\/' title='Bases de vie'>Bases de vie<\/a><\/h3><\/header><\/div><footer class=\"entry-footer\"><\/footer><\/article><\/div><\/div><\/div>   <!--   class=\"av-portfolio-grid-sorting-container\"  --><\/p><\/div>\n","protected":false},"excerpt":{"rendered":"","protected":false},"author":4,"featured_media":7810,"comment_status":"closed","ping_status":"closed","template":"","meta":{"footnotes":""},"tags":[],"portfolio_entries":[93],"class_list":["post-3271","portfolio","type-portfolio","status-publish","has-post-thumbnail","hentry","portfolio_entries-construction-modulaire"],"yoast_head":"<!-- This site is optimized with the Yoast SEO plugin v27.5 - https:\/\/yoast.com\/product\/yoast-seo-wordpress\/ -->\n<title>BASES DE VIE MODULAIRES | EUROPA PREFABRI<\/title>\n<meta name=\"description\" content=\"EUROPA PREFABRI est sp\u00e9cialis\u00e9e dans le dessin et la fabrication de bases de vie pour travailleurs (chantiers, mines ...).\" \/>\n<meta name=\"robots\" content=\"index, follow, max-snippet:-1, max-image-preview:large, max-video-preview:-1\" \/>\n<link rel=\"canonical\" href=\"https:\/\/www.europa-prefabri.com\/fr\/portfolio-item\/bases-de-vie\/\" \/>\n<meta property=\"og:locale\" content=\"fr_FR\" \/>\n<meta property=\"og:type\" content=\"article\" \/>\n<meta property=\"og:title\" content=\"BASES DE VIE MODULAIRES | EUROPA PREFABRI\" \/>\n<meta property=\"og:description\" content=\"EUROPA PREFABRI est sp\u00e9cialis\u00e9e dans le dessin et la fabrication de bases de vie pour travailleurs (chantiers, mines ...).\" \/>\n<meta property=\"og:url\" content=\"https:\/\/www.europa-prefabri.com\/fr\/portfolio-item\/bases-de-vie\/\" \/>\n<meta property=\"og:site_name\" content=\"Europa Prefabri | Alquiler y venta de construcciones modulares\" \/>\n<meta property=\"article:publisher\" content=\"https:\/\/www.facebook.com\/Europa-Prefabri-258328977572213\/\" \/>\n<meta property=\"article:modified_time\" content=\"2021-04-23T11:24:34+00:00\" \/>\n<meta property=\"og:image\" content=\"https:\/\/www.europa-prefabri.com\/wp-content\/uploads\/IMAG1585_800x452.jpg\" \/>\n\t<meta property=\"og:image:width\" content=\"800\" \/>\n\t<meta property=\"og:image:height\" content=\"452\" \/>\n\t<meta property=\"og:image:type\" content=\"image\/jpeg\" \/>\n<meta name=\"twitter:card\" content=\"summary_large_image\" \/>\n<meta name=\"twitter:site\" content=\"@EuropaPrefabri\" \/>\n<meta name=\"twitter:label1\" content=\"Est. reading time\" \/>\n\t<meta name=\"twitter:data1\" content=\"2 minutes\" \/>\n<script type=\"application\/ld+json\" class=\"yoast-schema-graph\">{\"@context\":\"https:\\\/\\\/schema.org\",\"@graph\":[{\"@type\":\"WebPage\",\"@id\":\"https:\\\/\\\/www.europa-prefabri.com\\\/fr\\\/portfolio-item\\\/bases-de-vie\\\/\",\"url\":\"https:\\\/\\\/www.europa-prefabri.com\\\/fr\\\/portfolio-item\\\/bases-de-vie\\\/\",\"name\":\"BASES DE VIE MODULAIRES | EUROPA PREFABRI\",\"isPartOf\":{\"@id\":\"https:\\\/\\\/www.europa-prefabri.com\\\/#website\"},\"primaryImageOfPage\":{\"@id\":\"https:\\\/\\\/www.europa-prefabri.com\\\/fr\\\/portfolio-item\\\/bases-de-vie\\\/#primaryimage\"},\"image\":{\"@id\":\"https:\\\/\\\/www.europa-prefabri.com\\\/fr\\\/portfolio-item\\\/bases-de-vie\\\/#primaryimage\"},\"thumbnailUrl\":\"https:\\\/\\\/www.europa-prefabri.com\\\/wp-content\\\/uploads\\\/IMAG1585_800x452.jpg\",\"datePublished\":\"2013-11-28T13:52:07+00:00\",\"dateModified\":\"2021-04-23T11:24:34+00:00\",\"description\":\"EUROPA PREFABRI est sp\u00e9cialis\u00e9e dans le dessin et la fabrication de bases de vie pour travailleurs (chantiers, mines ...).\",\"breadcrumb\":{\"@id\":\"https:\\\/\\\/www.europa-prefabri.com\\\/fr\\\/portfolio-item\\\/bases-de-vie\\\/#breadcrumb\"},\"inLanguage\":\"fr-FR\",\"potentialAction\":[{\"@type\":\"ReadAction\",\"target\":[\"https:\\\/\\\/www.europa-prefabri.com\\\/fr\\\/portfolio-item\\\/bases-de-vie\\\/\"]}]},{\"@type\":\"ImageObject\",\"inLanguage\":\"fr-FR\",\"@id\":\"https:\\\/\\\/www.europa-prefabri.com\\\/fr\\\/portfolio-item\\\/bases-de-vie\\\/#primaryimage\",\"url\":\"https:\\\/\\\/www.europa-prefabri.com\\\/wp-content\\\/uploads\\\/IMAG1585_800x452.jpg\",\"contentUrl\":\"https:\\\/\\\/www.europa-prefabri.com\\\/wp-content\\\/uploads\\\/IMAG1585_800x452.jpg\",\"width\":800,\"height\":452,\"caption\":\"campamento modular de oficinas en lagos nigeria\"},{\"@type\":\"BreadcrumbList\",\"@id\":\"https:\\\/\\\/www.europa-prefabri.com\\\/fr\\\/portfolio-item\\\/bases-de-vie\\\/#breadcrumb\",\"itemListElement\":[{\"@type\":\"ListItem\",\"position\":1,\"name\":\"Portada\",\"item\":\"https:\\\/\\\/www.europa-prefabri.com\\\/fr\\\/\"},{\"@type\":\"ListItem\",\"position\":2,\"name\":\"Bases de vie\"}]},{\"@type\":\"WebSite\",\"@id\":\"https:\\\/\\\/www.europa-prefabri.com\\\/#website\",\"url\":\"https:\\\/\\\/www.europa-prefabri.com\\\/\",\"name\":\"Europa Prefabri | Alquiler y venta de construcciones modulares\",\"description\":\"Alquiler y venta de construcciones modulares, casetas de obra, marquesinas de aparcamiento y vallas y cerramientos.\",\"publisher\":{\"@id\":\"https:\\\/\\\/www.europa-prefabri.com\\\/#organization\"},\"potentialAction\":[{\"@type\":\"SearchAction\",\"target\":{\"@type\":\"EntryPoint\",\"urlTemplate\":\"https:\\\/\\\/www.europa-prefabri.com\\\/?s={search_term_string}\"},\"query-input\":{\"@type\":\"PropertyValueSpecification\",\"valueRequired\":true,\"valueName\":\"search_term_string\"}}],\"inLanguage\":\"fr-FR\"},{\"@type\":\"Organization\",\"@id\":\"https:\\\/\\\/www.europa-prefabri.com\\\/#organization\",\"name\":\"Prefabri S.L.\",\"url\":\"https:\\\/\\\/www.europa-prefabri.com\\\/\",\"logo\":{\"@type\":\"ImageObject\",\"inLanguage\":\"fr-FR\",\"@id\":\"https:\\\/\\\/www.europa-prefabri.com\\\/#\\\/schema\\\/logo\\\/image\\\/\",\"url\":\"https:\\\/\\\/www.europa-prefabri.com\\\/wp-content\\\/uploads\\\/EuropaPrefabri-Logo.jpg\",\"contentUrl\":\"https:\\\/\\\/www.europa-prefabri.com\\\/wp-content\\\/uploads\\\/EuropaPrefabri-Logo.jpg\",\"width\":752,\"height\":348,\"caption\":\"Prefabri S.L.\"},\"image\":{\"@id\":\"https:\\\/\\\/www.europa-prefabri.com\\\/#\\\/schema\\\/logo\\\/image\\\/\"},\"sameAs\":[\"https:\\\/\\\/www.facebook.com\\\/Europa-Prefabri-258328977572213\\\/\",\"https:\\\/\\\/x.com\\\/EuropaPrefabri\",\"https:\\\/\\\/www.instagram.com\\\/europaprefabri\\\/\",\"https:\\\/\\\/es.linkedin.com\\\/company\\\/europa-prefabri\",\"https:\\\/\\\/es.pinterest.com\\\/europaprefabri\\\/\",\"https:\\\/\\\/www.youtube.com\\\/user\\\/PrefabriSL\"]}]}<\/script>\n<!-- \/ Yoast SEO plugin. -->","yoast_head_json":{"title":"BASES DE VIE MODULAIRES | EUROPA PREFABRI","description":"EUROPA PREFABRI est sp\u00e9cialis\u00e9e dans le dessin et la fabrication de bases de vie pour travailleurs (chantiers, mines ...).","robots":{"index":"index","follow":"follow","max-snippet":"max-snippet:-1","max-image-preview":"max-image-preview:large","max-video-preview":"max-video-preview:-1"},"canonical":"https:\/\/www.europa-prefabri.com\/fr\/portfolio-item\/bases-de-vie\/","og_locale":"fr_FR","og_type":"article","og_title":"BASES DE VIE MODULAIRES | EUROPA PREFABRI","og_description":"EUROPA PREFABRI est sp\u00e9cialis\u00e9e dans le dessin et la fabrication de bases de vie pour travailleurs (chantiers, mines ...).","og_url":"https:\/\/www.europa-prefabri.com\/fr\/portfolio-item\/bases-de-vie\/","og_site_name":"Europa Prefabri | Alquiler y venta de construcciones modulares","article_publisher":"https:\/\/www.facebook.com\/Europa-Prefabri-258328977572213\/","article_modified_time":"2021-04-23T11:24:34+00:00","og_image":[{"width":800,"height":452,"url":"https:\/\/www.europa-prefabri.com\/wp-content\/uploads\/IMAG1585_800x452.jpg","type":"image\/jpeg"}],"twitter_card":"summary_large_image","twitter_site":"@EuropaPrefabri","twitter_misc":{"Est. reading time":"2 minutes"},"schema":{"@context":"https:\/\/schema.org","@graph":[{"@type":"WebPage","@id":"https:\/\/www.europa-prefabri.com\/fr\/portfolio-item\/bases-de-vie\/","url":"https:\/\/www.europa-prefabri.com\/fr\/portfolio-item\/bases-de-vie\/","name":"BASES DE VIE MODULAIRES | EUROPA PREFABRI","isPartOf":{"@id":"https:\/\/www.europa-prefabri.com\/#website"},"primaryImageOfPage":{"@id":"https:\/\/www.europa-prefabri.com\/fr\/portfolio-item\/bases-de-vie\/#primaryimage"},"image":{"@id":"https:\/\/www.europa-prefabri.com\/fr\/portfolio-item\/bases-de-vie\/#primaryimage"},"thumbnailUrl":"https:\/\/www.europa-prefabri.com\/wp-content\/uploads\/IMAG1585_800x452.jpg","datePublished":"2013-11-28T13:52:07+00:00","dateModified":"2021-04-23T11:24:34+00:00","description":"EUROPA PREFABRI est sp\u00e9cialis\u00e9e dans le dessin et la fabrication de bases de vie pour travailleurs (chantiers, mines ...).","breadcrumb":{"@id":"https:\/\/www.europa-prefabri.com\/fr\/portfolio-item\/bases-de-vie\/#breadcrumb"},"inLanguage":"fr-FR","potentialAction":[{"@type":"ReadAction","target":["https:\/\/www.europa-prefabri.com\/fr\/portfolio-item\/bases-de-vie\/"]}]},{"@type":"ImageObject","inLanguage":"fr-FR","@id":"https:\/\/www.europa-prefabri.com\/fr\/portfolio-item\/bases-de-vie\/#primaryimage","url":"https:\/\/www.europa-prefabri.com\/wp-content\/uploads\/IMAG1585_800x452.jpg","contentUrl":"https:\/\/www.europa-prefabri.com\/wp-content\/uploads\/IMAG1585_800x452.jpg","width":800,"height":452,"caption":"campamento modular de oficinas en lagos nigeria"},{"@type":"BreadcrumbList","@id":"https:\/\/www.europa-prefabri.com\/fr\/portfolio-item\/bases-de-vie\/#breadcrumb","itemListElement":[{"@type":"ListItem","position":1,"name":"Portada","item":"https:\/\/www.europa-prefabri.com\/fr\/"},{"@type":"ListItem","position":2,"name":"Bases de vie"}]},{"@type":"WebSite","@id":"https:\/\/www.europa-prefabri.com\/#website","url":"https:\/\/www.europa-prefabri.com\/","name":"Europa Prefabri | Alquiler y venta de construcciones modulares","description":"Alquiler y venta de construcciones modulares, casetas de obra, marquesinas de aparcamiento y vallas y cerramientos.","publisher":{"@id":"https:\/\/www.europa-prefabri.com\/#organization"},"potentialAction":[{"@type":"SearchAction","target":{"@type":"EntryPoint","urlTemplate":"https:\/\/www.europa-prefabri.com\/?s={search_term_string}"},"query-input":{"@type":"PropertyValueSpecification","valueRequired":true,"valueName":"search_term_string"}}],"inLanguage":"fr-FR"},{"@type":"Organization","@id":"https:\/\/www.europa-prefabri.com\/#organization","name":"Prefabri S.L.","url":"https:\/\/www.europa-prefabri.com\/","logo":{"@type":"ImageObject","inLanguage":"fr-FR","@id":"https:\/\/www.europa-prefabri.com\/#\/schema\/logo\/image\/","url":"https:\/\/www.europa-prefabri.com\/wp-content\/uploads\/EuropaPrefabri-Logo.jpg","contentUrl":"https:\/\/www.europa-prefabri.com\/wp-content\/uploads\/EuropaPrefabri-Logo.jpg","width":752,"height":348,"caption":"Prefabri S.L."},"image":{"@id":"https:\/\/www.europa-prefabri.com\/#\/schema\/logo\/image\/"},"sameAs":["https:\/\/www.facebook.com\/Europa-Prefabri-258328977572213\/","https:\/\/x.com\/EuropaPrefabri","https:\/\/www.instagram.com\/europaprefabri\/","https:\/\/es.linkedin.com\/company\/europa-prefabri","https:\/\/es.pinterest.com\/europaprefabri\/","https:\/\/www.youtube.com\/user\/PrefabriSL"]}]}},"_links":{"self":[{"href":"https:\/\/www.europa-prefabri.com\/fr\/wp-json\/wp\/v2\/portfolio\/3271","targetHints":{"allow":["GET"]}}],"collection":[{"href":"https:\/\/www.europa-prefabri.com\/fr\/wp-json\/wp\/v2\/portfolio"}],"about":[{"href":"https:\/\/www.europa-prefabri.com\/fr\/wp-json\/wp\/v2\/types\/portfolio"}],"author":[{"embeddable":true,"href":"https:\/\/www.europa-prefabri.com\/fr\/wp-json\/wp\/v2\/users\/4"}],"replies":[{"embeddable":true,"href":"https:\/\/www.europa-prefabri.com\/fr\/wp-json\/wp\/v2\/comments?post=3271"}],"version-history":[{"count":0,"href":"https:\/\/www.europa-prefabri.com\/fr\/wp-json\/wp\/v2\/portfolio\/3271\/revisions"}],"wp:featuredmedia":[{"embeddable":true,"href":"https:\/\/www.europa-prefabri.com\/fr\/wp-json\/wp\/v2\/media\/7810"}],"wp:attachment":[{"href":"https:\/\/www.europa-prefabri.com\/fr\/wp-json\/wp\/v2\/media?parent=3271"}],"wp:term":[{"taxonomy":"post_tag","embeddable":true,"href":"https:\/\/www.europa-prefabri.com\/fr\/wp-json\/wp\/v2\/tags?post=3271"},{"taxonomy":"portfolio_entries","embeddable":true,"href":"https:\/\/www.europa-prefabri.com\/fr\/wp-json\/wp\/v2\/portfolio_entries?post=3271"}],"curies":[{"name":"wp","href":"https:\/\/api.w.org\/{rel}","templated":true}]}}