{"id":3268,"date":"2013-11-27T15:24:13","date_gmt":"2013-11-27T15:24:13","guid":{"rendered":"http:\/\/www.europa-prefabri.com\/?post_type=portfolio&#038;p=3268"},"modified":"2021-04-23T13:28:50","modified_gmt":"2021-04-23T11:28:50","slug":"modules-en-kit","status":"publish","type":"portfolio","link":"https:\/\/www.europa-prefabri.com\/fr\/portfolio-item\/modules-en-kit\/","title":{"rendered":"Boungalows en KIT"},"content":{"rendered":"<div  class='flex_column av-av_two_third-2a9015ff38129c418a3f2eafba3e9512 av_two_third  avia-builder-el-0  el_before_av_one_third  avia-builder-el-first  first flex_column_div  '     ><style type=\"text\/css\" data-created_by=\"avia_inline_auto\" id=\"style-css-av-av_gallery-45a07e2d5a1bb1f02eac41fb82c75a2e\">\n#top .avia-gallery.av-av_gallery-45a07e2d5a1bb1f02eac41fb82c75a2e .avia-gallery-thumb a{\nwidth:14.2857%;\n}\n<\/style>\n<div  class='avia-gallery av-av_gallery-45a07e2d5a1bb1f02eac41fb82c75a2e avia_animate_when_visible  avia-builder-el-1  avia-builder-el-no-sibling  avia_lazyload av-slideshow-ui av-loop-manual-endless av-control-hidden av-navigate-arrows av-navigate-dots hover-effect av-control-hidden avia-gallery-animate avia-gallery-1'  itemprop=\"image\" itemscope=\"itemscope\" itemtype=\"https:\/\/schema.org\/ImageObject\" ><meta itemprop=\"contentURL\" content=\"https:\/\/www.europa-prefabri.com\/fr\/portfolio-item\/modules-en-kit\/\"><div class='avia-gallery-big-wrapper'><a class='avia-gallery-big fakeLightbox aviaopeninbrowser noLightbox avia-gallery-big-crop-thumb ' href=\"https:\/\/www.europa-prefabri.com\/wp-content\/uploads\/20140415_161731_800x600.jpg\" data-srcset=\"https:\/\/www.europa-prefabri.com\/wp-content\/uploads\/20140415_161731_800x600.jpg 800w, https:\/\/www.europa-prefabri.com\/wp-content\/uploads\/20140415_161731_800x600-300x225.jpg 300w, https:\/\/www.europa-prefabri.com\/wp-content\/uploads\/20140415_161731_800x600-450x337.jpg 450w\" data-sizes=\"(max-width: 800px) 100vw, 800px\"  data-onclick='1' title='Modulos en KIT Camion' ><span class='avia-gallery-big-inner'  itemprop=\"thumbnailUrl\" ><img decoding=\"async\" fetchpriority=\"high\" class=\"wp-image-12968 avia-img-lazy-loading-not-12968\"  width=\"710\" height=\"575\" src=\"https:\/\/www.europa-prefabri.com\/wp-content\/uploads\/20140415_161731_800x600-710x575.jpg\" title='Modulos en KIT Camion' alt='' srcset=\"https:\/\/www.europa-prefabri.com\/wp-content\/uploads\/20140415_161731_800x600-710x575.jpg 710w, https:\/\/www.europa-prefabri.com\/wp-content\/uploads\/20140415_161731_800x600-495x400.jpg 495w\" sizes=\"(max-width: 710px) 100vw, 710px\" \/><\/span><\/a><\/div><div class='avia-gallery-thumb'><a href=\"https:\/\/www.europa-prefabri.com\/wp-content\/uploads\/20140415_161731_800x600.jpg\" data-srcset=\"https:\/\/www.europa-prefabri.com\/wp-content\/uploads\/20140415_161731_800x600.jpg 800w, https:\/\/www.europa-prefabri.com\/wp-content\/uploads\/20140415_161731_800x600-300x225.jpg 300w, https:\/\/www.europa-prefabri.com\/wp-content\/uploads\/20140415_161731_800x600-450x337.jpg 450w\" data-sizes=\"(max-width: 800px) 100vw, 800px\" data-rel='gallery-1' data-prev-img='https:\/\/www.europa-prefabri.com\/wp-content\/uploads\/20140415_161731_800x600-710x575.jpg' class='first_thumb aviaopeninbrowser noLightbox ' data-onclick='1' title='Modulos en KIT Camion'  itemprop=\"thumbnailUrl\"  ><img decoding=\"async\" fetchpriority=\"high\" class=\"wp-image-12968 avia-img-lazy-loading-not-12968\"   src=\"https:\/\/www.europa-prefabri.com\/wp-content\/uploads\/20140415_161731_800x600-495x400.jpg\" width=\"495\" height=\"400\"  title='Modulos en KIT Camion' alt='' srcset=\"https:\/\/www.europa-prefabri.com\/wp-content\/uploads\/20140415_161731_800x600-495x400.jpg 495w, https:\/\/www.europa-prefabri.com\/wp-content\/uploads\/20140415_161731_800x600-710x575.jpg 710w\" sizes=\"(max-width: 495px) 100vw, 495px\" \/><div class='big-prev-fake'><img decoding=\"async\" loading=\"lazy\" class=\"wp-image-12968 avia-img-lazy-loading-12968\"  width=\"710\" height=\"575\" src=\"https:\/\/www.europa-prefabri.com\/wp-content\/uploads\/20140415_161731_800x600-710x575.jpg\" title='Modulos en KIT Camion' alt='' srcset=\"https:\/\/www.europa-prefabri.com\/wp-content\/uploads\/20140415_161731_800x600-710x575.jpg 710w, https:\/\/www.europa-prefabri.com\/wp-content\/uploads\/20140415_161731_800x600-495x400.jpg 495w\" sizes=\"auto, (max-width: 710px) 100vw, 710px\" \/><\/div><\/a><a href=\"https:\/\/www.europa-prefabri.com\/wp-content\/uploads\/20131127_103950_800x600.jpg\" data-srcset=\"https:\/\/www.europa-prefabri.com\/wp-content\/uploads\/20131127_103950_800x600.jpg 800w, https:\/\/www.europa-prefabri.com\/wp-content\/uploads\/20131127_103950_800x600-300x225.jpg 300w, https:\/\/www.europa-prefabri.com\/wp-content\/uploads\/20131127_103950_800x600-450x337.jpg 450w\" data-sizes=\"(max-width: 800px) 100vw, 800px\" data-rel='gallery-1' data-prev-img='https:\/\/www.europa-prefabri.com\/wp-content\/uploads\/20131127_103950_800x600-710x575.jpg' class='aviaopeninbrowser noLightbox ' data-onclick='2' title='Modulos en KIT en contenedor'  itemprop=\"thumbnailUrl\"  ><img decoding=\"async\" fetchpriority=\"high\" class=\"wp-image-12967 avia-img-lazy-loading-not-12967\"   src=\"https:\/\/www.europa-prefabri.com\/wp-content\/uploads\/20131127_103950_800x600-495x400.jpg\" width=\"495\" height=\"400\"  title='Modulos en KIT en contenedor' alt='' srcset=\"https:\/\/www.europa-prefabri.com\/wp-content\/uploads\/20131127_103950_800x600-495x400.jpg 495w, https:\/\/www.europa-prefabri.com\/wp-content\/uploads\/20131127_103950_800x600-710x575.jpg 710w\" sizes=\"(max-width: 495px) 100vw, 495px\" \/><div class='big-prev-fake'><img decoding=\"async\" loading=\"lazy\" class=\"wp-image-12967 avia-img-lazy-loading-12967\"  width=\"710\" height=\"575\" src=\"https:\/\/www.europa-prefabri.com\/wp-content\/uploads\/20131127_103950_800x600-710x575.jpg\" title='Modulos en KIT en contenedor' alt='' srcset=\"https:\/\/www.europa-prefabri.com\/wp-content\/uploads\/20131127_103950_800x600-710x575.jpg 710w, https:\/\/www.europa-prefabri.com\/wp-content\/uploads\/20131127_103950_800x600-495x400.jpg 495w\" sizes=\"auto, (max-width: 710px) 100vw, 710px\" \/><\/div><\/a><a href=\"https:\/\/www.europa-prefabri.com\/wp-content\/uploads\/20131127_103848_800x600.jpg\" data-srcset=\"https:\/\/www.europa-prefabri.com\/wp-content\/uploads\/20131127_103848_800x600.jpg 800w, https:\/\/www.europa-prefabri.com\/wp-content\/uploads\/20131127_103848_800x600-300x225.jpg 300w, https:\/\/www.europa-prefabri.com\/wp-content\/uploads\/20131127_103848_800x600-450x337.jpg 450w\" data-sizes=\"(max-width: 800px) 100vw, 800px\" data-rel='gallery-1' data-prev-img='https:\/\/www.europa-prefabri.com\/wp-content\/uploads\/20131127_103848_800x600-710x575.jpg' class='aviaopeninbrowser noLightbox ' data-onclick='3' title='Modulos en KIT - Flat Pack'  itemprop=\"thumbnailUrl\"  ><img decoding=\"async\" fetchpriority=\"high\" class=\"wp-image-12966 avia-img-lazy-loading-not-12966\"   src=\"https:\/\/www.europa-prefabri.com\/wp-content\/uploads\/20131127_103848_800x600-495x400.jpg\" width=\"495\" height=\"400\"  title='Modulos en KIT - Flat Pack' alt='' srcset=\"https:\/\/www.europa-prefabri.com\/wp-content\/uploads\/20131127_103848_800x600-495x400.jpg 495w, https:\/\/www.europa-prefabri.com\/wp-content\/uploads\/20131127_103848_800x600-710x575.jpg 710w\" sizes=\"(max-width: 495px) 100vw, 495px\" \/><div class='big-prev-fake'><img decoding=\"async\" loading=\"lazy\" class=\"wp-image-12966 avia-img-lazy-loading-12966\"  width=\"710\" height=\"575\" src=\"https:\/\/www.europa-prefabri.com\/wp-content\/uploads\/20131127_103848_800x600-710x575.jpg\" title='Modulos en KIT - Flat Pack' alt='' srcset=\"https:\/\/www.europa-prefabri.com\/wp-content\/uploads\/20131127_103848_800x600-710x575.jpg 710w, https:\/\/www.europa-prefabri.com\/wp-content\/uploads\/20131127_103848_800x600-495x400.jpg 495w\" sizes=\"auto, (max-width: 710px) 100vw, 710px\" \/><\/div><\/a><a href=\"https:\/\/www.europa-prefabri.com\/wp-content\/uploads\/20140509_110223_800x600.jpg\" data-srcset=\"https:\/\/www.europa-prefabri.com\/wp-content\/uploads\/20140509_110223_800x600.jpg 800w, https:\/\/www.europa-prefabri.com\/wp-content\/uploads\/20140509_110223_800x600-300x225.jpg 300w, https:\/\/www.europa-prefabri.com\/wp-content\/uploads\/20140509_110223_800x600-450x337.jpg 450w\" data-sizes=\"(max-width: 800px) 100vw, 800px\" data-rel='gallery-1' data-prev-img='https:\/\/www.europa-prefabri.com\/wp-content\/uploads\/20140509_110223_800x600-710x575.jpg' class='aviaopeninbrowser noLightbox ' data-onclick='4' title='Casetas desmontables KIT'  itemprop=\"thumbnailUrl\"  ><img decoding=\"async\" fetchpriority=\"high\" class=\"wp-image-12965 avia-img-lazy-loading-not-12965\"   src=\"https:\/\/www.europa-prefabri.com\/wp-content\/uploads\/20140509_110223_800x600-495x400.jpg\" width=\"495\" height=\"400\"  title='Casetas desmontables KIT' alt='' srcset=\"https:\/\/www.europa-prefabri.com\/wp-content\/uploads\/20140509_110223_800x600-495x400.jpg 495w, https:\/\/www.europa-prefabri.com\/wp-content\/uploads\/20140509_110223_800x600-710x575.jpg 710w\" sizes=\"(max-width: 495px) 100vw, 495px\" \/><div class='big-prev-fake'><img decoding=\"async\" loading=\"lazy\" class=\"wp-image-12965 avia-img-lazy-loading-12965\"  width=\"710\" height=\"575\" src=\"https:\/\/www.europa-prefabri.com\/wp-content\/uploads\/20140509_110223_800x600-710x575.jpg\" title='Casetas desmontables KIT' alt='' srcset=\"https:\/\/www.europa-prefabri.com\/wp-content\/uploads\/20140509_110223_800x600-710x575.jpg 710w, https:\/\/www.europa-prefabri.com\/wp-content\/uploads\/20140509_110223_800x600-495x400.jpg 495w\" sizes=\"auto, (max-width: 710px) 100vw, 710px\" \/><\/div><\/a><a href=\"https:\/\/www.europa-prefabri.com\/wp-content\/uploads\/1236367_538339379571170_1406478837_n.jpg\" data-srcset=\"https:\/\/www.europa-prefabri.com\/wp-content\/uploads\/1236367_538339379571170_1406478837_n.jpg 960w, https:\/\/www.europa-prefabri.com\/wp-content\/uploads\/1236367_538339379571170_1406478837_n-300x224.jpg 300w, https:\/\/www.europa-prefabri.com\/wp-content\/uploads\/1236367_538339379571170_1406478837_n-450x336.jpg 450w\" data-sizes=\"(max-width: 960px) 100vw, 960px\" data-rel='gallery-1' data-prev-img='https:\/\/www.europa-prefabri.com\/wp-content\/uploads\/1236367_538339379571170_1406478837_n-710x575.jpg' class='aviaopeninbrowser noLightbox ' data-onclick='5' title='modulos en kit'  itemprop=\"thumbnailUrl\"  ><img decoding=\"async\" fetchpriority=\"high\" class=\"wp-image-9943 avia-img-lazy-loading-not-9943\"  data-avia-tooltip='modulos en kit' src=\"https:\/\/www.europa-prefabri.com\/wp-content\/uploads\/1236367_538339379571170_1406478837_n-495x400.jpg\" width=\"495\" height=\"400\"  title='modulos prefabricados' alt='' srcset=\"https:\/\/www.europa-prefabri.com\/wp-content\/uploads\/1236367_538339379571170_1406478837_n-495x400.jpg 495w, https:\/\/www.europa-prefabri.com\/wp-content\/uploads\/1236367_538339379571170_1406478837_n-710x575.jpg 710w\" sizes=\"(max-width: 495px) 100vw, 495px\" \/><div class='big-prev-fake'><img decoding=\"async\" loading=\"lazy\" class=\"wp-image-9943 avia-img-lazy-loading-9943\"  width=\"710\" height=\"575\" src=\"https:\/\/www.europa-prefabri.com\/wp-content\/uploads\/1236367_538339379571170_1406478837_n-710x575.jpg\" title='modulos prefabricados' alt='' srcset=\"https:\/\/www.europa-prefabri.com\/wp-content\/uploads\/1236367_538339379571170_1406478837_n-710x575.jpg 710w, https:\/\/www.europa-prefabri.com\/wp-content\/uploads\/1236367_538339379571170_1406478837_n-495x400.jpg 495w\" sizes=\"auto, (max-width: 710px) 100vw, 710px\" \/><\/div><\/a><a href=\"https:\/\/www.europa-prefabri.com\/wp-content\/uploads\/1209000_538339302904511_1628305027_n.jpg\" data-srcset=\"https:\/\/www.europa-prefabri.com\/wp-content\/uploads\/1209000_538339302904511_1628305027_n.jpg 960w, https:\/\/www.europa-prefabri.com\/wp-content\/uploads\/1209000_538339302904511_1628305027_n-300x225.jpg 300w, https:\/\/www.europa-prefabri.com\/wp-content\/uploads\/1209000_538339302904511_1628305027_n-450x337.jpg 450w\" data-sizes=\"(max-width: 960px) 100vw, 960px\" data-rel='gallery-1' data-prev-img='https:\/\/www.europa-prefabri.com\/wp-content\/uploads\/1209000_538339302904511_1628305027_n-710x575.jpg' class='aviaopeninbrowser noLightbox ' data-onclick='6' title='modulos en kit'  itemprop=\"thumbnailUrl\"  ><img decoding=\"async\" fetchpriority=\"high\" class=\"wp-image-9939 avia-img-lazy-loading-not-9939\"  data-avia-tooltip='modulos en kit' src=\"https:\/\/www.europa-prefabri.com\/wp-content\/uploads\/1209000_538339302904511_1628305027_n-495x400.jpg\" width=\"495\" height=\"400\"  title='modulos prefabricados' alt='' srcset=\"https:\/\/www.europa-prefabri.com\/wp-content\/uploads\/1209000_538339302904511_1628305027_n-495x400.jpg 495w, https:\/\/www.europa-prefabri.com\/wp-content\/uploads\/1209000_538339302904511_1628305027_n-710x575.jpg 710w\" sizes=\"(max-width: 495px) 100vw, 495px\" \/><div class='big-prev-fake'><img decoding=\"async\" loading=\"lazy\" class=\"wp-image-9939 avia-img-lazy-loading-9939\"  width=\"710\" height=\"575\" src=\"https:\/\/www.europa-prefabri.com\/wp-content\/uploads\/1209000_538339302904511_1628305027_n-710x575.jpg\" title='modulos prefabricados' alt='' srcset=\"https:\/\/www.europa-prefabri.com\/wp-content\/uploads\/1209000_538339302904511_1628305027_n-710x575.jpg 710w, https:\/\/www.europa-prefabri.com\/wp-content\/uploads\/1209000_538339302904511_1628305027_n-495x400.jpg 495w\" sizes=\"auto, (max-width: 710px) 100vw, 710px\" \/><\/div><\/a><a href=\"https:\/\/www.europa-prefabri.com\/wp-content\/uploads\/1-modulos-kit.jpg\" data-srcset=\"https:\/\/www.europa-prefabri.com\/wp-content\/uploads\/1-modulos-kit.jpg 710w, https:\/\/www.europa-prefabri.com\/wp-content\/uploads\/1-modulos-kit-300x242.jpg 300w, https:\/\/www.europa-prefabri.com\/wp-content\/uploads\/1-modulos-kit-495x400.jpg 495w, https:\/\/www.europa-prefabri.com\/wp-content\/uploads\/1-modulos-kit-450x364.jpg 450w\" data-sizes=\"(max-width: 710px) 100vw, 710px\" data-rel='gallery-1' data-prev-img='https:\/\/www.europa-prefabri.com\/wp-content\/uploads\/1-modulos-kit.jpg' class='aviaopeninbrowser noLightbox ' data-onclick='7' title='1-modulos-kit'  itemprop=\"thumbnailUrl\"  ><img decoding=\"async\" fetchpriority=\"high\" class=\"wp-image-12935 avia-img-lazy-loading-not-12935\"   src=\"https:\/\/www.europa-prefabri.com\/wp-content\/uploads\/1-modulos-kit-495x400.jpg\" width=\"495\" height=\"400\"  title='1-modulos-kit' alt='' srcset=\"https:\/\/www.europa-prefabri.com\/wp-content\/uploads\/1-modulos-kit-495x400.jpg 495w, https:\/\/www.europa-prefabri.com\/wp-content\/uploads\/1-modulos-kit-300x242.jpg 300w, https:\/\/www.europa-prefabri.com\/wp-content\/uploads\/1-modulos-kit-450x364.jpg 450w, https:\/\/www.europa-prefabri.com\/wp-content\/uploads\/1-modulos-kit.jpg 710w\" sizes=\"(max-width: 495px) 100vw, 495px\" \/><div class='big-prev-fake'><img decoding=\"async\" loading=\"lazy\" class=\"wp-image-12935 avia-img-lazy-loading-12935\"  width=\"710\" height=\"575\" src=\"https:\/\/www.europa-prefabri.com\/wp-content\/uploads\/1-modulos-kit.jpg\" title='1-modulos-kit' alt='' srcset=\"https:\/\/www.europa-prefabri.com\/wp-content\/uploads\/1-modulos-kit.jpg 710w, https:\/\/www.europa-prefabri.com\/wp-content\/uploads\/1-modulos-kit-300x242.jpg 300w, https:\/\/www.europa-prefabri.com\/wp-content\/uploads\/1-modulos-kit-495x400.jpg 495w, https:\/\/www.europa-prefabri.com\/wp-content\/uploads\/1-modulos-kit-450x364.jpg 450w\" sizes=\"auto, (max-width: 710px) 100vw, 710px\" \/><\/div><\/a><a href=\"https:\/\/www.europa-prefabri.com\/wp-content\/uploads\/575257_538339262904515_8715942_n.jpg\" data-srcset=\"https:\/\/www.europa-prefabri.com\/wp-content\/uploads\/575257_538339262904515_8715942_n.jpg 960w, https:\/\/www.europa-prefabri.com\/wp-content\/uploads\/575257_538339262904515_8715942_n-300x224.jpg 300w, https:\/\/www.europa-prefabri.com\/wp-content\/uploads\/575257_538339262904515_8715942_n-450x336.jpg 450w\" data-sizes=\"(max-width: 960px) 100vw, 960px\" data-rel='gallery-1' data-prev-img='https:\/\/www.europa-prefabri.com\/wp-content\/uploads\/575257_538339262904515_8715942_n-710x575.jpg' class='first_thumb aviaopeninbrowser noLightbox ' data-onclick='8' title='modulos en kit'  itemprop=\"thumbnailUrl\"  ><img decoding=\"async\" fetchpriority=\"high\" class=\"wp-image-9936 avia-img-lazy-loading-not-9936\"  data-avia-tooltip='modulos en kit' src=\"https:\/\/www.europa-prefabri.com\/wp-content\/uploads\/575257_538339262904515_8715942_n-495x400.jpg\" width=\"495\" height=\"400\"  title='modulos prefabricados' alt='' srcset=\"https:\/\/www.europa-prefabri.com\/wp-content\/uploads\/575257_538339262904515_8715942_n-495x400.jpg 495w, https:\/\/www.europa-prefabri.com\/wp-content\/uploads\/575257_538339262904515_8715942_n-710x575.jpg 710w\" sizes=\"(max-width: 495px) 100vw, 495px\" \/><div class='big-prev-fake'><img decoding=\"async\" loading=\"lazy\" class=\"wp-image-9936 avia-img-lazy-loading-9936\"  width=\"710\" height=\"575\" src=\"https:\/\/www.europa-prefabri.com\/wp-content\/uploads\/575257_538339262904515_8715942_n-710x575.jpg\" title='modulos prefabricados' alt='' srcset=\"https:\/\/www.europa-prefabri.com\/wp-content\/uploads\/575257_538339262904515_8715942_n-710x575.jpg 710w, https:\/\/www.europa-prefabri.com\/wp-content\/uploads\/575257_538339262904515_8715942_n-495x400.jpg 495w\" sizes=\"auto, (max-width: 710px) 100vw, 710px\" \/><\/div><\/a><a href=\"https:\/\/www.europa-prefabri.com\/wp-content\/uploads\/2013-11-13-12.19.08-1030x772.jpg\" data-srcset=\"https:\/\/www.europa-prefabri.com\/wp-content\/uploads\/2013-11-13-12.19.08-1030x772.jpg 1030w, https:\/\/www.europa-prefabri.com\/wp-content\/uploads\/2013-11-13-12.19.08-300x225.jpg 300w, https:\/\/www.europa-prefabri.com\/wp-content\/uploads\/2013-11-13-12.19.08-1500x1125.jpg 1500w, https:\/\/www.europa-prefabri.com\/wp-content\/uploads\/2013-11-13-12.19.08-450x337.jpg 450w, https:\/\/www.europa-prefabri.com\/wp-content\/uploads\/2013-11-13-12.19.08.jpg 2048w\" data-sizes=\"(max-width: 1030px) 100vw, 1030px\" data-rel='gallery-1' data-prev-img='https:\/\/www.europa-prefabri.com\/wp-content\/uploads\/2013-11-13-12.19.08-710x575.jpg' class='aviaopeninbrowser noLightbox ' data-onclick='9' title='M\u00f3dulos KIT'  itemprop=\"thumbnailUrl\"  ><img decoding=\"async\" fetchpriority=\"high\" class=\"wp-image-12964 avia-img-lazy-loading-not-12964\"   src=\"https:\/\/www.europa-prefabri.com\/wp-content\/uploads\/2013-11-13-12.19.08-495x400.jpg\" width=\"495\" height=\"400\"  title='M\u00f3dulos KIT' alt='' srcset=\"https:\/\/www.europa-prefabri.com\/wp-content\/uploads\/2013-11-13-12.19.08-495x400.jpg 495w, https:\/\/www.europa-prefabri.com\/wp-content\/uploads\/2013-11-13-12.19.08-710x575.jpg 710w\" sizes=\"(max-width: 495px) 100vw, 495px\" \/><div class='big-prev-fake'><img decoding=\"async\" loading=\"lazy\" class=\"wp-image-12964 avia-img-lazy-loading-12964\"  width=\"710\" height=\"575\" src=\"https:\/\/www.europa-prefabri.com\/wp-content\/uploads\/2013-11-13-12.19.08-710x575.jpg\" title='M\u00f3dulos KIT' alt='' srcset=\"https:\/\/www.europa-prefabri.com\/wp-content\/uploads\/2013-11-13-12.19.08-710x575.jpg 710w, https:\/\/www.europa-prefabri.com\/wp-content\/uploads\/2013-11-13-12.19.08-495x400.jpg 495w\" sizes=\"auto, (max-width: 710px) 100vw, 710px\" \/><\/div><\/a><a href=\"https:\/\/www.europa-prefabri.com\/wp-content\/uploads\/993706_538339362904505_753683835_n.jpg\" data-srcset=\"https:\/\/www.europa-prefabri.com\/wp-content\/uploads\/993706_538339362904505_753683835_n.jpg 960w, https:\/\/www.europa-prefabri.com\/wp-content\/uploads\/993706_538339362904505_753683835_n-300x224.jpg 300w, https:\/\/www.europa-prefabri.com\/wp-content\/uploads\/993706_538339362904505_753683835_n-450x336.jpg 450w\" data-sizes=\"(max-width: 960px) 100vw, 960px\" data-rel='gallery-1' data-prev-img='https:\/\/www.europa-prefabri.com\/wp-content\/uploads\/993706_538339362904505_753683835_n-710x575.jpg' class='aviaopeninbrowser noLightbox ' data-onclick='10' title='modulos en kit'  itemprop=\"thumbnailUrl\"  ><img decoding=\"async\" fetchpriority=\"high\" class=\"wp-image-9938 avia-img-lazy-loading-not-9938\"  data-avia-tooltip='modulos en kit' src=\"https:\/\/www.europa-prefabri.com\/wp-content\/uploads\/993706_538339362904505_753683835_n-495x400.jpg\" width=\"495\" height=\"400\"  title='modulos prefabricados' alt='' srcset=\"https:\/\/www.europa-prefabri.com\/wp-content\/uploads\/993706_538339362904505_753683835_n-495x400.jpg 495w, https:\/\/www.europa-prefabri.com\/wp-content\/uploads\/993706_538339362904505_753683835_n-710x575.jpg 710w\" sizes=\"(max-width: 495px) 100vw, 495px\" \/><div class='big-prev-fake'><img decoding=\"async\" loading=\"lazy\" class=\"wp-image-9938 avia-img-lazy-loading-9938\"  width=\"710\" height=\"575\" src=\"https:\/\/www.europa-prefabri.com\/wp-content\/uploads\/993706_538339362904505_753683835_n-710x575.jpg\" title='modulos prefabricados' alt='' srcset=\"https:\/\/www.europa-prefabri.com\/wp-content\/uploads\/993706_538339362904505_753683835_n-710x575.jpg 710w, https:\/\/www.europa-prefabri.com\/wp-content\/uploads\/993706_538339362904505_753683835_n-495x400.jpg 495w\" sizes=\"auto, (max-width: 710px) 100vw, 710px\" \/><\/div><\/a><\/div><\/div><\/div>\n\n<style type=\"text\/css\" data-created_by=\"avia_inline_auto\" id=\"style-css-av-av_one_third-0aa7055fe62c3622faec82866afbaeb2\">\n.flex_column.av-av_one_third-0aa7055fe62c3622faec82866afbaeb2{\nborder-radius:0px 0px 0px 0px;\npadding:0px 0px 0px 0px;\n}\n<\/style>\n<div  class='flex_column av-av_one_third-0aa7055fe62c3622faec82866afbaeb2 av_one_third  avia-builder-el-2  el_after_av_two_third  el_before_av_one_full  flex_column_div av-zero-column-padding  '     ><section  class='av_textblock_section av-av_textblock-2de302bf1aa3cf4c9157dbe6f50ac7eb '   itemscope=\"itemscope\" itemtype=\"https:\/\/schema.org\/CreativeWork\" ><div class='avia_textblock'  itemprop=\"text\" ><h2>Modules en KIT ou FLAT-PACK<\/h2>\n<p>Modules pr\u00e9fabriqu\u00e9s compl\u00e8tement d\u00e9montables en syst\u00e8me KIT ou FLAT-PACK, con\u00e7us pour occuper le minimum d\u2019espace possible et r\u00e9duire les co\u00fbts de transport tout en facilitant l\u2019assemblage \u00e0 destination.<\/p>\n<p>Avec ce syst\u00e8me nous pouvons envoyer nos constructions modulaires n\u2019importe o\u00f9 et l\u2019installation \u00e0 destination est tr\u00e8s simple. Elle peut \u00eatre faite par le client en quelques heures en suivant les instructions et vid\u00e9os que nous fournissons.<\/p>\n<p>Nous proposons \u00e9galement un service technique complet qui inclut la gestion du transport et l\u2019ex\u00e9cution de l\u2019assemblage avec nos techniciens dans tous les pays.<\/p>\n<\/div><\/section><br \/>\n<div  class='togglecontainer av-av_toggle_container-3db3bf9baa9aa7fee59103dfaf5a6e4b  avia-builder-el-4  el_after_av_textblock  avia-builder-el-last  toggle_close_all' >\n<section class='av_toggle_section av-av_toggle-8026e4631aadbde413f1c77ea3cde883'  itemscope=\"itemscope\" itemtype=\"https:\/\/schema.org\/CreativeWork\" ><div role=\"tablist\" class=\"single_toggle\" data-tags=\"{Tout} \"  ><p id='toggle-toggle-id-1' data-fake-id='#toggle-id-1' class='toggler  av-title-above '  itemprop=\"headline\"  role='tab' tabindex='0' aria-controls='toggle-id-1' data-slide-speed=\"200\" data-title=\"Transport\" data-title-open=\"\" data-aria_collapsed=\"Cliquez pour \u00e9tendre : Transport\" data-aria_expanded=\"Cliquez pour r\u00e9duire : Transport\">Transport<span class=\"toggle_icon\"><span class=\"vert_icon\"><\/span><span class=\"hor_icon\"><\/span><\/span><\/p><div id='toggle-id-1' aria-labelledby='toggle-toggle-id-1' role='region' class='toggle_wrap  av-title-above'  ><div class='toggle_content invers-color '  itemprop=\"text\" ><ul>\n<li>Syst\u00e8me sp\u00e9cialement con\u00e7u pour le transport par conteneurs maritimes ou par camions.<\/li>\n<li>Diff\u00e9rentes options en fonction des dimensions des modules.<\/li>\n<\/ul>\n<\/div><\/div><\/div><\/section>\n<section class='av_toggle_section av-av_toggle-616ee0c7f602ed85d303f3cde523b0b0'  itemscope=\"itemscope\" itemtype=\"https:\/\/schema.org\/CreativeWork\" ><div role=\"tablist\" class=\"single_toggle\" data-tags=\"{Tout} \"  ><p id='toggle-toggle-id-2' data-fake-id='#toggle-id-2' class='toggler  av-title-above '  itemprop=\"headline\"  role='tab' tabindex='0' aria-controls='toggle-id-2' data-slide-speed=\"200\" data-title=\"Montage\" data-title-open=\"\" data-aria_collapsed=\"Cliquez pour \u00e9tendre : Montage\" data-aria_expanded=\"Cliquez pour r\u00e9duire : Montage\">Montage<span class=\"toggle_icon\"><span class=\"vert_icon\"><\/span><span class=\"hor_icon\"><\/span><\/span><\/p><div id='toggle-id-2' aria-labelledby='toggle-toggle-id-2' role='region' class='toggle_wrap  av-title-above'  ><div class='toggle_content invers-color '  itemprop=\"text\" ><ul>\n<li>Facile et rapide.<\/li>\n<li>Le montage peut \u00eatre effectu\u00e9 directement par le client avec les instructions que nous facilitons ou avec l\u2019aide de nos techniciens.<\/li>\n<\/ul>\n<\/div><\/div><\/div><\/section>\n<section class='av_toggle_section av-av_toggle-f21cebd51b023577f50cc9a3ef2b2942'  itemscope=\"itemscope\" itemtype=\"https:\/\/schema.org\/CreativeWork\" ><div role=\"tablist\" class=\"single_toggle\" data-tags=\"{Tout} \"  ><p id='toggle-toggle-id-3' data-fake-id='#toggle-id-3' class='toggler  av-title-above '  itemprop=\"headline\"  role='tab' tabindex='0' aria-controls='toggle-id-3' data-slide-speed=\"200\" data-title=\"R\u00e9utilisables\" data-title-open=\"\" data-aria_collapsed=\"Cliquez pour \u00e9tendre : R\u00e9utilisables\" data-aria_expanded=\"Cliquez pour r\u00e9duire : R\u00e9utilisables\">R\u00e9utilisables<span class=\"toggle_icon\"><span class=\"vert_icon\"><\/span><span class=\"hor_icon\"><\/span><\/span><\/p><div id='toggle-id-3' aria-labelledby='toggle-toggle-id-3' role='region' class='toggle_wrap  av-title-above'  ><div class='toggle_content invers-color '  itemprop=\"text\" ><ul>\n<li>Facilit\u00e9 pour monter de nouveau le Kit et de le transferer vers un autre chantier.<\/li>\n<\/ul>\n<\/div><\/div><\/div><\/section>\n<\/div><\/p><\/div>\n<style type=\"text\/css\" data-created_by=\"avia_inline_auto\" id=\"style-css-av-av_one_full-6126cab7d8fab8d08143dd2dacdf673c\">\n.flex_column.av-av_one_full-6126cab7d8fab8d08143dd2dacdf673c{\nborder-radius:0px 0px 0px 0px;\npadding:0px 0px 0px 0px;\n}\n<\/style>\n<div  class='flex_column av-av_one_full-6126cab7d8fab8d08143dd2dacdf673c av_one_full  avia-builder-el-5  el_after_av_one_third  avia-builder-el-last  first flex_column_div av-zero-column-padding  column-top-margin'     ><p>\n<style type=\"text\/css\" data-created_by=\"avia_inline_auto\" id=\"style-css-av-av_heading-661dd117e86789ef6be68e5033660724\">\n#top .av-special-heading.av-av_heading-661dd117e86789ef6be68e5033660724{\npadding-bottom:10px;\n}\nbody .av-special-heading.av-av_heading-661dd117e86789ef6be68e5033660724 .av-special-heading-tag .heading-char{\nfont-size:25px;\n}\n.av-special-heading.av-av_heading-661dd117e86789ef6be68e5033660724 .av-subheading{\nfont-size:15px;\n}\n<\/style>\n<div  class='av-special-heading av-av_heading-661dd117e86789ef6be68e5033660724 av-special-heading-h3  avia-builder-el-6  el_before_av_portfolio  avia-builder-el-no-sibling '><h3 class='av-special-heading-tag '  itemprop=\"headline\"  >Produits similaires<\/h3><div class=\"special-heading-border\"><div class=\"special-heading-inner-border\"><\/div><\/div><\/div><br \/>\n<div  id=\"av-sc-portfolio-1\"  class=\"av-portfolio-grid-sorting-container\"><div class='sort_width_container  av-sort-yes' data-portfolio-id='1' ><div id='js_sort_items' ><div class='sort_by_cat hidden'><a href=\"#\" data-filter=\"all_sort\" class=\"all_sort_button active_sort\"><span class=\"inner_sort_button\"><span>Tout<\/span><small class=\"av-cat-count\"> 5 <\/small><\/span><\/a><span class=\"text-sep construction-modulaire_sort_sep\">\/<\/span><a href=\"#\" data-filter=\"construction-modulaire_sort\" class=\"construction-modulaire_sort_button\" ><span class=\"inner_sort_button\"><span>Construction Modulaire<\/span><small class=\"av-cat-count\"> 5 <\/small><\/span><\/a><\/div><\/div><\/div><div  class=' grid-sort-container isotope   no_margin-container with-title-container grid-total-odd grid-col-5 grid-links-' data-portfolio-id='1'><div data-ajax-id='28550' class=' grid-entry flex_column isotope-item all_sort no_margin post-entry post-entry-28550 grid-entry-overview grid-loop-1 grid-parity-odd  construction-modulaire_sort  av_one_fifth first default_av_fullwidth '><article class='main_color inner-entry'  itemscope=\"itemscope\" itemtype=\"https:\/\/schema.org\/CreativeWork\" ><a href=\"https:\/\/www.europa-prefabri.com\/fr\/portfolio-item\/conteneurs-de-stockage\/\" title='Conteneurs de stockage'  data-rel='grid-1' class='grid-image avia-hover-fx'> <img decoding=\"async\" fetchpriority=\"high\" width=\"260\" height=\"185\" src=\"https:\/\/www.europa-prefabri.com\/wp-content\/uploads\/contenedor-europa-prefabri-260x185.png\" class=\"wp-image-12750 avia-img-lazy-loading-not-12750 attachment-portfolio_small size-portfolio_small wp-post-image\" alt=\"\" \/><\/a><div class='grid-content'><div class='avia-arrow'><\/div><header class=\"entry-content-header\" aria-label=\"Portfolio : Conteneurs de stockage\"><h3 class='grid-entry-title entry-title '  itemprop=\"headline\" ><a href='https:\/\/www.europa-prefabri.com\/fr\/portfolio-item\/conteneurs-de-stockage\/' title='Conteneurs de stockage'>Conteneurs de stockage<\/a><\/h3><\/header><\/div><footer class=\"entry-footer\"><\/footer><\/article><\/div><div data-ajax-id='28548' class=' grid-entry flex_column isotope-item all_sort no_margin post-entry post-entry-28548 grid-entry-overview grid-loop-2 grid-parity-even  construction-modulaire_sort  av_one_fifth  default_av_fullwidth '><article class='main_color inner-entry'  itemscope=\"itemscope\" itemtype=\"https:\/\/schema.org\/CreativeWork\" ><a href=\"https:\/\/www.europa-prefabri.com\/fr\/portfolio-item\/batiments-prefabriques\/\" title='B\u00e2timents pr\u00e9fabriqu\u00e9s'  data-rel='grid-1' class='grid-image avia-hover-fx'> <img decoding=\"async\" fetchpriority=\"high\" width=\"260\" height=\"185\" src=\"https:\/\/www.europa-prefabri.com\/wp-content\/uploads\/edificio-prefabricado-europa-prefabri-260x185.png\" class=\"wp-image-12762 avia-img-lazy-loading-not-12762 attachment-portfolio_small size-portfolio_small wp-post-image\" alt=\"\" \/><\/a><div class='grid-content'><div class='avia-arrow'><\/div><header class=\"entry-content-header\" aria-label=\"Portfolio : B\u00e2timents pr\u00e9fabriqu\u00e9s\"><h3 class='grid-entry-title entry-title '  itemprop=\"headline\" ><a href='https:\/\/www.europa-prefabri.com\/fr\/portfolio-item\/batiments-prefabriques\/' title='B\u00e2timents pr\u00e9fabriqu\u00e9s'>B\u00e2timents pr\u00e9fabriqu\u00e9s<\/a><\/h3><\/header><\/div><footer class=\"entry-footer\"><\/footer><\/article><\/div><div data-ajax-id='3117' class=' grid-entry flex_column isotope-item all_sort no_margin post-entry post-entry-3117 grid-entry-overview grid-loop-3 grid-parity-odd  construccion-modular_sort construction-modulaire_sort  av_one_fifth  default_av_fullwidth '><article class='main_color inner-entry'  itemscope=\"itemscope\" itemtype=\"https:\/\/schema.org\/CreativeWork\" ><a href=\"https:\/\/www.europa-prefabri.com\/fr\/portfolio-item\/bungalows-de-chantier\/\" title='Bungalows de chantier'  data-rel='grid-1' class='grid-image avia-hover-fx'> <img decoding=\"async\" fetchpriority=\"high\" width=\"260\" height=\"185\" src=\"https:\/\/www.europa-prefabri.com\/wp-content\/uploads\/caseta-de-obra-europa-prefabri-260x185.png\" class=\"wp-image-12746 avia-img-lazy-loading-not-12746 attachment-portfolio_small size-portfolio_small wp-post-image\" alt=\"Bungalows de chantier\" \/><\/a><div class='grid-content'><div class='avia-arrow'><\/div><header class=\"entry-content-header\" aria-label=\"Portfolio : Bungalows de chantier\"><h3 class='grid-entry-title entry-title '  itemprop=\"headline\" ><a href='https:\/\/www.europa-prefabri.com\/fr\/portfolio-item\/bungalows-de-chantier\/' title='Bungalows de chantier'>Bungalows de chantier<\/a><\/h3><\/header><\/div><footer class=\"entry-footer\"><\/footer><\/article><\/div><div data-ajax-id='3271' class=' grid-entry flex_column isotope-item all_sort no_margin post-entry post-entry-3271 grid-entry-overview grid-loop-4 grid-parity-even  construction-modulaire_sort  av_one_fifth  default_av_fullwidth '><article class='main_color inner-entry'  itemscope=\"itemscope\" itemtype=\"https:\/\/schema.org\/CreativeWork\" ><a href=\"https:\/\/www.europa-prefabri.com\/fr\/portfolio-item\/bases-de-vie\/\" title='Bases de vie'  data-rel='grid-1' class='grid-image avia-hover-fx'> <img decoding=\"async\" fetchpriority=\"high\" width=\"260\" height=\"185\" src=\"https:\/\/www.europa-prefabri.com\/wp-content\/uploads\/IMAG1585_800x452-260x185.jpg\" class=\"wp-image-7810 avia-img-lazy-loading-not-7810 attachment-portfolio_small size-portfolio_small wp-post-image\" alt=\"campamento modular de oficinas en lagos nigeria\" \/><\/a><div class='grid-content'><div class='avia-arrow'><\/div><header class=\"entry-content-header\" aria-label=\"Portfolio : Bases de vie\"><h3 class='grid-entry-title entry-title '  itemprop=\"headline\" ><a href='https:\/\/www.europa-prefabri.com\/fr\/portfolio-item\/bases-de-vie\/' title='Bases de vie'>Bases de vie<\/a><\/h3><\/header><\/div><footer class=\"entry-footer\"><\/footer><\/article><\/div><div data-ajax-id='3268' class=' grid-entry flex_column isotope-item all_sort no_margin post-entry post-entry-3268 grid-entry-overview grid-loop-5 grid-parity-odd  post-entry-last  construction-modulaire_sort  av_one_fifth  default_av_fullwidth '><article class='main_color inner-entry'  itemscope=\"itemscope\" itemtype=\"https:\/\/schema.org\/CreativeWork\" ><a href=\"https:\/\/www.europa-prefabri.com\/fr\/portfolio-item\/modules-en-kit\/\" title='Boungalows en KIT'  data-rel='grid-1' class='grid-image avia-hover-fx'> <img decoding=\"async\" fetchpriority=\"high\" width=\"260\" height=\"185\" src=\"https:\/\/www.europa-prefabri.com\/wp-content\/uploads\/modulos-en-kit-europa-prefabri-260x185.png\" class=\"wp-image-12778 avia-img-lazy-loading-not-12778 attachment-portfolio_small size-portfolio_small wp-post-image\" alt=\"\" \/><\/a><div class='grid-content'><div class='avia-arrow'><\/div><header class=\"entry-content-header\" aria-label=\"Portfolio : Boungalows en KIT\"><h3 class='grid-entry-title entry-title '  itemprop=\"headline\" ><a href='https:\/\/www.europa-prefabri.com\/fr\/portfolio-item\/modules-en-kit\/' title='Boungalows en KIT'>Boungalows en KIT<\/a><\/h3><\/header><\/div><footer class=\"entry-footer\"><\/footer><\/article><\/div><\/div><\/div>   <!--   class=\"av-portfolio-grid-sorting-container\"  --><\/p><\/div><\/p>\n","protected":false},"excerpt":{"rendered":"","protected":false},"author":4,"featured_media":12778,"comment_status":"closed","ping_status":"closed","template":"","meta":{"footnotes":""},"tags":[],"portfolio_entries":[93],"class_list":["post-3268","portfolio","type-portfolio","status-publish","has-post-thumbnail","hentry","portfolio_entries-construction-modulaire"],"yoast_head":"<!-- This site is optimized with the Yoast SEO plugin v27.5 - https:\/\/yoast.com\/product\/yoast-seo-wordpress\/ -->\n<title>EUROPA PREFABRI livre les modules avec un syst\u00e8me pratique et innovant.<\/title>\n<meta name=\"description\" content=\"EUROPA PREFABRI propose une livraison des modules en syst\u00e8me de KIT pour faciliter leur transport et montage. Gr\u00e2ce \u00e0 ce syst\u00e8me, le transport s&#039;optimise et le montage est plus facile \u00e0 faire (m\u00eame pour des personnes sans formation sp\u00e9ciale).\" \/>\n<meta name=\"robots\" content=\"index, follow, max-snippet:-1, max-image-preview:large, max-video-preview:-1\" \/>\n<link rel=\"canonical\" href=\"https:\/\/www.europa-prefabri.com\/fr\/portfolio-item\/modules-en-kit\/\" \/>\n<meta property=\"og:locale\" content=\"fr_FR\" \/>\n<meta property=\"og:type\" content=\"article\" \/>\n<meta property=\"og:title\" content=\"EUROPA PREFABRI livre les modules avec un syst\u00e8me pratique et innovant.\" \/>\n<meta property=\"og:description\" content=\"EUROPA PREFABRI propose une livraison des modules en syst\u00e8me de KIT pour faciliter leur transport et montage. Gr\u00e2ce \u00e0 ce syst\u00e8me, le transport s&#039;optimise et le montage est plus facile \u00e0 faire (m\u00eame pour des personnes sans formation sp\u00e9ciale).\" \/>\n<meta property=\"og:url\" content=\"https:\/\/www.europa-prefabri.com\/fr\/portfolio-item\/modules-en-kit\/\" \/>\n<meta property=\"og:site_name\" content=\"Europa Prefabri | Alquiler y venta de construcciones modulares\" \/>\n<meta property=\"article:publisher\" content=\"https:\/\/www.facebook.com\/Europa-Prefabri-258328977572213\/\" \/>\n<meta property=\"article:modified_time\" content=\"2021-04-23T11:28:50+00:00\" \/>\n<meta property=\"og:image\" content=\"https:\/\/www.europa-prefabri.com\/wp-content\/uploads\/modulos-en-kit-europa-prefabri.png\" \/>\n\t<meta property=\"og:image:width\" content=\"800\" \/>\n\t<meta property=\"og:image:height\" content=\"600\" \/>\n\t<meta property=\"og:image:type\" content=\"image\/png\" \/>\n<meta name=\"twitter:card\" content=\"summary_large_image\" \/>\n<meta name=\"twitter:site\" content=\"@EuropaPrefabri\" \/>\n<meta name=\"twitter:label1\" content=\"Est. reading time\" \/>\n\t<meta name=\"twitter:data1\" content=\"2 minutes\" \/>\n<script type=\"application\/ld+json\" class=\"yoast-schema-graph\">{\"@context\":\"https:\\\/\\\/schema.org\",\"@graph\":[{\"@type\":\"WebPage\",\"@id\":\"https:\\\/\\\/www.europa-prefabri.com\\\/fr\\\/portfolio-item\\\/modules-en-kit\\\/\",\"url\":\"https:\\\/\\\/www.europa-prefabri.com\\\/fr\\\/portfolio-item\\\/modules-en-kit\\\/\",\"name\":\"EUROPA PREFABRI livre les modules avec un syst\u00e8me pratique et innovant.\",\"isPartOf\":{\"@id\":\"https:\\\/\\\/www.europa-prefabri.com\\\/#website\"},\"primaryImageOfPage\":{\"@id\":\"https:\\\/\\\/www.europa-prefabri.com\\\/fr\\\/portfolio-item\\\/modules-en-kit\\\/#primaryimage\"},\"image\":{\"@id\":\"https:\\\/\\\/www.europa-prefabri.com\\\/fr\\\/portfolio-item\\\/modules-en-kit\\\/#primaryimage\"},\"thumbnailUrl\":\"https:\\\/\\\/www.europa-prefabri.com\\\/wp-content\\\/uploads\\\/modulos-en-kit-europa-prefabri.png\",\"datePublished\":\"2013-11-27T15:24:13+00:00\",\"dateModified\":\"2021-04-23T11:28:50+00:00\",\"description\":\"EUROPA PREFABRI propose une livraison des modules en syst\u00e8me de KIT pour faciliter leur transport et montage. Gr\u00e2ce \u00e0 ce syst\u00e8me, le transport s'optimise et le montage est plus facile \u00e0 faire (m\u00eame pour des personnes sans formation sp\u00e9ciale).\",\"breadcrumb\":{\"@id\":\"https:\\\/\\\/www.europa-prefabri.com\\\/fr\\\/portfolio-item\\\/modules-en-kit\\\/#breadcrumb\"},\"inLanguage\":\"fr-FR\",\"potentialAction\":[{\"@type\":\"ReadAction\",\"target\":[\"https:\\\/\\\/www.europa-prefabri.com\\\/fr\\\/portfolio-item\\\/modules-en-kit\\\/\"]}]},{\"@type\":\"ImageObject\",\"inLanguage\":\"fr-FR\",\"@id\":\"https:\\\/\\\/www.europa-prefabri.com\\\/fr\\\/portfolio-item\\\/modules-en-kit\\\/#primaryimage\",\"url\":\"https:\\\/\\\/www.europa-prefabri.com\\\/wp-content\\\/uploads\\\/modulos-en-kit-europa-prefabri.png\",\"contentUrl\":\"https:\\\/\\\/www.europa-prefabri.com\\\/wp-content\\\/uploads\\\/modulos-en-kit-europa-prefabri.png\",\"width\":800,\"height\":600},{\"@type\":\"BreadcrumbList\",\"@id\":\"https:\\\/\\\/www.europa-prefabri.com\\\/fr\\\/portfolio-item\\\/modules-en-kit\\\/#breadcrumb\",\"itemListElement\":[{\"@type\":\"ListItem\",\"position\":1,\"name\":\"Portada\",\"item\":\"https:\\\/\\\/www.europa-prefabri.com\\\/fr\\\/\"},{\"@type\":\"ListItem\",\"position\":2,\"name\":\"Boungalows en KIT\"}]},{\"@type\":\"WebSite\",\"@id\":\"https:\\\/\\\/www.europa-prefabri.com\\\/#website\",\"url\":\"https:\\\/\\\/www.europa-prefabri.com\\\/\",\"name\":\"Europa Prefabri | Alquiler y venta de construcciones modulares\",\"description\":\"Alquiler y venta de construcciones modulares, casetas de obra, marquesinas de aparcamiento y vallas y cerramientos.\",\"publisher\":{\"@id\":\"https:\\\/\\\/www.europa-prefabri.com\\\/#organization\"},\"potentialAction\":[{\"@type\":\"SearchAction\",\"target\":{\"@type\":\"EntryPoint\",\"urlTemplate\":\"https:\\\/\\\/www.europa-prefabri.com\\\/?s={search_term_string}\"},\"query-input\":{\"@type\":\"PropertyValueSpecification\",\"valueRequired\":true,\"valueName\":\"search_term_string\"}}],\"inLanguage\":\"fr-FR\"},{\"@type\":\"Organization\",\"@id\":\"https:\\\/\\\/www.europa-prefabri.com\\\/#organization\",\"name\":\"Prefabri S.L.\",\"url\":\"https:\\\/\\\/www.europa-prefabri.com\\\/\",\"logo\":{\"@type\":\"ImageObject\",\"inLanguage\":\"fr-FR\",\"@id\":\"https:\\\/\\\/www.europa-prefabri.com\\\/#\\\/schema\\\/logo\\\/image\\\/\",\"url\":\"https:\\\/\\\/www.europa-prefabri.com\\\/wp-content\\\/uploads\\\/EuropaPrefabri-Logo.jpg\",\"contentUrl\":\"https:\\\/\\\/www.europa-prefabri.com\\\/wp-content\\\/uploads\\\/EuropaPrefabri-Logo.jpg\",\"width\":752,\"height\":348,\"caption\":\"Prefabri S.L.\"},\"image\":{\"@id\":\"https:\\\/\\\/www.europa-prefabri.com\\\/#\\\/schema\\\/logo\\\/image\\\/\"},\"sameAs\":[\"https:\\\/\\\/www.facebook.com\\\/Europa-Prefabri-258328977572213\\\/\",\"https:\\\/\\\/x.com\\\/EuropaPrefabri\",\"https:\\\/\\\/www.instagram.com\\\/europaprefabri\\\/\",\"https:\\\/\\\/es.linkedin.com\\\/company\\\/europa-prefabri\",\"https:\\\/\\\/es.pinterest.com\\\/europaprefabri\\\/\",\"https:\\\/\\\/www.youtube.com\\\/user\\\/PrefabriSL\"]}]}<\/script>\n<!-- \/ Yoast SEO plugin. -->","yoast_head_json":{"title":"EUROPA PREFABRI livre les modules avec un syst\u00e8me pratique et innovant.","description":"EUROPA PREFABRI propose une livraison des modules en syst\u00e8me de KIT pour faciliter leur transport et montage. Gr\u00e2ce \u00e0 ce syst\u00e8me, le transport s'optimise et le montage est plus facile \u00e0 faire (m\u00eame pour des personnes sans formation sp\u00e9ciale).","robots":{"index":"index","follow":"follow","max-snippet":"max-snippet:-1","max-image-preview":"max-image-preview:large","max-video-preview":"max-video-preview:-1"},"canonical":"https:\/\/www.europa-prefabri.com\/fr\/portfolio-item\/modules-en-kit\/","og_locale":"fr_FR","og_type":"article","og_title":"EUROPA PREFABRI livre les modules avec un syst\u00e8me pratique et innovant.","og_description":"EUROPA PREFABRI propose une livraison des modules en syst\u00e8me de KIT pour faciliter leur transport et montage. Gr\u00e2ce \u00e0 ce syst\u00e8me, le transport s'optimise et le montage est plus facile \u00e0 faire (m\u00eame pour des personnes sans formation sp\u00e9ciale).","og_url":"https:\/\/www.europa-prefabri.com\/fr\/portfolio-item\/modules-en-kit\/","og_site_name":"Europa Prefabri | Alquiler y venta de construcciones modulares","article_publisher":"https:\/\/www.facebook.com\/Europa-Prefabri-258328977572213\/","article_modified_time":"2021-04-23T11:28:50+00:00","og_image":[{"width":800,"height":600,"url":"https:\/\/www.europa-prefabri.com\/wp-content\/uploads\/modulos-en-kit-europa-prefabri.png","type":"image\/png"}],"twitter_card":"summary_large_image","twitter_site":"@EuropaPrefabri","twitter_misc":{"Est. reading time":"2 minutes"},"schema":{"@context":"https:\/\/schema.org","@graph":[{"@type":"WebPage","@id":"https:\/\/www.europa-prefabri.com\/fr\/portfolio-item\/modules-en-kit\/","url":"https:\/\/www.europa-prefabri.com\/fr\/portfolio-item\/modules-en-kit\/","name":"EUROPA PREFABRI livre les modules avec un syst\u00e8me pratique et innovant.","isPartOf":{"@id":"https:\/\/www.europa-prefabri.com\/#website"},"primaryImageOfPage":{"@id":"https:\/\/www.europa-prefabri.com\/fr\/portfolio-item\/modules-en-kit\/#primaryimage"},"image":{"@id":"https:\/\/www.europa-prefabri.com\/fr\/portfolio-item\/modules-en-kit\/#primaryimage"},"thumbnailUrl":"https:\/\/www.europa-prefabri.com\/wp-content\/uploads\/modulos-en-kit-europa-prefabri.png","datePublished":"2013-11-27T15:24:13+00:00","dateModified":"2021-04-23T11:28:50+00:00","description":"EUROPA PREFABRI propose une livraison des modules en syst\u00e8me de KIT pour faciliter leur transport et montage. Gr\u00e2ce \u00e0 ce syst\u00e8me, le transport s'optimise et le montage est plus facile \u00e0 faire (m\u00eame pour des personnes sans formation sp\u00e9ciale).","breadcrumb":{"@id":"https:\/\/www.europa-prefabri.com\/fr\/portfolio-item\/modules-en-kit\/#breadcrumb"},"inLanguage":"fr-FR","potentialAction":[{"@type":"ReadAction","target":["https:\/\/www.europa-prefabri.com\/fr\/portfolio-item\/modules-en-kit\/"]}]},{"@type":"ImageObject","inLanguage":"fr-FR","@id":"https:\/\/www.europa-prefabri.com\/fr\/portfolio-item\/modules-en-kit\/#primaryimage","url":"https:\/\/www.europa-prefabri.com\/wp-content\/uploads\/modulos-en-kit-europa-prefabri.png","contentUrl":"https:\/\/www.europa-prefabri.com\/wp-content\/uploads\/modulos-en-kit-europa-prefabri.png","width":800,"height":600},{"@type":"BreadcrumbList","@id":"https:\/\/www.europa-prefabri.com\/fr\/portfolio-item\/modules-en-kit\/#breadcrumb","itemListElement":[{"@type":"ListItem","position":1,"name":"Portada","item":"https:\/\/www.europa-prefabri.com\/fr\/"},{"@type":"ListItem","position":2,"name":"Boungalows en KIT"}]},{"@type":"WebSite","@id":"https:\/\/www.europa-prefabri.com\/#website","url":"https:\/\/www.europa-prefabri.com\/","name":"Europa Prefabri | Alquiler y venta de construcciones modulares","description":"Alquiler y venta de construcciones modulares, casetas de obra, marquesinas de aparcamiento y vallas y cerramientos.","publisher":{"@id":"https:\/\/www.europa-prefabri.com\/#organization"},"potentialAction":[{"@type":"SearchAction","target":{"@type":"EntryPoint","urlTemplate":"https:\/\/www.europa-prefabri.com\/?s={search_term_string}"},"query-input":{"@type":"PropertyValueSpecification","valueRequired":true,"valueName":"search_term_string"}}],"inLanguage":"fr-FR"},{"@type":"Organization","@id":"https:\/\/www.europa-prefabri.com\/#organization","name":"Prefabri S.L.","url":"https:\/\/www.europa-prefabri.com\/","logo":{"@type":"ImageObject","inLanguage":"fr-FR","@id":"https:\/\/www.europa-prefabri.com\/#\/schema\/logo\/image\/","url":"https:\/\/www.europa-prefabri.com\/wp-content\/uploads\/EuropaPrefabri-Logo.jpg","contentUrl":"https:\/\/www.europa-prefabri.com\/wp-content\/uploads\/EuropaPrefabri-Logo.jpg","width":752,"height":348,"caption":"Prefabri S.L."},"image":{"@id":"https:\/\/www.europa-prefabri.com\/#\/schema\/logo\/image\/"},"sameAs":["https:\/\/www.facebook.com\/Europa-Prefabri-258328977572213\/","https:\/\/x.com\/EuropaPrefabri","https:\/\/www.instagram.com\/europaprefabri\/","https:\/\/es.linkedin.com\/company\/europa-prefabri","https:\/\/es.pinterest.com\/europaprefabri\/","https:\/\/www.youtube.com\/user\/PrefabriSL"]}]}},"_links":{"self":[{"href":"https:\/\/www.europa-prefabri.com\/fr\/wp-json\/wp\/v2\/portfolio\/3268","targetHints":{"allow":["GET"]}}],"collection":[{"href":"https:\/\/www.europa-prefabri.com\/fr\/wp-json\/wp\/v2\/portfolio"}],"about":[{"href":"https:\/\/www.europa-prefabri.com\/fr\/wp-json\/wp\/v2\/types\/portfolio"}],"author":[{"embeddable":true,"href":"https:\/\/www.europa-prefabri.com\/fr\/wp-json\/wp\/v2\/users\/4"}],"replies":[{"embeddable":true,"href":"https:\/\/www.europa-prefabri.com\/fr\/wp-json\/wp\/v2\/comments?post=3268"}],"version-history":[{"count":0,"href":"https:\/\/www.europa-prefabri.com\/fr\/wp-json\/wp\/v2\/portfolio\/3268\/revisions"}],"wp:featuredmedia":[{"embeddable":true,"href":"https:\/\/www.europa-prefabri.com\/fr\/wp-json\/wp\/v2\/media\/12778"}],"wp:attachment":[{"href":"https:\/\/www.europa-prefabri.com\/fr\/wp-json\/wp\/v2\/media?parent=3268"}],"wp:term":[{"taxonomy":"post_tag","embeddable":true,"href":"https:\/\/www.europa-prefabri.com\/fr\/wp-json\/wp\/v2\/tags?post=3268"},{"taxonomy":"portfolio_entries","embeddable":true,"href":"https:\/\/www.europa-prefabri.com\/fr\/wp-json\/wp\/v2\/portfolio_entries?post=3268"}],"curies":[{"name":"wp","href":"https:\/\/api.w.org\/{rel}","templated":true}]}}