{"id":28552,"date":"2020-11-11T11:37:29","date_gmt":"2020-11-11T10:37:29","guid":{"rendered":"https:\/\/www.europa-prefabri.com\/?post_type=portfolio&#038;p=28552"},"modified":"2021-04-23T12:31:50","modified_gmt":"2021-04-23T10:31:50","slug":"campements-modulaires","status":"publish","type":"portfolio","link":"https:\/\/www.europa-prefabri.com\/fr\/portfolio-item\/campements-modulaires\/","title":{"rendered":"Campements modulaires"},"content":{"rendered":"\n<style type=\"text\/css\" data-created_by=\"avia_inline_auto\" id=\"style-css-av-av_two_third-15d750bd1b332b34c6e70b077ebbccdf\">\n.flex_column.av-av_two_third-15d750bd1b332b34c6e70b077ebbccdf{\nborder-radius:0px 0px 0px 0px;\npadding:0px 0px 0px 0px;\n}\n<\/style>\n<div  class='flex_column av-av_two_third-15d750bd1b332b34c6e70b077ebbccdf av_two_third  avia-builder-el-0  el_before_av_one_third  avia-builder-el-first  first flex_column_div av-zero-column-padding  '     ><style type=\"text\/css\" data-created_by=\"avia_inline_auto\" id=\"style-css-av-av_gallery-d5fc1c0235cef7bcddd7a8bafadcf294\">\n#top .avia-gallery.av-av_gallery-d5fc1c0235cef7bcddd7a8bafadcf294 .avia-gallery-thumb a{\nwidth:14.2857%;\n}\n<\/style>\n<div  class='avia-gallery av-av_gallery-d5fc1c0235cef7bcddd7a8bafadcf294 avia_animate_when_visible  avia-builder-el-1  avia-builder-el-no-sibling  avia_lazyload av-slideshow-ui av-loop-manual-endless av-control-hidden av-navigate-arrows av-navigate-dots hover-effect av-control-hidden avia-gallery-animate avia-gallery-1'  itemprop=\"image\" itemscope=\"itemscope\" itemtype=\"https:\/\/schema.org\/ImageObject\" ><meta itemprop=\"contentURL\" content=\"https:\/\/www.europa-prefabri.com\/fr\/portfolio-item\/campements-modulaires\/\"><div class='avia-gallery-big-wrapper'><a class='avia-gallery-big fakeLightbox lightbox avia-gallery-big-crop-thumb ' href=\"https:\/\/www.europa-prefabri.com\/wp-content\/uploads\/campamento-minero-modular-alquimodul.jpg\" data-srcset=\"https:\/\/www.europa-prefabri.com\/wp-content\/uploads\/campamento-minero-modular-alquimodul.jpg 974w, https:\/\/www.europa-prefabri.com\/wp-content\/uploads\/campamento-minero-modular-alquimodul-300x196.jpg 300w, https:\/\/www.europa-prefabri.com\/wp-content\/uploads\/campamento-minero-modular-alquimodul-768x501.jpg 768w, https:\/\/www.europa-prefabri.com\/wp-content\/uploads\/campamento-minero-modular-alquimodul-705x460.jpg 705w, https:\/\/www.europa-prefabri.com\/wp-content\/uploads\/campamento-minero-modular-alquimodul-450x293.jpg 450w\" data-sizes=\"(max-width: 974px) 100vw, 974px\"  data-onclick='1' title='campamento-minero-modular-alquimodul' ><span class='avia-gallery-big-inner'  itemprop=\"thumbnailUrl\" ><img decoding=\"async\" fetchpriority=\"high\" class=\"wp-image-24564 avia-img-lazy-loading-not-24564\"  width=\"845\" height=\"635\" src=\"https:\/\/www.europa-prefabri.com\/wp-content\/uploads\/campamento-minero-modular-alquimodul-845x635.jpg\" title='campamento-minero-modular-alquimodul' alt='base vie' \/><\/span><\/a><\/div><div class='avia-gallery-thumb'><a href=\"https:\/\/www.europa-prefabri.com\/wp-content\/uploads\/campamento-minero-modular-alquimodul.jpg\" data-srcset=\"https:\/\/www.europa-prefabri.com\/wp-content\/uploads\/campamento-minero-modular-alquimodul.jpg 974w, https:\/\/www.europa-prefabri.com\/wp-content\/uploads\/campamento-minero-modular-alquimodul-300x196.jpg 300w, https:\/\/www.europa-prefabri.com\/wp-content\/uploads\/campamento-minero-modular-alquimodul-768x501.jpg 768w, https:\/\/www.europa-prefabri.com\/wp-content\/uploads\/campamento-minero-modular-alquimodul-705x460.jpg 705w, https:\/\/www.europa-prefabri.com\/wp-content\/uploads\/campamento-minero-modular-alquimodul-450x293.jpg 450w\" data-sizes=\"(max-width: 974px) 100vw, 974px\" data-rel='gallery-1' data-prev-img='https:\/\/www.europa-prefabri.com\/wp-content\/uploads\/campamento-minero-modular-alquimodul-845x635.jpg' class='first_thumb lightbox ' data-onclick='1' title='campamento-minero-modular-alquimodul'  itemprop=\"thumbnailUrl\"  ><img decoding=\"async\" fetchpriority=\"high\" class=\"wp-image-24564 avia-img-lazy-loading-not-24564\"   src=\"https:\/\/www.europa-prefabri.com\/wp-content\/uploads\/campamento-minero-modular-alquimodul-495x400.jpg\" width=\"495\" height=\"400\"  title='campamento-minero-modular-alquimodul' alt='base vie' \/><div class='big-prev-fake'><img decoding=\"async\" loading=\"lazy\" class=\"wp-image-24564 avia-img-lazy-loading-24564\"  width=\"845\" height=\"635\" src=\"https:\/\/www.europa-prefabri.com\/wp-content\/uploads\/campamento-minero-modular-alquimodul-845x635.jpg\" title='campamento-minero-modular-alquimodul' alt='base vie' \/><\/div><\/a><a href=\"https:\/\/www.europa-prefabri.com\/wp-content\/uploads\/campamento-modular-minero-alquimodul-peru-1030x773.jpg\" data-srcset=\"https:\/\/www.europa-prefabri.com\/wp-content\/uploads\/campamento-modular-minero-alquimodul-peru-1030x773.jpg 1030w, https:\/\/www.europa-prefabri.com\/wp-content\/uploads\/campamento-modular-minero-alquimodul-peru-300x225.jpg 300w, https:\/\/www.europa-prefabri.com\/wp-content\/uploads\/campamento-modular-minero-alquimodul-peru-768x576.jpg 768w, https:\/\/www.europa-prefabri.com\/wp-content\/uploads\/campamento-modular-minero-alquimodul-peru-1500x1125.jpg 1500w, https:\/\/www.europa-prefabri.com\/wp-content\/uploads\/campamento-modular-minero-alquimodul-peru-705x529.jpg 705w, https:\/\/www.europa-prefabri.com\/wp-content\/uploads\/campamento-modular-minero-alquimodul-peru-450x338.jpg 450w\" data-sizes=\"(max-width: 1030px) 100vw, 1030px\" data-rel='gallery-1' data-prev-img='https:\/\/www.europa-prefabri.com\/wp-content\/uploads\/campamento-modular-minero-alquimodul-peru-845x684.jpg' class='lightbox ' data-onclick='2' title='campamento-modular-minero-alquimodul-peru'  itemprop=\"thumbnailUrl\"  ><img decoding=\"async\" fetchpriority=\"high\" class=\"wp-image-24576 avia-img-lazy-loading-not-24576\"   src=\"https:\/\/www.europa-prefabri.com\/wp-content\/uploads\/campamento-modular-minero-alquimodul-peru-495x400.jpg\" width=\"495\" height=\"400\"  title='campamento-modular-minero-alquimodul-peru' alt='base vie' srcset=\"https:\/\/www.europa-prefabri.com\/wp-content\/uploads\/campamento-modular-minero-alquimodul-peru-495x400.jpg 495w, https:\/\/www.europa-prefabri.com\/wp-content\/uploads\/campamento-modular-minero-alquimodul-peru-845x684.jpg 845w\" sizes=\"(max-width: 495px) 100vw, 495px\" \/><div class='big-prev-fake'><img decoding=\"async\" loading=\"lazy\" class=\"wp-image-24576 avia-img-lazy-loading-24576\"  width=\"845\" height=\"684\" src=\"https:\/\/www.europa-prefabri.com\/wp-content\/uploads\/campamento-modular-minero-alquimodul-peru-845x684.jpg\" title='campamento-modular-minero-alquimodul-peru' alt='base vie' srcset=\"https:\/\/www.europa-prefabri.com\/wp-content\/uploads\/campamento-modular-minero-alquimodul-peru-845x684.jpg 845w, https:\/\/www.europa-prefabri.com\/wp-content\/uploads\/campamento-modular-minero-alquimodul-peru-495x400.jpg 495w\" sizes=\"auto, (max-width: 845px) 100vw, 845px\" \/><\/div><\/a><a href=\"https:\/\/www.europa-prefabri.com\/wp-content\/uploads\/interior-campamento-minero.jpg\" data-srcset=\"https:\/\/www.europa-prefabri.com\/wp-content\/uploads\/interior-campamento-minero.jpg 1024w, https:\/\/www.europa-prefabri.com\/wp-content\/uploads\/interior-campamento-minero-300x225.jpg 300w, https:\/\/www.europa-prefabri.com\/wp-content\/uploads\/interior-campamento-minero-768x576.jpg 768w, https:\/\/www.europa-prefabri.com\/wp-content\/uploads\/interior-campamento-minero-705x529.jpg 705w, https:\/\/www.europa-prefabri.com\/wp-content\/uploads\/interior-campamento-minero-450x338.jpg 450w\" data-sizes=\"(max-width: 1024px) 100vw, 1024px\" data-rel='gallery-1' data-prev-img='https:\/\/www.europa-prefabri.com\/wp-content\/uploads\/interior-campamento-minero-845x684.jpg' class='lightbox ' data-onclick='3' title='interior-campamento-minero'  itemprop=\"thumbnailUrl\"  ><img decoding=\"async\" fetchpriority=\"high\" class=\"wp-image-24580 avia-img-lazy-loading-not-24580\"   src=\"https:\/\/www.europa-prefabri.com\/wp-content\/uploads\/interior-campamento-minero-495x400.jpg\" width=\"495\" height=\"400\"  title='interior-campamento-minero' alt='base vie' srcset=\"https:\/\/www.europa-prefabri.com\/wp-content\/uploads\/interior-campamento-minero-495x400.jpg 495w, https:\/\/www.europa-prefabri.com\/wp-content\/uploads\/interior-campamento-minero-845x684.jpg 845w\" sizes=\"(max-width: 495px) 100vw, 495px\" \/><div class='big-prev-fake'><img decoding=\"async\" loading=\"lazy\" class=\"wp-image-24580 avia-img-lazy-loading-24580\"  width=\"845\" height=\"684\" src=\"https:\/\/www.europa-prefabri.com\/wp-content\/uploads\/interior-campamento-minero-845x684.jpg\" title='interior-campamento-minero' alt='base vie' srcset=\"https:\/\/www.europa-prefabri.com\/wp-content\/uploads\/interior-campamento-minero-845x684.jpg 845w, https:\/\/www.europa-prefabri.com\/wp-content\/uploads\/interior-campamento-minero-495x400.jpg 495w\" sizes=\"auto, (max-width: 845px) 100vw, 845px\" \/><\/div><\/a><a href=\"https:\/\/www.europa-prefabri.com\/wp-content\/uploads\/campamento-minero-construccion-modular-1030x773.jpg\" data-srcset=\"https:\/\/www.europa-prefabri.com\/wp-content\/uploads\/campamento-minero-construccion-modular-1030x773.jpg 1030w, https:\/\/www.europa-prefabri.com\/wp-content\/uploads\/campamento-minero-construccion-modular-300x225.jpg 300w, https:\/\/www.europa-prefabri.com\/wp-content\/uploads\/campamento-minero-construccion-modular-768x576.jpg 768w, https:\/\/www.europa-prefabri.com\/wp-content\/uploads\/campamento-minero-construccion-modular-1500x1125.jpg 1500w, https:\/\/www.europa-prefabri.com\/wp-content\/uploads\/campamento-minero-construccion-modular-705x529.jpg 705w, https:\/\/www.europa-prefabri.com\/wp-content\/uploads\/campamento-minero-construccion-modular-450x338.jpg 450w\" data-sizes=\"(max-width: 1030px) 100vw, 1030px\" data-rel='gallery-1' data-prev-img='https:\/\/www.europa-prefabri.com\/wp-content\/uploads\/campamento-minero-construccion-modular-845x684.jpg' class='lightbox ' data-onclick='4' title='campamento-minero-construccion-modular'  itemprop=\"thumbnailUrl\"  ><img decoding=\"async\" fetchpriority=\"high\" class=\"wp-image-24556 avia-img-lazy-loading-not-24556\"   src=\"https:\/\/www.europa-prefabri.com\/wp-content\/uploads\/campamento-minero-construccion-modular-495x400.jpg\" width=\"495\" height=\"400\"  title='campamento-minero-construccion-modular' alt='base vie' srcset=\"https:\/\/www.europa-prefabri.com\/wp-content\/uploads\/campamento-minero-construccion-modular-495x400.jpg 495w, https:\/\/www.europa-prefabri.com\/wp-content\/uploads\/campamento-minero-construccion-modular-845x684.jpg 845w\" sizes=\"(max-width: 495px) 100vw, 495px\" \/><div class='big-prev-fake'><img decoding=\"async\" loading=\"lazy\" class=\"wp-image-24556 avia-img-lazy-loading-24556\"  width=\"845\" height=\"684\" src=\"https:\/\/www.europa-prefabri.com\/wp-content\/uploads\/campamento-minero-construccion-modular-845x684.jpg\" title='campamento-minero-construccion-modular' alt='base vie' srcset=\"https:\/\/www.europa-prefabri.com\/wp-content\/uploads\/campamento-minero-construccion-modular-845x684.jpg 845w, https:\/\/www.europa-prefabri.com\/wp-content\/uploads\/campamento-minero-construccion-modular-495x400.jpg 495w\" sizes=\"auto, (max-width: 845px) 100vw, 845px\" \/><\/div><\/a><a href=\"https:\/\/www.europa-prefabri.com\/wp-content\/uploads\/campamento-minero-alquimodul.jpg\" data-srcset=\"https:\/\/www.europa-prefabri.com\/wp-content\/uploads\/campamento-minero-alquimodul.jpg 1019w, https:\/\/www.europa-prefabri.com\/wp-content\/uploads\/campamento-minero-alquimodul-300x199.jpg 300w, https:\/\/www.europa-prefabri.com\/wp-content\/uploads\/campamento-minero-alquimodul-768x510.jpg 768w, https:\/\/www.europa-prefabri.com\/wp-content\/uploads\/campamento-minero-alquimodul-705x468.jpg 705w, https:\/\/www.europa-prefabri.com\/wp-content\/uploads\/campamento-minero-alquimodul-450x299.jpg 450w\" data-sizes=\"(max-width: 1019px) 100vw, 1019px\" data-rel='gallery-1' data-prev-img='https:\/\/www.europa-prefabri.com\/wp-content\/uploads\/campamento-minero-alquimodul-845x677.jpg' class='lightbox ' data-onclick='5' title='campamento-minero-alquimodul'  itemprop=\"thumbnailUrl\"  ><img decoding=\"async\" fetchpriority=\"high\" class=\"wp-image-24552 avia-img-lazy-loading-not-24552\"   src=\"https:\/\/www.europa-prefabri.com\/wp-content\/uploads\/campamento-minero-alquimodul-495x400.jpg\" width=\"495\" height=\"400\"  title='campamento-minero-alquimodul' alt='base vie' \/><div class='big-prev-fake'><img decoding=\"async\" loading=\"lazy\" class=\"wp-image-24552 avia-img-lazy-loading-24552\"  width=\"845\" height=\"677\" src=\"https:\/\/www.europa-prefabri.com\/wp-content\/uploads\/campamento-minero-alquimodul-845x677.jpg\" title='campamento-minero-alquimodul' alt='base vie' \/><\/div><\/a><a href=\"https:\/\/www.europa-prefabri.com\/wp-content\/uploads\/campamento-modular-para-kolpa-en-peru-03.jpg\" data-srcset=\"https:\/\/www.europa-prefabri.com\/wp-content\/uploads\/campamento-modular-para-kolpa-en-peru-03.jpg 800w, https:\/\/www.europa-prefabri.com\/wp-content\/uploads\/campamento-modular-para-kolpa-en-peru-03-300x225.jpg 300w, https:\/\/www.europa-prefabri.com\/wp-content\/uploads\/campamento-modular-para-kolpa-en-peru-03-768x576.jpg 768w, https:\/\/www.europa-prefabri.com\/wp-content\/uploads\/campamento-modular-para-kolpa-en-peru-03-705x529.jpg 705w, https:\/\/www.europa-prefabri.com\/wp-content\/uploads\/campamento-modular-para-kolpa-en-peru-03-450x338.jpg 450w\" data-sizes=\"(max-width: 800px) 100vw, 800px\" data-rel='gallery-1' data-prev-img='https:\/\/www.europa-prefabri.com\/wp-content\/uploads\/campamento-modular-para-kolpa-en-peru-03.jpg' class='lightbox ' data-onclick='6' title='campamento modular para kolpa en peru 03'  itemprop=\"thumbnailUrl\"  ><img decoding=\"async\" fetchpriority=\"high\" class=\"wp-image-19882 avia-img-lazy-loading-not-19882\"   src=\"https:\/\/www.europa-prefabri.com\/wp-content\/uploads\/campamento-modular-para-kolpa-en-peru-03-495x400.jpg\" width=\"495\" height=\"400\"  title='campamento modular para kolpa en peru 03' alt='campamento modular para kolpa en peru 03' \/><div class='big-prev-fake'><img decoding=\"async\" loading=\"lazy\" class=\"wp-image-19882 avia-img-lazy-loading-19882\"  width=\"800\" height=\"600\" src=\"https:\/\/www.europa-prefabri.com\/wp-content\/uploads\/campamento-modular-para-kolpa-en-peru-03.jpg\" title='campamento modular para kolpa en peru 03' alt='campamento modular para kolpa en peru 03' srcset=\"https:\/\/www.europa-prefabri.com\/wp-content\/uploads\/campamento-modular-para-kolpa-en-peru-03.jpg 800w, https:\/\/www.europa-prefabri.com\/wp-content\/uploads\/campamento-modular-para-kolpa-en-peru-03-300x225.jpg 300w, https:\/\/www.europa-prefabri.com\/wp-content\/uploads\/campamento-modular-para-kolpa-en-peru-03-768x576.jpg 768w, https:\/\/www.europa-prefabri.com\/wp-content\/uploads\/campamento-modular-para-kolpa-en-peru-03-705x529.jpg 705w, https:\/\/www.europa-prefabri.com\/wp-content\/uploads\/campamento-modular-para-kolpa-en-peru-03-450x338.jpg 450w\" sizes=\"auto, (max-width: 800px) 100vw, 800px\" \/><\/div><\/a><a href=\"https:\/\/www.europa-prefabri.com\/wp-content\/uploads\/5-campamento-modular-Copy.jpg\" data-srcset=\"https:\/\/www.europa-prefabri.com\/wp-content\/uploads\/5-campamento-modular-Copy.jpg 800w, https:\/\/www.europa-prefabri.com\/wp-content\/uploads\/5-campamento-modular-Copy-300x225.jpg 300w, https:\/\/www.europa-prefabri.com\/wp-content\/uploads\/5-campamento-modular-Copy-705x529.jpg 705w, https:\/\/www.europa-prefabri.com\/wp-content\/uploads\/5-campamento-modular-Copy-450x338.jpg 450w\" data-sizes=\"(max-width: 800px) 100vw, 800px\" data-rel='gallery-1' data-prev-img='https:\/\/www.europa-prefabri.com\/wp-content\/uploads\/5-campamento-modular-Copy.jpg' class='lightbox ' data-onclick='7' title='EUROPA PREFABRI - Prefab work camps'  itemprop=\"thumbnailUrl\"  ><img decoding=\"async\" fetchpriority=\"high\" class=\"wp-image-8672 avia-img-lazy-loading-not-8672\"   src=\"https:\/\/www.europa-prefabri.com\/wp-content\/uploads\/5-campamento-modular-Copy-495x400.jpg\" width=\"495\" height=\"400\"  title='EUROPA PREFABRI - Prefab work camps' alt='EUROPA PREFABRI - Prefab work camps' \/><div class='big-prev-fake'><img decoding=\"async\" loading=\"lazy\" class=\"wp-image-8672 avia-img-lazy-loading-8672\"  width=\"800\" height=\"600\" src=\"https:\/\/www.europa-prefabri.com\/wp-content\/uploads\/5-campamento-modular-Copy.jpg\" title='EUROPA PREFABRI - Prefab work camps' alt='EUROPA PREFABRI - Prefab work camps' srcset=\"https:\/\/www.europa-prefabri.com\/wp-content\/uploads\/5-campamento-modular-Copy.jpg 800w, https:\/\/www.europa-prefabri.com\/wp-content\/uploads\/5-campamento-modular-Copy-300x225.jpg 300w, https:\/\/www.europa-prefabri.com\/wp-content\/uploads\/5-campamento-modular-Copy-705x529.jpg 705w, https:\/\/www.europa-prefabri.com\/wp-content\/uploads\/5-campamento-modular-Copy-450x338.jpg 450w\" sizes=\"auto, (max-width: 800px) 100vw, 800px\" \/><\/div><\/a><a href=\"https:\/\/www.europa-prefabri.com\/wp-content\/uploads\/1-campamento-modular-Copy.jpg\" data-srcset=\"https:\/\/www.europa-prefabri.com\/wp-content\/uploads\/1-campamento-modular-Copy.jpg 800w, https:\/\/www.europa-prefabri.com\/wp-content\/uploads\/1-campamento-modular-Copy-300x225.jpg 300w, https:\/\/www.europa-prefabri.com\/wp-content\/uploads\/1-campamento-modular-Copy-705x529.jpg 705w, https:\/\/www.europa-prefabri.com\/wp-content\/uploads\/1-campamento-modular-Copy-450x338.jpg 450w\" data-sizes=\"(max-width: 800px) 100vw, 800px\" data-rel='gallery-1' data-prev-img='https:\/\/www.europa-prefabri.com\/wp-content\/uploads\/1-campamento-modular-Copy.jpg' class='first_thumb lightbox ' data-onclick='8' title='EUROPA PREFABRI - Prefab work camps'  itemprop=\"thumbnailUrl\"  ><img decoding=\"async\" fetchpriority=\"high\" class=\"wp-image-8666 avia-img-lazy-loading-not-8666\"   src=\"https:\/\/www.europa-prefabri.com\/wp-content\/uploads\/1-campamento-modular-Copy-495x400.jpg\" width=\"495\" height=\"400\"  title='EUROPA PREFABRI - Prefab work camps' alt='EUROPA PREFABRI - Prefab work camps' \/><div class='big-prev-fake'><img decoding=\"async\" loading=\"lazy\" class=\"wp-image-8666 avia-img-lazy-loading-8666\"  width=\"800\" height=\"600\" src=\"https:\/\/www.europa-prefabri.com\/wp-content\/uploads\/1-campamento-modular-Copy.jpg\" title='EUROPA PREFABRI - Prefab work camps' alt='EUROPA PREFABRI - Prefab work camps' srcset=\"https:\/\/www.europa-prefabri.com\/wp-content\/uploads\/1-campamento-modular-Copy.jpg 800w, https:\/\/www.europa-prefabri.com\/wp-content\/uploads\/1-campamento-modular-Copy-300x225.jpg 300w, https:\/\/www.europa-prefabri.com\/wp-content\/uploads\/1-campamento-modular-Copy-705x529.jpg 705w, https:\/\/www.europa-prefabri.com\/wp-content\/uploads\/1-campamento-modular-Copy-450x338.jpg 450w\" sizes=\"auto, (max-width: 800px) 100vw, 800px\" \/><\/div><\/a><a href=\"https:\/\/www.europa-prefabri.com\/wp-content\/uploads\/IMAG1585_800x452.jpg\" data-srcset=\"https:\/\/www.europa-prefabri.com\/wp-content\/uploads\/IMAG1585_800x452.jpg 800w, https:\/\/www.europa-prefabri.com\/wp-content\/uploads\/IMAG1585_800x452-300x170.jpg 300w, https:\/\/www.europa-prefabri.com\/wp-content\/uploads\/IMAG1585_800x452-705x398.jpg 705w, https:\/\/www.europa-prefabri.com\/wp-content\/uploads\/IMAG1585_800x452-450x254.jpg 450w\" data-sizes=\"(max-width: 800px) 100vw, 800px\" data-rel='gallery-1' data-prev-img='https:\/\/www.europa-prefabri.com\/wp-content\/uploads\/IMAG1585_800x452.jpg' class='lightbox ' data-onclick='9' title='Campamento modular de oficinas en Lagos, Nigeria | Prefabri'  itemprop=\"thumbnailUrl\"  ><img decoding=\"async\" fetchpriority=\"high\" class=\"wp-image-7810 avia-img-lazy-loading-not-7810\"   src=\"https:\/\/www.europa-prefabri.com\/wp-content\/uploads\/IMAG1585_800x452-495x400.jpg\" width=\"495\" height=\"400\"  title='Campamento modular de oficinas en Lagos, Nigeria | Prefabri' alt='campamento modular de oficinas en lagos nigeria' \/><div class='big-prev-fake'><img decoding=\"async\" loading=\"lazy\" class=\"wp-image-7810 avia-img-lazy-loading-7810\"  width=\"800\" height=\"452\" src=\"https:\/\/www.europa-prefabri.com\/wp-content\/uploads\/IMAG1585_800x452.jpg\" title='Campamento modular de oficinas en Lagos, Nigeria | Prefabri' alt='campamento modular de oficinas en lagos nigeria' srcset=\"https:\/\/www.europa-prefabri.com\/wp-content\/uploads\/IMAG1585_800x452.jpg 800w, https:\/\/www.europa-prefabri.com\/wp-content\/uploads\/IMAG1585_800x452-300x170.jpg 300w, https:\/\/www.europa-prefabri.com\/wp-content\/uploads\/IMAG1585_800x452-705x398.jpg 705w, https:\/\/www.europa-prefabri.com\/wp-content\/uploads\/IMAG1585_800x452-450x254.jpg 450w\" sizes=\"auto, (max-width: 800px) 100vw, 800px\" \/><\/div><\/a><a href=\"https:\/\/www.europa-prefabri.com\/wp-content\/uploads\/IMG-20131031-WA001_800x600.jpg\" data-srcset=\"https:\/\/www.europa-prefabri.com\/wp-content\/uploads\/IMG-20131031-WA001_800x600.jpg 800w, https:\/\/www.europa-prefabri.com\/wp-content\/uploads\/IMG-20131031-WA001_800x600-300x225.jpg 300w, https:\/\/www.europa-prefabri.com\/wp-content\/uploads\/IMG-20131031-WA001_800x600-450x337.jpg 450w\" data-sizes=\"(max-width: 800px) 100vw, 800px\" data-rel='gallery-1' data-prev-img='https:\/\/www.europa-prefabri.com\/wp-content\/uploads\/IMG-20131031-WA001_800x600-710x575.jpg' class='lightbox ' data-onclick='10' title='campamento modular'  itemprop=\"thumbnailUrl\"  ><img decoding=\"async\" fetchpriority=\"high\" class=\"wp-image-10089 avia-img-lazy-loading-not-10089\"   src=\"https:\/\/www.europa-prefabri.com\/wp-content\/uploads\/IMG-20131031-WA001_800x600-495x400.jpg\" width=\"495\" height=\"400\"  title='campamento modular' alt='' srcset=\"https:\/\/www.europa-prefabri.com\/wp-content\/uploads\/IMG-20131031-WA001_800x600-495x400.jpg 495w, https:\/\/www.europa-prefabri.com\/wp-content\/uploads\/IMG-20131031-WA001_800x600-710x575.jpg 710w\" sizes=\"(max-width: 495px) 100vw, 495px\" \/><div class='big-prev-fake'><img decoding=\"async\" loading=\"lazy\" class=\"wp-image-10089 avia-img-lazy-loading-10089\"  width=\"710\" height=\"575\" src=\"https:\/\/www.europa-prefabri.com\/wp-content\/uploads\/IMG-20131031-WA001_800x600-710x575.jpg\" title='campamento modular' alt='' srcset=\"https:\/\/www.europa-prefabri.com\/wp-content\/uploads\/IMG-20131031-WA001_800x600-710x575.jpg 710w, https:\/\/www.europa-prefabri.com\/wp-content\/uploads\/IMG-20131031-WA001_800x600-495x400.jpg 495w\" sizes=\"auto, (max-width: 710px) 100vw, 710px\" \/><\/div><\/a><a href=\"https:\/\/www.europa-prefabri.com\/wp-content\/uploads\/IMG-20131024-WA001_800x600.jpg\" data-srcset=\"https:\/\/www.europa-prefabri.com\/wp-content\/uploads\/IMG-20131024-WA001_800x600.jpg 800w, https:\/\/www.europa-prefabri.com\/wp-content\/uploads\/IMG-20131024-WA001_800x600-300x225.jpg 300w, https:\/\/www.europa-prefabri.com\/wp-content\/uploads\/IMG-20131024-WA001_800x600-450x337.jpg 450w\" data-sizes=\"(max-width: 800px) 100vw, 800px\" data-rel='gallery-1' data-prev-img='https:\/\/www.europa-prefabri.com\/wp-content\/uploads\/IMG-20131024-WA001_800x600-710x575.jpg' class='lightbox ' data-onclick='11' title='montaje campamento modular'  itemprop=\"thumbnailUrl\"  ><img decoding=\"async\" fetchpriority=\"high\" class=\"wp-image-10084 avia-img-lazy-loading-not-10084\"   src=\"https:\/\/www.europa-prefabri.com\/wp-content\/uploads\/IMG-20131024-WA001_800x600-495x400.jpg\" width=\"495\" height=\"400\"  title='montaje campamento modular' alt='' srcset=\"https:\/\/www.europa-prefabri.com\/wp-content\/uploads\/IMG-20131024-WA001_800x600-495x400.jpg 495w, https:\/\/www.europa-prefabri.com\/wp-content\/uploads\/IMG-20131024-WA001_800x600-710x575.jpg 710w\" sizes=\"(max-width: 495px) 100vw, 495px\" \/><div class='big-prev-fake'><img decoding=\"async\" loading=\"lazy\" class=\"wp-image-10084 avia-img-lazy-loading-10084\"  width=\"710\" height=\"575\" src=\"https:\/\/www.europa-prefabri.com\/wp-content\/uploads\/IMG-20131024-WA001_800x600-710x575.jpg\" title='montaje campamento modular' alt='' srcset=\"https:\/\/www.europa-prefabri.com\/wp-content\/uploads\/IMG-20131024-WA001_800x600-710x575.jpg 710w, https:\/\/www.europa-prefabri.com\/wp-content\/uploads\/IMG-20131024-WA001_800x600-495x400.jpg 495w\" sizes=\"auto, (max-width: 710px) 100vw, 710px\" \/><\/div><\/a><a href=\"https:\/\/www.europa-prefabri.com\/wp-content\/uploads\/2-campamento-modular.jpg\" data-srcset=\"https:\/\/www.europa-prefabri.com\/wp-content\/uploads\/2-campamento-modular.jpg 710w, https:\/\/www.europa-prefabri.com\/wp-content\/uploads\/2-campamento-modular-300x243.jpg 300w, https:\/\/www.europa-prefabri.com\/wp-content\/uploads\/2-campamento-modular-495x400.jpg 495w, https:\/\/www.europa-prefabri.com\/wp-content\/uploads\/2-campamento-modular-705x571.jpg 705w, https:\/\/www.europa-prefabri.com\/wp-content\/uploads\/2-campamento-modular-450x364.jpg 450w\" data-sizes=\"(max-width: 710px) 100vw, 710px\" data-rel='gallery-1' data-prev-img='https:\/\/www.europa-prefabri.com\/wp-content\/uploads\/2-campamento-modular.jpg' class='lightbox ' data-onclick='12' title='2-campamento-modular'  itemprop=\"thumbnailUrl\"  ><img decoding=\"async\" fetchpriority=\"high\" class=\"wp-image-12398 avia-img-lazy-loading-not-12398\"   src=\"https:\/\/www.europa-prefabri.com\/wp-content\/uploads\/2-campamento-modular-495x400.jpg\" width=\"495\" height=\"400\"  title='2-campamento-modular' alt='' srcset=\"https:\/\/www.europa-prefabri.com\/wp-content\/uploads\/2-campamento-modular-495x400.jpg 495w, https:\/\/www.europa-prefabri.com\/wp-content\/uploads\/2-campamento-modular-300x243.jpg 300w, https:\/\/www.europa-prefabri.com\/wp-content\/uploads\/2-campamento-modular-705x571.jpg 705w, https:\/\/www.europa-prefabri.com\/wp-content\/uploads\/2-campamento-modular-450x364.jpg 450w, https:\/\/www.europa-prefabri.com\/wp-content\/uploads\/2-campamento-modular.jpg 710w\" sizes=\"(max-width: 495px) 100vw, 495px\" \/><div class='big-prev-fake'><img decoding=\"async\" loading=\"lazy\" class=\"wp-image-12398 avia-img-lazy-loading-12398\"  width=\"710\" height=\"575\" src=\"https:\/\/www.europa-prefabri.com\/wp-content\/uploads\/2-campamento-modular.jpg\" title='2-campamento-modular' alt='' srcset=\"https:\/\/www.europa-prefabri.com\/wp-content\/uploads\/2-campamento-modular.jpg 710w, https:\/\/www.europa-prefabri.com\/wp-content\/uploads\/2-campamento-modular-300x243.jpg 300w, https:\/\/www.europa-prefabri.com\/wp-content\/uploads\/2-campamento-modular-495x400.jpg 495w, https:\/\/www.europa-prefabri.com\/wp-content\/uploads\/2-campamento-modular-705x571.jpg 705w, https:\/\/www.europa-prefabri.com\/wp-content\/uploads\/2-campamento-modular-450x364.jpg 450w\" sizes=\"auto, (max-width: 710px) 100vw, 710px\" \/><\/div><\/a><\/div><\/div><\/div>\n\n<style type=\"text\/css\" data-created_by=\"avia_inline_auto\" id=\"style-css-av-av_one_third-c8fc129dc35fd1ae2a1e410224d39ea8\">\n.flex_column.av-av_one_third-c8fc129dc35fd1ae2a1e410224d39ea8{\nborder-radius:0px 0px 0px 0px;\npadding:0px 0px 0px 0px;\n}\n<\/style>\n<div  class='flex_column av-av_one_third-c8fc129dc35fd1ae2a1e410224d39ea8 av_one_third  avia-builder-el-2  el_after_av_two_third  el_before_av_hr  flex_column_div av-zero-column-padding  '     ><section  class='av_textblock_section av-av_textblock-2de302bf1aa3cf4c9157dbe6f50ac7eb '   itemscope=\"itemscope\" itemtype=\"https:\/\/schema.org\/CreativeWork\" ><div class='avia_textblock'  itemprop=\"text\" ><h2>CAMPEMENTS MODULAIRES PR\u00c9FABRIQU\u00c9S<\/h2>\n<p>Nous sommes sp\u00e9cialis\u00e9s dans la conception, la fabrication et le montage de campements pour ouvriers temporaires ou permanents.<\/p>\n<p>En utilisant des techniques de construction industrialis\u00e9e, nous concevons et fabriquons des campements modulaires adapt\u00e9s \u00e0 chaque projet.<\/p>\n<p>Nous proposons une gestion int\u00e9grale de chaque projet, de la conception \u00e0 la livraison cl\u00e9 en main.<\/p>\n<\/div><\/section><br \/>\n<div  class='togglecontainer av-av_toggle_container-9b335384ec8c3330272bf261371af9c0  avia-builder-el-4  el_after_av_textblock  avia-builder-el-last  toggle_close_all' >\n<section class='av_toggle_section av-av_toggle-01a6cab459036864a14604ba52d88d31'  itemscope=\"itemscope\" itemtype=\"https:\/\/schema.org\/CreativeWork\" ><div role=\"tablist\" class=\"single_toggle\" data-tags=\"{Tout} \"  ><p id='toggle-toggle-id-1' data-fake-id='#toggle-id-1' class='toggler  av-title-above '  itemprop=\"headline\"  role='tab' tabindex='0' aria-controls='toggle-id-1' data-slide-speed=\"200\" data-title=\"Secteurs\" data-title-open=\"\" data-aria_collapsed=\"Cliquez pour \u00e9tendre : Secteurs\" data-aria_expanded=\"Cliquez pour r\u00e9duire : Secteurs\">Secteurs<span class=\"toggle_icon\"><span class=\"vert_icon\"><\/span><span class=\"hor_icon\"><\/span><\/span><\/p><div id='toggle-id-1' aria-labelledby='toggle-toggle-id-1' role='region' class='toggle_wrap  av-title-above'  ><div class='toggle_content invers-color '  itemprop=\"text\" ><ul>\n<li>Construction<\/li>\n<li>Industrie mini\u00e8re<\/li>\n<li>Gaz et p\u00e9trole<\/li>\n<li>Industries<\/li>\n<li>Urgences<\/li>\n<\/ul>\n<\/div><\/div><\/div><\/section>\n<section class='av_toggle_section av-av_toggle-ba0e5a451bce594e68380fe74b48cbac'  itemscope=\"itemscope\" itemtype=\"https:\/\/schema.org\/CreativeWork\" ><div role=\"tablist\" class=\"single_toggle\" data-tags=\"{Tout} \"  ><p id='toggle-toggle-id-2' data-fake-id='#toggle-id-2' class='toggler  av-title-above '  itemprop=\"headline\"  role='tab' tabindex='0' aria-controls='toggle-id-2' data-slide-speed=\"200\" data-title=\"Utilisations\" data-title-open=\"\" data-aria_collapsed=\"Cliquez pour \u00e9tendre : Utilisations\" data-aria_expanded=\"Cliquez pour r\u00e9duire : Utilisations\">Utilisations<span class=\"toggle_icon\"><span class=\"vert_icon\"><\/span><span class=\"hor_icon\"><\/span><\/span><\/p><div id='toggle-id-2' aria-labelledby='toggle-toggle-id-2' role='region' class='toggle_wrap  av-title-above'  ><div class='toggle_content invers-color '  itemprop=\"text\" ><ul>\n<li>Dortoirs<\/li>\n<li>Bureaux<\/li>\n<li>Vestiaires<\/li>\n<li>Toilettes<\/li>\n<li>R\u00e9fectoires<\/li>\n<li>Entrep\u00f4ts<\/li>\n<li>Laboratoires<\/li>\n<li>Postes de surveillance<\/li>\n<li>Salles de classe<\/li>\n<li>Salles de jeux<\/li>\n<\/ul>\n<\/div><\/div><\/div><\/section>\n<section class='av_toggle_section av-av_toggle-daa0d2901932b83cb860f44f4fa6ed44'  itemscope=\"itemscope\" itemtype=\"https:\/\/schema.org\/CreativeWork\" ><div role=\"tablist\" class=\"single_toggle\" data-tags=\"{Tout} \"  ><p id='toggle-toggle-id-3' data-fake-id='#toggle-id-3' class='toggler  av-title-above '  itemprop=\"headline\"  role='tab' tabindex='0' aria-controls='toggle-id-3' data-slide-speed=\"200\" data-title=\"Transport et installation \" data-title-open=\"\" data-aria_collapsed=\"Cliquez pour \u00e9tendre : Transport et installation \" data-aria_expanded=\"Cliquez pour r\u00e9duire : Transport et installation \">Transport et installation <span class=\"toggle_icon\"><span class=\"vert_icon\"><\/span><span class=\"hor_icon\"><\/span><\/span><\/p><div id='toggle-id-3' aria-labelledby='toggle-toggle-id-3' role='region' class='toggle_wrap  av-title-above'  ><div class='toggle_content invers-color '  itemprop=\"text\" ><ul>\n<li>Nous prenons en charge le transport de nos constructions modulaires totalement d\u00e9mont\u00e9es ou en syst\u00e8me KIT, par camion ou conteneur maritime vers n\u2019importe quel pays.<\/li>\n<li>Nous prenons \u00e9galement en charge le montage \u00e0 destination avec nos propres techniciens ou bien avec des partenaires locaux.<\/li>\n<\/ul>\n<\/div><\/div><\/div><\/section>\n<section class='av_toggle_section av-av_toggle-8d3fdf53d98a9932308b54fc98a1efc1'  itemscope=\"itemscope\" itemtype=\"https:\/\/schema.org\/CreativeWork\" ><div role=\"tablist\" class=\"single_toggle\" data-tags=\"{Tout} \"  ><p id='toggle-toggle-id-4' data-fake-id='#toggle-id-4' class='toggler  av-title-above '  itemprop=\"headline\"  role='tab' tabindex='0' aria-controls='toggle-id-4' data-slide-speed=\"200\" data-title=\"\u00c9quipements \" data-title-open=\"\" data-aria_collapsed=\"Cliquez pour \u00e9tendre : \u00c9quipements \" data-aria_expanded=\"Cliquez pour r\u00e9duire : \u00c9quipements \">\u00c9quipements <span class=\"toggle_icon\"><span class=\"vert_icon\"><\/span><span class=\"hor_icon\"><\/span><\/span><\/p><div id='toggle-id-4' aria-labelledby='toggle-toggle-id-4' role='region' class='toggle_wrap  av-title-above'  ><div class='toggle_content invers-color '  itemprop=\"text\" ><ul>\n<li>G\u00e9n\u00e9rateurs<\/li>\n<li>Mobilier et \u00e9lectrom\u00e9nagers<\/li>\n<li>\u00c9quipements de climatisation et r\u00e9frig\u00e9ration<\/li>\n<li>Barri\u00e8res et cloisonnement<\/li>\n<\/ul>\n<\/div><\/div><\/div><\/section>\n<\/div><\/p><\/div>\n<style type=\"text\/css\" data-created_by=\"avia_inline_auto\" id=\"style-css-av-av_hr-4474f20d2389e2e5ecf918a02da5132e\">\n#top .hr.hr-invisible.av-av_hr-4474f20d2389e2e5ecf918a02da5132e{\nheight:50px;\n}\n<\/style>\n<div  class='hr av-av_hr-4474f20d2389e2e5ecf918a02da5132e hr-invisible  avia-builder-el-5  el_after_av_one_third  el_before_av_one_full '><span class='hr-inner '><span class=\"hr-inner-style\"><\/span><\/span><\/div><\/p>\n\n<style type=\"text\/css\" data-created_by=\"avia_inline_auto\" id=\"style-css-av-av_one_full-15d750bd1b332b34c6e70b077ebbccdf\">\n.flex_column.av-av_one_full-15d750bd1b332b34c6e70b077ebbccdf{\nborder-radius:0px 0px 0px 0px;\npadding:0px 0px 0px 0px;\n}\n<\/style>\n<div  class='flex_column av-av_one_full-15d750bd1b332b34c6e70b077ebbccdf av_one_full  avia-builder-el-6  el_after_av_hr  avia-builder-el-last  first flex_column_div av-zero-column-padding  '     ><p>\n<style type=\"text\/css\" data-created_by=\"avia_inline_auto\" id=\"style-css-av-av_heading-59865bfdc5a5eb983e7b8eb342aff980\">\n#top .av-special-heading.av-av_heading-59865bfdc5a5eb983e7b8eb342aff980{\npadding-bottom:10px;\n}\nbody .av-special-heading.av-av_heading-59865bfdc5a5eb983e7b8eb342aff980 .av-special-heading-tag .heading-char{\nfont-size:25px;\n}\n.av-special-heading.av-av_heading-59865bfdc5a5eb983e7b8eb342aff980 .av-subheading{\nfont-size:15px;\n}\n<\/style>\n<div  class='av-special-heading av-av_heading-59865bfdc5a5eb983e7b8eb342aff980 av-special-heading-h3  avia-builder-el-7  el_before_av_portfolio  avia-builder-el-no-sibling '><h3 class='av-special-heading-tag '  itemprop=\"headline\"  >PRODUITS SIMILAIRES<\/h3><div class=\"special-heading-border\"><div class=\"special-heading-inner-border\"><\/div><\/div><\/div><br \/>\n<div  id=\"av-sc-portfolio-1\"  class=\"av-portfolio-grid-sorting-container\"><div class='sort_width_container  av-sort-yes' data-portfolio-id='1' ><div id='js_sort_items' ><div class='sort_by_cat hidden'><a href=\"#\" data-filter=\"all_sort\" class=\"all_sort_button active_sort\"><span class=\"inner_sort_button\"><span>Tout<\/span><small class=\"av-cat-count\"> 5 <\/small><\/span><\/a><span class=\"text-sep construction-modulaire_sort_sep\">\/<\/span><a href=\"#\" data-filter=\"construction-modulaire_sort\" class=\"construction-modulaire_sort_button\" ><span class=\"inner_sort_button\"><span>Construction Modulaire<\/span><small class=\"av-cat-count\"> 5 <\/small><\/span><\/a><\/div><\/div><\/div><div  class=' grid-sort-container isotope   no_margin-container with-title-container grid-total-odd grid-col-5 grid-links-' data-portfolio-id='1'><div data-ajax-id='28550' class=' grid-entry flex_column isotope-item all_sort no_margin post-entry post-entry-28550 grid-entry-overview grid-loop-1 grid-parity-odd  construction-modulaire_sort  av_one_fifth first default_av_fullwidth '><article class='main_color inner-entry'  itemscope=\"itemscope\" itemtype=\"https:\/\/schema.org\/CreativeWork\" ><a href=\"https:\/\/www.europa-prefabri.com\/fr\/portfolio-item\/conteneurs-de-stockage\/\" title='Conteneurs de stockage'  data-rel='grid-1' class='grid-image avia-hover-fx'> <img decoding=\"async\" fetchpriority=\"high\" width=\"260\" height=\"185\" src=\"https:\/\/www.europa-prefabri.com\/wp-content\/uploads\/contenedor-europa-prefabri-260x185.png\" class=\"wp-image-12750 avia-img-lazy-loading-not-12750 attachment-portfolio_small size-portfolio_small wp-post-image\" alt=\"\" \/><\/a><div class='grid-content'><div class='avia-arrow'><\/div><header class=\"entry-content-header\" aria-label=\"Portfolio : Conteneurs de stockage\"><h3 class='grid-entry-title entry-title '  itemprop=\"headline\" ><a href='https:\/\/www.europa-prefabri.com\/fr\/portfolio-item\/conteneurs-de-stockage\/' title='Conteneurs de stockage'>Conteneurs de stockage<\/a><\/h3><\/header><\/div><footer class=\"entry-footer\"><\/footer><\/article><\/div><div data-ajax-id='28548' class=' grid-entry flex_column isotope-item all_sort no_margin post-entry post-entry-28548 grid-entry-overview grid-loop-2 grid-parity-even  construction-modulaire_sort  av_one_fifth  default_av_fullwidth '><article class='main_color inner-entry'  itemscope=\"itemscope\" itemtype=\"https:\/\/schema.org\/CreativeWork\" ><a href=\"https:\/\/www.europa-prefabri.com\/fr\/portfolio-item\/batiments-prefabriques\/\" title='B\u00e2timents pr\u00e9fabriqu\u00e9s'  data-rel='grid-1' class='grid-image avia-hover-fx'> <img decoding=\"async\" fetchpriority=\"high\" width=\"260\" height=\"185\" src=\"https:\/\/www.europa-prefabri.com\/wp-content\/uploads\/edificio-prefabricado-europa-prefabri-260x185.png\" class=\"wp-image-12762 avia-img-lazy-loading-not-12762 attachment-portfolio_small size-portfolio_small wp-post-image\" alt=\"\" \/><\/a><div class='grid-content'><div class='avia-arrow'><\/div><header class=\"entry-content-header\" aria-label=\"Portfolio : B\u00e2timents pr\u00e9fabriqu\u00e9s\"><h3 class='grid-entry-title entry-title '  itemprop=\"headline\" ><a href='https:\/\/www.europa-prefabri.com\/fr\/portfolio-item\/batiments-prefabriques\/' title='B\u00e2timents pr\u00e9fabriqu\u00e9s'>B\u00e2timents pr\u00e9fabriqu\u00e9s<\/a><\/h3><\/header><\/div><footer class=\"entry-footer\"><\/footer><\/article><\/div><div data-ajax-id='3117' class=' grid-entry flex_column isotope-item all_sort no_margin post-entry post-entry-3117 grid-entry-overview grid-loop-3 grid-parity-odd  construccion-modular_sort construction-modulaire_sort  av_one_fifth  default_av_fullwidth '><article class='main_color inner-entry'  itemscope=\"itemscope\" itemtype=\"https:\/\/schema.org\/CreativeWork\" ><a href=\"https:\/\/www.europa-prefabri.com\/fr\/portfolio-item\/bungalows-de-chantier\/\" title='Bungalows de chantier'  data-rel='grid-1' class='grid-image avia-hover-fx'> <img decoding=\"async\" fetchpriority=\"high\" width=\"260\" height=\"185\" src=\"https:\/\/www.europa-prefabri.com\/wp-content\/uploads\/caseta-de-obra-europa-prefabri-260x185.png\" class=\"wp-image-12746 avia-img-lazy-loading-not-12746 attachment-portfolio_small size-portfolio_small wp-post-image\" alt=\"Bungalows de chantier\" \/><\/a><div class='grid-content'><div class='avia-arrow'><\/div><header class=\"entry-content-header\" aria-label=\"Portfolio : Bungalows de chantier\"><h3 class='grid-entry-title entry-title '  itemprop=\"headline\" ><a href='https:\/\/www.europa-prefabri.com\/fr\/portfolio-item\/bungalows-de-chantier\/' title='Bungalows de chantier'>Bungalows de chantier<\/a><\/h3><\/header><\/div><footer class=\"entry-footer\"><\/footer><\/article><\/div><div data-ajax-id='3271' class=' grid-entry flex_column isotope-item all_sort no_margin post-entry post-entry-3271 grid-entry-overview grid-loop-4 grid-parity-even  construction-modulaire_sort  av_one_fifth  default_av_fullwidth '><article class='main_color inner-entry'  itemscope=\"itemscope\" itemtype=\"https:\/\/schema.org\/CreativeWork\" ><a href=\"https:\/\/www.europa-prefabri.com\/fr\/portfolio-item\/bases-de-vie\/\" title='Bases de vie'  data-rel='grid-1' class='grid-image avia-hover-fx'> <img decoding=\"async\" fetchpriority=\"high\" width=\"260\" height=\"185\" src=\"https:\/\/www.europa-prefabri.com\/wp-content\/uploads\/IMAG1585_800x452-260x185.jpg\" class=\"wp-image-7810 avia-img-lazy-loading-not-7810 attachment-portfolio_small size-portfolio_small wp-post-image\" alt=\"campamento modular de oficinas en lagos nigeria\" \/><\/a><div class='grid-content'><div class='avia-arrow'><\/div><header class=\"entry-content-header\" aria-label=\"Portfolio : Bases de vie\"><h3 class='grid-entry-title entry-title '  itemprop=\"headline\" ><a href='https:\/\/www.europa-prefabri.com\/fr\/portfolio-item\/bases-de-vie\/' title='Bases de vie'>Bases de vie<\/a><\/h3><\/header><\/div><footer class=\"entry-footer\"><\/footer><\/article><\/div><div data-ajax-id='3268' class=' grid-entry flex_column isotope-item all_sort no_margin post-entry post-entry-3268 grid-entry-overview grid-loop-5 grid-parity-odd  post-entry-last  construction-modulaire_sort  av_one_fifth  default_av_fullwidth '><article class='main_color inner-entry'  itemscope=\"itemscope\" itemtype=\"https:\/\/schema.org\/CreativeWork\" ><a href=\"https:\/\/www.europa-prefabri.com\/fr\/portfolio-item\/modules-en-kit\/\" title='Boungalows en KIT'  data-rel='grid-1' class='grid-image avia-hover-fx'> <img decoding=\"async\" fetchpriority=\"high\" width=\"260\" height=\"185\" src=\"https:\/\/www.europa-prefabri.com\/wp-content\/uploads\/modulos-en-kit-europa-prefabri-260x185.png\" class=\"wp-image-12778 avia-img-lazy-loading-not-12778 attachment-portfolio_small size-portfolio_small wp-post-image\" alt=\"\" \/><\/a><div class='grid-content'><div class='avia-arrow'><\/div><header class=\"entry-content-header\" aria-label=\"Portfolio : Boungalows en KIT\"><h3 class='grid-entry-title entry-title '  itemprop=\"headline\" ><a href='https:\/\/www.europa-prefabri.com\/fr\/portfolio-item\/modules-en-kit\/' title='Boungalows en KIT'>Boungalows en KIT<\/a><\/h3><\/header><\/div><footer class=\"entry-footer\"><\/footer><\/article><\/div><\/div><\/div>   <!--   class=\"av-portfolio-grid-sorting-container\"  --><\/p><\/div>\n","protected":false},"excerpt":{"rendered":"","protected":false},"author":4,"featured_media":7810,"comment_status":"closed","ping_status":"closed","template":"","meta":{"footnotes":""},"tags":[],"portfolio_entries":[],"class_list":["post-28552","portfolio","type-portfolio","status-publish","has-post-thumbnail","hentry"],"yoast_head":"<!-- This site is optimized with the Yoast SEO plugin v27.5 - https:\/\/yoast.com\/product\/yoast-seo-wordpress\/ -->\n<title>CAMPEMENTS MODULAIRES PR\u00c9FABRIQU\u00c9S<\/title>\n<meta name=\"description\" content=\"Nous sommes sp\u00e9cialis\u00e9s dans la conception, la fabrication et le montage de campements pour ouvriers temporaires ou permanents.\" \/>\n<meta name=\"robots\" content=\"index, follow, max-snippet:-1, max-image-preview:large, max-video-preview:-1\" \/>\n<link rel=\"canonical\" href=\"https:\/\/www.europa-prefabri.com\/fr\/portfolio-item\/campements-modulaires\/\" \/>\n<meta property=\"og:locale\" content=\"fr_FR\" \/>\n<meta property=\"og:type\" content=\"article\" \/>\n<meta property=\"og:title\" content=\"CAMPEMENTS MODULAIRES PR\u00c9FABRIQU\u00c9S\" \/>\n<meta property=\"og:description\" content=\"Nous sommes sp\u00e9cialis\u00e9s dans la conception, la fabrication et le montage de campements pour ouvriers temporaires ou permanents.\" \/>\n<meta property=\"og:url\" content=\"https:\/\/www.europa-prefabri.com\/fr\/portfolio-item\/campements-modulaires\/\" \/>\n<meta property=\"og:site_name\" content=\"Europa Prefabri | Alquiler y venta de construcciones modulares\" \/>\n<meta property=\"article:publisher\" content=\"https:\/\/www.facebook.com\/Europa-Prefabri-258328977572213\/\" \/>\n<meta property=\"article:modified_time\" content=\"2021-04-23T10:31:50+00:00\" \/>\n<meta property=\"og:image\" content=\"https:\/\/www.europa-prefabri.com\/wp-content\/uploads\/IMAG1585_800x452.jpg\" \/>\n\t<meta property=\"og:image:width\" content=\"800\" \/>\n\t<meta property=\"og:image:height\" content=\"452\" \/>\n\t<meta property=\"og:image:type\" content=\"image\/jpeg\" \/>\n<meta name=\"twitter:card\" content=\"summary_large_image\" \/>\n<meta name=\"twitter:site\" content=\"@EuropaPrefabri\" \/>\n<meta name=\"twitter:label1\" content=\"Est. reading time\" \/>\n\t<meta name=\"twitter:data1\" content=\"3 minutes\" \/>\n<script type=\"application\/ld+json\" class=\"yoast-schema-graph\">{\"@context\":\"https:\\\/\\\/schema.org\",\"@graph\":[{\"@type\":\"WebPage\",\"@id\":\"https:\\\/\\\/www.europa-prefabri.com\\\/fr\\\/portfolio-item\\\/campements-modulaires\\\/\",\"url\":\"https:\\\/\\\/www.europa-prefabri.com\\\/fr\\\/portfolio-item\\\/campements-modulaires\\\/\",\"name\":\"CAMPEMENTS MODULAIRES PR\u00c9FABRIQU\u00c9S\",\"isPartOf\":{\"@id\":\"https:\\\/\\\/www.europa-prefabri.com\\\/#website\"},\"primaryImageOfPage\":{\"@id\":\"https:\\\/\\\/www.europa-prefabri.com\\\/fr\\\/portfolio-item\\\/campements-modulaires\\\/#primaryimage\"},\"image\":{\"@id\":\"https:\\\/\\\/www.europa-prefabri.com\\\/fr\\\/portfolio-item\\\/campements-modulaires\\\/#primaryimage\"},\"thumbnailUrl\":\"https:\\\/\\\/www.europa-prefabri.com\\\/wp-content\\\/uploads\\\/IMAG1585_800x452.jpg\",\"datePublished\":\"2020-11-11T10:37:29+00:00\",\"dateModified\":\"2021-04-23T10:31:50+00:00\",\"description\":\"Nous sommes sp\u00e9cialis\u00e9s dans la conception, la fabrication et le montage de campements pour ouvriers temporaires ou permanents.\",\"breadcrumb\":{\"@id\":\"https:\\\/\\\/www.europa-prefabri.com\\\/fr\\\/portfolio-item\\\/campements-modulaires\\\/#breadcrumb\"},\"inLanguage\":\"fr-FR\",\"potentialAction\":[{\"@type\":\"ReadAction\",\"target\":[\"https:\\\/\\\/www.europa-prefabri.com\\\/fr\\\/portfolio-item\\\/campements-modulaires\\\/\"]}]},{\"@type\":\"ImageObject\",\"inLanguage\":\"fr-FR\",\"@id\":\"https:\\\/\\\/www.europa-prefabri.com\\\/fr\\\/portfolio-item\\\/campements-modulaires\\\/#primaryimage\",\"url\":\"https:\\\/\\\/www.europa-prefabri.com\\\/wp-content\\\/uploads\\\/IMAG1585_800x452.jpg\",\"contentUrl\":\"https:\\\/\\\/www.europa-prefabri.com\\\/wp-content\\\/uploads\\\/IMAG1585_800x452.jpg\",\"width\":800,\"height\":452,\"caption\":\"campamento modular de oficinas en lagos nigeria\"},{\"@type\":\"BreadcrumbList\",\"@id\":\"https:\\\/\\\/www.europa-prefabri.com\\\/fr\\\/portfolio-item\\\/campements-modulaires\\\/#breadcrumb\",\"itemListElement\":[{\"@type\":\"ListItem\",\"position\":1,\"name\":\"Portada\",\"item\":\"https:\\\/\\\/www.europa-prefabri.com\\\/fr\\\/\"},{\"@type\":\"ListItem\",\"position\":2,\"name\":\"Campements modulaires\"}]},{\"@type\":\"WebSite\",\"@id\":\"https:\\\/\\\/www.europa-prefabri.com\\\/#website\",\"url\":\"https:\\\/\\\/www.europa-prefabri.com\\\/\",\"name\":\"Europa Prefabri | Alquiler y venta de construcciones modulares\",\"description\":\"Alquiler y venta de construcciones modulares, casetas de obra, marquesinas de aparcamiento y vallas y cerramientos.\",\"publisher\":{\"@id\":\"https:\\\/\\\/www.europa-prefabri.com\\\/#organization\"},\"potentialAction\":[{\"@type\":\"SearchAction\",\"target\":{\"@type\":\"EntryPoint\",\"urlTemplate\":\"https:\\\/\\\/www.europa-prefabri.com\\\/?s={search_term_string}\"},\"query-input\":{\"@type\":\"PropertyValueSpecification\",\"valueRequired\":true,\"valueName\":\"search_term_string\"}}],\"inLanguage\":\"fr-FR\"},{\"@type\":\"Organization\",\"@id\":\"https:\\\/\\\/www.europa-prefabri.com\\\/#organization\",\"name\":\"Prefabri S.L.\",\"url\":\"https:\\\/\\\/www.europa-prefabri.com\\\/\",\"logo\":{\"@type\":\"ImageObject\",\"inLanguage\":\"fr-FR\",\"@id\":\"https:\\\/\\\/www.europa-prefabri.com\\\/#\\\/schema\\\/logo\\\/image\\\/\",\"url\":\"https:\\\/\\\/www.europa-prefabri.com\\\/wp-content\\\/uploads\\\/EuropaPrefabri-Logo.jpg\",\"contentUrl\":\"https:\\\/\\\/www.europa-prefabri.com\\\/wp-content\\\/uploads\\\/EuropaPrefabri-Logo.jpg\",\"width\":752,\"height\":348,\"caption\":\"Prefabri S.L.\"},\"image\":{\"@id\":\"https:\\\/\\\/www.europa-prefabri.com\\\/#\\\/schema\\\/logo\\\/image\\\/\"},\"sameAs\":[\"https:\\\/\\\/www.facebook.com\\\/Europa-Prefabri-258328977572213\\\/\",\"https:\\\/\\\/x.com\\\/EuropaPrefabri\",\"https:\\\/\\\/www.instagram.com\\\/europaprefabri\\\/\",\"https:\\\/\\\/es.linkedin.com\\\/company\\\/europa-prefabri\",\"https:\\\/\\\/es.pinterest.com\\\/europaprefabri\\\/\",\"https:\\\/\\\/www.youtube.com\\\/user\\\/PrefabriSL\"]}]}<\/script>\n<!-- \/ Yoast SEO plugin. -->","yoast_head_json":{"title":"CAMPEMENTS MODULAIRES PR\u00c9FABRIQU\u00c9S","description":"Nous sommes sp\u00e9cialis\u00e9s dans la conception, la fabrication et le montage de campements pour ouvriers temporaires ou permanents.","robots":{"index":"index","follow":"follow","max-snippet":"max-snippet:-1","max-image-preview":"max-image-preview:large","max-video-preview":"max-video-preview:-1"},"canonical":"https:\/\/www.europa-prefabri.com\/fr\/portfolio-item\/campements-modulaires\/","og_locale":"fr_FR","og_type":"article","og_title":"CAMPEMENTS MODULAIRES PR\u00c9FABRIQU\u00c9S","og_description":"Nous sommes sp\u00e9cialis\u00e9s dans la conception, la fabrication et le montage de campements pour ouvriers temporaires ou permanents.","og_url":"https:\/\/www.europa-prefabri.com\/fr\/portfolio-item\/campements-modulaires\/","og_site_name":"Europa Prefabri | Alquiler y venta de construcciones modulares","article_publisher":"https:\/\/www.facebook.com\/Europa-Prefabri-258328977572213\/","article_modified_time":"2021-04-23T10:31:50+00:00","og_image":[{"width":800,"height":452,"url":"https:\/\/www.europa-prefabri.com\/wp-content\/uploads\/IMAG1585_800x452.jpg","type":"image\/jpeg"}],"twitter_card":"summary_large_image","twitter_site":"@EuropaPrefabri","twitter_misc":{"Est. reading time":"3 minutes"},"schema":{"@context":"https:\/\/schema.org","@graph":[{"@type":"WebPage","@id":"https:\/\/www.europa-prefabri.com\/fr\/portfolio-item\/campements-modulaires\/","url":"https:\/\/www.europa-prefabri.com\/fr\/portfolio-item\/campements-modulaires\/","name":"CAMPEMENTS MODULAIRES PR\u00c9FABRIQU\u00c9S","isPartOf":{"@id":"https:\/\/www.europa-prefabri.com\/#website"},"primaryImageOfPage":{"@id":"https:\/\/www.europa-prefabri.com\/fr\/portfolio-item\/campements-modulaires\/#primaryimage"},"image":{"@id":"https:\/\/www.europa-prefabri.com\/fr\/portfolio-item\/campements-modulaires\/#primaryimage"},"thumbnailUrl":"https:\/\/www.europa-prefabri.com\/wp-content\/uploads\/IMAG1585_800x452.jpg","datePublished":"2020-11-11T10:37:29+00:00","dateModified":"2021-04-23T10:31:50+00:00","description":"Nous sommes sp\u00e9cialis\u00e9s dans la conception, la fabrication et le montage de campements pour ouvriers temporaires ou permanents.","breadcrumb":{"@id":"https:\/\/www.europa-prefabri.com\/fr\/portfolio-item\/campements-modulaires\/#breadcrumb"},"inLanguage":"fr-FR","potentialAction":[{"@type":"ReadAction","target":["https:\/\/www.europa-prefabri.com\/fr\/portfolio-item\/campements-modulaires\/"]}]},{"@type":"ImageObject","inLanguage":"fr-FR","@id":"https:\/\/www.europa-prefabri.com\/fr\/portfolio-item\/campements-modulaires\/#primaryimage","url":"https:\/\/www.europa-prefabri.com\/wp-content\/uploads\/IMAG1585_800x452.jpg","contentUrl":"https:\/\/www.europa-prefabri.com\/wp-content\/uploads\/IMAG1585_800x452.jpg","width":800,"height":452,"caption":"campamento modular de oficinas en lagos nigeria"},{"@type":"BreadcrumbList","@id":"https:\/\/www.europa-prefabri.com\/fr\/portfolio-item\/campements-modulaires\/#breadcrumb","itemListElement":[{"@type":"ListItem","position":1,"name":"Portada","item":"https:\/\/www.europa-prefabri.com\/fr\/"},{"@type":"ListItem","position":2,"name":"Campements modulaires"}]},{"@type":"WebSite","@id":"https:\/\/www.europa-prefabri.com\/#website","url":"https:\/\/www.europa-prefabri.com\/","name":"Europa Prefabri | Alquiler y venta de construcciones modulares","description":"Alquiler y venta de construcciones modulares, casetas de obra, marquesinas de aparcamiento y vallas y cerramientos.","publisher":{"@id":"https:\/\/www.europa-prefabri.com\/#organization"},"potentialAction":[{"@type":"SearchAction","target":{"@type":"EntryPoint","urlTemplate":"https:\/\/www.europa-prefabri.com\/?s={search_term_string}"},"query-input":{"@type":"PropertyValueSpecification","valueRequired":true,"valueName":"search_term_string"}}],"inLanguage":"fr-FR"},{"@type":"Organization","@id":"https:\/\/www.europa-prefabri.com\/#organization","name":"Prefabri S.L.","url":"https:\/\/www.europa-prefabri.com\/","logo":{"@type":"ImageObject","inLanguage":"fr-FR","@id":"https:\/\/www.europa-prefabri.com\/#\/schema\/logo\/image\/","url":"https:\/\/www.europa-prefabri.com\/wp-content\/uploads\/EuropaPrefabri-Logo.jpg","contentUrl":"https:\/\/www.europa-prefabri.com\/wp-content\/uploads\/EuropaPrefabri-Logo.jpg","width":752,"height":348,"caption":"Prefabri S.L."},"image":{"@id":"https:\/\/www.europa-prefabri.com\/#\/schema\/logo\/image\/"},"sameAs":["https:\/\/www.facebook.com\/Europa-Prefabri-258328977572213\/","https:\/\/x.com\/EuropaPrefabri","https:\/\/www.instagram.com\/europaprefabri\/","https:\/\/es.linkedin.com\/company\/europa-prefabri","https:\/\/es.pinterest.com\/europaprefabri\/","https:\/\/www.youtube.com\/user\/PrefabriSL"]}]}},"_links":{"self":[{"href":"https:\/\/www.europa-prefabri.com\/fr\/wp-json\/wp\/v2\/portfolio\/28552","targetHints":{"allow":["GET"]}}],"collection":[{"href":"https:\/\/www.europa-prefabri.com\/fr\/wp-json\/wp\/v2\/portfolio"}],"about":[{"href":"https:\/\/www.europa-prefabri.com\/fr\/wp-json\/wp\/v2\/types\/portfolio"}],"author":[{"embeddable":true,"href":"https:\/\/www.europa-prefabri.com\/fr\/wp-json\/wp\/v2\/users\/4"}],"replies":[{"embeddable":true,"href":"https:\/\/www.europa-prefabri.com\/fr\/wp-json\/wp\/v2\/comments?post=28552"}],"version-history":[{"count":0,"href":"https:\/\/www.europa-prefabri.com\/fr\/wp-json\/wp\/v2\/portfolio\/28552\/revisions"}],"wp:featuredmedia":[{"embeddable":true,"href":"https:\/\/www.europa-prefabri.com\/fr\/wp-json\/wp\/v2\/media\/7810"}],"wp:attachment":[{"href":"https:\/\/www.europa-prefabri.com\/fr\/wp-json\/wp\/v2\/media?parent=28552"}],"wp:term":[{"taxonomy":"post_tag","embeddable":true,"href":"https:\/\/www.europa-prefabri.com\/fr\/wp-json\/wp\/v2\/tags?post=28552"},{"taxonomy":"portfolio_entries","embeddable":true,"href":"https:\/\/www.europa-prefabri.com\/fr\/wp-json\/wp\/v2\/portfolio_entries?post=28552"}],"curies":[{"name":"wp","href":"https:\/\/api.w.org\/{rel}","templated":true}]}}