{"id":3288,"date":"2013-11-29T15:59:06","date_gmt":"2013-11-29T15:59:06","guid":{"rendered":"http:\/\/www.europa-prefabri.com\/?page_id=3288"},"modified":"2021-06-15T12:51:08","modified_gmt":"2021-06-15T10:51:08","slug":"secteurs","status":"publish","type":"page","link":"https:\/\/www.europa-prefabri.com\/fr\/secteurs\/","title":{"rendered":"Clients par secteur"},"content":{"rendered":"<div  class='flex_column av-av_one_full-2a9015ff38129c418a3f2eafba3e9512 av_one_full  avia-builder-el-0  avia-builder-el-no-sibling  first flex_column_div  '     ><div  id=\"av-sc-portfolio-1\"  class=\"av-portfolio-grid-sorting-container\"><div class='sort_width_container  av-sort-yes' data-portfolio-id='1' ><div id='js_sort_items' ><div class='sort_by_cat hidden'><a href=\"#\" data-filter=\"all_sort\" class=\"all_sort_button active_sort\"><span class=\"inner_sort_button\"><span>Tout<\/span><small class=\"av-cat-count\"> 7 <\/small><\/span><\/a><span class=\"text-sep secteurs-fr_sort_sep\">\/<\/span><a href=\"#\" data-filter=\"secteurs-fr_sort\" class=\"secteurs-fr_sort_button\" ><span class=\"inner_sort_button\"><span>Clients par secteur<\/span><small class=\"av-cat-count\"> 7 <\/small><\/span><\/a><\/div><\/div><\/div><div  class=' grid-sort-container isotope   no_margin-container with-excerpt-container grid-total-odd grid-col-3 grid-links-' data-portfolio-id='1'><div data-ajax-id='3300' class=' grid-entry flex_column isotope-item all_sort no_margin post-entry post-entry-3300 grid-entry-overview grid-loop-1 grid-parity-odd  secteurs-fr_sort  av_one_third first default_av_fullwidth '><article class='main_color inner-entry'  itemscope=\"itemscope\" itemtype=\"https:\/\/schema.org\/CreativeWork\" ><a href=\"https:\/\/www.europa-prefabri.com\/fr\/portfolio-item\/industrie\/\" title='Entreprises \/ Industrie'  data-rel='grid-1' class='grid-image avia-hover-fx'> <img decoding=\"async\" fetchpriority=\"high\" width=\"495\" height=\"400\" src=\"https:\/\/www.europa-prefabri.com\/wp-content\/uploads\/Oficinas-modulares-6_800x479-495x400.jpg\" class=\"wp-image-3163 avia-img-lazy-loading-not-3163 attachment-portfolio size-portfolio wp-post-image\" alt=\"\" \/><\/a><div class='grid-content'><div class='avia-arrow'><\/div><header class=\"entry-content-header\" aria-label=\"Portfolio : Entreprises \/ Industrie\"><h3 class='grid-entry-title entry-title '  itemprop=\"headline\" ><a href='https:\/\/www.europa-prefabri.com\/fr\/portfolio-item\/industrie\/' title='Entreprises \/ Industrie'>Entreprises \/ Industrie<\/a><\/h3><\/header><\/div><footer class=\"entry-footer\"><\/footer><\/article><\/div><div data-ajax-id='6944' class=' grid-entry flex_column isotope-item all_sort no_margin post-entry post-entry-6944 grid-entry-overview grid-loop-2 grid-parity-even  secteurs-fr_sort  av_one_third  default_av_fullwidth '><article class='main_color inner-entry'  itemscope=\"itemscope\" itemtype=\"https:\/\/schema.org\/CreativeWork\" ><a href=\"https:\/\/www.europa-prefabri.com\/fr\/portfolio-item\/construccion\/\" title='Construction'  data-rel='grid-1' class='grid-image avia-hover-fx'> <img decoding=\"async\" fetchpriority=\"high\" width=\"495\" height=\"400\" src=\"https:\/\/www.europa-prefabri.com\/wp-content\/uploads\/4-modulos-prefabricados-495x400.jpg\" class=\"wp-image-6780 avia-img-lazy-loading-not-6780 attachment-portfolio size-portfolio wp-post-image\" alt=\"\" srcset=\"https:\/\/www.europa-prefabri.com\/wp-content\/uploads\/4-modulos-prefabricados-495x400.jpg 495w, https:\/\/www.europa-prefabri.com\/wp-content\/uploads\/4-modulos-prefabricados-300x242.jpg 300w, https:\/\/www.europa-prefabri.com\/wp-content\/uploads\/4-modulos-prefabricados-450x364.jpg 450w, https:\/\/www.europa-prefabri.com\/wp-content\/uploads\/4-modulos-prefabricados.jpg 710w\" sizes=\"(max-width: 495px) 100vw, 495px\" \/><\/a><div class='grid-content'><div class='avia-arrow'><\/div><header class=\"entry-content-header\" aria-label=\"Portfolio : Construction\"><h3 class='grid-entry-title entry-title '  itemprop=\"headline\" ><a href='https:\/\/www.europa-prefabri.com\/fr\/portfolio-item\/construccion\/' title='Construction'>Construction<\/a><\/h3><\/header><\/div><footer class=\"entry-footer\"><\/footer><\/article><\/div><div data-ajax-id='6786' class=' grid-entry flex_column isotope-item all_sort no_margin post-entry post-entry-6786 grid-entry-overview grid-loop-3 grid-parity-odd  secteurs-fr_sort  av_one_third  default_av_fullwidth '><article class='main_color inner-entry'  itemscope=\"itemscope\" itemtype=\"https:\/\/schema.org\/CreativeWork\" ><a href=\"https:\/\/www.europa-prefabri.com\/fr\/portfolio-item\/eventos-y-espectaculos\/\" title='\u00c9v\u00e8nements'  data-rel='grid-1' class='grid-image avia-hover-fx'> <img decoding=\"async\" fetchpriority=\"high\" width=\"495\" height=\"400\" src=\"https:\/\/www.europa-prefabri.com\/wp-content\/uploads\/Foto-sanap-12_800x479-495x400.jpg\" class=\"wp-image-25622 avia-img-lazy-loading-not-25622 attachment-portfolio size-portfolio wp-post-image\" alt=\"\" \/><\/a><div class='grid-content'><div class='avia-arrow'><\/div><header class=\"entry-content-header\" aria-label=\"Portfolio : \u00c9v\u00e8nements\"><h3 class='grid-entry-title entry-title '  itemprop=\"headline\" ><a href='https:\/\/www.europa-prefabri.com\/fr\/portfolio-item\/eventos-y-espectaculos\/' title='\u00c9v\u00e8nements'>\u00c9v\u00e8nements<\/a><\/h3><\/header><\/div><footer class=\"entry-footer\"><\/footer><\/article><\/div><div data-ajax-id='6731' class=' grid-entry flex_column isotope-item all_sort no_margin post-entry post-entry-6731 grid-entry-overview grid-loop-4 grid-parity-even  secteurs-fr_sort  av_one_third first default_av_fullwidth '><article class='main_color inner-entry'  itemscope=\"itemscope\" itemtype=\"https:\/\/schema.org\/CreativeWork\" ><a href=\"https:\/\/www.europa-prefabri.com\/fr\/portfolio-item\/comercios\/\" title='Magasins'  data-rel='grid-1' class='grid-image avia-hover-fx'> <img decoding=\"async\" fetchpriority=\"high\" width=\"495\" height=\"400\" src=\"https:\/\/www.europa-prefabri.com\/wp-content\/uploads\/Oficinas-modulares-4_800x600-495x400.jpg\" class=\"wp-image-6735 avia-img-lazy-loading-not-6735 attachment-portfolio size-portfolio wp-post-image\" alt=\"\" srcset=\"https:\/\/www.europa-prefabri.com\/wp-content\/uploads\/Oficinas-modulares-4_800x600-495x400.jpg 495w, https:\/\/www.europa-prefabri.com\/wp-content\/uploads\/Oficinas-modulares-4_800x600-710x575.jpg 710w\" sizes=\"(max-width: 495px) 100vw, 495px\" \/><\/a><div class='grid-content'><div class='avia-arrow'><\/div><header class=\"entry-content-header\" aria-label=\"Portfolio : Magasins\"><h3 class='grid-entry-title entry-title '  itemprop=\"headline\" ><a href='https:\/\/www.europa-prefabri.com\/fr\/portfolio-item\/comercios\/' title='Magasins'>Magasins<\/a><\/h3><\/header><\/div><footer class=\"entry-footer\"><\/footer><\/article><\/div><div data-ajax-id='6737' class=' grid-entry flex_column isotope-item all_sort no_margin post-entry post-entry-6737 grid-entry-overview grid-loop-5 grid-parity-odd  secteurs-fr_sort  av_one_third  default_av_fullwidth '><article class='main_color inner-entry'  itemscope=\"itemscope\" itemtype=\"https:\/\/schema.org\/CreativeWork\" ><a href=\"https:\/\/www.europa-prefabri.com\/fr\/portfolio-item\/ayuntamientos-administraciones-publicas\/\" title='Municipalit\u00e9s et administrations publiques'  data-rel='grid-1' class='grid-image avia-hover-fx'> <img decoding=\"async\" fetchpriority=\"high\" width=\"495\" height=\"400\" src=\"https:\/\/www.europa-prefabri.com\/wp-content\/uploads\/7-Marquesina-autobus-NEW-495x400.jpg\" class=\"wp-image-7224 avia-img-lazy-loading-not-7224 attachment-portfolio size-portfolio wp-post-image\" alt=\"\" srcset=\"https:\/\/www.europa-prefabri.com\/wp-content\/uploads\/7-Marquesina-autobus-NEW-495x400.jpg 495w, https:\/\/www.europa-prefabri.com\/wp-content\/uploads\/7-Marquesina-autobus-NEW-300x242.jpg 300w, https:\/\/www.europa-prefabri.com\/wp-content\/uploads\/7-Marquesina-autobus-NEW-450x364.jpg 450w, https:\/\/www.europa-prefabri.com\/wp-content\/uploads\/7-Marquesina-autobus-NEW.jpg 710w\" sizes=\"(max-width: 495px) 100vw, 495px\" \/><\/a><div class='grid-content'><div class='avia-arrow'><\/div><header class=\"entry-content-header\" aria-label=\"Portfolio : Municipalit\u00e9s et administrations publiques\"><h3 class='grid-entry-title entry-title '  itemprop=\"headline\" ><a href='https:\/\/www.europa-prefabri.com\/fr\/portfolio-item\/ayuntamientos-administraciones-publicas\/' title='Municipalit\u00e9s et administrations publiques'>Municipalit\u00e9s et administrations publiques<\/a><\/h3><\/header><\/div><footer class=\"entry-footer\"><\/footer><\/article><\/div><div data-ajax-id='6740' class=' grid-entry flex_column isotope-item all_sort no_margin post-entry post-entry-6740 grid-entry-overview grid-loop-6 grid-parity-even  secteurs-fr_sort  av_one_third  default_av_fullwidth '><article class='main_color inner-entry'  itemscope=\"itemscope\" itemtype=\"https:\/\/schema.org\/CreativeWork\" ><a href=\"https:\/\/www.europa-prefabri.com\/fr\/portfolio-item\/servicios-publicos\/\" title='Sant\u00e9, \u00e9ducation, services sociaux'  data-rel='grid-1' class='grid-image avia-hover-fx'> <img decoding=\"async\" fetchpriority=\"high\" width=\"495\" height=\"400\" src=\"https:\/\/www.europa-prefabri.com\/wp-content\/uploads\/albergue-modular-prefabricado-495x400.jpg\" class=\"wp-image-23958 avia-img-lazy-loading-not-23958 attachment-portfolio size-portfolio wp-post-image\" alt=\"construction modulaire pour Administrations Publiques\" srcset=\"https:\/\/www.europa-prefabri.com\/wp-content\/uploads\/albergue-modular-prefabricado-495x400.jpg 495w, https:\/\/www.europa-prefabri.com\/wp-content\/uploads\/albergue-modular-prefabricado-845x684.jpg 845w\" sizes=\"(max-width: 495px) 100vw, 495px\" \/><\/a><div class='grid-content'><div class='avia-arrow'><\/div><header class=\"entry-content-header\" aria-label=\"Portfolio : Sant\u00e9, \u00e9ducation, services sociaux\"><h3 class='grid-entry-title entry-title '  itemprop=\"headline\" ><a href='https:\/\/www.europa-prefabri.com\/fr\/portfolio-item\/servicios-publicos\/' title='Sant\u00e9, \u00e9ducation, services sociaux'>Sant\u00e9, \u00e9ducation, services sociaux<\/a><\/h3><\/header><\/div><footer class=\"entry-footer\"><\/footer><\/article><\/div><div data-ajax-id='6771' class=' grid-entry flex_column isotope-item all_sort no_margin post-entry post-entry-6771 grid-entry-overview grid-loop-7 grid-parity-odd  post-entry-last  secteurs-fr_sort  av_one_third first default_av_fullwidth '><article class='main_color inner-entry'  itemscope=\"itemscope\" itemtype=\"https:\/\/schema.org\/CreativeWork\" ><a href=\"https:\/\/www.europa-prefabri.com\/fr\/portfolio-item\/abris-de-voiture\/\" title='Abris de voiture'  data-rel='grid-1' class='grid-image avia-hover-fx'> <img decoding=\"async\" fetchpriority=\"high\" width=\"495\" height=\"400\" src=\"https:\/\/www.europa-prefabri.com\/wp-content\/uploads\/marquesinas-de-aparcamiento-para-destileria-en-zaragoza-01-495x400.jpg\" class=\"wp-image-22158 avia-img-lazy-loading-not-22158 attachment-portfolio size-portfolio wp-post-image\" alt=\"\" \/><\/a><div class='grid-content'><div class='avia-arrow'><\/div><header class=\"entry-content-header\" aria-label=\"Portfolio : Abris de voiture\"><h3 class='grid-entry-title entry-title '  itemprop=\"headline\" ><a href='https:\/\/www.europa-prefabri.com\/fr\/portfolio-item\/abris-de-voiture\/' title='Abris de voiture'>Abris de voiture<\/a><\/h3><\/header><\/div><footer class=\"entry-footer\"><\/footer><\/article><\/div><\/div><\/div>   <!--   class=\"av-portfolio-grid-sorting-container\"  --><\/div>\n","protected":false},"excerpt":{"rendered":"","protected":false},"author":4,"featured_media":0,"parent":0,"menu_order":0,"comment_status":"closed","ping_status":"closed","template":"","meta":{"footnotes":""},"class_list":["post-3288","page","type-page","status-publish","hentry"],"yoast_head":"<!-- This site is optimized with the Yoast SEO plugin v27.5 - https:\/\/yoast.com\/product\/yoast-seo-wordpress\/ -->\n<title>EUROPA PREFABRI offre des solutions pour tout type d&#039;entreprise et de client.<\/title>\n<meta name=\"description\" content=\"Europa Prefabri offre des solutions divers adapt\u00e9s \u00e0 chaque projet et pour tout type d&#039;entreprise et de client. On adapte nos produits selon les crit\u00e8res du projet.\" \/>\n<meta name=\"robots\" content=\"index, follow, max-snippet:-1, max-image-preview:large, max-video-preview:-1\" \/>\n<link rel=\"canonical\" href=\"https:\/\/www.europa-prefabri.com\/fr\/secteurs\/\" \/>\n<meta property=\"og:locale\" content=\"fr_FR\" \/>\n<meta property=\"og:type\" content=\"article\" \/>\n<meta property=\"og:title\" content=\"EUROPA PREFABRI offre des solutions pour tout type d&#039;entreprise et de client.\" \/>\n<meta property=\"og:description\" content=\"Europa Prefabri offre des solutions divers adapt\u00e9s \u00e0 chaque projet et pour tout type d&#039;entreprise et de client. On adapte nos produits selon les crit\u00e8res du projet.\" \/>\n<meta property=\"og:url\" content=\"https:\/\/www.europa-prefabri.com\/fr\/secteurs\/\" \/>\n<meta property=\"og:site_name\" content=\"Europa Prefabri | Alquiler y venta de construcciones modulares\" \/>\n<meta property=\"article:publisher\" content=\"https:\/\/www.facebook.com\/Europa-Prefabri-258328977572213\/\" \/>\n<meta property=\"article:modified_time\" content=\"2021-06-15T10:51:08+00:00\" \/>\n<meta name=\"twitter:card\" content=\"summary_large_image\" \/>\n<meta name=\"twitter:site\" content=\"@EuropaPrefabri\" \/>\n<script type=\"application\/ld+json\" class=\"yoast-schema-graph\">{\"@context\":\"https:\\\/\\\/schema.org\",\"@graph\":[{\"@type\":\"WebPage\",\"@id\":\"https:\\\/\\\/www.europa-prefabri.com\\\/fr\\\/secteurs\\\/\",\"url\":\"https:\\\/\\\/www.europa-prefabri.com\\\/fr\\\/secteurs\\\/\",\"name\":\"EUROPA PREFABRI offre des solutions pour tout type d'entreprise et de client.\",\"isPartOf\":{\"@id\":\"https:\\\/\\\/www.europa-prefabri.com\\\/#website\"},\"datePublished\":\"2013-11-29T15:59:06+00:00\",\"dateModified\":\"2021-06-15T10:51:08+00:00\",\"description\":\"Europa Prefabri offre des solutions divers adapt\u00e9s \u00e0 chaque projet et pour tout type d'entreprise et de client. On adapte nos produits selon les crit\u00e8res du projet.\",\"breadcrumb\":{\"@id\":\"https:\\\/\\\/www.europa-prefabri.com\\\/fr\\\/secteurs\\\/#breadcrumb\"},\"inLanguage\":\"fr-FR\",\"potentialAction\":[{\"@type\":\"ReadAction\",\"target\":[\"https:\\\/\\\/www.europa-prefabri.com\\\/fr\\\/secteurs\\\/\"]}]},{\"@type\":\"BreadcrumbList\",\"@id\":\"https:\\\/\\\/www.europa-prefabri.com\\\/fr\\\/secteurs\\\/#breadcrumb\",\"itemListElement\":[{\"@type\":\"ListItem\",\"position\":1,\"name\":\"Portada\",\"item\":\"https:\\\/\\\/www.europa-prefabri.com\\\/fr\\\/\"},{\"@type\":\"ListItem\",\"position\":2,\"name\":\"Clients par secteur\"}]},{\"@type\":\"WebSite\",\"@id\":\"https:\\\/\\\/www.europa-prefabri.com\\\/#website\",\"url\":\"https:\\\/\\\/www.europa-prefabri.com\\\/\",\"name\":\"Europa Prefabri | Alquiler y venta de construcciones modulares\",\"description\":\"Alquiler y venta de construcciones modulares, casetas de obra, marquesinas de aparcamiento y vallas y cerramientos.\",\"publisher\":{\"@id\":\"https:\\\/\\\/www.europa-prefabri.com\\\/#organization\"},\"potentialAction\":[{\"@type\":\"SearchAction\",\"target\":{\"@type\":\"EntryPoint\",\"urlTemplate\":\"https:\\\/\\\/www.europa-prefabri.com\\\/?s={search_term_string}\"},\"query-input\":{\"@type\":\"PropertyValueSpecification\",\"valueRequired\":true,\"valueName\":\"search_term_string\"}}],\"inLanguage\":\"fr-FR\"},{\"@type\":\"Organization\",\"@id\":\"https:\\\/\\\/www.europa-prefabri.com\\\/#organization\",\"name\":\"Prefabri S.L.\",\"url\":\"https:\\\/\\\/www.europa-prefabri.com\\\/\",\"logo\":{\"@type\":\"ImageObject\",\"inLanguage\":\"fr-FR\",\"@id\":\"https:\\\/\\\/www.europa-prefabri.com\\\/#\\\/schema\\\/logo\\\/image\\\/\",\"url\":\"https:\\\/\\\/www.europa-prefabri.com\\\/wp-content\\\/uploads\\\/EuropaPrefabri-Logo.jpg\",\"contentUrl\":\"https:\\\/\\\/www.europa-prefabri.com\\\/wp-content\\\/uploads\\\/EuropaPrefabri-Logo.jpg\",\"width\":752,\"height\":348,\"caption\":\"Prefabri S.L.\"},\"image\":{\"@id\":\"https:\\\/\\\/www.europa-prefabri.com\\\/#\\\/schema\\\/logo\\\/image\\\/\"},\"sameAs\":[\"https:\\\/\\\/www.facebook.com\\\/Europa-Prefabri-258328977572213\\\/\",\"https:\\\/\\\/x.com\\\/EuropaPrefabri\",\"https:\\\/\\\/www.instagram.com\\\/europaprefabri\\\/\",\"https:\\\/\\\/es.linkedin.com\\\/company\\\/europa-prefabri\",\"https:\\\/\\\/es.pinterest.com\\\/europaprefabri\\\/\",\"https:\\\/\\\/www.youtube.com\\\/user\\\/PrefabriSL\"]}]}<\/script>\n<!-- \/ Yoast SEO plugin. -->","yoast_head_json":{"title":"EUROPA PREFABRI offre des solutions pour tout type d'entreprise et de client.","description":"Europa Prefabri offre des solutions divers adapt\u00e9s \u00e0 chaque projet et pour tout type d'entreprise et de client. On adapte nos produits selon les crit\u00e8res du projet.","robots":{"index":"index","follow":"follow","max-snippet":"max-snippet:-1","max-image-preview":"max-image-preview:large","max-video-preview":"max-video-preview:-1"},"canonical":"https:\/\/www.europa-prefabri.com\/fr\/secteurs\/","og_locale":"fr_FR","og_type":"article","og_title":"EUROPA PREFABRI offre des solutions pour tout type d'entreprise et de client.","og_description":"Europa Prefabri offre des solutions divers adapt\u00e9s \u00e0 chaque projet et pour tout type d'entreprise et de client. On adapte nos produits selon les crit\u00e8res du projet.","og_url":"https:\/\/www.europa-prefabri.com\/fr\/secteurs\/","og_site_name":"Europa Prefabri | Alquiler y venta de construcciones modulares","article_publisher":"https:\/\/www.facebook.com\/Europa-Prefabri-258328977572213\/","article_modified_time":"2021-06-15T10:51:08+00:00","twitter_card":"summary_large_image","twitter_site":"@EuropaPrefabri","schema":{"@context":"https:\/\/schema.org","@graph":[{"@type":"WebPage","@id":"https:\/\/www.europa-prefabri.com\/fr\/secteurs\/","url":"https:\/\/www.europa-prefabri.com\/fr\/secteurs\/","name":"EUROPA PREFABRI offre des solutions pour tout type d'entreprise et de client.","isPartOf":{"@id":"https:\/\/www.europa-prefabri.com\/#website"},"datePublished":"2013-11-29T15:59:06+00:00","dateModified":"2021-06-15T10:51:08+00:00","description":"Europa Prefabri offre des solutions divers adapt\u00e9s \u00e0 chaque projet et pour tout type d'entreprise et de client. On adapte nos produits selon les crit\u00e8res du projet.","breadcrumb":{"@id":"https:\/\/www.europa-prefabri.com\/fr\/secteurs\/#breadcrumb"},"inLanguage":"fr-FR","potentialAction":[{"@type":"ReadAction","target":["https:\/\/www.europa-prefabri.com\/fr\/secteurs\/"]}]},{"@type":"BreadcrumbList","@id":"https:\/\/www.europa-prefabri.com\/fr\/secteurs\/#breadcrumb","itemListElement":[{"@type":"ListItem","position":1,"name":"Portada","item":"https:\/\/www.europa-prefabri.com\/fr\/"},{"@type":"ListItem","position":2,"name":"Clients par secteur"}]},{"@type":"WebSite","@id":"https:\/\/www.europa-prefabri.com\/#website","url":"https:\/\/www.europa-prefabri.com\/","name":"Europa Prefabri | Alquiler y venta de construcciones modulares","description":"Alquiler y venta de construcciones modulares, casetas de obra, marquesinas de aparcamiento y vallas y cerramientos.","publisher":{"@id":"https:\/\/www.europa-prefabri.com\/#organization"},"potentialAction":[{"@type":"SearchAction","target":{"@type":"EntryPoint","urlTemplate":"https:\/\/www.europa-prefabri.com\/?s={search_term_string}"},"query-input":{"@type":"PropertyValueSpecification","valueRequired":true,"valueName":"search_term_string"}}],"inLanguage":"fr-FR"},{"@type":"Organization","@id":"https:\/\/www.europa-prefabri.com\/#organization","name":"Prefabri S.L.","url":"https:\/\/www.europa-prefabri.com\/","logo":{"@type":"ImageObject","inLanguage":"fr-FR","@id":"https:\/\/www.europa-prefabri.com\/#\/schema\/logo\/image\/","url":"https:\/\/www.europa-prefabri.com\/wp-content\/uploads\/EuropaPrefabri-Logo.jpg","contentUrl":"https:\/\/www.europa-prefabri.com\/wp-content\/uploads\/EuropaPrefabri-Logo.jpg","width":752,"height":348,"caption":"Prefabri S.L."},"image":{"@id":"https:\/\/www.europa-prefabri.com\/#\/schema\/logo\/image\/"},"sameAs":["https:\/\/www.facebook.com\/Europa-Prefabri-258328977572213\/","https:\/\/x.com\/EuropaPrefabri","https:\/\/www.instagram.com\/europaprefabri\/","https:\/\/es.linkedin.com\/company\/europa-prefabri","https:\/\/es.pinterest.com\/europaprefabri\/","https:\/\/www.youtube.com\/user\/PrefabriSL"]}]}},"_links":{"self":[{"href":"https:\/\/www.europa-prefabri.com\/fr\/wp-json\/wp\/v2\/pages\/3288","targetHints":{"allow":["GET"]}}],"collection":[{"href":"https:\/\/www.europa-prefabri.com\/fr\/wp-json\/wp\/v2\/pages"}],"about":[{"href":"https:\/\/www.europa-prefabri.com\/fr\/wp-json\/wp\/v2\/types\/page"}],"author":[{"embeddable":true,"href":"https:\/\/www.europa-prefabri.com\/fr\/wp-json\/wp\/v2\/users\/4"}],"replies":[{"embeddable":true,"href":"https:\/\/www.europa-prefabri.com\/fr\/wp-json\/wp\/v2\/comments?post=3288"}],"version-history":[{"count":0,"href":"https:\/\/www.europa-prefabri.com\/fr\/wp-json\/wp\/v2\/pages\/3288\/revisions"}],"wp:attachment":[{"href":"https:\/\/www.europa-prefabri.com\/fr\/wp-json\/wp\/v2\/media?parent=3288"}],"curies":[{"name":"wp","href":"https:\/\/api.w.org\/{rel}","templated":true}]}}