{"id":29696,"date":"2021-06-14T10:27:47","date_gmt":"2021-06-14T08:27:47","guid":{"rendered":"https:\/\/www.europa-prefabri.com\/?page_id=29696"},"modified":"2021-06-14T10:57:39","modified_gmt":"2021-06-14T08:57:39","slug":"eventos","status":"publish","type":"page","link":"https:\/\/www.europa-prefabri.com\/fr\/eventos\/","title":{"rendered":"\u00c9v\u00e8nements"},"content":{"rendered":"\n<style type=\"text\/css\" data-created_by=\"avia_inline_auto\" id=\"style-css-av-av_image-24b77708b13e322aa70f4e30e2e947bf\">\n.avia-image-container.av-av_image-24b77708b13e322aa70f4e30e2e947bf img.avia_image{\nbox-shadow:none;\n}\n.avia-image-container.av-av_image-24b77708b13e322aa70f4e30e2e947bf .av-image-caption-overlay-center{\ncolor:#ffffff;\n}\n<\/style>\n<div  class='avia-image-container av-av_image-24b77708b13e322aa70f4e30e2e947bf av-styling- avia-align-center  avia-builder-el-0  el_before_av_one_full  avia-builder-el-first '   itemprop=\"image\" itemscope=\"itemscope\" itemtype=\"https:\/\/schema.org\/ImageObject\" ><div class=\"avia-image-container-inner\"><div class=\"avia-image-overlay-wrap\"><img decoding=\"async\" fetchpriority=\"high\" class='wp-image-21672 avia-img-lazy-loading-not-21672 avia_image ' src=\"https:\/\/www.europa-prefabri.com\/wp-content\/uploads\/1-min-3.jpg\" alt='' title='1-min'  height=\"200\" width=\"1000\"  itemprop=\"thumbnailUrl\" srcset=\"https:\/\/www.europa-prefabri.com\/wp-content\/uploads\/1-min-3.jpg 1000w, https:\/\/www.europa-prefabri.com\/wp-content\/uploads\/1-min-3-300x60.jpg 300w, https:\/\/www.europa-prefabri.com\/wp-content\/uploads\/1-min-3-768x154.jpg 768w, https:\/\/www.europa-prefabri.com\/wp-content\/uploads\/1-min-3-705x141.jpg 705w, https:\/\/www.europa-prefabri.com\/wp-content\/uploads\/1-min-3-450x90.jpg 450w\" sizes=\"(max-width: 1000px) 100vw, 1000px\" \/><\/div><\/div><\/div>\n\n<style type=\"text\/css\" data-created_by=\"avia_inline_auto\" id=\"style-css-av-av_one_full-15d750bd1b332b34c6e70b077ebbccdf\">\n.flex_column.av-av_one_full-15d750bd1b332b34c6e70b077ebbccdf{\nborder-radius:0px 0px 0px 0px;\npadding:0px 0px 0px 0px;\n}\n<\/style>\n<div  class='flex_column av-av_one_full-15d750bd1b332b34c6e70b077ebbccdf av_one_full  avia-builder-el-1  el_after_av_image  el_before_av_one_full  first flex_column_div av-zero-column-padding  '     ><style type=\"text\/css\" data-created_by=\"avia_inline_auto\" id=\"style-css-av-av_gallery-eafb55bb33a1b5157a77d346ef36c1d2\">\n#top .avia-gallery.av-av_gallery-eafb55bb33a1b5157a77d346ef36c1d2 .avia-gallery-thumb a{\nwidth:25%;\n}\n<\/style>\n<div  class='avia-gallery av-av_gallery-eafb55bb33a1b5157a77d346ef36c1d2 avia_animate_when_visible  avia-builder-el-2  avia-builder-el-no-sibling  avia_lazyload avia-gallery-animate avia-gallery-1'  itemprop=\"image\" itemscope=\"itemscope\" itemtype=\"https:\/\/schema.org\/ImageObject\" ><meta itemprop=\"contentURL\" content=\"https:\/\/www.europa-prefabri.com\/fr\/eventos\/\"><div class='avia-gallery-thumb'><a href=\"https:\/\/www.europa-prefabri.com\/wp-content\/uploads\/modulos-especiales-y-transformacion-de-contenedores.jpg\" data-srcset=\"https:\/\/www.europa-prefabri.com\/wp-content\/uploads\/modulos-especiales-y-transformacion-de-contenedores.jpg 800w, https:\/\/www.europa-prefabri.com\/wp-content\/uploads\/modulos-especiales-y-transformacion-de-contenedores-300x225.jpg 300w, https:\/\/www.europa-prefabri.com\/wp-content\/uploads\/modulos-especiales-y-transformacion-de-contenedores-768x576.jpg 768w, https:\/\/www.europa-prefabri.com\/wp-content\/uploads\/modulos-especiales-y-transformacion-de-contenedores-705x529.jpg 705w, https:\/\/www.europa-prefabri.com\/wp-content\/uploads\/modulos-especiales-y-transformacion-de-contenedores-450x338.jpg 450w\" data-sizes=\"(max-width: 800px) 100vw, 800px\" data-rel='gallery-1' data-prev-img='https:\/\/www.europa-prefabri.com\/wp-content\/uploads\/modulos-especiales-y-transformacion-de-contenedores-260x185.jpg' class='first_thumb lightbox ' data-onclick='1' title='modulos especiales y transformacion de contenedores'  itemprop=\"thumbnailUrl\"  ><img decoding=\"async\" fetchpriority=\"high\" class=\"wp-image-13757 avia-img-lazy-loading-not-13757\"   src=\"https:\/\/www.europa-prefabri.com\/wp-content\/uploads\/modulos-especiales-y-transformacion-de-contenedores-495x400.jpg\" width=\"495\" height=\"400\"  title='modulos especiales y transformacion de contenedores' alt='' \/><div class='big-prev-fake'><img decoding=\"async\" loading=\"lazy\" class=\"wp-image-13757 avia-img-lazy-loading-13757\"  width=\"260\" height=\"185\" src=\"https:\/\/www.europa-prefabri.com\/wp-content\/uploads\/modulos-especiales-y-transformacion-de-contenedores-260x185.jpg\" title='modulos especiales y transformacion de contenedores' alt='' \/><\/div><\/a><a href=\"https:\/\/www.europa-prefabri.com\/wp-content\/uploads\/Foto-sanap-12_800x4792.jpg\" data-srcset=\"https:\/\/www.europa-prefabri.com\/wp-content\/uploads\/Foto-sanap-12_800x4792.jpg 800w, https:\/\/www.europa-prefabri.com\/wp-content\/uploads\/Foto-sanap-12_800x4792-300x180.jpg 300w, https:\/\/www.europa-prefabri.com\/wp-content\/uploads\/Foto-sanap-12_800x4792-705x422.jpg 705w, https:\/\/www.europa-prefabri.com\/wp-content\/uploads\/Foto-sanap-12_800x4792-450x269.jpg 450w\" data-sizes=\"(max-width: 800px) 100vw, 800px\" data-rel='gallery-1' data-prev-img='https:\/\/www.europa-prefabri.com\/wp-content\/uploads\/Foto-sanap-12_800x4792-260x185.jpg' class='lightbox ' data-onclick='2' title='Foto-sanap-12_800x479'  itemprop=\"thumbnailUrl\"  ><img decoding=\"async\" fetchpriority=\"high\" class=\"wp-image-7249 avia-img-lazy-loading-not-7249\"   src=\"https:\/\/www.europa-prefabri.com\/wp-content\/uploads\/Foto-sanap-12_800x4792-495x400.jpg\" width=\"495\" height=\"400\"  title='Foto-sanap-12_800x479' alt='' \/><div class='big-prev-fake'><img decoding=\"async\" loading=\"lazy\" class=\"wp-image-7249 avia-img-lazy-loading-7249\"  width=\"260\" height=\"185\" src=\"https:\/\/www.europa-prefabri.com\/wp-content\/uploads\/Foto-sanap-12_800x4792-260x185.jpg\" title='Foto-sanap-12_800x479' alt='' \/><\/div><\/a><a href=\"https:\/\/www.europa-prefabri.com\/wp-content\/uploads\/Master-Mutua-Madrid-Open-de-tenis-2017-00002.jpg\" data-srcset=\"https:\/\/www.europa-prefabri.com\/wp-content\/uploads\/Master-Mutua-Madrid-Open-de-tenis-2017-00002.jpg 800w, https:\/\/www.europa-prefabri.com\/wp-content\/uploads\/Master-Mutua-Madrid-Open-de-tenis-2017-00002-300x225.jpg 300w, https:\/\/www.europa-prefabri.com\/wp-content\/uploads\/Master-Mutua-Madrid-Open-de-tenis-2017-00002-768x576.jpg 768w, https:\/\/www.europa-prefabri.com\/wp-content\/uploads\/Master-Mutua-Madrid-Open-de-tenis-2017-00002-705x529.jpg 705w, https:\/\/www.europa-prefabri.com\/wp-content\/uploads\/Master-Mutua-Madrid-Open-de-tenis-2017-00002-450x338.jpg 450w\" data-sizes=\"(max-width: 800px) 100vw, 800px\" data-rel='gallery-1' data-prev-img='https:\/\/www.europa-prefabri.com\/wp-content\/uploads\/Master-Mutua-Madrid-Open-de-tenis-2017-00002-260x185.jpg' class='lightbox ' data-onclick='3' title='Master Mutua Madrid Open de tenis 2017 00002'  itemprop=\"thumbnailUrl\"  ><img decoding=\"async\" fetchpriority=\"high\" class=\"wp-image-16179 avia-img-lazy-loading-not-16179\"   src=\"https:\/\/www.europa-prefabri.com\/wp-content\/uploads\/Master-Mutua-Madrid-Open-de-tenis-2017-00002-495x400.jpg\" width=\"495\" height=\"400\"  title='Master Mutua Madrid Open de tenis 2017 00002' alt='' \/><div class='big-prev-fake'><img decoding=\"async\" loading=\"lazy\" class=\"wp-image-16179 avia-img-lazy-loading-16179\"  width=\"260\" height=\"185\" src=\"https:\/\/www.europa-prefabri.com\/wp-content\/uploads\/Master-Mutua-Madrid-Open-de-tenis-2017-00002-260x185.jpg\" title='Master Mutua Madrid Open de tenis 2017 00002' alt='' \/><\/div><\/a><a href=\"https:\/\/www.europa-prefabri.com\/wp-content\/uploads\/rock-in-rio14.jpg\" data-srcset=\"https:\/\/www.europa-prefabri.com\/wp-content\/uploads\/rock-in-rio14.jpg 800w, https:\/\/www.europa-prefabri.com\/wp-content\/uploads\/rock-in-rio14-300x225.jpg 300w, https:\/\/www.europa-prefabri.com\/wp-content\/uploads\/rock-in-rio14-768x576.jpg 768w, https:\/\/www.europa-prefabri.com\/wp-content\/uploads\/rock-in-rio14-705x529.jpg 705w, https:\/\/www.europa-prefabri.com\/wp-content\/uploads\/rock-in-rio14-450x338.jpg 450w\" data-sizes=\"(max-width: 800px) 100vw, 800px\" data-rel='gallery-1' data-prev-img='https:\/\/www.europa-prefabri.com\/wp-content\/uploads\/rock-in-rio14-260x185.jpg' class='lightbox ' data-onclick='4' title='\u00e9v\u00e8nements'  itemprop=\"thumbnailUrl\"  ><img decoding=\"async\" fetchpriority=\"high\" class=\"wp-image-13797 avia-img-lazy-loading-not-13797\"   src=\"https:\/\/www.europa-prefabri.com\/wp-content\/uploads\/rock-in-rio14-495x400.jpg\" width=\"495\" height=\"400\"  title='\u00e9v\u00e8nements' alt='\u00e9v\u00e8nements' \/><div class='big-prev-fake'><img decoding=\"async\" loading=\"lazy\" class=\"wp-image-13797 avia-img-lazy-loading-13797\"  width=\"260\" height=\"185\" src=\"https:\/\/www.europa-prefabri.com\/wp-content\/uploads\/rock-in-rio14-260x185.jpg\" title='\u00e9v\u00e8nements' alt='\u00e9v\u00e8nements' \/><\/div><\/a><\/div><\/div><\/div>\n<div  class='flex_column av-av_one_full-2a9015ff38129c418a3f2eafba3e9512 av_one_full  avia-builder-el-3  el_after_av_one_full  el_before_av_one_half  first flex_column_div  column-top-margin'     ><p><section  class='av_textblock_section av-av_textblock-2de302bf1aa3cf4c9157dbe6f50ac7eb '   itemscope=\"itemscope\" itemtype=\"https:\/\/schema.org\/CreativeWork\" ><div class='avia_textblock'  itemprop=\"text\" ><p>La division d\u2019Europa Prefabri sp\u00e9cialis\u00e9e dans les \u00e9v\u00e8nements a pour objectif de faciliter tous types de spectacles, \u00e9v\u00e8nements sportifs, concerts, festivals, salons, f\u00eates et c\u00e9l\u00e9brations etc.<\/p>\n<p>Notre entreprise se compose d\u2019une \u00e9quipe de professionnels ayant une grande exp\u00e9rience pr\u00eats \u00e0 vous aider afin de vous apporter les meilleures solutions pour vos \u00e9v\u00e8nements, y compris la conception et fabrication de produits sur mesure, le transport, le montage et l\u2019installation.<\/p>\n<p>Nous proposons \u00e0 la vente des toilettes mobiles, des loges et sanitaires de luxe, des modules pr\u00e9fabriqu\u00e9s pour de multiples usages, des conteneurs, des barri\u00e8res de s\u00e9curit\u00e9, des cloisons\u2026 et tout ce dont vous pourriez avoir besoin pour mener \u00e0 bien vote \u00e9v\u00e8nement.<\/p>\n<\/div><\/section><br \/>\n\n<style type=\"text\/css\" data-created_by=\"avia_inline_auto\" id=\"style-css-av-av_heading-08161c44e289f290da3da4ba6a39d52c\">\n#top .av-special-heading.av-av_heading-08161c44e289f290da3da4ba6a39d52c{\npadding-bottom:10px;\n}\nbody .av-special-heading.av-av_heading-08161c44e289f290da3da4ba6a39d52c .av-special-heading-tag .heading-char{\nfont-size:25px;\n}\n.av-special-heading.av-av_heading-08161c44e289f290da3da4ba6a39d52c .av-subheading{\nfont-size:10px;\n}\n<\/style>\n<div  class='av-special-heading av-av_heading-08161c44e289f290da3da4ba6a39d52c av-special-heading-h3  avia-builder-el-5  el_after_av_textblock  el_before_av_textblock '><h3 class='av-special-heading-tag '  itemprop=\"headline\"  >Modules pr\u00e9fabriqu\u00e9s pour \u00e9v\u00e8nements <\/h3><div class=\"special-heading-border\"><div class=\"special-heading-inner-border\"><\/div><\/div><\/div><br \/>\n<section  class='av_textblock_section av-av_textblock-2de302bf1aa3cf4c9157dbe6f50ac7eb '   itemscope=\"itemscope\" itemtype=\"https:\/\/schema.org\/CreativeWork\" ><div class='avia_textblock'  itemprop=\"text\" ><p>Nous disposons d\u2019une grande vari\u00e9t\u00e9 de modules pr\u00e9fabriqu\u00e9s sp\u00e9cifiques pouvant servir de loges, de sanitaires, de bureaux temporaires, de r\u00e9fectoires, de guichets, de bars, d\u2019entrep\u00f4ts provisoires, d\u2019unit\u00e9 mobiles, de magasin ou kiosque \u2026 id\u00e9aux pour tous types d\u2019\u00e9v\u00e8nements.<\/p>\n<p>Nous pouvons utiliser nos modules standards en int\u00e9rieur tout comme en ext\u00e9rieur pendant un certain temps en les adaptant \u00e0 leurs diff\u00e9rentes utilisations.<\/p>\n<p>De plus, les modules peuvent s\u2019accoler au sol ou s\u2019empiler en hauteur. Gr\u00e2ce \u00e0 la versatilit\u00e9 de la construction modulaire nous pouvons cr\u00e9er des espaces adapt\u00e9s \u00e0 vos besoins en unissant plusieurs modules rapidement et facilement.<\/p>\n<\/div><\/section><br \/>\n\n<style type=\"text\/css\" data-created_by=\"avia_inline_auto\" id=\"style-css-av-av_gallery-28beb04b0571d810e1b3e094c5357a03\">\n#top .avia-gallery.av-av_gallery-28beb04b0571d810e1b3e094c5357a03 .avia-gallery-thumb a{\nwidth:20%;\n}\n<\/style>\n<div  class='avia-gallery av-av_gallery-28beb04b0571d810e1b3e094c5357a03 avia_animate_when_visible  avia-builder-el-7  el_after_av_textblock  el_before_av_heading  avia_lazyload avia-gallery-animate avia-gallery-2'  itemprop=\"image\" itemscope=\"itemscope\" itemtype=\"https:\/\/schema.org\/ImageObject\" ><meta itemprop=\"contentURL\" content=\"https:\/\/www.europa-prefabri.com\/fr\/eventos\/\"><div class='avia-gallery-thumb'><a href=\"https:\/\/www.europa-prefabri.com\/wp-content\/uploads\/m\u00f3dulos-prefabricados-para-eventos.jpg\" data-srcset=\"https:\/\/www.europa-prefabri.com\/wp-content\/uploads\/m\u00f3dulos-prefabricados-para-eventos.jpg 800w, https:\/\/www.europa-prefabri.com\/wp-content\/uploads\/m\u00f3dulos-prefabricados-para-eventos-300x225.jpg 300w, https:\/\/www.europa-prefabri.com\/wp-content\/uploads\/m\u00f3dulos-prefabricados-para-eventos-768x576.jpg 768w, https:\/\/www.europa-prefabri.com\/wp-content\/uploads\/m\u00f3dulos-prefabricados-para-eventos-705x529.jpg 705w, https:\/\/www.europa-prefabri.com\/wp-content\/uploads\/m\u00f3dulos-prefabricados-para-eventos-450x338.jpg 450w\" data-sizes=\"(max-width: 800px) 100vw, 800px\" data-rel='gallery-2' data-prev-img='https:\/\/www.europa-prefabri.com\/wp-content\/uploads\/m\u00f3dulos-prefabricados-para-eventos-260x185.jpg' class='first_thumb lightbox ' data-onclick='1' title='m\u00f3dulos-prefabricados-para-eventos'  itemprop=\"thumbnailUrl\"  ><img decoding=\"async\" fetchpriority=\"high\" class=\"wp-image-20958 avia-img-lazy-loading-not-20958\"   src=\"https:\/\/www.europa-prefabri.com\/wp-content\/uploads\/m\u00f3dulos-prefabricados-para-eventos-495x400.jpg\" width=\"495\" height=\"400\"  title='m\u00f3dulos-prefabricados-para-eventos' alt='' \/><div class='big-prev-fake'><img decoding=\"async\" loading=\"lazy\" class=\"wp-image-20958 avia-img-lazy-loading-20958\"  width=\"260\" height=\"185\" src=\"https:\/\/www.europa-prefabri.com\/wp-content\/uploads\/m\u00f3dulos-prefabricados-para-eventos-260x185.jpg\" title='m\u00f3dulos-prefabricados-para-eventos' alt='' \/><\/div><\/a><a href=\"https:\/\/www.europa-prefabri.com\/wp-content\/uploads\/modulo-publicitario-para-eventos.jpg\" data-srcset=\"https:\/\/www.europa-prefabri.com\/wp-content\/uploads\/modulo-publicitario-para-eventos.jpg 800w, https:\/\/www.europa-prefabri.com\/wp-content\/uploads\/modulo-publicitario-para-eventos-300x225.jpg 300w, https:\/\/www.europa-prefabri.com\/wp-content\/uploads\/modulo-publicitario-para-eventos-768x576.jpg 768w, https:\/\/www.europa-prefabri.com\/wp-content\/uploads\/modulo-publicitario-para-eventos-705x529.jpg 705w, https:\/\/www.europa-prefabri.com\/wp-content\/uploads\/modulo-publicitario-para-eventos-450x338.jpg 450w\" data-sizes=\"(max-width: 800px) 100vw, 800px\" data-rel='gallery-2' data-prev-img='https:\/\/www.europa-prefabri.com\/wp-content\/uploads\/modulo-publicitario-para-eventos-260x185.jpg' class='lightbox ' data-onclick='2' title='modulo publicitario para eventos'  itemprop=\"thumbnailUrl\"  ><img decoding=\"async\" fetchpriority=\"high\" class=\"wp-image-15035 avia-img-lazy-loading-not-15035\"   src=\"https:\/\/www.europa-prefabri.com\/wp-content\/uploads\/modulo-publicitario-para-eventos-495x400.jpg\" width=\"495\" height=\"400\"  title='modulo publicitario para eventos' alt='' \/><div class='big-prev-fake'><img decoding=\"async\" loading=\"lazy\" class=\"wp-image-15035 avia-img-lazy-loading-15035\"  width=\"260\" height=\"185\" src=\"https:\/\/www.europa-prefabri.com\/wp-content\/uploads\/modulo-publicitario-para-eventos-260x185.jpg\" title='modulo publicitario para eventos' alt='' \/><\/div><\/a><a href=\"https:\/\/www.europa-prefabri.com\/wp-content\/uploads\/eventos-cinefilos-festivales-de-cine-prefabri.jpg\" data-srcset=\"https:\/\/www.europa-prefabri.com\/wp-content\/uploads\/eventos-cinefilos-festivales-de-cine-prefabri.jpg 800w, https:\/\/www.europa-prefabri.com\/wp-content\/uploads\/eventos-cinefilos-festivales-de-cine-prefabri-300x225.jpg 300w, https:\/\/www.europa-prefabri.com\/wp-content\/uploads\/eventos-cinefilos-festivales-de-cine-prefabri-768x576.jpg 768w, https:\/\/www.europa-prefabri.com\/wp-content\/uploads\/eventos-cinefilos-festivales-de-cine-prefabri-705x529.jpg 705w, https:\/\/www.europa-prefabri.com\/wp-content\/uploads\/eventos-cinefilos-festivales-de-cine-prefabri-450x338.jpg 450w\" data-sizes=\"(max-width: 800px) 100vw, 800px\" data-rel='gallery-2' data-prev-img='https:\/\/www.europa-prefabri.com\/wp-content\/uploads\/eventos-cinefilos-festivales-de-cine-prefabri-260x185.jpg' class='lightbox ' data-onclick='3' title='eventos cinefilos festivales de cine prefabri'  itemprop=\"thumbnailUrl\"  ><img decoding=\"async\" fetchpriority=\"high\" class=\"wp-image-13749 avia-img-lazy-loading-not-13749\"   src=\"https:\/\/www.europa-prefabri.com\/wp-content\/uploads\/eventos-cinefilos-festivales-de-cine-prefabri-495x400.jpg\" width=\"495\" height=\"400\"  title='eventos cinefilos festivales de cine prefabri' alt='' \/><div class='big-prev-fake'><img decoding=\"async\" loading=\"lazy\" class=\"wp-image-13749 avia-img-lazy-loading-13749\"  width=\"260\" height=\"185\" src=\"https:\/\/www.europa-prefabri.com\/wp-content\/uploads\/eventos-cinefilos-festivales-de-cine-prefabri-260x185.jpg\" title='eventos cinefilos festivales de cine prefabri' alt='' \/><\/div><\/a><a href=\"https:\/\/www.europa-prefabri.com\/wp-content\/uploads\/eventos-deportivos-prefabri.jpg\" data-srcset=\"https:\/\/www.europa-prefabri.com\/wp-content\/uploads\/eventos-deportivos-prefabri.jpg 800w, https:\/\/www.europa-prefabri.com\/wp-content\/uploads\/eventos-deportivos-prefabri-300x225.jpg 300w, https:\/\/www.europa-prefabri.com\/wp-content\/uploads\/eventos-deportivos-prefabri-768x576.jpg 768w, https:\/\/www.europa-prefabri.com\/wp-content\/uploads\/eventos-deportivos-prefabri-705x529.jpg 705w, https:\/\/www.europa-prefabri.com\/wp-content\/uploads\/eventos-deportivos-prefabri-450x338.jpg 450w\" data-sizes=\"(max-width: 800px) 100vw, 800px\" data-rel='gallery-2' data-prev-img='https:\/\/www.europa-prefabri.com\/wp-content\/uploads\/eventos-deportivos-prefabri-260x185.jpg' class='lightbox ' data-onclick='4' title='eventos deportivos prefabri'  itemprop=\"thumbnailUrl\"  ><img decoding=\"async\" fetchpriority=\"high\" class=\"wp-image-13741 avia-img-lazy-loading-not-13741\"   src=\"https:\/\/www.europa-prefabri.com\/wp-content\/uploads\/eventos-deportivos-prefabri-495x400.jpg\" width=\"495\" height=\"400\"  title='eventos deportivos prefabri' alt='' \/><div class='big-prev-fake'><img decoding=\"async\" loading=\"lazy\" class=\"wp-image-13741 avia-img-lazy-loading-13741\"  width=\"260\" height=\"185\" src=\"https:\/\/www.europa-prefabri.com\/wp-content\/uploads\/eventos-deportivos-prefabri-260x185.jpg\" title='eventos deportivos prefabri' alt='' \/><\/div><\/a><a href=\"https:\/\/www.europa-prefabri.com\/wp-content\/uploads\/Stands-prefabricados-7_402x600.jpg\" data-srcset=\"https:\/\/www.europa-prefabri.com\/wp-content\/uploads\/Stands-prefabricados-7_402x600.jpg 402w, https:\/\/www.europa-prefabri.com\/wp-content\/uploads\/Stands-prefabricados-7_402x600-201x300.jpg 201w\" data-sizes=\"(max-width: 402px) 100vw, 402px\" data-rel='gallery-2' data-prev-img='https:\/\/www.europa-prefabri.com\/wp-content\/uploads\/Stands-prefabricados-7_402x600-260x185.jpg' class='lightbox ' data-onclick='5' title='modulo prefabricado evento'  itemprop=\"thumbnailUrl\"  ><img decoding=\"async\" fetchpriority=\"high\" class=\"wp-image-12905 avia-img-lazy-loading-not-12905\"   src=\"https:\/\/www.europa-prefabri.com\/wp-content\/uploads\/Stands-prefabricados-7_402x600-402x400.jpg\" width=\"402\" height=\"400\"  title='modulo prefabricado evento' alt='' srcset=\"https:\/\/www.europa-prefabri.com\/wp-content\/uploads\/Stands-prefabricados-7_402x600-402x400.jpg 402w, https:\/\/www.europa-prefabri.com\/wp-content\/uploads\/Stands-prefabricados-7_402x600-80x80.jpg 80w, https:\/\/www.europa-prefabri.com\/wp-content\/uploads\/Stands-prefabricados-7_402x600-36x36.jpg 36w, https:\/\/www.europa-prefabri.com\/wp-content\/uploads\/Stands-prefabricados-7_402x600-180x180.jpg 180w, https:\/\/www.europa-prefabri.com\/wp-content\/uploads\/Stands-prefabricados-7_402x600-120x120.jpg 120w\" sizes=\"(max-width: 402px) 100vw, 402px\" \/><div class='big-prev-fake'><img decoding=\"async\" loading=\"lazy\" class=\"wp-image-12905 avia-img-lazy-loading-12905\"  width=\"260\" height=\"185\" src=\"https:\/\/www.europa-prefabri.com\/wp-content\/uploads\/Stands-prefabricados-7_402x600-260x185.jpg\" title='modulo prefabricado evento' alt='' \/><\/div><\/a><a href=\"https:\/\/www.europa-prefabri.com\/wp-content\/uploads\/Stands-prefabricados-1_800x598.jpg\" data-srcset=\"https:\/\/www.europa-prefabri.com\/wp-content\/uploads\/Stands-prefabricados-1_800x598.jpg 800w, https:\/\/www.europa-prefabri.com\/wp-content\/uploads\/Stands-prefabricados-1_800x598-300x224.jpg 300w, https:\/\/www.europa-prefabri.com\/wp-content\/uploads\/Stands-prefabricados-1_800x598-450x336.jpg 450w\" data-sizes=\"(max-width: 800px) 100vw, 800px\" data-rel='gallery-2' data-prev-img='https:\/\/www.europa-prefabri.com\/wp-content\/uploads\/Stands-prefabricados-1_800x598-260x185.jpg' class='first_thumb lightbox ' data-onclick='6' title='modulos prefabricados para eventos'  itemprop=\"thumbnailUrl\"  ><img decoding=\"async\" fetchpriority=\"high\" class=\"wp-image-12901 avia-img-lazy-loading-not-12901\"   src=\"https:\/\/www.europa-prefabri.com\/wp-content\/uploads\/Stands-prefabricados-1_800x598-495x400.jpg\" width=\"495\" height=\"400\"  title='modulos prefabricados para eventos' alt='' srcset=\"https:\/\/www.europa-prefabri.com\/wp-content\/uploads\/Stands-prefabricados-1_800x598-495x400.jpg 495w, https:\/\/www.europa-prefabri.com\/wp-content\/uploads\/Stands-prefabricados-1_800x598-710x575.jpg 710w\" sizes=\"(max-width: 495px) 100vw, 495px\" \/><div class='big-prev-fake'><img decoding=\"async\" loading=\"lazy\" class=\"wp-image-12901 avia-img-lazy-loading-12901\"  width=\"260\" height=\"185\" src=\"https:\/\/www.europa-prefabri.com\/wp-content\/uploads\/Stands-prefabricados-1_800x598-260x185.jpg\" title='modulos prefabricados para eventos' alt='' \/><\/div><\/a><a href=\"https:\/\/www.europa-prefabri.com\/wp-content\/uploads\/Stand-prefabricado-4_800x600.jpg\" data-srcset=\"https:\/\/www.europa-prefabri.com\/wp-content\/uploads\/Stand-prefabricado-4_800x600.jpg 800w, https:\/\/www.europa-prefabri.com\/wp-content\/uploads\/Stand-prefabricado-4_800x600-300x225.jpg 300w, https:\/\/www.europa-prefabri.com\/wp-content\/uploads\/Stand-prefabricado-4_800x600-450x337.jpg 450w\" data-sizes=\"(max-width: 800px) 100vw, 800px\" data-rel='gallery-2' data-prev-img='https:\/\/www.europa-prefabri.com\/wp-content\/uploads\/Stand-prefabricado-4_800x600-260x185.jpg' class='lightbox ' data-onclick='7' title='modulo prefabricado eventos'  itemprop=\"thumbnailUrl\"  ><img decoding=\"async\" fetchpriority=\"high\" class=\"wp-image-12900 avia-img-lazy-loading-not-12900\"   src=\"https:\/\/www.europa-prefabri.com\/wp-content\/uploads\/Stand-prefabricado-4_800x600-495x400.jpg\" width=\"495\" height=\"400\"  title='modulo prefabricado eventos' alt='' srcset=\"https:\/\/www.europa-prefabri.com\/wp-content\/uploads\/Stand-prefabricado-4_800x600-495x400.jpg 495w, https:\/\/www.europa-prefabri.com\/wp-content\/uploads\/Stand-prefabricado-4_800x600-710x575.jpg 710w\" sizes=\"(max-width: 495px) 100vw, 495px\" \/><div class='big-prev-fake'><img decoding=\"async\" loading=\"lazy\" class=\"wp-image-12900 avia-img-lazy-loading-12900\"  width=\"260\" height=\"185\" src=\"https:\/\/www.europa-prefabri.com\/wp-content\/uploads\/Stand-prefabricado-4_800x600-260x185.jpg\" title='modulo prefabricado eventos' alt='' \/><\/div><\/a><a href=\"https:\/\/www.europa-prefabri.com\/wp-content\/uploads\/40_800x452.jpg\" data-srcset=\"https:\/\/www.europa-prefabri.com\/wp-content\/uploads\/40_800x452.jpg 800w, https:\/\/www.europa-prefabri.com\/wp-content\/uploads\/40_800x452-300x169.jpg 300w, https:\/\/www.europa-prefabri.com\/wp-content\/uploads\/40_800x452-450x254.jpg 450w\" data-sizes=\"(max-width: 800px) 100vw, 800px\" data-rel='gallery-2' data-prev-img='https:\/\/www.europa-prefabri.com\/wp-content\/uploads\/40_800x452-260x185.jpg' class='lightbox ' data-onclick='8' title='Europa Prefabri - Alquiler para eventos'  itemprop=\"thumbnailUrl\"  ><img decoding=\"async\" fetchpriority=\"high\" class=\"wp-image-23244 avia-img-lazy-loading-not-23244\"   src=\"https:\/\/www.europa-prefabri.com\/wp-content\/uploads\/40_800x452-495x400.jpg\" width=\"495\" height=\"400\"  title='Europa Prefabri - Alquiler para eventos' alt='' \/><div class='big-prev-fake'><img decoding=\"async\" loading=\"lazy\" class=\"wp-image-23244 avia-img-lazy-loading-23244\"  width=\"260\" height=\"185\" src=\"https:\/\/www.europa-prefabri.com\/wp-content\/uploads\/40_800x452-260x185.jpg\" title='Europa Prefabri - Alquiler para eventos' alt='' \/><\/div><\/a><a href=\"https:\/\/www.europa-prefabri.com\/wp-content\/uploads\/vinarock-2017-alquiler-caseta-evento.jpg\" data-srcset=\"https:\/\/www.europa-prefabri.com\/wp-content\/uploads\/vinarock-2017-alquiler-caseta-evento.jpg 800w, https:\/\/www.europa-prefabri.com\/wp-content\/uploads\/vinarock-2017-alquiler-caseta-evento-300x225.jpg 300w, https:\/\/www.europa-prefabri.com\/wp-content\/uploads\/vinarock-2017-alquiler-caseta-evento-768x576.jpg 768w, https:\/\/www.europa-prefabri.com\/wp-content\/uploads\/vinarock-2017-alquiler-caseta-evento-705x529.jpg 705w, https:\/\/www.europa-prefabri.com\/wp-content\/uploads\/vinarock-2017-alquiler-caseta-evento-450x338.jpg 450w\" data-sizes=\"(max-width: 800px) 100vw, 800px\" data-rel='gallery-2' data-prev-img='https:\/\/www.europa-prefabri.com\/wp-content\/uploads\/vinarock-2017-alquiler-caseta-evento-260x185.jpg' class='lightbox ' data-onclick='9' title='vinarock 2017 modules a louer pour \u00e9v\u00e9nement'  itemprop=\"thumbnailUrl\"  ><img decoding=\"async\" fetchpriority=\"high\" class=\"wp-image-15915 avia-img-lazy-loading-not-15915\"   src=\"https:\/\/www.europa-prefabri.com\/wp-content\/uploads\/vinarock-2017-alquiler-caseta-evento-495x400.jpg\" width=\"495\" height=\"400\"  title='vinarock 2017 modules a louer pour \u00e9v\u00e9nement' alt='' \/><div class='big-prev-fake'><img decoding=\"async\" loading=\"lazy\" class=\"wp-image-15915 avia-img-lazy-loading-15915\"  width=\"260\" height=\"185\" src=\"https:\/\/www.europa-prefabri.com\/wp-content\/uploads\/vinarock-2017-alquiler-caseta-evento-260x185.jpg\" title='vinarock 2017 modules a louer pour \u00e9v\u00e9nement' alt='' \/><\/div><\/a><a href=\"https:\/\/www.europa-prefabri.com\/wp-content\/uploads\/modulos-especiales-dos-en-uno-kiosco-y-oficina-alquimodul02.jpg\" data-srcset=\"https:\/\/www.europa-prefabri.com\/wp-content\/uploads\/modulos-especiales-dos-en-uno-kiosco-y-oficina-alquimodul02.jpg 800w, https:\/\/www.europa-prefabri.com\/wp-content\/uploads\/modulos-especiales-dos-en-uno-kiosco-y-oficina-alquimodul02-300x169.jpg 300w, https:\/\/www.europa-prefabri.com\/wp-content\/uploads\/modulos-especiales-dos-en-uno-kiosco-y-oficina-alquimodul02-768x432.jpg 768w, https:\/\/www.europa-prefabri.com\/wp-content\/uploads\/modulos-especiales-dos-en-uno-kiosco-y-oficina-alquimodul02-705x397.jpg 705w, https:\/\/www.europa-prefabri.com\/wp-content\/uploads\/modulos-especiales-dos-en-uno-kiosco-y-oficina-alquimodul02-450x253.jpg 450w\" data-sizes=\"(max-width: 800px) 100vw, 800px\" data-rel='gallery-2' data-prev-img='https:\/\/www.europa-prefabri.com\/wp-content\/uploads\/modulos-especiales-dos-en-uno-kiosco-y-oficina-alquimodul02-260x185.jpg' class='lightbox ' data-onclick='10' title='Modules sp\u00e9ciaux deux en un'  itemprop=\"thumbnailUrl\"  ><img decoding=\"async\" fetchpriority=\"high\" class=\"wp-image-14088 avia-img-lazy-loading-not-14088\"   src=\"https:\/\/www.europa-prefabri.com\/wp-content\/uploads\/modulos-especiales-dos-en-uno-kiosco-y-oficina-alquimodul02-495x400.jpg\" width=\"495\" height=\"400\"  title='Modules sp\u00e9ciaux deux en un' alt='Modules sp\u00e9ciaux deux en un' \/><div class='big-prev-fake'><img decoding=\"async\" loading=\"lazy\" class=\"wp-image-14088 avia-img-lazy-loading-14088\"  width=\"260\" height=\"185\" src=\"https:\/\/www.europa-prefabri.com\/wp-content\/uploads\/modulos-especiales-dos-en-uno-kiosco-y-oficina-alquimodul02-260x185.jpg\" title='Modules sp\u00e9ciaux deux en un' alt='Modules sp\u00e9ciaux deux en un' \/><\/div><\/a><a href=\"https:\/\/www.europa-prefabri.com\/wp-content\/uploads\/ferias-y-fiestas-patronales-prefabri.jpg\" data-srcset=\"https:\/\/www.europa-prefabri.com\/wp-content\/uploads\/ferias-y-fiestas-patronales-prefabri.jpg 800w, https:\/\/www.europa-prefabri.com\/wp-content\/uploads\/ferias-y-fiestas-patronales-prefabri-300x225.jpg 300w, https:\/\/www.europa-prefabri.com\/wp-content\/uploads\/ferias-y-fiestas-patronales-prefabri-768x576.jpg 768w, https:\/\/www.europa-prefabri.com\/wp-content\/uploads\/ferias-y-fiestas-patronales-prefabri-705x529.jpg 705w, https:\/\/www.europa-prefabri.com\/wp-content\/uploads\/ferias-y-fiestas-patronales-prefabri-450x338.jpg 450w\" data-sizes=\"(max-width: 800px) 100vw, 800px\" data-rel='gallery-2' data-prev-img='https:\/\/www.europa-prefabri.com\/wp-content\/uploads\/ferias-y-fiestas-patronales-prefabri-260x185.jpg' class='first_thumb lightbox ' data-onclick='11' title='ferias y fiestas patronales prefabri'  itemprop=\"thumbnailUrl\"  ><img decoding=\"async\" fetchpriority=\"high\" class=\"wp-image-13945 avia-img-lazy-loading-not-13945\"   src=\"https:\/\/www.europa-prefabri.com\/wp-content\/uploads\/ferias-y-fiestas-patronales-prefabri-495x400.jpg\" width=\"495\" height=\"400\"  title='ferias y fiestas patronales prefabri' alt='' \/><div class='big-prev-fake'><img decoding=\"async\" loading=\"lazy\" class=\"wp-image-13945 avia-img-lazy-loading-13945\"  width=\"260\" height=\"185\" src=\"https:\/\/www.europa-prefabri.com\/wp-content\/uploads\/ferias-y-fiestas-patronales-prefabri-260x185.jpg\" title='ferias y fiestas patronales prefabri' alt='' \/><\/div><\/a><a href=\"https:\/\/www.europa-prefabri.com\/wp-content\/uploads\/456_492224717515970_382625083_n2.jpg\" data-srcset=\"https:\/\/www.europa-prefabri.com\/wp-content\/uploads\/456_492224717515970_382625083_n2.jpg 800w, https:\/\/www.europa-prefabri.com\/wp-content\/uploads\/456_492224717515970_382625083_n2-300x225.jpg 300w, https:\/\/www.europa-prefabri.com\/wp-content\/uploads\/456_492224717515970_382625083_n2-705x529.jpg 705w, https:\/\/www.europa-prefabri.com\/wp-content\/uploads\/456_492224717515970_382625083_n2-450x338.jpg 450w\" data-sizes=\"(max-width: 800px) 100vw, 800px\" data-rel='gallery-2' data-prev-img='https:\/\/www.europa-prefabri.com\/wp-content\/uploads\/456_492224717515970_382625083_n2-260x185.jpg' class='lightbox ' data-onclick='12' title='456_492224717515970_382625083_n'  itemprop=\"thumbnailUrl\"  ><img decoding=\"async\" fetchpriority=\"high\" class=\"wp-image-7279 avia-img-lazy-loading-not-7279\"   src=\"https:\/\/www.europa-prefabri.com\/wp-content\/uploads\/456_492224717515970_382625083_n2-495x400.jpg\" width=\"495\" height=\"400\"  title='456_492224717515970_382625083_n' alt='' \/><div class='big-prev-fake'><img decoding=\"async\" loading=\"lazy\" class=\"wp-image-7279 avia-img-lazy-loading-7279\"  width=\"260\" height=\"185\" src=\"https:\/\/www.europa-prefabri.com\/wp-content\/uploads\/456_492224717515970_382625083_n2-260x185.jpg\" title='456_492224717515970_382625083_n' alt='' \/><\/div><\/a><a href=\"https:\/\/www.europa-prefabri.com\/wp-content\/uploads\/1-kiosco-prefabricado_800x5943.jpg\" data-srcset=\"https:\/\/www.europa-prefabri.com\/wp-content\/uploads\/1-kiosco-prefabricado_800x5943.jpg 800w, https:\/\/www.europa-prefabri.com\/wp-content\/uploads\/1-kiosco-prefabricado_800x5943-300x223.jpg 300w, https:\/\/www.europa-prefabri.com\/wp-content\/uploads\/1-kiosco-prefabricado_800x5943-705x523.jpg 705w, https:\/\/www.europa-prefabri.com\/wp-content\/uploads\/1-kiosco-prefabricado_800x5943-450x334.jpg 450w\" data-sizes=\"(max-width: 800px) 100vw, 800px\" data-rel='gallery-2' data-prev-img='https:\/\/www.europa-prefabri.com\/wp-content\/uploads\/1-kiosco-prefabricado_800x5943-260x185.jpg' class='lightbox ' data-onclick='13' title='1-kiosco-prefabricado_800x594'  itemprop=\"thumbnailUrl\"  ><img decoding=\"async\" fetchpriority=\"high\" class=\"wp-image-7321 avia-img-lazy-loading-not-7321\"   src=\"https:\/\/www.europa-prefabri.com\/wp-content\/uploads\/1-kiosco-prefabricado_800x5943-495x400.jpg\" width=\"495\" height=\"400\"  title='1-kiosco-prefabricado_800x594' alt='' \/><div class='big-prev-fake'><img decoding=\"async\" loading=\"lazy\" class=\"wp-image-7321 avia-img-lazy-loading-7321\"  width=\"260\" height=\"185\" src=\"https:\/\/www.europa-prefabri.com\/wp-content\/uploads\/1-kiosco-prefabricado_800x5943-260x185.jpg\" title='1-kiosco-prefabricado_800x594' alt='' \/><\/div><\/a><a href=\"https:\/\/www.europa-prefabri.com\/wp-content\/uploads\/Stands-prefabricados-5_800x5362.jpg\" data-srcset=\"https:\/\/www.europa-prefabri.com\/wp-content\/uploads\/Stands-prefabricados-5_800x5362.jpg 800w, https:\/\/www.europa-prefabri.com\/wp-content\/uploads\/Stands-prefabricados-5_800x5362-300x201.jpg 300w, https:\/\/www.europa-prefabri.com\/wp-content\/uploads\/Stands-prefabricados-5_800x5362-705x472.jpg 705w, https:\/\/www.europa-prefabri.com\/wp-content\/uploads\/Stands-prefabricados-5_800x5362-450x302.jpg 450w\" data-sizes=\"(max-width: 800px) 100vw, 800px\" data-rel='gallery-2' data-prev-img='https:\/\/www.europa-prefabri.com\/wp-content\/uploads\/Stands-prefabricados-5_800x5362-260x185.jpg' class='lightbox ' data-onclick='14' title='Stands-prefabricados-5_800x536'  itemprop=\"thumbnailUrl\"  ><img decoding=\"async\" fetchpriority=\"high\" class=\"wp-image-7264 avia-img-lazy-loading-not-7264\"   src=\"https:\/\/www.europa-prefabri.com\/wp-content\/uploads\/Stands-prefabricados-5_800x5362-495x400.jpg\" width=\"495\" height=\"400\"  title='Stands-prefabricados-5_800x536' alt='' \/><div class='big-prev-fake'><img decoding=\"async\" loading=\"lazy\" class=\"wp-image-7264 avia-img-lazy-loading-7264\"  width=\"260\" height=\"185\" src=\"https:\/\/www.europa-prefabri.com\/wp-content\/uploads\/Stands-prefabricados-5_800x5362-260x185.jpg\" title='Stands-prefabricados-5_800x536' alt='' \/><\/div><\/a><a href=\"https:\/\/www.europa-prefabri.com\/wp-content\/uploads\/Stands-prefabricados-6_800x600.jpg\" data-srcset=\"https:\/\/www.europa-prefabri.com\/wp-content\/uploads\/Stands-prefabricados-6_800x600.jpg 800w, https:\/\/www.europa-prefabri.com\/wp-content\/uploads\/Stands-prefabricados-6_800x600-300x225.jpg 300w, https:\/\/www.europa-prefabri.com\/wp-content\/uploads\/Stands-prefabricados-6_800x600-450x337.jpg 450w\" data-sizes=\"(max-width: 800px) 100vw, 800px\" data-rel='gallery-2' data-prev-img='https:\/\/www.europa-prefabri.com\/wp-content\/uploads\/Stands-prefabricados-6_800x600-260x185.jpg' class='lightbox ' data-onclick='15' title='stand publicitario'  itemprop=\"thumbnailUrl\"  ><img decoding=\"async\" fetchpriority=\"high\" class=\"wp-image-12904 avia-img-lazy-loading-not-12904\"   src=\"https:\/\/www.europa-prefabri.com\/wp-content\/uploads\/Stands-prefabricados-6_800x600-495x400.jpg\" width=\"495\" height=\"400\"  title='stand publicitario' alt='' srcset=\"https:\/\/www.europa-prefabri.com\/wp-content\/uploads\/Stands-prefabricados-6_800x600-495x400.jpg 495w, https:\/\/www.europa-prefabri.com\/wp-content\/uploads\/Stands-prefabricados-6_800x600-710x575.jpg 710w\" sizes=\"(max-width: 495px) 100vw, 495px\" \/><div class='big-prev-fake'><img decoding=\"async\" loading=\"lazy\" class=\"wp-image-12904 avia-img-lazy-loading-12904\"  width=\"260\" height=\"185\" src=\"https:\/\/www.europa-prefabri.com\/wp-content\/uploads\/Stands-prefabricados-6_800x600-260x185.jpg\" title='stand publicitario' alt='' \/><\/div><\/a><a href=\"https:\/\/www.europa-prefabri.com\/wp-content\/uploads\/5-kiosco-prefabricado_800x592.jpg\" data-srcset=\"https:\/\/www.europa-prefabri.com\/wp-content\/uploads\/5-kiosco-prefabricado_800x592.jpg 800w, https:\/\/www.europa-prefabri.com\/wp-content\/uploads\/5-kiosco-prefabricado_800x592-300x222.jpg 300w, https:\/\/www.europa-prefabri.com\/wp-content\/uploads\/5-kiosco-prefabricado_800x592-450x333.jpg 450w\" data-sizes=\"(max-width: 800px) 100vw, 800px\" data-rel='gallery-2' data-prev-img='https:\/\/www.europa-prefabri.com\/wp-content\/uploads\/5-kiosco-prefabricado_800x592-260x185.jpg' class='first_thumb lightbox ' data-onclick='16' title='5 kiosco prefabricado_800x592'  itemprop=\"thumbnailUrl\"  ><img decoding=\"async\" fetchpriority=\"high\" class=\"wp-image-12908 avia-img-lazy-loading-not-12908\"   src=\"https:\/\/www.europa-prefabri.com\/wp-content\/uploads\/5-kiosco-prefabricado_800x592-495x400.jpg\" width=\"495\" height=\"400\"  title='5 kiosco prefabricado_800x592' alt='' srcset=\"https:\/\/www.europa-prefabri.com\/wp-content\/uploads\/5-kiosco-prefabricado_800x592-495x400.jpg 495w, https:\/\/www.europa-prefabri.com\/wp-content\/uploads\/5-kiosco-prefabricado_800x592-710x575.jpg 710w\" sizes=\"(max-width: 495px) 100vw, 495px\" \/><div class='big-prev-fake'><img decoding=\"async\" loading=\"lazy\" class=\"wp-image-12908 avia-img-lazy-loading-12908\"  width=\"260\" height=\"185\" src=\"https:\/\/www.europa-prefabri.com\/wp-content\/uploads\/5-kiosco-prefabricado_800x592-260x185.jpg\" title='5 kiosco prefabricado_800x592' alt='' \/><\/div><\/a><a href=\"https:\/\/www.europa-prefabri.com\/wp-content\/uploads\/3-bar-prefabricado_800x598.jpg\" data-srcset=\"https:\/\/www.europa-prefabri.com\/wp-content\/uploads\/3-bar-prefabricado_800x598.jpg 800w, https:\/\/www.europa-prefabri.com\/wp-content\/uploads\/3-bar-prefabricado_800x598-300x224.jpg 300w, https:\/\/www.europa-prefabri.com\/wp-content\/uploads\/3-bar-prefabricado_800x598-450x336.jpg 450w\" data-sizes=\"(max-width: 800px) 100vw, 800px\" data-rel='gallery-2' data-prev-img='https:\/\/www.europa-prefabri.com\/wp-content\/uploads\/3-bar-prefabricado_800x598-260x185.jpg' class='lightbox ' data-onclick='17' title='bar prefabricado'  itemprop=\"thumbnailUrl\"  ><img decoding=\"async\" fetchpriority=\"high\" class=\"wp-image-12895 avia-img-lazy-loading-not-12895\"   src=\"https:\/\/www.europa-prefabri.com\/wp-content\/uploads\/3-bar-prefabricado_800x598-495x400.jpg\" width=\"495\" height=\"400\"  title='bar prefabricado' alt='' srcset=\"https:\/\/www.europa-prefabri.com\/wp-content\/uploads\/3-bar-prefabricado_800x598-495x400.jpg 495w, https:\/\/www.europa-prefabri.com\/wp-content\/uploads\/3-bar-prefabricado_800x598-710x575.jpg 710w\" sizes=\"(max-width: 495px) 100vw, 495px\" \/><div class='big-prev-fake'><img decoding=\"async\" loading=\"lazy\" class=\"wp-image-12895 avia-img-lazy-loading-12895\"  width=\"260\" height=\"185\" src=\"https:\/\/www.europa-prefabri.com\/wp-content\/uploads\/3-bar-prefabricado_800x598-260x185.jpg\" title='bar prefabricado' alt='' \/><\/div><\/a><a href=\"https:\/\/www.europa-prefabri.com\/wp-content\/uploads\/92.jpg\" data-srcset=\"https:\/\/www.europa-prefabri.com\/wp-content\/uploads\/92.jpg 710w, https:\/\/www.europa-prefabri.com\/wp-content\/uploads\/92-300x242.jpg 300w, https:\/\/www.europa-prefabri.com\/wp-content\/uploads\/92-495x400.jpg 495w, https:\/\/www.europa-prefabri.com\/wp-content\/uploads\/92-450x364.jpg 450w\" data-sizes=\"(max-width: 710px) 100vw, 710px\" data-rel='gallery-2' data-prev-img='https:\/\/www.europa-prefabri.com\/wp-content\/uploads\/92-260x185.jpg' class='lightbox ' data-onclick='18' title='9'  itemprop=\"thumbnailUrl\"  ><img decoding=\"async\" fetchpriority=\"high\" class=\"wp-image-12891 avia-img-lazy-loading-not-12891\"   src=\"https:\/\/www.europa-prefabri.com\/wp-content\/uploads\/92-495x400.jpg\" width=\"495\" height=\"400\"  title='9' alt='' srcset=\"https:\/\/www.europa-prefabri.com\/wp-content\/uploads\/92-495x400.jpg 495w, https:\/\/www.europa-prefabri.com\/wp-content\/uploads\/92-300x242.jpg 300w, https:\/\/www.europa-prefabri.com\/wp-content\/uploads\/92-450x364.jpg 450w, https:\/\/www.europa-prefabri.com\/wp-content\/uploads\/92.jpg 710w\" sizes=\"(max-width: 495px) 100vw, 495px\" \/><div class='big-prev-fake'><img decoding=\"async\" loading=\"lazy\" class=\"wp-image-12891 avia-img-lazy-loading-12891\"  width=\"260\" height=\"185\" src=\"https:\/\/www.europa-prefabri.com\/wp-content\/uploads\/92-260x185.jpg\" title='9' alt='' \/><\/div><\/a><\/div><\/div><br \/>\n\n<style type=\"text\/css\" data-created_by=\"avia_inline_auto\" id=\"style-css-av-av_heading-1882fca9202d3fb8ff9e7c0e5f80a514\">\n#top .av-special-heading.av-av_heading-1882fca9202d3fb8ff9e7c0e5f80a514{\npadding-bottom:10px;\n}\nbody .av-special-heading.av-av_heading-1882fca9202d3fb8ff9e7c0e5f80a514 .av-special-heading-tag .heading-char{\nfont-size:25px;\n}\n.av-special-heading.av-av_heading-1882fca9202d3fb8ff9e7c0e5f80a514 .av-subheading{\nfont-size:10px;\n}\n<\/style>\n<div  class='av-special-heading av-av_heading-1882fca9202d3fb8ff9e7c0e5f80a514 av-special-heading-h3  avia-builder-el-8  el_after_av_gallery  el_before_av_textblock '><h3 class='av-special-heading-tag '  itemprop=\"headline\"  >Loges mobiles pour \u00e9v\u00e8nements <\/h3><div class=\"special-heading-border\"><div class=\"special-heading-inner-border\"><\/div><\/div><\/div><br \/>\n<section  class='av_textblock_section av-av_textblock-2de302bf1aa3cf4c9157dbe6f50ac7eb '   itemscope=\"itemscope\" itemtype=\"https:\/\/schema.org\/CreativeWork\" ><div class='avia_textblock'  itemprop=\"text\" ><p>Que deviendraient les \u00e9v\u00e8nements et spectacles sans musique ni artistes invit\u00e9s\u00a0?<\/p>\n<p>Pour qu\u2019ils puissent se sentir comme chez eux, il n\u2019y a rien de mieux que de leur offrir la possibilit\u00e9 d\u2019utiliser nos loges portables pour artistes et autres usages r\u00e9alis\u00e9s \u00e0 partir de modules pr\u00e9fabriqu\u00e9s facilement transportables.<\/p>\n<p>Les loges disposent de diff\u00e9rents niveaux de finition, afin de nous adapter \u00e0 chaque salon, \u00e9v\u00e8nements ou f\u00eate.<\/p>\n<p>En plus de nos mod\u00e8les habituels, nous r\u00e9alisons \u00e9galement la conception et la fabrication de mod\u00e8les sp\u00e9ciaux fabriqu\u00e9s sur mesures, \u00e0 la demande de nos clients.<\/p>\n<\/div><\/section><br \/>\n\n<style type=\"text\/css\" data-created_by=\"avia_inline_auto\" id=\"style-css-av-av_gallery-639a1e2a931e10c5719d262f0138488a\">\n#top .avia-gallery.av-av_gallery-639a1e2a931e10c5719d262f0138488a .avia-gallery-thumb a{\nwidth:20%;\n}\n<\/style>\n<div  class='avia-gallery av-av_gallery-639a1e2a931e10c5719d262f0138488a avia_animate_when_visible  avia-builder-el-10  el_after_av_textblock  el_before_av_heading  avia_lazyload avia-gallery-animate avia-gallery-3'  itemprop=\"image\" itemscope=\"itemscope\" itemtype=\"https:\/\/schema.org\/ImageObject\" ><meta itemprop=\"contentURL\" content=\"https:\/\/www.europa-prefabri.com\/fr\/eventos\/\"><div class='avia-gallery-thumb'><a href=\"https:\/\/www.europa-prefabri.com\/wp-content\/uploads\/Camerino-Eventos-04.jpg\" data-srcset=\"https:\/\/www.europa-prefabri.com\/wp-content\/uploads\/Camerino-Eventos-04.jpg 960w, https:\/\/www.europa-prefabri.com\/wp-content\/uploads\/Camerino-Eventos-04-768x529.jpg 768w, https:\/\/www.europa-prefabri.com\/wp-content\/uploads\/Camerino-Eventos-04-705x485.jpg 705w, https:\/\/www.europa-prefabri.com\/wp-content\/uploads\/Camerino-Eventos-04-450x310.jpg 450w\" data-sizes=\"(max-width: 960px) 100vw, 960px\" data-rel='gallery-3' data-prev-img='https:\/\/www.europa-prefabri.com\/wp-content\/uploads\/Camerino-Eventos-04-260x185.jpg' class='first_thumb lightbox ' data-onclick='1' title='Camerino-Europa prefabri'  itemprop=\"thumbnailUrl\"  ><img decoding=\"async\" fetchpriority=\"high\" class=\"wp-image-28217 avia-img-lazy-loading-not-28217\"  data-avia-tooltip='Camerino-Europa prefabri' src=\"https:\/\/www.europa-prefabri.com\/wp-content\/uploads\/Camerino-Eventos-04-495x400.jpg\" width=\"495\" height=\"400\"  title='Camerino-Eventos-04' alt='m\u00f3dulos-prefabricados-camerino' \/><div class='big-prev-fake'><img decoding=\"async\" loading=\"lazy\" class=\"wp-image-28217 avia-img-lazy-loading-28217\"  width=\"260\" height=\"185\" src=\"https:\/\/www.europa-prefabri.com\/wp-content\/uploads\/Camerino-Eventos-04-260x185.jpg\" title='Camerino-Eventos-04' alt='m\u00f3dulos-prefabricados-camerino' \/><\/div><\/a><a href=\"https:\/\/www.europa-prefabri.com\/wp-content\/uploads\/Camerino-Eventos-06.jpg\" data-srcset=\"https:\/\/www.europa-prefabri.com\/wp-content\/uploads\/Camerino-Eventos-06.jpg 960w, https:\/\/www.europa-prefabri.com\/wp-content\/uploads\/Camerino-Eventos-06-768x529.jpg 768w, https:\/\/www.europa-prefabri.com\/wp-content\/uploads\/Camerino-Eventos-06-705x485.jpg 705w, https:\/\/www.europa-prefabri.com\/wp-content\/uploads\/Camerino-Eventos-06-450x310.jpg 450w\" data-sizes=\"(max-width: 960px) 100vw, 960px\" data-rel='gallery-3' data-prev-img='https:\/\/www.europa-prefabri.com\/wp-content\/uploads\/Camerino-Eventos-06-260x185.jpg' class='lightbox ' data-onclick='2' title='Camerino-Europa prefabri'  itemprop=\"thumbnailUrl\"  ><img decoding=\"async\" fetchpriority=\"high\" class=\"wp-image-28223 avia-img-lazy-loading-not-28223\"  data-avia-tooltip='Camerino-Europa prefabri' src=\"https:\/\/www.europa-prefabri.com\/wp-content\/uploads\/Camerino-Eventos-06-495x400.jpg\" width=\"495\" height=\"400\"  title='Camerino-Eventos-06' alt='m\u00f3dulos-prefabricados-camerino' \/><div class='big-prev-fake'><img decoding=\"async\" loading=\"lazy\" class=\"wp-image-28223 avia-img-lazy-loading-28223\"  width=\"260\" height=\"185\" src=\"https:\/\/www.europa-prefabri.com\/wp-content\/uploads\/Camerino-Eventos-06-260x185.jpg\" title='Camerino-Eventos-06' alt='m\u00f3dulos-prefabricados-camerino' \/><\/div><\/a><a href=\"https:\/\/www.europa-prefabri.com\/wp-content\/uploads\/Camerino-Eventos-01.jpg\" data-srcset=\"https:\/\/www.europa-prefabri.com\/wp-content\/uploads\/Camerino-Eventos-01.jpg 960w, https:\/\/www.europa-prefabri.com\/wp-content\/uploads\/Camerino-Eventos-01-768x529.jpg 768w, https:\/\/www.europa-prefabri.com\/wp-content\/uploads\/Camerino-Eventos-01-705x485.jpg 705w, https:\/\/www.europa-prefabri.com\/wp-content\/uploads\/Camerino-Eventos-01-450x310.jpg 450w\" data-sizes=\"(max-width: 960px) 100vw, 960px\" data-rel='gallery-3' data-prev-img='https:\/\/www.europa-prefabri.com\/wp-content\/uploads\/Camerino-Eventos-01-260x185.jpg' class='lightbox ' data-onclick='3' title='Europa prefabri'  itemprop=\"thumbnailUrl\"  ><img decoding=\"async\" fetchpriority=\"high\" class=\"wp-image-28208 avia-img-lazy-loading-not-28208\"  data-avia-tooltip='Europa prefabri' src=\"https:\/\/www.europa-prefabri.com\/wp-content\/uploads\/Camerino-Eventos-01-495x400.jpg\" width=\"495\" height=\"400\"  title='Camerino-Eventos-01' alt='m\u00f3dulos-prefabricados-camerino' \/><div class='big-prev-fake'><img decoding=\"async\" loading=\"lazy\" class=\"wp-image-28208 avia-img-lazy-loading-28208\"  width=\"260\" height=\"185\" src=\"https:\/\/www.europa-prefabri.com\/wp-content\/uploads\/Camerino-Eventos-01-260x185.jpg\" title='Camerino-Eventos-01' alt='m\u00f3dulos-prefabricados-camerino' \/><\/div><\/a><a href=\"https:\/\/www.europa-prefabri.com\/wp-content\/uploads\/Camerino-Eventos-03.jpg\" data-srcset=\"https:\/\/www.europa-prefabri.com\/wp-content\/uploads\/Camerino-Eventos-03.jpg 960w, https:\/\/www.europa-prefabri.com\/wp-content\/uploads\/Camerino-Eventos-03-768x529.jpg 768w, https:\/\/www.europa-prefabri.com\/wp-content\/uploads\/Camerino-Eventos-03-705x485.jpg 705w, https:\/\/www.europa-prefabri.com\/wp-content\/uploads\/Camerino-Eventos-03-450x310.jpg 450w\" data-sizes=\"(max-width: 960px) 100vw, 960px\" data-rel='gallery-3' data-prev-img='https:\/\/www.europa-prefabri.com\/wp-content\/uploads\/Camerino-Eventos-03-260x185.jpg' class='lightbox ' data-onclick='4' title='Camerino-Europa prefabri'  itemprop=\"thumbnailUrl\"  ><img decoding=\"async\" fetchpriority=\"high\" class=\"wp-image-28214 avia-img-lazy-loading-not-28214\"  data-avia-tooltip='Camerino-Europa prefabri' src=\"https:\/\/www.europa-prefabri.com\/wp-content\/uploads\/Camerino-Eventos-03-495x400.jpg\" width=\"495\" height=\"400\"  title='Camerino-Eventos-03' alt='m\u00f3dulos-prefabricados-camerino' \/><div class='big-prev-fake'><img decoding=\"async\" loading=\"lazy\" class=\"wp-image-28214 avia-img-lazy-loading-28214\"  width=\"260\" height=\"185\" src=\"https:\/\/www.europa-prefabri.com\/wp-content\/uploads\/Camerino-Eventos-03-260x185.jpg\" title='Camerino-Eventos-03' alt='m\u00f3dulos-prefabricados-camerino' \/><\/div><\/a><a href=\"https:\/\/www.europa-prefabri.com\/wp-content\/uploads\/Camerino-de-lujo-02.jpg\" data-srcset=\"https:\/\/www.europa-prefabri.com\/wp-content\/uploads\/Camerino-de-lujo-02.jpg 800w, https:\/\/www.europa-prefabri.com\/wp-content\/uploads\/Camerino-de-lujo-02-300x225.jpg 300w, https:\/\/www.europa-prefabri.com\/wp-content\/uploads\/Camerino-de-lujo-02-768x576.jpg 768w, https:\/\/www.europa-prefabri.com\/wp-content\/uploads\/Camerino-de-lujo-02-705x529.jpg 705w, https:\/\/www.europa-prefabri.com\/wp-content\/uploads\/Camerino-de-lujo-02-450x338.jpg 450w\" data-sizes=\"(max-width: 800px) 100vw, 800px\" data-rel='gallery-3' data-prev-img='https:\/\/www.europa-prefabri.com\/wp-content\/uploads\/Camerino-de-lujo-02-260x185.jpg' class='lightbox ' data-onclick='5' title='Camerino de lujo 02'  itemprop=\"thumbnailUrl\"  ><img decoding=\"async\" fetchpriority=\"high\" class=\"wp-image-13957 avia-img-lazy-loading-not-13957\"   src=\"https:\/\/www.europa-prefabri.com\/wp-content\/uploads\/Camerino-de-lujo-02-495x400.jpg\" width=\"495\" height=\"400\"  title='Camerino de lujo 02' alt='' \/><div class='big-prev-fake'><img decoding=\"async\" loading=\"lazy\" class=\"wp-image-13957 avia-img-lazy-loading-13957\"  width=\"260\" height=\"185\" src=\"https:\/\/www.europa-prefabri.com\/wp-content\/uploads\/Camerino-de-lujo-02-260x185.jpg\" title='Camerino de lujo 02' alt='' \/><\/div><\/a><\/div><\/div><br \/>\n\n<style type=\"text\/css\" data-created_by=\"avia_inline_auto\" id=\"style-css-av-av_heading-97c2340d00fb138a4cb0d5e5d345c128\">\n#top .av-special-heading.av-av_heading-97c2340d00fb138a4cb0d5e5d345c128{\npadding-bottom:10px;\n}\nbody .av-special-heading.av-av_heading-97c2340d00fb138a4cb0d5e5d345c128 .av-special-heading-tag .heading-char{\nfont-size:25px;\n}\n.av-special-heading.av-av_heading-97c2340d00fb138a4cb0d5e5d345c128 .av-subheading{\nfont-size:10px;\n}\n<\/style>\n<div  class='av-special-heading av-av_heading-97c2340d00fb138a4cb0d5e5d345c128 av-special-heading-h3  avia-builder-el-11  el_after_av_gallery  el_before_av_textblock '><h3 class='av-special-heading-tag '  itemprop=\"headline\"  >Sanitaires portables pour \u00e9v\u00e8nements <\/h3><div class=\"special-heading-border\"><div class=\"special-heading-inner-border\"><\/div><\/div><\/div><br \/>\n<section  class='av_textblock_section av-av_textblock-2de302bf1aa3cf4c9157dbe6f50ac7eb '   itemscope=\"itemscope\" itemtype=\"https:\/\/schema.org\/CreativeWork\" ><div class='avia_textblock'  itemprop=\"text\" ><p>Nous disposons d\u2019un large catalogue de mod\u00e8les pour notre service d\u2019\u00e9v\u00e8nements\u00a0:<\/p>\n<ul>\n<li>Sanitaires mobiles, \u00e9cologique, autonomes ou avec arriv\u00e9e d\u2019eau<\/li>\n<li>Urinoirs et douches portables<\/li>\n<li>Modules sanitaires avec diff\u00e9rentes dispositions<\/li>\n<li>Loges et sanitaires de luxe pour les \u00e9v\u00e8nements les plus prestigieux<\/li>\n<\/ul>\n<\/div><\/section><br \/>\n\n<style type=\"text\/css\" data-created_by=\"avia_inline_auto\" id=\"style-css-av-av_gallery-38c3aea84879a06a0a00bd167ff7754e\">\n#top .avia-gallery.av-av_gallery-38c3aea84879a06a0a00bd167ff7754e .avia-gallery-thumb a{\nwidth:20%;\n}\n<\/style>\n<div  class='avia-gallery av-av_gallery-38c3aea84879a06a0a00bd167ff7754e avia_animate_when_visible  avia-builder-el-13  el_after_av_textblock  el_before_av_heading  avia_lazyload avia-gallery-animate avia-gallery-4'  itemprop=\"image\" itemscope=\"itemscope\" itemtype=\"https:\/\/schema.org\/ImageObject\" ><meta itemprop=\"contentURL\" content=\"https:\/\/www.europa-prefabri.com\/fr\/eventos\/\"><div class='avia-gallery-thumb'><a href=\"https:\/\/www.europa-prefabri.com\/wp-content\/uploads\/sanitarios-de-lujo.jpg\" data-srcset=\"https:\/\/www.europa-prefabri.com\/wp-content\/uploads\/sanitarios-de-lujo.jpg 1024w, https:\/\/www.europa-prefabri.com\/wp-content\/uploads\/sanitarios-de-lujo-300x200.jpg 300w, https:\/\/www.europa-prefabri.com\/wp-content\/uploads\/sanitarios-de-lujo-768x512.jpg 768w, https:\/\/www.europa-prefabri.com\/wp-content\/uploads\/sanitarios-de-lujo-705x470.jpg 705w, https:\/\/www.europa-prefabri.com\/wp-content\/uploads\/sanitarios-de-lujo-450x300.jpg 450w\" data-sizes=\"(max-width: 1024px) 100vw, 1024px\" data-rel='gallery-4' data-prev-img='https:\/\/www.europa-prefabri.com\/wp-content\/uploads\/sanitarios-de-lujo-260x185.jpg' class='first_thumb lightbox ' data-onclick='1' title='sanitarios-de-lujo'  itemprop=\"thumbnailUrl\"  ><img decoding=\"async\" fetchpriority=\"high\" class=\"wp-image-20984 avia-img-lazy-loading-not-20984\"   src=\"https:\/\/www.europa-prefabri.com\/wp-content\/uploads\/sanitarios-de-lujo-495x400.jpg\" width=\"495\" height=\"400\"  title='sanitarios-de-lujo' alt='' srcset=\"https:\/\/www.europa-prefabri.com\/wp-content\/uploads\/sanitarios-de-lujo-495x400.jpg 495w, https:\/\/www.europa-prefabri.com\/wp-content\/uploads\/sanitarios-de-lujo-845x683.jpg 845w\" sizes=\"(max-width: 495px) 100vw, 495px\" \/><div class='big-prev-fake'><img decoding=\"async\" loading=\"lazy\" class=\"wp-image-20984 avia-img-lazy-loading-20984\"  width=\"260\" height=\"185\" src=\"https:\/\/www.europa-prefabri.com\/wp-content\/uploads\/sanitarios-de-lujo-260x185.jpg\" title='sanitarios-de-lujo' alt='' \/><\/div><\/a><a href=\"https:\/\/www.europa-prefabri.com\/wp-content\/uploads\/sanitarios-port\u00e1tiles-para-eventos.jpg\" data-srcset=\"https:\/\/www.europa-prefabri.com\/wp-content\/uploads\/sanitarios-port\u00e1tiles-para-eventos.jpg 800w, https:\/\/www.europa-prefabri.com\/wp-content\/uploads\/sanitarios-port\u00e1tiles-para-eventos-300x225.jpg 300w, https:\/\/www.europa-prefabri.com\/wp-content\/uploads\/sanitarios-port\u00e1tiles-para-eventos-768x576.jpg 768w, https:\/\/www.europa-prefabri.com\/wp-content\/uploads\/sanitarios-port\u00e1tiles-para-eventos-705x529.jpg 705w, https:\/\/www.europa-prefabri.com\/wp-content\/uploads\/sanitarios-port\u00e1tiles-para-eventos-450x338.jpg 450w\" data-sizes=\"(max-width: 800px) 100vw, 800px\" data-rel='gallery-4' data-prev-img='https:\/\/www.europa-prefabri.com\/wp-content\/uploads\/sanitarios-port\u00e1tiles-para-eventos-260x185.jpg' class='lightbox ' data-onclick='2' title='sanitarios-port\u00e1tiles-para-eventos'  itemprop=\"thumbnailUrl\"  ><img decoding=\"async\" fetchpriority=\"high\" class=\"wp-image-20976 avia-img-lazy-loading-not-20976\"   src=\"https:\/\/www.europa-prefabri.com\/wp-content\/uploads\/sanitarios-port\u00e1tiles-para-eventos-495x400.jpg\" width=\"495\" height=\"400\"  title='sanitarios-port\u00e1tiles-para-eventos' alt='' \/><div class='big-prev-fake'><img decoding=\"async\" loading=\"lazy\" class=\"wp-image-20976 avia-img-lazy-loading-20976\"  width=\"260\" height=\"185\" src=\"https:\/\/www.europa-prefabri.com\/wp-content\/uploads\/sanitarios-port\u00e1tiles-para-eventos-260x185.jpg\" title='sanitarios-port\u00e1tiles-para-eventos' alt='' \/><\/div><\/a><a href=\"https:\/\/www.europa-prefabri.com\/wp-content\/uploads\/7-mini-remolque-western.jpg\" data-srcset=\"https:\/\/www.europa-prefabri.com\/wp-content\/uploads\/7-mini-remolque-western.jpg 800w, https:\/\/www.europa-prefabri.com\/wp-content\/uploads\/7-mini-remolque-western-300x225.jpg 300w, https:\/\/www.europa-prefabri.com\/wp-content\/uploads\/7-mini-remolque-western-768x576.jpg 768w, https:\/\/www.europa-prefabri.com\/wp-content\/uploads\/7-mini-remolque-western-705x529.jpg 705w, https:\/\/www.europa-prefabri.com\/wp-content\/uploads\/7-mini-remolque-western-450x338.jpg 450w\" data-sizes=\"(max-width: 800px) 100vw, 800px\" data-rel='gallery-4' data-prev-img='https:\/\/www.europa-prefabri.com\/wp-content\/uploads\/7-mini-remolque-western-260x185.jpg' class='lightbox ' data-onclick='3' title='7 mini-remolque western'  itemprop=\"thumbnailUrl\"  ><img decoding=\"async\" fetchpriority=\"high\" class=\"wp-image-14996 avia-img-lazy-loading-not-14996\"   src=\"https:\/\/www.europa-prefabri.com\/wp-content\/uploads\/7-mini-remolque-western-495x400.jpg\" width=\"495\" height=\"400\"  title='7 mini-remolque western' alt='' \/><div class='big-prev-fake'><img decoding=\"async\" loading=\"lazy\" class=\"wp-image-14996 avia-img-lazy-loading-14996\"  width=\"260\" height=\"185\" src=\"https:\/\/www.europa-prefabri.com\/wp-content\/uploads\/7-mini-remolque-western-260x185.jpg\" title='7 mini-remolque western' alt='' \/><\/div><\/a><a href=\"https:\/\/www.europa-prefabri.com\/wp-content\/uploads\/10-cabina-autonoma-prefabri.jpg\" data-srcset=\"https:\/\/www.europa-prefabri.com\/wp-content\/uploads\/10-cabina-autonoma-prefabri.jpg 800w, https:\/\/www.europa-prefabri.com\/wp-content\/uploads\/10-cabina-autonoma-prefabri-300x225.jpg 300w, https:\/\/www.europa-prefabri.com\/wp-content\/uploads\/10-cabina-autonoma-prefabri-768x576.jpg 768w, https:\/\/www.europa-prefabri.com\/wp-content\/uploads\/10-cabina-autonoma-prefabri-705x529.jpg 705w, https:\/\/www.europa-prefabri.com\/wp-content\/uploads\/10-cabina-autonoma-prefabri-450x338.jpg 450w\" data-sizes=\"(max-width: 800px) 100vw, 800px\" data-rel='gallery-4' data-prev-img='https:\/\/www.europa-prefabri.com\/wp-content\/uploads\/10-cabina-autonoma-prefabri-260x185.jpg' class='lightbox ' data-onclick='4' title='10 cabina autonoma prefabri'  itemprop=\"thumbnailUrl\"  ><img decoding=\"async\" fetchpriority=\"high\" class=\"wp-image-15008 avia-img-lazy-loading-not-15008\"   src=\"https:\/\/www.europa-prefabri.com\/wp-content\/uploads\/10-cabina-autonoma-prefabri-495x400.jpg\" width=\"495\" height=\"400\"  title='10 cabina autonoma prefabri' alt='' \/><div class='big-prev-fake'><img decoding=\"async\" loading=\"lazy\" class=\"wp-image-15008 avia-img-lazy-loading-15008\"  width=\"260\" height=\"185\" src=\"https:\/\/www.europa-prefabri.com\/wp-content\/uploads\/10-cabina-autonoma-prefabri-260x185.jpg\" title='10 cabina autonoma prefabri' alt='' \/><\/div><\/a><a href=\"https:\/\/www.europa-prefabri.com\/wp-content\/uploads\/4-remolque-lujo-nueva-york.jpeg\" data-srcset=\"https:\/\/www.europa-prefabri.com\/wp-content\/uploads\/4-remolque-lujo-nueva-york.jpeg 800w, https:\/\/www.europa-prefabri.com\/wp-content\/uploads\/4-remolque-lujo-nueva-york-300x225.jpeg 300w, https:\/\/www.europa-prefabri.com\/wp-content\/uploads\/4-remolque-lujo-nueva-york-768x576.jpeg 768w, https:\/\/www.europa-prefabri.com\/wp-content\/uploads\/4-remolque-lujo-nueva-york-705x529.jpeg 705w, https:\/\/www.europa-prefabri.com\/wp-content\/uploads\/4-remolque-lujo-nueva-york-450x338.jpeg 450w\" data-sizes=\"(max-width: 800px) 100vw, 800px\" data-rel='gallery-4' data-prev-img='https:\/\/www.europa-prefabri.com\/wp-content\/uploads\/4-remolque-lujo-nueva-york-260x185.jpeg' class='lightbox ' data-onclick='5' title='4 remolque lujo nueva york'  itemprop=\"thumbnailUrl\"  ><img decoding=\"async\" fetchpriority=\"high\" class=\"wp-image-14976 avia-img-lazy-loading-not-14976\"   src=\"https:\/\/www.europa-prefabri.com\/wp-content\/uploads\/4-remolque-lujo-nueva-york-495x400.jpeg\" width=\"495\" height=\"400\"  title='4 remolque lujo nueva york' alt='' \/><div class='big-prev-fake'><img decoding=\"async\" loading=\"lazy\" class=\"wp-image-14976 avia-img-lazy-loading-14976\"  width=\"260\" height=\"185\" src=\"https:\/\/www.europa-prefabri.com\/wp-content\/uploads\/4-remolque-lujo-nueva-york-260x185.jpeg\" title='4 remolque lujo nueva york' alt='' \/><\/div><\/a><\/div><\/div><br \/>\n\n<style type=\"text\/css\" data-created_by=\"avia_inline_auto\" id=\"style-css-av-av_heading-8d4ef224d0ba2a6f3b378d7c9576afec\">\n#top .av-special-heading.av-av_heading-8d4ef224d0ba2a6f3b378d7c9576afec{\npadding-bottom:10px;\n}\nbody .av-special-heading.av-av_heading-8d4ef224d0ba2a6f3b378d7c9576afec .av-special-heading-tag .heading-char{\nfont-size:25px;\n}\n.av-special-heading.av-av_heading-8d4ef224d0ba2a6f3b378d7c9576afec .av-subheading{\nfont-size:10px;\n}\n<\/style>\n<div  class='av-special-heading av-av_heading-8d4ef224d0ba2a6f3b378d7c9576afec av-special-heading-h3  avia-builder-el-14  el_after_av_gallery  el_before_av_textblock '><h3 class='av-special-heading-tag '  itemprop=\"headline\"  >Barri\u00e8res pour \u00e9v\u00e8nements <\/h3><div class=\"special-heading-border\"><div class=\"special-heading-inner-border\"><\/div><\/div><\/div><br \/>\n<section  class='av_textblock_section av-av_textblock-2de302bf1aa3cf4c9157dbe6f50ac7eb '   itemscope=\"itemscope\" itemtype=\"https:\/\/schema.org\/CreativeWork\" ><div class='avia_textblock'  itemprop=\"text\" ><p>Europa Prefabri est sp\u00e9cialis\u00e9e dans la vente de divers mod\u00e8les de barri\u00e8res et grillages pour tous types d\u2019\u00e9v\u00e8nements.<\/p>\n<p>Nous r\u00e9alisons tous types d\u2019\u00e9v\u00e8nements\u00a0: festivals, spectacles et concerts, salons r\u00e9gionaux, f\u00eates municipales, tournages, rassemblements, \u00e9v\u00e8nements sportifs \u2026<\/p>\n<p>Nous disposons d\u2019un large catalogue de produits mais nous pouvons \u00e9galement fabriquer sur mesure vos barri\u00e8res afin de personnaliser la couleur et les finitions.<\/p>\n<p>Nos barri\u00e8res pour \u00e9v\u00e8nements sont id\u00e9ales pour canaliser, signaliser et d\u00e9limiter les points d\u2019acc\u00e8s et de passage tout au long de vos \u00e9v\u00e8nements.<\/p>\n<p>De plus, celles-ci permettent de s\u00e9curiser l\u2019enceinte gr\u00e2ce \u00e0 des barri\u00e8res temporaires facile \u00e0 monter. En plus de prot\u00e9ger et d\u00e9limiter, nos barri\u00e8res peuvent \u00e9galement servir d\u2019emplacement publicitaire.<\/p>\n<\/div><\/section><br \/>\n\n<style type=\"text\/css\" data-created_by=\"avia_inline_auto\" id=\"style-css-av-av_gallery-83b96d7b403b1278b9c6118b223ea298\">\n#top .avia-gallery.av-av_gallery-83b96d7b403b1278b9c6118b223ea298 .avia-gallery-thumb a{\nwidth:25%;\n}\n<\/style>\n<div  class='avia-gallery av-av_gallery-83b96d7b403b1278b9c6118b223ea298 avia_animate_when_visible  avia-builder-el-16  el_after_av_textblock  el_before_av_heading  avia_lazyload avia-gallery-animate avia-gallery-5'  itemprop=\"image\" itemscope=\"itemscope\" itemtype=\"https:\/\/schema.org\/ImageObject\" ><meta itemprop=\"contentURL\" content=\"https:\/\/www.europa-prefabri.com\/fr\/eventos\/\"><div class='avia-gallery-thumb'><a href=\"https:\/\/www.europa-prefabri.com\/wp-content\/uploads\/festivales-de-musica-y-conciertos.jpg\" data-srcset=\"https:\/\/www.europa-prefabri.com\/wp-content\/uploads\/festivales-de-musica-y-conciertos.jpg 800w, https:\/\/www.europa-prefabri.com\/wp-content\/uploads\/festivales-de-musica-y-conciertos-300x225.jpg 300w, https:\/\/www.europa-prefabri.com\/wp-content\/uploads\/festivales-de-musica-y-conciertos-768x576.jpg 768w, https:\/\/www.europa-prefabri.com\/wp-content\/uploads\/festivales-de-musica-y-conciertos-705x529.jpg 705w, https:\/\/www.europa-prefabri.com\/wp-content\/uploads\/festivales-de-musica-y-conciertos-450x338.jpg 450w\" data-sizes=\"(max-width: 800px) 100vw, 800px\" data-rel='gallery-5' data-prev-img='https:\/\/www.europa-prefabri.com\/wp-content\/uploads\/festivales-de-musica-y-conciertos-260x185.jpg' class='first_thumb lightbox ' data-onclick='1' title='festivales de musica y conciertos'  itemprop=\"thumbnailUrl\"  ><img decoding=\"async\" fetchpriority=\"high\" class=\"wp-image-13733 avia-img-lazy-loading-not-13733\"   src=\"https:\/\/www.europa-prefabri.com\/wp-content\/uploads\/festivales-de-musica-y-conciertos-495x400.jpg\" width=\"495\" height=\"400\"  title='festivales de musica y conciertos' alt='' \/><div class='big-prev-fake'><img decoding=\"async\" loading=\"lazy\" class=\"wp-image-13733 avia-img-lazy-loading-13733\"  width=\"260\" height=\"185\" src=\"https:\/\/www.europa-prefabri.com\/wp-content\/uploads\/festivales-de-musica-y-conciertos-260x185.jpg\" title='festivales de musica y conciertos' alt='' \/><\/div><\/a><a href=\"https:\/\/www.europa-prefabri.com\/wp-content\/uploads\/19_800x598.jpg\" data-srcset=\"https:\/\/www.europa-prefabri.com\/wp-content\/uploads\/19_800x598.jpg 800w, https:\/\/www.europa-prefabri.com\/wp-content\/uploads\/19_800x598-300x224.jpg 300w, https:\/\/www.europa-prefabri.com\/wp-content\/uploads\/19_800x598-450x336.jpg 450w\" data-sizes=\"(max-width: 800px) 100vw, 800px\" data-rel='gallery-5' data-prev-img='https:\/\/www.europa-prefabri.com\/wp-content\/uploads\/19_800x598-260x185.jpg' class='lightbox ' data-onclick='2' title='Valla Movil'  itemprop=\"thumbnailUrl\"  ><img decoding=\"async\" fetchpriority=\"high\" class=\"wp-image-6604 avia-img-lazy-loading-not-6604\"   src=\"https:\/\/www.europa-prefabri.com\/wp-content\/uploads\/19_800x598-495x400.jpg\" width=\"495\" height=\"400\"  title='Valla Movil' alt='' srcset=\"https:\/\/www.europa-prefabri.com\/wp-content\/uploads\/19_800x598-495x400.jpg 495w, https:\/\/www.europa-prefabri.com\/wp-content\/uploads\/19_800x598-710x575.jpg 710w\" sizes=\"(max-width: 495px) 100vw, 495px\" \/><div class='big-prev-fake'><img decoding=\"async\" loading=\"lazy\" class=\"wp-image-6604 avia-img-lazy-loading-6604\"  width=\"260\" height=\"185\" src=\"https:\/\/www.europa-prefabri.com\/wp-content\/uploads\/19_800x598-260x185.jpg\" title='Valla Movil' alt='' \/><\/div><\/a><a href=\"https:\/\/www.europa-prefabri.com\/wp-content\/uploads\/vallas-para-eventos.jpg\" data-srcset=\"https:\/\/www.europa-prefabri.com\/wp-content\/uploads\/vallas-para-eventos.jpg 800w, https:\/\/www.europa-prefabri.com\/wp-content\/uploads\/vallas-para-eventos-300x225.jpg 300w, https:\/\/www.europa-prefabri.com\/wp-content\/uploads\/vallas-para-eventos-768x576.jpg 768w, https:\/\/www.europa-prefabri.com\/wp-content\/uploads\/vallas-para-eventos-705x529.jpg 705w, https:\/\/www.europa-prefabri.com\/wp-content\/uploads\/vallas-para-eventos-450x338.jpg 450w\" data-sizes=\"(max-width: 800px) 100vw, 800px\" data-rel='gallery-5' data-prev-img='https:\/\/www.europa-prefabri.com\/wp-content\/uploads\/vallas-para-eventos-260x185.jpg' class='lightbox ' data-onclick='3' title='vallas-para-eventos'  itemprop=\"thumbnailUrl\"  ><img decoding=\"async\" fetchpriority=\"high\" class=\"wp-image-20993 avia-img-lazy-loading-not-20993\"   src=\"https:\/\/www.europa-prefabri.com\/wp-content\/uploads\/vallas-para-eventos-495x400.jpg\" width=\"495\" height=\"400\"  title='vallas-para-eventos' alt='' \/><div class='big-prev-fake'><img decoding=\"async\" loading=\"lazy\" class=\"wp-image-20993 avia-img-lazy-loading-20993\"  width=\"260\" height=\"185\" src=\"https:\/\/www.europa-prefabri.com\/wp-content\/uploads\/vallas-para-eventos-260x185.jpg\" title='vallas-para-eventos' alt='' \/><\/div><\/a><a href=\"https:\/\/www.europa-prefabri.com\/wp-content\/uploads\/vallas-de-obra-opacas.jpg\" data-srcset=\"https:\/\/www.europa-prefabri.com\/wp-content\/uploads\/vallas-de-obra-opacas.jpg 800w, https:\/\/www.europa-prefabri.com\/wp-content\/uploads\/vallas-de-obra-opacas-300x225.jpg 300w, https:\/\/www.europa-prefabri.com\/wp-content\/uploads\/vallas-de-obra-opacas-768x576.jpg 768w, https:\/\/www.europa-prefabri.com\/wp-content\/uploads\/vallas-de-obra-opacas-705x529.jpg 705w, https:\/\/www.europa-prefabri.com\/wp-content\/uploads\/vallas-de-obra-opacas-450x338.jpg 450w\" data-sizes=\"(max-width: 800px) 100vw, 800px\" data-rel='gallery-5' data-prev-img='https:\/\/www.europa-prefabri.com\/wp-content\/uploads\/vallas-de-obra-opacas-260x185.jpg' class='lightbox ' data-onclick='4' title='vallas de obra opacas'  itemprop=\"thumbnailUrl\"  ><img decoding=\"async\" fetchpriority=\"high\" class=\"wp-image-18787 avia-img-lazy-loading-not-18787\"   src=\"https:\/\/www.europa-prefabri.com\/wp-content\/uploads\/vallas-de-obra-opacas-495x400.jpg\" width=\"495\" height=\"400\"  title='vallas de obra opacas' alt='' \/><div class='big-prev-fake'><img decoding=\"async\" loading=\"lazy\" class=\"wp-image-18787 avia-img-lazy-loading-18787\"  width=\"260\" height=\"185\" src=\"https:\/\/www.europa-prefabri.com\/wp-content\/uploads\/vallas-de-obra-opacas-260x185.jpg\" title='vallas de obra opacas' alt='' \/><\/div><\/a><a href=\"https:\/\/www.europa-prefabri.com\/wp-content\/uploads\/vallas-congreso-1030x7692-1030x769.jpg\" data-srcset=\"https:\/\/www.europa-prefabri.com\/wp-content\/uploads\/vallas-congreso-1030x7692.jpg 1030w, https:\/\/www.europa-prefabri.com\/wp-content\/uploads\/vallas-congreso-1030x7692-300x224.jpg 300w, https:\/\/www.europa-prefabri.com\/wp-content\/uploads\/vallas-congreso-1030x7692-705x526.jpg 705w, https:\/\/www.europa-prefabri.com\/wp-content\/uploads\/vallas-congreso-1030x7692-450x336.jpg 450w\" data-sizes=\"(max-width: 1030px) 100vw, 1030px\" data-rel='gallery-5' data-prev-img='https:\/\/www.europa-prefabri.com\/wp-content\/uploads\/vallas-congreso-1030x7692-260x185.jpg' class='first_thumb lightbox ' data-onclick='5' title='vallas-congreso-1030x769'  itemprop=\"thumbnailUrl\"  ><img decoding=\"async\" fetchpriority=\"high\" class=\"wp-image-7221 avia-img-lazy-loading-not-7221\"   src=\"https:\/\/www.europa-prefabri.com\/wp-content\/uploads\/vallas-congreso-1030x7692-495x400.jpg\" width=\"495\" height=\"400\"  title='vallas-congreso-1030x769' alt='' srcset=\"https:\/\/www.europa-prefabri.com\/wp-content\/uploads\/vallas-congreso-1030x7692-495x400.jpg 495w, https:\/\/www.europa-prefabri.com\/wp-content\/uploads\/vallas-congreso-1030x7692-845x684.jpg 845w\" sizes=\"(max-width: 495px) 100vw, 495px\" \/><div class='big-prev-fake'><img decoding=\"async\" loading=\"lazy\" class=\"wp-image-7221 avia-img-lazy-loading-7221\"  width=\"260\" height=\"185\" src=\"https:\/\/www.europa-prefabri.com\/wp-content\/uploads\/vallas-congreso-1030x7692-260x185.jpg\" title='vallas-congreso-1030x769' alt='' \/><\/div><\/a><a href=\"https:\/\/www.europa-prefabri.com\/wp-content\/uploads\/20140430_101456_800x480.jpg\" data-srcset=\"https:\/\/www.europa-prefabri.com\/wp-content\/uploads\/20140430_101456_800x480.jpg 800w, https:\/\/www.europa-prefabri.com\/wp-content\/uploads\/20140430_101456_800x480-300x180.jpg 300w, https:\/\/www.europa-prefabri.com\/wp-content\/uploads\/20140430_101456_800x480-450x270.jpg 450w\" data-sizes=\"(max-width: 800px) 100vw, 800px\" data-rel='gallery-5' data-prev-img='https:\/\/www.europa-prefabri.com\/wp-content\/uploads\/20140430_101456_800x480-260x185.jpg' class='lightbox ' data-onclick='6' title='Vallas para eventos'  itemprop=\"thumbnailUrl\"  ><img decoding=\"async\" fetchpriority=\"high\" class=\"wp-image-25645 avia-img-lazy-loading-not-25645\"   src=\"https:\/\/www.europa-prefabri.com\/wp-content\/uploads\/20140430_101456_800x480-495x400.jpg\" width=\"495\" height=\"400\"  title='Vallas para eventos' alt='' \/><div class='big-prev-fake'><img decoding=\"async\" loading=\"lazy\" class=\"wp-image-25645 avia-img-lazy-loading-25645\"  width=\"260\" height=\"185\" src=\"https:\/\/www.europa-prefabri.com\/wp-content\/uploads\/20140430_101456_800x480-260x185.jpg\" title='Vallas para eventos' alt='' \/><\/div><\/a><\/div><\/div><br \/>\n\n<style type=\"text\/css\" data-created_by=\"avia_inline_auto\" id=\"style-css-av-av_heading-1bc88df1aac81ca118bd1c2d20e193a0\">\n#top .av-special-heading.av-av_heading-1bc88df1aac81ca118bd1c2d20e193a0{\npadding-bottom:10px;\n}\nbody .av-special-heading.av-av_heading-1bc88df1aac81ca118bd1c2d20e193a0 .av-special-heading-tag .heading-char{\nfont-size:25px;\n}\n.av-special-heading.av-av_heading-1bc88df1aac81ca118bd1c2d20e193a0 .av-subheading{\nfont-size:10px;\n}\n<\/style>\n<div  class='av-special-heading av-av_heading-1bc88df1aac81ca118bd1c2d20e193a0 av-special-heading-h3  avia-builder-el-17  el_after_av_gallery  el_before_av_textblock '><h3 class='av-special-heading-tag '  itemprop=\"headline\"  >\u00c9v\u00e8nements r\u00e9alis\u00e9s <\/h3><div class=\"special-heading-border\"><div class=\"special-heading-inner-border\"><\/div><\/div><\/div><br \/>\n<section  class='av_textblock_section av-av_textblock-2de302bf1aa3cf4c9157dbe6f50ac7eb '   itemscope=\"itemscope\" itemtype=\"https:\/\/schema.org\/CreativeWork\" ><div class='avia_textblock'  itemprop=\"text\" ><p>Nous disposons d\u2019une large exp\u00e9rience en ce qui concerne la r\u00e9alisation d\u2019\u00e9v\u00e8nements en tout genre:<\/p>\n<\/div><\/section><\/p><\/div>\n\n<style type=\"text\/css\" data-created_by=\"avia_inline_auto\" id=\"style-css-av-av_one_half-8bd53ee369ab583e108bb26df808e66d\">\n.flex_column.av-av_one_half-8bd53ee369ab583e108bb26df808e66d{\nborder-width:20px;\nborder-color:#003964;\nborder-style:solid;\nborder-radius:0px 0px 0px 0px;\npadding:0px 0px 0px 0px;\nbackground-color:#003964;\n}\n<\/style>\n<div  class='flex_column av-av_one_half-8bd53ee369ab583e108bb26df808e66d av_one_half  avia-builder-el-19  el_after_av_one_full  el_before_av_one_half  first flex_column_div av-zero-column-padding  column-top-margin'     ><p>\n<style type=\"text\/css\" data-created_by=\"avia_inline_auto\" id=\"style-css-av-av_heading-c18b076a17510a0e190a68a624453694\">\n#top .av-special-heading.av-av_heading-c18b076a17510a0e190a68a624453694{\npadding-bottom:10px;\ncolor:#ffffff;\n}\nbody .av-special-heading.av-av_heading-c18b076a17510a0e190a68a624453694 .av-special-heading-tag .heading-char{\nfont-size:25px;\n}\n.av-special-heading.av-av_heading-c18b076a17510a0e190a68a624453694 .special-heading-inner-border{\nborder-color:#ffffff;\n}\n.av-special-heading.av-av_heading-c18b076a17510a0e190a68a624453694 .av-subheading{\nfont-size:10px;\n}\n<\/style>\n<div  class='av-special-heading av-av_heading-c18b076a17510a0e190a68a624453694 av-special-heading-h4 custom-color-heading  avia-builder-el-20  el_before_av_hr  avia-builder-el-first '><h4 class='av-special-heading-tag '  itemprop=\"headline\"  >Concerts et festivals <\/h4><div class=\"special-heading-border\"><div class=\"special-heading-inner-border\"><\/div><\/div><\/div><br \/>\n\n<style type=\"text\/css\" data-created_by=\"avia_inline_auto\" id=\"style-css-av-av_hr-616cd310f4c6bf63bbd1f033802c1165\">\n#top .hr.hr-invisible.av-av_hr-616cd310f4c6bf63bbd1f033802c1165{\nheight:20px;\n}\n<\/style>\n<div  class='hr av-av_hr-616cd310f4c6bf63bbd1f033802c1165 hr-invisible  avia-builder-el-21  el_after_av_heading  el_before_av_textblock '><span class='hr-inner '><span class=\"hr-inner-style\"><\/span><\/span><\/div><br \/>\n<section  class='av_textblock_section av-av_textblock-2de302bf1aa3cf4c9157dbe6f50ac7eb '   itemscope=\"itemscope\" itemtype=\"https:\/\/schema.org\/CreativeWork\" ><div class='avia_textblock'  itemprop=\"text\" ><h4><span style=\"color: #ffffff;\"><strong>Vi\u00f1arock<\/strong><\/span><\/h4>\n<h4><span style=\"color: #ffffff;\">Ce festival de musique v\u00e9t\u00e9ran a lieu sans interruptions depuis 1996.<\/span><\/h4>\n<p><span style=\"color: #ffffff;\">Il compte parmi nos clients r\u00e9guliers, pour lequel nous avons travaill\u00e9 de nombreuses ann\u00e9es en fournissant tous types de produits selon leur besoin chaque ann\u00e9e. Parmi les produits fournis on compte\u00a0: des modules et stands pr\u00e9fabriqu\u00e9s pour diff\u00e9rents usages\u00a0: bureaux, guichets, service m\u00e9dical, poste de s\u00e9curit\u00e9, magasin, stands, loges, sanitaires et plusieurs kilom\u00e8tres de barri\u00e8res.<\/span><\/p>\n<h4><span style=\"color: #ffffff;\"><strong>Festival Dcode<\/strong><\/span><\/h4>\n<p><span style=\"color: #ffffff;\">Ce festival a lieu depuis 2011 au Campus de la Facult\u00e9 de Sciences et de l\u2019Information de l\u2019Universit\u00e9 Complutense de Madrid. Les organisateurs du festival ont compt\u00e9 sur nous pour plusieurs \u00e9ditions de ce festival, notamment pour l\u2019installation de modules comme bureaux temporaires, loges, sanitaires et salle de bain pr\u00e9fabriqu\u00e9e n\u00e9cessaire au bon d\u00e9roulement du festival.<\/span><\/p>\n<h4><span style=\"color: #ffffff;\"><strong>Rock in Rio<\/strong><\/span><\/h4>\n<p><span style=\"color: #ffffff;\">Nous avons particip\u00e9 \u00e0 plusieurs \u00e9ditions du Rock in Rio, plus commun\u00e9ment connu comme \u00abLe festival le plus grand du monde\u00a0\u00bb, tant pour les \u00e9ditions de Madrid que celles de Lisbonne.<\/span><\/p>\n<p><span style=\"color: #ffffff;\">Les organisateurs nous ont charg\u00e9s de la mise en place de bureaux temporaires, barri\u00e8res, conteneurs et toilettes mobiles.<\/span><\/p>\n<p><span style=\"color: #ffffff;\">De plus, nous avons install\u00e9 diverses constructions modulaires pour des kiosques, des stands publicitaires, des magasins, des bars, des modules sp\u00e9ciaux pour publicit\u00e9s, des guichets\u2026<\/span><\/p>\n<h4><span style=\"color: #ffffff;\"><strong>Starlite<\/strong><\/span><\/h4>\n<p><span style=\"color: #ffffff;\">Les organisateurs de ce grand \u00e9v\u00e8nement de musique, mode, cin\u00e9ma et art nous ont fait confiance plusieurs ann\u00e9es pour la fourniture de modules, de modules sp\u00e9ciaux, de conteneurs transform\u00e9s en kiosque-restaurant, sanitaires mobiles et barri\u00e8res n\u00e9cessaires au festival.<\/span><\/p>\n<p><span style=\"color: #ffffff;\">Nous avons \u00e9galement install\u00e9 des loges temporaires pour les artistes.<\/span><\/p>\n<h4><span style=\"color: #ffffff;\"><strong>MTV Day 2012<\/strong><\/span><\/h4>\n<p><span style=\"color: #ffffff;\">Le concert a accueilli plus de 18.000 personnes. Nous leur avons fourni des modules pr\u00e9fabriqu\u00e9s pour diff\u00e9rents usages, sanitaires et barri\u00e8res.<\/span><\/p>\n<div class=\"entry-content\"><\/div>\n<footer class=\"entry-footer\"><\/footer>\n<\/div><\/section><br \/>\n\n<style type=\"text\/css\" data-created_by=\"avia_inline_auto\" id=\"style-css-av-av_hr-616cd310f4c6bf63bbd1f033802c1165\">\n#top .hr.hr-invisible.av-av_hr-616cd310f4c6bf63bbd1f033802c1165{\nheight:20px;\n}\n<\/style>\n<div  class='hr av-av_hr-616cd310f4c6bf63bbd1f033802c1165 hr-invisible  avia-builder-el-23  el_after_av_textblock  avia-builder-el-last '><span class='hr-inner '><span class=\"hr-inner-style\"><\/span><\/span><\/div><\/p><\/div>\n<style type=\"text\/css\" data-created_by=\"avia_inline_auto\" id=\"style-css-av-av_one_half-05388a445525769e14f837dd4c834b0a\">\n.flex_column.av-av_one_half-05388a445525769e14f837dd4c834b0a{\nborder-width:20px;\nborder-color:#003964;\nborder-style:solid;\nborder-radius:0px 0px 0px 0px;\npadding:0px 0px 0px 0px;\nbackground-color:#003964;\n}\n<\/style>\n<div  class='flex_column av-av_one_half-05388a445525769e14f837dd4c834b0a av_one_half  avia-builder-el-24  el_after_av_one_half  el_before_av_one_full  flex_column_div av-zero-column-padding  column-top-margin'     ><p>\n<style type=\"text\/css\" data-created_by=\"avia_inline_auto\" id=\"style-css-av-av_heading-16025c759b8de054e3e9e91311ec1ff5\">\n#top .av-special-heading.av-av_heading-16025c759b8de054e3e9e91311ec1ff5{\npadding-bottom:10px;\ncolor:#ffffff;\n}\nbody .av-special-heading.av-av_heading-16025c759b8de054e3e9e91311ec1ff5 .av-special-heading-tag .heading-char{\nfont-size:25px;\n}\n.av-special-heading.av-av_heading-16025c759b8de054e3e9e91311ec1ff5 .special-heading-inner-border{\nborder-color:#ffffff;\n}\n.av-special-heading.av-av_heading-16025c759b8de054e3e9e91311ec1ff5 .av-subheading{\nfont-size:10px;\n}\n<\/style>\n<div  class='av-special-heading av-av_heading-16025c759b8de054e3e9e91311ec1ff5 av-special-heading-h4 custom-color-heading  avia-builder-el-25  el_before_av_hr  avia-builder-el-first '><h4 class='av-special-heading-tag '  itemprop=\"headline\"  >Ev\u00e8nements cin\u00e9philes <\/h4><div class=\"special-heading-border\"><div class=\"special-heading-inner-border\"><\/div><\/div><\/div><br \/>\n\n<style type=\"text\/css\" data-created_by=\"avia_inline_auto\" id=\"style-css-av-av_hr-616cd310f4c6bf63bbd1f033802c1165\">\n#top .hr.hr-invisible.av-av_hr-616cd310f4c6bf63bbd1f033802c1165{\nheight:20px;\n}\n<\/style>\n<div  class='hr av-av_hr-616cd310f4c6bf63bbd1f033802c1165 hr-invisible  avia-builder-el-26  el_after_av_heading  el_before_av_textblock '><span class='hr-inner '><span class=\"hr-inner-style\"><\/span><\/span><\/div><br \/>\n<section  class='av_textblock_section av-av_textblock-2de302bf1aa3cf4c9157dbe6f50ac7eb '   itemscope=\"itemscope\" itemtype=\"https:\/\/schema.org\/CreativeWork\" ><div class='avia_textblock'  itemprop=\"text\" ><h4><span style=\"color: #ffffff;\"><strong>Festival de M\u00e1laga de 2013<\/strong><\/span><\/h4>\n<p><span style=\"color: #ffffff;\">Les organisateurs nous ont confi\u00e9 l\u2019installation d\u2019un grand nombre de modules pr\u00e9fabriqu\u00e9s qui ont \u00e9t\u00e9 modifi\u00e9s pour l\u2019occasion sous forme de magasins, stands publicitaires, cafeterias, librairies \u2026<\/span><\/p>\n<h4><span style=\"color: #ffffff;\"><strong>Open Star<\/strong><\/span><\/h4>\n<p><span style=\"color: #ffffff;\">Les organisateurs de l\u2019\u00e9v\u00e8nement nous ont confi\u00e9 une fois de plus l\u2019installation de sanitaires mobiles, le cloisonnement du site ainsi que l\u2019installation de guichets, bureaux de productions, toilettes \u2026 tout le n\u00e9cessaire pour le bon d\u00e9roulement de ce grand \u00e9v\u00e8nement<\/span><\/p>\n<p><span style=\"color: #ffffff;\">Un grand \u00e9v\u00e8nement prenant place au sein des parcs les plus exclusifs tels que Zurich, Dusseldorf, Lisbonne, Sidney, Duba\u00ef, Rio de Janeiro, Santiago de Chile et qui s\u2019est transform\u00e9 en un point de r\u00e9f\u00e9rence pour les nuits d\u2019\u00e9t\u00e9 madril\u00e8nes. Europa Prefabri a particip\u00e9 \u00e0 toutes les \u00e9ditions.<\/span><\/p>\n<h4><span style=\"color: #ffffff;\"><strong>Open Air<\/strong><\/span><\/h4>\n<p><span style=\"color: #ffffff;\">La reconversion du parc Tierno Galv\u00e1n en grand cin\u00e9ma de plein air avec un grand \u00e9cran de presque 300 m2 afin de pouvoir profiter pleinement de celui-ci depuis son transat en ext\u00e9rieur. En plus de surprendre de par sa taille exceptionnelle, l\u2019\u00e9cran dispose de la derni\u00e8re technologie sonore, permettant d\u2019\u00e9couter les films avec la m\u00eame qualit\u00e9 de son qu\u2019un concert de rock.<\/span><\/p>\n<p><span style=\"color: #ffffff;\">Nous leur avons fourni des modules, des cabines, des sanitaires et des barri\u00e8res de protection.<\/span><\/p>\n<h4><span style=\"color: #ffffff;\"><strong>Salons et f\u00eates r\u00e9gionales<\/strong><\/span><\/h4>\n<p><span style=\"color: #ffffff;\">Nous avons fourni des modules pr\u00e9fabriqu\u00e9s, des cabines, des sanitaires portables de diverses caract\u00e9ristiques et des loges \u00e0 beaucoup de salons et de f\u00eates locales espagnoles telles que : la Feria de Malaga, les f\u00eates de Madrid, de Las Rozas, de Majadahonda, de Navacerrada, de El Viso, de Carranque, de El Soto del Real, de Galapagar, d\u2019Humanes \u2026.<\/span><\/p>\n<p><span style=\"color: #ffffff;\">En ce qui concerne les f\u00eates et ferias, nous avons travaill\u00e9 avec les communes ainsi qu\u2019avec les diff\u00e9rentes associations.<\/span><\/p>\n<h4><span style=\"color: #ffffff;\"><strong>\u00c9v\u00e8nements religieux<\/strong><\/span><\/h4>\n<p><span style=\"color: #ffffff;\">Au cours des Journ\u00e9es Mondiales de la Jeunesse (JMJ) de 2011, nous avons fourni un grand nombre de sanitaires mobiles et de barri\u00e8res pour faciliter le bon d\u00e9roulement de l\u2019\u00e9v\u00e8nement.<\/span><\/p>\n<\/div><\/section><\/p><\/div>\n<style type=\"text\/css\" data-created_by=\"avia_inline_auto\" id=\"style-css-av-av_one_full-8bd53ee369ab583e108bb26df808e66d\">\n.flex_column.av-av_one_full-8bd53ee369ab583e108bb26df808e66d{\nborder-width:20px;\nborder-color:#003964;\nborder-style:solid;\nborder-radius:0px 0px 0px 0px;\npadding:0px 0px 0px 0px;\nbackground-color:#003964;\n}\n<\/style>\n<div  class='flex_column av-av_one_full-8bd53ee369ab583e108bb26df808e66d av_one_full  avia-builder-el-28  el_after_av_one_half  avia-builder-el-last  first flex_column_div av-zero-column-padding  column-top-margin'     ><p>\n<style type=\"text\/css\" data-created_by=\"avia_inline_auto\" id=\"style-css-av-av_heading-9d4459bfd63267ee36af84f602571c3d\">\n#top .av-special-heading.av-av_heading-9d4459bfd63267ee36af84f602571c3d{\npadding-bottom:10px;\ncolor:#ffffff;\n}\nbody .av-special-heading.av-av_heading-9d4459bfd63267ee36af84f602571c3d .av-special-heading-tag .heading-char{\nfont-size:25px;\n}\n.av-special-heading.av-av_heading-9d4459bfd63267ee36af84f602571c3d .special-heading-inner-border{\nborder-color:#ffffff;\n}\n.av-special-heading.av-av_heading-9d4459bfd63267ee36af84f602571c3d .av-subheading{\nfont-size:10px;\n}\n<\/style>\n<div  class='av-special-heading av-av_heading-9d4459bfd63267ee36af84f602571c3d av-special-heading-h4 custom-color-heading  avia-builder-el-29  el_before_av_hr  avia-builder-el-first '><h4 class='av-special-heading-tag '  itemprop=\"headline\"  >\u00c9v\u00e8nements sportifs<\/h4><div class=\"special-heading-border\"><div class=\"special-heading-inner-border\"><\/div><\/div><\/div><br \/>\n\n<style type=\"text\/css\" data-created_by=\"avia_inline_auto\" id=\"style-css-av-av_hr-616cd310f4c6bf63bbd1f033802c1165\">\n#top .hr.hr-invisible.av-av_hr-616cd310f4c6bf63bbd1f033802c1165{\nheight:20px;\n}\n<\/style>\n<div  class='hr av-av_hr-616cd310f4c6bf63bbd1f033802c1165 hr-invisible  avia-builder-el-30  el_after_av_heading  el_before_av_textblock '><span class='hr-inner '><span class=\"hr-inner-style\"><\/span><\/span><\/div><br \/>\n<section  class='av_textblock_section av-av_textblock-2de302bf1aa3cf4c9157dbe6f50ac7eb '   itemscope=\"itemscope\" itemtype=\"https:\/\/schema.org\/CreativeWork\" ><div class='avia_textblock'  itemprop=\"text\" ><h4><span style=\"color: #ffffff;\"><strong>Finale de la Ligue des Champions 2009\/2010<\/strong><\/span><\/h4>\n<p><span style=\"color: #ffffff;\">Les organisateurs de la finale de la Ligue des Champions, qui a eu lieu \u00e0 Madrid en 2009\/2010, o\u00f9 ont jou\u00e9 l\u2019Inter de Milan et le Bayern de Munich, ont requis nos services afin de leur fournir des modules pr\u00e9fabriqu\u00e9s et les barri\u00e8res de s\u00e9curit\u00e9.<\/span><\/p>\n<h4><span style=\"color: #ffffff;\"><strong>Open d\u2019Andalousie<\/strong><\/span><\/h4>\n<p><span style=\"color: #ffffff;\">Au cours de l\u2019\u00e9dition 2009 de l\u2019Open d\u2019Andalousie, nous avons fourni des sanitaires standards ainsi que des sanitaires de luxe.<\/span><\/p>\n<h4><span style=\"color: #ffffff;\"><strong>Campagne publicitaire Toro Rosso<\/strong><\/span><\/h4>\n<p><span style=\"color: #ffffff;\">Nous avons fabriqu\u00e9 et install\u00e9 dans une station-service proche de Madrid un ensemble modulaire vitrifi\u00e9, form\u00e9 par plusieurs modules pour une importante agence publicitaire comme base de campagne publicitaire pour promouvoir les sponsors de l\u2019\u00e9curie F1 de Toro Rosso.<\/span><\/p>\n<h4><span style=\"color: #ffffff;\"><strong>Mutua Madrid Open Masters 1000<\/strong><\/span><\/h4>\n<p><span style=\"color: #ffffff;\">Pour le plus important tournoi de tennis espagnol, les organisateurs des derni\u00e8res \u00e9ditions ont compt\u00e9 sur nous pour la fourniture de modules sous forme de guichets aux couleurs de l\u2019\u00e9v\u00e8nement, ainsi que d\u2019autres modules servant de bureaux pour les soci\u00e9t\u00e9s partenaires du tournoi.<\/span><\/p>\n<\/div><\/section><\/p><\/div><\/p>\n","protected":false},"excerpt":{"rendered":"","protected":false},"author":4,"featured_media":0,"parent":0,"menu_order":3,"comment_status":"closed","ping_status":"closed","template":"","meta":{"footnotes":""},"class_list":["post-29696","page","type-page","status-publish","hentry"],"yoast_head":"<!-- This site is optimized with the Yoast SEO plugin v27.5 - https:\/\/yoast.com\/product\/yoast-seo-wordpress\/ -->\n<title>Productos de construcci\u00f3n modular prefabricada - Europa Prefabri<\/title>\n<meta name=\"description\" content=\"Europa Prefabri ha estado presente con su fabricaci\u00f3n, distribuci\u00f3n y montaje de productos en multitud de eventos de todo tipo.\" \/>\n<meta name=\"robots\" content=\"index, follow, max-snippet:-1, max-image-preview:large, max-video-preview:-1\" \/>\n<link rel=\"canonical\" href=\"https:\/\/www.europa-prefabri.com\/fr\/eventos\/\" \/>\n<meta property=\"og:locale\" content=\"fr_FR\" \/>\n<meta property=\"og:type\" content=\"article\" \/>\n<meta property=\"og:title\" content=\"Productos de construcci\u00f3n modular prefabricada - Europa Prefabri\" \/>\n<meta property=\"og:description\" content=\"Europa Prefabri ha estado presente con su fabricaci\u00f3n, distribuci\u00f3n y montaje de productos en multitud de eventos de todo tipo.\" \/>\n<meta property=\"og:url\" content=\"https:\/\/www.europa-prefabri.com\/fr\/eventos\/\" \/>\n<meta property=\"og:site_name\" content=\"Europa Prefabri | Alquiler y venta de construcciones modulares\" \/>\n<meta property=\"article:publisher\" content=\"https:\/\/www.facebook.com\/Europa-Prefabri-258328977572213\/\" \/>\n<meta property=\"article:modified_time\" content=\"2021-06-14T08:57:39+00:00\" \/>\n<meta name=\"twitter:card\" content=\"summary_large_image\" \/>\n<meta name=\"twitter:site\" content=\"@EuropaPrefabri\" \/>\n<meta name=\"twitter:label1\" content=\"Est. reading time\" \/>\n\t<meta name=\"twitter:data1\" content=\"8 minutes\" \/>\n<script type=\"application\/ld+json\" class=\"yoast-schema-graph\">{\"@context\":\"https:\\\/\\\/schema.org\",\"@graph\":[{\"@type\":\"WebPage\",\"@id\":\"https:\\\/\\\/www.europa-prefabri.com\\\/fr\\\/eventos\\\/\",\"url\":\"https:\\\/\\\/www.europa-prefabri.com\\\/fr\\\/eventos\\\/\",\"name\":\"Productos de construcci\u00f3n modular prefabricada - Europa Prefabri\",\"isPartOf\":{\"@id\":\"https:\\\/\\\/www.europa-prefabri.com\\\/#website\"},\"datePublished\":\"2021-06-14T08:27:47+00:00\",\"dateModified\":\"2021-06-14T08:57:39+00:00\",\"description\":\"Europa Prefabri ha estado presente con su fabricaci\u00f3n, distribuci\u00f3n y montaje de productos en multitud de eventos de todo tipo.\",\"breadcrumb\":{\"@id\":\"https:\\\/\\\/www.europa-prefabri.com\\\/fr\\\/eventos\\\/#breadcrumb\"},\"inLanguage\":\"fr-FR\",\"potentialAction\":[{\"@type\":\"ReadAction\",\"target\":[\"https:\\\/\\\/www.europa-prefabri.com\\\/fr\\\/eventos\\\/\"]}]},{\"@type\":\"BreadcrumbList\",\"@id\":\"https:\\\/\\\/www.europa-prefabri.com\\\/fr\\\/eventos\\\/#breadcrumb\",\"itemListElement\":[{\"@type\":\"ListItem\",\"position\":1,\"name\":\"Portada\",\"item\":\"https:\\\/\\\/www.europa-prefabri.com\\\/fr\\\/\"},{\"@type\":\"ListItem\",\"position\":2,\"name\":\"\u00c9v\u00e8nements\"}]},{\"@type\":\"WebSite\",\"@id\":\"https:\\\/\\\/www.europa-prefabri.com\\\/#website\",\"url\":\"https:\\\/\\\/www.europa-prefabri.com\\\/\",\"name\":\"Europa Prefabri | Alquiler y venta de construcciones modulares\",\"description\":\"Alquiler y venta de construcciones modulares, casetas de obra, marquesinas de aparcamiento y vallas y cerramientos.\",\"publisher\":{\"@id\":\"https:\\\/\\\/www.europa-prefabri.com\\\/#organization\"},\"potentialAction\":[{\"@type\":\"SearchAction\",\"target\":{\"@type\":\"EntryPoint\",\"urlTemplate\":\"https:\\\/\\\/www.europa-prefabri.com\\\/?s={search_term_string}\"},\"query-input\":{\"@type\":\"PropertyValueSpecification\",\"valueRequired\":true,\"valueName\":\"search_term_string\"}}],\"inLanguage\":\"fr-FR\"},{\"@type\":\"Organization\",\"@id\":\"https:\\\/\\\/www.europa-prefabri.com\\\/#organization\",\"name\":\"Prefabri S.L.\",\"url\":\"https:\\\/\\\/www.europa-prefabri.com\\\/\",\"logo\":{\"@type\":\"ImageObject\",\"inLanguage\":\"fr-FR\",\"@id\":\"https:\\\/\\\/www.europa-prefabri.com\\\/#\\\/schema\\\/logo\\\/image\\\/\",\"url\":\"https:\\\/\\\/www.europa-prefabri.com\\\/wp-content\\\/uploads\\\/EuropaPrefabri-Logo.jpg\",\"contentUrl\":\"https:\\\/\\\/www.europa-prefabri.com\\\/wp-content\\\/uploads\\\/EuropaPrefabri-Logo.jpg\",\"width\":752,\"height\":348,\"caption\":\"Prefabri S.L.\"},\"image\":{\"@id\":\"https:\\\/\\\/www.europa-prefabri.com\\\/#\\\/schema\\\/logo\\\/image\\\/\"},\"sameAs\":[\"https:\\\/\\\/www.facebook.com\\\/Europa-Prefabri-258328977572213\\\/\",\"https:\\\/\\\/x.com\\\/EuropaPrefabri\",\"https:\\\/\\\/www.instagram.com\\\/europaprefabri\\\/\",\"https:\\\/\\\/es.linkedin.com\\\/company\\\/europa-prefabri\",\"https:\\\/\\\/es.pinterest.com\\\/europaprefabri\\\/\",\"https:\\\/\\\/www.youtube.com\\\/user\\\/PrefabriSL\"]}]}<\/script>\n<!-- \/ Yoast SEO plugin. -->","yoast_head_json":{"title":"Productos de construcci\u00f3n modular prefabricada - Europa Prefabri","description":"Europa Prefabri ha estado presente con su fabricaci\u00f3n, distribuci\u00f3n y montaje de productos en multitud de eventos de todo tipo.","robots":{"index":"index","follow":"follow","max-snippet":"max-snippet:-1","max-image-preview":"max-image-preview:large","max-video-preview":"max-video-preview:-1"},"canonical":"https:\/\/www.europa-prefabri.com\/fr\/eventos\/","og_locale":"fr_FR","og_type":"article","og_title":"Productos de construcci\u00f3n modular prefabricada - Europa Prefabri","og_description":"Europa Prefabri ha estado presente con su fabricaci\u00f3n, distribuci\u00f3n y montaje de productos en multitud de eventos de todo tipo.","og_url":"https:\/\/www.europa-prefabri.com\/fr\/eventos\/","og_site_name":"Europa Prefabri | Alquiler y venta de construcciones modulares","article_publisher":"https:\/\/www.facebook.com\/Europa-Prefabri-258328977572213\/","article_modified_time":"2021-06-14T08:57:39+00:00","twitter_card":"summary_large_image","twitter_site":"@EuropaPrefabri","twitter_misc":{"Est. reading time":"8 minutes"},"schema":{"@context":"https:\/\/schema.org","@graph":[{"@type":"WebPage","@id":"https:\/\/www.europa-prefabri.com\/fr\/eventos\/","url":"https:\/\/www.europa-prefabri.com\/fr\/eventos\/","name":"Productos de construcci\u00f3n modular prefabricada - Europa Prefabri","isPartOf":{"@id":"https:\/\/www.europa-prefabri.com\/#website"},"datePublished":"2021-06-14T08:27:47+00:00","dateModified":"2021-06-14T08:57:39+00:00","description":"Europa Prefabri ha estado presente con su fabricaci\u00f3n, distribuci\u00f3n y montaje de productos en multitud de eventos de todo tipo.","breadcrumb":{"@id":"https:\/\/www.europa-prefabri.com\/fr\/eventos\/#breadcrumb"},"inLanguage":"fr-FR","potentialAction":[{"@type":"ReadAction","target":["https:\/\/www.europa-prefabri.com\/fr\/eventos\/"]}]},{"@type":"BreadcrumbList","@id":"https:\/\/www.europa-prefabri.com\/fr\/eventos\/#breadcrumb","itemListElement":[{"@type":"ListItem","position":1,"name":"Portada","item":"https:\/\/www.europa-prefabri.com\/fr\/"},{"@type":"ListItem","position":2,"name":"\u00c9v\u00e8nements"}]},{"@type":"WebSite","@id":"https:\/\/www.europa-prefabri.com\/#website","url":"https:\/\/www.europa-prefabri.com\/","name":"Europa Prefabri | Alquiler y venta de construcciones modulares","description":"Alquiler y venta de construcciones modulares, casetas de obra, marquesinas de aparcamiento y vallas y cerramientos.","publisher":{"@id":"https:\/\/www.europa-prefabri.com\/#organization"},"potentialAction":[{"@type":"SearchAction","target":{"@type":"EntryPoint","urlTemplate":"https:\/\/www.europa-prefabri.com\/?s={search_term_string}"},"query-input":{"@type":"PropertyValueSpecification","valueRequired":true,"valueName":"search_term_string"}}],"inLanguage":"fr-FR"},{"@type":"Organization","@id":"https:\/\/www.europa-prefabri.com\/#organization","name":"Prefabri S.L.","url":"https:\/\/www.europa-prefabri.com\/","logo":{"@type":"ImageObject","inLanguage":"fr-FR","@id":"https:\/\/www.europa-prefabri.com\/#\/schema\/logo\/image\/","url":"https:\/\/www.europa-prefabri.com\/wp-content\/uploads\/EuropaPrefabri-Logo.jpg","contentUrl":"https:\/\/www.europa-prefabri.com\/wp-content\/uploads\/EuropaPrefabri-Logo.jpg","width":752,"height":348,"caption":"Prefabri S.L."},"image":{"@id":"https:\/\/www.europa-prefabri.com\/#\/schema\/logo\/image\/"},"sameAs":["https:\/\/www.facebook.com\/Europa-Prefabri-258328977572213\/","https:\/\/x.com\/EuropaPrefabri","https:\/\/www.instagram.com\/europaprefabri\/","https:\/\/es.linkedin.com\/company\/europa-prefabri","https:\/\/es.pinterest.com\/europaprefabri\/","https:\/\/www.youtube.com\/user\/PrefabriSL"]}]}},"_links":{"self":[{"href":"https:\/\/www.europa-prefabri.com\/fr\/wp-json\/wp\/v2\/pages\/29696","targetHints":{"allow":["GET"]}}],"collection":[{"href":"https:\/\/www.europa-prefabri.com\/fr\/wp-json\/wp\/v2\/pages"}],"about":[{"href":"https:\/\/www.europa-prefabri.com\/fr\/wp-json\/wp\/v2\/types\/page"}],"author":[{"embeddable":true,"href":"https:\/\/www.europa-prefabri.com\/fr\/wp-json\/wp\/v2\/users\/4"}],"replies":[{"embeddable":true,"href":"https:\/\/www.europa-prefabri.com\/fr\/wp-json\/wp\/v2\/comments?post=29696"}],"version-history":[{"count":0,"href":"https:\/\/www.europa-prefabri.com\/fr\/wp-json\/wp\/v2\/pages\/29696\/revisions"}],"wp:attachment":[{"href":"https:\/\/www.europa-prefabri.com\/fr\/wp-json\/wp\/v2\/media?parent=29696"}],"curies":[{"name":"wp","href":"https:\/\/api.w.org\/{rel}","templated":true}]}}