{"version":"1.0","provider_name":"Europa Prefabri | Alquiler y venta de construcciones modulares","provider_url":"https:\/\/www.europa-prefabri.com\/fr\/","title":"EUROPA PREFABRI - FOIRE DE M\u00c1LAGA","type":"rich","width":600,"height":338,"html":"<blockquote class=\"wp-embedded-content\" data-secret=\"Eu7qcjQwuQ\"><a href=\"https:\/\/www.europa-prefabri.com\/fr\/foire-malaga\/\">FOIRE DE M\u00c1LAGA<\/a><\/blockquote><iframe sandbox=\"allow-scripts\" security=\"restricted\" src=\"https:\/\/www.europa-prefabri.com\/fr\/foire-malaga\/embed\/#?secret=Eu7qcjQwuQ\" width=\"600\" height=\"338\" title=\"&#8220;FOIRE DE M\u00c1LAGA&#8221; &#8212; Europa Prefabri | Alquiler y venta de construcciones modulares\" data-secret=\"Eu7qcjQwuQ\" frameborder=\"0\" marginwidth=\"0\" marginheight=\"0\" scrolling=\"no\" class=\"wp-embedded-content\"><\/iframe><script type=\"text\/javascript\">\n\/* <![CDATA[ *\/\n\/*! This file is auto-generated *\/\n!function(d,l){\"use strict\";l.querySelector&&d.addEventListener&&\"undefined\"!=typeof URL&&(d.wp=d.wp||{},d.wp.receiveEmbedMessage||(d.wp.receiveEmbedMessage=function(e){var t=e.data;if((t||t.secret||t.message||t.value)&&!\/[^a-zA-Z0-9]\/.test(t.secret)){for(var s,r,n,a=l.querySelectorAll('iframe[data-secret=\"'+t.secret+'\"]'),o=l.querySelectorAll('blockquote[data-secret=\"'+t.secret+'\"]'),c=new RegExp(\"^https?:$\",\"i\"),i=0;i<o.length;i++)o[i].style.display=\"none\";for(i=0;i<a.length;i++)s=a[i],e.source===s.contentWindow&&(s.removeAttribute(\"style\"),\"height\"===t.message?(1e3<(r=parseInt(t.value,10))?r=1e3:~~r<200&&(r=200),s.height=r):\"link\"===t.message&&(r=new URL(s.getAttribute(\"src\")),n=new URL(t.value),c.test(n.protocol))&&n.host===r.host&&l.activeElement===s&&(d.top.location.href=t.value))}},d.addEventListener(\"message\",d.wp.receiveEmbedMessage,!1),l.addEventListener(\"DOMContentLoaded\",function(){for(var e,t,s=l.querySelectorAll(\"iframe.wp-embedded-content\"),r=0;r<s.length;r++)(t=(e=s[r]).getAttribute(\"data-secret\"))||(t=Math.random().toString(36).substring(2,12),e.src+=\"#?secret=\"+t,e.setAttribute(\"data-secret\",t)),e.contentWindow.postMessage({message:\"ready\",secret:t},\"*\")},!1)))}(window,document);\n\/* ]]> *\/\n<\/script>\n","thumbnail_url":"https:\/\/www.europa-prefabri.com\/wp-content\/uploads\/10-Copy.jpg","thumbnail_width":800,"thumbnail_height":600,"description":"EUROPA PREFABRI a \u00e9t\u00e9 charg\u00e9 de fournir et monter plus de 40 stands pr\u00e9fabriqu\u00e9s destin\u00e9s \u00e0 diverses applications pour la Foire de M\u00e1laga 2015, Espagne. Une fois de plus, nous avons d\u00e9montr\u00e9 notre capacit\u00e9 logistique pour la location de constructions temporaires pour les grands \u00e9v\u00e8nements."}