{"version":"1.0","provider_name":"Europa Prefabri | Alquiler y venta de construcciones modulares","provider_url":"https:\/\/www.europa-prefabri.com\/fr\/","title":"Abris parking supermarch\u00e9 \u00e0 Alcorc\u00f3n | ET Europa","type":"rich","width":600,"height":338,"html":"<blockquote class=\"wp-embedded-content\" data-secret=\"kBgwHu9aGo\"><a href=\"https:\/\/www.europa-prefabri.com\/fr\/abris-parking-supermarche-pour-centre-commercial\/\">Abris de parking pour un Centre Commercial \u00e0 Alcorc\u00f3n | ET Europa<\/a><\/blockquote><iframe sandbox=\"allow-scripts\" security=\"restricted\" src=\"https:\/\/www.europa-prefabri.com\/fr\/abris-parking-supermarche-pour-centre-commercial\/embed\/#?secret=kBgwHu9aGo\" width=\"600\" height=\"338\" title=\"&#8220;Abris de parking pour un Centre Commercial \u00e0 Alcorc\u00f3n | ET Europa&#8221; &#8212; Europa Prefabri | Alquiler y venta de construcciones modulares\" data-secret=\"kBgwHu9aGo\" frameborder=\"0\" marginwidth=\"0\" marginheight=\"0\" scrolling=\"no\" class=\"wp-embedded-content\"><\/iframe><script type=\"text\/javascript\">\n\/* <![CDATA[ *\/\n\/*! This file is auto-generated *\/\n!function(d,l){\"use strict\";l.querySelector&&d.addEventListener&&\"undefined\"!=typeof URL&&(d.wp=d.wp||{},d.wp.receiveEmbedMessage||(d.wp.receiveEmbedMessage=function(e){var t=e.data;if((t||t.secret||t.message||t.value)&&!\/[^a-zA-Z0-9]\/.test(t.secret)){for(var s,r,n,a=l.querySelectorAll('iframe[data-secret=\"'+t.secret+'\"]'),o=l.querySelectorAll('blockquote[data-secret=\"'+t.secret+'\"]'),c=new RegExp(\"^https?:$\",\"i\"),i=0;i<o.length;i++)o[i].style.display=\"none\";for(i=0;i<a.length;i++)s=a[i],e.source===s.contentWindow&&(s.removeAttribute(\"style\"),\"height\"===t.message?(1e3<(r=parseInt(t.value,10))?r=1e3:~~r<200&&(r=200),s.height=r):\"link\"===t.message&&(r=new URL(s.getAttribute(\"src\")),n=new URL(t.value),c.test(n.protocol))&&n.host===r.host&&l.activeElement===s&&(d.top.location.href=t.value))}},d.addEventListener(\"message\",d.wp.receiveEmbedMessage,!1),l.addEventListener(\"DOMContentLoaded\",function(){for(var e,t,s=l.querySelectorAll(\"iframe.wp-embedded-content\"),r=0;r<s.length;r++)(t=(e=s[r]).getAttribute(\"data-secret\"))||(t=Math.random().toString(36).substring(2,12),e.src+=\"#?secret=\"+t,e.setAttribute(\"data-secret\",t)),e.contentWindow.postMessage({message:\"ready\",secret:t},\"*\")},!1)))}(window,document);\n\/* ]]> *\/\n<\/script>\n","thumbnail_url":"https:\/\/www.europa-prefabri.com\/wp-content\/uploads\/marquesinas-de-parking-para-un-centro-comercial-en-alcorcon-04.jpg","thumbnail_width":800,"thumbnail_height":600,"description":"Nous avons r\u00e9alis\u00e9 la conception, la fabrication et le montage d\u2019un nouveau projet d\u2019 abris parking supermarch\u00e9 pour un Centre Commercial \u00e0 Alcorc\u00f3n (Madrid). En cette occasion nous avons install\u00e9 un total de 100 places des abris de parking."}