{"id":9609,"date":"2016-03-21T16:00:13","date_gmt":"2016-03-21T16:00:13","guid":{"rendered":"http:\/\/www.europa-prefabri.com\/de\/?post_type=portfolio&#038;p=9609"},"modified":"2019-05-09T12:21:00","modified_gmt":"2019-05-09T10:21:00","slug":"parkplatzueberdachungen","status":"publish","type":"portfolio","link":"https:\/\/www.europa-prefabri.com\/de\/portfolio-item\/parkplatzueberdachungen\/","title":{"rendered":"Parkplatz\u00fcberdachungen"},"content":{"rendered":"<div  class='flex_column av-av_two_third-2a9015ff38129c418a3f2eafba3e9512 av_two_third  avia-builder-el-0  el_before_av_one_third  avia-builder-el-first  first flex_column_div  '     ><style type=\"text\/css\" data-created_by=\"avia_inline_auto\" id=\"style-css-av-av_gallery-a984eb8e587257bc237fde191649c4e3\">\n#top .avia-gallery.av-av_gallery-a984eb8e587257bc237fde191649c4e3 .avia-gallery-thumb a{\nwidth:8.3333%;\n}\n<\/style>\n<div  class='avia-gallery av-av_gallery-a984eb8e587257bc237fde191649c4e3 avia_animate_when_visible  avia-builder-el-1  avia-builder-el-no-sibling  avia_lazyload av-slideshow-ui av-loop-manual-endless av-control-hidden av-navigate-arrows av-navigate-dots hover-effect av-control-hidden avia-gallery-animate avia-gallery-1'  itemprop=\"image\" itemscope=\"itemscope\" itemtype=\"https:\/\/schema.org\/ImageObject\" ><meta itemprop=\"contentURL\" content=\"https:\/\/www.europa-prefabri.com\/de\/portfolio-item\/parkplatzueberdachungen\/\"><div class='avia-gallery-big-wrapper'><a class='avia-gallery-big fakeLightbox lightbox avia-gallery-big-crop-thumb ' href=\"https:\/\/www.europa-prefabri.com\/wp-content\/uploads\/6-Marquesina-parking-IPE.jpg\" data-srcset=\"https:\/\/www.europa-prefabri.com\/wp-content\/uploads\/6-Marquesina-parking-IPE.jpg 710w, https:\/\/www.europa-prefabri.com\/wp-content\/uploads\/6-Marquesina-parking-IPE-300x242.jpg 300w, https:\/\/www.europa-prefabri.com\/wp-content\/uploads\/6-Marquesina-parking-IPE-495x400.jpg 495w, https:\/\/www.europa-prefabri.com\/wp-content\/uploads\/6-Marquesina-parking-IPE-450x364.jpg 450w\" data-sizes=\"(max-width: 710px) 100vw, 710px\"  data-onclick='1' title='6-Marquesina-parking-IPE' ><span class='avia-gallery-big-inner'  itemprop=\"thumbnailUrl\" ><img decoding=\"async\" fetchpriority=\"high\" class=\"wp-image-10466 avia-img-lazy-loading-not-10466\"  width=\"710\" height=\"575\" src=\"https:\/\/www.europa-prefabri.com\/wp-content\/uploads\/6-Marquesina-parking-IPE.jpg\" title='6-Marquesina-parking-IPE' alt='' srcset=\"https:\/\/www.europa-prefabri.com\/wp-content\/uploads\/6-Marquesina-parking-IPE.jpg 710w, https:\/\/www.europa-prefabri.com\/wp-content\/uploads\/6-Marquesina-parking-IPE-300x242.jpg 300w, https:\/\/www.europa-prefabri.com\/wp-content\/uploads\/6-Marquesina-parking-IPE-495x400.jpg 495w, https:\/\/www.europa-prefabri.com\/wp-content\/uploads\/6-Marquesina-parking-IPE-450x364.jpg 450w\" sizes=\"(max-width: 710px) 100vw, 710px\" \/><\/span><\/a><\/div><div class='avia-gallery-thumb'><a href=\"https:\/\/www.europa-prefabri.com\/wp-content\/uploads\/6-Marquesina-parking-IPE.jpg\" data-srcset=\"https:\/\/www.europa-prefabri.com\/wp-content\/uploads\/6-Marquesina-parking-IPE.jpg 710w, https:\/\/www.europa-prefabri.com\/wp-content\/uploads\/6-Marquesina-parking-IPE-300x242.jpg 300w, https:\/\/www.europa-prefabri.com\/wp-content\/uploads\/6-Marquesina-parking-IPE-495x400.jpg 495w, https:\/\/www.europa-prefabri.com\/wp-content\/uploads\/6-Marquesina-parking-IPE-450x364.jpg 450w\" data-sizes=\"(max-width: 710px) 100vw, 710px\" data-rel='gallery-1' data-prev-img='https:\/\/www.europa-prefabri.com\/wp-content\/uploads\/6-Marquesina-parking-IPE.jpg' class='first_thumb lightbox ' data-onclick='1' title='6-Marquesina-parking-IPE'  itemprop=\"thumbnailUrl\"  ><img decoding=\"async\" fetchpriority=\"high\" class=\"wp-image-10466 avia-img-lazy-loading-not-10466\"   src=\"https:\/\/www.europa-prefabri.com\/wp-content\/uploads\/6-Marquesina-parking-IPE-495x400.jpg\" width=\"495\" height=\"400\"  title='6-Marquesina-parking-IPE' alt='' srcset=\"https:\/\/www.europa-prefabri.com\/wp-content\/uploads\/6-Marquesina-parking-IPE-495x400.jpg 495w, https:\/\/www.europa-prefabri.com\/wp-content\/uploads\/6-Marquesina-parking-IPE-300x242.jpg 300w, https:\/\/www.europa-prefabri.com\/wp-content\/uploads\/6-Marquesina-parking-IPE-450x364.jpg 450w, https:\/\/www.europa-prefabri.com\/wp-content\/uploads\/6-Marquesina-parking-IPE.jpg 710w\" sizes=\"(max-width: 495px) 100vw, 495px\" \/><div class='big-prev-fake'><img decoding=\"async\" loading=\"lazy\" class=\"wp-image-10466 avia-img-lazy-loading-10466\"  width=\"710\" height=\"575\" src=\"https:\/\/www.europa-prefabri.com\/wp-content\/uploads\/6-Marquesina-parking-IPE.jpg\" title='6-Marquesina-parking-IPE' alt='' srcset=\"https:\/\/www.europa-prefabri.com\/wp-content\/uploads\/6-Marquesina-parking-IPE.jpg 710w, https:\/\/www.europa-prefabri.com\/wp-content\/uploads\/6-Marquesina-parking-IPE-300x242.jpg 300w, https:\/\/www.europa-prefabri.com\/wp-content\/uploads\/6-Marquesina-parking-IPE-495x400.jpg 495w, https:\/\/www.europa-prefabri.com\/wp-content\/uploads\/6-Marquesina-parking-IPE-450x364.jpg 450w\" sizes=\"auto, (max-width: 710px) 100vw, 710px\" \/><\/div><\/a><a href=\"https:\/\/www.europa-prefabri.com\/wp-content\/uploads\/4-Marquesina-parking-Atirantado.jpg\" data-srcset=\"https:\/\/www.europa-prefabri.com\/wp-content\/uploads\/4-Marquesina-parking-Atirantado.jpg 710w, https:\/\/www.europa-prefabri.com\/wp-content\/uploads\/4-Marquesina-parking-Atirantado-300x243.jpg 300w, https:\/\/www.europa-prefabri.com\/wp-content\/uploads\/4-Marquesina-parking-Atirantado-495x400.jpg 495w, https:\/\/www.europa-prefabri.com\/wp-content\/uploads\/4-Marquesina-parking-Atirantado-705x571.jpg 705w, https:\/\/www.europa-prefabri.com\/wp-content\/uploads\/4-Marquesina-parking-Atirantado-450x364.jpg 450w\" data-sizes=\"(max-width: 710px) 100vw, 710px\" data-rel='gallery-1' data-prev-img='https:\/\/www.europa-prefabri.com\/wp-content\/uploads\/4-Marquesina-parking-Atirantado.jpg' class='lightbox ' data-onclick='2' title='Marquesina-parking-Atirantado'  itemprop=\"thumbnailUrl\"  ><img decoding=\"async\" fetchpriority=\"high\" class=\"wp-image-11811 avia-img-lazy-loading-not-11811\"   src=\"https:\/\/www.europa-prefabri.com\/wp-content\/uploads\/4-Marquesina-parking-Atirantado-495x400.jpg\" width=\"495\" height=\"400\"  title='Marquesina-parking-Atirantado' alt='' srcset=\"https:\/\/www.europa-prefabri.com\/wp-content\/uploads\/4-Marquesina-parking-Atirantado-495x400.jpg 495w, https:\/\/www.europa-prefabri.com\/wp-content\/uploads\/4-Marquesina-parking-Atirantado-300x243.jpg 300w, https:\/\/www.europa-prefabri.com\/wp-content\/uploads\/4-Marquesina-parking-Atirantado-705x571.jpg 705w, https:\/\/www.europa-prefabri.com\/wp-content\/uploads\/4-Marquesina-parking-Atirantado-450x364.jpg 450w, https:\/\/www.europa-prefabri.com\/wp-content\/uploads\/4-Marquesina-parking-Atirantado.jpg 710w\" sizes=\"(max-width: 495px) 100vw, 495px\" \/><div class='big-prev-fake'><img decoding=\"async\" loading=\"lazy\" class=\"wp-image-11811 avia-img-lazy-loading-11811\"  width=\"710\" height=\"575\" src=\"https:\/\/www.europa-prefabri.com\/wp-content\/uploads\/4-Marquesina-parking-Atirantado.jpg\" title='Marquesina-parking-Atirantado' alt='' srcset=\"https:\/\/www.europa-prefabri.com\/wp-content\/uploads\/4-Marquesina-parking-Atirantado.jpg 710w, https:\/\/www.europa-prefabri.com\/wp-content\/uploads\/4-Marquesina-parking-Atirantado-300x243.jpg 300w, https:\/\/www.europa-prefabri.com\/wp-content\/uploads\/4-Marquesina-parking-Atirantado-495x400.jpg 495w, https:\/\/www.europa-prefabri.com\/wp-content\/uploads\/4-Marquesina-parking-Atirantado-705x571.jpg 705w, https:\/\/www.europa-prefabri.com\/wp-content\/uploads\/4-Marquesina-parking-Atirantado-450x364.jpg 450w\" sizes=\"auto, (max-width: 710px) 100vw, 710px\" \/><\/div><\/a><a href=\"https:\/\/www.europa-prefabri.com\/wp-content\/uploads\/12.jpg\" data-srcset=\"https:\/\/www.europa-prefabri.com\/wp-content\/uploads\/12.jpg 710w, https:\/\/www.europa-prefabri.com\/wp-content\/uploads\/12-300x243.jpg 300w, https:\/\/www.europa-prefabri.com\/wp-content\/uploads\/12-495x400.jpg 495w, https:\/\/www.europa-prefabri.com\/wp-content\/uploads\/12-705x571.jpg 705w, https:\/\/www.europa-prefabri.com\/wp-content\/uploads\/12-450x364.jpg 450w\" data-sizes=\"(max-width: 710px) 100vw, 710px\" data-rel='gallery-1' data-prev-img='https:\/\/www.europa-prefabri.com\/wp-content\/uploads\/12.jpg' class='lightbox ' data-onclick='3' title='12'  itemprop=\"thumbnailUrl\"  ><img decoding=\"async\" fetchpriority=\"high\" class=\"wp-image-11799 avia-img-lazy-loading-not-11799\"   src=\"https:\/\/www.europa-prefabri.com\/wp-content\/uploads\/12-495x400.jpg\" width=\"495\" height=\"400\"  title='12' alt='' srcset=\"https:\/\/www.europa-prefabri.com\/wp-content\/uploads\/12-495x400.jpg 495w, https:\/\/www.europa-prefabri.com\/wp-content\/uploads\/12-300x243.jpg 300w, https:\/\/www.europa-prefabri.com\/wp-content\/uploads\/12-705x571.jpg 705w, https:\/\/www.europa-prefabri.com\/wp-content\/uploads\/12-450x364.jpg 450w, https:\/\/www.europa-prefabri.com\/wp-content\/uploads\/12.jpg 710w\" sizes=\"(max-width: 495px) 100vw, 495px\" \/><div class='big-prev-fake'><img decoding=\"async\" loading=\"lazy\" class=\"wp-image-11799 avia-img-lazy-loading-11799\"  width=\"710\" height=\"575\" src=\"https:\/\/www.europa-prefabri.com\/wp-content\/uploads\/12.jpg\" title='12' alt='' srcset=\"https:\/\/www.europa-prefabri.com\/wp-content\/uploads\/12.jpg 710w, https:\/\/www.europa-prefabri.com\/wp-content\/uploads\/12-300x243.jpg 300w, https:\/\/www.europa-prefabri.com\/wp-content\/uploads\/12-495x400.jpg 495w, https:\/\/www.europa-prefabri.com\/wp-content\/uploads\/12-705x571.jpg 705w, https:\/\/www.europa-prefabri.com\/wp-content\/uploads\/12-450x364.jpg 450w\" sizes=\"auto, (max-width: 710px) 100vw, 710px\" \/><\/div><\/a><a href=\"https:\/\/www.europa-prefabri.com\/wp-content\/uploads\/11.jpg\" data-srcset=\"https:\/\/www.europa-prefabri.com\/wp-content\/uploads\/11.jpg 710w, https:\/\/www.europa-prefabri.com\/wp-content\/uploads\/11-300x243.jpg 300w, https:\/\/www.europa-prefabri.com\/wp-content\/uploads\/11-495x400.jpg 495w, https:\/\/www.europa-prefabri.com\/wp-content\/uploads\/11-705x571.jpg 705w, https:\/\/www.europa-prefabri.com\/wp-content\/uploads\/11-450x364.jpg 450w\" data-sizes=\"(max-width: 710px) 100vw, 710px\" data-rel='gallery-1' data-prev-img='https:\/\/www.europa-prefabri.com\/wp-content\/uploads\/11.jpg' class='lightbox ' data-onclick='4' title='11'  itemprop=\"thumbnailUrl\"  ><img decoding=\"async\" fetchpriority=\"high\" class=\"wp-image-11908 avia-img-lazy-loading-not-11908\"   src=\"https:\/\/www.europa-prefabri.com\/wp-content\/uploads\/11-495x400.jpg\" width=\"495\" height=\"400\"  title='11' alt='' srcset=\"https:\/\/www.europa-prefabri.com\/wp-content\/uploads\/11-495x400.jpg 495w, https:\/\/www.europa-prefabri.com\/wp-content\/uploads\/11-300x243.jpg 300w, https:\/\/www.europa-prefabri.com\/wp-content\/uploads\/11-705x571.jpg 705w, https:\/\/www.europa-prefabri.com\/wp-content\/uploads\/11-450x364.jpg 450w, https:\/\/www.europa-prefabri.com\/wp-content\/uploads\/11.jpg 710w\" sizes=\"(max-width: 495px) 100vw, 495px\" \/><div class='big-prev-fake'><img decoding=\"async\" loading=\"lazy\" class=\"wp-image-11908 avia-img-lazy-loading-11908\"  width=\"710\" height=\"575\" src=\"https:\/\/www.europa-prefabri.com\/wp-content\/uploads\/11.jpg\" title='11' alt='' srcset=\"https:\/\/www.europa-prefabri.com\/wp-content\/uploads\/11.jpg 710w, https:\/\/www.europa-prefabri.com\/wp-content\/uploads\/11-300x243.jpg 300w, https:\/\/www.europa-prefabri.com\/wp-content\/uploads\/11-495x400.jpg 495w, https:\/\/www.europa-prefabri.com\/wp-content\/uploads\/11-705x571.jpg 705w, https:\/\/www.europa-prefabri.com\/wp-content\/uploads\/11-450x364.jpg 450w\" sizes=\"auto, (max-width: 710px) 100vw, 710px\" \/><\/div><\/a><a href=\"https:\/\/www.europa-prefabri.com\/wp-content\/uploads\/10.jpg\" data-srcset=\"https:\/\/www.europa-prefabri.com\/wp-content\/uploads\/10.jpg 710w, https:\/\/www.europa-prefabri.com\/wp-content\/uploads\/10-300x243.jpg 300w, https:\/\/www.europa-prefabri.com\/wp-content\/uploads\/10-495x400.jpg 495w, https:\/\/www.europa-prefabri.com\/wp-content\/uploads\/10-705x571.jpg 705w, https:\/\/www.europa-prefabri.com\/wp-content\/uploads\/10-450x364.jpg 450w\" data-sizes=\"(max-width: 710px) 100vw, 710px\" data-rel='gallery-1' data-prev-img='https:\/\/www.europa-prefabri.com\/wp-content\/uploads\/10.jpg' class='lightbox ' data-onclick='5' title='10'  itemprop=\"thumbnailUrl\"  ><img decoding=\"async\" fetchpriority=\"high\" class=\"wp-image-11907 avia-img-lazy-loading-not-11907\"   src=\"https:\/\/www.europa-prefabri.com\/wp-content\/uploads\/10-495x400.jpg\" width=\"495\" height=\"400\"  title='10' alt='' srcset=\"https:\/\/www.europa-prefabri.com\/wp-content\/uploads\/10-495x400.jpg 495w, https:\/\/www.europa-prefabri.com\/wp-content\/uploads\/10-300x243.jpg 300w, https:\/\/www.europa-prefabri.com\/wp-content\/uploads\/10-705x571.jpg 705w, https:\/\/www.europa-prefabri.com\/wp-content\/uploads\/10-450x364.jpg 450w, https:\/\/www.europa-prefabri.com\/wp-content\/uploads\/10.jpg 710w\" sizes=\"(max-width: 495px) 100vw, 495px\" \/><div class='big-prev-fake'><img decoding=\"async\" loading=\"lazy\" class=\"wp-image-11907 avia-img-lazy-loading-11907\"  width=\"710\" height=\"575\" src=\"https:\/\/www.europa-prefabri.com\/wp-content\/uploads\/10.jpg\" title='10' alt='' srcset=\"https:\/\/www.europa-prefabri.com\/wp-content\/uploads\/10.jpg 710w, https:\/\/www.europa-prefabri.com\/wp-content\/uploads\/10-300x243.jpg 300w, https:\/\/www.europa-prefabri.com\/wp-content\/uploads\/10-495x400.jpg 495w, https:\/\/www.europa-prefabri.com\/wp-content\/uploads\/10-705x571.jpg 705w, https:\/\/www.europa-prefabri.com\/wp-content\/uploads\/10-450x364.jpg 450w\" sizes=\"auto, (max-width: 710px) 100vw, 710px\" \/><\/div><\/a><a href=\"https:\/\/www.europa-prefabri.com\/wp-content\/uploads\/7-Marquesina-parking-fotovoltaico.jpg\" data-srcset=\"https:\/\/www.europa-prefabri.com\/wp-content\/uploads\/7-Marquesina-parking-fotovoltaico.jpg 710w, https:\/\/www.europa-prefabri.com\/wp-content\/uploads\/7-Marquesina-parking-fotovoltaico-300x243.jpg 300w, https:\/\/www.europa-prefabri.com\/wp-content\/uploads\/7-Marquesina-parking-fotovoltaico-495x400.jpg 495w, https:\/\/www.europa-prefabri.com\/wp-content\/uploads\/7-Marquesina-parking-fotovoltaico-705x571.jpg 705w, https:\/\/www.europa-prefabri.com\/wp-content\/uploads\/7-Marquesina-parking-fotovoltaico-450x364.jpg 450w\" data-sizes=\"(max-width: 710px) 100vw, 710px\" data-rel='gallery-1' data-prev-img='https:\/\/www.europa-prefabri.com\/wp-content\/uploads\/7-Marquesina-parking-fotovoltaico.jpg' class='lightbox ' data-onclick='6' title='7-Marquesina-parking-fotovoltaico'  itemprop=\"thumbnailUrl\"  ><img decoding=\"async\" fetchpriority=\"high\" class=\"wp-image-11904 avia-img-lazy-loading-not-11904\"   src=\"https:\/\/www.europa-prefabri.com\/wp-content\/uploads\/7-Marquesina-parking-fotovoltaico-495x400.jpg\" width=\"495\" height=\"400\"  title='7-Marquesina-parking-fotovoltaico' alt='' srcset=\"https:\/\/www.europa-prefabri.com\/wp-content\/uploads\/7-Marquesina-parking-fotovoltaico-495x400.jpg 495w, https:\/\/www.europa-prefabri.com\/wp-content\/uploads\/7-Marquesina-parking-fotovoltaico-300x243.jpg 300w, https:\/\/www.europa-prefabri.com\/wp-content\/uploads\/7-Marquesina-parking-fotovoltaico-705x571.jpg 705w, https:\/\/www.europa-prefabri.com\/wp-content\/uploads\/7-Marquesina-parking-fotovoltaico-450x364.jpg 450w, https:\/\/www.europa-prefabri.com\/wp-content\/uploads\/7-Marquesina-parking-fotovoltaico.jpg 710w\" sizes=\"(max-width: 495px) 100vw, 495px\" \/><div class='big-prev-fake'><img decoding=\"async\" loading=\"lazy\" class=\"wp-image-11904 avia-img-lazy-loading-11904\"  width=\"710\" height=\"575\" src=\"https:\/\/www.europa-prefabri.com\/wp-content\/uploads\/7-Marquesina-parking-fotovoltaico.jpg\" title='7-Marquesina-parking-fotovoltaico' alt='' srcset=\"https:\/\/www.europa-prefabri.com\/wp-content\/uploads\/7-Marquesina-parking-fotovoltaico.jpg 710w, https:\/\/www.europa-prefabri.com\/wp-content\/uploads\/7-Marquesina-parking-fotovoltaico-300x243.jpg 300w, https:\/\/www.europa-prefabri.com\/wp-content\/uploads\/7-Marquesina-parking-fotovoltaico-495x400.jpg 495w, https:\/\/www.europa-prefabri.com\/wp-content\/uploads\/7-Marquesina-parking-fotovoltaico-705x571.jpg 705w, https:\/\/www.europa-prefabri.com\/wp-content\/uploads\/7-Marquesina-parking-fotovoltaico-450x364.jpg 450w\" sizes=\"auto, (max-width: 710px) 100vw, 710px\" \/><\/div><\/a><a href=\"https:\/\/www.europa-prefabri.com\/wp-content\/uploads\/81.jpg\" data-srcset=\"https:\/\/www.europa-prefabri.com\/wp-content\/uploads\/81.jpg 710w, https:\/\/www.europa-prefabri.com\/wp-content\/uploads\/81-300x243.jpg 300w, https:\/\/www.europa-prefabri.com\/wp-content\/uploads\/81-495x400.jpg 495w, https:\/\/www.europa-prefabri.com\/wp-content\/uploads\/81-705x571.jpg 705w, https:\/\/www.europa-prefabri.com\/wp-content\/uploads\/81-450x364.jpg 450w\" data-sizes=\"(max-width: 710px) 100vw, 710px\" data-rel='gallery-1' data-prev-img='https:\/\/www.europa-prefabri.com\/wp-content\/uploads\/81.jpg' class='lightbox ' data-onclick='7' title='8'  itemprop=\"thumbnailUrl\"  ><img decoding=\"async\" fetchpriority=\"high\" class=\"wp-image-11905 avia-img-lazy-loading-not-11905\"   src=\"https:\/\/www.europa-prefabri.com\/wp-content\/uploads\/81-495x400.jpg\" width=\"495\" height=\"400\"  title='8' alt='' srcset=\"https:\/\/www.europa-prefabri.com\/wp-content\/uploads\/81-495x400.jpg 495w, https:\/\/www.europa-prefabri.com\/wp-content\/uploads\/81-300x243.jpg 300w, https:\/\/www.europa-prefabri.com\/wp-content\/uploads\/81-705x571.jpg 705w, https:\/\/www.europa-prefabri.com\/wp-content\/uploads\/81-450x364.jpg 450w, https:\/\/www.europa-prefabri.com\/wp-content\/uploads\/81.jpg 710w\" sizes=\"(max-width: 495px) 100vw, 495px\" \/><div class='big-prev-fake'><img decoding=\"async\" loading=\"lazy\" class=\"wp-image-11905 avia-img-lazy-loading-11905\"  width=\"710\" height=\"575\" src=\"https:\/\/www.europa-prefabri.com\/wp-content\/uploads\/81.jpg\" title='8' alt='' srcset=\"https:\/\/www.europa-prefabri.com\/wp-content\/uploads\/81.jpg 710w, https:\/\/www.europa-prefabri.com\/wp-content\/uploads\/81-300x243.jpg 300w, https:\/\/www.europa-prefabri.com\/wp-content\/uploads\/81-495x400.jpg 495w, https:\/\/www.europa-prefabri.com\/wp-content\/uploads\/81-705x571.jpg 705w, https:\/\/www.europa-prefabri.com\/wp-content\/uploads\/81-450x364.jpg 450w\" sizes=\"auto, (max-width: 710px) 100vw, 710px\" \/><\/div><\/a><a href=\"https:\/\/www.europa-prefabri.com\/wp-content\/uploads\/91.jpg\" data-srcset=\"https:\/\/www.europa-prefabri.com\/wp-content\/uploads\/91.jpg 710w, https:\/\/www.europa-prefabri.com\/wp-content\/uploads\/91-300x243.jpg 300w, https:\/\/www.europa-prefabri.com\/wp-content\/uploads\/91-495x400.jpg 495w, https:\/\/www.europa-prefabri.com\/wp-content\/uploads\/91-705x571.jpg 705w, https:\/\/www.europa-prefabri.com\/wp-content\/uploads\/91-450x364.jpg 450w\" data-sizes=\"(max-width: 710px) 100vw, 710px\" data-rel='gallery-1' data-prev-img='https:\/\/www.europa-prefabri.com\/wp-content\/uploads\/91.jpg' class='lightbox ' data-onclick='8' title='marquesina parking'  itemprop=\"thumbnailUrl\"  ><img decoding=\"async\" fetchpriority=\"high\" class=\"wp-image-11906 avia-img-lazy-loading-not-11906\"   src=\"https:\/\/www.europa-prefabri.com\/wp-content\/uploads\/91-495x400.jpg\" width=\"495\" height=\"400\"  title='marquesina parking' alt='' srcset=\"https:\/\/www.europa-prefabri.com\/wp-content\/uploads\/91-495x400.jpg 495w, https:\/\/www.europa-prefabri.com\/wp-content\/uploads\/91-300x243.jpg 300w, https:\/\/www.europa-prefabri.com\/wp-content\/uploads\/91-705x571.jpg 705w, https:\/\/www.europa-prefabri.com\/wp-content\/uploads\/91-450x364.jpg 450w, https:\/\/www.europa-prefabri.com\/wp-content\/uploads\/91.jpg 710w\" sizes=\"(max-width: 495px) 100vw, 495px\" \/><div class='big-prev-fake'><img decoding=\"async\" loading=\"lazy\" class=\"wp-image-11906 avia-img-lazy-loading-11906\"  width=\"710\" height=\"575\" src=\"https:\/\/www.europa-prefabri.com\/wp-content\/uploads\/91.jpg\" title='marquesina parking' alt='' srcset=\"https:\/\/www.europa-prefabri.com\/wp-content\/uploads\/91.jpg 710w, https:\/\/www.europa-prefabri.com\/wp-content\/uploads\/91-300x243.jpg 300w, https:\/\/www.europa-prefabri.com\/wp-content\/uploads\/91-495x400.jpg 495w, https:\/\/www.europa-prefabri.com\/wp-content\/uploads\/91-705x571.jpg 705w, https:\/\/www.europa-prefabri.com\/wp-content\/uploads\/91-450x364.jpg 450w\" sizes=\"auto, (max-width: 710px) 100vw, 710px\" \/><\/div><\/a><a href=\"https:\/\/www.europa-prefabri.com\/wp-content\/uploads\/3-Marquesina-parking-EUROPA-tipo-B.jpg\" data-srcset=\"https:\/\/www.europa-prefabri.com\/wp-content\/uploads\/3-Marquesina-parking-EUROPA-tipo-B.jpg 710w, https:\/\/www.europa-prefabri.com\/wp-content\/uploads\/3-Marquesina-parking-EUROPA-tipo-B-300x243.jpg 300w, https:\/\/www.europa-prefabri.com\/wp-content\/uploads\/3-Marquesina-parking-EUROPA-tipo-B-495x400.jpg 495w, https:\/\/www.europa-prefabri.com\/wp-content\/uploads\/3-Marquesina-parking-EUROPA-tipo-B-705x571.jpg 705w, https:\/\/www.europa-prefabri.com\/wp-content\/uploads\/3-Marquesina-parking-EUROPA-tipo-B-450x364.jpg 450w\" data-sizes=\"(max-width: 710px) 100vw, 710px\" data-rel='gallery-1' data-prev-img='https:\/\/www.europa-prefabri.com\/wp-content\/uploads\/3-Marquesina-parking-EUROPA-tipo-B.jpg' class='lightbox ' data-onclick='9' title='Marquesina-parking-EUROPA-tipo-B'  itemprop=\"thumbnailUrl\"  ><img decoding=\"async\" fetchpriority=\"high\" class=\"wp-image-11808 avia-img-lazy-loading-not-11808\"   src=\"https:\/\/www.europa-prefabri.com\/wp-content\/uploads\/3-Marquesina-parking-EUROPA-tipo-B-495x400.jpg\" width=\"495\" height=\"400\"  title='Marquesina-parking-EUROPA-tipo-B' alt='' srcset=\"https:\/\/www.europa-prefabri.com\/wp-content\/uploads\/3-Marquesina-parking-EUROPA-tipo-B-495x400.jpg 495w, https:\/\/www.europa-prefabri.com\/wp-content\/uploads\/3-Marquesina-parking-EUROPA-tipo-B-300x243.jpg 300w, https:\/\/www.europa-prefabri.com\/wp-content\/uploads\/3-Marquesina-parking-EUROPA-tipo-B-705x571.jpg 705w, https:\/\/www.europa-prefabri.com\/wp-content\/uploads\/3-Marquesina-parking-EUROPA-tipo-B-450x364.jpg 450w, https:\/\/www.europa-prefabri.com\/wp-content\/uploads\/3-Marquesina-parking-EUROPA-tipo-B.jpg 710w\" sizes=\"(max-width: 495px) 100vw, 495px\" \/><div class='big-prev-fake'><img decoding=\"async\" loading=\"lazy\" class=\"wp-image-11808 avia-img-lazy-loading-11808\"  width=\"710\" height=\"575\" src=\"https:\/\/www.europa-prefabri.com\/wp-content\/uploads\/3-Marquesina-parking-EUROPA-tipo-B.jpg\" title='Marquesina-parking-EUROPA-tipo-B' alt='' srcset=\"https:\/\/www.europa-prefabri.com\/wp-content\/uploads\/3-Marquesina-parking-EUROPA-tipo-B.jpg 710w, https:\/\/www.europa-prefabri.com\/wp-content\/uploads\/3-Marquesina-parking-EUROPA-tipo-B-300x243.jpg 300w, https:\/\/www.europa-prefabri.com\/wp-content\/uploads\/3-Marquesina-parking-EUROPA-tipo-B-495x400.jpg 495w, https:\/\/www.europa-prefabri.com\/wp-content\/uploads\/3-Marquesina-parking-EUROPA-tipo-B-705x571.jpg 705w, https:\/\/www.europa-prefabri.com\/wp-content\/uploads\/3-Marquesina-parking-EUROPA-tipo-B-450x364.jpg 450w\" sizes=\"auto, (max-width: 710px) 100vw, 710px\" \/><\/div><\/a><a href=\"https:\/\/www.europa-prefabri.com\/wp-content\/uploads\/2-Marquesina-parking-EUROPA-tipo-Y.jpg\" data-srcset=\"https:\/\/www.europa-prefabri.com\/wp-content\/uploads\/2-Marquesina-parking-EUROPA-tipo-Y.jpg 710w, https:\/\/www.europa-prefabri.com\/wp-content\/uploads\/2-Marquesina-parking-EUROPA-tipo-Y-300x243.jpg 300w, https:\/\/www.europa-prefabri.com\/wp-content\/uploads\/2-Marquesina-parking-EUROPA-tipo-Y-495x400.jpg 495w, https:\/\/www.europa-prefabri.com\/wp-content\/uploads\/2-Marquesina-parking-EUROPA-tipo-Y-705x571.jpg 705w, https:\/\/www.europa-prefabri.com\/wp-content\/uploads\/2-Marquesina-parking-EUROPA-tipo-Y-450x364.jpg 450w\" data-sizes=\"(max-width: 710px) 100vw, 710px\" data-rel='gallery-1' data-prev-img='https:\/\/www.europa-prefabri.com\/wp-content\/uploads\/2-Marquesina-parking-EUROPA-tipo-Y.jpg' class='lightbox ' data-onclick='10' title='2-Marquesina-parking-EUROPA-tipo-Y'  itemprop=\"thumbnailUrl\"  ><img decoding=\"async\" fetchpriority=\"high\" class=\"wp-image-11903 avia-img-lazy-loading-not-11903\"   src=\"https:\/\/www.europa-prefabri.com\/wp-content\/uploads\/2-Marquesina-parking-EUROPA-tipo-Y-495x400.jpg\" width=\"495\" height=\"400\"  title='2-Marquesina-parking-EUROPA-tipo-Y' alt='' srcset=\"https:\/\/www.europa-prefabri.com\/wp-content\/uploads\/2-Marquesina-parking-EUROPA-tipo-Y-495x400.jpg 495w, https:\/\/www.europa-prefabri.com\/wp-content\/uploads\/2-Marquesina-parking-EUROPA-tipo-Y-300x243.jpg 300w, https:\/\/www.europa-prefabri.com\/wp-content\/uploads\/2-Marquesina-parking-EUROPA-tipo-Y-705x571.jpg 705w, https:\/\/www.europa-prefabri.com\/wp-content\/uploads\/2-Marquesina-parking-EUROPA-tipo-Y-450x364.jpg 450w, https:\/\/www.europa-prefabri.com\/wp-content\/uploads\/2-Marquesina-parking-EUROPA-tipo-Y.jpg 710w\" sizes=\"(max-width: 495px) 100vw, 495px\" \/><div class='big-prev-fake'><img decoding=\"async\" loading=\"lazy\" class=\"wp-image-11903 avia-img-lazy-loading-11903\"  width=\"710\" height=\"575\" src=\"https:\/\/www.europa-prefabri.com\/wp-content\/uploads\/2-Marquesina-parking-EUROPA-tipo-Y.jpg\" title='2-Marquesina-parking-EUROPA-tipo-Y' alt='' srcset=\"https:\/\/www.europa-prefabri.com\/wp-content\/uploads\/2-Marquesina-parking-EUROPA-tipo-Y.jpg 710w, https:\/\/www.europa-prefabri.com\/wp-content\/uploads\/2-Marquesina-parking-EUROPA-tipo-Y-300x243.jpg 300w, https:\/\/www.europa-prefabri.com\/wp-content\/uploads\/2-Marquesina-parking-EUROPA-tipo-Y-495x400.jpg 495w, https:\/\/www.europa-prefabri.com\/wp-content\/uploads\/2-Marquesina-parking-EUROPA-tipo-Y-705x571.jpg 705w, https:\/\/www.europa-prefabri.com\/wp-content\/uploads\/2-Marquesina-parking-EUROPA-tipo-Y-450x364.jpg 450w\" sizes=\"auto, (max-width: 710px) 100vw, 710px\" \/><\/div><\/a><a href=\"https:\/\/www.europa-prefabri.com\/wp-content\/uploads\/1-Marquesina-parking-EUROPA-tipo-A.jpg\" data-srcset=\"https:\/\/www.europa-prefabri.com\/wp-content\/uploads\/1-Marquesina-parking-EUROPA-tipo-A.jpg 710w, https:\/\/www.europa-prefabri.com\/wp-content\/uploads\/1-Marquesina-parking-EUROPA-tipo-A-300x243.jpg 300w, https:\/\/www.europa-prefabri.com\/wp-content\/uploads\/1-Marquesina-parking-EUROPA-tipo-A-495x400.jpg 495w, https:\/\/www.europa-prefabri.com\/wp-content\/uploads\/1-Marquesina-parking-EUROPA-tipo-A-705x571.jpg 705w, https:\/\/www.europa-prefabri.com\/wp-content\/uploads\/1-Marquesina-parking-EUROPA-tipo-A-450x364.jpg 450w\" data-sizes=\"(max-width: 710px) 100vw, 710px\" data-rel='gallery-1' data-prev-img='https:\/\/www.europa-prefabri.com\/wp-content\/uploads\/1-Marquesina-parking-EUROPA-tipo-A.jpg' class='lightbox ' data-onclick='11' title='1-Marquesina-parking-EUROPA-tipo-A'  itemprop=\"thumbnailUrl\"  ><img decoding=\"async\" fetchpriority=\"high\" class=\"wp-image-11902 avia-img-lazy-loading-not-11902\"   src=\"https:\/\/www.europa-prefabri.com\/wp-content\/uploads\/1-Marquesina-parking-EUROPA-tipo-A-495x400.jpg\" width=\"495\" height=\"400\"  title='1-Marquesina-parking-EUROPA-tipo-A' alt='' srcset=\"https:\/\/www.europa-prefabri.com\/wp-content\/uploads\/1-Marquesina-parking-EUROPA-tipo-A-495x400.jpg 495w, https:\/\/www.europa-prefabri.com\/wp-content\/uploads\/1-Marquesina-parking-EUROPA-tipo-A-300x243.jpg 300w, https:\/\/www.europa-prefabri.com\/wp-content\/uploads\/1-Marquesina-parking-EUROPA-tipo-A-705x571.jpg 705w, https:\/\/www.europa-prefabri.com\/wp-content\/uploads\/1-Marquesina-parking-EUROPA-tipo-A-450x364.jpg 450w, https:\/\/www.europa-prefabri.com\/wp-content\/uploads\/1-Marquesina-parking-EUROPA-tipo-A.jpg 710w\" sizes=\"(max-width: 495px) 100vw, 495px\" \/><div class='big-prev-fake'><img decoding=\"async\" loading=\"lazy\" class=\"wp-image-11902 avia-img-lazy-loading-11902\"  width=\"710\" height=\"575\" src=\"https:\/\/www.europa-prefabri.com\/wp-content\/uploads\/1-Marquesina-parking-EUROPA-tipo-A.jpg\" title='1-Marquesina-parking-EUROPA-tipo-A' alt='' srcset=\"https:\/\/www.europa-prefabri.com\/wp-content\/uploads\/1-Marquesina-parking-EUROPA-tipo-A.jpg 710w, https:\/\/www.europa-prefabri.com\/wp-content\/uploads\/1-Marquesina-parking-EUROPA-tipo-A-300x243.jpg 300w, https:\/\/www.europa-prefabri.com\/wp-content\/uploads\/1-Marquesina-parking-EUROPA-tipo-A-495x400.jpg 495w, https:\/\/www.europa-prefabri.com\/wp-content\/uploads\/1-Marquesina-parking-EUROPA-tipo-A-705x571.jpg 705w, https:\/\/www.europa-prefabri.com\/wp-content\/uploads\/1-Marquesina-parking-EUROPA-tipo-A-450x364.jpg 450w\" sizes=\"auto, (max-width: 710px) 100vw, 710px\" \/><\/div><\/a><a href=\"https:\/\/www.europa-prefabri.com\/wp-content\/uploads\/5-Marquesina-parking-Murcia.jpg\" data-srcset=\"https:\/\/www.europa-prefabri.com\/wp-content\/uploads\/5-Marquesina-parking-Murcia.jpg 710w, https:\/\/www.europa-prefabri.com\/wp-content\/uploads\/5-Marquesina-parking-Murcia-300x243.jpg 300w, https:\/\/www.europa-prefabri.com\/wp-content\/uploads\/5-Marquesina-parking-Murcia-495x400.jpg 495w, https:\/\/www.europa-prefabri.com\/wp-content\/uploads\/5-Marquesina-parking-Murcia-705x571.jpg 705w, https:\/\/www.europa-prefabri.com\/wp-content\/uploads\/5-Marquesina-parking-Murcia-450x364.jpg 450w\" data-sizes=\"(max-width: 710px) 100vw, 710px\" data-rel='gallery-1' data-prev-img='https:\/\/www.europa-prefabri.com\/wp-content\/uploads\/5-Marquesina-parking-Murcia.jpg' class='lightbox ' data-onclick='12' title='Marquesina de parking-Murcia'  itemprop=\"thumbnailUrl\"  ><img decoding=\"async\" fetchpriority=\"high\" class=\"wp-image-11802 avia-img-lazy-loading-not-11802\"   src=\"https:\/\/www.europa-prefabri.com\/wp-content\/uploads\/5-Marquesina-parking-Murcia-495x400.jpg\" width=\"495\" height=\"400\"  title='Marquesina de parking-Murcia' alt='' srcset=\"https:\/\/www.europa-prefabri.com\/wp-content\/uploads\/5-Marquesina-parking-Murcia-495x400.jpg 495w, https:\/\/www.europa-prefabri.com\/wp-content\/uploads\/5-Marquesina-parking-Murcia-300x243.jpg 300w, https:\/\/www.europa-prefabri.com\/wp-content\/uploads\/5-Marquesina-parking-Murcia-705x571.jpg 705w, https:\/\/www.europa-prefabri.com\/wp-content\/uploads\/5-Marquesina-parking-Murcia-450x364.jpg 450w, https:\/\/www.europa-prefabri.com\/wp-content\/uploads\/5-Marquesina-parking-Murcia.jpg 710w\" sizes=\"(max-width: 495px) 100vw, 495px\" \/><div class='big-prev-fake'><img decoding=\"async\" loading=\"lazy\" class=\"wp-image-11802 avia-img-lazy-loading-11802\"  width=\"710\" height=\"575\" src=\"https:\/\/www.europa-prefabri.com\/wp-content\/uploads\/5-Marquesina-parking-Murcia.jpg\" title='Marquesina de parking-Murcia' alt='' srcset=\"https:\/\/www.europa-prefabri.com\/wp-content\/uploads\/5-Marquesina-parking-Murcia.jpg 710w, https:\/\/www.europa-prefabri.com\/wp-content\/uploads\/5-Marquesina-parking-Murcia-300x243.jpg 300w, https:\/\/www.europa-prefabri.com\/wp-content\/uploads\/5-Marquesina-parking-Murcia-495x400.jpg 495w, https:\/\/www.europa-prefabri.com\/wp-content\/uploads\/5-Marquesina-parking-Murcia-705x571.jpg 705w, https:\/\/www.europa-prefabri.com\/wp-content\/uploads\/5-Marquesina-parking-Murcia-450x364.jpg 450w\" sizes=\"auto, (max-width: 710px) 100vw, 710px\" \/><\/div><\/a><a href=\"https:\/\/www.europa-prefabri.com\/wp-content\/uploads\/SOLAR3_800x600.jpg\" data-srcset=\"https:\/\/www.europa-prefabri.com\/wp-content\/uploads\/SOLAR3_800x600.jpg 800w, https:\/\/www.europa-prefabri.com\/wp-content\/uploads\/SOLAR3_800x600-300x225.jpg 300w, https:\/\/www.europa-prefabri.com\/wp-content\/uploads\/SOLAR3_800x600-450x337.jpg 450w\" data-sizes=\"(max-width: 800px) 100vw, 800px\" data-rel='gallery-1' data-prev-img='https:\/\/www.europa-prefabri.com\/wp-content\/uploads\/SOLAR3_800x600-710x575.jpg' class='first_thumb lightbox ' data-onclick='13' title='marquesina fotovoltaica'  itemprop=\"thumbnailUrl\"  ><img decoding=\"async\" fetchpriority=\"high\" class=\"wp-image-12983 avia-img-lazy-loading-not-12983\"   src=\"https:\/\/www.europa-prefabri.com\/wp-content\/uploads\/SOLAR3_800x600-495x400.jpg\" width=\"495\" height=\"400\"  title='marquesina fotovoltaica' alt='' srcset=\"https:\/\/www.europa-prefabri.com\/wp-content\/uploads\/SOLAR3_800x600-495x400.jpg 495w, https:\/\/www.europa-prefabri.com\/wp-content\/uploads\/SOLAR3_800x600-710x575.jpg 710w\" sizes=\"(max-width: 495px) 100vw, 495px\" \/><div class='big-prev-fake'><img decoding=\"async\" loading=\"lazy\" class=\"wp-image-12983 avia-img-lazy-loading-12983\"  width=\"710\" height=\"575\" src=\"https:\/\/www.europa-prefabri.com\/wp-content\/uploads\/SOLAR3_800x600-710x575.jpg\" title='marquesina fotovoltaica' alt='' srcset=\"https:\/\/www.europa-prefabri.com\/wp-content\/uploads\/SOLAR3_800x600-710x575.jpg 710w, https:\/\/www.europa-prefabri.com\/wp-content\/uploads\/SOLAR3_800x600-495x400.jpg 495w\" sizes=\"auto, (max-width: 710px) 100vw, 710px\" \/><\/div><\/a><a href=\"https:\/\/www.europa-prefabri.com\/wp-content\/uploads\/PICT0551_800x600.jpg\" data-srcset=\"https:\/\/www.europa-prefabri.com\/wp-content\/uploads\/PICT0551_800x600.jpg 800w, https:\/\/www.europa-prefabri.com\/wp-content\/uploads\/PICT0551_800x600-300x225.jpg 300w, https:\/\/www.europa-prefabri.com\/wp-content\/uploads\/PICT0551_800x600-450x337.jpg 450w\" data-sizes=\"(max-width: 800px) 100vw, 800px\" data-rel='gallery-1' data-prev-img='https:\/\/www.europa-prefabri.com\/wp-content\/uploads\/PICT0551_800x600-710x575.jpg' class='lightbox ' data-onclick='14' title='marquesina fotovoltaica'  itemprop=\"thumbnailUrl\"  ><img decoding=\"async\" fetchpriority=\"high\" class=\"wp-image-12981 avia-img-lazy-loading-not-12981\"   src=\"https:\/\/www.europa-prefabri.com\/wp-content\/uploads\/PICT0551_800x600-495x400.jpg\" width=\"495\" height=\"400\"  title='marquesina fotovoltaica' alt='' srcset=\"https:\/\/www.europa-prefabri.com\/wp-content\/uploads\/PICT0551_800x600-495x400.jpg 495w, https:\/\/www.europa-prefabri.com\/wp-content\/uploads\/PICT0551_800x600-710x575.jpg 710w\" sizes=\"(max-width: 495px) 100vw, 495px\" \/><div class='big-prev-fake'><img decoding=\"async\" loading=\"lazy\" class=\"wp-image-12981 avia-img-lazy-loading-12981\"  width=\"710\" height=\"575\" src=\"https:\/\/www.europa-prefabri.com\/wp-content\/uploads\/PICT0551_800x600-710x575.jpg\" title='marquesina fotovoltaica' alt='' srcset=\"https:\/\/www.europa-prefabri.com\/wp-content\/uploads\/PICT0551_800x600-710x575.jpg 710w, https:\/\/www.europa-prefabri.com\/wp-content\/uploads\/PICT0551_800x600-495x400.jpg 495w\" sizes=\"auto, (max-width: 710px) 100vw, 710px\" \/><\/div><\/a><a href=\"https:\/\/www.europa-prefabri.com\/wp-content\/uploads\/Foto0547_800x600.jpg\" data-srcset=\"https:\/\/www.europa-prefabri.com\/wp-content\/uploads\/Foto0547_800x600.jpg 800w, https:\/\/www.europa-prefabri.com\/wp-content\/uploads\/Foto0547_800x600-300x225.jpg 300w, https:\/\/www.europa-prefabri.com\/wp-content\/uploads\/Foto0547_800x600-768x576.jpg 768w, https:\/\/www.europa-prefabri.com\/wp-content\/uploads\/Foto0547_800x600-705x529.jpg 705w, https:\/\/www.europa-prefabri.com\/wp-content\/uploads\/Foto0547_800x600-450x338.jpg 450w\" data-sizes=\"(max-width: 800px) 100vw, 800px\" data-rel='gallery-1' data-prev-img='https:\/\/www.europa-prefabri.com\/wp-content\/uploads\/Foto0547_800x600.jpg' class='lightbox ' data-onclick='15' title='Especial cubierta de panel aislante'  itemprop=\"thumbnailUrl\"  ><img decoding=\"async\" fetchpriority=\"high\" class=\"wp-image-11912 avia-img-lazy-loading-not-11912\"   src=\"https:\/\/www.europa-prefabri.com\/wp-content\/uploads\/Foto0547_800x600-495x400.jpg\" width=\"495\" height=\"400\"  title='Especial cubierta de panel aislante' alt='' \/><div class='big-prev-fake'><img decoding=\"async\" loading=\"lazy\" class=\"wp-image-11912 avia-img-lazy-loading-11912\"  width=\"800\" height=\"600\" src=\"https:\/\/www.europa-prefabri.com\/wp-content\/uploads\/Foto0547_800x600.jpg\" title='Especial cubierta de panel aislante' alt='' srcset=\"https:\/\/www.europa-prefabri.com\/wp-content\/uploads\/Foto0547_800x600.jpg 800w, https:\/\/www.europa-prefabri.com\/wp-content\/uploads\/Foto0547_800x600-300x225.jpg 300w, https:\/\/www.europa-prefabri.com\/wp-content\/uploads\/Foto0547_800x600-768x576.jpg 768w, https:\/\/www.europa-prefabri.com\/wp-content\/uploads\/Foto0547_800x600-705x529.jpg 705w, https:\/\/www.europa-prefabri.com\/wp-content\/uploads\/Foto0547_800x600-450x338.jpg 450w\" sizes=\"auto, (max-width: 800px) 100vw, 800px\" \/><\/div><\/a><a href=\"https:\/\/www.europa-prefabri.com\/wp-content\/uploads\/1_800x598.jpg\" data-srcset=\"https:\/\/www.europa-prefabri.com\/wp-content\/uploads\/1_800x598.jpg 800w, https:\/\/www.europa-prefabri.com\/wp-content\/uploads\/1_800x598-300x224.jpg 300w, https:\/\/www.europa-prefabri.com\/wp-content\/uploads\/1_800x598-768x574.jpg 768w, https:\/\/www.europa-prefabri.com\/wp-content\/uploads\/1_800x598-705x527.jpg 705w, https:\/\/www.europa-prefabri.com\/wp-content\/uploads\/1_800x598-450x336.jpg 450w\" data-sizes=\"(max-width: 800px) 100vw, 800px\" data-rel='gallery-1' data-prev-img='https:\/\/www.europa-prefabri.com\/wp-content\/uploads\/1_800x598.jpg' class='lightbox ' data-onclick='16' title='Modelo Europa beige'  itemprop=\"thumbnailUrl\"  ><img decoding=\"async\" fetchpriority=\"high\" class=\"wp-image-11909 avia-img-lazy-loading-not-11909\"   src=\"https:\/\/www.europa-prefabri.com\/wp-content\/uploads\/1_800x598-495x400.jpg\" width=\"495\" height=\"400\"  title='Modelo Europa beige' alt='' \/><div class='big-prev-fake'><img decoding=\"async\" loading=\"lazy\" class=\"wp-image-11909 avia-img-lazy-loading-11909\"  width=\"800\" height=\"598\" src=\"https:\/\/www.europa-prefabri.com\/wp-content\/uploads\/1_800x598.jpg\" title='Modelo Europa beige' alt='' srcset=\"https:\/\/www.europa-prefabri.com\/wp-content\/uploads\/1_800x598.jpg 800w, https:\/\/www.europa-prefabri.com\/wp-content\/uploads\/1_800x598-300x224.jpg 300w, https:\/\/www.europa-prefabri.com\/wp-content\/uploads\/1_800x598-768x574.jpg 768w, https:\/\/www.europa-prefabri.com\/wp-content\/uploads\/1_800x598-705x527.jpg 705w, https:\/\/www.europa-prefabri.com\/wp-content\/uploads\/1_800x598-450x336.jpg 450w\" sizes=\"auto, (max-width: 800px) 100vw, 800px\" \/><\/div><\/a><a href=\"https:\/\/www.europa-prefabri.com\/wp-content\/uploads\/20140225_172933_800x480.jpg\" data-srcset=\"https:\/\/www.europa-prefabri.com\/wp-content\/uploads\/20140225_172933_800x480.jpg 800w, https:\/\/www.europa-prefabri.com\/wp-content\/uploads\/20140225_172933_800x480-300x180.jpg 300w, https:\/\/www.europa-prefabri.com\/wp-content\/uploads\/20140225_172933_800x480-768x461.jpg 768w, https:\/\/www.europa-prefabri.com\/wp-content\/uploads\/20140225_172933_800x480-705x423.jpg 705w, https:\/\/www.europa-prefabri.com\/wp-content\/uploads\/20140225_172933_800x480-450x270.jpg 450w\" data-sizes=\"(max-width: 800px) 100vw, 800px\" data-rel='gallery-1' data-prev-img='https:\/\/www.europa-prefabri.com\/wp-content\/uploads\/20140225_172933_800x480.jpg' class='lightbox ' data-onclick='17' title='Modelo Europa - Parking supermercado'  itemprop=\"thumbnailUrl\"  ><img decoding=\"async\" fetchpriority=\"high\" class=\"wp-image-9610 avia-img-lazy-loading-not-9610\"   src=\"https:\/\/www.europa-prefabri.com\/wp-content\/uploads\/20140225_172933_800x480-495x400.jpg\" width=\"495\" height=\"400\"  title='Modelo Europa - Parking supermercado' alt='' \/><div class='big-prev-fake'><img decoding=\"async\" loading=\"lazy\" class=\"wp-image-9610 avia-img-lazy-loading-9610\"  width=\"800\" height=\"480\" src=\"https:\/\/www.europa-prefabri.com\/wp-content\/uploads\/20140225_172933_800x480.jpg\" title='Modelo Europa - Parking supermercado' alt='' srcset=\"https:\/\/www.europa-prefabri.com\/wp-content\/uploads\/20140225_172933_800x480.jpg 800w, https:\/\/www.europa-prefabri.com\/wp-content\/uploads\/20140225_172933_800x480-300x180.jpg 300w, https:\/\/www.europa-prefabri.com\/wp-content\/uploads\/20140225_172933_800x480-768x461.jpg 768w, https:\/\/www.europa-prefabri.com\/wp-content\/uploads\/20140225_172933_800x480-705x423.jpg 705w, https:\/\/www.europa-prefabri.com\/wp-content\/uploads\/20140225_172933_800x480-450x270.jpg 450w\" sizes=\"auto, (max-width: 800px) 100vw, 800px\" \/><\/div><\/a><a href=\"https:\/\/www.europa-prefabri.com\/wp-content\/uploads\/FOTOS-CHAPA-DE-TEJA-007_800x600.jpg\" data-srcset=\"https:\/\/www.europa-prefabri.com\/wp-content\/uploads\/FOTOS-CHAPA-DE-TEJA-007_800x600.jpg 800w, https:\/\/www.europa-prefabri.com\/wp-content\/uploads\/FOTOS-CHAPA-DE-TEJA-007_800x600-300x225.jpg 300w, https:\/\/www.europa-prefabri.com\/wp-content\/uploads\/FOTOS-CHAPA-DE-TEJA-007_800x600-768x576.jpg 768w, https:\/\/www.europa-prefabri.com\/wp-content\/uploads\/FOTOS-CHAPA-DE-TEJA-007_800x600-705x529.jpg 705w, https:\/\/www.europa-prefabri.com\/wp-content\/uploads\/FOTOS-CHAPA-DE-TEJA-007_800x600-450x338.jpg 450w\" data-sizes=\"(max-width: 800px) 100vw, 800px\" data-rel='gallery-1' data-prev-img='https:\/\/www.europa-prefabri.com\/wp-content\/uploads\/FOTOS-CHAPA-DE-TEJA-007_800x600.jpg' class='lightbox ' data-onclick='18' title='Especial Modelo Europa Chapa Teja'  itemprop=\"thumbnailUrl\"  ><img decoding=\"async\" fetchpriority=\"high\" class=\"wp-image-11913 avia-img-lazy-loading-not-11913\"   src=\"https:\/\/www.europa-prefabri.com\/wp-content\/uploads\/FOTOS-CHAPA-DE-TEJA-007_800x600-495x400.jpg\" width=\"495\" height=\"400\"  title='Especial Modelo Europa Chapa Teja' alt='' \/><div class='big-prev-fake'><img decoding=\"async\" loading=\"lazy\" class=\"wp-image-11913 avia-img-lazy-loading-11913\"  width=\"800\" height=\"600\" src=\"https:\/\/www.europa-prefabri.com\/wp-content\/uploads\/FOTOS-CHAPA-DE-TEJA-007_800x600.jpg\" title='Especial Modelo Europa Chapa Teja' alt='' srcset=\"https:\/\/www.europa-prefabri.com\/wp-content\/uploads\/FOTOS-CHAPA-DE-TEJA-007_800x600.jpg 800w, https:\/\/www.europa-prefabri.com\/wp-content\/uploads\/FOTOS-CHAPA-DE-TEJA-007_800x600-300x225.jpg 300w, https:\/\/www.europa-prefabri.com\/wp-content\/uploads\/FOTOS-CHAPA-DE-TEJA-007_800x600-768x576.jpg 768w, https:\/\/www.europa-prefabri.com\/wp-content\/uploads\/FOTOS-CHAPA-DE-TEJA-007_800x600-705x529.jpg 705w, https:\/\/www.europa-prefabri.com\/wp-content\/uploads\/FOTOS-CHAPA-DE-TEJA-007_800x600-450x338.jpg 450w\" sizes=\"auto, (max-width: 800px) 100vw, 800px\" \/><\/div><\/a><a href=\"https:\/\/www.europa-prefabri.com\/wp-content\/uploads\/IMGP5029_800x6001.jpg\" data-srcset=\"https:\/\/www.europa-prefabri.com\/wp-content\/uploads\/IMGP5029_800x6001.jpg 800w, https:\/\/www.europa-prefabri.com\/wp-content\/uploads\/IMGP5029_800x6001-300x225.jpg 300w, https:\/\/www.europa-prefabri.com\/wp-content\/uploads\/IMGP5029_800x6001-768x576.jpg 768w, https:\/\/www.europa-prefabri.com\/wp-content\/uploads\/IMGP5029_800x6001-705x529.jpg 705w, https:\/\/www.europa-prefabri.com\/wp-content\/uploads\/IMGP5029_800x6001-450x338.jpg 450w\" data-sizes=\"(max-width: 800px) 100vw, 800px\" data-rel='gallery-1' data-prev-img='https:\/\/www.europa-prefabri.com\/wp-content\/uploads\/IMGP5029_800x6001.jpg' class='lightbox ' data-onclick='19' title='Cubierta Curva - San Javier'  itemprop=\"thumbnailUrl\"  ><img decoding=\"async\" fetchpriority=\"high\" class=\"wp-image-11917 avia-img-lazy-loading-not-11917\"   src=\"https:\/\/www.europa-prefabri.com\/wp-content\/uploads\/IMGP5029_800x6001-495x400.jpg\" width=\"495\" height=\"400\"  title='Cubierta Curva - San Javier' alt='' \/><div class='big-prev-fake'><img decoding=\"async\" loading=\"lazy\" class=\"wp-image-11917 avia-img-lazy-loading-11917\"  width=\"800\" height=\"600\" src=\"https:\/\/www.europa-prefabri.com\/wp-content\/uploads\/IMGP5029_800x6001.jpg\" title='Cubierta Curva - San Javier' alt='' srcset=\"https:\/\/www.europa-prefabri.com\/wp-content\/uploads\/IMGP5029_800x6001.jpg 800w, https:\/\/www.europa-prefabri.com\/wp-content\/uploads\/IMGP5029_800x6001-300x225.jpg 300w, https:\/\/www.europa-prefabri.com\/wp-content\/uploads\/IMGP5029_800x6001-768x576.jpg 768w, https:\/\/www.europa-prefabri.com\/wp-content\/uploads\/IMGP5029_800x6001-705x529.jpg 705w, https:\/\/www.europa-prefabri.com\/wp-content\/uploads\/IMGP5029_800x6001-450x338.jpg 450w\" sizes=\"auto, (max-width: 800px) 100vw, 800px\" \/><\/div><\/a><a href=\"https:\/\/www.europa-prefabri.com\/wp-content\/uploads\/IMGP2173_800x600.jpg\" data-srcset=\"https:\/\/www.europa-prefabri.com\/wp-content\/uploads\/IMGP2173_800x600.jpg 800w, https:\/\/www.europa-prefabri.com\/wp-content\/uploads\/IMGP2173_800x600-300x225.jpg 300w, https:\/\/www.europa-prefabri.com\/wp-content\/uploads\/IMGP2173_800x600-768x576.jpg 768w, https:\/\/www.europa-prefabri.com\/wp-content\/uploads\/IMGP2173_800x600-705x529.jpg 705w, https:\/\/www.europa-prefabri.com\/wp-content\/uploads\/IMGP2173_800x600-450x338.jpg 450w\" data-sizes=\"(max-width: 800px) 100vw, 800px\" data-rel='gallery-1' data-prev-img='https:\/\/www.europa-prefabri.com\/wp-content\/uploads\/IMGP2173_800x600.jpg' class='lightbox ' data-onclick='20' title='Modelo Europa azul'  itemprop=\"thumbnailUrl\"  ><img decoding=\"async\" fetchpriority=\"high\" class=\"wp-image-11916 avia-img-lazy-loading-not-11916\"   src=\"https:\/\/www.europa-prefabri.com\/wp-content\/uploads\/IMGP2173_800x600-495x400.jpg\" width=\"495\" height=\"400\"  title='Modelo Europa azul' alt='' \/><div class='big-prev-fake'><img decoding=\"async\" loading=\"lazy\" class=\"wp-image-11916 avia-img-lazy-loading-11916\"  width=\"800\" height=\"600\" src=\"https:\/\/www.europa-prefabri.com\/wp-content\/uploads\/IMGP2173_800x600.jpg\" title='Modelo Europa azul' alt='' srcset=\"https:\/\/www.europa-prefabri.com\/wp-content\/uploads\/IMGP2173_800x600.jpg 800w, https:\/\/www.europa-prefabri.com\/wp-content\/uploads\/IMGP2173_800x600-300x225.jpg 300w, https:\/\/www.europa-prefabri.com\/wp-content\/uploads\/IMGP2173_800x600-768x576.jpg 768w, https:\/\/www.europa-prefabri.com\/wp-content\/uploads\/IMGP2173_800x600-705x529.jpg 705w, https:\/\/www.europa-prefabri.com\/wp-content\/uploads\/IMGP2173_800x600-450x338.jpg 450w\" sizes=\"auto, (max-width: 800px) 100vw, 800px\" \/><\/div><\/a><a href=\"https:\/\/www.europa-prefabri.com\/wp-content\/uploads\/IMG-20140131-WA0001_800x600.jpg\" data-srcset=\"https:\/\/www.europa-prefabri.com\/wp-content\/uploads\/IMG-20140131-WA0001_800x600.jpg 800w, https:\/\/www.europa-prefabri.com\/wp-content\/uploads\/IMG-20140131-WA0001_800x600-300x225.jpg 300w, https:\/\/www.europa-prefabri.com\/wp-content\/uploads\/IMG-20140131-WA0001_800x600-768x576.jpg 768w, https:\/\/www.europa-prefabri.com\/wp-content\/uploads\/IMG-20140131-WA0001_800x600-705x529.jpg 705w, https:\/\/www.europa-prefabri.com\/wp-content\/uploads\/IMG-20140131-WA0001_800x600-450x338.jpg 450w\" data-sizes=\"(max-width: 800px) 100vw, 800px\" data-rel='gallery-1' data-prev-img='https:\/\/www.europa-prefabri.com\/wp-content\/uploads\/IMG-20140131-WA0001_800x600.jpg' class='lightbox ' data-onclick='21' title='Modelo Especial IPE'  itemprop=\"thumbnailUrl\"  ><img decoding=\"async\" fetchpriority=\"high\" class=\"wp-image-11915 avia-img-lazy-loading-not-11915\"   src=\"https:\/\/www.europa-prefabri.com\/wp-content\/uploads\/IMG-20140131-WA0001_800x600-495x400.jpg\" width=\"495\" height=\"400\"  title='Modelo Especial IPE' alt='' \/><div class='big-prev-fake'><img decoding=\"async\" loading=\"lazy\" class=\"wp-image-11915 avia-img-lazy-loading-11915\"  width=\"800\" height=\"600\" src=\"https:\/\/www.europa-prefabri.com\/wp-content\/uploads\/IMG-20140131-WA0001_800x600.jpg\" title='Modelo Especial IPE' alt='' srcset=\"https:\/\/www.europa-prefabri.com\/wp-content\/uploads\/IMG-20140131-WA0001_800x600.jpg 800w, https:\/\/www.europa-prefabri.com\/wp-content\/uploads\/IMG-20140131-WA0001_800x600-300x225.jpg 300w, https:\/\/www.europa-prefabri.com\/wp-content\/uploads\/IMG-20140131-WA0001_800x600-768x576.jpg 768w, https:\/\/www.europa-prefabri.com\/wp-content\/uploads\/IMG-20140131-WA0001_800x600-705x529.jpg 705w, https:\/\/www.europa-prefabri.com\/wp-content\/uploads\/IMG-20140131-WA0001_800x600-450x338.jpg 450w\" sizes=\"auto, (max-width: 800px) 100vw, 800px\" \/><\/div><\/a><a href=\"https:\/\/www.europa-prefabri.com\/wp-content\/uploads\/Imagen-015_800x6001.jpg\" data-srcset=\"https:\/\/www.europa-prefabri.com\/wp-content\/uploads\/Imagen-015_800x6001.jpg 800w, https:\/\/www.europa-prefabri.com\/wp-content\/uploads\/Imagen-015_800x6001-300x225.jpg 300w, https:\/\/www.europa-prefabri.com\/wp-content\/uploads\/Imagen-015_800x6001-768x576.jpg 768w, https:\/\/www.europa-prefabri.com\/wp-content\/uploads\/Imagen-015_800x6001-705x529.jpg 705w, https:\/\/www.europa-prefabri.com\/wp-content\/uploads\/Imagen-015_800x6001-450x338.jpg 450w\" data-sizes=\"(max-width: 800px) 100vw, 800px\" data-rel='gallery-1' data-prev-img='https:\/\/www.europa-prefabri.com\/wp-content\/uploads\/Imagen-015_800x6001.jpg' class='lightbox ' data-onclick='22' title='Modelo Europa - Cubierta curva verde'  itemprop=\"thumbnailUrl\"  ><img decoding=\"async\" fetchpriority=\"high\" class=\"wp-image-11914 avia-img-lazy-loading-not-11914\"   src=\"https:\/\/www.europa-prefabri.com\/wp-content\/uploads\/Imagen-015_800x6001-495x400.jpg\" width=\"495\" height=\"400\"  title='Modelo Europa - Cubierta curva verde' alt='' \/><div class='big-prev-fake'><img decoding=\"async\" loading=\"lazy\" class=\"wp-image-11914 avia-img-lazy-loading-11914\"  width=\"800\" height=\"600\" src=\"https:\/\/www.europa-prefabri.com\/wp-content\/uploads\/Imagen-015_800x6001.jpg\" title='Modelo Europa - Cubierta curva verde' alt='' srcset=\"https:\/\/www.europa-prefabri.com\/wp-content\/uploads\/Imagen-015_800x6001.jpg 800w, https:\/\/www.europa-prefabri.com\/wp-content\/uploads\/Imagen-015_800x6001-300x225.jpg 300w, https:\/\/www.europa-prefabri.com\/wp-content\/uploads\/Imagen-015_800x6001-768x576.jpg 768w, https:\/\/www.europa-prefabri.com\/wp-content\/uploads\/Imagen-015_800x6001-705x529.jpg 705w, https:\/\/www.europa-prefabri.com\/wp-content\/uploads\/Imagen-015_800x6001-450x338.jpg 450w\" sizes=\"auto, (max-width: 800px) 100vw, 800px\" \/><\/div><\/a><a href=\"https:\/\/www.europa-prefabri.com\/wp-content\/uploads\/la-foto2_800x480.jpg\" data-srcset=\"https:\/\/www.europa-prefabri.com\/wp-content\/uploads\/la-foto2_800x480.jpg 800w, https:\/\/www.europa-prefabri.com\/wp-content\/uploads\/la-foto2_800x480-300x180.jpg 300w, https:\/\/www.europa-prefabri.com\/wp-content\/uploads\/la-foto2_800x480-768x461.jpg 768w, https:\/\/www.europa-prefabri.com\/wp-content\/uploads\/la-foto2_800x480-705x423.jpg 705w, https:\/\/www.europa-prefabri.com\/wp-content\/uploads\/la-foto2_800x480-450x270.jpg 450w\" data-sizes=\"(max-width: 800px) 100vw, 800px\" data-rel='gallery-1' data-prev-img='https:\/\/www.europa-prefabri.com\/wp-content\/uploads\/la-foto2_800x480.jpg' class='lightbox ' data-onclick='23' title='la foto2_800x480'  itemprop=\"thumbnailUrl\"  ><img decoding=\"async\" fetchpriority=\"high\" class=\"wp-image-11920 avia-img-lazy-loading-not-11920\"   src=\"https:\/\/www.europa-prefabri.com\/wp-content\/uploads\/la-foto2_800x480-495x400.jpg\" width=\"495\" height=\"400\"  title='la foto2_800x480' alt='' \/><div class='big-prev-fake'><img decoding=\"async\" loading=\"lazy\" class=\"wp-image-11920 avia-img-lazy-loading-11920\"  width=\"800\" height=\"480\" src=\"https:\/\/www.europa-prefabri.com\/wp-content\/uploads\/la-foto2_800x480.jpg\" title='la foto2_800x480' alt='' srcset=\"https:\/\/www.europa-prefabri.com\/wp-content\/uploads\/la-foto2_800x480.jpg 800w, https:\/\/www.europa-prefabri.com\/wp-content\/uploads\/la-foto2_800x480-300x180.jpg 300w, https:\/\/www.europa-prefabri.com\/wp-content\/uploads\/la-foto2_800x480-768x461.jpg 768w, https:\/\/www.europa-prefabri.com\/wp-content\/uploads\/la-foto2_800x480-705x423.jpg 705w, https:\/\/www.europa-prefabri.com\/wp-content\/uploads\/la-foto2_800x480-450x270.jpg 450w\" sizes=\"auto, (max-width: 800px) 100vw, 800px\" \/><\/div><\/a><\/div><\/div><\/div>\n\n<style type=\"text\/css\" data-created_by=\"avia_inline_auto\" id=\"style-css-av-av_one_third-9c1d454dc06f7247226bc4e8f931daae\">\n.flex_column.av-av_one_third-9c1d454dc06f7247226bc4e8f931daae{\nborder-radius:0px 0px 0px 0px;\npadding:0px 0px 0px 0px;\n}\n<\/style>\n<div  class='flex_column av-av_one_third-9c1d454dc06f7247226bc4e8f931daae av_one_third  avia-builder-el-2  el_after_av_two_third  el_before_av_hr  flex_column_div av-zero-column-padding  '     ><section  class='av_textblock_section av-av_textblock-0366cc7376be6c9e82a3e9cc8987b64f '   itemscope=\"itemscope\" itemtype=\"https:\/\/schema.org\/CreativeWork\" ><div class='avia_textblock'  itemprop=\"text\" ><h2 style=\"text-align: justify;\">PARKPLATZ\u00dcBERDACHUNG<\/h2>\n<p style=\"text-align: justify;\">Wir sind Spezialisten in der Entwicklung, Herstellung und Installation von Metallmarkisen f\u00fcr Autoparkpl\u00e4tze.<\/p>\n<p style=\"text-align: justify;\">Seit \u00fcber 20 Jahre stellen wir Markisen f\u00fcr Parkpl\u00e4tze her und decken bereits eine Parkfl\u00e4che von mehr als 200.000 m2 ab.<\/p>\n<p style=\"text-align: justify;\">Als f\u00fchrendes Unternehmen in dem Bereich bieten wir Garantien f\u00fcr Qualit\u00e4t. Unsere Prozesse sind mit ISO 9001 f\u00fcr Qualit\u00e4t und ISO 14001 f\u00fcr Umweltmanagement ausgezeichnet.<\/p>\n<p style=\"text-align: justify;\">Kontaktieren Sie uns um in unser Portfolio einzusehen oder geben Sie ihre Pl\u00e4ne an uns weiter und wir setzen sie um.<\/p>\n<p style=\"text-align: justify;\">Wir k\u00f6nnen unsere Produkte per Schiffscontainer oder Lastwagen in jedes Land der Welt exportieren.<\/p>\n<\/div><\/section><\/div><div  class='hr av-av_hr-d3021aff4e2c88ff75459fd6b3a45a12 hr-default  avia-builder-el-4  el_after_av_one_third  el_before_av_heading '><span class='hr-inner '><span class=\"hr-inner-style\"><\/span><\/span><\/div><\/p>\n\n<style type=\"text\/css\" data-created_by=\"avia_inline_auto\" id=\"style-css-av-av_heading-60518f8cf0185deb66d6f57f7649d999\">\n#top .av-special-heading.av-av_heading-60518f8cf0185deb66d6f57f7649d999{\npadding-bottom:10px;\n}\nbody .av-special-heading.av-av_heading-60518f8cf0185deb66d6f57f7649d999 .av-special-heading-tag .heading-char{\nfont-size:25px;\n}\n.av-special-heading.av-av_heading-60518f8cf0185deb66d6f57f7649d999 .av-subheading{\nfont-size:10px;\n}\n<\/style>\n<div  class='av-special-heading av-av_heading-60518f8cf0185deb66d6f57f7649d999 av-special-heading-h3  avia-builder-el-5  el_after_av_hr  el_before_av_portfolio  avia-builder-el-last '><h3 class='av-special-heading-tag '  itemprop=\"headline\"  >\u00c4hnliche Produkte<\/h3><div class=\"special-heading-border\"><div class=\"special-heading-inner-border\"><\/div><\/div><\/div>\n<div  id=\"av-sc-portfolio-1\"  class=\"av-portfolio-grid-sorting-container\"><div class='sort_width_container  av-sort-yes' data-portfolio-id='1' ><div id='js_sort_items' ><div class='sort_by_cat hidden'><a href=\"#\" data-filter=\"all_sort\" class=\"all_sort_button active_sort\"><span class=\"inner_sort_button\"><span>Alle<\/span><small class=\"av-cat-count\"> 3 <\/small><\/span><\/a><span class=\"text-sep parkplatzueberdachungen_sort_sep\">\/<\/span><a href=\"#\" data-filter=\"parkplatzueberdachungen_sort\" class=\"parkplatzueberdachungen_sort_button\" ><span class=\"inner_sort_button\"><span>Parkplatz\u00fcberdachungen<\/span><small class=\"av-cat-count\"> 3 <\/small><\/span><\/a><\/div><\/div><\/div><div  class=' grid-sort-container isotope   no_margin-container with-excerpt-container grid-total-odd grid-col-4 grid-links-' data-portfolio-id='1'><div data-ajax-id='9609' class=' grid-entry flex_column isotope-item all_sort no_margin post-entry post-entry-9609 grid-entry-overview grid-loop-1 grid-parity-odd  parkplatzueberdachungen_sort  av_one_fourth first default_av_fullwidth '><article class='main_color inner-entry'  itemscope=\"itemscope\" itemtype=\"https:\/\/schema.org\/CreativeWork\" ><a href=\"https:\/\/www.europa-prefabri.com\/de\/portfolio-item\/parkplatzueberdachungen\/\" title='Parkplatz\u00fcberdachungen'  data-rel='grid-1' class='grid-image avia-hover-fx'> <img decoding=\"async\" fetchpriority=\"high\" width=\"260\" height=\"185\" src=\"https:\/\/www.europa-prefabri.com\/wp-content\/uploads\/marquesina-de-aparcamiento-modelo-a-europa-prefabri-495x400-1-260x185.png\" class=\"wp-image-25577 avia-img-lazy-loading-not-25577 attachment-portfolio_small size-portfolio_small wp-post-image\" alt=\"\" \/><\/a><div class='grid-content'><div class='avia-arrow'><\/div><header class=\"entry-content-header\" aria-label=\"Portfolio: Parkplatz\u00fcberdachungen\"><h3 class='grid-entry-title entry-title '  itemprop=\"headline\" ><a href='https:\/\/www.europa-prefabri.com\/de\/portfolio-item\/parkplatzueberdachungen\/' title='Parkplatz\u00fcberdachungen'>Parkplatz\u00fcberdachungen<\/a><\/h3><\/header><\/div><footer class=\"entry-footer\"><\/footer><\/article><\/div><div data-ajax-id='9611' class=' grid-entry flex_column isotope-item all_sort no_margin post-entry post-entry-9611 grid-entry-overview grid-loop-2 grid-parity-even  parkplatzueberdachungen_sort  av_one_fourth  default_av_fullwidth '><article class='main_color inner-entry'  itemscope=\"itemscope\" itemtype=\"https:\/\/schema.org\/CreativeWork\" ><a href=\"https:\/\/www.europa-prefabri.com\/de\/portfolio-item\/textile-ueberdachungen\/\" title='Textile \u00dcberdachungen'  data-rel='grid-1' class='grid-image avia-hover-fx'> <img decoding=\"async\" fetchpriority=\"high\" width=\"260\" height=\"185\" src=\"https:\/\/www.europa-prefabri.com\/wp-content\/uploads\/cubierta-textil-europa-prefabri-495x400-1-260x185.png\" class=\"wp-image-25581 avia-img-lazy-loading-not-25581 attachment-portfolio_small size-portfolio_small wp-post-image\" alt=\"\" \/><\/a><div class='grid-content'><div class='avia-arrow'><\/div><header class=\"entry-content-header\" aria-label=\"Portfolio: Textile \u00dcberdachungen\"><h3 class='grid-entry-title entry-title '  itemprop=\"headline\" ><a href='https:\/\/www.europa-prefabri.com\/de\/portfolio-item\/textile-ueberdachungen\/' title='Textile \u00dcberdachungen'>Textile \u00dcberdachungen<\/a><\/h3><\/header><\/div><footer class=\"entry-footer\"><\/footer><\/article><\/div><div data-ajax-id='9613' class=' grid-entry flex_column isotope-item all_sort no_margin post-entry post-entry-9613 grid-entry-overview grid-loop-3 grid-parity-odd  post-entry-last  parkplatzueberdachungen_sort  av_one_fourth  default_av_fullwidth '><article class='main_color inner-entry'  itemscope=\"itemscope\" itemtype=\"https:\/\/schema.org\/CreativeWork\" ><a href=\"https:\/\/www.europa-prefabri.com\/de\/portfolio-item\/solar-autounterstand\/\" title='Solar Autounterstand'  data-rel='grid-1' class='grid-image avia-hover-fx'> <img decoding=\"async\" fetchpriority=\"high\" width=\"260\" height=\"185\" src=\"https:\/\/www.europa-prefabri.com\/wp-content\/uploads\/Marquesina_Doble_Tipo_T-1-260x185.jpg\" class=\"wp-image-29989 avia-img-lazy-loading-not-29989 attachment-portfolio_small size-portfolio_small wp-post-image\" alt=\"\" \/><\/a><div class='grid-content'><div class='avia-arrow'><\/div><header class=\"entry-content-header\" aria-label=\"Portfolio: Solar Autounterstand\"><h3 class='grid-entry-title entry-title '  itemprop=\"headline\" ><a href='https:\/\/www.europa-prefabri.com\/de\/portfolio-item\/solar-autounterstand\/' title='Solar Autounterstand'>Solar Autounterstand<\/a><\/h3><\/header><\/div><footer class=\"entry-footer\"><\/footer><\/article><\/div><\/div><\/div>   <!--   class=\"av-portfolio-grid-sorting-container\"  -->\n","protected":false},"excerpt":{"rendered":"","protected":false},"author":4,"featured_media":25577,"comment_status":"closed","ping_status":"closed","template":"","meta":{"footnotes":""},"tags":[],"portfolio_entries":[305],"class_list":["post-9609","portfolio","type-portfolio","status-publish","has-post-thumbnail","hentry","portfolio_entries-parkplatzueberdachungen"],"yoast_head":"<!-- This site is optimized with the Yoast SEO plugin v27.5 - https:\/\/yoast.com\/product\/yoast-seo-wordpress\/ -->\n<title>Europa Prefabri - Herstellung und Montage von Parkplatz\u00fcberdachungen<\/title>\n<meta name=\"description\" content=\"Europa Prefabri ist ein spanischer Fabrikant und Monteur von Stahlkonstruktionen und Parkplatz\u00fcberdachungen welche unter deutschen Normen produziert werden\" \/>\n<meta name=\"robots\" content=\"index, follow, max-snippet:-1, max-image-preview:large, max-video-preview:-1\" \/>\n<link rel=\"canonical\" href=\"https:\/\/www.europa-prefabri.com\/de\/portfolio-item\/parkplatzueberdachungen\/\" \/>\n<meta property=\"og:locale\" content=\"de_DE\" \/>\n<meta property=\"og:type\" content=\"article\" \/>\n<meta property=\"og:title\" content=\"Europa Prefabri - Herstellung und Montage von Parkplatz\u00fcberdachungen\" \/>\n<meta property=\"og:description\" content=\"Europa Prefabri ist ein spanischer Fabrikant und Monteur von Stahlkonstruktionen und Parkplatz\u00fcberdachungen welche unter deutschen Normen produziert werden\" \/>\n<meta property=\"og:url\" content=\"https:\/\/www.europa-prefabri.com\/de\/portfolio-item\/parkplatzueberdachungen\/\" \/>\n<meta property=\"og:site_name\" content=\"Europa Prefabri | Alquiler y venta de construcciones modulares\" \/>\n<meta property=\"article:publisher\" content=\"https:\/\/www.facebook.com\/Europa-Prefabri-258328977572213\/\" \/>\n<meta property=\"article:modified_time\" content=\"2019-05-09T10:21:00+00:00\" \/>\n<meta property=\"og:image\" content=\"https:\/\/www.europa-prefabri.com\/wp-content\/uploads\/marquesina-de-aparcamiento-modelo-a-europa-prefabri-495x400-1.png\" \/>\n\t<meta property=\"og:image:width\" content=\"495\" \/>\n\t<meta property=\"og:image:height\" content=\"400\" \/>\n\t<meta property=\"og:image:type\" content=\"image\/png\" \/>\n<meta name=\"twitter:card\" content=\"summary_large_image\" \/>\n<meta name=\"twitter:site\" content=\"@EuropaPrefabri\" \/>\n<meta name=\"twitter:label1\" content=\"Est. reading time\" \/>\n\t<meta name=\"twitter:data1\" content=\"1 minute\" \/>\n<script type=\"application\/ld+json\" class=\"yoast-schema-graph\">{\"@context\":\"https:\\\/\\\/schema.org\",\"@graph\":[{\"@type\":\"WebPage\",\"@id\":\"https:\\\/\\\/www.europa-prefabri.com\\\/de\\\/portfolio-item\\\/parkplatzueberdachungen\\\/\",\"url\":\"https:\\\/\\\/www.europa-prefabri.com\\\/de\\\/portfolio-item\\\/parkplatzueberdachungen\\\/\",\"name\":\"Europa Prefabri - Herstellung und Montage von Parkplatz\u00fcberdachungen\",\"isPartOf\":{\"@id\":\"https:\\\/\\\/www.europa-prefabri.com\\\/#website\"},\"primaryImageOfPage\":{\"@id\":\"https:\\\/\\\/www.europa-prefabri.com\\\/de\\\/portfolio-item\\\/parkplatzueberdachungen\\\/#primaryimage\"},\"image\":{\"@id\":\"https:\\\/\\\/www.europa-prefabri.com\\\/de\\\/portfolio-item\\\/parkplatzueberdachungen\\\/#primaryimage\"},\"thumbnailUrl\":\"https:\\\/\\\/www.europa-prefabri.com\\\/wp-content\\\/uploads\\\/marquesina-de-aparcamiento-modelo-a-europa-prefabri-495x400-1.png\",\"datePublished\":\"2016-03-21T16:00:13+00:00\",\"dateModified\":\"2019-05-09T10:21:00+00:00\",\"description\":\"Europa Prefabri ist ein spanischer Fabrikant und Monteur von Stahlkonstruktionen und Parkplatz\u00fcberdachungen welche unter deutschen Normen produziert werden\",\"breadcrumb\":{\"@id\":\"https:\\\/\\\/www.europa-prefabri.com\\\/de\\\/portfolio-item\\\/parkplatzueberdachungen\\\/#breadcrumb\"},\"inLanguage\":\"de-DE\",\"potentialAction\":[{\"@type\":\"ReadAction\",\"target\":[\"https:\\\/\\\/www.europa-prefabri.com\\\/de\\\/portfolio-item\\\/parkplatzueberdachungen\\\/\"]}]},{\"@type\":\"ImageObject\",\"inLanguage\":\"de-DE\",\"@id\":\"https:\\\/\\\/www.europa-prefabri.com\\\/de\\\/portfolio-item\\\/parkplatzueberdachungen\\\/#primaryimage\",\"url\":\"https:\\\/\\\/www.europa-prefabri.com\\\/wp-content\\\/uploads\\\/marquesina-de-aparcamiento-modelo-a-europa-prefabri-495x400-1.png\",\"contentUrl\":\"https:\\\/\\\/www.europa-prefabri.com\\\/wp-content\\\/uploads\\\/marquesina-de-aparcamiento-modelo-a-europa-prefabri-495x400-1.png\",\"width\":495,\"height\":400},{\"@type\":\"BreadcrumbList\",\"@id\":\"https:\\\/\\\/www.europa-prefabri.com\\\/de\\\/portfolio-item\\\/parkplatzueberdachungen\\\/#breadcrumb\",\"itemListElement\":[{\"@type\":\"ListItem\",\"position\":1,\"name\":\"Portada\",\"item\":\"https:\\\/\\\/www.europa-prefabri.com\\\/de\\\/\"},{\"@type\":\"ListItem\",\"position\":2,\"name\":\"Parkplatz\u00fcberdachungen\"}]},{\"@type\":\"WebSite\",\"@id\":\"https:\\\/\\\/www.europa-prefabri.com\\\/#website\",\"url\":\"https:\\\/\\\/www.europa-prefabri.com\\\/\",\"name\":\"Europa Prefabri | Alquiler y venta de construcciones modulares\",\"description\":\"Alquiler y venta de construcciones modulares, casetas de obra, marquesinas de aparcamiento y vallas y cerramientos.\",\"publisher\":{\"@id\":\"https:\\\/\\\/www.europa-prefabri.com\\\/#organization\"},\"potentialAction\":[{\"@type\":\"SearchAction\",\"target\":{\"@type\":\"EntryPoint\",\"urlTemplate\":\"https:\\\/\\\/www.europa-prefabri.com\\\/?s={search_term_string}\"},\"query-input\":{\"@type\":\"PropertyValueSpecification\",\"valueRequired\":true,\"valueName\":\"search_term_string\"}}],\"inLanguage\":\"de-DE\"},{\"@type\":\"Organization\",\"@id\":\"https:\\\/\\\/www.europa-prefabri.com\\\/#organization\",\"name\":\"Prefabri S.L.\",\"url\":\"https:\\\/\\\/www.europa-prefabri.com\\\/\",\"logo\":{\"@type\":\"ImageObject\",\"inLanguage\":\"de-DE\",\"@id\":\"https:\\\/\\\/www.europa-prefabri.com\\\/#\\\/schema\\\/logo\\\/image\\\/\",\"url\":\"https:\\\/\\\/www.europa-prefabri.com\\\/wp-content\\\/uploads\\\/EuropaPrefabri-Logo.jpg\",\"contentUrl\":\"https:\\\/\\\/www.europa-prefabri.com\\\/wp-content\\\/uploads\\\/EuropaPrefabri-Logo.jpg\",\"width\":752,\"height\":348,\"caption\":\"Prefabri S.L.\"},\"image\":{\"@id\":\"https:\\\/\\\/www.europa-prefabri.com\\\/#\\\/schema\\\/logo\\\/image\\\/\"},\"sameAs\":[\"https:\\\/\\\/www.facebook.com\\\/Europa-Prefabri-258328977572213\\\/\",\"https:\\\/\\\/x.com\\\/EuropaPrefabri\",\"https:\\\/\\\/www.instagram.com\\\/europaprefabri\\\/\",\"https:\\\/\\\/es.linkedin.com\\\/company\\\/europa-prefabri\",\"https:\\\/\\\/es.pinterest.com\\\/europaprefabri\\\/\",\"https:\\\/\\\/www.youtube.com\\\/user\\\/PrefabriSL\"]}]}<\/script>\n<!-- \/ Yoast SEO plugin. -->","yoast_head_json":{"title":"Europa Prefabri - Herstellung und Montage von Parkplatz\u00fcberdachungen","description":"Europa Prefabri ist ein spanischer Fabrikant und Monteur von Stahlkonstruktionen und Parkplatz\u00fcberdachungen welche unter deutschen Normen produziert werden","robots":{"index":"index","follow":"follow","max-snippet":"max-snippet:-1","max-image-preview":"max-image-preview:large","max-video-preview":"max-video-preview:-1"},"canonical":"https:\/\/www.europa-prefabri.com\/de\/portfolio-item\/parkplatzueberdachungen\/","og_locale":"de_DE","og_type":"article","og_title":"Europa Prefabri - Herstellung und Montage von Parkplatz\u00fcberdachungen","og_description":"Europa Prefabri ist ein spanischer Fabrikant und Monteur von Stahlkonstruktionen und Parkplatz\u00fcberdachungen welche unter deutschen Normen produziert werden","og_url":"https:\/\/www.europa-prefabri.com\/de\/portfolio-item\/parkplatzueberdachungen\/","og_site_name":"Europa Prefabri | Alquiler y venta de construcciones modulares","article_publisher":"https:\/\/www.facebook.com\/Europa-Prefabri-258328977572213\/","article_modified_time":"2019-05-09T10:21:00+00:00","og_image":[{"width":495,"height":400,"url":"https:\/\/www.europa-prefabri.com\/wp-content\/uploads\/marquesina-de-aparcamiento-modelo-a-europa-prefabri-495x400-1.png","type":"image\/png"}],"twitter_card":"summary_large_image","twitter_site":"@EuropaPrefabri","twitter_misc":{"Est. reading time":"1 minute"},"schema":{"@context":"https:\/\/schema.org","@graph":[{"@type":"WebPage","@id":"https:\/\/www.europa-prefabri.com\/de\/portfolio-item\/parkplatzueberdachungen\/","url":"https:\/\/www.europa-prefabri.com\/de\/portfolio-item\/parkplatzueberdachungen\/","name":"Europa Prefabri - Herstellung und Montage von Parkplatz\u00fcberdachungen","isPartOf":{"@id":"https:\/\/www.europa-prefabri.com\/#website"},"primaryImageOfPage":{"@id":"https:\/\/www.europa-prefabri.com\/de\/portfolio-item\/parkplatzueberdachungen\/#primaryimage"},"image":{"@id":"https:\/\/www.europa-prefabri.com\/de\/portfolio-item\/parkplatzueberdachungen\/#primaryimage"},"thumbnailUrl":"https:\/\/www.europa-prefabri.com\/wp-content\/uploads\/marquesina-de-aparcamiento-modelo-a-europa-prefabri-495x400-1.png","datePublished":"2016-03-21T16:00:13+00:00","dateModified":"2019-05-09T10:21:00+00:00","description":"Europa Prefabri ist ein spanischer Fabrikant und Monteur von Stahlkonstruktionen und Parkplatz\u00fcberdachungen welche unter deutschen Normen produziert werden","breadcrumb":{"@id":"https:\/\/www.europa-prefabri.com\/de\/portfolio-item\/parkplatzueberdachungen\/#breadcrumb"},"inLanguage":"de-DE","potentialAction":[{"@type":"ReadAction","target":["https:\/\/www.europa-prefabri.com\/de\/portfolio-item\/parkplatzueberdachungen\/"]}]},{"@type":"ImageObject","inLanguage":"de-DE","@id":"https:\/\/www.europa-prefabri.com\/de\/portfolio-item\/parkplatzueberdachungen\/#primaryimage","url":"https:\/\/www.europa-prefabri.com\/wp-content\/uploads\/marquesina-de-aparcamiento-modelo-a-europa-prefabri-495x400-1.png","contentUrl":"https:\/\/www.europa-prefabri.com\/wp-content\/uploads\/marquesina-de-aparcamiento-modelo-a-europa-prefabri-495x400-1.png","width":495,"height":400},{"@type":"BreadcrumbList","@id":"https:\/\/www.europa-prefabri.com\/de\/portfolio-item\/parkplatzueberdachungen\/#breadcrumb","itemListElement":[{"@type":"ListItem","position":1,"name":"Portada","item":"https:\/\/www.europa-prefabri.com\/de\/"},{"@type":"ListItem","position":2,"name":"Parkplatz\u00fcberdachungen"}]},{"@type":"WebSite","@id":"https:\/\/www.europa-prefabri.com\/#website","url":"https:\/\/www.europa-prefabri.com\/","name":"Europa Prefabri | Alquiler y venta de construcciones modulares","description":"Alquiler y venta de construcciones modulares, casetas de obra, marquesinas de aparcamiento y vallas y cerramientos.","publisher":{"@id":"https:\/\/www.europa-prefabri.com\/#organization"},"potentialAction":[{"@type":"SearchAction","target":{"@type":"EntryPoint","urlTemplate":"https:\/\/www.europa-prefabri.com\/?s={search_term_string}"},"query-input":{"@type":"PropertyValueSpecification","valueRequired":true,"valueName":"search_term_string"}}],"inLanguage":"de-DE"},{"@type":"Organization","@id":"https:\/\/www.europa-prefabri.com\/#organization","name":"Prefabri S.L.","url":"https:\/\/www.europa-prefabri.com\/","logo":{"@type":"ImageObject","inLanguage":"de-DE","@id":"https:\/\/www.europa-prefabri.com\/#\/schema\/logo\/image\/","url":"https:\/\/www.europa-prefabri.com\/wp-content\/uploads\/EuropaPrefabri-Logo.jpg","contentUrl":"https:\/\/www.europa-prefabri.com\/wp-content\/uploads\/EuropaPrefabri-Logo.jpg","width":752,"height":348,"caption":"Prefabri S.L."},"image":{"@id":"https:\/\/www.europa-prefabri.com\/#\/schema\/logo\/image\/"},"sameAs":["https:\/\/www.facebook.com\/Europa-Prefabri-258328977572213\/","https:\/\/x.com\/EuropaPrefabri","https:\/\/www.instagram.com\/europaprefabri\/","https:\/\/es.linkedin.com\/company\/europa-prefabri","https:\/\/es.pinterest.com\/europaprefabri\/","https:\/\/www.youtube.com\/user\/PrefabriSL"]}]}},"_links":{"self":[{"href":"https:\/\/www.europa-prefabri.com\/de\/wp-json\/wp\/v2\/portfolio\/9609","targetHints":{"allow":["GET"]}}],"collection":[{"href":"https:\/\/www.europa-prefabri.com\/de\/wp-json\/wp\/v2\/portfolio"}],"about":[{"href":"https:\/\/www.europa-prefabri.com\/de\/wp-json\/wp\/v2\/types\/portfolio"}],"author":[{"embeddable":true,"href":"https:\/\/www.europa-prefabri.com\/de\/wp-json\/wp\/v2\/users\/4"}],"replies":[{"embeddable":true,"href":"https:\/\/www.europa-prefabri.com\/de\/wp-json\/wp\/v2\/comments?post=9609"}],"version-history":[{"count":0,"href":"https:\/\/www.europa-prefabri.com\/de\/wp-json\/wp\/v2\/portfolio\/9609\/revisions"}],"wp:featuredmedia":[{"embeddable":true,"href":"https:\/\/www.europa-prefabri.com\/de\/wp-json\/wp\/v2\/media\/25577"}],"wp:attachment":[{"href":"https:\/\/www.europa-prefabri.com\/de\/wp-json\/wp\/v2\/media?parent=9609"}],"wp:term":[{"taxonomy":"post_tag","embeddable":true,"href":"https:\/\/www.europa-prefabri.com\/de\/wp-json\/wp\/v2\/tags?post=9609"},{"taxonomy":"portfolio_entries","embeddable":true,"href":"https:\/\/www.europa-prefabri.com\/de\/wp-json\/wp\/v2\/portfolio_entries?post=9609"}],"curies":[{"name":"wp","href":"https:\/\/api.w.org\/{rel}","templated":true}]}}