{"id":9511,"date":"2016-03-21T18:00:22","date_gmt":"2016-03-21T18:00:22","guid":{"rendered":"http:\/\/www.europa-prefabri.com\/de\/portfolio-item\/portable-cabins\/"},"modified":"2025-01-21T17:34:04","modified_gmt":"2025-01-21T16:34:04","slug":"mobile-kabinen","status":"publish","type":"portfolio","link":"https:\/\/www.europa-prefabri.com\/de\/portfolio-item\/mobile-kabinen\/","title":{"rendered":"Mobile Kabinen"},"content":{"rendered":"<div  class='flex_column av-av_two_third-2a9015ff38129c418a3f2eafba3e9512 av_two_third  avia-builder-el-0  el_before_av_one_third  avia-builder-el-first  first flex_column_div  '     ><style type=\"text\/css\" data-created_by=\"avia_inline_auto\" id=\"style-css-av-av_gallery-70691729b3c19afeece462a7f6bb7f9b\">\n#top .avia-gallery.av-av_gallery-70691729b3c19afeece462a7f6bb7f9b .avia-gallery-thumb a{\nwidth:8.3333%;\n}\n<\/style>\n<div  class='avia-gallery av-av_gallery-70691729b3c19afeece462a7f6bb7f9b avia_animate_when_visible  avia-builder-el-1  avia-builder-el-no-sibling  avia_lazyload av-slideshow-ui av-loop-manual-endless av-control-hidden av-navigate-arrows av-navigate-dots hover-effect av-control-hidden avia-gallery-animate avia-gallery-1'  itemprop=\"image\" itemscope=\"itemscope\" itemtype=\"https:\/\/schema.org\/ImageObject\" ><meta itemprop=\"contentURL\" content=\"https:\/\/www.europa-prefabri.com\/de\/portfolio-item\/mobile-kabinen\/\"><div class='avia-gallery-big-wrapper'><a class='avia-gallery-big fakeLightbox lightbox avia-gallery-big-crop-thumb ' href=\"https:\/\/www.europa-prefabri.com\/wp-content\/uploads\/ALDESA-_-Torrej\u00f3n.jpg\" data-srcset=\"https:\/\/www.europa-prefabri.com\/wp-content\/uploads\/ALDESA-_-Torrej\u00f3n.jpg 800w, https:\/\/www.europa-prefabri.com\/wp-content\/uploads\/ALDESA-_-Torrej\u00f3n-300x225.jpg 300w, https:\/\/www.europa-prefabri.com\/wp-content\/uploads\/ALDESA-_-Torrej\u00f3n-450x337.jpg 450w\" data-sizes=\"(max-width: 800px) 100vw, 800px\"  data-onclick='1' title='casetas modulares de obra' ><span class='avia-gallery-big-inner'  itemprop=\"thumbnailUrl\" ><img decoding=\"async\" fetchpriority=\"high\" class=\"wp-image-9701 avia-img-lazy-loading-not-9701\"  width=\"800\" height=\"600\" src=\"https:\/\/www.europa-prefabri.com\/wp-content\/uploads\/ALDESA-_-Torrej\u00f3n.jpg\" title='casetas modulares de obra' alt='' srcset=\"https:\/\/www.europa-prefabri.com\/wp-content\/uploads\/ALDESA-_-Torrej\u00f3n.jpg 800w, https:\/\/www.europa-prefabri.com\/wp-content\/uploads\/ALDESA-_-Torrej\u00f3n-300x225.jpg 300w, https:\/\/www.europa-prefabri.com\/wp-content\/uploads\/ALDESA-_-Torrej\u00f3n-450x337.jpg 450w\" sizes=\"(max-width: 800px) 100vw, 800px\" \/><\/span><\/a><\/div><div class='avia-gallery-thumb'><a href=\"https:\/\/www.europa-prefabri.com\/wp-content\/uploads\/ALDESA-_-Torrej\u00f3n.jpg\" data-srcset=\"https:\/\/www.europa-prefabri.com\/wp-content\/uploads\/ALDESA-_-Torrej\u00f3n.jpg 800w, https:\/\/www.europa-prefabri.com\/wp-content\/uploads\/ALDESA-_-Torrej\u00f3n-300x225.jpg 300w, https:\/\/www.europa-prefabri.com\/wp-content\/uploads\/ALDESA-_-Torrej\u00f3n-450x337.jpg 450w\" data-sizes=\"(max-width: 800px) 100vw, 800px\" data-rel='gallery-1' data-prev-img='https:\/\/www.europa-prefabri.com\/wp-content\/uploads\/ALDESA-_-Torrej\u00f3n.jpg' class='first_thumb lightbox ' data-onclick='1' title='casetas modulares de obra'  itemprop=\"thumbnailUrl\"  ><img decoding=\"async\" fetchpriority=\"high\" class=\"wp-image-9701 avia-img-lazy-loading-not-9701\"   src=\"https:\/\/www.europa-prefabri.com\/wp-content\/uploads\/ALDESA-_-Torrej\u00f3n-495x400.jpg\" width=\"495\" height=\"400\"  title='casetas modulares de obra' alt='' srcset=\"https:\/\/www.europa-prefabri.com\/wp-content\/uploads\/ALDESA-_-Torrej\u00f3n-495x400.jpg 495w, https:\/\/www.europa-prefabri.com\/wp-content\/uploads\/ALDESA-_-Torrej\u00f3n-710x575.jpg 710w\" sizes=\"(max-width: 495px) 100vw, 495px\" \/><div class='big-prev-fake'><img decoding=\"async\" loading=\"lazy\" class=\"wp-image-9701 avia-img-lazy-loading-9701\"  width=\"800\" height=\"600\" src=\"https:\/\/www.europa-prefabri.com\/wp-content\/uploads\/ALDESA-_-Torrej\u00f3n.jpg\" title='casetas modulares de obra' alt='' srcset=\"https:\/\/www.europa-prefabri.com\/wp-content\/uploads\/ALDESA-_-Torrej\u00f3n.jpg 800w, https:\/\/www.europa-prefabri.com\/wp-content\/uploads\/ALDESA-_-Torrej\u00f3n-300x225.jpg 300w, https:\/\/www.europa-prefabri.com\/wp-content\/uploads\/ALDESA-_-Torrej\u00f3n-450x337.jpg 450w\" sizes=\"auto, (max-width: 800px) 100vw, 800px\" \/><\/div><\/a><a href=\"https:\/\/www.europa-prefabri.com\/wp-content\/uploads\/Imagen-001_767x575.jpg\" data-srcset=\"https:\/\/www.europa-prefabri.com\/wp-content\/uploads\/Imagen-001_767x575.jpg 767w, https:\/\/www.europa-prefabri.com\/wp-content\/uploads\/Imagen-001_767x575-300x224.jpg 300w, https:\/\/www.europa-prefabri.com\/wp-content\/uploads\/Imagen-001_767x575-450x337.jpg 450w\" data-sizes=\"(max-width: 767px) 100vw, 767px\" data-rel='gallery-1' data-prev-img='https:\/\/www.europa-prefabri.com\/wp-content\/uploads\/Imagen-001_767x575.jpg' class='lightbox ' data-onclick='2' title='caseta almacen'  itemprop=\"thumbnailUrl\"  ><img decoding=\"async\" fetchpriority=\"high\" class=\"wp-image-2950 avia-img-lazy-loading-not-2950\"   src=\"https:\/\/www.europa-prefabri.com\/wp-content\/uploads\/Imagen-001_767x575-495x400.jpg\" width=\"495\" height=\"400\"  title='caseta almacen' alt='alquiler de casetas prefabricadas' srcset=\"https:\/\/www.europa-prefabri.com\/wp-content\/uploads\/Imagen-001_767x575-495x400.jpg 495w, https:\/\/www.europa-prefabri.com\/wp-content\/uploads\/Imagen-001_767x575-710x575.jpg 710w\" sizes=\"(max-width: 495px) 100vw, 495px\" \/><div class='big-prev-fake'><img decoding=\"async\" loading=\"lazy\" class=\"wp-image-2950 avia-img-lazy-loading-2950\"  width=\"767\" height=\"575\" src=\"https:\/\/www.europa-prefabri.com\/wp-content\/uploads\/Imagen-001_767x575.jpg\" title='caseta almacen' alt='alquiler de casetas prefabricadas' srcset=\"https:\/\/www.europa-prefabri.com\/wp-content\/uploads\/Imagen-001_767x575.jpg 767w, https:\/\/www.europa-prefabri.com\/wp-content\/uploads\/Imagen-001_767x575-300x224.jpg 300w, https:\/\/www.europa-prefabri.com\/wp-content\/uploads\/Imagen-001_767x575-450x337.jpg 450w\" sizes=\"auto, (max-width: 767px) 100vw, 767px\" \/><\/div><\/a><a href=\"https:\/\/www.europa-prefabri.com\/wp-content\/uploads\/Foto0301_800x600.jpg\" data-srcset=\"https:\/\/www.europa-prefabri.com\/wp-content\/uploads\/Foto0301_800x600.jpg 800w, https:\/\/www.europa-prefabri.com\/wp-content\/uploads\/Foto0301_800x600-300x225.jpg 300w, https:\/\/www.europa-prefabri.com\/wp-content\/uploads\/Foto0301_800x600-450x337.jpg 450w\" data-sizes=\"(max-width: 800px) 100vw, 800px\" data-rel='gallery-1' data-prev-img='https:\/\/www.europa-prefabri.com\/wp-content\/uploads\/Foto0301_800x600.jpg' class='lightbox ' data-onclick='3' title='ba\u00f1os prefabricados'  itemprop=\"thumbnailUrl\"  ><img decoding=\"async\" fetchpriority=\"high\" class=\"wp-image-3220 avia-img-lazy-loading-not-3220\"   src=\"https:\/\/www.europa-prefabri.com\/wp-content\/uploads\/Foto0301_800x600-495x400.jpg\" width=\"495\" height=\"400\"  title='ba\u00f1os prefabricados' alt='alquiler de casetas' srcset=\"https:\/\/www.europa-prefabri.com\/wp-content\/uploads\/Foto0301_800x600-495x400.jpg 495w, https:\/\/www.europa-prefabri.com\/wp-content\/uploads\/Foto0301_800x600-710x575.jpg 710w\" sizes=\"(max-width: 495px) 100vw, 495px\" \/><div class='big-prev-fake'><img decoding=\"async\" loading=\"lazy\" class=\"wp-image-3220 avia-img-lazy-loading-3220\"  width=\"800\" height=\"600\" src=\"https:\/\/www.europa-prefabri.com\/wp-content\/uploads\/Foto0301_800x600.jpg\" title='ba\u00f1os prefabricados' alt='alquiler de casetas' srcset=\"https:\/\/www.europa-prefabri.com\/wp-content\/uploads\/Foto0301_800x600.jpg 800w, https:\/\/www.europa-prefabri.com\/wp-content\/uploads\/Foto0301_800x600-300x225.jpg 300w, https:\/\/www.europa-prefabri.com\/wp-content\/uploads\/Foto0301_800x600-450x337.jpg 450w\" sizes=\"auto, (max-width: 800px) 100vw, 800px\" \/><\/div><\/a><\/div><\/div><\/div>\n\n<style type=\"text\/css\" data-created_by=\"avia_inline_auto\" id=\"style-css-av-av_one_third-9c1d454dc06f7247226bc4e8f931daae\">\n.flex_column.av-av_one_third-9c1d454dc06f7247226bc4e8f931daae{\nborder-radius:0px 0px 0px 0px;\npadding:0px 0px 0px 0px;\n}\n<\/style>\n<div  class='flex_column av-av_one_third-9c1d454dc06f7247226bc4e8f931daae av_one_third  avia-builder-el-2  el_after_av_two_third  el_before_av_hr  flex_column_div av-zero-column-padding  '     ><section  class='av_textblock_section av-av_textblock-0366cc7376be6c9e82a3e9cc8987b64f '   itemscope=\"itemscope\" itemtype=\"https:\/\/schema.org\/CreativeWork\" ><div class='avia_textblock'  itemprop=\"text\" ><h2>Mobile Kabinen<\/h2>\n<p>Vermietung und Verkauf von vorgefertigten B\u00fcrocontainer wie zum Beispiel B\u00fcros, Umkleider\u00e4ume, Speiser\u00e4ume, Sanit\u00e4re R\u00e4ume oder\u00a0Kabinen zur Lagerung.<\/p>\n<ul>\n<li>Offene R\u00e4ume mit Toiletten und B\u00fcros<\/li>\n<li>Verschiedene Modelle mit unterschiedlichen Ma\u00dfen.<\/li>\n<li>Isoliert oder nicht isoliert.<\/li>\n<li>Transport und Installation.<\/li>\n<li>Vermietung von M\u00f6bel.<\/li>\n<li>Kauf aus zweiter Hand m\u00f6glich<\/li>\n<\/ul>\n<p>Wir operieren in ganz Spanien und weiteren L\u00e4ndern, durch den eigenen Vertrieb und \u00fcber unseren lokalen Distributoren.<\/p>\n<p>Die Montage der Container wird auf den Wunsch des Kunden auf ein oder zwei Stockwerke angepasst.<\/p>\n<p>Zus\u00e4tzlich wird Entwicklung und Herstellung der Container auf die ben\u00f6tigten technischen Spezifikationen des Kunden zugeschnitten. (Ma\u00dfe, Materialen, Raumaufteilung, etc.).<\/p>\n<\/div><\/section><\/div><div  class='hr av-av_hr-d3021aff4e2c88ff75459fd6b3a45a12 hr-default  avia-builder-el-4  el_after_av_one_third  el_before_av_heading '><span class='hr-inner '><span class=\"hr-inner-style\"><\/span><\/span><\/div><\/p>\n\n<style type=\"text\/css\" data-created_by=\"avia_inline_auto\" id=\"style-css-av-av_heading-74d25705a32affda6672f3af06397e5e\">\n#top .av-special-heading.av-av_heading-74d25705a32affda6672f3af06397e5e{\npadding-bottom:10px;\n}\nbody .av-special-heading.av-av_heading-74d25705a32affda6672f3af06397e5e .av-special-heading-tag .heading-char{\nfont-size:25px;\n}\n.av-special-heading.av-av_heading-74d25705a32affda6672f3af06397e5e .av-subheading{\nfont-size:10px;\n}\n<\/style>\n<div  class='av-special-heading av-av_heading-74d25705a32affda6672f3af06397e5e av-special-heading-h4  avia-builder-el-5  el_after_av_hr  el_before_av_gallery '><h4 class='av-special-heading-tag '  itemprop=\"headline\"  >Vorgefertigte mobile Kabinen &#8211; Standard<\/h4><div class=\"special-heading-border\"><div class=\"special-heading-inner-border\"><\/div><\/div><\/div>\n\n\n<style type=\"text\/css\" data-created_by=\"avia_inline_auto\" id=\"style-css-av-av_heading-321d4885d5e685958671b75026a62ff2\">\n#top .av-special-heading.av-av_heading-321d4885d5e685958671b75026a62ff2{\npadding-bottom:10px;\n}\nbody .av-special-heading.av-av_heading-321d4885d5e685958671b75026a62ff2 .av-special-heading-tag .heading-char{\nfont-size:25px;\n}\n.av-special-heading.av-av_heading-321d4885d5e685958671b75026a62ff2 .av-subheading{\nfont-size:10px;\n}\n<\/style>\n<div  class='av-special-heading av-av_heading-321d4885d5e685958671b75026a62ff2 av-special-heading-h4  avia-builder-el-7  el_after_av_gallery  el_before_av_gallery '><h4 class='av-special-heading-tag '  itemprop=\"headline\"  >vorgefertigte mobile Kabinen &#8211; mit Toillete und Zimmer<\/h4><div class=\"special-heading-border\"><div class=\"special-heading-inner-border\"><\/div><\/div><\/div>\n\n\n<style type=\"text\/css\" data-created_by=\"avia_inline_auto\" id=\"style-css-av-av_heading-fbcc323ee1f9008c520953172806a93a\">\n#top .av-special-heading.av-av_heading-fbcc323ee1f9008c520953172806a93a{\npadding-bottom:10px;\n}\nbody .av-special-heading.av-av_heading-fbcc323ee1f9008c520953172806a93a .av-special-heading-tag .heading-char{\nfont-size:25px;\n}\n.av-special-heading.av-av_heading-fbcc323ee1f9008c520953172806a93a .av-subheading{\nfont-size:10px;\n}\n<\/style>\n<div  class='av-special-heading av-av_heading-fbcc323ee1f9008c520953172806a93a av-special-heading-h4  avia-builder-el-9  el_after_av_gallery  el_before_av_gallery '><h4 class='av-special-heading-tag '  itemprop=\"headline\"  >Vorgefertigte mobile Kabinen &#8211; Sanit\u00e4rraum<\/h4><div class=\"special-heading-border\"><div class=\"special-heading-inner-border\"><\/div><\/div><\/div>\n\n<div  class='hr av-av_hr-dcd2069817a0e3d34ae04cad8f3443c7 hr-default'><span class='hr-inner '><span class=\"hr-inner-style\"><\/span><\/span><\/div>\n<div  class='flex_column av-av_one_full-2a9015ff38129c418a3f2eafba3e9512 av_one_full first flex_column_div  '     ><p>\n<style type=\"text\/css\" data-created_by=\"avia_inline_auto\" id=\"style-css-av-av_heading-e031fe9379d88696ba7a6837a9efdb76\">\n#top .av-special-heading.av-av_heading-e031fe9379d88696ba7a6837a9efdb76{\npadding-bottom:10px;\n}\nbody .av-special-heading.av-av_heading-e031fe9379d88696ba7a6837a9efdb76 .av-special-heading-tag .heading-char{\nfont-size:25px;\n}\n.av-special-heading.av-av_heading-e031fe9379d88696ba7a6837a9efdb76 .av-subheading{\nfont-size:10px;\n}\n<\/style>\n<div  class='av-special-heading av-av_heading-e031fe9379d88696ba7a6837a9efdb76 av-special-heading-h3'><h3 class='av-special-heading-tag '  itemprop=\"headline\"  >\u00c4hnliche Produkte<\/h3><div class=\"special-heading-border\"><div class=\"special-heading-inner-border\"><\/div><\/div><\/div><br \/>\n<div  id=\"av-sc-portfolio-1\"  class=\"av-portfolio-grid-sorting-container\"><div class='sort_width_container  av-sort-yes' data-portfolio-id='1' ><div id='js_sort_items' ><div class='sort_by_cat hidden'><a href=\"#\" data-filter=\"all_sort\" class=\"all_sort_button active_sort\"><span class=\"inner_sort_button\"><span>Alle<\/span><small class=\"av-cat-count\"> 5 <\/small><\/span><\/a><span class=\"text-sep modulbau_sort_sep\">\/<\/span><a href=\"#\" data-filter=\"modulbau_sort\" class=\"modulbau_sort_button\" ><span class=\"inner_sort_button\"><span>Modulbau<\/span><small class=\"av-cat-count\"> 5 <\/small><\/span><\/a><\/div><\/div><\/div><div  class=' grid-sort-container isotope   no_margin-container with-excerpt-container grid-total-odd grid-col-5 grid-links-' data-portfolio-id='1'><div data-ajax-id='9511' class=' grid-entry flex_column isotope-item all_sort no_margin post-entry post-entry-9511 grid-entry-overview grid-loop-1 grid-parity-odd  modulbau_sort  av_one_fifth first default_av_fullwidth '><article class='main_color inner-entry'  itemscope=\"itemscope\" itemtype=\"https:\/\/schema.org\/CreativeWork\" ><a href=\"https:\/\/www.europa-prefabri.com\/de\/portfolio-item\/mobile-kabinen\/\" title='Mobile Kabinen'  data-rel='grid-1' class='grid-image avia-hover-fx'> <img decoding=\"async\" fetchpriority=\"high\" width=\"260\" height=\"185\" src=\"https:\/\/www.europa-prefabri.com\/wp-content\/uploads\/caseta-de-obra-europa-prefabri-260x185-1.png\" class=\"wp-image-25423 avia-img-lazy-loading-not-25423 attachment-portfolio_small size-portfolio_small wp-post-image\" alt=\"\" \/><\/a><div class='grid-content'><div class='avia-arrow'><\/div><header class=\"entry-content-header\" aria-label=\"Portfolio: Mobile Kabinen\"><h3 class='grid-entry-title entry-title '  itemprop=\"headline\" ><a href='https:\/\/www.europa-prefabri.com\/de\/portfolio-item\/mobile-kabinen\/' title='Mobile Kabinen'>Mobile Kabinen<\/a><\/h3><\/header><\/div><footer class=\"entry-footer\"><\/footer><\/article><\/div><div data-ajax-id='9559' class=' grid-entry flex_column isotope-item all_sort no_margin post-entry post-entry-9559 grid-entry-overview grid-loop-2 grid-parity-even  modulbau_sort  av_one_fifth  default_av_fullwidth '><article class='main_color inner-entry'  itemscope=\"itemscope\" itemtype=\"https:\/\/schema.org\/CreativeWork\" ><a href=\"https:\/\/www.europa-prefabri.com\/de\/portfolio-item\/vorgefertigte-modulare-gebaeude\/\" title='Vorgefertigte modulare Geb\u00e4ude'  data-rel='grid-1' class='grid-image avia-hover-fx'> <img decoding=\"async\" fetchpriority=\"high\" width=\"260\" height=\"185\" src=\"https:\/\/www.europa-prefabri.com\/wp-content\/uploads\/modulo-prefabricado-europa-prefabri-495x400-1-260x185.png\" class=\"wp-image-25527 avia-img-lazy-loading-not-25527 attachment-portfolio_small size-portfolio_small wp-post-image\" alt=\"\" \/><\/a><div class='grid-content'><div class='avia-arrow'><\/div><header class=\"entry-content-header\" aria-label=\"Portfolio: Vorgefertigte modulare Geb\u00e4ude\"><h3 class='grid-entry-title entry-title '  itemprop=\"headline\" ><a href='https:\/\/www.europa-prefabri.com\/de\/portfolio-item\/vorgefertigte-modulare-gebaeude\/' title='Vorgefertigte modulare Geb\u00e4ude'>Vorgefertigte modulare Geb\u00e4ude<\/a><\/h3><\/header><\/div><footer class=\"entry-footer\"><\/footer><\/article><\/div><div data-ajax-id='9568' class=' grid-entry flex_column isotope-item all_sort no_margin post-entry post-entry-9568 grid-entry-overview grid-loop-3 grid-parity-odd  modulbau_sort  av_one_fifth  default_av_fullwidth '><article class='main_color inner-entry'  itemscope=\"itemscope\" itemtype=\"https:\/\/schema.org\/CreativeWork\" ><a href=\"https:\/\/www.europa-prefabri.com\/de\/portfolio-item\/spezielle-module\/\" title='Spezielle Module'  data-rel='grid-1' class='grid-image avia-hover-fx'> <img decoding=\"async\" fetchpriority=\"high\" width=\"260\" height=\"185\" src=\"https:\/\/www.europa-prefabri.com\/wp-content\/uploads\/modulo-especial-europa-prefabri-495x400-1-260x185.png\" class=\"wp-image-25490 avia-img-lazy-loading-not-25490 attachment-portfolio_small size-portfolio_small wp-post-image\" alt=\"\" \/><\/a><div class='grid-content'><div class='avia-arrow'><\/div><header class=\"entry-content-header\" aria-label=\"Portfolio: Spezielle Module\"><h3 class='grid-entry-title entry-title '  itemprop=\"headline\" ><a href='https:\/\/www.europa-prefabri.com\/de\/portfolio-item\/spezielle-module\/' title='Spezielle Module'>Spezielle Module<\/a><\/h3><\/header><\/div><footer class=\"entry-footer\"><\/footer><\/article><\/div><div data-ajax-id='9584' class=' grid-entry flex_column isotope-item all_sort no_margin post-entry post-entry-9584 grid-entry-overview grid-loop-4 grid-parity-even  modulbau_sort  av_one_fifth  default_av_fullwidth '><article class='main_color inner-entry'  itemscope=\"itemscope\" itemtype=\"https:\/\/schema.org\/CreativeWork\" ><a href=\"https:\/\/www.europa-prefabri.com\/de\/portfolio-item\/flat-pack-module\/\" title='Flat-Pack Module'  data-rel='grid-1' class='grid-image avia-hover-fx'> <img decoding=\"async\" fetchpriority=\"high\" width=\"260\" height=\"185\" src=\"https:\/\/www.europa-prefabri.com\/wp-content\/uploads\/modulos-en-kit-europa-prefabri-260x185-1.png\" class=\"wp-image-25473 avia-img-lazy-loading-not-25473 attachment-portfolio_small size-portfolio_small wp-post-image\" alt=\"\" \/><\/a><div class='grid-content'><div class='avia-arrow'><\/div><header class=\"entry-content-header\" aria-label=\"Portfolio: Flat-Pack Module\"><h3 class='grid-entry-title entry-title '  itemprop=\"headline\" ><a href='https:\/\/www.europa-prefabri.com\/de\/portfolio-item\/flat-pack-module\/' title='Flat-Pack Module'>Flat-Pack Module<\/a><\/h3><\/header><\/div><footer class=\"entry-footer\"><\/footer><\/article><\/div><div data-ajax-id='9588' class=' grid-entry flex_column isotope-item all_sort no_margin post-entry post-entry-9588 grid-entry-overview grid-loop-5 grid-parity-odd  post-entry-last  modulbau_sort  av_one_fifth  default_av_fullwidth '><article class='main_color inner-entry'  itemscope=\"itemscope\" itemtype=\"https:\/\/schema.org\/CreativeWork\" ><a href=\"https:\/\/www.europa-prefabri.com\/de\/portfolio-item\/container\/\" title='Container'  data-rel='grid-1' class='grid-image avia-hover-fx'> <img decoding=\"async\" fetchpriority=\"high\" width=\"260\" height=\"185\" src=\"https:\/\/www.europa-prefabri.com\/wp-content\/uploads\/contenedor-europa-prefabri-495x400-1-260x185.png\" class=\"wp-image-25500 avia-img-lazy-loading-not-25500 attachment-portfolio_small size-portfolio_small wp-post-image\" alt=\"\" \/><\/a><div class='grid-content'><div class='avia-arrow'><\/div><header class=\"entry-content-header\" aria-label=\"Portfolio: Container\"><h3 class='grid-entry-title entry-title '  itemprop=\"headline\" ><a href='https:\/\/www.europa-prefabri.com\/de\/portfolio-item\/container\/' title='Container'>Container<\/a><\/h3><\/header><\/div><footer class=\"entry-footer\"><\/footer><\/article><\/div><\/div><\/div>   <!--   class=\"av-portfolio-grid-sorting-container\"  --><\/p><\/div>\n","protected":false},"excerpt":{"rendered":"","protected":false},"author":4,"featured_media":25423,"comment_status":"closed","ping_status":"closed","template":"","meta":{"footnotes":""},"tags":[],"portfolio_entries":[304],"class_list":["post-9511","portfolio","type-portfolio","status-publish","has-post-thumbnail","hentry","portfolio_entries-modulbau"],"yoast_head":"<!-- This site is optimized with the Yoast SEO plugin v27.5 - https:\/\/yoast.com\/product\/yoast-seo-wordpress\/ -->\n<title>Europa Prefabri \u2013 Hersteller von B\u00fcrocontainern und Wohncontainern<\/title>\n<meta name=\"description\" content=\"Europa Prefabri ist ein spanischer Hersteller von mobilen Containern und Fertigcontainern f\u00fcr verschiedene Zwecke, wie mobile B\u00fcros und vor\u00fcbergehende Baustellen\" \/>\n<meta name=\"robots\" content=\"index, follow, max-snippet:-1, max-image-preview:large, max-video-preview:-1\" \/>\n<link rel=\"canonical\" href=\"https:\/\/www.europa-prefabri.com\/de\/portfolio-item\/mobile-kabinen\/\" \/>\n<meta property=\"og:locale\" content=\"de_DE\" \/>\n<meta property=\"og:type\" content=\"article\" \/>\n<meta property=\"og:title\" content=\"Europa Prefabri \u2013 Hersteller von B\u00fcrocontainern und Wohncontainern\" \/>\n<meta property=\"og:description\" content=\"Europa Prefabri ist ein spanischer Hersteller von mobilen Containern und Fertigcontainern f\u00fcr verschiedene Zwecke, wie mobile B\u00fcros und vor\u00fcbergehende Baustellen\" \/>\n<meta property=\"og:url\" content=\"https:\/\/www.europa-prefabri.com\/de\/portfolio-item\/mobile-kabinen\/\" \/>\n<meta property=\"og:site_name\" content=\"Europa Prefabri | Alquiler y venta de construcciones modulares\" \/>\n<meta property=\"article:publisher\" content=\"https:\/\/www.facebook.com\/Europa-Prefabri-258328977572213\/\" \/>\n<meta property=\"article:modified_time\" content=\"2025-01-21T16:34:04+00:00\" \/>\n<meta property=\"og:image\" content=\"https:\/\/www.europa-prefabri.com\/wp-content\/uploads\/caseta-de-obra-europa-prefabri-260x185-1.png\" \/>\n\t<meta property=\"og:image:width\" content=\"260\" \/>\n\t<meta property=\"og:image:height\" content=\"185\" \/>\n\t<meta property=\"og:image:type\" content=\"image\/png\" \/>\n<meta name=\"twitter:card\" content=\"summary_large_image\" \/>\n<meta name=\"twitter:site\" content=\"@EuropaPrefabri\" \/>\n<meta name=\"twitter:label1\" content=\"Est. reading time\" \/>\n\t<meta name=\"twitter:data1\" content=\"7 minutes\" \/>\n<script type=\"application\/ld+json\" class=\"yoast-schema-graph\">{\"@context\":\"https:\\\/\\\/schema.org\",\"@graph\":[{\"@type\":\"WebPage\",\"@id\":\"https:\\\/\\\/www.europa-prefabri.com\\\/de\\\/portfolio-item\\\/mobile-kabinen\\\/\",\"url\":\"https:\\\/\\\/www.europa-prefabri.com\\\/de\\\/portfolio-item\\\/mobile-kabinen\\\/\",\"name\":\"Europa Prefabri \u2013 Hersteller von B\u00fcrocontainern und Wohncontainern\",\"isPartOf\":{\"@id\":\"https:\\\/\\\/www.europa-prefabri.com\\\/#website\"},\"primaryImageOfPage\":{\"@id\":\"https:\\\/\\\/www.europa-prefabri.com\\\/de\\\/portfolio-item\\\/mobile-kabinen\\\/#primaryimage\"},\"image\":{\"@id\":\"https:\\\/\\\/www.europa-prefabri.com\\\/de\\\/portfolio-item\\\/mobile-kabinen\\\/#primaryimage\"},\"thumbnailUrl\":\"https:\\\/\\\/www.europa-prefabri.com\\\/wp-content\\\/uploads\\\/caseta-de-obra-europa-prefabri-260x185-1.png\",\"datePublished\":\"2016-03-21T18:00:22+00:00\",\"dateModified\":\"2025-01-21T16:34:04+00:00\",\"description\":\"Europa Prefabri ist ein spanischer Hersteller von mobilen Containern und Fertigcontainern f\u00fcr verschiedene Zwecke, wie mobile B\u00fcros und vor\u00fcbergehende Baustellen\",\"breadcrumb\":{\"@id\":\"https:\\\/\\\/www.europa-prefabri.com\\\/de\\\/portfolio-item\\\/mobile-kabinen\\\/#breadcrumb\"},\"inLanguage\":\"de-DE\",\"potentialAction\":[{\"@type\":\"ReadAction\",\"target\":[\"https:\\\/\\\/www.europa-prefabri.com\\\/de\\\/portfolio-item\\\/mobile-kabinen\\\/\"]}]},{\"@type\":\"ImageObject\",\"inLanguage\":\"de-DE\",\"@id\":\"https:\\\/\\\/www.europa-prefabri.com\\\/de\\\/portfolio-item\\\/mobile-kabinen\\\/#primaryimage\",\"url\":\"https:\\\/\\\/www.europa-prefabri.com\\\/wp-content\\\/uploads\\\/caseta-de-obra-europa-prefabri-260x185-1.png\",\"contentUrl\":\"https:\\\/\\\/www.europa-prefabri.com\\\/wp-content\\\/uploads\\\/caseta-de-obra-europa-prefabri-260x185-1.png\",\"width\":260,\"height\":185},{\"@type\":\"BreadcrumbList\",\"@id\":\"https:\\\/\\\/www.europa-prefabri.com\\\/de\\\/portfolio-item\\\/mobile-kabinen\\\/#breadcrumb\",\"itemListElement\":[{\"@type\":\"ListItem\",\"position\":1,\"name\":\"Portada\",\"item\":\"https:\\\/\\\/www.europa-prefabri.com\\\/de\\\/\"},{\"@type\":\"ListItem\",\"position\":2,\"name\":\"Mobile Kabinen\"}]},{\"@type\":\"WebSite\",\"@id\":\"https:\\\/\\\/www.europa-prefabri.com\\\/#website\",\"url\":\"https:\\\/\\\/www.europa-prefabri.com\\\/\",\"name\":\"Europa Prefabri | Alquiler y venta de construcciones modulares\",\"description\":\"Alquiler y venta de construcciones modulares, casetas de obra, marquesinas de aparcamiento y vallas y cerramientos.\",\"publisher\":{\"@id\":\"https:\\\/\\\/www.europa-prefabri.com\\\/#organization\"},\"potentialAction\":[{\"@type\":\"SearchAction\",\"target\":{\"@type\":\"EntryPoint\",\"urlTemplate\":\"https:\\\/\\\/www.europa-prefabri.com\\\/?s={search_term_string}\"},\"query-input\":{\"@type\":\"PropertyValueSpecification\",\"valueRequired\":true,\"valueName\":\"search_term_string\"}}],\"inLanguage\":\"de-DE\"},{\"@type\":\"Organization\",\"@id\":\"https:\\\/\\\/www.europa-prefabri.com\\\/#organization\",\"name\":\"Prefabri S.L.\",\"url\":\"https:\\\/\\\/www.europa-prefabri.com\\\/\",\"logo\":{\"@type\":\"ImageObject\",\"inLanguage\":\"de-DE\",\"@id\":\"https:\\\/\\\/www.europa-prefabri.com\\\/#\\\/schema\\\/logo\\\/image\\\/\",\"url\":\"https:\\\/\\\/www.europa-prefabri.com\\\/wp-content\\\/uploads\\\/EuropaPrefabri-Logo.jpg\",\"contentUrl\":\"https:\\\/\\\/www.europa-prefabri.com\\\/wp-content\\\/uploads\\\/EuropaPrefabri-Logo.jpg\",\"width\":752,\"height\":348,\"caption\":\"Prefabri S.L.\"},\"image\":{\"@id\":\"https:\\\/\\\/www.europa-prefabri.com\\\/#\\\/schema\\\/logo\\\/image\\\/\"},\"sameAs\":[\"https:\\\/\\\/www.facebook.com\\\/Europa-Prefabri-258328977572213\\\/\",\"https:\\\/\\\/x.com\\\/EuropaPrefabri\",\"https:\\\/\\\/www.instagram.com\\\/europaprefabri\\\/\",\"https:\\\/\\\/es.linkedin.com\\\/company\\\/europa-prefabri\",\"https:\\\/\\\/es.pinterest.com\\\/europaprefabri\\\/\",\"https:\\\/\\\/www.youtube.com\\\/user\\\/PrefabriSL\"]}]}<\/script>\n<!-- \/ Yoast SEO plugin. -->","yoast_head_json":{"title":"Europa Prefabri \u2013 Hersteller von B\u00fcrocontainern und Wohncontainern","description":"Europa Prefabri ist ein spanischer Hersteller von mobilen Containern und Fertigcontainern f\u00fcr verschiedene Zwecke, wie mobile B\u00fcros und vor\u00fcbergehende Baustellen","robots":{"index":"index","follow":"follow","max-snippet":"max-snippet:-1","max-image-preview":"max-image-preview:large","max-video-preview":"max-video-preview:-1"},"canonical":"https:\/\/www.europa-prefabri.com\/de\/portfolio-item\/mobile-kabinen\/","og_locale":"de_DE","og_type":"article","og_title":"Europa Prefabri \u2013 Hersteller von B\u00fcrocontainern und Wohncontainern","og_description":"Europa Prefabri ist ein spanischer Hersteller von mobilen Containern und Fertigcontainern f\u00fcr verschiedene Zwecke, wie mobile B\u00fcros und vor\u00fcbergehende Baustellen","og_url":"https:\/\/www.europa-prefabri.com\/de\/portfolio-item\/mobile-kabinen\/","og_site_name":"Europa Prefabri | Alquiler y venta de construcciones modulares","article_publisher":"https:\/\/www.facebook.com\/Europa-Prefabri-258328977572213\/","article_modified_time":"2025-01-21T16:34:04+00:00","og_image":[{"width":260,"height":185,"url":"https:\/\/www.europa-prefabri.com\/wp-content\/uploads\/caseta-de-obra-europa-prefabri-260x185-1.png","type":"image\/png"}],"twitter_card":"summary_large_image","twitter_site":"@EuropaPrefabri","twitter_misc":{"Est. reading time":"7 minutes"},"schema":{"@context":"https:\/\/schema.org","@graph":[{"@type":"WebPage","@id":"https:\/\/www.europa-prefabri.com\/de\/portfolio-item\/mobile-kabinen\/","url":"https:\/\/www.europa-prefabri.com\/de\/portfolio-item\/mobile-kabinen\/","name":"Europa Prefabri \u2013 Hersteller von B\u00fcrocontainern und Wohncontainern","isPartOf":{"@id":"https:\/\/www.europa-prefabri.com\/#website"},"primaryImageOfPage":{"@id":"https:\/\/www.europa-prefabri.com\/de\/portfolio-item\/mobile-kabinen\/#primaryimage"},"image":{"@id":"https:\/\/www.europa-prefabri.com\/de\/portfolio-item\/mobile-kabinen\/#primaryimage"},"thumbnailUrl":"https:\/\/www.europa-prefabri.com\/wp-content\/uploads\/caseta-de-obra-europa-prefabri-260x185-1.png","datePublished":"2016-03-21T18:00:22+00:00","dateModified":"2025-01-21T16:34:04+00:00","description":"Europa Prefabri ist ein spanischer Hersteller von mobilen Containern und Fertigcontainern f\u00fcr verschiedene Zwecke, wie mobile B\u00fcros und vor\u00fcbergehende Baustellen","breadcrumb":{"@id":"https:\/\/www.europa-prefabri.com\/de\/portfolio-item\/mobile-kabinen\/#breadcrumb"},"inLanguage":"de-DE","potentialAction":[{"@type":"ReadAction","target":["https:\/\/www.europa-prefabri.com\/de\/portfolio-item\/mobile-kabinen\/"]}]},{"@type":"ImageObject","inLanguage":"de-DE","@id":"https:\/\/www.europa-prefabri.com\/de\/portfolio-item\/mobile-kabinen\/#primaryimage","url":"https:\/\/www.europa-prefabri.com\/wp-content\/uploads\/caseta-de-obra-europa-prefabri-260x185-1.png","contentUrl":"https:\/\/www.europa-prefabri.com\/wp-content\/uploads\/caseta-de-obra-europa-prefabri-260x185-1.png","width":260,"height":185},{"@type":"BreadcrumbList","@id":"https:\/\/www.europa-prefabri.com\/de\/portfolio-item\/mobile-kabinen\/#breadcrumb","itemListElement":[{"@type":"ListItem","position":1,"name":"Portada","item":"https:\/\/www.europa-prefabri.com\/de\/"},{"@type":"ListItem","position":2,"name":"Mobile Kabinen"}]},{"@type":"WebSite","@id":"https:\/\/www.europa-prefabri.com\/#website","url":"https:\/\/www.europa-prefabri.com\/","name":"Europa Prefabri | Alquiler y venta de construcciones modulares","description":"Alquiler y venta de construcciones modulares, casetas de obra, marquesinas de aparcamiento y vallas y cerramientos.","publisher":{"@id":"https:\/\/www.europa-prefabri.com\/#organization"},"potentialAction":[{"@type":"SearchAction","target":{"@type":"EntryPoint","urlTemplate":"https:\/\/www.europa-prefabri.com\/?s={search_term_string}"},"query-input":{"@type":"PropertyValueSpecification","valueRequired":true,"valueName":"search_term_string"}}],"inLanguage":"de-DE"},{"@type":"Organization","@id":"https:\/\/www.europa-prefabri.com\/#organization","name":"Prefabri S.L.","url":"https:\/\/www.europa-prefabri.com\/","logo":{"@type":"ImageObject","inLanguage":"de-DE","@id":"https:\/\/www.europa-prefabri.com\/#\/schema\/logo\/image\/","url":"https:\/\/www.europa-prefabri.com\/wp-content\/uploads\/EuropaPrefabri-Logo.jpg","contentUrl":"https:\/\/www.europa-prefabri.com\/wp-content\/uploads\/EuropaPrefabri-Logo.jpg","width":752,"height":348,"caption":"Prefabri S.L."},"image":{"@id":"https:\/\/www.europa-prefabri.com\/#\/schema\/logo\/image\/"},"sameAs":["https:\/\/www.facebook.com\/Europa-Prefabri-258328977572213\/","https:\/\/x.com\/EuropaPrefabri","https:\/\/www.instagram.com\/europaprefabri\/","https:\/\/es.linkedin.com\/company\/europa-prefabri","https:\/\/es.pinterest.com\/europaprefabri\/","https:\/\/www.youtube.com\/user\/PrefabriSL"]}]}},"_links":{"self":[{"href":"https:\/\/www.europa-prefabri.com\/de\/wp-json\/wp\/v2\/portfolio\/9511","targetHints":{"allow":["GET"]}}],"collection":[{"href":"https:\/\/www.europa-prefabri.com\/de\/wp-json\/wp\/v2\/portfolio"}],"about":[{"href":"https:\/\/www.europa-prefabri.com\/de\/wp-json\/wp\/v2\/types\/portfolio"}],"author":[{"embeddable":true,"href":"https:\/\/www.europa-prefabri.com\/de\/wp-json\/wp\/v2\/users\/4"}],"replies":[{"embeddable":true,"href":"https:\/\/www.europa-prefabri.com\/de\/wp-json\/wp\/v2\/comments?post=9511"}],"version-history":[{"count":0,"href":"https:\/\/www.europa-prefabri.com\/de\/wp-json\/wp\/v2\/portfolio\/9511\/revisions"}],"wp:featuredmedia":[{"embeddable":true,"href":"https:\/\/www.europa-prefabri.com\/de\/wp-json\/wp\/v2\/media\/25423"}],"wp:attachment":[{"href":"https:\/\/www.europa-prefabri.com\/de\/wp-json\/wp\/v2\/media?parent=9511"}],"wp:term":[{"taxonomy":"post_tag","embeddable":true,"href":"https:\/\/www.europa-prefabri.com\/de\/wp-json\/wp\/v2\/tags?post=9511"},{"taxonomy":"portfolio_entries","embeddable":true,"href":"https:\/\/www.europa-prefabri.com\/de\/wp-json\/wp\/v2\/portfolio_entries?post=9511"}],"curies":[{"name":"wp","href":"https:\/\/api.w.org\/{rel}","templated":true}]}}