{"id":10464,"date":"2016-04-07T08:54:21","date_gmt":"2016-04-07T08:54:21","guid":{"rendered":"http:\/\/www.europa-prefabri.com\/de\/?post_type=portfolio&#038;p=10464"},"modified":"2016-04-07T11:56:18","modified_gmt":"2016-04-07T11:56:18","slug":"parkplaetze","status":"publish","type":"portfolio","link":"https:\/\/www.europa-prefabri.com\/de\/portfolio-item\/parkplaetze\/","title":{"rendered":"Parkpl\u00e4tze"},"content":{"rendered":"<p>Europa Prefabri ist f\u00fchrender Hersteller von Parkplatz\u00fcberdachungen in Spanien.<br \/>\nIn den letzten 20 Jahren haben wir, auf nationaler Ebene, eine Fl\u00e4che von 200.000 m2 \u00fcberdacht.<\/p>\n<p>Alle Arten von Kunden:<br \/>\n&#8211; kleine Auftr\u00e4ge f\u00fcr Privatpersonen<br \/>\n&#8211; klein- und mittelst\u00e4ndische Unternehmen<br \/>\n&#8211; grosse Parkprojekte f\u00fcr Flugh\u00e4fen, Bahnh\u00f6fe, Einkaufszentren, grosse Konzerne oder Regierungsstellen<\/p>\n<ul>\n<li>Herstellung und Montage<\/li>\n<li>verschiedene Modelle von Metall- und Textil\u00fcberdachungen<\/li>\n<li>Modelle speziell auf Kundenwunsch angepasst<\/li>\n<\/ul>\n<p>Belieferung und Montage von erg\u00e4nzenden Produkten, wie zum Beispiel Wachkabinen, automatischen Schranken, Verz\u00e4unung, Beschilderung, Strassenmarkierungen, legen des Fundaments, etc.<\/p>\n","protected":false},"excerpt":{"rendered":"<p>Europa Prefabri ist f\u00fchrender Hersteller von Parkplatz\u00fcberdachungen in Spanien. In den letzten 20 Jahren haben wir, auf nationaler Ebene, eine Fl\u00e4che von 200.000 m2 \u00fcberdacht. Alle Arten von Kunden: &#8211; kleine Auftr\u00e4ge f\u00fcr Privatpersonen &#8211; klein- und mittelst\u00e4ndische Unternehmen &#8211; grosse Parkprojekte f\u00fcr Flugh\u00e4fen, Bahnh\u00f6fe, Einkaufszentren, grosse Konzerne oder Regierungsstellen Herstellung und Montage verschiedene Modelle [&hellip;]<\/p>\n","protected":false},"author":4,"featured_media":10466,"comment_status":"closed","ping_status":"closed","template":"","meta":{"footnotes":""},"tags":[],"portfolio_entries":[309],"class_list":["post-10464","portfolio","type-portfolio","status-publish","has-post-thumbnail","hentry","portfolio_entries-kundenbranchen"],"yoast_head":"<!-- This site is optimized with the Yoast SEO plugin v27.5 - https:\/\/yoast.com\/product\/yoast-seo-wordpress\/ -->\n<title>Europa Prefabri - Parkplatz\u00fcberdachungen<\/title>\n<meta name=\"description\" content=\"Europa Prefabri ist f\u00fchrender Hersteller von Metall- und Textil\u00fcberdachungen. Auserdem \u00fcbernehmen wir s\u00e4mtliche unterst\u00fctzenden Arbeiten wie das legen des Fundaments, etc.\" \/>\n<meta name=\"robots\" content=\"index, follow, max-snippet:-1, max-image-preview:large, max-video-preview:-1\" \/>\n<link rel=\"canonical\" href=\"https:\/\/www.europa-prefabri.com\/de\/portfolio-item\/parkplaetze\/\" \/>\n<meta property=\"og:locale\" content=\"de_DE\" \/>\n<meta property=\"og:type\" content=\"article\" \/>\n<meta property=\"og:title\" content=\"Europa Prefabri - Parkplatz\u00fcberdachungen\" \/>\n<meta property=\"og:description\" content=\"Europa Prefabri ist f\u00fchrender Hersteller von Metall- und Textil\u00fcberdachungen. Auserdem \u00fcbernehmen wir s\u00e4mtliche unterst\u00fctzenden Arbeiten wie das legen des Fundaments, etc.\" \/>\n<meta property=\"og:url\" content=\"https:\/\/www.europa-prefabri.com\/de\/portfolio-item\/parkplaetze\/\" \/>\n<meta property=\"og:site_name\" content=\"Europa Prefabri | Alquiler y venta de construcciones modulares\" \/>\n<meta property=\"article:publisher\" content=\"https:\/\/www.facebook.com\/Europa-Prefabri-258328977572213\/\" \/>\n<meta property=\"article:modified_time\" content=\"2016-04-07T11:56:18+00:00\" \/>\n<meta property=\"og:image\" content=\"https:\/\/www.europa-prefabri.com\/wp-content\/uploads\/6-Marquesina-parking-IPE.jpg\" \/>\n\t<meta property=\"og:image:width\" content=\"710\" \/>\n\t<meta property=\"og:image:height\" content=\"575\" \/>\n\t<meta property=\"og:image:type\" content=\"image\/jpeg\" \/>\n<meta name=\"twitter:card\" content=\"summary_large_image\" \/>\n<meta name=\"twitter:site\" content=\"@EuropaPrefabri\" \/>\n<script type=\"application\/ld+json\" class=\"yoast-schema-graph\">{\"@context\":\"https:\\\/\\\/schema.org\",\"@graph\":[{\"@type\":\"WebPage\",\"@id\":\"https:\\\/\\\/www.europa-prefabri.com\\\/de\\\/portfolio-item\\\/parkplaetze\\\/\",\"url\":\"https:\\\/\\\/www.europa-prefabri.com\\\/de\\\/portfolio-item\\\/parkplaetze\\\/\",\"name\":\"Europa Prefabri - Parkplatz\u00fcberdachungen\",\"isPartOf\":{\"@id\":\"https:\\\/\\\/www.europa-prefabri.com\\\/#website\"},\"primaryImageOfPage\":{\"@id\":\"https:\\\/\\\/www.europa-prefabri.com\\\/de\\\/portfolio-item\\\/parkplaetze\\\/#primaryimage\"},\"image\":{\"@id\":\"https:\\\/\\\/www.europa-prefabri.com\\\/de\\\/portfolio-item\\\/parkplaetze\\\/#primaryimage\"},\"thumbnailUrl\":\"https:\\\/\\\/www.europa-prefabri.com\\\/wp-content\\\/uploads\\\/6-Marquesina-parking-IPE.jpg\",\"datePublished\":\"2016-04-07T08:54:21+00:00\",\"dateModified\":\"2016-04-07T11:56:18+00:00\",\"description\":\"Europa Prefabri ist f\u00fchrender Hersteller von Metall- und Textil\u00fcberdachungen. Auserdem \u00fcbernehmen wir s\u00e4mtliche unterst\u00fctzenden Arbeiten wie das legen des Fundaments, etc.\",\"breadcrumb\":{\"@id\":\"https:\\\/\\\/www.europa-prefabri.com\\\/de\\\/portfolio-item\\\/parkplaetze\\\/#breadcrumb\"},\"inLanguage\":\"de-DE\",\"potentialAction\":[{\"@type\":\"ReadAction\",\"target\":[\"https:\\\/\\\/www.europa-prefabri.com\\\/de\\\/portfolio-item\\\/parkplaetze\\\/\"]}]},{\"@type\":\"ImageObject\",\"inLanguage\":\"de-DE\",\"@id\":\"https:\\\/\\\/www.europa-prefabri.com\\\/de\\\/portfolio-item\\\/parkplaetze\\\/#primaryimage\",\"url\":\"https:\\\/\\\/www.europa-prefabri.com\\\/wp-content\\\/uploads\\\/6-Marquesina-parking-IPE.jpg\",\"contentUrl\":\"https:\\\/\\\/www.europa-prefabri.com\\\/wp-content\\\/uploads\\\/6-Marquesina-parking-IPE.jpg\",\"width\":710,\"height\":575},{\"@type\":\"BreadcrumbList\",\"@id\":\"https:\\\/\\\/www.europa-prefabri.com\\\/de\\\/portfolio-item\\\/parkplaetze\\\/#breadcrumb\",\"itemListElement\":[{\"@type\":\"ListItem\",\"position\":1,\"name\":\"Portada\",\"item\":\"https:\\\/\\\/www.europa-prefabri.com\\\/de\\\/\"},{\"@type\":\"ListItem\",\"position\":2,\"name\":\"Parkpl\u00e4tze\"}]},{\"@type\":\"WebSite\",\"@id\":\"https:\\\/\\\/www.europa-prefabri.com\\\/#website\",\"url\":\"https:\\\/\\\/www.europa-prefabri.com\\\/\",\"name\":\"Europa Prefabri | Alquiler y venta de construcciones modulares\",\"description\":\"Alquiler y venta de construcciones modulares, casetas de obra, marquesinas de aparcamiento y vallas y cerramientos.\",\"publisher\":{\"@id\":\"https:\\\/\\\/www.europa-prefabri.com\\\/#organization\"},\"potentialAction\":[{\"@type\":\"SearchAction\",\"target\":{\"@type\":\"EntryPoint\",\"urlTemplate\":\"https:\\\/\\\/www.europa-prefabri.com\\\/?s={search_term_string}\"},\"query-input\":{\"@type\":\"PropertyValueSpecification\",\"valueRequired\":true,\"valueName\":\"search_term_string\"}}],\"inLanguage\":\"de-DE\"},{\"@type\":\"Organization\",\"@id\":\"https:\\\/\\\/www.europa-prefabri.com\\\/#organization\",\"name\":\"Prefabri S.L.\",\"url\":\"https:\\\/\\\/www.europa-prefabri.com\\\/\",\"logo\":{\"@type\":\"ImageObject\",\"inLanguage\":\"de-DE\",\"@id\":\"https:\\\/\\\/www.europa-prefabri.com\\\/#\\\/schema\\\/logo\\\/image\\\/\",\"url\":\"https:\\\/\\\/www.europa-prefabri.com\\\/wp-content\\\/uploads\\\/EuropaPrefabri-Logo.jpg\",\"contentUrl\":\"https:\\\/\\\/www.europa-prefabri.com\\\/wp-content\\\/uploads\\\/EuropaPrefabri-Logo.jpg\",\"width\":752,\"height\":348,\"caption\":\"Prefabri S.L.\"},\"image\":{\"@id\":\"https:\\\/\\\/www.europa-prefabri.com\\\/#\\\/schema\\\/logo\\\/image\\\/\"},\"sameAs\":[\"https:\\\/\\\/www.facebook.com\\\/Europa-Prefabri-258328977572213\\\/\",\"https:\\\/\\\/x.com\\\/EuropaPrefabri\",\"https:\\\/\\\/www.instagram.com\\\/europaprefabri\\\/\",\"https:\\\/\\\/es.linkedin.com\\\/company\\\/europa-prefabri\",\"https:\\\/\\\/es.pinterest.com\\\/europaprefabri\\\/\",\"https:\\\/\\\/www.youtube.com\\\/user\\\/PrefabriSL\"]}]}<\/script>\n<!-- \/ Yoast SEO plugin. -->","yoast_head_json":{"title":"Europa Prefabri - Parkplatz\u00fcberdachungen","description":"Europa Prefabri ist f\u00fchrender Hersteller von Metall- und Textil\u00fcberdachungen. Auserdem \u00fcbernehmen wir s\u00e4mtliche unterst\u00fctzenden Arbeiten wie das legen des Fundaments, etc.","robots":{"index":"index","follow":"follow","max-snippet":"max-snippet:-1","max-image-preview":"max-image-preview:large","max-video-preview":"max-video-preview:-1"},"canonical":"https:\/\/www.europa-prefabri.com\/de\/portfolio-item\/parkplaetze\/","og_locale":"de_DE","og_type":"article","og_title":"Europa Prefabri - Parkplatz\u00fcberdachungen","og_description":"Europa Prefabri ist f\u00fchrender Hersteller von Metall- und Textil\u00fcberdachungen. Auserdem \u00fcbernehmen wir s\u00e4mtliche unterst\u00fctzenden Arbeiten wie das legen des Fundaments, etc.","og_url":"https:\/\/www.europa-prefabri.com\/de\/portfolio-item\/parkplaetze\/","og_site_name":"Europa Prefabri | Alquiler y venta de construcciones modulares","article_publisher":"https:\/\/www.facebook.com\/Europa-Prefabri-258328977572213\/","article_modified_time":"2016-04-07T11:56:18+00:00","og_image":[{"width":710,"height":575,"url":"https:\/\/www.europa-prefabri.com\/wp-content\/uploads\/6-Marquesina-parking-IPE.jpg","type":"image\/jpeg"}],"twitter_card":"summary_large_image","twitter_site":"@EuropaPrefabri","schema":{"@context":"https:\/\/schema.org","@graph":[{"@type":"WebPage","@id":"https:\/\/www.europa-prefabri.com\/de\/portfolio-item\/parkplaetze\/","url":"https:\/\/www.europa-prefabri.com\/de\/portfolio-item\/parkplaetze\/","name":"Europa Prefabri - Parkplatz\u00fcberdachungen","isPartOf":{"@id":"https:\/\/www.europa-prefabri.com\/#website"},"primaryImageOfPage":{"@id":"https:\/\/www.europa-prefabri.com\/de\/portfolio-item\/parkplaetze\/#primaryimage"},"image":{"@id":"https:\/\/www.europa-prefabri.com\/de\/portfolio-item\/parkplaetze\/#primaryimage"},"thumbnailUrl":"https:\/\/www.europa-prefabri.com\/wp-content\/uploads\/6-Marquesina-parking-IPE.jpg","datePublished":"2016-04-07T08:54:21+00:00","dateModified":"2016-04-07T11:56:18+00:00","description":"Europa Prefabri ist f\u00fchrender Hersteller von Metall- und Textil\u00fcberdachungen. Auserdem \u00fcbernehmen wir s\u00e4mtliche unterst\u00fctzenden Arbeiten wie das legen des Fundaments, etc.","breadcrumb":{"@id":"https:\/\/www.europa-prefabri.com\/de\/portfolio-item\/parkplaetze\/#breadcrumb"},"inLanguage":"de-DE","potentialAction":[{"@type":"ReadAction","target":["https:\/\/www.europa-prefabri.com\/de\/portfolio-item\/parkplaetze\/"]}]},{"@type":"ImageObject","inLanguage":"de-DE","@id":"https:\/\/www.europa-prefabri.com\/de\/portfolio-item\/parkplaetze\/#primaryimage","url":"https:\/\/www.europa-prefabri.com\/wp-content\/uploads\/6-Marquesina-parking-IPE.jpg","contentUrl":"https:\/\/www.europa-prefabri.com\/wp-content\/uploads\/6-Marquesina-parking-IPE.jpg","width":710,"height":575},{"@type":"BreadcrumbList","@id":"https:\/\/www.europa-prefabri.com\/de\/portfolio-item\/parkplaetze\/#breadcrumb","itemListElement":[{"@type":"ListItem","position":1,"name":"Portada","item":"https:\/\/www.europa-prefabri.com\/de\/"},{"@type":"ListItem","position":2,"name":"Parkpl\u00e4tze"}]},{"@type":"WebSite","@id":"https:\/\/www.europa-prefabri.com\/#website","url":"https:\/\/www.europa-prefabri.com\/","name":"Europa Prefabri | Alquiler y venta de construcciones modulares","description":"Alquiler y venta de construcciones modulares, casetas de obra, marquesinas de aparcamiento y vallas y cerramientos.","publisher":{"@id":"https:\/\/www.europa-prefabri.com\/#organization"},"potentialAction":[{"@type":"SearchAction","target":{"@type":"EntryPoint","urlTemplate":"https:\/\/www.europa-prefabri.com\/?s={search_term_string}"},"query-input":{"@type":"PropertyValueSpecification","valueRequired":true,"valueName":"search_term_string"}}],"inLanguage":"de-DE"},{"@type":"Organization","@id":"https:\/\/www.europa-prefabri.com\/#organization","name":"Prefabri S.L.","url":"https:\/\/www.europa-prefabri.com\/","logo":{"@type":"ImageObject","inLanguage":"de-DE","@id":"https:\/\/www.europa-prefabri.com\/#\/schema\/logo\/image\/","url":"https:\/\/www.europa-prefabri.com\/wp-content\/uploads\/EuropaPrefabri-Logo.jpg","contentUrl":"https:\/\/www.europa-prefabri.com\/wp-content\/uploads\/EuropaPrefabri-Logo.jpg","width":752,"height":348,"caption":"Prefabri S.L."},"image":{"@id":"https:\/\/www.europa-prefabri.com\/#\/schema\/logo\/image\/"},"sameAs":["https:\/\/www.facebook.com\/Europa-Prefabri-258328977572213\/","https:\/\/x.com\/EuropaPrefabri","https:\/\/www.instagram.com\/europaprefabri\/","https:\/\/es.linkedin.com\/company\/europa-prefabri","https:\/\/es.pinterest.com\/europaprefabri\/","https:\/\/www.youtube.com\/user\/PrefabriSL"]}]}},"_links":{"self":[{"href":"https:\/\/www.europa-prefabri.com\/de\/wp-json\/wp\/v2\/portfolio\/10464","targetHints":{"allow":["GET"]}}],"collection":[{"href":"https:\/\/www.europa-prefabri.com\/de\/wp-json\/wp\/v2\/portfolio"}],"about":[{"href":"https:\/\/www.europa-prefabri.com\/de\/wp-json\/wp\/v2\/types\/portfolio"}],"author":[{"embeddable":true,"href":"https:\/\/www.europa-prefabri.com\/de\/wp-json\/wp\/v2\/users\/4"}],"replies":[{"embeddable":true,"href":"https:\/\/www.europa-prefabri.com\/de\/wp-json\/wp\/v2\/comments?post=10464"}],"version-history":[{"count":0,"href":"https:\/\/www.europa-prefabri.com\/de\/wp-json\/wp\/v2\/portfolio\/10464\/revisions"}],"wp:featuredmedia":[{"embeddable":true,"href":"https:\/\/www.europa-prefabri.com\/de\/wp-json\/wp\/v2\/media\/10466"}],"wp:attachment":[{"href":"https:\/\/www.europa-prefabri.com\/de\/wp-json\/wp\/v2\/media?parent=10464"}],"wp:term":[{"taxonomy":"post_tag","embeddable":true,"href":"https:\/\/www.europa-prefabri.com\/de\/wp-json\/wp\/v2\/tags?post=10464"},{"taxonomy":"portfolio_entries","embeddable":true,"href":"https:\/\/www.europa-prefabri.com\/de\/wp-json\/wp\/v2\/portfolio_entries?post=10464"}],"curies":[{"name":"wp","href":"https:\/\/api.w.org\/{rel}","templated":true}]}}