{"id":10297,"date":"2016-04-07T08:59:58","date_gmt":"2016-04-07T08:59:58","guid":{"rendered":"http:\/\/www.europa-prefabri.com\/de\/?post_type=portfolio&#038;p=10297"},"modified":"2016-04-07T11:54:54","modified_gmt":"2016-04-07T11:54:54","slug":"event","status":"publish","type":"portfolio","link":"https:\/\/www.europa-prefabri.com\/de\/portfolio-item\/event\/","title":{"rendered":"Event"},"content":{"rendered":"<div  class='flex_column av-av_one_third-2a9015ff38129c418a3f2eafba3e9512 av_one_third  avia-builder-el-0  el_before_av_two_third  avia-builder-el-first  first flex_column_div  '     ><section  class='av_textblock_section av-av_textblock-0366cc7376be6c9e82a3e9cc8987b64f '   itemscope=\"itemscope\" itemtype=\"https:\/\/schema.org\/CreativeWork\" ><div class='avia_textblock'  itemprop=\"text\" ><p style=\"text-align: justify;\">Die Europa Prefabri Event Abteilung wurde ins Leben gerufen, um den speziellen Bed\u00fcrfnissen usnerer Kunden nachzukommen.<br \/>\nDies beinhaltet die Organisation aller Arten von Ereignissen, wie zum Beispiel Sport-, Kulturevents, Konzerte, Messen oder Feierlichkeiten.<\/p>\n<ul>\n<li style=\"text-align: justify;\">Design und Herstellung von modularen L\u00f6sungen f\u00fcr Webest\u00e4nde, Schliessf\u00e4cher, mobile B\u00fcros, Sanit\u00e4rr\u00e4ume, Bars, Kioske und L\u00e4den.<\/li>\n<li style=\"text-align: justify;\">Vermietung und Verkauf von mobilen Toiletten, Z\u00e4une f\u00fcr Events, Zelte, Umkleidekabinen und Luxus Toiletten. Zus\u00e4tzlich bieten wir an, den Transport und die Montage, sowie Wartung und Reinigung zu \u00fcbernehmen.<\/li>\n<\/ul>\n<p>Wir helfen vieler der wichtigsten Eventfirmen die regelm\u00e4ssig Grossevents veranstalten.<\/p>\n<p>F\u00fcr weitere Informationen besuchen Sie: www.europa-prefabri.com\/eventos<\/p>\n<\/div><\/section><\/div>\n<style type=\"text\/css\" data-created_by=\"avia_inline_auto\" id=\"style-css-av-av_two_third-9c1d454dc06f7247226bc4e8f931daae\">\n.flex_column.av-av_two_third-9c1d454dc06f7247226bc4e8f931daae{\nborder-radius:0px 0px 0px 0px;\npadding:0px 0px 0px 0px;\n}\n<\/style>\n<div  class='flex_column av-av_two_third-9c1d454dc06f7247226bc4e8f931daae av_two_third  avia-builder-el-2  el_after_av_one_third  el_before_av_one_full  flex_column_div av-zero-column-padding  '     ><p><br \/>\n<div  class='hr av-av_hr-dcd2069817a0e3d34ae04cad8f3443c7 hr-default  avia-builder-el-4  el_after_av_masonry_gallery  el_before_av_button  avia-builder-el-first '><span class='hr-inner '><span class=\"hr-inner-style\"><\/span><\/span><\/div><br \/>\n<div  class='avia-button-wrap av-av_button-1ad18eb4ed965b0cc50e3d1e6187e07d-wrap avia-button-center  avia-builder-el-5  el_after_av_hr  avia-builder-el-last '><a href='http:\/\/www.europa-prefabri.com\/en\/products\/'  class='avia-button av-av_button-1ad18eb4ed965b0cc50e3d1e6187e07d av-link-btn avia-icon_select-no avia-size-small avia-position-center avia-color-theme-color'   aria-label=\"View Products\"><span class='avia_iconbox_title' >View Products<\/span><\/a><\/div><\/p><\/div><\/p>\n<div  class='flex_column av-av_one_full-2a9015ff38129c418a3f2eafba3e9512 av_one_full  avia-builder-el-6  el_after_av_two_third  avia-builder-el-last  first flex_column_div  column-top-margin'     ><style type=\"text\/css\" data-created_by=\"avia_inline_auto\" id=\"style-css-av-av_partner-5228c15e89bf7904e9b1a53358535836\">\n.avia-logo-element-container.av-av_partner-5228c15e89bf7904e9b1a53358535836 .av-partner-fake-img{\nbackground-size:cover;\n}\n<\/style>\n<div  class='avia-logo-element-container av-av_partner-5228c15e89bf7904e9b1a53358535836 avia-logo-slider avia-content-slider avia-smallarrow-slider avia-content-slider-active noHover avia-content-slider-even  avia-builder-el-7  avia-builder-el-no-sibling  av-slideshow-ui av-control-default av-nav-arrows-visible av-nav-dots-visible av-no-slider-navigation av-slideshow-manual av-loop-once av-loop-manual-endless avia-content-slider1' data-slideshow-options=\"{&quot;animation&quot;:&quot;slide&quot;,&quot;autoplay&quot;:false,&quot;loop_autoplay&quot;:&quot;once&quot;,&quot;interval&quot;:5,&quot;loop_manual&quot;:&quot;manual-endless&quot;,&quot;autoplay_stopper&quot;:false,&quot;noNavigation&quot;:false,&quot;bg_slider&quot;:false,&quot;keep_padding&quot;:&quot;&quot;,&quot;hoverpause&quot;:false,&quot;show_slide_delay&quot;:0}\"><div class='avia-smallarrow-slider-heading  no-logo-slider-heading '><div class='new-special-heading'>&nbsp;<\/div><\/div><div class=\"avia-content-slider-inner\"><div class=\"slide-entry-wrap\"><div  class='slide-entry av-av_partner_logo-7dd95e2d58536267a88a24acee5f5e19 flex_column no_margin av_one_eighth real-thumbnail post-entry slide-entry-overview slide-loop-1 slide-parity-odd  first'><\/div><div  class='slide-entry av-av_partner_logo-deb42bb2a68cc915f869db32c81010af flex_column no_margin av_one_eighth real-thumbnail post-entry slide-entry-overview slide-loop-2 slide-parity-even  '><\/div><div  class='slide-entry av-av_partner_logo-b297262807469d838857bc1eb5d19db7 flex_column no_margin av_one_eighth real-thumbnail post-entry slide-entry-overview slide-loop-3 slide-parity-odd  '><\/div><div  class='slide-entry av-av_partner_logo-467d949f570a33b828a23205d5e628c4 flex_column no_margin av_one_eighth real-thumbnail post-entry slide-entry-overview slide-loop-4 slide-parity-even  '><\/div><div  class='slide-entry av-av_partner_logo-c0e72b3bd6174aef15bc2b86eef465b1 flex_column no_margin av_one_eighth real-thumbnail post-entry slide-entry-overview slide-loop-5 slide-parity-odd  '><\/div><div  class='slide-entry av-av_partner_logo-bde2640933c2b606082455d28a4939a8 flex_column no_margin av_one_eighth real-thumbnail post-entry slide-entry-overview slide-loop-6 slide-parity-even  '><\/div><div  class='slide-entry av-av_partner_logo-93b03135b2ae684040355a264a54bdf4 flex_column no_margin av_one_eighth real-thumbnail post-entry slide-entry-overview slide-loop-7 slide-parity-odd  '><\/div><div  class='slide-entry av-av_partner_logo-a841b2dcf5322fd61e4cdc1d3312b5e9 flex_column no_margin av_one_eighth real-thumbnail post-entry slide-entry-overview slide-loop-8 slide-parity-even post-entry-last '><\/div><\/div><\/div><\/div><\/div>\n","protected":false},"excerpt":{"rendered":"","protected":false},"author":4,"featured_media":10302,"comment_status":"closed","ping_status":"closed","template":"","meta":{"footnotes":""},"tags":[],"portfolio_entries":[309],"class_list":["post-10297","portfolio","type-portfolio","status-publish","has-post-thumbnail","hentry","portfolio_entries-kundenbranchen"],"yoast_head":"<!-- This site is optimized with the Yoast SEO plugin v27.5 - https:\/\/yoast.com\/product\/yoast-seo-wordpress\/ -->\n<title>Europa Prefabri - Logistik f\u00fcr Evetns und andere Veranstaltungen<\/title>\n<meta name=\"description\" content=\"Die Abteilung Event von Europa Prefabri ist darauf spezialisiert Events und andere Veranstaltungen zu planen und die logistische Abwicklung zu \u00fcbernehmen\" \/>\n<meta name=\"robots\" content=\"index, follow, max-snippet:-1, max-image-preview:large, max-video-preview:-1\" \/>\n<link rel=\"canonical\" href=\"https:\/\/www.europa-prefabri.com\/de\/portfolio-item\/event\/\" \/>\n<meta property=\"og:locale\" content=\"de_DE\" \/>\n<meta property=\"og:type\" content=\"article\" \/>\n<meta property=\"og:title\" content=\"Europa Prefabri - Logistik f\u00fcr Evetns und andere Veranstaltungen\" \/>\n<meta property=\"og:description\" content=\"Die Abteilung Event von Europa Prefabri ist darauf spezialisiert Events und andere Veranstaltungen zu planen und die logistische Abwicklung zu \u00fcbernehmen\" \/>\n<meta property=\"og:url\" content=\"https:\/\/www.europa-prefabri.com\/de\/portfolio-item\/event\/\" \/>\n<meta property=\"og:site_name\" content=\"Europa Prefabri | Alquiler y venta de construcciones modulares\" \/>\n<meta property=\"article:publisher\" content=\"https:\/\/www.facebook.com\/Europa-Prefabri-258328977572213\/\" \/>\n<meta property=\"article:modified_time\" content=\"2016-04-07T11:54:54+00:00\" \/>\n<meta property=\"og:image\" content=\"https:\/\/www.europa-prefabri.com\/wp-content\/uploads\/1-sanitario-prefabricado.jpg\" \/>\n\t<meta property=\"og:image:width\" content=\"710\" \/>\n\t<meta property=\"og:image:height\" content=\"575\" \/>\n\t<meta property=\"og:image:type\" content=\"image\/jpeg\" \/>\n<meta name=\"twitter:card\" content=\"summary_large_image\" \/>\n<meta name=\"twitter:site\" content=\"@EuropaPrefabri\" \/>\n<meta name=\"twitter:label1\" content=\"Est. reading time\" \/>\n\t<meta name=\"twitter:data1\" content=\"2 minutes\" \/>\n<script type=\"application\/ld+json\" class=\"yoast-schema-graph\">{\"@context\":\"https:\\\/\\\/schema.org\",\"@graph\":[{\"@type\":\"WebPage\",\"@id\":\"https:\\\/\\\/www.europa-prefabri.com\\\/de\\\/portfolio-item\\\/event\\\/\",\"url\":\"https:\\\/\\\/www.europa-prefabri.com\\\/de\\\/portfolio-item\\\/event\\\/\",\"name\":\"Europa Prefabri - Logistik f\u00fcr Evetns und andere Veranstaltungen\",\"isPartOf\":{\"@id\":\"https:\\\/\\\/www.europa-prefabri.com\\\/#website\"},\"primaryImageOfPage\":{\"@id\":\"https:\\\/\\\/www.europa-prefabri.com\\\/de\\\/portfolio-item\\\/event\\\/#primaryimage\"},\"image\":{\"@id\":\"https:\\\/\\\/www.europa-prefabri.com\\\/de\\\/portfolio-item\\\/event\\\/#primaryimage\"},\"thumbnailUrl\":\"https:\\\/\\\/www.europa-prefabri.com\\\/wp-content\\\/uploads\\\/1-sanitario-prefabricado.jpg\",\"datePublished\":\"2016-04-07T08:59:58+00:00\",\"dateModified\":\"2016-04-07T11:54:54+00:00\",\"description\":\"Die Abteilung Event von Europa Prefabri ist darauf spezialisiert Events und andere Veranstaltungen zu planen und die logistische Abwicklung zu \u00fcbernehmen\",\"breadcrumb\":{\"@id\":\"https:\\\/\\\/www.europa-prefabri.com\\\/de\\\/portfolio-item\\\/event\\\/#breadcrumb\"},\"inLanguage\":\"de-DE\",\"potentialAction\":[{\"@type\":\"ReadAction\",\"target\":[\"https:\\\/\\\/www.europa-prefabri.com\\\/de\\\/portfolio-item\\\/event\\\/\"]}]},{\"@type\":\"ImageObject\",\"inLanguage\":\"de-DE\",\"@id\":\"https:\\\/\\\/www.europa-prefabri.com\\\/de\\\/portfolio-item\\\/event\\\/#primaryimage\",\"url\":\"https:\\\/\\\/www.europa-prefabri.com\\\/wp-content\\\/uploads\\\/1-sanitario-prefabricado.jpg\",\"contentUrl\":\"https:\\\/\\\/www.europa-prefabri.com\\\/wp-content\\\/uploads\\\/1-sanitario-prefabricado.jpg\",\"width\":710,\"height\":575},{\"@type\":\"BreadcrumbList\",\"@id\":\"https:\\\/\\\/www.europa-prefabri.com\\\/de\\\/portfolio-item\\\/event\\\/#breadcrumb\",\"itemListElement\":[{\"@type\":\"ListItem\",\"position\":1,\"name\":\"Portada\",\"item\":\"https:\\\/\\\/www.europa-prefabri.com\\\/de\\\/\"},{\"@type\":\"ListItem\",\"position\":2,\"name\":\"Event\"}]},{\"@type\":\"WebSite\",\"@id\":\"https:\\\/\\\/www.europa-prefabri.com\\\/#website\",\"url\":\"https:\\\/\\\/www.europa-prefabri.com\\\/\",\"name\":\"Europa Prefabri | Alquiler y venta de construcciones modulares\",\"description\":\"Alquiler y venta de construcciones modulares, casetas de obra, marquesinas de aparcamiento y vallas y cerramientos.\",\"publisher\":{\"@id\":\"https:\\\/\\\/www.europa-prefabri.com\\\/#organization\"},\"potentialAction\":[{\"@type\":\"SearchAction\",\"target\":{\"@type\":\"EntryPoint\",\"urlTemplate\":\"https:\\\/\\\/www.europa-prefabri.com\\\/?s={search_term_string}\"},\"query-input\":{\"@type\":\"PropertyValueSpecification\",\"valueRequired\":true,\"valueName\":\"search_term_string\"}}],\"inLanguage\":\"de-DE\"},{\"@type\":\"Organization\",\"@id\":\"https:\\\/\\\/www.europa-prefabri.com\\\/#organization\",\"name\":\"Prefabri S.L.\",\"url\":\"https:\\\/\\\/www.europa-prefabri.com\\\/\",\"logo\":{\"@type\":\"ImageObject\",\"inLanguage\":\"de-DE\",\"@id\":\"https:\\\/\\\/www.europa-prefabri.com\\\/#\\\/schema\\\/logo\\\/image\\\/\",\"url\":\"https:\\\/\\\/www.europa-prefabri.com\\\/wp-content\\\/uploads\\\/EuropaPrefabri-Logo.jpg\",\"contentUrl\":\"https:\\\/\\\/www.europa-prefabri.com\\\/wp-content\\\/uploads\\\/EuropaPrefabri-Logo.jpg\",\"width\":752,\"height\":348,\"caption\":\"Prefabri S.L.\"},\"image\":{\"@id\":\"https:\\\/\\\/www.europa-prefabri.com\\\/#\\\/schema\\\/logo\\\/image\\\/\"},\"sameAs\":[\"https:\\\/\\\/www.facebook.com\\\/Europa-Prefabri-258328977572213\\\/\",\"https:\\\/\\\/x.com\\\/EuropaPrefabri\",\"https:\\\/\\\/www.instagram.com\\\/europaprefabri\\\/\",\"https:\\\/\\\/es.linkedin.com\\\/company\\\/europa-prefabri\",\"https:\\\/\\\/es.pinterest.com\\\/europaprefabri\\\/\",\"https:\\\/\\\/www.youtube.com\\\/user\\\/PrefabriSL\"]}]}<\/script>\n<!-- \/ Yoast SEO plugin. -->","yoast_head_json":{"title":"Europa Prefabri - Logistik f\u00fcr Evetns und andere Veranstaltungen","description":"Die Abteilung Event von Europa Prefabri ist darauf spezialisiert Events und andere Veranstaltungen zu planen und die logistische Abwicklung zu \u00fcbernehmen","robots":{"index":"index","follow":"follow","max-snippet":"max-snippet:-1","max-image-preview":"max-image-preview:large","max-video-preview":"max-video-preview:-1"},"canonical":"https:\/\/www.europa-prefabri.com\/de\/portfolio-item\/event\/","og_locale":"de_DE","og_type":"article","og_title":"Europa Prefabri - Logistik f\u00fcr Evetns und andere Veranstaltungen","og_description":"Die Abteilung Event von Europa Prefabri ist darauf spezialisiert Events und andere Veranstaltungen zu planen und die logistische Abwicklung zu \u00fcbernehmen","og_url":"https:\/\/www.europa-prefabri.com\/de\/portfolio-item\/event\/","og_site_name":"Europa Prefabri | Alquiler y venta de construcciones modulares","article_publisher":"https:\/\/www.facebook.com\/Europa-Prefabri-258328977572213\/","article_modified_time":"2016-04-07T11:54:54+00:00","og_image":[{"width":710,"height":575,"url":"https:\/\/www.europa-prefabri.com\/wp-content\/uploads\/1-sanitario-prefabricado.jpg","type":"image\/jpeg"}],"twitter_card":"summary_large_image","twitter_site":"@EuropaPrefabri","twitter_misc":{"Est. reading time":"2 minutes"},"schema":{"@context":"https:\/\/schema.org","@graph":[{"@type":"WebPage","@id":"https:\/\/www.europa-prefabri.com\/de\/portfolio-item\/event\/","url":"https:\/\/www.europa-prefabri.com\/de\/portfolio-item\/event\/","name":"Europa Prefabri - Logistik f\u00fcr Evetns und andere Veranstaltungen","isPartOf":{"@id":"https:\/\/www.europa-prefabri.com\/#website"},"primaryImageOfPage":{"@id":"https:\/\/www.europa-prefabri.com\/de\/portfolio-item\/event\/#primaryimage"},"image":{"@id":"https:\/\/www.europa-prefabri.com\/de\/portfolio-item\/event\/#primaryimage"},"thumbnailUrl":"https:\/\/www.europa-prefabri.com\/wp-content\/uploads\/1-sanitario-prefabricado.jpg","datePublished":"2016-04-07T08:59:58+00:00","dateModified":"2016-04-07T11:54:54+00:00","description":"Die Abteilung Event von Europa Prefabri ist darauf spezialisiert Events und andere Veranstaltungen zu planen und die logistische Abwicklung zu \u00fcbernehmen","breadcrumb":{"@id":"https:\/\/www.europa-prefabri.com\/de\/portfolio-item\/event\/#breadcrumb"},"inLanguage":"de-DE","potentialAction":[{"@type":"ReadAction","target":["https:\/\/www.europa-prefabri.com\/de\/portfolio-item\/event\/"]}]},{"@type":"ImageObject","inLanguage":"de-DE","@id":"https:\/\/www.europa-prefabri.com\/de\/portfolio-item\/event\/#primaryimage","url":"https:\/\/www.europa-prefabri.com\/wp-content\/uploads\/1-sanitario-prefabricado.jpg","contentUrl":"https:\/\/www.europa-prefabri.com\/wp-content\/uploads\/1-sanitario-prefabricado.jpg","width":710,"height":575},{"@type":"BreadcrumbList","@id":"https:\/\/www.europa-prefabri.com\/de\/portfolio-item\/event\/#breadcrumb","itemListElement":[{"@type":"ListItem","position":1,"name":"Portada","item":"https:\/\/www.europa-prefabri.com\/de\/"},{"@type":"ListItem","position":2,"name":"Event"}]},{"@type":"WebSite","@id":"https:\/\/www.europa-prefabri.com\/#website","url":"https:\/\/www.europa-prefabri.com\/","name":"Europa Prefabri | Alquiler y venta de construcciones modulares","description":"Alquiler y venta de construcciones modulares, casetas de obra, marquesinas de aparcamiento y vallas y cerramientos.","publisher":{"@id":"https:\/\/www.europa-prefabri.com\/#organization"},"potentialAction":[{"@type":"SearchAction","target":{"@type":"EntryPoint","urlTemplate":"https:\/\/www.europa-prefabri.com\/?s={search_term_string}"},"query-input":{"@type":"PropertyValueSpecification","valueRequired":true,"valueName":"search_term_string"}}],"inLanguage":"de-DE"},{"@type":"Organization","@id":"https:\/\/www.europa-prefabri.com\/#organization","name":"Prefabri S.L.","url":"https:\/\/www.europa-prefabri.com\/","logo":{"@type":"ImageObject","inLanguage":"de-DE","@id":"https:\/\/www.europa-prefabri.com\/#\/schema\/logo\/image\/","url":"https:\/\/www.europa-prefabri.com\/wp-content\/uploads\/EuropaPrefabri-Logo.jpg","contentUrl":"https:\/\/www.europa-prefabri.com\/wp-content\/uploads\/EuropaPrefabri-Logo.jpg","width":752,"height":348,"caption":"Prefabri S.L."},"image":{"@id":"https:\/\/www.europa-prefabri.com\/#\/schema\/logo\/image\/"},"sameAs":["https:\/\/www.facebook.com\/Europa-Prefabri-258328977572213\/","https:\/\/x.com\/EuropaPrefabri","https:\/\/www.instagram.com\/europaprefabri\/","https:\/\/es.linkedin.com\/company\/europa-prefabri","https:\/\/es.pinterest.com\/europaprefabri\/","https:\/\/www.youtube.com\/user\/PrefabriSL"]}]}},"_links":{"self":[{"href":"https:\/\/www.europa-prefabri.com\/de\/wp-json\/wp\/v2\/portfolio\/10297","targetHints":{"allow":["GET"]}}],"collection":[{"href":"https:\/\/www.europa-prefabri.com\/de\/wp-json\/wp\/v2\/portfolio"}],"about":[{"href":"https:\/\/www.europa-prefabri.com\/de\/wp-json\/wp\/v2\/types\/portfolio"}],"author":[{"embeddable":true,"href":"https:\/\/www.europa-prefabri.com\/de\/wp-json\/wp\/v2\/users\/4"}],"replies":[{"embeddable":true,"href":"https:\/\/www.europa-prefabri.com\/de\/wp-json\/wp\/v2\/comments?post=10297"}],"version-history":[{"count":0,"href":"https:\/\/www.europa-prefabri.com\/de\/wp-json\/wp\/v2\/portfolio\/10297\/revisions"}],"wp:featuredmedia":[{"embeddable":true,"href":"https:\/\/www.europa-prefabri.com\/de\/wp-json\/wp\/v2\/media\/10302"}],"wp:attachment":[{"href":"https:\/\/www.europa-prefabri.com\/de\/wp-json\/wp\/v2\/media?parent=10297"}],"wp:term":[{"taxonomy":"post_tag","embeddable":true,"href":"https:\/\/www.europa-prefabri.com\/de\/wp-json\/wp\/v2\/tags?post=10297"},{"taxonomy":"portfolio_entries","embeddable":true,"href":"https:\/\/www.europa-prefabri.com\/de\/wp-json\/wp\/v2\/portfolio_entries?post=10297"}],"curies":[{"name":"wp","href":"https:\/\/api.w.org\/{rel}","templated":true}]}}