{"id":9688,"date":"2016-03-22T16:44:49","date_gmt":"2016-03-22T16:44:49","guid":{"rendered":"http:\/\/www.europa-prefabri.com\/de\/?page_id=9688"},"modified":"2016-03-22T16:44:49","modified_gmt":"2016-03-22T16:44:49","slug":"vorteile-des-modulbaus","status":"publish","type":"page","link":"https:\/\/www.europa-prefabri.com\/de\/vorteile-des-modulbaus\/","title":{"rendered":"Vorteile des Modulbaus"},"content":{"rendered":"<div  class='flex_column av-av_one_half-2a9015ff38129c418a3f2eafba3e9512 av_one_half  avia-builder-el-0  el_before_av_one_half  avia-builder-el-first  first flex_column_div  '     ><p><div  class='avia-icon-list-container av-av_iconlist-c9265973fe37925e1675fd541a8fb5d9  avia-builder-el-1  avia-builder-el-no-sibling '><ul class='avia-icon-list avia_animate_when_almost_visible avia-icon-list-left av-iconlist-big av-av_iconlist-c9265973fe37925e1675fd541a8fb5d9 avia-iconlist-animate'>\n<li><div class='iconlist_icon av-av_iconlist_item-e90964c2f5fdd4713ac558549039ce84 avia-font-entypo-fontello avia-iconfont avia-font-entypo-fontello'><span class='av-icon-char' data-av_icon='\ue8b4' data-av_iconfont='entypo-fontello' aria-hidden=\"true\"><\/span><\/div><article class=\"article-icon-entry \"  itemscope=\"itemscope\" itemtype=\"https:\/\/schema.org\/CreativeWork\" ><div class=\"iconlist_content_wrap\"><header class=\"entry-content-header\" aria-label=\"Icon: SCHNELLIGKEIT\"><h4 class='av_iconlist_title iconlist_title  '  itemprop=\"headline\" >SCHNELLIGKEIT<\/h4><\/header><div class='iconlist_content '  itemprop=\"text\" ><p>Im Vergleich zum traditionellen Baus, erfolgt eine Reduzierung der Lieferungszeit von bis zu 50%, welches eine Kosten Reduzierung der Projekte mit sich bringt.<\/p>\n<\/div><\/div><footer class=\"entry-footer\"><\/footer><\/article><div class=\"iconlist-timeline\"><\/div><\/li>\n<li><div class='iconlist_icon av-av_iconlist_item-6efa990bcaca62cf91655d853dad8149 avia-font-entypo-fontello avia-iconfont avia-font-entypo-fontello'><span class='av-icon-char' data-av_icon='\ue81b' data-av_iconfont='entypo-fontello' aria-hidden=\"true\"><\/span><\/div><article class=\"article-icon-entry \"  itemscope=\"itemscope\" itemtype=\"https:\/\/schema.org\/CreativeWork\" ><div class=\"iconlist_content_wrap\"><header class=\"entry-content-header\" aria-label=\"Icon: GERINGERE KOSTEN\"><h4 class='av_iconlist_title iconlist_title  '  itemprop=\"headline\" >GERINGERE KOSTEN<\/h4><\/header><div class='iconlist_content '  itemprop=\"text\" ><p>Der Industriebau erlaubt es uns wirtschaftliche und endg\u00fcltige Preise anzubieten und somit versteckte Preise zu vermeiden, die typisch beim traditionellen Bau sind.<\/p>\n<\/div><\/div><footer class=\"entry-footer\"><\/footer><\/article><div class=\"iconlist-timeline\"><\/div><\/li>\n<li><div class='iconlist_icon av-av_iconlist_item-3446a879262ab8d3eff146a0fddba5b4 avia-font-entypo-fontello avia-iconfont avia-font-entypo-fontello'><span class='av-icon-char' data-av_icon='\ue8da' data-av_iconfont='entypo-fontello' aria-hidden=\"true\"><\/span><\/div><article class=\"article-icon-entry \"  itemscope=\"itemscope\" itemtype=\"https:\/\/schema.org\/CreativeWork\" ><div class=\"iconlist_content_wrap\"><header class=\"entry-content-header\" aria-label=\"Icon: FLEXIBEL UND MODULAR\"><h4 class='av_iconlist_title iconlist_title  '  itemprop=\"headline\" >FLEXIBEL UND MODULAR<\/h4><\/header><div class='iconlist_content '  itemprop=\"text\" ><p>Leichtigkeit des Ausbaus oder Abbaus der Konstruktion durch das Hinzuf\u00fcgen oder Wegnehmen von Modulen je nach den Raumbed\u00fcrfnissen in bestimmten Momenten.<\/p>\n<\/div><\/div><footer class=\"entry-footer\"><\/footer><\/article><div class=\"iconlist-timeline\"><\/div><\/li>\n<li><div class='iconlist_icon av-av_iconlist_item-33062d96e3dd131fa141afebae2ac047 avia-font-entypo-fontello avia-iconfont avia-font-entypo-fontello'><span class='av-icon-char' data-av_icon='\ue8bc' data-av_iconfont='entypo-fontello' aria-hidden=\"true\"><\/span><\/div><article class=\"article-icon-entry \"  itemscope=\"itemscope\" itemtype=\"https:\/\/schema.org\/CreativeWork\" ><div class=\"iconlist_content_wrap\"><header class=\"entry-content-header\" aria-label=\"Icon: EINFACHE DEMONTAGE UND TRANSPORT\"><h4 class='av_iconlist_title iconlist_title  '  itemprop=\"headline\" >EINFACHE DEMONTAGE UND TRANSPORT<\/h4><\/header><div class='iconlist_content '  itemprop=\"text\" ><p>Die Geb\u00e4ude sind komplett demontierbar und k\u00f6nnen zu geringen Kosten an anderen Orten montiert werden.<\/p>\n<\/div><\/div><footer class=\"entry-footer\"><\/footer><\/article><div class=\"iconlist-timeline\"><\/div><\/li>\n<li><div class='iconlist_icon av-av_iconlist_item-57e254fdd8772e52dfb48a191b2a3628 avia-font-entypo-fontello avia-iconfont avia-font-entypo-fontello'><span class='av-icon-char' data-av_icon='\ue891' data-av_iconfont='entypo-fontello' aria-hidden=\"true\"><\/span><\/div><article class=\"article-icon-entry \"  itemscope=\"itemscope\" itemtype=\"https:\/\/schema.org\/CreativeWork\" ><div class=\"iconlist_content_wrap\"><header class=\"entry-content-header\" aria-label=\"Icon: NACHHALTIG UND WIEDERVERWERTBAR\"><h4 class='av_iconlist_title iconlist_title  '  itemprop=\"headline\" >NACHHALTIG UND WIEDERVERWERTBAR<\/h4><\/header><div class='iconlist_content '  itemprop=\"text\" ><p>Geringere Umweltbelastung des Geb\u00e4udes dank eines geringeren Materialverbrauchs (Wasser, Strom, etc.) und geringere Erzeugung von R\u00fcckst\u00e4nden. Zus\u00e4tzlich sind die Module komplett demontierbar und wiederverwertbar.<\/p>\n<\/div><\/div><footer class=\"entry-footer\"><\/footer><\/article><div class=\"iconlist-timeline\"><\/div><\/li>\n<\/ul><\/div><br \/>\n<div  class='avia-slideshow av-av_slideshow-b630448fcc9b852ed5c8663c0325058c avia-slideshow-portfolio_small av_slideshow avia-slide-slider av-slideshow-ui av-slideshow-autoplay av-loop-endless av-loop-manual-endless av-default-height-applied avia-slideshow-1' data-slideshow-options=\"{&quot;animation&quot;:&quot;slide&quot;,&quot;autoplay&quot;:true,&quot;loop_autoplay&quot;:&quot;endless&quot;,&quot;interval&quot;:5,&quot;loop_manual&quot;:&quot;manual-endless&quot;,&quot;autoplay_stopper&quot;:false,&quot;noNavigation&quot;:false,&quot;bg_slider&quot;:false,&quot;keep_padding&quot;:false,&quot;hoverpause&quot;:false,&quot;show_slide_delay&quot;:0}\"  itemprop=\"image\" itemscope=\"itemscope\" itemtype=\"https:\/\/schema.org\/ImageObject\" ><ul class='avia-slideshow-inner ' style='padding-bottom: 71.153846153846%;'><li  class='avia-slideshow-slide av-av_slideshow-b630448fcc9b852ed5c8663c0325058c__0  slide-1 slide-odd'><div data-rel='slideshow-1' class='avia-slide-wrap '   ><img decoding=\"async\" fetchpriority=\"high\" class=\"wp-image-12850 avia-img-lazy-loading-not-12850\"  src=\"https:\/\/www.europa-prefabri.com\/wp-content\/uploads\/untitled_800x600-260x185.jpg\" width=\"260\" height=\"185\" title='sala de ventas' alt=''  itemprop=\"thumbnailUrl\"   \/><\/div><\/li><li  class='avia-slideshow-slide av-av_slideshow-b630448fcc9b852ed5c8663c0325058c__1  slide-2 slide-even'><div data-rel='slideshow-1' class='avia-slide-wrap '   ><img decoding=\"async\" fetchpriority=\"high\" class=\"wp-image-12839 avia-img-lazy-loading-not-12839\"  src=\"https:\/\/www.europa-prefabri.com\/wp-content\/uploads\/Stands-prefabricados-1_800x598-260x185.jpg\" width=\"260\" height=\"185\" title='modulos prefabricados para eventos' alt=''  itemprop=\"thumbnailUrl\"   \/><\/div><\/li><li  class='avia-slideshow-slide av-av_slideshow-b630448fcc9b852ed5c8663c0325058c__5  slide-3 slide-odd'><div data-rel='slideshow-1' class='avia-slide-wrap '   ><img decoding=\"async\" fetchpriority=\"high\" class=\"wp-image-28185 avia-img-lazy-loading-not-28185\"  src=\"https:\/\/www.europa-prefabri.com\/wp-content\/uploads\/Oficinas-modulares-4_800x600-260x185.jpg\" width=\"260\" height=\"185\" title='oficina modular banco' alt=''  itemprop=\"thumbnailUrl\"   \/><\/div><\/li><li  class='avia-slideshow-slide av-av_slideshow-b630448fcc9b852ed5c8663c0325058c__6  slide-4 slide-even'><div data-rel='slideshow-1' class='avia-slide-wrap '   ><img decoding=\"async\" fetchpriority=\"high\" class=\"wp-image-3000 avia-img-lazy-loading-not-3000\"  src=\"https:\/\/www.europa-prefabri.com\/wp-content\/uploads\/66283_404850916253351_1205426104_n-260x185.jpg\" width=\"260\" height=\"185\" title='EDIFICIO MODULAR' alt=''  itemprop=\"thumbnailUrl\"   \/><\/div><\/li><\/ul><div class='avia-slideshow-arrows avia-slideshow-controls' ><a href='#prev' class='prev-slide  avia-svg-icon avia-font-svg_entypo-fontello' data-av_svg_icon='left-open-big' data-av_iconset='svg_entypo-fontello' tabindex='-1' title=\"Zur\u00fcck\"><svg version=\"1.1\" xmlns=\"http:\/\/www.w3.org\/2000\/svg\" width=\"15\" height=\"32\" viewBox=\"0 0 15 32\" preserveAspectRatio=\"xMidYMid meet\" aria-labelledby='av-svg-title-1' aria-describedby='av-svg-desc-1' role=\"graphics-symbol\" aria-hidden=\"true\">\n<title id='av-svg-title-1'>Zur\u00fcck<\/title>\n<desc id='av-svg-desc-1'>Zur\u00fcck<\/desc>\n<path d=\"M14.464 27.84q0.832 0.832 0 1.536-0.832 0.832-1.536 0l-12.544-12.608q-0.768-0.768 0-1.6l12.544-12.608q0.704-0.832 1.536 0 0.832 0.704 0 1.536l-11.456 11.904z\"><\/path>\n<\/svg><span class='avia_hidden_link_text'>Zur\u00fcck<\/span><\/a><a href='#next' class='next-slide  avia-svg-icon avia-font-svg_entypo-fontello' data-av_svg_icon='right-open-big' data-av_iconset='svg_entypo-fontello' tabindex='-1' title=\"Weiter\"><svg version=\"1.1\" xmlns=\"http:\/\/www.w3.org\/2000\/svg\" width=\"15\" height=\"32\" viewBox=\"0 0 15 32\" preserveAspectRatio=\"xMidYMid meet\" aria-labelledby='av-svg-title-2' aria-describedby='av-svg-desc-2' role=\"graphics-symbol\" aria-hidden=\"true\">\n<title id='av-svg-title-2'>Weiter<\/title>\n<desc id='av-svg-desc-2'>Weiter<\/desc>\n<path d=\"M0.416 27.84l11.456-11.84-11.456-11.904q-0.832-0.832 0-1.536 0.832-0.832 1.536 0l12.544 12.608q0.768 0.832 0 1.6l-12.544 12.608q-0.704 0.832-1.536 0-0.832-0.704 0-1.536z\"><\/path>\n<\/svg><span class='avia_hidden_link_text'>Weiter<\/span><\/a><\/div><div class='avia-slideshow-dots avia-slideshow-controls'><a href='#1' class='goto-slide active' >1<\/a><a href='#2' class='goto-slide ' >2<\/a><a href='#3' class='goto-slide ' >3<\/a><a href='#4' class='goto-slide ' >4<\/a><\/div><\/div><\/p><\/div>\n<style type=\"text\/css\" data-created_by=\"avia_inline_auto\" id=\"style-css-av-av_one_half-9c1d454dc06f7247226bc4e8f931daae\">\n.flex_column.av-av_one_half-9c1d454dc06f7247226bc4e8f931daae{\nborder-radius:0px 0px 0px 0px;\npadding:0px 0px 0px 0px;\n}\n<\/style>\n<div  class='flex_column av-av_one_half-9c1d454dc06f7247226bc4e8f931daae av_one_half  avia-builder-el-2  el_after_av_one_half  el_before_av_one_half  flex_column_div av-zero-column-padding  '     ><p><div  class='avia-slideshow av-av_slideshow-29b38804326d3edea866dded6732d0b9 avia-slideshow-portfolio av_slideshow avia-slide-slider  avia-builder-el-3  avia-builder-el-no-sibling  av-slideshow-ui av-control-default av-slideshow-autoplay av-loop-endless av-loop-manual-endless av-default-height-applied avia-slideshow-2' data-slideshow-options=\"{&quot;animation&quot;:&quot;slide&quot;,&quot;autoplay&quot;:true,&quot;loop_autoplay&quot;:&quot;endless&quot;,&quot;interval&quot;:5,&quot;loop_manual&quot;:&quot;manual-endless&quot;,&quot;autoplay_stopper&quot;:false,&quot;noNavigation&quot;:false,&quot;bg_slider&quot;:false,&quot;keep_padding&quot;:false,&quot;hoverpause&quot;:false,&quot;show_slide_delay&quot;:0}\"  itemprop=\"image\" itemscope=\"itemscope\" itemtype=\"https:\/\/schema.org\/ImageObject\" ><ul class='avia-slideshow-inner ' style='padding-bottom: 80.808080808081%;'><li  class='avia-slideshow-slide av-av_slideshow-29b38804326d3edea866dded6732d0b9__1  slide-1 slide-odd'><div data-rel='slideshow-2' class='avia-slide-wrap '   ><img decoding=\"async\" fetchpriority=\"high\" class=\"wp-image-9564 avia-img-lazy-loading-not-9564\"  src=\"https:\/\/www.europa-prefabri.com\/wp-content\/uploads\/2-Edificio-modular-oficinas-495x400.jpg\" width=\"495\" height=\"400\" title='Edificio modular oficinas' alt=''  itemprop=\"thumbnailUrl\" srcset=\"https:\/\/www.europa-prefabri.com\/wp-content\/uploads\/2-Edificio-modular-oficinas-495x400.jpg 495w, https:\/\/www.europa-prefabri.com\/wp-content\/uploads\/2-Edificio-modular-oficinas-300x242.jpg 300w, https:\/\/www.europa-prefabri.com\/wp-content\/uploads\/2-Edificio-modular-oficinas-450x364.jpg 450w, https:\/\/www.europa-prefabri.com\/wp-content\/uploads\/2-Edificio-modular-oficinas.jpg 710w\" sizes=\"(max-width: 495px) 100vw, 495px\" \/><\/div><\/li><li  class='avia-slideshow-slide av-av_slideshow-29b38804326d3edea866dded6732d0b9__3  slide-2 slide-even'><div data-rel='slideshow-2' class='avia-slide-wrap '   ><img decoding=\"async\" fetchpriority=\"high\" class=\"wp-image-13649 avia-img-lazy-loading-not-13649\"  src=\"https:\/\/www.europa-prefabri.com\/wp-content\/uploads\/4-Edificio-modular-oficinas-495x400.jpg\" width=\"495\" height=\"400\" title='4-Edificio-modular-oficinas' alt=''  itemprop=\"thumbnailUrl\" srcset=\"https:\/\/www.europa-prefabri.com\/wp-content\/uploads\/4-Edificio-modular-oficinas-495x400.jpg 495w, https:\/\/www.europa-prefabri.com\/wp-content\/uploads\/4-Edificio-modular-oficinas-300x242.jpg 300w, https:\/\/www.europa-prefabri.com\/wp-content\/uploads\/4-Edificio-modular-oficinas-450x364.jpg 450w, https:\/\/www.europa-prefabri.com\/wp-content\/uploads\/4-Edificio-modular-oficinas.jpg 710w\" sizes=\"(max-width: 495px) 100vw, 495px\" \/><\/div><\/li><li  class='avia-slideshow-slide av-av_slideshow-29b38804326d3edea866dded6732d0b9__6  slide-3 slide-odd'><div data-rel='slideshow-2' class='avia-slide-wrap '   ><img decoding=\"async\" fetchpriority=\"high\" class=\"wp-image-12830 avia-img-lazy-loading-not-12830\"  src=\"https:\/\/www.europa-prefabri.com\/wp-content\/uploads\/101-495x400.jpg\" width=\"495\" height=\"400\" title='edificio modular' alt=''  itemprop=\"thumbnailUrl\" srcset=\"https:\/\/www.europa-prefabri.com\/wp-content\/uploads\/101-495x400.jpg 495w, https:\/\/www.europa-prefabri.com\/wp-content\/uploads\/101-300x242.jpg 300w, https:\/\/www.europa-prefabri.com\/wp-content\/uploads\/101-450x364.jpg 450w, https:\/\/www.europa-prefabri.com\/wp-content\/uploads\/101.jpg 710w\" sizes=\"(max-width: 495px) 100vw, 495px\" \/><\/div><\/li><li  class='avia-slideshow-slide av-av_slideshow-29b38804326d3edea866dded6732d0b9__7  slide-4 slide-even'><div data-rel='slideshow-2' class='avia-slide-wrap '   ><img decoding=\"async\" fetchpriority=\"high\" class=\"wp-image-12831 avia-img-lazy-loading-not-12831\"  src=\"https:\/\/www.europa-prefabri.com\/wp-content\/uploads\/111-495x400.jpg\" width=\"495\" height=\"400\" title='construccion modular prefabricada' alt=''  itemprop=\"thumbnailUrl\" srcset=\"https:\/\/www.europa-prefabri.com\/wp-content\/uploads\/111-495x400.jpg 495w, https:\/\/www.europa-prefabri.com\/wp-content\/uploads\/111-300x242.jpg 300w, https:\/\/www.europa-prefabri.com\/wp-content\/uploads\/111-450x364.jpg 450w, https:\/\/www.europa-prefabri.com\/wp-content\/uploads\/111.jpg 710w\" sizes=\"(max-width: 495px) 100vw, 495px\" \/><\/div><\/li><li  class='avia-slideshow-slide av-av_slideshow-29b38804326d3edea866dded6732d0b9__8  slide-5 slide-odd'><div data-rel='slideshow-2' class='avia-slide-wrap '   ><img decoding=\"async\" fetchpriority=\"high\" class=\"wp-image-12832 avia-img-lazy-loading-not-12832\"  src=\"https:\/\/www.europa-prefabri.com\/wp-content\/uploads\/121-495x400.jpg\" width=\"495\" height=\"400\" title='construccion modular' alt=''  itemprop=\"thumbnailUrl\" srcset=\"https:\/\/www.europa-prefabri.com\/wp-content\/uploads\/121-495x400.jpg 495w, https:\/\/www.europa-prefabri.com\/wp-content\/uploads\/121-300x242.jpg 300w, https:\/\/www.europa-prefabri.com\/wp-content\/uploads\/121-450x364.jpg 450w, https:\/\/www.europa-prefabri.com\/wp-content\/uploads\/121.jpg 710w\" sizes=\"(max-width: 495px) 100vw, 495px\" \/><\/div><\/li><\/ul><div class='avia-slideshow-arrows avia-slideshow-controls' ><a href='#prev' class='prev-slide  avia-svg-icon avia-font-svg_entypo-fontello' data-av_svg_icon='left-open-big' data-av_iconset='svg_entypo-fontello' tabindex='-1' title=\"Zur\u00fcck\"><svg version=\"1.1\" xmlns=\"http:\/\/www.w3.org\/2000\/svg\" width=\"15\" height=\"32\" viewBox=\"0 0 15 32\" preserveAspectRatio=\"xMidYMid meet\" aria-labelledby='av-svg-title-3' aria-describedby='av-svg-desc-3' role=\"graphics-symbol\" aria-hidden=\"true\">\n<title id='av-svg-title-3'>Zur\u00fcck<\/title>\n<desc id='av-svg-desc-3'>Zur\u00fcck<\/desc>\n<path d=\"M14.464 27.84q0.832 0.832 0 1.536-0.832 0.832-1.536 0l-12.544-12.608q-0.768-0.768 0-1.6l12.544-12.608q0.704-0.832 1.536 0 0.832 0.704 0 1.536l-11.456 11.904z\"><\/path>\n<\/svg><span class='avia_hidden_link_text'>Zur\u00fcck<\/span><\/a><a href='#next' class='next-slide  avia-svg-icon avia-font-svg_entypo-fontello' data-av_svg_icon='right-open-big' data-av_iconset='svg_entypo-fontello' tabindex='-1' title=\"Weiter\"><svg version=\"1.1\" xmlns=\"http:\/\/www.w3.org\/2000\/svg\" width=\"15\" height=\"32\" viewBox=\"0 0 15 32\" preserveAspectRatio=\"xMidYMid meet\" aria-labelledby='av-svg-title-4' aria-describedby='av-svg-desc-4' role=\"graphics-symbol\" aria-hidden=\"true\">\n<title id='av-svg-title-4'>Weiter<\/title>\n<desc id='av-svg-desc-4'>Weiter<\/desc>\n<path d=\"M0.416 27.84l11.456-11.84-11.456-11.904q-0.832-0.832 0-1.536 0.832-0.832 1.536 0l12.544 12.608q0.768 0.832 0 1.6l-12.544 12.608q-0.704 0.832-1.536 0-0.832-0.704 0-1.536z\"><\/path>\n<\/svg><span class='avia_hidden_link_text'>Weiter<\/span><\/a><\/div><div class='avia-slideshow-dots avia-slideshow-controls'><a href='#1' class='goto-slide active' >1<\/a><a href='#2' class='goto-slide ' >2<\/a><a href='#3' class='goto-slide ' >3<\/a><a href='#4' class='goto-slide ' >4<\/a><a href='#5' class='goto-slide ' >5<\/a><\/div><\/div><br \/>\n<div  class='avia-icon-list-container av-av_iconlist-9fa73ea788cabe92aa11724e93f42962'><ul class='avia-icon-list avia_animate_when_almost_visible avia-icon-list-right av-iconlist-big av-av_iconlist-9fa73ea788cabe92aa11724e93f42962 avia-iconlist-animate'>\n<li><div class='iconlist_icon av-av_iconlist_item-bc762ce1b36b02cac86d2cfce19dac93 avia-font-entypo-fontello avia-iconfont avia-font-entypo-fontello'><span class='av-icon-char' data-av_icon='\ue808' data-av_iconfont='entypo-fontello' aria-hidden=\"true\"><\/span><\/div><article class=\"article-icon-entry \"  itemscope=\"itemscope\" itemtype=\"https:\/\/schema.org\/CreativeWork\" ><div class=\"iconlist_content_wrap\"><header class=\"entry-content-header\" aria-label=\"Icon: QUALIT\u00c4T\"><h4 class='av_iconlist_title iconlist_title  '  itemprop=\"headline\" >QUALIT\u00c4T<\/h4><\/header><div class='iconlist_content '  itemprop=\"text\" ><p>Zertifizierungen von Qualit\u00e4ts- und Umweltmanagement<\/p>\n<\/div><\/div><footer class=\"entry-footer\"><\/footer><\/article><div class=\"iconlist-timeline\"><\/div><\/li>\n<li><div class='iconlist_icon av-av_iconlist_item-88d44e8f564a2925b40432e2754f1f67 avia-font-entypo-fontello avia-iconfont avia-font-entypo-fontello'><span class='av-icon-char' data-av_icon='\ue82b' data-av_iconfont='entypo-fontello' aria-hidden=\"true\"><\/span><\/div><article class=\"article-icon-entry \"  itemscope=\"itemscope\" itemtype=\"https:\/\/schema.org\/CreativeWork\" ><div class=\"iconlist_content_wrap\"><header class=\"entry-content-header\" aria-label=\"Icon: KOMFORT\"><h4 class='av_iconlist_title iconlist_title  '  itemprop=\"headline\" >KOMFORT<\/h4><\/header><div class='iconlist_content '  itemprop=\"text\" ><p>Innovative Materialien, die trotz ihrer Leichtigkeit, hohe thermische und akustische Isolierung bieten.<\/p>\n<\/div><\/div><footer class=\"entry-footer\"><\/footer><\/article><div class=\"iconlist-timeline\"><\/div><\/li>\n<li><div class='iconlist_icon av-av_iconlist_item-79030cb462c3f7c586f7cd557d446817 avia-font-entypo-fontello avia-iconfont avia-font-entypo-fontello'><span class='av-icon-char' data-av_icon='\ue8df' data-av_iconfont='entypo-fontello' aria-hidden=\"true\"><\/span><\/div><article class=\"article-icon-entry \"  itemscope=\"itemscope\" itemtype=\"https:\/\/schema.org\/CreativeWork\" ><div class=\"iconlist_content_wrap\"><header class=\"entry-content-header\" aria-label=\"Icon: SICHERHEIT UND VORBEUGUNG\"><h4 class='av_iconlist_title iconlist_title  '  itemprop=\"headline\" >SICHERHEIT UND VORBEUGUNG<\/h4><\/header><div class='iconlist_content '  itemprop=\"text\" ><p>Da der gr\u00f6sste Teil der Produktion in der Fabrik stattfindet k\u00f6nnen wir Arbeitsunf\u00e4lle vorbeugen, die h\u00e4ufig beim traditionellen Bau vorfallen.<\/p>\n<\/div><\/div><footer class=\"entry-footer\"><\/footer><\/article><div class=\"iconlist-timeline\"><\/div><\/li>\n<li><div class='iconlist_icon av-av_iconlist_item-487c02930b054ae04ac9b6519e428627 avia-font-entypo-fontello avia-iconfont avia-font-entypo-fontello'><span class='av-icon-char' data-av_icon='\ue80c' data-av_iconfont='entypo-fontello' aria-hidden=\"true\"><\/span><\/div><article class=\"article-icon-entry \"  itemscope=\"itemscope\" itemtype=\"https:\/\/schema.org\/CreativeWork\" ><div class=\"iconlist_content_wrap\"><header class=\"entry-content-header\" aria-label=\"Icon: INDIVIDUALIT\u00c4T\"><h4 class='av_iconlist_title iconlist_title  '  itemprop=\"headline\" >INDIVIDUALIT\u00c4T<\/h4><\/header><div class='iconlist_content '  itemprop=\"text\" ><p>M\u00f6glichkeit die Geb\u00e4ude in Hinsicht auf Gr\u00f6sse, Design, Materalien, Farben, Verkleidung, etc. zu personalisieren.<\/p>\n<\/div><\/div><footer class=\"entry-footer\"><\/footer><\/article><div class=\"iconlist-timeline\"><\/div><\/li>\n<\/ul><\/div><\/p><\/div><\/p>\n","protected":false},"excerpt":{"rendered":"","protected":false},"author":4,"featured_media":0,"parent":0,"menu_order":5,"comment_status":"closed","ping_status":"closed","template":"","meta":{"footnotes":""},"class_list":["post-9688","page","type-page","status-publish","hentry"],"yoast_head":"<!-- This site is optimized with the Yoast SEO plugin v27.5 - https:\/\/yoast.com\/product\/yoast-seo-wordpress\/ -->\n<title>Europa Prefabri - Spanischer Hersteller von vorgefertigten Modulgeb\u00e4uden<\/title>\n<meta name=\"description\" content=\"Europa Prefabri ist ein spanischer Fabrikant, der dank des Industriebaus erhebliche Vorteile, im Vergleich zum traditionellen Baus, erzielen kann\" \/>\n<meta name=\"robots\" content=\"index, follow, max-snippet:-1, max-image-preview:large, max-video-preview:-1\" \/>\n<link rel=\"canonical\" href=\"https:\/\/www.europa-prefabri.com\/de\/vorteile-des-modulbaus\/\" \/>\n<meta property=\"og:locale\" content=\"de_DE\" \/>\n<meta property=\"og:type\" content=\"article\" \/>\n<meta property=\"og:title\" content=\"Europa Prefabri - Spanischer Hersteller von vorgefertigten Modulgeb\u00e4uden\" \/>\n<meta property=\"og:description\" content=\"Europa Prefabri ist ein spanischer Fabrikant, der dank des Industriebaus erhebliche Vorteile, im Vergleich zum traditionellen Baus, erzielen kann\" \/>\n<meta property=\"og:url\" content=\"https:\/\/www.europa-prefabri.com\/de\/vorteile-des-modulbaus\/\" \/>\n<meta property=\"og:site_name\" content=\"Europa Prefabri | Alquiler y venta de construcciones modulares\" \/>\n<meta property=\"article:publisher\" content=\"https:\/\/www.facebook.com\/Europa-Prefabri-258328977572213\/\" \/>\n<meta name=\"twitter:card\" content=\"summary_large_image\" \/>\n<meta name=\"twitter:site\" content=\"@EuropaPrefabri\" \/>\n<meta name=\"twitter:label1\" content=\"Est. reading time\" \/>\n\t<meta name=\"twitter:data1\" content=\"4 minutes\" \/>\n<script type=\"application\/ld+json\" class=\"yoast-schema-graph\">{\"@context\":\"https:\\\/\\\/schema.org\",\"@graph\":[{\"@type\":\"WebPage\",\"@id\":\"https:\\\/\\\/www.europa-prefabri.com\\\/de\\\/vorteile-des-modulbaus\\\/\",\"url\":\"https:\\\/\\\/www.europa-prefabri.com\\\/de\\\/vorteile-des-modulbaus\\\/\",\"name\":\"Europa Prefabri - Spanischer Hersteller von vorgefertigten Modulgeb\u00e4uden\",\"isPartOf\":{\"@id\":\"https:\\\/\\\/www.europa-prefabri.com\\\/#website\"},\"datePublished\":\"2016-03-22T16:44:49+00:00\",\"description\":\"Europa Prefabri ist ein spanischer Fabrikant, der dank des Industriebaus erhebliche Vorteile, im Vergleich zum traditionellen Baus, erzielen kann\",\"breadcrumb\":{\"@id\":\"https:\\\/\\\/www.europa-prefabri.com\\\/de\\\/vorteile-des-modulbaus\\\/#breadcrumb\"},\"inLanguage\":\"de-DE\",\"potentialAction\":[{\"@type\":\"ReadAction\",\"target\":[\"https:\\\/\\\/www.europa-prefabri.com\\\/de\\\/vorteile-des-modulbaus\\\/\"]}]},{\"@type\":\"BreadcrumbList\",\"@id\":\"https:\\\/\\\/www.europa-prefabri.com\\\/de\\\/vorteile-des-modulbaus\\\/#breadcrumb\",\"itemListElement\":[{\"@type\":\"ListItem\",\"position\":1,\"name\":\"Portada\",\"item\":\"https:\\\/\\\/www.europa-prefabri.com\\\/de\\\/\"},{\"@type\":\"ListItem\",\"position\":2,\"name\":\"Vorteile des Modulbaus\"}]},{\"@type\":\"WebSite\",\"@id\":\"https:\\\/\\\/www.europa-prefabri.com\\\/#website\",\"url\":\"https:\\\/\\\/www.europa-prefabri.com\\\/\",\"name\":\"Europa Prefabri | Alquiler y venta de construcciones modulares\",\"description\":\"Alquiler y venta de construcciones modulares, casetas de obra, marquesinas de aparcamiento y vallas y cerramientos.\",\"publisher\":{\"@id\":\"https:\\\/\\\/www.europa-prefabri.com\\\/#organization\"},\"potentialAction\":[{\"@type\":\"SearchAction\",\"target\":{\"@type\":\"EntryPoint\",\"urlTemplate\":\"https:\\\/\\\/www.europa-prefabri.com\\\/?s={search_term_string}\"},\"query-input\":{\"@type\":\"PropertyValueSpecification\",\"valueRequired\":true,\"valueName\":\"search_term_string\"}}],\"inLanguage\":\"de-DE\"},{\"@type\":\"Organization\",\"@id\":\"https:\\\/\\\/www.europa-prefabri.com\\\/#organization\",\"name\":\"Prefabri S.L.\",\"url\":\"https:\\\/\\\/www.europa-prefabri.com\\\/\",\"logo\":{\"@type\":\"ImageObject\",\"inLanguage\":\"de-DE\",\"@id\":\"https:\\\/\\\/www.europa-prefabri.com\\\/#\\\/schema\\\/logo\\\/image\\\/\",\"url\":\"https:\\\/\\\/www.europa-prefabri.com\\\/wp-content\\\/uploads\\\/EuropaPrefabri-Logo.jpg\",\"contentUrl\":\"https:\\\/\\\/www.europa-prefabri.com\\\/wp-content\\\/uploads\\\/EuropaPrefabri-Logo.jpg\",\"width\":752,\"height\":348,\"caption\":\"Prefabri S.L.\"},\"image\":{\"@id\":\"https:\\\/\\\/www.europa-prefabri.com\\\/#\\\/schema\\\/logo\\\/image\\\/\"},\"sameAs\":[\"https:\\\/\\\/www.facebook.com\\\/Europa-Prefabri-258328977572213\\\/\",\"https:\\\/\\\/x.com\\\/EuropaPrefabri\",\"https:\\\/\\\/www.instagram.com\\\/europaprefabri\\\/\",\"https:\\\/\\\/es.linkedin.com\\\/company\\\/europa-prefabri\",\"https:\\\/\\\/es.pinterest.com\\\/europaprefabri\\\/\",\"https:\\\/\\\/www.youtube.com\\\/user\\\/PrefabriSL\"]}]}<\/script>\n<!-- \/ Yoast SEO plugin. -->","yoast_head_json":{"title":"Europa Prefabri - Spanischer Hersteller von vorgefertigten Modulgeb\u00e4uden","description":"Europa Prefabri ist ein spanischer Fabrikant, der dank des Industriebaus erhebliche Vorteile, im Vergleich zum traditionellen Baus, erzielen kann","robots":{"index":"index","follow":"follow","max-snippet":"max-snippet:-1","max-image-preview":"max-image-preview:large","max-video-preview":"max-video-preview:-1"},"canonical":"https:\/\/www.europa-prefabri.com\/de\/vorteile-des-modulbaus\/","og_locale":"de_DE","og_type":"article","og_title":"Europa Prefabri - Spanischer Hersteller von vorgefertigten Modulgeb\u00e4uden","og_description":"Europa Prefabri ist ein spanischer Fabrikant, der dank des Industriebaus erhebliche Vorteile, im Vergleich zum traditionellen Baus, erzielen kann","og_url":"https:\/\/www.europa-prefabri.com\/de\/vorteile-des-modulbaus\/","og_site_name":"Europa Prefabri | Alquiler y venta de construcciones modulares","article_publisher":"https:\/\/www.facebook.com\/Europa-Prefabri-258328977572213\/","twitter_card":"summary_large_image","twitter_site":"@EuropaPrefabri","twitter_misc":{"Est. reading time":"4 minutes"},"schema":{"@context":"https:\/\/schema.org","@graph":[{"@type":"WebPage","@id":"https:\/\/www.europa-prefabri.com\/de\/vorteile-des-modulbaus\/","url":"https:\/\/www.europa-prefabri.com\/de\/vorteile-des-modulbaus\/","name":"Europa Prefabri - Spanischer Hersteller von vorgefertigten Modulgeb\u00e4uden","isPartOf":{"@id":"https:\/\/www.europa-prefabri.com\/#website"},"datePublished":"2016-03-22T16:44:49+00:00","description":"Europa Prefabri ist ein spanischer Fabrikant, der dank des Industriebaus erhebliche Vorteile, im Vergleich zum traditionellen Baus, erzielen kann","breadcrumb":{"@id":"https:\/\/www.europa-prefabri.com\/de\/vorteile-des-modulbaus\/#breadcrumb"},"inLanguage":"de-DE","potentialAction":[{"@type":"ReadAction","target":["https:\/\/www.europa-prefabri.com\/de\/vorteile-des-modulbaus\/"]}]},{"@type":"BreadcrumbList","@id":"https:\/\/www.europa-prefabri.com\/de\/vorteile-des-modulbaus\/#breadcrumb","itemListElement":[{"@type":"ListItem","position":1,"name":"Portada","item":"https:\/\/www.europa-prefabri.com\/de\/"},{"@type":"ListItem","position":2,"name":"Vorteile des Modulbaus"}]},{"@type":"WebSite","@id":"https:\/\/www.europa-prefabri.com\/#website","url":"https:\/\/www.europa-prefabri.com\/","name":"Europa Prefabri | Alquiler y venta de construcciones modulares","description":"Alquiler y venta de construcciones modulares, casetas de obra, marquesinas de aparcamiento y vallas y cerramientos.","publisher":{"@id":"https:\/\/www.europa-prefabri.com\/#organization"},"potentialAction":[{"@type":"SearchAction","target":{"@type":"EntryPoint","urlTemplate":"https:\/\/www.europa-prefabri.com\/?s={search_term_string}"},"query-input":{"@type":"PropertyValueSpecification","valueRequired":true,"valueName":"search_term_string"}}],"inLanguage":"de-DE"},{"@type":"Organization","@id":"https:\/\/www.europa-prefabri.com\/#organization","name":"Prefabri S.L.","url":"https:\/\/www.europa-prefabri.com\/","logo":{"@type":"ImageObject","inLanguage":"de-DE","@id":"https:\/\/www.europa-prefabri.com\/#\/schema\/logo\/image\/","url":"https:\/\/www.europa-prefabri.com\/wp-content\/uploads\/EuropaPrefabri-Logo.jpg","contentUrl":"https:\/\/www.europa-prefabri.com\/wp-content\/uploads\/EuropaPrefabri-Logo.jpg","width":752,"height":348,"caption":"Prefabri S.L."},"image":{"@id":"https:\/\/www.europa-prefabri.com\/#\/schema\/logo\/image\/"},"sameAs":["https:\/\/www.facebook.com\/Europa-Prefabri-258328977572213\/","https:\/\/x.com\/EuropaPrefabri","https:\/\/www.instagram.com\/europaprefabri\/","https:\/\/es.linkedin.com\/company\/europa-prefabri","https:\/\/es.pinterest.com\/europaprefabri\/","https:\/\/www.youtube.com\/user\/PrefabriSL"]}]}},"_links":{"self":[{"href":"https:\/\/www.europa-prefabri.com\/de\/wp-json\/wp\/v2\/pages\/9688","targetHints":{"allow":["GET"]}}],"collection":[{"href":"https:\/\/www.europa-prefabri.com\/de\/wp-json\/wp\/v2\/pages"}],"about":[{"href":"https:\/\/www.europa-prefabri.com\/de\/wp-json\/wp\/v2\/types\/page"}],"author":[{"embeddable":true,"href":"https:\/\/www.europa-prefabri.com\/de\/wp-json\/wp\/v2\/users\/4"}],"replies":[{"embeddable":true,"href":"https:\/\/www.europa-prefabri.com\/de\/wp-json\/wp\/v2\/comments?post=9688"}],"version-history":[{"count":0,"href":"https:\/\/www.europa-prefabri.com\/de\/wp-json\/wp\/v2\/pages\/9688\/revisions"}],"wp:attachment":[{"href":"https:\/\/www.europa-prefabri.com\/de\/wp-json\/wp\/v2\/media?parent=9688"}],"curies":[{"name":"wp","href":"https:\/\/api.w.org\/{rel}","templated":true}]}}